{"id":4865,"date":"2020-09-28T07:00:00","date_gmt":"2020-09-28T10:00:00","guid":{"rendered":"http:\/\/sme.goiania.go.gov.br\/conexaoescola\/?post_type=ensino_fundamental&#038;p=4865"},"modified":"2020-09-22T15:10:17","modified_gmt":"2020-09-22T18:10:17","slug":"os-monumentos-historicos-da-cidade-de-goiania-go-um-pouco-da-nossa-historia","status":"publish","type":"ensino_fundamental","link":"https:\/\/sme.goiania.go.gov.br\/conexaoescola\/ensino_fundamental\/os-monumentos-historicos-da-cidade-de-goiania-go-um-pouco-da-nossa-historia\/","title":{"rendered":"Os monumentos hist\u00f3ricos da cidade de Goi\u00e2nia-GO, um pouco da nossa hist\u00f3ria"},"content":{"rendered":"\n<p class=\"has-drop-cap has-medium-font-size\">Voc\u00ea sabia que a cidade de Goi\u00e2nia j\u00e1 foi diferente do que \u00e9 hoje? Um pouco dessa hist\u00f3ria est\u00e1 registrada na cidade por meio de monumentos hist\u00f3ricos. Os monumentos hist\u00f3ricos fazem parte do nosso patrim\u00f4nio e ajudam a contar um pouco da nossa hist\u00f3ria. Voc\u00ea tamb\u00e9m faz parte dessa hist\u00f3ria.&nbsp; <\/p>\n\n\n\n<hr class=\"wp-block-separator\"\/>\n\n\n\n<p class=\"has-text-color has-background has-medium-font-size has-very-light-gray-color has-luminous-vivid-orange-background-color\">Vamos entender como?<\/p>\n\n\n\n<p class=\"has-text-color has-medium-font-size has-vivid-cyan-blue-color\">Ol\u00e1! Hoje voc\u00ea ir\u00e1 conhecer um pouco da hist\u00f3ria de Goi\u00e2nia e a import\u00e2ncia de seus monumentos.<\/p>\n\n\n\n<p class=\"has-medium-font-size\">Assista ao v\u00eddeo: As aventuras de Pedro: O que \u00e9 Patrim\u00f4nio<strong> &#8211; <\/strong>e conhe\u00e7a um pouco sobre o que \u00e9 patrim\u00f4nio e depois leia o texto com o aux\u00edlio de um respons\u00e1vel:&nbsp;<\/p>\n\n\n\n<figure class=\"wp-block-embed-youtube wp-block-embed is-type-video is-provider-youtube wp-embed-aspect-16-9 wp-has-aspect-ratio\"><div class=\"wp-block-embed__wrapper\">\n<p class=\"responsive-video-wrap clr\"><iframe title=\"As aventuras de Pedro: O que \u00e9 Patrim\u00f4nio\" width=\"1200\" height=\"675\" src=\"https:\/\/www.youtube.com\/embed\/OyVk_Jwe1R4?feature=oembed\" frameborder=\"0\" allow=\"accelerometer; autoplay; clipboard-write; encrypted-media; gyroscope; picture-in-picture\" allowfullscreen><\/iframe><\/p>\n<\/div><figcaption>As aventuras de Pedro: &#8220;O que \u00e9 Patrim\u00f4nio&#8221;<strong> &#8211; <\/strong><a href=\"https:\/\/www.youtube.com\/watch?v=OyVk_Jwe1R4\">https:\/\/www.youtube.com\/watch?v=OyVk_Jwe1R4<\/a><\/figcaption><\/figure>\n\n\n\n<p class=\"has-medium-font-size\"><strong>Monumentos hist\u00f3ricos de Goi\u00e2nia<\/strong><\/p>\n\n\n\n<p class=\"has-medium-font-size\">Os monumentos hist\u00f3ricos da cidade de Goi\u00e2nia s\u00e3o constru\u00e7\u00f5es que homenageiam pessoas ou acontecimentos importantes para a hist\u00f3ria de uma cidade, eles nos ajudam a conhecer e contar a hist\u00f3ria da constru\u00e7\u00e3o da cidade, hist\u00f3ria essa, da qual todos n\u00f3s fazemos parte. Os monumentos s\u00e3o patrim\u00f4nios que nos ajudam a preservar a hist\u00f3ria de Goi\u00e2nia e est\u00e3o por toda a cidade. Voc\u00ea j\u00e1 deve ter visto alguns.&nbsp;<\/p>\n\n\n\n<p class=\"has-medium-font-size\">Mesmo se voc\u00ea nasceu em outra cidade, e hoje mora em Goi\u00e2nia, a cidade agora faz parte da sua hist\u00f3ria. Por isso \u00e9 importante conhec\u00ea-la e compreender a import\u00e2ncia de preservar os monumentos hist\u00f3ricos encontrados aqui.<\/p>\n\n\n\n<p class=\"has-medium-font-size\">Os monumentos est\u00e3o em lugares de grande circula\u00e7\u00e3o de pessoas na cidade, para que todos possam v\u00ea-los. Voc\u00ea consegue se lembrar de algum? Pr\u00f3ximo \u00e0 sua casa existe algum monumento hist\u00f3rico? Qual?<\/p>\n\n\n\n<p class=\"has-medium-font-size\">Por contar um pouco da nossa hist\u00f3ria e da nossa cidade, devemos preserv\u00e1-los, assim as futuras gera\u00e7\u00f5es tamb\u00e9m poder\u00e3o conhecer um pouco mais de nossa hist\u00f3ria. O local onde est\u00e3o localizados, a preserva\u00e7\u00e3o ou abandono e a \u00e9poca em que foram constru\u00eddos, nos d\u00e3o pistas do valor que a sociedade e o poder p\u00fablico d\u00e3o \u00e0 hist\u00f3ria. Os monumentos hist\u00f3ricos fazem parte do nosso patrim\u00f4nio e perpetuam nossa hist\u00f3ria, por isso devemos conhecer e valoriz\u00e1-los.&nbsp;<\/p>\n\n\n\n<p><strong>&nbsp;&nbsp;&nbsp;&nbsp;&nbsp;&nbsp;&nbsp;&nbsp;&nbsp;&nbsp;&nbsp;&nbsp;&nbsp;&nbsp;&nbsp;&nbsp;&nbsp;&nbsp;&nbsp;&nbsp;&nbsp;&nbsp;&nbsp;&nbsp;&nbsp;&nbsp;&nbsp;&nbsp;&nbsp;&nbsp;&nbsp;&nbsp;&nbsp;&nbsp;&nbsp;&nbsp;&nbsp;&nbsp;&nbsp;&nbsp;&nbsp;&nbsp;&nbsp;&nbsp;&nbsp;&nbsp;&nbsp;&nbsp;&nbsp;&nbsp;&nbsp;&nbsp;&nbsp;&nbsp;&nbsp;&nbsp;&nbsp;&nbsp;&nbsp;&nbsp;&nbsp;&nbsp;&nbsp;&nbsp;&nbsp;&nbsp;&nbsp;&nbsp;&nbsp;&nbsp;&nbsp;&nbsp;&nbsp;&nbsp;&nbsp;&nbsp;&nbsp;&nbsp;&nbsp;&nbsp;&nbsp;&nbsp;&nbsp;&nbsp;&nbsp;Fonte: Autoria pr\u00f3pria<\/strong><\/p>\n\n\n\n<hr class=\"wp-block-separator\"\/>\n\n\n\n<p class=\"has-medium-font-size\">Ap\u00f3s ler o texto e assistir ao v\u00eddeo pesquise os registros fotogr\u00e1ficos que voc\u00ea ou seus conhecidos possuem. A fotografia, tamb\u00e9m \u00e9 uma fonte hist\u00f3rica e te ajudar\u00e1 a observar a passagem do tempo. Se voc\u00ea n\u00e3o encontrar nenhuma fotografia pessoal, poder\u00e1 pesquisar em revistas, jornais, sites, imagens desses monumentos hist\u00f3ricos de Goi\u00e2nia.<\/p>\n\n\n\n<p class=\"has-text-color has-medium-font-size has-vivid-purple-color\">Agora realize as atividades a seguir:<\/p>\n\n\n\n<p class=\"has-medium-font-size\"><strong>Atividade 1<\/strong><\/p>\n\n\n\n<p class=\"has-medium-font-size\">Veja atrav\u00e9s das imagens abaixo as mudan\u00e7as que ocorreram ao longo dos anos em torno de um monumento hist\u00f3rico de Goi\u00e2nia:<\/p>\n\n\n\n<figure class=\"wp-block-image\"><img decoding=\"async\" src=\"https:\/\/lh5.googleusercontent.com\/CI2HOG2suFc2E3HnWg1vptfJSjuSjM7MjvKIKYsZih3Aur5abw8cazt6x_vH0yNJ2AxdtkaOB8bmJw7fzFX9JU2LVk4VKQ0sZrOMTUA_1rxSfrRFAAKd9I89limlbEyDRiUMY9w\" alt=\"MAB_BANDIERAF2-G_WEB\"\/><figcaption><em>Fonte: Wikipedia<\/em> &#8211; Pra\u00e7a do Bandeirante (1953)<\/figcaption><\/figure>\n\n\n\n<hr class=\"wp-block-separator\"\/>\n\n\n\n<figure class=\"wp-block-image\"><img decoding=\"async\" src=\"https:\/\/lh5.googleusercontent.com\/KBQFB92iwftXP-y4Dla0EbkRtKi4aCRkw_ZVg2uYLoDPYSzUegg5ipGw9WzcnivBdUoN0dpZEM8QbLfQGeICbPsIV068iG90b7mtCm6fSnqU5fMGOY2PZQst5sLhqOgmqK6lTYY\" alt=\"II Col\u00f3quio Internacional Educa\u00e7\u00e3o e Sociedade \u2013 PPGE\/PUC Goi\u00e1s ...\"\/><figcaption><em>Fonte: Wikipedia<\/em> &#8220;Monumento da Pra\u00e7a do Bandeirante (2019)&#8221;<\/figcaption><\/figure>\n\n\n\n<hr class=\"wp-block-separator\"\/>\n\n\n\n<p class=\"has-medium-font-size\">Agora pesquise no seu \u00e1lbum de fam\u00edlia se voc\u00ea, sua fam\u00edlia ou algum conhecido, possui fotos em algum monumento de Goi\u00e2nia, converse com seus pais, av\u00f3s, tios, primas, vizinhos e amigos.&nbsp;<\/p>\n\n\n\n<p class=\"has-medium-font-size\">Se voc\u00ea tem, ou mais alguma outra pessoa que te ajudou na pesquisa, tamb\u00e9m tem fotos nesses lugares, ou encontrou imagens deles observe-as com aten\u00e7\u00e3o e responda em seu caderno:<\/p>\n\n\n\n<ul class=\"wp-block-list\"><li>O que esses monumentos representam?<\/li><\/ul>\n\n\n\n<ul class=\"wp-block-list\"><li>Onde est\u00e3o localizados? \u00c9 pr\u00f3ximo da sua casa?<\/li><\/ul>\n\n\n\n<ul class=\"wp-block-list\"><li>As fotos foram tiradas no mesmo ano? Se voc\u00ea tem fotos tiradas em anos diferentes, a cidade permanece a mesma?<\/li><\/ul>\n\n\n\n<ul class=\"wp-block-list\"><li>A(s) foto(s) foi\/foram tirada(s) com uma c\u00e2mera ou celular?<\/li><\/ul>\n\n\n\n<hr class=\"wp-block-separator\"\/>\n\n\n\n<p class=\"has-medium-font-size\"><strong>Atividade 2<\/strong><\/p>\n\n\n\n<p class=\"has-medium-font-size\">Agora que voc\u00ea j\u00e1 sabe o que \u00e9 um patrim\u00f4nio e sua rela\u00e7\u00e3o com os monumentos hist\u00f3ricos de Goi\u00e2nia, conhe\u00e7a um pouco mais sobre os tipos de patrim\u00f4nio e a import\u00e2ncia de preserv\u00e1-los assistindo ao v\u00eddeo:&nbsp;<\/p>\n\n\n\n<figure class=\"wp-block-embed-youtube wp-block-embed is-type-video is-provider-youtube wp-embed-aspect-16-9 wp-has-aspect-ratio\"><div class=\"wp-block-embed__wrapper\">\n<p class=\"responsive-video-wrap clr\"><iframe title=\"Bens materiais e Imateriais - O QUE \u00c9 PATRIM\u00d4NIO CULTURAL E NATURAL?\" width=\"1200\" height=\"675\" src=\"https:\/\/www.youtube.com\/embed\/10oTbIenVQ4?feature=oembed\" frameborder=\"0\" allow=\"accelerometer; autoplay; clipboard-write; encrypted-media; gyroscope; picture-in-picture\" allowfullscreen><\/iframe><\/p>\n<\/div><figcaption>Bens materiais e Imateriais &#8211; &#8220;O Que \u00e9 Patrim\u00f4nio Cultural e Natural?&#8221; &#8211; <a href=\"https:\/\/www.youtube.com\/watch?v=10oTbIenVQ4\">https:\/\/www.youtube.com\/watch?v=10oTbIenVQ4<\/a><\/figcaption><\/figure>\n\n\n\n<hr class=\"wp-block-separator\"\/>\n\n\n\n<p class=\"has-medium-font-size\">Os monumentos hist\u00f3ricos s\u00e3o patrim\u00f4nios materiais que nos ajudam a compreender o passado e o presente de nossa cidade, e assim preservam nossa hist\u00f3ria.&nbsp;<\/p>\n\n\n\n<p class=\"has-medium-font-size\">Ajudar a cuidar do nosso patrim\u00f4nio \u00e9 uma atitude de cidadania. Voc\u00ea \u00e9 um cidad\u00e3o que pertence a essa cidade, e como tal tem direitos e deveres. J\u00e1 pensou nisso?<\/p>\n\n\n\n<p class=\"has-text-color has-background has-medium-font-size has-very-light-gray-color has-luminous-vivid-orange-background-color\">Converse com seus respons\u00e1veis sobre esse assunto:<\/p>\n\n\n\n<ul class=\"wp-block-list\"><li>Voc\u00ea conhece algum monumento hist\u00f3rico de Goi\u00e2nia? Sabe onde ficam? S\u00e3o bonitos ou feios? Qual o estado de conserva\u00e7\u00e3o dos mesmos? O que podemos fazer para preserv\u00e1-los?&nbsp;<\/li><\/ul>\n\n\n\n<ul class=\"wp-block-list\"><li>Existem pessoas representadas nos monumentos? Quem s\u00e3o? Como contribu\u00edram para a constru\u00e7\u00e3o de Goi\u00e2nia?<\/li><\/ul>\n\n\n\n<ul class=\"wp-block-list\"><li>Os monumentos sempre estiveram no mesmo lugar, ou mudaram?<\/li><\/ul>\n\n\n\n<p class=\"has-medium-font-size\">&nbsp;Nesta aula de hoje voc\u00ea aprendeu um pouco sobre o que \u00e9 patrim\u00f4nio cultural e patrim\u00f4nio natural. Conheceu tamb\u00e9m um pouco mais sobre os monumentos hist\u00f3ricos importantes para a hist\u00f3ria da nossa cidade e como podemos contribuir para sua preserva\u00e7\u00e3o. Agora voc\u00ea pode pesquisar mais sobre o assunto e conversar com seus respons\u00e1veis sobre esse tema&nbsp; interessante.<\/p>\n\n\n\n<hr class=\"wp-block-separator\"\/>\n\n\n\n<p><strong>Saiba Mais | Refer\u00eancias:<\/strong><\/p>\n\n\n\n<div class=\"wp-block-columns is-layout-flex wp-container-core-columns-is-layout-9d6595d7 wp-block-columns-is-layout-flex\">\n<div class=\"wp-block-column is-layout-flow wp-block-column-is-layout-flow\">\n<p class=\"has-text-color has-background has-very-light-gray-color has-vivid-cyan-blue-background-color\"><a href=\"https:\/\/www.curtamais.com.br\/goiania\/conheca-as-historias-de-monumentos-goianos-que-voce-ve-todo-dia-e-nem-percebe\">https:\/\/www.curtamais.com.br\/goiania\/conheca-as-historias-de-monumentos-goianos-que-voce-ve-todo-dia-e-nem-percebe<\/a><\/p>\n<\/div>\n\n\n\n<div class=\"wp-block-column is-layout-flow wp-block-column-is-layout-flow\">\n<figure class=\"wp-block-embed-youtube wp-block-embed is-type-video is-provider-youtube wp-embed-aspect-16-9 wp-has-aspect-ratio\"><div class=\"wp-block-embed__wrapper\">\n<p class=\"responsive-video-wrap clr\"><iframe title=\"GR - Goi\u00e2nia: monumentos contam um pouco da hist\u00f3ria - 24-10-2018\" width=\"1200\" height=\"675\" src=\"https:\/\/www.youtube.com\/embed\/4bjmTmRkEDk?feature=oembed\" frameborder=\"0\" allow=\"accelerometer; autoplay; clipboard-write; encrypted-media; gyroscope; picture-in-picture\" allowfullscreen><\/iframe><\/p>\n<\/div><figcaption>&#8220;GR &#8211; Goi\u00e2nia: monumentos contam um pouco da hist\u00f3ria&#8221;https:\/\/www.youtube.com\/watch?v=4bjmTmRkEDk&nbsp;<\/figcaption><\/figure>\n<\/div>\n\n\n\n<div class=\"wp-block-column is-layout-flow wp-block-column-is-layout-flow\">\n<p><a href=\"http:\/\/portal.iphan.gov.br\/pagina\/detalhes\/1486\/\">http:\/\/portal.iphan.gov.br\/pagina\/detalhes\/1486\/<\/a><\/p>\n<\/div>\n<\/div>\n\n\n\n<hr class=\"wp-block-separator\"\/>\n\n\n\n<figure class=\"wp-block-table\"><table><tbody><tr><td>Objeto de Conhecimento<\/td><td>-Formas de registrar e narrar hist\u00f3rias (marcos de mem\u00f3ria materiais e imateriais);<br>&#8211; Fontes e documentos hist\u00f3ricos;<br>-As fontes: relatos orais, objetos, imagens (pinturas, fotografias, v\u00eddeos), m\u00fasicas, escrita, tecnologias digitais de informa\u00e7\u00e3o e comunica\u00e7\u00e3o e inscri\u00e7\u00f5es nas paredes, ruas e espa\u00e7os sociais.<br><\/td><\/tr><tr><td>Habilidades<\/td><td>(EF02HI04-A) Entender que relatos orais, objetos e documentos pessoais s\u00e3o tipos de fontes hist\u00f3ricas. (EF02HI04-B) Compreender o significado e a fun\u00e7\u00e3o de relatos orais, objetos e documentos pessoais como fontes de mem\u00f3rias e hist\u00f3rias nos \u00e2mbitos pessoal, familiar, escolar e comunit\u00e1rio.\u00a0<br>(EF02HI04-C) Entender a import\u00e2ncia do uso dessas fontes para a compreens\u00e3o hist\u00f3rica.\u00a0<br>(EF02HI04-D) Compreender o significado de objetos e documentos pessoais como fontes de mem\u00f3rias e hist\u00f3rias nos \u00e2mbitos pessoal, familiar, escolar e comunit\u00e1rio.<br>(GO-EF02HI05-B) Reconhecer e valorizar seu pertencimento como sujeito, os marcos de mem\u00f3ria de sua comunidade, reconhecendo a diversidade etnicorracial, cultural e religiosa, na constru\u00e7\u00e3o da sua identidade.<br>(GO-EF02HI06-A) Compreender a no\u00e7\u00e3o de tempo cronol\u00f3gico e periodiza\u00e7\u00f5es em registro de fotos, documentos, depoimentos, entrevistas, bem como o tempo das dura\u00e7\u00f5es, da sucess\u00e3o, antes e depois, da simultaneidade, ao mesmo tempo, das mudan\u00e7as e das<br>perman\u00eancias, transforma\u00e7\u00f5es.<br><\/td><\/tr><tr><td>Proponentes\/ Professores:<\/td><td>Andreia Ferreira Campos<br>Cristiane Marise Silva Negreiros<br>Elen Glauciene Silva<br>Juliana Gomes da Silva de Melo<br><\/td><\/tr><tr><td>Institui\u00e7\u00e3o Educacional:<\/td><td><a href=\"CRE:\">Escola Municipal Professor Aristoclides Teixeira<\/a><\/td><\/tr><tr><td>CRE:<\/td><td>Unidade Regional Maria Helena Bretas<\/td><\/tr><\/tbody><\/table><\/figure>\n\n\n\n<p><\/p>\n","protected":false},"author":24,"featured_media":4869,"template":"","ef_categoria":[13,20],"ef_ano":[],"ef_componente":[],"class_list":["post-4865","ensino_fundamental","type-ensino_fundamental","status-publish","has-post-thumbnail","hentry","ef_categoria-ciclo-da-infancia-abc","ef_categoria-etica-e-cidadania","entry","has-media"],"acf":[],"_links":{"self":[{"href":"https:\/\/sme.goiania.go.gov.br\/conexaoescola\/wp-json\/wp\/v2\/ensino_fundamental\/4865","targetHints":{"allow":["GET"]}}],"collection":[{"href":"https:\/\/sme.goiania.go.gov.br\/conexaoescola\/wp-json\/wp\/v2\/ensino_fundamental"}],"about":[{"href":"https:\/\/sme.goiania.go.gov.br\/conexaoescola\/wp-json\/wp\/v2\/types\/ensino_fundamental"}],"author":[{"embeddable":true,"href":"https:\/\/sme.goiania.go.gov.br\/conexaoescola\/wp-json\/wp\/v2\/users\/24"}],"version-history":[{"count":0,"href":"https:\/\/sme.goiania.go.gov.br\/conexaoescola\/wp-json\/wp\/v2\/ensino_fundamental\/4865\/revisions"}],"wp:featuredmedia":[{"embeddable":true,"href":"https:\/\/sme.goiania.go.gov.br\/conexaoescola\/wp-json\/wp\/v2\/media\/4869"}],"wp:attachment":[{"href":"https:\/\/sme.goiania.go.gov.br\/conexaoescola\/wp-json\/wp\/v2\/media?parent=4865"}],"wp:term":[{"taxonomy":"ef_categoria","embeddable":true,"href":"https:\/\/sme.goiania.go.gov.br\/conexaoescola\/wp-json\/wp\/v2\/ef_categoria?post=4865"},{"taxonomy":"ef_ano","embeddable":true,"href":"https:\/\/sme.goiania.go.gov.br\/conexaoescola\/wp-json\/wp\/v2\/ef_ano?post=4865"},{"taxonomy":"ef_componente","embeddable":true,"href":"https:\/\/sme.goiania.go.gov.br\/conexaoescola\/wp-json\/wp\/v2\/ef_componente?post=4865"}],"curies":[{"name":"wp","href":"https:\/\/api.w.org\/{rel}","templated":true}]}}