{"id":4564,"date":"2020-09-21T07:00:00","date_gmt":"2020-09-21T10:00:00","guid":{"rendered":"http:\/\/sme.goiania.go.gov.br\/conexaoescola\/?post_type=ensino_fundamental&#038;p=4564"},"modified":"2020-09-21T15:01:47","modified_gmt":"2020-09-21T18:01:47","slug":"os-efeitos-da-radiacao-solar","status":"publish","type":"ensino_fundamental","link":"https:\/\/sme.goiania.go.gov.br\/conexaoescola\/ensino_fundamental\/os-efeitos-da-radiacao-solar\/","title":{"rendered":"Os efeitos da radia\u00e7\u00e3o solar"},"content":{"rendered":"\n<p class=\"has-drop-cap has-medium-font-size\">Voc\u00ea gosta de ficar exposto ao sol? Sabia que precisamos tomar sol todos os dias? Mas n\u00e3o podemos ficar expostos a ele por muito tempo? Hoje voc\u00ea vai aprender sobre os cuidados que se deve ter ao tomar sol?<\/p>\n\n\n\n<p class=\"has-text-color has-background has-medium-font-size has-very-light-gray-color has-luminous-vivid-amber-background-color\">Assista o v\u00eddeo abaixo, nele voc\u00ea vai ter informa\u00e7\u00f5es importantes sobre o uso inadequado do sol.<\/p>\n\n\n\n<figure class=\"wp-block-embed-youtube wp-block-embed is-type-video is-provider-youtube wp-embed-aspect-16-9 wp-has-aspect-ratio\"><div class=\"wp-block-embed__wrapper\">\n<p class=\"responsive-video-wrap clr\"><iframe title=\"EFEITOS DA RADIA\u00c7\u00c3O SOLAR EM DIFERENTES SUPERF\u00cdCIES\" width=\"1200\" height=\"675\" src=\"https:\/\/www.youtube.com\/embed\/oFVgDRs6FVk?start=15&#038;feature=oembed\" frameborder=\"0\" allow=\"accelerometer; autoplay; clipboard-write; encrypted-media; gyroscope; picture-in-picture\" allowfullscreen><\/iframe><\/p>\n<\/div><figcaption>\u201cEfeitos da radia\u00e7\u00e3o solar em diferentes superf\u00edcies\u201d,<br>https:\/\/www.youtube.com\/watch?v=oFVgDRs6FVk&amp;t=15s<\/figcaption><\/figure>\n\n\n\n<p class=\"has-text-color has-background has-medium-font-size has-very-light-gray-color has-luminous-vivid-orange-background-color\">O pr\u00f3ximo v\u00eddeo tem informa\u00e7\u00f5es sobre a necessidade de usar filtro solar e vai te ensinar alguns cuidados para quando for tomar sol. \u00c9 hora de aprender!<\/p>\n\n\n\n<figure class=\"wp-block-embed-youtube wp-block-embed is-type-video is-provider-youtube wp-embed-aspect-16-9 wp-has-aspect-ratio\"><div class=\"wp-block-embed__wrapper\">\n<p class=\"responsive-video-wrap clr\"><iframe title=\"Por que usar protetor solar? #Ticolicos|EP14\" width=\"1200\" height=\"675\" src=\"https:\/\/www.youtube.com\/embed\/yaw8DjsC2nk?feature=oembed\" frameborder=\"0\" allow=\"accelerometer; autoplay; clipboard-write; encrypted-media; gyroscope; picture-in-picture\" allowfullscreen><\/iframe><\/p>\n<\/div><figcaption>Por que usar protetor solar? <a href=\"https:\/\/www.youtube.com\/results?search_query=%23Ticolicos\">#Ticolicos<\/a>|EP14<br>https:\/\/www.youtube.com\/watch?v=yaw8DjsC2nk<\/figcaption><\/figure>\n\n\n\n<p class=\"has-medium-font-size\"><strong>Atividade<\/strong>:<br>O v\u00eddeo ensina como usar o filtro solar adequadamente. Agora veja o que aprendeu:<\/p>\n\n\n\n<p class=\"has-text-color has-medium-font-size has-vivid-red-color\"><br>1-Escreva uma frase em seu caderno sobre como o filtro solar deve ser utilizado.<\/p>\n\n\n\n<p class=\"has-text-color has-medium-font-size has-vivid-green-cyan-color\"><br>2- No v\u00eddeo a doutora Judith explica sobre os hor\u00e1rios que n\u00e3o se deve ficar exposto ao sol. Fa\u00e7a um registro destes hor\u00e1rios no seu caderno.<\/p>\n\n\n\n<p class=\"has-text-color has-medium-font-size has-vivid-cyan-blue-color\"><br>3-Diante de tantas descobertas sobre o uso correto do filtro solar, fa\u00e7a um v\u00eddeo utilizando o WhatsApp no celular e compartilhe com seus familiares.<br>Espero que tenha gostado das descobertas.<\/p>\n\n\n\n<p class=\"has-text-color has-background has-very-light-gray-color has-vivid-red-background-color\"> At\u00e9 mais!<\/p>\n\n\n\n<p><br><strong>Para saber mais:<\/strong><br>https:\/\/www.youtube.com\/watch?v=oFVgDRs6FVk<br>(\u201cEfeitos da radia\u00e7\u00e3o solar em diferentes superf\u00edcies\u2019\u2019, dispon\u00edvel no Youtube<br>https:\/\/www.youtube.com\/watch?v=wLm7ISk0mlg<br>(\u201cAnima\u00e7\u00e3o \u2013 Salve sua pele\u201d, dispon\u00edvel no Youtube)<br>https:\/\/escolakids.uol.com.br\/ciencias\/filtro-solar.htm<br>(\u201cProtetor solar\u201d \u2013 Ci\u00eancias \u2013 Dispon\u00edvel no site EscolaKids)<\/p>\n\n\n\n<p>OBJETOS DE CONHECIMENTO: O Sol como fonte de luz e calor<br>HABILIDADE: (EF02CI08-B) Reconhecer os efeitos da radia\u00e7\u00e3o solar nos seres vivos, destacando benef\u00edcios e malef\u00edcios para o ser humano.<\/p>\n","protected":false},"author":14,"featured_media":4697,"template":"","ef_categoria":[13,18],"ef_ano":[],"ef_componente":[],"class_list":["post-4564","ensino_fundamental","type-ensino_fundamental","status-publish","has-post-thumbnail","hentry","ef_categoria-ciclo-da-infancia-abc","ef_categoria-educacao-ambiental-e-saude","entry","has-media"],"acf":[],"_links":{"self":[{"href":"https:\/\/sme.goiania.go.gov.br\/conexaoescola\/wp-json\/wp\/v2\/ensino_fundamental\/4564","targetHints":{"allow":["GET"]}}],"collection":[{"href":"https:\/\/sme.goiania.go.gov.br\/conexaoescola\/wp-json\/wp\/v2\/ensino_fundamental"}],"about":[{"href":"https:\/\/sme.goiania.go.gov.br\/conexaoescola\/wp-json\/wp\/v2\/types\/ensino_fundamental"}],"author":[{"embeddable":true,"href":"https:\/\/sme.goiania.go.gov.br\/conexaoescola\/wp-json\/wp\/v2\/users\/14"}],"version-history":[{"count":0,"href":"https:\/\/sme.goiania.go.gov.br\/conexaoescola\/wp-json\/wp\/v2\/ensino_fundamental\/4564\/revisions"}],"wp:featuredmedia":[{"embeddable":true,"href":"https:\/\/sme.goiania.go.gov.br\/conexaoescola\/wp-json\/wp\/v2\/media\/4697"}],"wp:attachment":[{"href":"https:\/\/sme.goiania.go.gov.br\/conexaoescola\/wp-json\/wp\/v2\/media?parent=4564"}],"wp:term":[{"taxonomy":"ef_categoria","embeddable":true,"href":"https:\/\/sme.goiania.go.gov.br\/conexaoescola\/wp-json\/wp\/v2\/ef_categoria?post=4564"},{"taxonomy":"ef_ano","embeddable":true,"href":"https:\/\/sme.goiania.go.gov.br\/conexaoescola\/wp-json\/wp\/v2\/ef_ano?post=4564"},{"taxonomy":"ef_componente","embeddable":true,"href":"https:\/\/sme.goiania.go.gov.br\/conexaoescola\/wp-json\/wp\/v2\/ef_componente?post=4564"}],"curies":[{"name":"wp","href":"https:\/\/api.w.org\/{rel}","templated":true}]}}