{"id":4563,"date":"2020-09-21T07:00:00","date_gmt":"2020-09-21T10:00:00","guid":{"rendered":"http:\/\/sme.goiania.go.gov.br\/conexaoescola\/?post_type=ensino_fundamental&#038;p=4563"},"modified":"2020-09-22T02:51:55","modified_gmt":"2020-09-22T05:51:55","slug":"a-relacao-entre-as-partes-do-corpo-e-o-movimento-dancado-2","status":"publish","type":"ensino_fundamental","link":"https:\/\/sme.goiania.go.gov.br\/conexaoescola\/ensino_fundamental\/a-relacao-entre-as-partes-do-corpo-e-o-movimento-dancado-2\/","title":{"rendered":"A rela\u00e7\u00e3o entre as partes do corpo e o movimento dan\u00e7ado."},"content":{"rendered":"\n<p class=\"has-drop-cap has-medium-font-size\">Ol\u00e1 galerinha! Nesta atividade voc\u00eas ir\u00e3o aprender um pouco sobre o corpo e suas partes, e a partir deste conhecimento ir\u00e3o criar movimentos que v\u00e3o se tornar uma dan\u00e7a. Esta atividade \u00e9 para dan\u00e7ar e escrever.<\/p>\n\n\n\n<p class=\"has-medium-font-size\">O assunto de hoje ser\u00e1 a dan\u00e7a, mas para dan\u00e7ar \u00e9 preciso conhecer um pouco mais sobre o corpo, pois \u00e9 esse corpo quem vai dan\u00e7ar. Chame algu\u00e9m da sua fam\u00edlia para participar desta atividade com voc\u00ea. Prepare caderno e l\u00e1pis.<\/p>\n\n\n\n<p class=\"has-text-color has-background has-medium-font-size has-very-light-gray-color has-light-green-cyan-background-color\">Primeiro assista ao v\u00eddeo Dancinha do Corpo com A Turma do Seu Lobato e dan\u00e7ando com essa turminha voc\u00ea ir\u00e1 aprender algumas partes do corpo.<\/p>\n\n\n\n<figure class=\"wp-block-embed-youtube wp-block-embed is-type-video is-provider-youtube wp-embed-aspect-16-9 wp-has-aspect-ratio\"><div class=\"wp-block-embed__wrapper\">\n<p class=\"responsive-video-wrap clr\"><iframe title=\"A Turma do Seu Lobato - Dancinha do Corpo (Volume 3 - m\u00fasica infantil)\" width=\"1200\" height=\"675\" src=\"https:\/\/www.youtube.com\/embed\/k0j0tk0Br9c?feature=oembed\" frameborder=\"0\" allow=\"accelerometer; autoplay; clipboard-write; encrypted-media; gyroscope; picture-in-picture\" allowfullscreen><\/iframe><\/p>\n<\/div><figcaption>(Dancinha do Corpo &#8211; A Turma do Seu Lobato \u2013 Canal A Turma do Seu Lobato )<br>https:\/\/www.youtube.com\/watch?v=k0j0tk0Br9c<\/figcaption><\/figure>\n\n\n\n<hr class=\"wp-block-separator\"\/>\n\n\n\n<p><strong>Atividade 1:<\/strong><\/p>\n\n\n\n<p class=\"has-medium-font-size\">E agora que voc\u00ea j\u00e1 est\u00e1 dan\u00e7ando, e conheceu algumas partes do corpo, crie movimentos da seguinte forma: pe\u00e7a algu\u00e9m da sua fam\u00edlia para falar uma parte do corpo, ent\u00e3o voc\u00ea criar\u00e1 movimentos com essa parte do corpo. Repita esta parte da atividade quantas vezes quiser.<\/p>\n\n\n\n<p class=\"has-medium-font-size\"><strong>Atividade 2:<\/strong><br>Escolha tr\u00eas partes do corpo que mais gostou de criar os movimentos e repita estes movimentos ao som de uma m\u00fasica que goste, criando assim uma sequ\u00eancia de movimentos. Se for poss\u00edvel pe\u00e7a algu\u00e9m da sua fam\u00edlia para filmar no celular a sua sequ\u00eancia de movimentos, ou seja, a sua dan\u00e7a e assistam todos juntos.<\/p>\n\n\n\n<p class=\"has-medium-font-size\"><strong>Atividade 3:<\/strong><br>Escreva no seu caderno as partes do corpo que voc\u00ea usou para criar seus movimentos. Mostre e leia estas palavras para a sua fam\u00edlia.<\/p>\n\n\n\n<p class=\"has-medium-font-size\"><br>Para refletir: Como \u00e9 se ver dan\u00e7ando com a sequ\u00eancia de movimentos que voc\u00ea mesmo criou? Conte a resposta para sua fam\u00edlia.<\/p>\n\n\n\n<p class=\"has-text-color has-background has-medium-font-size has-very-light-gray-color has-vivid-red-background-color\"><br>At\u00e9 mais galerinha!!! Boa dan\u00e7a para voc\u00eas.<\/p>\n\n\n\n<p class=\"has-medium-font-size\"><br>Para saber mais sobre o corpo e suas partes fica aqui os links de algumas atividades bem dan\u00e7antes que tamb\u00e9m v\u00e3o te ajudar a conhecer mais sobre o corpo. Dance um pouco mais a\u00ed e continue escrevendo no seu caderno as partes do corpo que voc\u00ea aprendeu.<\/p>\n\n\n\n<figure class=\"wp-block-table\"><table><tbody><tr><td><strong>SAIBA MAIS:<\/strong><\/td><td><\/td><\/tr><tr><td><\/td><td>https:\/\/www.youtube.com\/watch?v=1rvR3Gv5egQ<\/td><\/tr><tr><td><\/td><td>(Mexo o meu corpo | M\u00fasicas e Can\u00e7\u00f5es para Crian\u00e7as | Pipalupa \u2013 Canal Pipalupa Portugu\u00eas \u2013 Youtube)<\/td><\/tr><tr><td><\/td><td>https:\/\/www.youtube.com\/watch?v=zhvWvo9BfV0<\/td><\/tr><tr><td><\/td><td>acudir o Esqueleto &#8211; As Diferentes Partes do Corpo  \u2013 Canal Quintal da Cultura \u2013 Youtube)<\/td><\/tr><tr><td><\/td><td>https:\/\/www.youtube.com\/watch?v=vDee2bF8Xls<\/td><\/tr><tr><td><\/td><td>Cabe\u00e7a, Ombro, Joelho e P\u00e9 &#8211; Bob Zoom | Video Infantil Musical Oficial \u2013 Canal Bob Zoom \u2013 Youtube)<\/td><\/tr><tr><td><\/td><td>https:\/\/www.youtube.com\/watch?v=8e3MBmvAv0k<\/td><\/tr><tr><td><\/td><td>A Batalha do Movimento &#8211; M\u00fasicas e Can\u00e7\u00f5es para Crian\u00e7as \u2013 Canal O Reino Infantil \u2013 Youtube)<\/td><\/tr><tr><td><strong>OBJETOS DE CONHECIMENTO:<\/strong><\/td><td>Elementos da Linguagem: Partes e o todo corporal Orienta\u00e7\u00f5es anat\u00f4micas<\/td><\/tr><tr><td>HABILIDADE<\/td><td>(GO-EF02AR09-A) Estabelecer rela\u00e7\u00f5es entre as partes e o todo corporal na constru\u00e7\u00e3o do movimento dan\u00e7ado, a<br>partir de orienta\u00e7\u00f5es anat\u00f4micas, percep\u00e7\u00e3o de a\u00e7\u00f5es da gravidade, alinhamentos posturais, apoios, tempos, eixos, planos,<\/td><\/tr><tr><td><\/td><td><\/td><\/tr><tr><td><\/td><td><\/td><\/tr><tr><td><\/td><td><\/td><\/tr><tr><td><\/td><td><\/td><\/tr><tr><td><\/td><td><\/td><\/tr><tr><td><\/td><td><\/td><\/tr><tr><td><\/td><td><\/td><\/tr><tr><td><\/td><td><\/td><\/tr><\/tbody><\/table><\/figure>\n\n\n\n<p><\/p>\n","protected":false},"author":24,"featured_media":4669,"template":"","ef_categoria":[13,17],"ef_ano":[],"ef_componente":[],"class_list":["post-4563","ensino_fundamental","type-ensino_fundamental","status-publish","has-post-thumbnail","hentry","ef_categoria-ciclo-da-infancia-abc","ef_categoria-corpo-e-movimento","entry","has-media"],"acf":[],"_links":{"self":[{"href":"https:\/\/sme.goiania.go.gov.br\/conexaoescola\/wp-json\/wp\/v2\/ensino_fundamental\/4563","targetHints":{"allow":["GET"]}}],"collection":[{"href":"https:\/\/sme.goiania.go.gov.br\/conexaoescola\/wp-json\/wp\/v2\/ensino_fundamental"}],"about":[{"href":"https:\/\/sme.goiania.go.gov.br\/conexaoescola\/wp-json\/wp\/v2\/types\/ensino_fundamental"}],"author":[{"embeddable":true,"href":"https:\/\/sme.goiania.go.gov.br\/conexaoescola\/wp-json\/wp\/v2\/users\/24"}],"version-history":[{"count":0,"href":"https:\/\/sme.goiania.go.gov.br\/conexaoescola\/wp-json\/wp\/v2\/ensino_fundamental\/4563\/revisions"}],"wp:featuredmedia":[{"embeddable":true,"href":"https:\/\/sme.goiania.go.gov.br\/conexaoescola\/wp-json\/wp\/v2\/media\/4669"}],"wp:attachment":[{"href":"https:\/\/sme.goiania.go.gov.br\/conexaoescola\/wp-json\/wp\/v2\/media?parent=4563"}],"wp:term":[{"taxonomy":"ef_categoria","embeddable":true,"href":"https:\/\/sme.goiania.go.gov.br\/conexaoescola\/wp-json\/wp\/v2\/ef_categoria?post=4563"},{"taxonomy":"ef_ano","embeddable":true,"href":"https:\/\/sme.goiania.go.gov.br\/conexaoescola\/wp-json\/wp\/v2\/ef_ano?post=4563"},{"taxonomy":"ef_componente","embeddable":true,"href":"https:\/\/sme.goiania.go.gov.br\/conexaoescola\/wp-json\/wp\/v2\/ef_componente?post=4563"}],"curies":[{"name":"wp","href":"https:\/\/api.w.org\/{rel}","templated":true}]}}