{"id":4526,"date":"2020-09-21T07:00:00","date_gmt":"2020-09-21T10:00:00","guid":{"rendered":"http:\/\/sme.goiania.go.gov.br\/conexaoescola\/?post_type=ensino_fundamental&#038;p=4526"},"modified":"2020-09-22T14:13:06","modified_gmt":"2020-09-22T17:13:06","slug":"alfabeto-letras-e-ordem","status":"publish","type":"ensino_fundamental","link":"https:\/\/sme.goiania.go.gov.br\/conexaoescola\/ensino_fundamental\/alfabeto-letras-e-ordem\/","title":{"rendered":"Alfabeto\/letras e ordem"},"content":{"rendered":"\n<p class=\"has-drop-cap has-medium-font-size\">Ol\u00e1, agora vamos aprender as letras do alfabeto, e<br>sua ordem, cantando e dan\u00e7ando a m\u00fasica do alfabeto.<br>Em seguida assistir um v\u00eddeo e fazer atividades com a sua<br>fam\u00edlia\u2026 Vai ser muito divertido !!!!<\/p>\n\n\n\n<hr class=\"wp-block-separator\"\/>\n\n\n\n<p class=\"has-medium-font-size\"><strong>1\u00b0 Atividade<\/strong> \u2013 Assistir o v\u00eddeo ( As letras falam):<\/p>\n\n\n\n<figure class=\"wp-block-embed-youtube wp-block-embed is-type-video is-provider-youtube wp-embed-aspect-16-9 wp-has-aspect-ratio\"><div class=\"wp-block-embed__wrapper\">\n<p class=\"responsive-video-wrap clr\"><iframe title=\"Clipe &quot;As Letras Falam&quot;\" width=\"1200\" height=\"675\" src=\"https:\/\/www.youtube.com\/embed\/pBsfpU9zWNI?feature=oembed\" frameborder=\"0\" allow=\"accelerometer; autoplay; clipboard-write; encrypted-media; gyroscope; picture-in-picture\" allowfullscreen><\/iframe><\/p>\n<\/div><figcaption>Clipe &#8220;As Letras Falam&#8221;<br>https:\/\/www.youtube.com\/watch?v=pBsfpU9zWNI<\/figcaption><\/figure>\n\n\n\n<p class=\"has-medium-font-size\"><strong>2\u00b0Atividade.<\/strong><br>Pe\u00e7a ajuda de um adulto e escreva numa folha todo o alfabeto em ordem, em seguida escreva palavras com as letras do alfabeto.<\/p>\n\n\n\n<p class=\"has-medium-font-size\"><strong>3\u00b0 Atividade.<\/strong> Assistir o v\u00eddeo:<\/p>\n\n\n\n<figure class=\"wp-block-embed-youtube wp-block-embed is-type-video is-provider-youtube wp-embed-aspect-16-9 wp-has-aspect-ratio\"><div class=\"wp-block-embed__wrapper\">\n<p class=\"responsive-video-wrap clr\"><iframe title=\"Aprender o Alfabeto em Portugu\u00eas | Como Ensinar as Letras na Educa\u00e7\u00e3o Infantil | V\u00eddeos Educativos\" width=\"1200\" height=\"675\" src=\"https:\/\/www.youtube.com\/embed\/DBAuR19EiuI?feature=oembed\" frameborder=\"0\" allow=\"accelerometer; autoplay; clipboard-write; encrypted-media; gyroscope; picture-in-picture\" allowfullscreen><\/iframe><\/p>\n<\/div><\/figure>\n\n\n\n<p class=\"has-medium-font-size\"><br>Ainda com supervis\u00e3o da fam\u00edlia, fa\u00e7a a tentativa de escrita das figuras que aparecem no v\u00eddeo.<\/p>\n\n\n\n<p class=\"has-medium-font-size\"><strong>4\u00b0 Atividade<\/strong>:<br>Assistir o v\u00eddeo observando as formas de escrever o alfabeto.<\/p>\n\n\n\n<figure class=\"wp-block-embed-youtube wp-block-embed is-type-video is-provider-youtube wp-embed-aspect-16-9 wp-has-aspect-ratio\"><div class=\"wp-block-embed__wrapper\">\n<p class=\"responsive-video-wrap clr\"><iframe title=\"Ensinar o alfabeto - Aprender o alfabeto - v\u00eddeo educativo infantil\" width=\"1200\" height=\"675\" src=\"https:\/\/www.youtube.com\/embed\/ll7w5NW1bmk?feature=oembed\" frameborder=\"0\" allow=\"accelerometer; autoplay; clipboard-write; encrypted-media; gyroscope; picture-in-picture\" allowfullscreen><\/iframe><\/p>\n<\/div><\/figure>\n\n\n\n<p><br><\/p>\n","protected":false},"author":14,"featured_media":4704,"template":"","ef_categoria":[13,20],"ef_ano":[],"ef_componente":[],"class_list":["post-4526","ensino_fundamental","type-ensino_fundamental","status-publish","has-post-thumbnail","hentry","ef_categoria-ciclo-da-infancia-abc","ef_categoria-etica-e-cidadania","entry","has-media"],"acf":[],"_links":{"self":[{"href":"https:\/\/sme.goiania.go.gov.br\/conexaoescola\/wp-json\/wp\/v2\/ensino_fundamental\/4526","targetHints":{"allow":["GET"]}}],"collection":[{"href":"https:\/\/sme.goiania.go.gov.br\/conexaoescola\/wp-json\/wp\/v2\/ensino_fundamental"}],"about":[{"href":"https:\/\/sme.goiania.go.gov.br\/conexaoescola\/wp-json\/wp\/v2\/types\/ensino_fundamental"}],"author":[{"embeddable":true,"href":"https:\/\/sme.goiania.go.gov.br\/conexaoescola\/wp-json\/wp\/v2\/users\/14"}],"version-history":[{"count":0,"href":"https:\/\/sme.goiania.go.gov.br\/conexaoescola\/wp-json\/wp\/v2\/ensino_fundamental\/4526\/revisions"}],"wp:featuredmedia":[{"embeddable":true,"href":"https:\/\/sme.goiania.go.gov.br\/conexaoescola\/wp-json\/wp\/v2\/media\/4704"}],"wp:attachment":[{"href":"https:\/\/sme.goiania.go.gov.br\/conexaoescola\/wp-json\/wp\/v2\/media?parent=4526"}],"wp:term":[{"taxonomy":"ef_categoria","embeddable":true,"href":"https:\/\/sme.goiania.go.gov.br\/conexaoescola\/wp-json\/wp\/v2\/ef_categoria?post=4526"},{"taxonomy":"ef_ano","embeddable":true,"href":"https:\/\/sme.goiania.go.gov.br\/conexaoescola\/wp-json\/wp\/v2\/ef_ano?post=4526"},{"taxonomy":"ef_componente","embeddable":true,"href":"https:\/\/sme.goiania.go.gov.br\/conexaoescola\/wp-json\/wp\/v2\/ef_componente?post=4526"}],"curies":[{"name":"wp","href":"https:\/\/api.w.org\/{rel}","templated":true}]}}