{"id":3882,"date":"2020-08-24T07:00:00","date_gmt":"2020-08-24T10:00:00","guid":{"rendered":"http:\/\/sme.goiania.go.gov.br\/conexaoescola\/?post_type=ensino_fundamental&#038;p=3882"},"modified":"2020-08-28T09:24:27","modified_gmt":"2020-08-28T12:24:27","slug":"o-coronavirus-e-a-vacinacao","status":"publish","type":"ensino_fundamental","link":"https:\/\/sme.goiania.go.gov.br\/conexaoescola\/ensino_fundamental\/o-coronavirus-e-a-vacinacao\/","title":{"rendered":"O Coronav\u00edrus e a vacina\u00e7\u00e3o"},"content":{"rendered":"\n<p style=\"font-size:25px\" class=\"has-background has-very-light-gray-background-color\">Ol\u00e1, hoje voc\u00ea ir\u00e1 refletir sobre a <strong>pandemia do Coronav\u00edrus <\/strong>e o <strong>processo de vacina\u00e7\u00e3o<\/strong>, vamos entender como tudo isso funciona, peguem seus materiais escolares e bora come\u00e7ar.<\/p>\n\n\n\n<hr class=\"wp-block-separator\"\/>\n\n\n\n<p class=\"has-drop-cap has-medium-font-size\">A COVID-19 \u00e9 uma doen\u00e7a causada pelo coronav\u00edrus, denominado SARS-CoV-2, que apresenta um espectro cl\u00ednico variando de infec\u00e7\u00f5es assintom\u00e1ticas a quadros graves. De acordo com a Organiza\u00e7\u00e3o Mundial de Sa\u00fade, a maioria (cerca de 80%) dos pacientes com COVID-19 podem ser assintom\u00e1ticos ou oligossintom\u00e1ticos (poucos sintomas), e aproximadamente 20% dos casos detectados requer atendimento hospitalar por apresentarem dificuldade respirat\u00f3ria, dos quais aproximadamente 5% podem necessitar de suporte ventilat\u00f3rio.<\/p>\n\n\n\n<p class=\"has-medium-font-size\">Os sintomas da COVID-19 podem variar de um resfriado, a uma S\u00edndrome Gripal-SG (presen\u00e7a de um quadro respirat\u00f3rio agudo, caracterizado por, pelo menos dois dos seguintes sintomas: sensa\u00e7\u00e3o febril ou febre associada a dor de garganta, dor de cabe\u00e7a, tosse, coriza) at\u00e9 uma pneumonia severa. Sendo os sintomas mais comuns:Tosse; Febre; Coriza; Dor de garganta; Dificuldade para respirar; Perda de olfato (anosmia); Altera\u00e7\u00e3o do paladar (ageusia); Dist\u00farbios gastrintestinais (n\u00e1useas\/v\u00f4mitos\/diarreia); Cansa\u00e7o (astenia); Diminui\u00e7\u00e3o do apetite (hiporexia); Dispn\u00e9ia (falta de ar).<\/p>\n\n\n\n<hr class=\"wp-block-separator\"\/>\n\n\n\n<p class=\"has-text-align-center has-medium-font-size\">Vamos conhecer mais sobre o Coronav\u00edrus com a professora Ol\u00edvia, do canal (YouTube) Ol\u00edviaBio. <\/p>\n\n\n\n<figure class=\"wp-block-embed-youtube aligncenter wp-block-embed is-type-video is-provider-youtube wp-embed-aspect-16-9 wp-has-aspect-ratio\"><div class=\"wp-block-embed__wrapper\">\n<p class=\"responsive-video-wrap clr\"><iframe title=\"CORONA VIRUS (COVID-19) - ENTENDA ESSE V\u00cdRUS...\" width=\"1200\" height=\"675\" src=\"https:\/\/www.youtube.com\/embed\/JkUz6vnC1yI?feature=oembed\" frameborder=\"0\" allow=\"accelerometer; autoplay; encrypted-media; gyroscope; picture-in-picture\" allowfullscreen><\/iframe><\/p>\n<\/div><figcaption>\u201cCORONAV\u00cdRUS (COVID-19) &#8211; ENTENDA ESSE V\u00cdRUS&#8230;\u201d Canal Ol\u00edviaBio<\/figcaption><\/figure>\n\n\n\n<p class=\"has-background has-medium-font-size has-very-light-gray-background-color\"><strong>Atividade 1<\/strong><\/p>\n\n\n\n<p class=\"has-medium-font-size\"><em>Quest\u00e3o 1<\/em><\/p>\n\n\n\n<p class=\"has-medium-font-size\">Agora escreva em seu caderno um texto sobre tudo que voc\u00ea j\u00e1 ouviu sobre o coronav\u00edrus, converse com seus familiares e amigos e pergunte como eles est\u00e3o se cuidando.<\/p>\n\n\n\n<hr class=\"wp-block-separator\"\/>\n\n\n\n<p style=\"background-color:#000000\" class=\"has-text-color has-background has-text-align-center has-medium-font-size has-vivid-red-color\"><strong>Depois de tantas informa\u00e7\u00f5es, \u00e9 hora de entender melhor como as vacinas funcionam, j\u00e1 que vivemos em momento de muita expectativa sobre quando sair\u00e1 a vacina contra o <em>coronav\u00edrus.<\/em><\/strong><\/p>\n\n\n\n<p style=\"font-size:30px\" class=\"has-text-color has-vivid-red-color\"><strong><em>O que s\u00e3o vacinas?<\/em><\/strong><\/p>\n\n\n\n<p class=\"has-drop-cap has-medium-font-size\">As vacinas s\u00e3o subst\u00e2ncias constitu\u00eddas por agentes patog\u00eanicos (v\u00edrus ou bact\u00e9rias), vivos ou mortos, ou seus derivados. Elas estimulam o sistema imune a produzir anticorpos (prote\u00ednas que atuam na defesa do organismo), os quais atuam contra os agentes patog\u00eanicos causadores de infec\u00e7\u00f5es. As vacinas s\u00e3o seguras e causam poucas rea\u00e7\u00f5es adversas, sendo estas, geralmente, leves e de curta dura\u00e7\u00e3o. Trata-se da principal forma de preven\u00e7\u00e3o de in\u00fameras doen\u00e7as.<\/p>\n\n\n\n<hr class=\"wp-block-separator\"\/>\n\n\n\n<p class=\"has-text-align-center has-medium-font-size\"><strong><em>Leia o texto no link a seguir para continuar sua atividade.<\/em><\/strong><\/p>\n\n\n\n<p class=\"has-text-color has-text-align-center has-medium-font-size has-vivid-red-color\"><strong>Acesse o link (clique aqui): <a href=\"https:\/\/www.biologianet.com\/saude-bem-estar\/vacinas.htm\" target=\"_blank\" rel=\"noreferrer noopener\">INFORMA\u00c7\u00d5ES &#8211; VACINAS<\/a><\/strong><\/p>\n\n\n\n<p class=\"has-text-align-center has-medium-font-size\"><em>A vacina\u00e7\u00e3o \u00e9 essencial para manter a sa\u00fade da popula\u00e7\u00e3o<\/em><\/p>\n\n\n\n<hr class=\"wp-block-separator\"\/>\n\n\n\n<p class=\"has-text-color has-background has-medium-font-size has-very-dark-gray-color has-very-light-gray-background-color\"><strong>Atividade 2<\/strong><\/p>\n\n\n\n<p class=\"has-medium-font-size\"><em>Quest\u00e3o 1<\/em><\/p>\n\n\n\n<p class=\"has-medium-font-size\">Explique as caracter\u00edsticas de uma vacina e como ela age no nosso organismo.<\/p>\n\n\n\n<p class=\"has-medium-font-size\"><em>Quest\u00e3o 2<\/em><\/p>\n\n\n\n<p class=\"has-medium-font-size\">Converse com os seus familiares sobre seu hist\u00f3rico de vacina\u00e7\u00e3o. Pegue o seu cart\u00e3o de vacinas e escreva sobre todas as vacinas que voc\u00ea j\u00e1 tomou at\u00e9 hoje. Cite as vacinas que talvez estejam faltando no seu cart\u00e3o.<\/p>\n\n\n\n<hr class=\"wp-block-separator\"\/>\n\n\n\n<p style=\"font-size:25px\" class=\"has-background has-text-align-center has-luminous-vivid-amber-background-color\"><strong>Entendeu como a vacina\u00e7\u00e3o \u00e9 importante?<\/strong><\/p>\n\n\n\n<p class=\"has-medium-font-size\">Desde Maio\/Junho est\u00e1 saindo not\u00edcias de que a vacina contra a Covid-19 est\u00e1 em produ\u00e7\u00e3o. Leia a reportagem do site da BBC sobre esse assunto.<\/p>\n\n\n\n<p class=\"has-medium-font-size\">Clique aqui: <a href=\"https:\/\/www.bbc.com\/portuguese\/geral-53820476\" target=\"_blank\" rel=\"noreferrer noopener\">Vacina contra coronav\u00edrus: por que desenvolvemos imunidade permanente para algumas doen\u00e7as e para outras n\u00e3o?<\/a><\/p>\n\n\n\n<p class=\"has-medium-font-size\">Todo o processo de cria\u00e7\u00e3o de uma vacina \u00e9 realmente muito complexo, e ainda n\u00e3o temos nenhuma certeza de quando a vacina contra a Covid-19 ir\u00e1 chegar, mas reflita um pouco sobre isso, respondendo \u00e0s quest\u00f5es a seguir.<\/p>\n\n\n\n<p class=\"has-text-color has-background has-medium-font-size has-very-dark-gray-color has-very-light-gray-background-color\"><strong>Atividade 3<\/strong><\/p>\n\n\n\n<p class=\"has-medium-font-size\"><em>Quest\u00e3o 1<\/em><\/p>\n\n\n\n<p class=\"has-medium-font-size\">Explique como est\u00e1 sendo o processo de desenvolvimento da vacina contra a Covid-19.<\/p>\n\n\n\n<p class=\"has-medium-font-size\"><em>Quest\u00e3o 2<\/em><\/p>\n\n\n\n<p class=\"has-medium-font-size\">Escreva um texto reflexivo, sobre tudo que est\u00e1 acontecendo no mundo durante essa pandemia de coronav\u00edrus, explique como voc\u00ea e sua fam\u00edlia est\u00e1 passando por tudo isso.<\/p>\n\n\n\n<hr class=\"wp-block-separator\"\/>\n\n\n\n<figure class=\"wp-block-table alignwide is-style-stripes\"><table><tbody><tr><td><strong>Saiba Mais<\/strong><\/td><td>\u201cCoronav\u00edrus tudo sobre a Covid-19\u201d no site Dasa:<br> <a href=\"https:\/\/dasa.com.br\/coronavirus\">https:\/\/dasa.com.br\/coronavirus<\/a><br><br>\u201cDiretor do Butantan diz que vacina contra Covid-19 poder\u00e1 ser produzida j\u00e1 em outubro\u201d no site Tribunal de Jundia\u00ed: <a href=\"https:\/\/tribunadejundiai.com.br\/saude\/coronavirus\/diretor-do-butantan-diz-que-vacina-contra-covid-19-podera-ser-produzida-ja-em-outubro\/\">https:\/\/tribunadejundiai.com.br\/saude\/coronavirus\/diretor-do-butantan-diz-que-vacina-contra-covid-19-podera-ser-produzida-ja-em-outubro\/<\/a><br><br>&#8220;Brasil entra em parceria para produ\u00e7\u00e3o de vacina contra Covid-19&#8221;:<br><a href=\"https:\/\/www.saude.gov.br\/noticias\/agencia-saude\/47132-brasil-entra-em-parceria-para-producao-de-vacina-contra-covid-19\">https:\/\/www.saude.gov.br\/noticias\/agencia-saude\/47132-brasil-entra-em-parceria-para-producao-de-vacina-contra-covid-19<\/a><br><\/td><\/tr><\/tbody><\/table><figcaption><br><\/figcaption><\/figure>\n\n\n\n<figure class=\"wp-block-table alignwide is-style-stripes\"><table><tbody><tr><td>Habilidades<\/td><td>(EF06CI05-B) Identificar a organiza\u00e7\u00e3o b\u00e1sica das c\u00e9lulas, explicando seu papel como unidade estrutural e funcional dos seres vivos.<br>(EF07CI10-A) Definir e explicar o que \u00e9 vacina, identificando o princ\u00edpio de imuniza\u00e7\u00e3o artificial ativa.<br>(EF07CI10-B) Comparar o mecanismo de a\u00e7\u00e3o de soro e vacina, diferenciando a imuniza\u00e7\u00e3o ativa da passiva.<br>(EF07CI10-C) Argumentar sobre a import\u00e2ncia da vacina\u00e7\u00e3o para a sa\u00fade p\u00fablica, com base em informa\u00e7\u00f5es sobre a maneira como a vacina atua no organismo, ressaltando seu papel hist\u00f3rico na manuten\u00e7\u00e3o da sa\u00fade individual e coletiva e na erradica\u00e7\u00e3o de doen\u00e7as.<br>(EF09CI07-A) Identificar as aplica\u00e7\u00f5es das ondas na medicina diagn\u00f3stica (raios X, ultrassom, resson\u00e2ncia nuclear magn\u00e9tica), discutindo o papel do avan\u00e7o tecnol\u00f3gico no tratamento de doen\u00e7as (radioterapia, cirurgia \u00f3ptica a laser, infravermelho, ultravioleta).<\/td><\/tr><\/tbody><\/table><\/figure>\n\n\n\n<hr class=\"wp-block-separator\"\/>\n\n\n\n<p class=\"has-text-align-center has-medium-font-size\">Assista a \u00edntegra do programa Conex\u00e3o Escola com os professores Gabriel e Ester, veiculado pela TV UFG e TV SAGRES. Tem\u00e1tica dessa semana: Coronav\u00edrus e a vacina\u00e7\u00e3o. (Bloco 2):<\/p>\n\n\n\n<figure class=\"wp-block-embed-youtube aligncenter wp-block-embed is-type-video is-provider-youtube wp-embed-aspect-16-9 wp-has-aspect-ratio\"><div class=\"wp-block-embed__wrapper\">\n<p class=\"responsive-video-wrap clr\"><iframe title=\"Educa\u00e7\u00e3o Ambiental e Sa\u00fade   Bloco 2\" width=\"1200\" height=\"675\" src=\"https:\/\/www.youtube.com\/embed\/5hbyGFey8K4?feature=oembed\" frameborder=\"0\" allow=\"accelerometer; autoplay; encrypted-media; gyroscope; picture-in-picture\" allowfullscreen><\/iframe><\/p>\n<\/div><figcaption>CICLO DA ADOLESC\u00caNCIA &#8211; MEIO AMBIENTE E SA\u00daDE &#8211; TURMAS F,G,H,I<\/figcaption><\/figure>\n\n\n\n<p><\/p>\n","protected":false},"author":14,"featured_media":3883,"template":"","ef_categoria":[15,16,28,33],"ef_ano":[],"ef_componente":[],"class_list":["post-3882","ensino_fundamental","type-ensino_fundamental","status-publish","has-post-thumbnail","hentry","ef_categoria-ciclo-da-adolescencia-fg","ef_categoria-ciclo-da-adolescencia-hi","ef_categoria-educacao-ambiental-e-saude-ciclo-da-adolescencia-fg","ef_categoria-educacao-ambiental-e-saude-ciclo-da-adolescencia-hi","entry","has-media"],"acf":[],"_links":{"self":[{"href":"https:\/\/sme.goiania.go.gov.br\/conexaoescola\/wp-json\/wp\/v2\/ensino_fundamental\/3882","targetHints":{"allow":["GET"]}}],"collection":[{"href":"https:\/\/sme.goiania.go.gov.br\/conexaoescola\/wp-json\/wp\/v2\/ensino_fundamental"}],"about":[{"href":"https:\/\/sme.goiania.go.gov.br\/conexaoescola\/wp-json\/wp\/v2\/types\/ensino_fundamental"}],"author":[{"embeddable":true,"href":"https:\/\/sme.goiania.go.gov.br\/conexaoescola\/wp-json\/wp\/v2\/users\/14"}],"version-history":[{"count":0,"href":"https:\/\/sme.goiania.go.gov.br\/conexaoescola\/wp-json\/wp\/v2\/ensino_fundamental\/3882\/revisions"}],"wp:featuredmedia":[{"embeddable":true,"href":"https:\/\/sme.goiania.go.gov.br\/conexaoescola\/wp-json\/wp\/v2\/media\/3883"}],"wp:attachment":[{"href":"https:\/\/sme.goiania.go.gov.br\/conexaoescola\/wp-json\/wp\/v2\/media?parent=3882"}],"wp:term":[{"taxonomy":"ef_categoria","embeddable":true,"href":"https:\/\/sme.goiania.go.gov.br\/conexaoescola\/wp-json\/wp\/v2\/ef_categoria?post=3882"},{"taxonomy":"ef_ano","embeddable":true,"href":"https:\/\/sme.goiania.go.gov.br\/conexaoescola\/wp-json\/wp\/v2\/ef_ano?post=3882"},{"taxonomy":"ef_componente","embeddable":true,"href":"https:\/\/sme.goiania.go.gov.br\/conexaoescola\/wp-json\/wp\/v2\/ef_componente?post=3882"}],"curies":[{"name":"wp","href":"https:\/\/api.w.org\/{rel}","templated":true}]}}