{"id":3831,"date":"2020-08-24T07:00:31","date_gmt":"2020-08-24T10:00:31","guid":{"rendered":"http:\/\/sme.goiania.go.gov.br\/conexaoescola\/?post_type=ensino_fundamental&#038;p=3831"},"modified":"2020-08-24T00:50:49","modified_gmt":"2020-08-24T03:50:49","slug":"historia-do-papel-2","status":"publish","type":"ensino_fundamental","link":"https:\/\/sme.goiania.go.gov.br\/conexaoescola\/ensino_fundamental\/historia-do-papel-2\/","title":{"rendered":"Hist\u00f3ria do papel"},"content":{"rendered":"\n<p class=\"has-text-color has-text-align-center has-medium-font-size has-vivid-cyan-blue-color\"><strong>NA ATIVIDADE DE HOJE IREMOS FALAR SOBRE PAPEL. ISSO MESMO, PAPEL!<\/strong><\/p>\n\n\n\n<hr class=\"wp-block-separator\"\/>\n\n\n\n<p class=\"has-medium-font-size\">A palavra papel vem do Latim:&nbsp;<em>Papyrus<\/em>, e faz refer\u00eancia ao papiro, uma planta que cresce nas margens do rio Nilo, no Egito.<br>Por volta de 3.000 a.C. (antes de Cristo), h\u00e1 mais ou menos 5.000 anos atr\u00e1s, os eg\u00edpcios inventaram uma esp\u00e9cie de papel feito dessa planta, e esse papel recebeu o nome de Papiro. Mas foi no ano de 105 d.C. (depois de Cristo) que o papel, como conhecemos hoje, foi inventado na China, por T\u2019sai Lun. Uma inven\u00e7\u00e3o que ficou guardada a sete chaves pelos chineses.<\/p>\n\n\n\n<p class=\"has-medium-font-size\">T\u2019sai Lun fez uma mistura umedecida de casca de amoreira, c\u00e2nhamo, resto de tecidos, e outros produtos que contivesse fonte de fibras vegetais. Bateu a massa, peneirou e obteve uma fina camada desse produto, que depois de seca, estava pronto o papel! Bacana a hist\u00f3ria da descoberta de um produto t\u00e3o presente no nosso cotidiano, n\u00e3o \u00e9 mesmo?<\/p>\n\n\n\n<p class=\"has-medium-font-size\">Abaixo tem um v\u00eddeo para voc\u00ea aprender a fazer papel reciclado. O mais bacana \u00e9 que aprendendo a fazer papel usando o papel que n\u00e3o usaria mais, voc\u00ea vai entender melhor como as fibras comp\u00f5em o papel. N\u00e3o deixe de assistir! <\/p>\n\n\n\n<hr class=\"wp-block-separator\"\/>\n\n\n\n<p><a href=\"https:\/\/drive.google.com\/file\/d\/1x68Z7NH45qXUmJEwGoLo5tfO_EgI8-cf\/view?usp=sharing\">https:\/\/drive.google.com\/file\/d\/1x68Z7NH45qXUmJEwGoLo5tfO_EgI8-cf\/view?usp=sharing<\/a> <\/p>\n\n\n\n<hr class=\"wp-block-separator\"\/>\n\n\n\n<p class=\"has-medium-font-size\">Que maravilha! Quanto papel que jogamos fora e que pode ser transformado em cart\u00e3o de Natal, convite ou at\u00e9 mesmo embalagem para presente!<br>O que voc\u00ea colocaria no seu papel reciclado para faz\u00ea-lo mais personalizado?<br>Qual cor voc\u00ea colocaria na massa?<\/p>\n\n\n\n<hr class=\"wp-block-separator\"\/>\n\n\n\n<p class=\"has-medium-font-size\">Agora que a gente ficou sabendo quando e onde que o papel surgiu e como fazer um papel artesanal aproveitando pap\u00e9is j\u00e1 usados e que \u00edamos jogar fora, vamos saber um pouco sobre as propriedades do papel.<\/p>\n\n\n\n<p class=\"has-medium-font-size\">Temos diversos documentos impressos em papel, como a certid\u00e3o de nascimento, o registro da casa ou um contrato de trabalho.<br>Por isso a conserva\u00e7\u00e3o destes pap\u00e9is \u00e9 muito importante! Todos os componentes que fazem parte do papel, como por exemplo, tipo de colagem e res\u00edduos qu\u00edmicos influenciam bastante no modo em que&nbsp;precisa ser conservado. Um papel que \u201capodrece\u201d com o tempo, faz com que haja&nbsp;<strong>perda do documento, o&nbsp;<\/strong>pode ocasionar&nbsp;um grande preju\u00edzo, concordam?<\/p>\n\n\n\n<p class=\"has-medium-font-size\">O v\u00eddeo abaixo conta o trabalho da empres\u00e1ria Andrea Carvalho na fabrica\u00e7\u00e3o de papel reciclado que pode ser plantado. Plantar papel? Que tal conhecer a hist\u00f3ria do papel feito para ser plantado?<\/p>\n\n\n\n<figure class=\"wp-block-embed-youtube wp-block-embed is-type-video is-provider-youtube wp-embed-aspect-16-9 wp-has-aspect-ratio\"><div class=\"wp-block-embed__wrapper\">\n<p class=\"responsive-video-wrap clr\"><iframe title=\"Veja como \u00e9 feito o papel artesanal com sementes\" width=\"1200\" height=\"675\" src=\"https:\/\/www.youtube.com\/embed\/oV6wMSYQipk?feature=oembed\" frameborder=\"0\" allow=\"accelerometer; autoplay; encrypted-media; gyroscope; picture-in-picture\" allowfullscreen><\/iframe><\/p>\n<\/div><figcaption>Veja como \u00e9 feito o papel artesanal com sementes \u2013 Canal: Good News Rede TV<br>https:\/\/www.youtube.com\/watch?v=oV6wMSYQipk<\/figcaption><\/figure>\n\n\n\n<p class=\"has-medium-font-size\">Excelente ideia! Que voc\u00ea pode fazer pensando naquele processo que vimos no outro v\u00eddeo lembra? Aproveitar os pap\u00e9is que n\u00e3o servem mais fazendo um novo e especial papel. E ainda servir para ser plantado! A natureza vai agradecer!<\/p>\n\n\n\n<hr class=\"wp-block-separator\"\/>\n\n\n\n<p class=\"has-medium-font-size\"><strong>Atividade <\/strong>1<\/p>\n\n\n\n<p class=\"has-medium-font-size\">Esta atividade \u00e9 um desafio.<br>Desafio voc\u00ea a pesquisar sobre quais sementes voc\u00ea poderia usar para fazer uma horta! E quais os formatos das sementes!<br>Depois da pesquisa, as desenhe em seu caderno colocando as legendas, ou seja, abaixo de cada desenho voc\u00ea deve colocar o nome da planta que germinar\u00e1 da semente.<\/p>\n\n\n\n<hr class=\"wp-block-separator\"\/>\n\n\n\n<p class=\"has-text-align-center\">Ciclo da Adolesc\u00eancia &#8211; Experi\u00eancias e Curiosidades<\/p>\n\n\n\n<hr class=\"wp-block-separator\"\/>\n\n\n\n<figure class=\"wp-block-table\"><table><tbody><tr><td>Componentes<\/td><td>Objetos de Conhecimento\/ Conte\u00fados<\/td><td>Habilidades<\/td><\/tr><tr><td>Ci\u00eancias da Natureza<\/td><td>Caracter\u00edsticas dos materiais: Origem dos materiais Consumo consciente Pr\u00e1ticas de descarte de materiais Preserva\u00e7\u00e3o ambiental<\/td><td>Comparar caracter\u00edsticas de diferentes materiais presentes em objetos de uso cotidiano, discutindo sua origem, os modos como s\u00e3o descartados e como podem ser usados de forma mais consciente. Identificar as partes te dos materiais na escola, em casa, no bairro e em seu munic\u00edpio, relacionando-as \u00e0 conserva\u00e7\u00e3o do ambiente e profilaxia de doen\u00e7as. (GO-EF01CI0<\/td><\/tr><tr><td>Arte Artes Visuais<\/td><td>Contextos e Pr\u00e1ticas: Formas distintas das artes visuais tradicionais e contempor\u00e2neas, locais, regionais e nacionais<\/td><td>Apontar, relacionar, compreender, explorar, representar e criar, criticamente, formas distintas das artes visuais tradicionais e contempor\u00e2neas, locais, regionais e nacionais, desenvolvendo a percep\u00e7\u00e3o, o imagin\u00e1rio, a capacidade de simbolizar, bem como valorizar o repert\u00f3rio imag\u00e9tico do cotidiano individual e coletivo, fortalecendo o respeito \u00e0s diferen\u00e7as sociais e compreendendo-se enquanto sujeito atuante na sociedade<\/td><\/tr><\/tbody><\/table><\/figure>\n","protected":false},"author":19,"featured_media":3833,"template":"","ef_categoria":[15,16,31,37],"ef_ano":[],"ef_componente":[],"class_list":["post-3831","ensino_fundamental","type-ensino_fundamental","status-publish","has-post-thumbnail","hentry","ef_categoria-ciclo-da-adolescencia-fg","ef_categoria-ciclo-da-adolescencia-hi","ef_categoria-experiencias-e-curiosidades-ciclo-da-adolescencia-fg","ef_categoria-experiencias-e-curiosidades-ciclo-da-adolescencia-hi","entry","has-media"],"acf":[],"_links":{"self":[{"href":"https:\/\/sme.goiania.go.gov.br\/conexaoescola\/wp-json\/wp\/v2\/ensino_fundamental\/3831","targetHints":{"allow":["GET"]}}],"collection":[{"href":"https:\/\/sme.goiania.go.gov.br\/conexaoescola\/wp-json\/wp\/v2\/ensino_fundamental"}],"about":[{"href":"https:\/\/sme.goiania.go.gov.br\/conexaoescola\/wp-json\/wp\/v2\/types\/ensino_fundamental"}],"author":[{"embeddable":true,"href":"https:\/\/sme.goiania.go.gov.br\/conexaoescola\/wp-json\/wp\/v2\/users\/19"}],"version-history":[{"count":0,"href":"https:\/\/sme.goiania.go.gov.br\/conexaoescola\/wp-json\/wp\/v2\/ensino_fundamental\/3831\/revisions"}],"wp:featuredmedia":[{"embeddable":true,"href":"https:\/\/sme.goiania.go.gov.br\/conexaoescola\/wp-json\/wp\/v2\/media\/3833"}],"wp:attachment":[{"href":"https:\/\/sme.goiania.go.gov.br\/conexaoescola\/wp-json\/wp\/v2\/media?parent=3831"}],"wp:term":[{"taxonomy":"ef_categoria","embeddable":true,"href":"https:\/\/sme.goiania.go.gov.br\/conexaoescola\/wp-json\/wp\/v2\/ef_categoria?post=3831"},{"taxonomy":"ef_ano","embeddable":true,"href":"https:\/\/sme.goiania.go.gov.br\/conexaoescola\/wp-json\/wp\/v2\/ef_ano?post=3831"},{"taxonomy":"ef_componente","embeddable":true,"href":"https:\/\/sme.goiania.go.gov.br\/conexaoescola\/wp-json\/wp\/v2\/ef_componente?post=3831"}],"curies":[{"name":"wp","href":"https:\/\/api.w.org\/{rel}","templated":true}]}}