{"id":38063,"date":"2020-10-22T14:32:48","date_gmt":"2020-10-22T17:32:48","guid":{"rendered":"http:\/\/sme.goiania.go.gov.br\/conexaoescola\/?post_type=ensino_fundamental&#038;p=38063"},"modified":"2020-10-26T10:31:26","modified_gmt":"2020-10-26T13:31:26","slug":"dividindo-em-muitas-partes-2","status":"publish","type":"ensino_fundamental","link":"https:\/\/sme.goiania.go.gov.br\/conexaoescola\/ensino_fundamental\/dividindo-em-muitas-partes-2\/","title":{"rendered":"Dividindo em muitas partes"},"content":{"rendered":"\n<p class=\"has-drop-cap has-medium-font-size\">Os n\u00fameros racionais, na representa\u00e7\u00e3o fracion\u00e1ria, t\u00eam v\u00e1rios significados. Nesta sequ\u00eancia did\u00e1tica, ser\u00e3o trabalhados esses significados (a rela\u00e7\u00e3o parte-todo), equival\u00eancia, adi\u00e7\u00e3o e subtra\u00e7\u00e3o, al\u00e9m do c\u00e1lculo de porcentagens usando proporcionalidade.<\/p>\n\n\n\n<p class=\"has-medium-font-size\">A possibilidade de fracionar um todo pode ser muito \u00fatil em nosso dia a dia.<\/p>\n\n\n\n<p class=\"has-background has-medium-font-size has-very-light-gray-background-color\">Vejam um exemplo:<\/p>\n\n\n\n<p class=\"has-medium-font-size\">Ganhei um fardo de arroz que pesa 30 kg em um sorteio e devo carrega-lo por dois km at\u00e9 minha casa. Dividi em duas partes iguais o peso total do fardo, ficando cada parte com 15 kg e chamei meu irm\u00e3o para me ajudar.<\/p>\n\n\n\n<p class=\"has-medium-font-size\">O peso do fardo de arroz foi dividido na metade que corresponde a seguinte fra\u00e7\u00e3o: 1\/2<\/p>\n\n\n\n<p class=\"has-medium-font-size\">Agora imagine que voc\u00ea e duas amigas foram em uma pizzaria e l\u00e1 encontraram com mais dois amigos.<\/p>\n\n\n\n<p class=\"has-medium-font-size\">Chegou a hora de pagar a conta que ficou em R$ 110,00, sendo R$ 100,00 pelo consumo de pizzas e sucos e mais R$ 10,00 do servi\u00e7o de 10% do gar\u00e7om. Por\u00e9m, um dos seus amigos n\u00e3o concordou em pagar o servi\u00e7o do gar\u00e7om.<\/p>\n\n\n\n<p class=\"has-background has-medium-font-size has-very-light-gray-background-color\">Como fazer para dividir a conta em partes iguais?<\/p>\n\n\n\n<p class=\"has-medium-font-size\">Ser\u00e1 preciso dividir o valor ou seja, transformar ele em fra\u00e7\u00f5es.<\/p>\n\n\n\n<p class=\"has-medium-font-size\">Os R$ 100,00 de pizzas e bebidas ser\u00e3o divididos por cinco pessoas (voc\u00ea, suas duas amigas e seus dois amigos), ficando R$ 20,00 para cada um, ou seja, o valor total do consumo foi dividido em cinco partes, podendo ser representado pela fra\u00e7\u00e3o 1\/5.<\/p>\n\n\n\n<p class=\"has-medium-font-size\">J\u00e1 o valor do gar\u00e7om referente \u00e0 R$ 10,00 dever\u00e1 ser dividido pelas quatro pessoas que concordaram em pagar, representado pela fra\u00e7\u00e3o \u00bc, ou seja, o valor do gar\u00e7om ser\u00e1 dividido por quatro, ficando R$ 2,50 para cada um.<\/p>\n\n\n\n<p class=\"has-medium-font-size\">Assim, quatro pessoas pagar\u00e3o R$ 22,50 cada uma (R$ 20,00 da divis\u00e3o do consumo + R$ 2,50 divis\u00e3o do gar\u00e7om), enquanto uma pessoa pagar\u00e1 R$ 20,00.<\/p>\n\n\n\n<p class=\"has-medium-font-size\">Desta forma, a divis\u00e3o ser\u00e1 igualit\u00e1ria de acordo com o que cada pessoa na pizzaria concordou em pagar.<\/p>\n\n\n\n<p class=\"has-medium-font-size\">Ent\u00e3o vamos l\u00e1, fra\u00e7\u00f5es representam a parte de um todo ou de uma quantidade, o denominador, ou o n\u00famero que fica na parte de baixo da fra\u00e7\u00e3o, indica a quantidade de partes iguais em que o todo foi dividido; e o numerador, o n\u00famero que fica na parte de cima da fra\u00e7\u00e3o, a quantidade de partes consideradas.<\/p>\n\n\n\n<p class=\"has-medium-font-size\">Reproduzam diversos c\u00edrculos de mesmo di\u00e2metro em folhas de papel sulfite e, depois, os recortem. Voc\u00eas podem utilizar compasso para fazer o primeiro c\u00edrculo, recort\u00e1-lo e utilizar como molde para os demais ou, ainda, utilizar um objeto em formato circular, como copos descart\u00e1veis. O di\u00e2metro do c\u00edrculo deve ter cerca de 7&nbsp;cm. \u00c9 poss\u00edvel utilizar embalagens em formato circular utilizadas para servir doces (como brigadeiro e beijinho), desde que todas tenham o mesmo di\u00e2metro.<\/p>\n\n\n\n<p class=\"has-medium-font-size\">Vamos utilizar um dos c\u00edrculos, dobr\u00e1-lo ao meio e colorir uma das partes. O que voc\u00eas observaram sobre que fra\u00e7\u00e3o pode representar a parte colorida? Vamos usar uma caneta hidrogr\u00e1fica, para refor\u00e7ar a marca da dobra e registrar a fra\u00e7\u00e3o correspondente a meio.<\/p>\n\n\n\n<p class=\"has-medium-font-size\">Agora vamos pegar o outro c\u00edrculo e o dividir em quatro partes iguais, dobrando-o ao meio duas vezes. Em seguida, voc\u00eas devem colorir uma das partes desse c\u00edrculo e indicar a fra\u00e7\u00e3o correspondente a um quarto.<\/p>\n\n\n\n<p class=\"has-medium-font-size\">Vamos fazer um terceiro c\u00edrculo e dividi-lo ao meio quatro vezes, e n\u00e3o esque\u00e7am de refor\u00e7ar as dobras com a canetinha.<\/p>\n\n\n\n<p class=\"has-background has-medium-font-size has-pale-cyan-blue-background-color\">Vamos ver o que aprendemos hoje com essa pequena atividade.<\/p>\n\n\n\n<p class=\"has-medium-font-size\">a) Quantos 1\/4 do c\u00edrculo s\u00e3o necess\u00e1rios para complet\u00e1-lo?<\/p>\n\n\n\n<p class=\"has-medium-font-size\">Quatro.<\/p>\n\n\n\n<p class=\"has-medium-font-size\">b) Quantos 1\/4 do c\u00edrculo correspondem a meio c\u00edrculo?<\/p>\n\n\n\n<p class=\"has-medium-font-size\">Dois.<\/p>\n\n\n\n<p class=\"has-medium-font-size\">c) Quantos 1\/8 do c\u00edrculo correspondem a um quarto do c\u00edrculo?<\/p>\n\n\n\n<p class=\"has-medium-font-size\">Dois.<\/p>\n\n\n\n<p class=\"has-medium-font-size\">d) Quantos 4\/8 do c\u00edrculo correspondem a meio c\u00edrculo?<\/p>\n\n\n\n<p class=\"has-medium-font-size\">Um.<\/p>\n\n\n\n<p class=\"has-medium-font-size\">e) Quais fra\u00e7\u00f5es podem representar meio c\u00edrculo?<\/p>\n\n\n\n<p class=\"has-medium-font-size\">1\/2, 2\/4, 4\/8, etc.<\/p>\n\n\n\n<p class=\"has-background has-medium-font-size has-pale-cyan-blue-background-color\">Colem os c\u00edrculos no caderno para que possam utiliz\u00e1-los em outro momento.<\/p>\n\n\n\n<p class=\"has-medium-font-size\">A matem\u00e1tica e as fra\u00e7\u00f5es est\u00e3o presentes tamb\u00e9m nos esportes.<\/p>\n\n\n\n<p class=\"has-background has-medium-font-size has-very-light-gray-background-color\">O site da Confedera\u00e7\u00e3o Brasileira de Futebol, traz a seguinte informa\u00e7\u00e3o sobre o tempo de dura\u00e7\u00e3o de uma partida de futebol.<\/p>\n\n\n\n<p class=\"has-background has-medium-font-size has-pale-cyan-blue-background-color\">1. Per\u00edodos do jogo<\/p>\n\n\n\n<p class=\"has-medium-font-size\">O jogo ter\u00e1 dura\u00e7\u00e3o de dois per\u00edodos iguais de 45 minutos cada, que s\u00f3 poder\u00e3o ser reduzidos se houver acordo entre o \u00e1rbitro e as duas equipes, antes do seu in\u00edcio e desde que haja previs\u00e3o no regulamento da competi\u00e7\u00e3o.<\/p>\n\n\n\n<p class=\"has-background has-medium-font-size has-pale-cyan-blue-background-color\">2. Intervalo<\/p>\n\n\n\n<p class=\"has-medium-font-size\">Os jogadores t\u00eam direito a um intervalo entre os dois per\u00edodos, que n\u00e3o deve exceder 15 minutos. \u00c9 permitida uma pequena parada para hidrata\u00e7\u00e3o no intervalo da prorroga\u00e7\u00e3o (n\u00e3o excedente de um minuto). O regulamento da competi\u00e7\u00e3o deve definir claramente a dura\u00e7\u00e3o desse intervalo, que s\u00f3 pode ser modificado com permiss\u00e3o do \u00e1rbitro. <\/p>\n\n\n\n<p>Fonte: <u><a href=\"https:\/\/conteudo.cbf.com.br\/cdn\/201909\/20190902145532_358.pdf\" target=\"_blank\" rel=\"noreferrer noopener\">https:\/\/conteudo.cbf.com.br\/cdn\/201909\/20190902145532_358.pdf<\/a><\/u><\/p>\n\n\n\n<p class=\"has-medium-font-size\">Se temos dois tempos de 45min cada, uma partida sem levar em considera\u00e7\u00e3o os acr\u00e9scimos e o tempo de intervalo, durar\u00e1 90min.<\/p>\n\n\n\n<p class=\"has-background has-medium-font-size has-light-green-cyan-background-color\">Responda as quest\u00f5es.<\/p>\n\n\n\n<p class=\"has-medium-font-size\">1. Qual a fra\u00e7\u00e3o de jogo disputado ao final do primeiro tempo (45min)<\/p>\n\n\n\n<p class=\"has-medium-font-size\">( )1\/4 do jogo ( ) 1\/2do jogo ( ) 1\/3 do jogo<\/p>\n\n\n\n<p class=\"has-medium-font-size\">2. Se um time est\u00e1 perdendo e o seu t\u00e9cnico resolve fazer uma substitui\u00e7\u00e3o de jogador assim que estiver passado 2\/3 do jogo, ele ir\u00e1 realizar esta substitui\u00e7\u00e3o a partir de quantos minutos de jogo? Jogo todo 90 min, ent\u00e3o podemos dividir o tempo e 3 partes de 30min, ou seja, 30min + 30min + 30min. Duas partes de 3 (2\/3) \u00e9 30min + 30min, ou seja 60min<\/p>\n\n\n\n<p class=\"has-medium-font-size\">Como vimos podemos fracionar o tempo, o valor de uma pizza e outras despesas do nosso dia a dia.<\/p>\n\n\n\n<p class=\"has-medium-font-size\">O aprendizado das fra\u00e7\u00f5es ir\u00e1 auxiliar em tomadas de decis\u00f5es, em partilhas e divis\u00f5es de valores, dentre outras aplica\u00e7\u00f5es.<\/p>\n\n\n\n<hr class=\"wp-block-separator\"\/>\n\n\n\n<p style=\"background-color:#000000;color:#ffffff\" class=\"has-text-color has-background has-medium-font-size\"><strong>Saiba Mais | Refer\u00eancias:<\/strong><\/p>\n\n\n\n<p class=\"has-medium-font-size\">No link abaixo voc\u00ea ver\u00e1 o que \u00e9 fra\u00e7\u00e3o e seus v\u00e1rios tipos:<\/p>\n\n\n\n<p class=\"has-background has-medium-font-size has-very-light-gray-background-color\"><a href=\"https:\/\/escolakids.uol.com.br\/matematica\/o-que-e-fracao.htm\" target=\"_blank\" rel=\"noreferrer noopener\"><strong>https:\/\/escolakids.uol.com.br\/matematica\/o-que-e-fracao.htm<\/strong><\/a><\/p>\n\n\n\n<p class=\"has-medium-font-size\">Abaixo veremos um v\u00eddeo explicando com detalhes o que \u00e9 e como lemos uma fra\u00e7\u00e3o:<\/p>\n\n\n\n<figure class=\"wp-block-embed-youtube wp-block-embed is-type-video is-provider-youtube wp-embed-aspect-16-9 wp-has-aspect-ratio\"><div class=\"wp-block-embed__wrapper\">\n<p class=\"responsive-video-wrap clr\"><iframe title=\"Fra\u00e7\u00e3o - Brasil Escola\" width=\"1200\" height=\"675\" src=\"https:\/\/www.youtube.com\/embed\/0xx-C9yJqBo?start=70&#038;feature=oembed\" frameborder=\"0\" allow=\"accelerometer; autoplay; clipboard-write; encrypted-media; gyroscope; picture-in-picture\" allowfullscreen><\/iframe><\/p>\n<\/div><figcaption><a href=\"https:\/\/www.youtube.com\/watch?v=0xx-C9yJqBo&amp;feature=emb_title\" target=\"_blank\" rel=\"noreferrer noopener\">Fra\u00e7\u00e3o &#8211; Brasil Escola &#8211; Canal Brasil Escola &#8211; YouTube<\/a><\/figcaption><\/figure>\n\n\n\n<p class=\"has-medium-font-size\">No link abaixo temos uma atividade on-line para voc\u00ea verificar se aprendeu o que \u00e9 uma fra\u00e7\u00e3o.<\/p>\n\n\n\n<p class=\"has-background has-medium-font-size has-very-light-gray-background-color\"><a rel=\"noreferrer noopener\" href=\"https:\/\/br.ixl.com\/math\/6-ano\/compreenda-as-fra%C3%A7%C3%B5es\" target=\"_blank\"><strong>https:\/\/br.ixl.com\/math\/6-ano\/compreenda-as-fra%C3%A7%C3%B5es<\/strong><\/a><\/p>\n\n\n\n<figure class=\"wp-block-table alignfull is-style-regular\"><table><tbody><tr><td><strong>Objeto de Conhecimento<\/strong><\/td><td>Fra\u00e7\u00f5es: significados (parte-todo, quociente), equival\u00eancia, compara\u00e7\u00e3o, adi\u00e7\u00e3o e subtra\u00e7\u00e3o; c\u00e1lculo da fra\u00e7\u00e3o de um n\u00famero natural; adi\u00e7\u00e3o e subtra\u00e7\u00e3o de fra\u00e7\u00f5es.<\/td><\/tr><tr><td><strong>Habilidades<\/strong><\/td><td>(EF06MA07) Compreender, comparar e ordenar fra\u00e7\u00f5es associadas \u00e0s ideias de partes de inteiros e resultado de divis\u00e3o, identificando fra\u00e7\u00f5es equivalentes. (EF06MA09) Resolver e elaborar problemas que envolvam o c\u00e1lculo da fra\u00e7\u00e3o de uma quantidade e cujo resultado seja um n\u00famero natural, com e sem uso de calculadora.<\/td><\/tr><tr><td><strong>Proponentes\/ Professores:<\/strong><\/td><td>J\u00falio Cesar Ferreira Costa, L\u00e1zaro Moreira Gomes J\u00fanior, Larisse Elaine e H\u00e9velin Carla de Souza Moraes.<\/td><\/tr><tr><td><strong>Institui\u00e7\u00e3o Educacional:<\/strong><\/td><td>Laurindo Sobreira do Amaral<\/td><\/tr><tr><td><strong>CRE:<\/strong><\/td><td>Jarbas Jaime<\/td><\/tr><\/tbody><\/table><\/figure>\n\n\n\n<p class=\"has-text-align-center\">Ciclo da Adolesc\u00eancia \u2013 Turma G (7\u00ba ano) \u2013 Ed. Financeira e Empreendedorismo<\/p>\n","protected":false},"author":30,"featured_media":38064,"template":"","ef_categoria":[15,29],"ef_ano":[],"ef_componente":[],"class_list":["post-38063","ensino_fundamental","type-ensino_fundamental","status-publish","has-post-thumbnail","hentry","ef_categoria-ciclo-da-adolescencia-fg","ef_categoria-educacao-financeira-e-empreendedorismo-ciclo-da-adolescencia-fg","entry","has-media"],"acf":[],"_links":{"self":[{"href":"https:\/\/sme.goiania.go.gov.br\/conexaoescola\/wp-json\/wp\/v2\/ensino_fundamental\/38063","targetHints":{"allow":["GET"]}}],"collection":[{"href":"https:\/\/sme.goiania.go.gov.br\/conexaoescola\/wp-json\/wp\/v2\/ensino_fundamental"}],"about":[{"href":"https:\/\/sme.goiania.go.gov.br\/conexaoescola\/wp-json\/wp\/v2\/types\/ensino_fundamental"}],"author":[{"embeddable":true,"href":"https:\/\/sme.goiania.go.gov.br\/conexaoescola\/wp-json\/wp\/v2\/users\/30"}],"version-history":[{"count":0,"href":"https:\/\/sme.goiania.go.gov.br\/conexaoescola\/wp-json\/wp\/v2\/ensino_fundamental\/38063\/revisions"}],"wp:featuredmedia":[{"embeddable":true,"href":"https:\/\/sme.goiania.go.gov.br\/conexaoescola\/wp-json\/wp\/v2\/media\/38064"}],"wp:attachment":[{"href":"https:\/\/sme.goiania.go.gov.br\/conexaoescola\/wp-json\/wp\/v2\/media?parent=38063"}],"wp:term":[{"taxonomy":"ef_categoria","embeddable":true,"href":"https:\/\/sme.goiania.go.gov.br\/conexaoescola\/wp-json\/wp\/v2\/ef_categoria?post=38063"},{"taxonomy":"ef_ano","embeddable":true,"href":"https:\/\/sme.goiania.go.gov.br\/conexaoescola\/wp-json\/wp\/v2\/ef_ano?post=38063"},{"taxonomy":"ef_componente","embeddable":true,"href":"https:\/\/sme.goiania.go.gov.br\/conexaoescola\/wp-json\/wp\/v2\/ef_componente?post=38063"}],"curies":[{"name":"wp","href":"https:\/\/api.w.org\/{rel}","templated":true}]}}