{"id":38054,"date":"2020-11-02T07:01:00","date_gmt":"2020-11-02T09:01:00","guid":{"rendered":"http:\/\/sme.goiania.go.gov.br\/conexaoescola\/?post_type=ensino_fundamental&#038;p=38054"},"modified":"2021-12-15T09:52:12","modified_gmt":"2021-12-15T11:52:12","slug":"graficos-como-fazer-e-como-ler-graficos-de-barras","status":"publish","type":"ensino_fundamental","link":"https:\/\/sme.goiania.go.gov.br\/conexaoescola\/ensino_fundamental\/graficos-como-fazer-e-como-ler-graficos-de-barras\/","title":{"rendered":"Matem\u00e1tica &#8211; Gr\u00e1ficos: como fazer e como ler gr\u00e1ficos de barras"},"content":{"rendered":"\n<p class=\"has-background has-medium-font-size\" style=\"background-color:#f4becb\"><strong>Ol\u00e1, estudante! Esta aula foi veiculada na TV no dia 02\/11, segunda-feira, contemplando o eixo Educa\u00e7\u00e3o Financeira e Empreendedorismo. No Portal Conex\u00e3o Escola, ela est\u00e1 apresentada em uma forma de atividade, mas voc\u00ea pode assistir \u00e0 videoaula quando desejar, acessando o link na parte inferior da tela. Aproveite, assista e compartilhe! Vamos l\u00e1?<\/strong><\/p>\n\n\n\n<hr class=\"wp-block-separator\"\/>\n\n\n\n<p class=\"has-medium-font-size\">Ol\u00e1 pessoal. Tudo bem com voc\u00eas? <\/p>\n\n\n\n<p class=\"has-medium-font-size\">Antes de come\u00e7ar nossos estudos de hoje, quero saber se est\u00e3o se cuidando para se proteger do Corona v\u00edrus?<\/p>\n\n\n\n<p class=\"has-medium-font-size\">Sim! Que bom!!<\/p>\n\n\n\n<p class=\"has-medium-font-size\">Ent\u00e3o vamos come\u00e7ar,!<\/p>\n\n\n\n<p class=\"has-medium-font-size\">Quero fazer uma pesquisa com voc\u00eas:<\/p>\n\n\n\n<p class=\"has-medium-font-size\">Antes dessa quarentena, qual era o seu lazer preferido? <\/p>\n\n\n\n<p class=\"has-medium-font-size\">O que fazia para se divertir? <\/p>\n\n\n\n<p class=\"has-medium-font-size\">Cinema, museu, show de m\u00fasica, passear no parque, jogar futebol com os amigos, ver televis\u00e3o, jogar no celular?<\/p>\n\n\n\n<p class=\"has-medium-font-size\">A turminha &#8220;Adoro Problemas&#8221; fez uma pesquisa com o objetivo de montar um gr\u00e1fico com as respostas de uma pesquisa para saber qual lazer as pessoas mais gostam e qual elas menos gostam<\/p>\n\n\n\n<p class=\"has-medium-font-size\"> Eles seguiram os seguintes passos:<\/p>\n\n\n\n<p class=\"has-medium-font-size\"><strong>Primeiro escolheram o tema: <\/strong><\/p>\n\n\n\n<p class=\"has-medium-font-size\"><strong>Qual lazer \u00e9 o preferido das crian\u00e7as?<\/strong><\/p>\n\n\n\n<p class=\"has-medium-font-size\"><strong>Depois, colocaram algumas op\u00e7\u00f5es e fizeram uma lista:<\/strong><\/p>\n\n\n\n<ul class=\"wp-block-list\"><li>Cinema:<\/li><li>Teatro<\/li><li>Livros e gibis<\/li><li>Televis\u00e3o<\/li><li>Videogame&nbsp;<\/li><li>Outros<\/li><\/ul>\n\n\n\n<p class=\"has-medium-font-size\"><strong>Ent\u00e3o partiram para uma pesquisa com 40 crian\u00e7as.<\/strong><\/p>\n\n\n\n<p class=\"has-medium-font-size\"><strong>Com os resultados eles montaram uma tabela que ficou assim: &nbsp;<\/strong><\/p>\n\n\n\n<hr class=\"wp-block-separator\"\/>\n\n\n\n<figure class=\"wp-block-image size-large\"><img fetchpriority=\"high\" decoding=\"async\" width=\"750\" height=\"424\" src=\"http:\/\/sme.goiania.go.gov.br\/conexaoescola\/wp-content\/uploads\/2020\/10\/12_Gr\u00e1fico-1-e1603381033224.png\" alt=\"\" class=\"wp-image-38055\" srcset=\"https:\/\/sme.goiania.go.gov.br\/conexaoescola\/wp-content\/uploads\/2020\/10\/12_Gr\u00e1fico-1-e1603381033224.png 750w, https:\/\/sme.goiania.go.gov.br\/conexaoescola\/wp-content\/uploads\/2020\/10\/12_Gr\u00e1fico-1-e1603381033224-300x170.png 300w\" sizes=\"(max-width: 750px) 100vw, 750px\" \/><\/figure>\n\n\n\n<hr class=\"wp-block-separator\"\/>\n\n\n\n<p class=\"has-medium-font-size\">Montar um gr\u00e1fico com as respostas de uma pesquisa ajuda muito para saber qual lazer as pessoas mais gostam e qual elas menos gostam. <\/p>\n\n\n\n<p class=\"has-medium-font-size\">Mas voc\u00eas perceberam todos os passos que essa turma fez para conseguir saber tudo isso? Vamos relembrar?<\/p>\n\n\n\n<p class=\"has-medium-font-size\">Primeiro eles escolheram o tema: Qual lazer \u00e9 o preferido das crian\u00e7as.<\/p>\n\n\n\n<p class=\"has-medium-font-size\">Depois, colocaram algumas op\u00e7\u00f5es e colocaram em uma lista que foram:<\/p>\n\n\n\n<ul class=\"wp-block-list\"><li>Cinema:<\/li><li>Teatro<\/li><li>Livros e gibis<\/li><li>Televis\u00e3o<\/li><li>Videogame&nbsp;<\/li><li>Outros<\/li><\/ul>\n\n\n\n<p>Ent\u00e3o partiram para a pesquisa com  40 crian\u00e7as.<\/p>\n\n\n\n<p class=\"has-very-dark-gray-color has-text-color\">Com os resultados eles montaram uma tabela que ficou a<a>ssim:<\/a><\/p>\n\n\n\n<hr class=\"wp-block-separator\"\/>\n\n\n\n<figure class=\"wp-block-image size-large\"><img decoding=\"async\" width=\"754\" height=\"423\" src=\"http:\/\/sme.goiania.go.gov.br\/conexaoescola\/wp-content\/uploads\/2020\/10\/12_Gr\u00e1fico-2-e1603381144806.png\" alt=\"\" class=\"wp-image-38056\" srcset=\"https:\/\/sme.goiania.go.gov.br\/conexaoescola\/wp-content\/uploads\/2020\/10\/12_Gr\u00e1fico-2-e1603381144806.png 754w, https:\/\/sme.goiania.go.gov.br\/conexaoescola\/wp-content\/uploads\/2020\/10\/12_Gr\u00e1fico-2-e1603381144806-300x168.png 300w\" sizes=\"(max-width: 754px) 100vw, 754px\" \/><\/figure>\n\n\n\n<hr class=\"wp-block-separator\"\/>\n\n\n\n<p class=\"has-medium-font-size\">Olhando para o gr\u00e1fico d\u00e1 para saber qual foi o lazer preferido, ou seja, qual foi o lazer escolhido do pela MAIORIA?<\/p>\n\n\n\n<p class=\"has-medium-font-size\"> Isso mesmo, videogame! <\/p>\n\n\n\n<p class=\"has-medium-font-size\">S\u00f3 de olhar a barra do videogame no gr\u00e1fico j\u00e1 sabemos que ela \u00e9 a maior. <\/p>\n\n\n\n<p class=\"has-medium-font-size\">Ser\u00e1 que seu lazer preferido \u00e9 tamb\u00e9m o da maioria? Ou est\u00e1 em segundo, terceiro ou quarto lugar? Ser\u00e1 que \u00e9 o da minoria, ou seja, o menos votado?<\/p>\n\n\n\n<p class=\"has-medium-font-size\">Voc\u00ea j\u00e1 tinha vistos um gr\u00e1fico como esse?<\/p>\n\n\n\n<p class=\"has-medium-font-size\">Se prestarmos aten\u00e7\u00e3o nos jornais e nos notici\u00e1rios, vemos que muitas vezes eles usam gr\u00e1ficos para mostrar dados de pesquisa. <\/p>\n\n\n\n<p class=\"has-medium-font-size\">Algumas vezes eles usam gr\u00e1ficos parecidos com esses que a turminha fez, que chamamos de gr\u00e1ficos de barra, em outras um gr\u00e1fico conhecido para gr\u00e1fico de pizza\u2026 isso mesmo de pizza.<\/p>\n\n\n\n<hr class=\"wp-block-separator\"\/>\n\n\n\n<p class=\"has-medium-font-size\">Com a leitura de gr\u00e1ficos podemos escrever muitas informa\u00e7\u00f5es baseadas em fatos. Vamos tentar?<\/p>\n\n\n\n<p class=\"has-medium-font-size\">Vamos voltar ao Gr\u00e1fico da turminha &#8220;Adoro Problemas.&#8221; Com aqueles dados podemos escrever uma recomenda\u00e7\u00e3o de lazer para as crian\u00e7as da pesquisa. <\/p>\n\n\n\n<p class=\"has-medium-font-size\">Por exemplo: nesta turma a maioria das crian\u00e7as preferem jogar videogame em seus momentos de lazer, mas aquelas que preferem cinema n\u00e3o fica longe, a diferen\u00e7a \u00e9 pequena, \u00e9 de\u2026\u2026.<\/p>\n\n\n\n<p class=\"has-medium-font-size\">Vou ajudar, se 13 preferem videogame e 9 cinema, qual \u00e9 a diferen\u00e7a?&#8230;. Isso mesmo, basta fazer uma conta de subtra\u00e7\u00e3o: 13 &#8211; 9 que \u00e9 4!!!&nbsp;&nbsp; Uma diferen\u00e7a de 4.<\/p>\n\n\n\n<p class=\"has-medium-font-size\">Continuando nosso texto: Mas essa turma est\u00e1 mesmo precisando investir na leitura, apenas 3 escolheram gibis ou livros, o que d\u00e1 uma diferen\u00e7a de 10 para o videogame.<\/p>\n\n\n\n<p class=\"has-medium-font-size\">Viu s\u00f3 que bacana? Os gr\u00e1ficos ajudam inclusive a fazer campanhas, a mostram tend\u00eancias, prefer\u00eancias, estilos de vida e muitas outras coisas.<\/p>\n\n\n\n<p class=\"has-medium-font-size\">Agora que voc\u00eas j\u00e1 sabem ler gr\u00e1ficos, que tal treinar como fazer um?<\/p>\n\n\n\n<hr class=\"wp-block-separator\"\/>\n\n\n\n<p class=\"has-medium-font-size\"><strong>Agora vamos colocar a m\u00e3o na massa e fazer um gr\u00e1fico?<\/strong><\/p>\n\n\n\n<p class=\"has-medium-font-size\"> Se voc\u00ea n\u00e3o tiver uma folha quadriculada, n\u00e3o tem problema, basta uma folha e uma r\u00e9gua.<\/p>\n\n\n\n<p class=\"has-medium-font-size\">Agora vou passar os dados para voc\u00eas fazer um gr\u00e1fico e depois escrever um texto sobre ele. Vamos l\u00e1?<\/p>\n\n\n\n<hr class=\"wp-block-separator\"\/>\n\n\n\n<p class=\"has-medium-font-size\">ESPORTE COLETIVO MAIS POPULAR NA ESOLA:<\/p>\n\n\n\n<figure class=\"wp-block-image size-large\"><img decoding=\"async\" width=\"589\" height=\"189\" src=\"https:\/\/sme.goiania.go.gov.br\/conexaoescola\/wp-content\/uploads\/2020\/11\/12_Gr\u00e1fico-3-e1604522114436.png\" alt=\"\" class=\"wp-image-58658\" srcset=\"https:\/\/sme.goiania.go.gov.br\/conexaoescola\/wp-content\/uploads\/2020\/11\/12_Gr\u00e1fico-3-e1604522114436.png 589w, https:\/\/sme.goiania.go.gov.br\/conexaoescola\/wp-content\/uploads\/2020\/11\/12_Gr\u00e1fico-3-e1604522114436-300x96.png 300w\" sizes=\"(max-width: 589px) 100vw, 589px\" \/><\/figure>\n\n\n\n<p class=\"has-medium-font-size\">Agora qeu voc\u00ea j\u00e1 tem os dados, partiu gr\u00e1fico\u2026<\/p>\n\n\n\n<p class=\"has-medium-font-size\">Hoje foi um dia de usar a cachola, n\u00e3o \u00e9 mesmo? <\/p>\n\n\n\n<p class=\"has-medium-font-size\">Que tal terminar essa aula com uma m\u00fasica bem divertida?<\/p>\n\n\n\n<p class=\"has-medium-font-size\">Essa m\u00fasica fez parte do filme anima\u00e7\u00e3o rio 2, que j\u00e1 viu? Ela foi composta pelos integrantes do grupo brasileiro de percuss\u00e3o corporal barbatuques Andr\u00e9 Hosoi, Renato Epstein e letra de Taura Stinson e Andr\u00e9 Hosoi.<\/p>\n\n\n\n<p class=\"has-text-align-center has-vivid-red-color has-text-color has-medium-font-size\"><strong>Podem levantar que a m\u00fasica \u00e9 animada\u2026<\/strong><\/p>\n\n\n\n<hr class=\"wp-block-separator\"\/>\n\n\n\n<figure class=\"wp-block-embed is-type-video is-provider-youtube wp-block-embed-youtube wp-embed-aspect-16-9 wp-has-aspect-ratio\"><div class=\"wp-block-embed__wrapper\">\n<p class=\"responsive-video-wrap clr\"><iframe title=\"Beautiful Creatures - from RIO 2 | Barbatuques\" width=\"1200\" height=\"675\" src=\"https:\/\/www.youtube.com\/embed\/MW6sp_AXPI0?feature=oembed\" frameborder=\"0\" allow=\"accelerometer; autoplay; clipboard-write; encrypted-media; gyroscope; picture-in-picture\" allowfullscreen><\/iframe><\/p>\n<\/div><figcaption>&#8220;Beautiful Creatures &#8211; from RIO 2 | Barbatuques&#8221;  &#8211; Canal: <a href=\"https:\/\/www.youtube.com\/channel\/UCWiT9kFZixWURbrDUFE7DRw\">barbatuques<\/a> &#8211; Link: https:\/\/www.youtube.com\/watch?v=MW6sp_AXPI0<\/figcaption><\/figure>\n\n\n\n<hr class=\"wp-block-separator\"\/>\n\n\n\n<p class=\"has-medium-font-size\">E a\u00ed, gostaram? <\/p>\n\n\n\n<p class=\"has-medium-font-size\">Por hoje \u00e9 s\u00f3 pessoal. N\u00e3o esque\u00e7am do desafio do gr\u00e1fico e das recomenda\u00e7\u00f5es dos m\u00e9dicos para conter coronav\u00edrus: Fiquem em casa!<\/p>\n\n\n\n<hr class=\"wp-block-separator\"\/>\n\n\n\n<figure class=\"wp-block-table\"><table><tbody><tr><td><strong>Componente<\/strong><\/td><td><strong>Habilidade<\/strong><\/td><\/tr><tr><td>MATEM\u00c1TICA<\/td><td><br>(EF04MA26) Identificar, entre eventos aleat\u00f3rios cotidianos, aqueles que t\u00eam maior chance de ocorr\u00eancia, reconhecendo caracter\u00edsticas de resultados mais prov\u00e1veis, sem utilizar fra\u00e7\u00f5es. Leitura, interpreta\u00e7\u00e3o e representa\u00e7\u00e3o de dados em tabelas de dupla entrada, gr\u00e1ficos de colunas simples e agrupadas, gr\u00e1ficos de barras e colunas e gr\u00e1ficos pict\u00f3ricos<br>(EF04MA27) Analisar dados apresentados em tabelas simples ou de dupla entrada e em gr\u00e1ficos de colunas ou pict\u00f3ricos, com base em informa\u00e7\u00f5es das diferentes \u00e1reas do conhecimento, e produzir texto com a s\u00edntese de sua an\u00e1lise<\/td><\/tr><\/tbody><\/table><\/figure>\n\n\n\n<hr class=\"wp-block-separator\"\/>\n\n\n\n<p class=\"has-text-align-center has-vivid-green-cyan-color has-text-color has-medium-font-size\"><strong>Ensino Fundamental&nbsp; &#8211; Ciclo da inf\u00e2ncia \u2013 Educa\u00e7\u00e3o Financeira e Empreendedorismo \u2013 4\u00ba ano<\/strong><\/p>\n\n\n\n<p class=\"has-text-align-center has-medium-font-size\">Assista o v\u00eddeo abaixo e tenha acesso ao conte\u00fado completo dessa atividade:<\/p>\n\n\n\n<hr class=\"wp-block-separator\"\/>\n\n\n\n<figure class=\"wp-block-video\"><video controls src=\"https:\/\/player.vimeo.com\/external\/426305131.hd.mp4?s=ceabf199a25d2f7768d38fc9e62c14b55e35a633&amp;profile_id=175\"><\/video><figcaption><br><a rel=\"noreferrer noopener\" href=\"https:\/\/player.vimeo.com\/external\/426305131.hd.mp4?s=ceabf199a25d2f7768d38fc9e62c14b55e35a633&amp;profile_id=175\" target=\"_blank\">https:\/\/player.vimeo.com\/external\/426305131.hd.mp4?s=ceabf199a25d2f7768d38fc9e62c14b55e35a633&amp;profile_id=175<\/a><\/figcaption><\/figure>\n\n\n\n<p><\/p>\n","protected":false},"author":25,"featured_media":37804,"template":"","ef_categoria":[14,24],"ef_ano":[87],"ef_componente":[94],"class_list":["post-38054","ensino_fundamental","type-ensino_fundamental","status-publish","has-post-thumbnail","hentry","ef_categoria-ciclo-da-infancia-de","ef_categoria-educacao-financeira-e-empreendedorismo-ciclo-da-infancia-de","ef_ano-4o-ano","ef_componente-matematica","entry","has-media"],"acf":[],"_links":{"self":[{"href":"https:\/\/sme.goiania.go.gov.br\/conexaoescola\/wp-json\/wp\/v2\/ensino_fundamental\/38054","targetHints":{"allow":["GET"]}}],"collection":[{"href":"https:\/\/sme.goiania.go.gov.br\/conexaoescola\/wp-json\/wp\/v2\/ensino_fundamental"}],"about":[{"href":"https:\/\/sme.goiania.go.gov.br\/conexaoescola\/wp-json\/wp\/v2\/types\/ensino_fundamental"}],"author":[{"embeddable":true,"href":"https:\/\/sme.goiania.go.gov.br\/conexaoescola\/wp-json\/wp\/v2\/users\/25"}],"version-history":[{"count":0,"href":"https:\/\/sme.goiania.go.gov.br\/conexaoescola\/wp-json\/wp\/v2\/ensino_fundamental\/38054\/revisions"}],"wp:featuredmedia":[{"embeddable":true,"href":"https:\/\/sme.goiania.go.gov.br\/conexaoescola\/wp-json\/wp\/v2\/media\/37804"}],"wp:attachment":[{"href":"https:\/\/sme.goiania.go.gov.br\/conexaoescola\/wp-json\/wp\/v2\/media?parent=38054"}],"wp:term":[{"taxonomy":"ef_categoria","embeddable":true,"href":"https:\/\/sme.goiania.go.gov.br\/conexaoescola\/wp-json\/wp\/v2\/ef_categoria?post=38054"},{"taxonomy":"ef_ano","embeddable":true,"href":"https:\/\/sme.goiania.go.gov.br\/conexaoescola\/wp-json\/wp\/v2\/ef_ano?post=38054"},{"taxonomy":"ef_componente","embeddable":true,"href":"https:\/\/sme.goiania.go.gov.br\/conexaoescola\/wp-json\/wp\/v2\/ef_componente?post=38054"}],"curies":[{"name":"wp","href":"https:\/\/api.w.org\/{rel}","templated":true}]}}