{"id":37920,"date":"2020-10-26T07:00:00","date_gmt":"2020-10-26T10:00:00","guid":{"rendered":"http:\/\/sme.goiania.go.gov.br\/conexaoescola\/?post_type=ensino_fundamental&#038;p=37920"},"modified":"2020-10-20T09:48:28","modified_gmt":"2020-10-20T12:48:28","slug":"o-trabalho","status":"publish","type":"ensino_fundamental","link":"https:\/\/sme.goiania.go.gov.br\/conexaoescola\/ensino_fundamental\/o-trabalho\/","title":{"rendered":"O trabalho"},"content":{"rendered":"\n<p class=\"has-drop-cap has-medium-font-size\">Ol\u00e1! Hoje vamos aprender sobre as profiss\u00f5es, elas s\u00e3o importantes para nossas vidas, pois \u00e9 atrav\u00e9s do nosso trabalho que nos sustentamos. Al\u00e9m disso, devemos respeitar e valorizar todas as profiss\u00f5es.<\/p>\n\n\n\n<hr class=\"wp-block-separator\"\/>\n\n\n\n<p class=\"has-text-color has-background has-medium-font-size has-very-light-gray-color has-very-dark-gray-background-color\">Atividade 1<\/p>\n\n\n\n<p>Assista ao v\u00eddeo Kamalu e sua turma &#8211; O que voc\u00ea quer ser quando crescer .<\/p>\n\n\n\n<figure class=\"wp-block-embed-youtube wp-block-embed is-type-video is-provider-youtube wp-embed-aspect-16-9 wp-has-aspect-ratio\"><div class=\"wp-block-embed__wrapper\">\n<p class=\"responsive-video-wrap clr\"><iframe title=\"Kamalu E Sua Turma -  O Que Voc\u00ea Quer Ser Quando Crescer\" width=\"1200\" height=\"675\" src=\"https:\/\/www.youtube.com\/embed\/bNn7Efjvl5g?feature=oembed\" frameborder=\"0\" allow=\"accelerometer; autoplay; clipboard-write; encrypted-media; gyroscope; picture-in-picture\" allowfullscreen><\/iframe><\/p>\n<\/div><figcaption>&#8220;Kamalu E Sua Turma &#8211; O Que Voc\u00ea Quer Ser Quando Crescer&#8221; Canal: <a href=\"https:\/\/www.youtube.com\/channel\/UCM1zEkZ5kyLzsG7qi0t9bDA\">Kamalu E Sua Turma<\/a> &#8211; https:\/\/www.youtube.com\/watch?v=bNn7Efjvl5g&amp;feature=youtu.be<\/figcaption><\/figure>\n\n\n\n<p class=\"has-text-color has-background has-medium-font-size has-very-light-gray-color has-very-dark-gray-background-color\">Atividade &#8211; 2<\/p>\n\n\n\n<p class=\"has-medium-font-size\">Vamos ler com aten\u00e7\u00e3o o poema abaixo:<\/p>\n\n\n\n<p class=\"has-text-color has-medium-font-size has-pale-pink-color\"><strong>O que \u00e9 que eu vou ser?<\/strong><\/p>\n\n\n\n<p class=\"has-text-color has-medium-font-size has-vivid-red-color\">Bete quer ser bailarina<\/p>\n\n\n\n<p class=\"has-text-color has-medium-font-size has-luminous-vivid-orange-color\">Z\u00e9 quer ser aviador<\/p>\n\n\n\n<p class=\"has-text-color has-medium-font-size has-luminous-vivid-amber-color\">Carlos vai plantar batatas<\/p>\n\n\n\n<p class=\"has-text-color has-medium-font-size has-light-green-cyan-color\">Juca quer ser um ator<\/p>\n\n\n\n<p class=\"has-text-color has-medium-font-size has-vivid-green-cyan-color\">Camila gosta de m\u00fasica<\/p>\n\n\n\n<p class=\"has-text-color has-medium-font-size has-pale-cyan-blue-color\">Patr\u00edcia quer desenhar<\/p>\n\n\n\n<p class=\"has-text-color has-medium-font-size has-vivid-cyan-blue-color\">Uma vai pegando o l\u00e1pis<\/p>\n\n\n\n<p class=\"has-text-color has-medium-font-size has-vivid-purple-color\">E a outra p\u00f5e-se a cantar.<\/p>\n\n\n\n<p class=\"has-text-color has-medium-font-size has-pale-pink-color\">Mas eu n\u00e3o sei se vou ser<\/p>\n\n\n\n<p class=\"has-text-color has-medium-font-size has-vivid-red-color\">Poeta, doutora ou atriz<\/p>\n\n\n\n<p class=\"has-text-color has-medium-font-size has-luminous-vivid-orange-color\">Hoje eu s\u00f3 sei de uma coisa:<\/p>\n\n\n\n<p class=\"has-text-color has-medium-font-size has-vivid-cyan-blue-color\">Quero ser muito feliz!<\/p>\n\n\n\n<blockquote class=\"wp-block-quote is-layout-flow wp-block-quote-is-layout-flow\"><p>\u00a0\u00a0\u00a0\u00a0\u00a0\u00a0\u00a0\u00a0\u00a0\u00a0\u00a0\u00a0\u00a0\u00a0\u00a0\u00a0\u00a0\u00a0\u00a0\u00a0\u00a0\u00a0\u00a0\u00a0\u00a0\u00a0\u00a0\u00a0\u00a0\u00a0\u00a0\u00a0\u00a0\u00a0\u00a0<\/p><cite><em>BANDEIRA Pedro. <\/em><strong>Por enquanto eu sou pequeno<\/strong><em>. S\u00e3o Paulo: Moderna, 1995<\/em><\/cite><\/blockquote>\n\n\n\n<p class=\"has-text-color has-background has-medium-font-size has-very-light-gray-color has-very-dark-gray-background-color\">Atividade &#8211; 3<\/p>\n\n\n\n<p class=\"has-medium-font-size\">Ap\u00f3s assistir ao v\u00eddeo acima e fazer a leitura do poema de Pedro Bandeira escreva em seu caderno todas as profiss\u00f5es citadas no v\u00eddeo e na m\u00fasica.<\/p>\n\n\n\n<p class=\"has-text-color has-background has-medium-font-size has-very-light-gray-color has-very-dark-gray-background-color\">Atividade &#8211; 4<\/p>\n\n\n\n<p class=\"has-medium-font-size\">Voc\u00ea vai entrevistar uma pessoa que mora em sua casa\u00a0 e registrar em seu caderno. Lembrando que \u00e9 preciso preparar o ambiente, falar sobre o assunto da pesquisa. Voc\u00ea poder\u00e1 at\u00e9 gravar ou filmar sua entrevista.<\/p>\n\n\n\n<p class=\"has-medium-font-size\">A) Vamos l\u00e1?<\/p>\n\n\n\n<p class=\"has-medium-font-size\">B) Qual o seu nome?<\/p>\n\n\n\n<p class=\"has-medium-font-size\">C) Qual \u00e9 a sua profiss\u00e3o?<\/p>\n\n\n\n<p class=\"has-medium-font-size\">D) H\u00e1 quantos anos a exerce?<\/p>\n\n\n\n<p class=\"has-medium-font-size\">E) O que voc\u00ea mais gosta em sua profiss\u00e3o?<\/p>\n\n\n\n<p class=\"has-medium-font-size\">F) Diga\u00a0 qual \u00e9 a import\u00e2ncia da sua profiss\u00e3o para a sociedade:<\/p>\n\n\n\n<p class=\"has-medium-font-size\">G) Voc\u00ea sonhou ter outra profiss\u00e3o? Qual?<\/p>\n\n\n\n<hr class=\"wp-block-separator\"\/>\n\n\n\n<p><strong>Saiba Mais | Refer\u00eancias:<\/strong><\/p>\n\n\n\n<div class=\"wp-block-columns is-layout-flex wp-container-core-columns-is-layout-9d6595d7 wp-block-columns-is-layout-flex\">\n<div class=\"wp-block-column is-layout-flow wp-block-column-is-layout-flow\">\n<figure class=\"wp-block-embed-youtube wp-block-embed is-type-video is-provider-youtube wp-embed-aspect-16-9 wp-has-aspect-ratio\"><div class=\"wp-block-embed__wrapper\">\n<p class=\"responsive-video-wrap clr\"><iframe title=\"Profiss\u00f5es - Serelepe\" width=\"1200\" height=\"675\" src=\"https:\/\/www.youtube.com\/embed\/Sa4UURwodzA?feature=oembed\" frameborder=\"0\" allow=\"accelerometer; autoplay; clipboard-write; encrypted-media; gyroscope; picture-in-picture\" allowfullscreen><\/iframe><\/p>\n<\/div><figcaption>&#8220;Profiss\u00f5es &#8211; Serelepe&#8221; Canal: <a href=\"https:\/\/www.youtube.com\/channel\/UCqdzMIgfzR0PvFY0o0PFyEA\">Serelepe<\/a> &#8211; https:\/\/www.youtube.com\/watch?v=Sa4UURwodzA&amp;feature=youtu.be<\/figcaption><\/figure>\n<\/div>\n\n\n\n<div class=\"wp-block-column is-layout-flow wp-block-column-is-layout-flow\">\n<figure class=\"wp-block-embed-youtube wp-block-embed is-type-video is-provider-youtube wp-embed-aspect-16-9 wp-has-aspect-ratio\"><div class=\"wp-block-embed__wrapper\">\n<p class=\"responsive-video-wrap clr\"><iframe title=\"O Di\u00e1rio de Mika | O Trabalho do Papai #Epis\u00f3dio\" width=\"1200\" height=\"675\" src=\"https:\/\/www.youtube.com\/embed\/ZwSPw2sjNqE?feature=oembed\" frameborder=\"0\" allow=\"accelerometer; autoplay; clipboard-write; encrypted-media; gyroscope; picture-in-picture\" allowfullscreen><\/iframe><\/p>\n<\/div><figcaption>&#8220;O Di\u00e1rio de Mika | O Trabalho do Papai&#8221; Canal: <a href=\"https:\/\/www.youtube.com\/channel\/UCjhEPI7VpQ6WN0xq9XXrn6g\">O Di\u00e1rio de Mika<\/a> &#8211; https:\/\/www.youtube.com\/watch?v=ZwSPw2sjNqE&amp;feature=youtu.be<br><br><\/figcaption><\/figure>\n<\/div>\n<\/div>\n\n\n\n<hr class=\"wp-block-separator\"\/>\n\n\n\n<figure class=\"wp-block-table alignfull\"><table><tbody><tr><td>Objeto de Conhecimento<\/td><td>A sobreviv\u00eancia e a rela\u00e7\u00e3o com a natureza. Trabalho e sustentabilidade.Mundo do trabalho mudan\u00e7as e perman\u00eancias.<\/td><\/tr><tr><td>Habilidades<\/td><td>(EF02HI10) Identificar diferentes formas de trabalho existentes na comunidade em que vive, seus significados, suas especificidades e import\u00e2ncia.(GO-EF02HI10-A) Relacionar a sua condi\u00e7\u00e3o de vida com as quest\u00f5es que envolvam o trabalho, a sobreviv\u00eancia e a sustentabilidade na comunidade em que est\u00e1 inserido, comparando-a com a cultura ind\u00edgena e a afro-brasileira.<\/td><\/tr><\/tbody><\/table><\/figure>\n\n\n\n<hr class=\"wp-block-separator\"\/>\n\n\n\n<figure class=\"wp-block-table alignfull\"><table><tbody><tr><td>Proponentes\/ Professores:<\/td><td>Beatriz Marina RibeiroElizete Rosa de SouzaRosenir Ferreira de Andrade<\/td><\/tr><tr><td>Institui\u00e7\u00e3o Educacional:<\/td><td>Escola Municipal Monteiro Lobato<\/td><\/tr><tr><td>CRE:<\/td><td>Jarbas Jaime<\/td><\/tr><\/tbody><\/table><\/figure>\n\n\n\n<p>Ensino Fundamental &#8211; Ciclo da Inf\u00e2ncia &#8211; Turma B &#8211; 2\u00b0 ano &#8211; Experi\u00eancias e Curiosidades<\/p>\n","protected":false},"author":24,"featured_media":37923,"template":"","ef_categoria":[13,21],"ef_ano":[],"ef_componente":[],"class_list":["post-37920","ensino_fundamental","type-ensino_fundamental","status-publish","has-post-thumbnail","hentry","ef_categoria-ciclo-da-infancia-abc","ef_categoria-experiencias-e-curiosidades","entry","has-media"],"acf":[],"_links":{"self":[{"href":"https:\/\/sme.goiania.go.gov.br\/conexaoescola\/wp-json\/wp\/v2\/ensino_fundamental\/37920","targetHints":{"allow":["GET"]}}],"collection":[{"href":"https:\/\/sme.goiania.go.gov.br\/conexaoescola\/wp-json\/wp\/v2\/ensino_fundamental"}],"about":[{"href":"https:\/\/sme.goiania.go.gov.br\/conexaoescola\/wp-json\/wp\/v2\/types\/ensino_fundamental"}],"author":[{"embeddable":true,"href":"https:\/\/sme.goiania.go.gov.br\/conexaoescola\/wp-json\/wp\/v2\/users\/24"}],"version-history":[{"count":0,"href":"https:\/\/sme.goiania.go.gov.br\/conexaoescola\/wp-json\/wp\/v2\/ensino_fundamental\/37920\/revisions"}],"wp:featuredmedia":[{"embeddable":true,"href":"https:\/\/sme.goiania.go.gov.br\/conexaoescola\/wp-json\/wp\/v2\/media\/37923"}],"wp:attachment":[{"href":"https:\/\/sme.goiania.go.gov.br\/conexaoescola\/wp-json\/wp\/v2\/media?parent=37920"}],"wp:term":[{"taxonomy":"ef_categoria","embeddable":true,"href":"https:\/\/sme.goiania.go.gov.br\/conexaoescola\/wp-json\/wp\/v2\/ef_categoria?post=37920"},{"taxonomy":"ef_ano","embeddable":true,"href":"https:\/\/sme.goiania.go.gov.br\/conexaoescola\/wp-json\/wp\/v2\/ef_ano?post=37920"},{"taxonomy":"ef_componente","embeddable":true,"href":"https:\/\/sme.goiania.go.gov.br\/conexaoescola\/wp-json\/wp\/v2\/ef_componente?post=37920"}],"curies":[{"name":"wp","href":"https:\/\/api.w.org\/{rel}","templated":true}]}}