{"id":37917,"date":"2020-10-26T07:00:00","date_gmt":"2020-10-26T10:00:00","guid":{"rendered":"http:\/\/sme.goiania.go.gov.br\/conexaoescola\/?post_type=ensino_fundamental&#038;p=37917"},"modified":"2021-10-27T21:00:48","modified_gmt":"2021-10-28T00:00:48","slug":"brincadeira-de-crianca","status":"publish","type":"ensino_fundamental","link":"https:\/\/sme.goiania.go.gov.br\/conexaoescola\/ensino_fundamental\/brincadeira-de-crianca\/","title":{"rendered":"Brincadeira de Crian\u00e7a"},"content":{"rendered":"\n<p class=\"has-drop-cap has-medium-font-size\">Ol\u00e1 Crian\u00e7as! Hoje voc\u00eas ir\u00e3o aprender um pouquinho sobre as brincadeiras da nossa cultura popular. Sabiam que muitas delas voc\u00eas j\u00e1 brincam?&nbsp; Veja quais brincadeiras s\u00e3o e quais v\u00e3o gostar mais. Espero que todos gostem!<\/p>\n\n\n\n<p class=\"has-very-light-gray-color has-very-dark-gray-background-color has-text-color has-background has-medium-font-size\"><strong>Atividade 1:<\/strong><\/p>\n\n\n\n<p class=\"has-medium-font-size\">Vamos assistir a um v\u00eddeo sobre como fazemos e como pulamos a amarelinha, que \u00e9 uma brincadeira da nossa cultura popular.<\/p>\n\n\n\n<figure class=\"wp-block-embed is-type-video is-provider-youtube wp-block-embed-youtube wp-embed-aspect-16-9 wp-has-aspect-ratio\"><div class=\"wp-block-embed__wrapper\">\n<p class=\"responsive-video-wrap clr\"><iframe title=\"Desenho Infantil Educativo Animazoo! Brincando de Amarelinha- Epis\u00f3dio Completo | Primeira Temporada\" width=\"1200\" height=\"675\" src=\"https:\/\/www.youtube.com\/embed\/XyKyYlmVRT0?feature=oembed\" frameborder=\"0\" allow=\"accelerometer; autoplay; clipboard-write; encrypted-media; gyroscope; picture-in-picture\" allowfullscreen><\/iframe><\/p>\n<\/div><figcaption>&#8220;Desenho Infantil Educativo Animazoo! Brincando de Amarelinha&#8221; Canal: <a href=\"https:\/\/www.youtube.com\/channel\/UCXZ7CRDAB8goT93tVAIU52Q\">Animazoo_Brasil<\/a> &#8211; https:\/\/www.youtube.com\/watch?v=XyKyYlmVRT0<br><\/figcaption><\/figure>\n\n\n\n<p class=\"has-very-light-gray-color has-very-dark-gray-background-color has-text-color has-background has-medium-font-size\"><strong>Atividade 2:<\/strong><\/p>\n\n\n\n<p class=\"has-medium-font-size\">Agora vamos assistir a um v\u00eddeo de como jogamos escravos de J\u00f4, sozinho e com a fam\u00edlia.&nbsp;<\/p>\n\n\n\n<figure class=\"wp-block-embed is-type-video is-provider-youtube wp-block-embed-youtube wp-embed-aspect-16-9 wp-has-aspect-ratio\"><div class=\"wp-block-embed__wrapper\">\n<p class=\"responsive-video-wrap clr\"><iframe title=\"Escravos de J\u00f3 - Clipe M\u00fasica Oficial - Galinha Pintadinha DVD 1\" width=\"1200\" height=\"675\" src=\"https:\/\/www.youtube.com\/embed\/AJCVHKEohAg?feature=oembed\" frameborder=\"0\" allow=\"accelerometer; autoplay; clipboard-write; encrypted-media; gyroscope; picture-in-picture\" allowfullscreen><\/iframe><\/p>\n<\/div><figcaption>&#8220;Escravos de J\u00f3&#8221; Canal: <a href=\"https:\/\/www.youtube.com\/channel\/UCBAb_DK4GYZqZR9MFA7y2Xg\">Galinha Pintadinha<\/a> &#8211; https:\/\/www.youtube.com\/watch?v=AJCVHKEohAg<br><\/figcaption><\/figure>\n\n\n\n<p class=\"has-very-light-gray-color has-very-dark-gray-background-color has-text-color has-background has-medium-font-size\"><strong>Atividade 3:<\/strong><\/p>\n\n\n\n<p class=\"has-medium-font-size\">Para finalizar vamos assistir a um v\u00eddeo de uma brincadeira com uma bola.<\/p>\n\n\n\n<figure class=\"wp-block-embed is-type-video is-provider-youtube wp-block-embed-youtube wp-embed-aspect-16-9 wp-has-aspect-ratio\"><div class=\"wp-block-embed__wrapper\">\n<p class=\"responsive-video-wrap clr\"><iframe title=\"Como brincar de Ordem com a bola? - Educar para Crescer\" width=\"1200\" height=\"675\" src=\"https:\/\/www.youtube.com\/embed\/JFDHaWnaDMg?feature=oembed\" frameborder=\"0\" allow=\"accelerometer; autoplay; clipboard-write; encrypted-media; gyroscope; picture-in-picture\" allowfullscreen><\/iframe><\/p>\n<\/div><figcaption>&#8220;Como brincar de Ordem com a bola?&#8221; Canal: <a href=\"https:\/\/www.youtube.com\/channel\/UCi_ngNvti0V1j3VQlgFrfig\">Educar para Crescer<\/a> &#8211; https:\/\/www.youtube.com\/watch?v=JFDHaWnaDMg<\/figcaption><\/figure>\n\n\n\n<p class=\"has-very-light-gray-color has-very-dark-gray-background-color has-text-color has-background has-medium-font-size\"><strong>Atividade 4:<\/strong><\/p>\n\n\n\n<p class=\"has-luminous-vivid-orange-color has-text-color has-medium-font-size\">Agora \u00e9 hora da produ\u00e7\u00e3o!&nbsp;<\/p>\n\n\n\n<p class=\"has-medium-font-size\">Escolha uma brincadeira da cultura popular e escreva o que achou dela e fa\u00e7a um desenho de voc\u00ea brincando.<\/p>\n\n\n\n<hr class=\"wp-block-separator\"\/>\n\n\n\n<figure class=\"wp-block-table\"><table><tbody><tr><td><strong>Saiba Mais \/ Refer\u00eancias:<\/strong><\/td><td>Para saberem mais sobre brincadeiras da cultura popular visitem o link abaixo do qual ter\u00e3o v\u00e1rios v\u00eddeos explicando as brincadeiras:<\/td><\/tr><\/tbody><\/table><\/figure>\n\n\n\n<p class=\"has-very-light-gray-color has-vivid-purple-background-color has-text-color has-background\"><a href=\"https:\/\/www.youtube.com\/results?sp=mAEB&amp;search_query=brincadeiras+popular+\">https:\/\/www.youtube.com\/results?sp=mAEB&amp;search_query=brincadeiras+popular+<\/a><\/p>\n\n\n\n<hr class=\"wp-block-separator\"\/>\n\n\n\n<figure class=\"wp-block-table alignfull\"><table><tbody><tr><td>Objeto de Conhecimento<\/td><td>Conhecer as brincadeiras da cultura popular que est\u00e3o no dia a dia das crian\u00e7as.<\/td><\/tr><tr><td>Componente Curricular<\/td><td>Educa\u00e7\u00e3o F\u00edsica<\/td><\/tr><tr><td>Habilidades<\/td><td>(EF12EF01-A) &#8211; Conhecer, vivenciar, respeitar e compreender os diferentes jogos, brinquedos e brincadeiras do contexto goiano contemplando os de matrizes ind\u00edgenas e africanas.(EF12EF03-A) Experimentar, criar e desenvolver brincadeiras que envolvam situa\u00e7\u00f5es imagin\u00e1rias criando espa\u00e7os e contextos que oportunizem o contato com o simb\u00f3lico e o l\u00fadico.&nbsp;&nbsp;&nbsp;(EF12EF04-A) Experimentar atividades l\u00fadicas que reconhe\u00e7am o corpo humano, suas possibilidades e limita\u00e7\u00f5es, considerando os aspectos naturais e culturais. (EF12EF04) Colaborar na proposi\u00e7\u00e3o e na produ\u00e7\u00e3o de alternativas para a pr\u00e1tica, em outros momentos e espa\u00e7os, de brincadeiras e jogos e demais pr\u00e1ticas corporais tematizadas na escola, produzindo textos (orais, escritos, audiovisuais) para divulg\u00e1-las na escola e na comunidade.<\/td><\/tr><\/tbody><\/table><\/figure>\n\n\n\n<hr class=\"wp-block-separator\"\/>\n\n\n\n<figure class=\"wp-block-table alignfull\"><table><tbody><tr><td>Proponentes\/ Professores:<\/td><td>Maria Aparecida Ribeiro Malheiros&nbsp;Tony Afonso&nbsp;&nbsp;&nbsp;&nbsp;&nbsp;&nbsp;&nbsp;&nbsp;&nbsp;&nbsp;&nbsp;Rosilene Soares da Silva<\/td><\/tr><tr><td>Institui\u00e7\u00e3o Educacional:<\/td><td>Escola Municipal Jardim Nova Esperan\u00e7a&nbsp;<\/td><\/tr><tr><td>CRE:<\/td><td>Brasil Di Ramos Caiado<\/td><\/tr><\/tbody><\/table><\/figure>\n\n\n\n<hr class=\"wp-block-separator\"\/>\n\n\n\n<p>&nbsp;Ensino Fundamental &#8211; Ciclo da Inf\u00e2ncia \u2013 Turma A -1\u00b0ano &#8211; Corpo, Express\u00e3o e Movimento<\/p>\n","protected":false},"author":17,"featured_media":37918,"template":"","ef_categoria":[13,17],"ef_ano":[84],"ef_componente":[97],"class_list":["post-37917","ensino_fundamental","type-ensino_fundamental","status-publish","has-post-thumbnail","hentry","ef_categoria-ciclo-da-infancia-abc","ef_categoria-corpo-e-movimento","ef_ano-1o-ano","ef_componente-educacao-fisica","entry","has-media"],"acf":[],"_links":{"self":[{"href":"https:\/\/sme.goiania.go.gov.br\/conexaoescola\/wp-json\/wp\/v2\/ensino_fundamental\/37917","targetHints":{"allow":["GET"]}}],"collection":[{"href":"https:\/\/sme.goiania.go.gov.br\/conexaoescola\/wp-json\/wp\/v2\/ensino_fundamental"}],"about":[{"href":"https:\/\/sme.goiania.go.gov.br\/conexaoescola\/wp-json\/wp\/v2\/types\/ensino_fundamental"}],"author":[{"embeddable":true,"href":"https:\/\/sme.goiania.go.gov.br\/conexaoescola\/wp-json\/wp\/v2\/users\/17"}],"version-history":[{"count":0,"href":"https:\/\/sme.goiania.go.gov.br\/conexaoescola\/wp-json\/wp\/v2\/ensino_fundamental\/37917\/revisions"}],"wp:featuredmedia":[{"embeddable":true,"href":"https:\/\/sme.goiania.go.gov.br\/conexaoescola\/wp-json\/wp\/v2\/media\/37918"}],"wp:attachment":[{"href":"https:\/\/sme.goiania.go.gov.br\/conexaoescola\/wp-json\/wp\/v2\/media?parent=37917"}],"wp:term":[{"taxonomy":"ef_categoria","embeddable":true,"href":"https:\/\/sme.goiania.go.gov.br\/conexaoescola\/wp-json\/wp\/v2\/ef_categoria?post=37917"},{"taxonomy":"ef_ano","embeddable":true,"href":"https:\/\/sme.goiania.go.gov.br\/conexaoescola\/wp-json\/wp\/v2\/ef_ano?post=37917"},{"taxonomy":"ef_componente","embeddable":true,"href":"https:\/\/sme.goiania.go.gov.br\/conexaoescola\/wp-json\/wp\/v2\/ef_componente?post=37917"}],"curies":[{"name":"wp","href":"https:\/\/api.w.org\/{rel}","templated":true}]}}