{"id":37902,"date":"2020-10-26T07:00:00","date_gmt":"2020-10-26T10:00:00","guid":{"rendered":"http:\/\/sme.goiania.go.gov.br\/conexaoescola\/?post_type=ensino_fundamental&#038;p=37902"},"modified":"2020-10-20T08:17:19","modified_gmt":"2020-10-20T11:17:19","slug":"minha-escola","status":"publish","type":"ensino_fundamental","link":"https:\/\/sme.goiania.go.gov.br\/conexaoescola\/ensino_fundamental\/minha-escola\/","title":{"rendered":"Minha escola"},"content":{"rendered":"\n<hr class=\"wp-block-separator\"\/>\n\n\n\n<p class=\"has-drop-cap has-medium-font-size\">Ol\u00e1, tudo bem com voc\u00ea?\u00a0 Todas as crian\u00e7as tem direitos e deveres. Um deles \u00e9 o direito \u00e0 Educa\u00e7\u00e3o.\u00a0 Hoje voc\u00ea aprender\u00e1 sobre esse direito e ser\u00e1 desafiado a fazer um desenho contando o que mais sente falta na sua escola.<\/p>\n\n\n\n<hr class=\"wp-block-separator\"\/>\n\n\n\n<p class=\"has-medium-font-size\">Voc\u00ea est\u00e1 com saudade da escola? Que tal ouvir uma m\u00fasica?<\/p>\n\n\n\n<figure class=\"wp-block-embed-youtube wp-block-embed is-type-video is-provider-youtube wp-embed-aspect-16-9 wp-has-aspect-ratio\"><div class=\"wp-block-embed__wrapper\">\nhttps:\/\/www.youtube.com\/watch?v=-RsLzUsXYHM\n<\/div><figcaption>&#8220;Hora da escola&#8221; Canal: Discovery Kids Brasil &#8211; <a href=\"https:\/\/www.youtube.com\/watch?v=-RsLzUsXYHM\">https:\/\/www.youtube.com\/watch?v=-RsLzUsXYHM<\/a><br><\/figcaption><\/figure>\n\n\n\n<p class=\"has-medium-font-size\">Observe&nbsp; um verso da m\u00fasica hora da escola&nbsp; do Mundo Bita:&nbsp;<\/p>\n\n\n\n<p class=\"has-text-color has-medium-font-size has-vivid-purple-color\">AI,AI, QUE BOM<\/p>\n\n\n\n<p class=\"has-text-color has-medium-font-size has-luminous-vivid-orange-color\">EU N\u00c3O VEJO A HORA<\/p>\n\n\n\n<p class=\"has-text-color has-medium-font-size has-vivid-green-cyan-color\">DE CHEG<strong>AR<\/strong> A HORA DA ESCO<strong>LA<\/strong><\/p>\n\n\n\n<p class=\"has-text-color has-medium-font-size has-vivid-cyan-blue-color\">BOT<strong>AR<\/strong> TODA ALEGRIA<\/p>\n\n\n\n<p class=\"has-text-color has-medium-font-size has-pale-pink-color\">QUE COUBER NO BOLSO DA MOCHI<strong>LA<\/strong><\/p>\n\n\n\n<p class=\"has-text-color has-medium-font-size has-luminous-vivid-amber-color\">REVER OS MEUS AMIGOS<\/p>\n\n\n\n<p class=\"has-text-color has-medium-font-size has-vivid-cyan-blue-color\">E BRINC<strong>AR<\/strong>, E DAN\u00c7<strong>AR<\/strong>, E CANT<strong>AR<\/strong><\/p>\n\n\n\n<p class=\"has-medium-font-size\">Ou\u00e7a novamente a m\u00fasica e cante passando o dedo no verso acima. Identifique as palavras que terminam com o mesmo som de\u00a0 ESCOLA e BRINCAR\u00a0 e copie no seu caderno.\u00a0<\/p>\n\n\n\n<p class=\"has-medium-font-size\">Observe quantas vezes voc\u00ea abre a boca para falar a palavra ES-CO- LA \u00a0 e BRIN-CAR. Cada som que voc\u00ea fez representa uma silaba da palavra. Agora repita novamente as palavras e conte a quantidade de s\u00edlabas usando os dedos das m\u00e3os.<\/p>\n\n\n\n<p class=\"has-text-color has-background has-medium-font-size has-very-light-gray-color has-vivid-purple-background-color\">Qual \u00e9 a palavra maior\u00a0 ES-CO- LA \u00a0 ou BRIN-CAR?\u00a0<\/p>\n\n\n\n<p class=\"has-medium-font-size\">Antes de enfrentar esse desafio, veja algumas dicas importantes para te ajudar a escrever essas palavras:<\/p>\n\n\n\n<p class=\"has-medium-font-size\">Observe quantas vezes voc\u00ea abre a boca para falar a palavra;<\/p>\n\n\n\n<p class=\"has-medium-font-size\">Cada som que voc\u00ea fez representa uma silaba da palavra que escrevera;<\/p>\n\n\n\n<p class=\"has-medium-font-size\">Agora, tente encontrar as letras com esse som e forme as palavras;<\/p>\n\n\n\n<p class=\"has-medium-font-size\">N\u00e3o esque\u00e7a, n\u00e3o existem erros, quando se est\u00e1 aprendendo, fa\u00e7a o seu melhor!<\/p>\n\n\n\n<p class=\"has-medium-font-size\">Agora, assista o v\u00eddeo de Malala e conhe\u00e7a a hist\u00f3ria da menina que lutou pelo direito de estudar.<\/p>\n\n\n\n<figure class=\"wp-block-embed-youtube wp-block-embed is-type-video is-provider-youtube wp-embed-aspect-16-9 wp-has-aspect-ratio\"><div class=\"wp-block-embed__wrapper\">\n<p class=\"responsive-video-wrap clr\"><iframe title=\"Malala a menina que queria ir pra escola- Hist\u00f3ria de Adriana Carranca\" width=\"1200\" height=\"675\" src=\"https:\/\/www.youtube.com\/embed\/-0l5XpXd3nk?feature=oembed\" frameborder=\"0\" allow=\"accelerometer; autoplay; clipboard-write; encrypted-media; gyroscope; picture-in-picture\" allowfullscreen><\/iframe><\/p>\n<\/div><figcaption>&#8220;Malala a menina que queria ir para a escola&#8221; Canal: Mundo dos Contos Encantados &#8211; https:\/\/www.youtube.com\/watch?v=-0l5XpXd3nk<\/figcaption><\/figure>\n\n\n\n<p class=\"has-medium-font-size\">Segundo o Estatuto da Crian\u00e7a e do Adolescente: Toda crian\u00e7a tem direito \u00e0 educa\u00e7\u00e3o. Malala adorava ir para a escola e aprender sobre diferentes assuntos. Desenhe o que voc\u00ea mais sente falta na sua escola.<\/p>\n\n\n\n<hr class=\"wp-block-separator\"\/>\n\n\n\n<p><strong>Para saber mais:<\/strong><\/p>\n\n\n\n<div class=\"wp-block-columns is-layout-flex wp-container-core-columns-is-layout-9d6595d7 wp-block-columns-is-layout-flex\">\n<div class=\"wp-block-column is-layout-flow wp-block-column-is-layout-flow\">\n<figure class=\"wp-block-embed-youtube wp-block-embed is-type-video is-provider-youtube wp-embed-aspect-16-9 wp-has-aspect-ratio\"><div class=\"wp-block-embed__wrapper\">\n<p class=\"responsive-video-wrap clr\"><iframe title=\"Por que ir a ESCOLA? #Ticolicos|EP18\" width=\"1200\" height=\"675\" src=\"https:\/\/www.youtube.com\/embed\/EK0oIAXTfzs?feature=oembed\" frameborder=\"0\" allow=\"accelerometer; autoplay; clipboard-write; encrypted-media; gyroscope; picture-in-picture\" allowfullscreen><\/iframe><\/p>\n<\/div><figcaption>&#8220;Por que ir a ESCOLA?&#8221; Canal: <a href=\"https:\/\/www.youtube.com\/channel\/UCWLNF6wlHEAin0kukYW0uow\">Ticolicos &#8211; Canal Infantil<\/a> &#8211; https:\/\/www.youtube.com\/watch?v=EK0oIAXTfzs<\/figcaption><\/figure>\n<\/div>\n\n\n\n<div class=\"wp-block-column is-layout-flow wp-block-column-is-layout-flow\">\n<figure class=\"wp-block-embed-youtube wp-block-embed is-type-video is-provider-youtube wp-embed-aspect-4-3 wp-has-aspect-ratio\"><div class=\"wp-block-embed__wrapper\">\n<p class=\"responsive-video-wrap clr\"><iframe title=\"Conhecendo Estatuto da Crian\u00e7a e do adolescente com Renatinha\" width=\"1200\" height=\"900\" src=\"https:\/\/www.youtube.com\/embed\/UmYrApzqUIE?feature=oembed\" frameborder=\"0\" allow=\"accelerometer; autoplay; clipboard-write; encrypted-media; gyroscope; picture-in-picture\" allowfullscreen><\/iframe><\/p>\n<\/div><figcaption>&#8220;Conhecendo Estatuto da Crian\u00e7a e do adolescente com Renatinha&#8221; Canal: <a href=\"https:\/\/www.youtube.com\/channel\/UCpwJjE5LuWo1R6vSRZXUr8A\">Blog Renatinha Dias Nava<\/a><\/figcaption><\/figure>\n<\/div>\n\n\n\n<div class=\"wp-block-column is-layout-flow wp-block-column-is-layout-flow\"><\/div>\n<\/div>\n\n\n\n<hr class=\"wp-block-separator\"\/>\n\n\n\n<figure class=\"wp-block-table alignfull\"><table><tbody><tr><td><br>OBJETOS DE CONHECIMENTO:\u00a0<br><\/td><td>L\u00edngua Portuguesa: Produ\u00e7\u00e3o de texto Oral<br>Constru\u00e7\u00e3o do sistema de escrita alfab\u00e9tico<\/td><\/tr><tr><td>HABILIDADES:<\/td><td><br>EF01LP19-D) Refletir sobre o sistema de escrita, observando as rimas.<br>(GO-EF01LP32) Segmentar palavras escritas em silabas, contando-as.<\/td><\/tr><\/tbody><\/table><\/figure>\n\n\n\n<hr class=\"wp-block-separator\"\/>\n\n\n\n<figure class=\"wp-block-table alignfull\"><table><tbody><tr><td>PROPONENTES\/ PROFESSORES<\/td><td>Tatiana Azevedo de Souza da Cunha Lima<\/td><\/tr><tr><td>INSTITUI\u00c7\u00c3O<\/td><td>E.M. Prof. Trajano de S\u00e1 Guimar\u00e3es<\/td><\/tr><\/tbody><\/table><\/figure>\n\n\n\n<hr class=\"wp-block-separator\"\/>\n\n\n\n<p>Ensino Fundamental &#8211; Ciclo da Inf\u00e2ncia &#8211; Turma A &#8211; 1\u00ba ano &#8211; \u00c9tica e Cidadania<\/p>\n","protected":false},"author":24,"featured_media":37903,"template":"","ef_categoria":[13,20],"ef_ano":[],"ef_componente":[],"class_list":["post-37902","ensino_fundamental","type-ensino_fundamental","status-publish","has-post-thumbnail","hentry","ef_categoria-ciclo-da-infancia-abc","ef_categoria-etica-e-cidadania","entry","has-media"],"acf":[],"_links":{"self":[{"href":"https:\/\/sme.goiania.go.gov.br\/conexaoescola\/wp-json\/wp\/v2\/ensino_fundamental\/37902","targetHints":{"allow":["GET"]}}],"collection":[{"href":"https:\/\/sme.goiania.go.gov.br\/conexaoescola\/wp-json\/wp\/v2\/ensino_fundamental"}],"about":[{"href":"https:\/\/sme.goiania.go.gov.br\/conexaoescola\/wp-json\/wp\/v2\/types\/ensino_fundamental"}],"author":[{"embeddable":true,"href":"https:\/\/sme.goiania.go.gov.br\/conexaoescola\/wp-json\/wp\/v2\/users\/24"}],"version-history":[{"count":0,"href":"https:\/\/sme.goiania.go.gov.br\/conexaoescola\/wp-json\/wp\/v2\/ensino_fundamental\/37902\/revisions"}],"wp:featuredmedia":[{"embeddable":true,"href":"https:\/\/sme.goiania.go.gov.br\/conexaoescola\/wp-json\/wp\/v2\/media\/37903"}],"wp:attachment":[{"href":"https:\/\/sme.goiania.go.gov.br\/conexaoescola\/wp-json\/wp\/v2\/media?parent=37902"}],"wp:term":[{"taxonomy":"ef_categoria","embeddable":true,"href":"https:\/\/sme.goiania.go.gov.br\/conexaoescola\/wp-json\/wp\/v2\/ef_categoria?post=37902"},{"taxonomy":"ef_ano","embeddable":true,"href":"https:\/\/sme.goiania.go.gov.br\/conexaoescola\/wp-json\/wp\/v2\/ef_ano?post=37902"},{"taxonomy":"ef_componente","embeddable":true,"href":"https:\/\/sme.goiania.go.gov.br\/conexaoescola\/wp-json\/wp\/v2\/ef_componente?post=37902"}],"curies":[{"name":"wp","href":"https:\/\/api.w.org\/{rel}","templated":true}]}}