{"id":3686,"date":"2020-08-17T07:00:36","date_gmt":"2020-08-17T10:00:36","guid":{"rendered":"http:\/\/sme.goiania.go.gov.br\/conexaoescola\/?post_type=ensino_fundamental&#038;p=3686"},"modified":"2021-10-27T20:46:12","modified_gmt":"2021-10-27T23:46:12","slug":"os-movimentos-e-a-danca","status":"publish","type":"ensino_fundamental","link":"https:\/\/sme.goiania.go.gov.br\/conexaoescola\/ensino_fundamental\/os-movimentos-e-a-danca\/","title":{"rendered":"Os movimentos e a dan\u00e7a"},"content":{"rendered":"\n<p class=\"has-medium-font-size\">Ol\u00e1! Seja bem-vindo(a) \u00e0 esta atividade!<\/p>\n\n\n\n<p class=\"has-medium-font-size\">Voc\u00ea sabia que a dan\u00e7a \u00e9 a express\u00e3o do corpo seguindo movimentos ritmados, em geral, ao som de m\u00fasica.?<\/p>\n\n\n\n<p class=\"has-medium-font-size\">Os movimentos podem ser improvisados, treinados, imitados, transformados ou criados; ent\u00e3o, n\u00e3o \u00e9 necess\u00e1rio saber passos marcados de um estilo de dan\u00e7a, basta deixar a imagina\u00e7\u00e3o fluir.<\/p>\n\n\n\n<p class=\"has-medium-font-size\">A dan\u00e7a \u00e9 uma pr\u00e1tica corporal democr\u00e1tica e motivadora, seja em par ou sozinho, velho ou crian\u00e7a, homem ou mulher, todos podem dan\u00e7ar e, todos se sentem bem.<\/p>\n\n\n\n<p class=\"has-medium-font-size\">Mesmo sozinho e sem nenhuma experi\u00eancia, \u00e9 poss\u00edvel criar e improvisar movimentos espont\u00e2neos na dan\u00e7a.&nbsp;<\/p>\n\n\n\n<p class=\"has-medium-font-size\">Dan\u00e7ar livremente, cada um \u00e0 sua maneira, \u00e9 uma forma divertida de mexer o corpo e auxilia na qualidade de vida.&nbsp;<\/p>\n\n\n\n<p class=\"has-medium-font-size\">\u00c0s vezes, um objeto comum de nosso dia a dia, pode nos ajudar a ter esses momentos de descontra\u00e7\u00e3o, dentro de casa mesmo. Vamos experimentar?<\/p>\n\n\n\n<p class=\"has-medium-font-size\">Antes de iniciar a dan\u00e7a, separe um paninho, pode ser um len\u00e7o, uma toalha ou at\u00e9 mesmo um pano de prato.&nbsp;<\/p>\n\n\n\n<p class=\"has-medium-font-size\">Voc\u00ea ir\u00e1 movimentar esse paninho no ritmo da m\u00fasica e em diferentes n\u00edveis e planos de movimento: plano alto, m\u00e9dio e baixo; assim como em diversas intensidades: lento, moderado e r\u00e1pido.&nbsp;<\/p>\n\n\n\n<p class=\"has-medium-font-size\">A inten\u00e7\u00e3o \u00e9 explorar ao m\u00e1ximo todas as posi\u00e7\u00f5es do seu corpo, buscando sempre fazer algo bem diferente. Quando a m\u00fasica come\u00e7ar, voc\u00ea vai dan\u00e7ar livremente e sempre usando o paninho.&nbsp;<\/p>\n\n\n\n<p class=\"has-medium-font-size\">Vamos come\u00e7ar?<\/p>\n\n\n\n<p class=\"has-medium-font-size\">Assista ao v\u00eddeo e dance junto com a Professora Grazielli Cerroni. E lembre-se: n\u00e3o \u00e9 para imitar os passos da professora, voc\u00ea pode e deve dan\u00e7ar livremente.<\/p>\n\n\n\n<p class=\"has-medium-font-size\">A \u00fanica regra para essa dan\u00e7a \u00e9 usar o paninho&nbsp; e se divertir!<\/p>\n\n\n\n<p class=\"has-medium-font-size\">E que tal chamar seus familiares para dan\u00e7ar com voc\u00ea? Vamos l\u00e1!<\/p>\n\n\n\n<figure class=\"wp-block-embed is-type-video is-provider-youtube wp-block-embed-youtube wp-embed-aspect-16-9 wp-has-aspect-ratio\"><div class=\"wp-block-embed__wrapper\">\n<p class=\"responsive-video-wrap clr\"><iframe title=\"Dan\u00e7a com tecido\" width=\"1200\" height=\"675\" src=\"https:\/\/www.youtube.com\/embed\/T9geLBaKpQk?feature=oembed\" frameborder=\"0\" allow=\"accelerometer; autoplay; encrypted-media; gyroscope; picture-in-picture\" allowfullscreen><\/iframe><\/p>\n<\/div><figcaption>&#8220;Dan\u00e7a com tecido&#8221; &#8211; Canal: Gr\u00e1 Cerroni &#8211; Link: <a href=\"https:\/\/www.youtube.com\/watch?v=T9geLBaKpQk&amp;feature=youtu.be\">https:\/\/www.youtube.com\/watch?v=T9geLBaKpQk&amp;feature=youtu.be<\/a><\/figcaption><\/figure>\n\n\n\n<p class=\"has-medium-font-size\">E a\u00ed, gostou da experi\u00eancia?<\/p>\n\n\n\n<p class=\"has-medium-font-size\">Foi divertido, n\u00e3o foi?<\/p>\n\n\n\n<p class=\"has-medium-font-size\">Mas e a\u00ed, voc\u00ea acha que todos podem dan\u00e7ar?<\/p>\n\n\n\n<p class=\"has-medium-font-size\">Infelizmente ainda existe muito preconceito relacionado \u00e0 dan\u00e7a, que ainda \u00e9 vista como atividade delicada e feminina. Mas isso \u00e9 um equ\u00edvoco, a dan\u00e7a \u00e9 universal e n\u00e3o tem g\u00eanero.&nbsp;<\/p>\n\n\n\n<p class=\"has-medium-font-size\">Vamos assistir agora ao v\u00eddeo \u201cSamba de Gafieira\u201d, coreografado pela Professora Emmanuela Marinho.<\/p>\n\n\n\n<p class=\"has-medium-font-size\">A coreografia teve como proposta vencer os desafios impostos pelo preconceito que ainda permeiam a realidade do homem que dan\u00e7a.<br>Colocaram no palco homens em uma performance de qualidade, valorizando as possibilidades de todos na dan\u00e7a, provando que eles podem sim dan\u00e7ar, seja em festas, em casa, em academias, e principalmente no pr\u00f3prio ambiente escolar e que a dan\u00e7a em nada interfere no g\u00eanero de quem se prop\u00f5e a esta pr\u00e1tica.<\/p>\n\n\n\n<p class=\"has-medium-font-size\">Vamos assistir?<\/p>\n\n\n\n<figure class=\"wp-block-embed is-type-video is-provider-youtube wp-block-embed-youtube wp-embed-aspect-16-9 wp-has-aspect-ratio\"><div class=\"wp-block-embed__wrapper\">\n<p class=\"responsive-video-wrap clr\"><iframe title=\"Apresenta\u00e7\u00e3o Samba de Gafieira (2013)\" width=\"1200\" height=\"675\" src=\"https:\/\/www.youtube.com\/embed\/27wcBthG2r0?feature=oembed\" frameborder=\"0\" allow=\"accelerometer; autoplay; encrypted-media; gyroscope; picture-in-picture\" allowfullscreen><\/iframe><\/p>\n<\/div><figcaption>&#8220;Apresenta\u00e7\u00e3o Samba de Gafieira (2013)&#8221; &#8211; Canal: Emmanuela Marinho &#8211; Link: <a href=\"https:\/\/www.youtube.com\/watch?v=27wcBthG2r0&amp;feature=youtu.be\">https:\/\/www.youtube.com\/watch?v=27wcBthG2r0&amp;feature=youtu.be<\/a><\/figcaption><\/figure>\n\n\n\n<p class=\"has-medium-font-size\">Gostou do v\u00eddeo? Bela e animada apresenta\u00e7\u00e3o n\u00e3o \u00e9 mesmo?! Viram como o homem pode dan\u00e7ar?&nbsp;<\/p>\n\n\n\n<p class=\"has-medium-font-size\">Na verdade,<strong> <\/strong>em qualquer estilo de dan\u00e7a, devem estar todos os que desejam, os que se interessam por essa arte e pelos os movimentos corporais que estas proporcionam.<\/p>\n\n\n\n<p class=\"has-medium-font-size\">Que tal agora colocar uma m\u00fasica que voc\u00ea gosta ou pedir para algu\u00e9m colocar e come\u00e7ar a dan\u00e7ar?<\/p>\n\n\n\n<p class=\"has-medium-font-size\">Vamos nos divertir e movimentar o corpo com uma dan\u00e7a bem legal!<\/p>\n\n\n\n<figure class=\"wp-block-table aligncenter\"><table><tbody><tr><td><strong>Habilidades<\/strong><\/td><\/tr><tr><td>(GO-EF01EF13) Conhecer e vivenciar v\u00e1rias formas de dan\u00e7a,principalmente de livre interpreta\u00e7\u00e3o, para experimentar, (re)conhecer e identificar a natureza motriz individual a partir do seu pr\u00f3prio corpo e o do outro, para relacionar-se com o universo r\u00edtmico e seu potencial art\u00edstico e criativo, buscando o movimento dan\u00e7ado.<\/td><\/tr><\/tbody><\/table><\/figure>\n\n\n\n<hr class=\"wp-block-separator\"\/>\n\n\n\n<p class=\"has-text-align-center\">Ciclo da inf\u00e2ncia \u2013 Corpo, Express\u00e3o e Movimento &#8211; 2\u00ba ano \u2013 B<\/p>\n","protected":false},"author":17,"featured_media":3687,"template":"","ef_categoria":[13,17],"ef_ano":[84],"ef_componente":[97],"class_list":["post-3686","ensino_fundamental","type-ensino_fundamental","status-publish","has-post-thumbnail","hentry","ef_categoria-ciclo-da-infancia-abc","ef_categoria-corpo-e-movimento","ef_ano-1o-ano","ef_componente-educacao-fisica","entry","has-media"],"acf":[],"_links":{"self":[{"href":"https:\/\/sme.goiania.go.gov.br\/conexaoescola\/wp-json\/wp\/v2\/ensino_fundamental\/3686","targetHints":{"allow":["GET"]}}],"collection":[{"href":"https:\/\/sme.goiania.go.gov.br\/conexaoescola\/wp-json\/wp\/v2\/ensino_fundamental"}],"about":[{"href":"https:\/\/sme.goiania.go.gov.br\/conexaoescola\/wp-json\/wp\/v2\/types\/ensino_fundamental"}],"author":[{"embeddable":true,"href":"https:\/\/sme.goiania.go.gov.br\/conexaoescola\/wp-json\/wp\/v2\/users\/17"}],"version-history":[{"count":0,"href":"https:\/\/sme.goiania.go.gov.br\/conexaoescola\/wp-json\/wp\/v2\/ensino_fundamental\/3686\/revisions"}],"wp:featuredmedia":[{"embeddable":true,"href":"https:\/\/sme.goiania.go.gov.br\/conexaoescola\/wp-json\/wp\/v2\/media\/3687"}],"wp:attachment":[{"href":"https:\/\/sme.goiania.go.gov.br\/conexaoescola\/wp-json\/wp\/v2\/media?parent=3686"}],"wp:term":[{"taxonomy":"ef_categoria","embeddable":true,"href":"https:\/\/sme.goiania.go.gov.br\/conexaoescola\/wp-json\/wp\/v2\/ef_categoria?post=3686"},{"taxonomy":"ef_ano","embeddable":true,"href":"https:\/\/sme.goiania.go.gov.br\/conexaoescola\/wp-json\/wp\/v2\/ef_ano?post=3686"},{"taxonomy":"ef_componente","embeddable":true,"href":"https:\/\/sme.goiania.go.gov.br\/conexaoescola\/wp-json\/wp\/v2\/ef_componente?post=3686"}],"curies":[{"name":"wp","href":"https:\/\/api.w.org\/{rel}","templated":true}]}}