{"id":3673,"date":"2020-08-17T07:00:00","date_gmt":"2020-08-17T10:00:00","guid":{"rendered":"http:\/\/sme.goiania.go.gov.br\/conexaoescola\/?post_type=ensino_fundamental&#038;p=3673"},"modified":"2020-08-14T15:46:59","modified_gmt":"2020-08-14T18:46:59","slug":"ouvindo-musica-ontem-e-hoje","status":"publish","type":"ensino_fundamental","link":"https:\/\/sme.goiania.go.gov.br\/conexaoescola\/ensino_fundamental\/ouvindo-musica-ontem-e-hoje\/","title":{"rendered":"Ouvindo m\u00fasica ontem e hoje."},"content":{"rendered":"\n<p class=\"has-medium-font-size\">Ol\u00e1! Ao observar e analisar os objetos, podemos descobrir como as pessoas viviam no<br>passado e quais eram os seus h\u00e1bitos e costumes. Os objetos da cultura musical em<br>diferentes \u00e9pocas, como LP, fita K7 e CD, podem servir de fontes hist\u00f3ricas para<br>conhecer o passado. Vamos aprender sobre a evolu\u00e7\u00e3o dos objetos de reprodu\u00e7\u00e3o<br>musical?<\/p>\n\n\n\n<p class=\"has-medium-font-size\">Os objetos da cultura musical de diferentes per\u00edodos \u2013 R\u00e1dio, LP, fitas K7, CDs, MP3<br>Player, Fones de ouvido etc. \u2013 usados no dia a dia s\u00e3o fontes de mem\u00f3ria e de hist\u00f3ria<br>pessoal e da sociedade. A forma de interagir com a m\u00fasica sofreu altera\u00e7\u00f5es com o<br>passar do tempo, vamos saber mais sobre como isso aconteceu?<\/p>\n\n\n\n<p class=\"has-medium-font-size\"><strong>Atividade 1<\/strong><\/p>\n\n\n\n<p class=\"has-medium-font-size\"><br>Convide sua fam\u00edlia para assistir com voc\u00ea ao v\u00eddeo, acessando o link:<\/p>\n\n\n\n<figure class=\"wp-block-embed-youtube wp-block-embed is-type-video is-provider-youtube wp-embed-aspect-16-9 wp-has-aspect-ratio\"><div class=\"wp-block-embed__wrapper\">\n<p class=\"responsive-video-wrap clr\"><iframe title=\"A Evolu\u00e7\u00e3o dos Dispositivos de ouvir m\u00fasica\" width=\"1200\" height=\"675\" src=\"https:\/\/www.youtube.com\/embed\/nIeTZXRSL1U?feature=oembed\" frameborder=\"0\" allow=\"accelerometer; autoplay; encrypted-media; gyroscope; picture-in-picture\" allowfullscreen><\/iframe><\/p>\n<\/div><figcaption>Fonte: YouTube. A Evolu\u00e7\u00e3o dos Dispositivos de ouvir m\u00fasica. Canal: Rodrigo Oliveiran. Link: <a href=\"https:\/\/www.youtube.com\/watch?v=nIeTZXRSL1U\">https:\/\/www.youtube.com\/watch?v=nIeTZXRSL1U<\/a><\/figcaption><\/figure>\n\n\n\n<p class=\"has-medium-font-size\"><strong>Atividade 2<\/strong><\/p>\n\n\n\n<p class=\"has-medium-font-size\"><br>Agora que voc\u00ea assistiu ao v\u00eddeo, converse com sua fam\u00edlia sobre a evolu\u00e7\u00e3o dos objetos<br>de reprodu\u00e7\u00e3o musical. Voc\u00ea j\u00e1 conhecia algum dos objetos mostrados no v\u00eddeo? Sabe<br>dizer como eles funcionam? Como seus pais e av\u00f3s ouviam m\u00fasica quando eles eram<br>crian\u00e7as? O que mudou em rela\u00e7\u00e3o ao h\u00e1bito de ouvir m\u00fasica do tempo em que seus<br>av\u00f3s eram crian\u00e7as para hoje em dia? O que mudou no ato de ouvir m\u00fasica ao longo do<br>tempo?<\/p>\n\n\n\n<p class=\"has-medium-font-size\"><strong>Atividade 3<\/strong><\/p>\n\n\n\n<p class=\"has-medium-font-size\"><br>Escreva um pequeno texto descrevendo um dos objetos que voc\u00ea viu no v\u00eddeo. Ao<br>escrever o texto voc\u00ea pode pensar sobre algumas quest\u00f5es:<\/p>\n\n\n\n<ul class=\"wp-block-list\"><li>Por que esse objeto chamou sua aten\u00e7\u00e3o?<\/li><li>Voc\u00ea j\u00e1 havia visto esse objeto antes? Onde?<\/li><li>O objeto que voc\u00ea escolheu \u00e9 antigo ou atual, quantos anos aproximadamente?<\/li><li>As pessoas ainda utilizam esse objeto para ouvirem m\u00fasica?<\/li><\/ul>\n\n\n\n<figure class=\"wp-block-table\"><table><tbody><tr><td><strong>Componentes<\/strong><\/td><td><strong>Habilidades<\/strong><\/td><\/tr><tr><td>&nbsp; Hist\u00f3ria<\/td><td>(EF02HI04) Selecionar e compreender o significado de objetos e documentos pessoais como fontes de memorias e hist\u00f3rias nos \u00e2mbitos pessoal, familiar, escolar e comunit\u00e1rio. &nbsp;<\/td><\/tr><tr><td>&nbsp; L\u00edngua Portuguesa &nbsp; &nbsp;<\/td><td>(EF02LP14) Planejar e produzir pequenos relatos de observa\u00e7\u00e3o de processos, de fatos, de experiencias pessoais, mantendo as caracter\u00edsticas do g\u00eanero, considerando a situa\u00e7\u00e3o comunicativa e o tema\/assunto do texto. &nbsp;<\/td><\/tr><\/tbody><\/table><\/figure>\n\n\n\n<p class=\"has-medium-font-size\">Cr\u00e9ditos: Regime de Colabora\u00e7\u00e3o &#8211; Coordena\u00e7\u00e3o Estadual de Implementa\u00e7\u00e3o da BNCC no Estado de Goi\u00e1s.<\/p>\n","protected":false},"author":13,"featured_media":3674,"template":"","ef_categoria":[13,20],"ef_ano":[],"ef_componente":[],"class_list":["post-3673","ensino_fundamental","type-ensino_fundamental","status-publish","has-post-thumbnail","hentry","ef_categoria-ciclo-da-infancia-abc","ef_categoria-etica-e-cidadania","entry","has-media"],"acf":[],"_links":{"self":[{"href":"https:\/\/sme.goiania.go.gov.br\/conexaoescola\/wp-json\/wp\/v2\/ensino_fundamental\/3673","targetHints":{"allow":["GET"]}}],"collection":[{"href":"https:\/\/sme.goiania.go.gov.br\/conexaoescola\/wp-json\/wp\/v2\/ensino_fundamental"}],"about":[{"href":"https:\/\/sme.goiania.go.gov.br\/conexaoescola\/wp-json\/wp\/v2\/types\/ensino_fundamental"}],"author":[{"embeddable":true,"href":"https:\/\/sme.goiania.go.gov.br\/conexaoescola\/wp-json\/wp\/v2\/users\/13"}],"version-history":[{"count":0,"href":"https:\/\/sme.goiania.go.gov.br\/conexaoescola\/wp-json\/wp\/v2\/ensino_fundamental\/3673\/revisions"}],"wp:featuredmedia":[{"embeddable":true,"href":"https:\/\/sme.goiania.go.gov.br\/conexaoescola\/wp-json\/wp\/v2\/media\/3674"}],"wp:attachment":[{"href":"https:\/\/sme.goiania.go.gov.br\/conexaoescola\/wp-json\/wp\/v2\/media?parent=3673"}],"wp:term":[{"taxonomy":"ef_categoria","embeddable":true,"href":"https:\/\/sme.goiania.go.gov.br\/conexaoescola\/wp-json\/wp\/v2\/ef_categoria?post=3673"},{"taxonomy":"ef_ano","embeddable":true,"href":"https:\/\/sme.goiania.go.gov.br\/conexaoescola\/wp-json\/wp\/v2\/ef_ano?post=3673"},{"taxonomy":"ef_componente","embeddable":true,"href":"https:\/\/sme.goiania.go.gov.br\/conexaoescola\/wp-json\/wp\/v2\/ef_componente?post=3673"}],"curies":[{"name":"wp","href":"https:\/\/api.w.org\/{rel}","templated":true}]}}