{"id":3661,"date":"2020-08-10T07:00:00","date_gmt":"2020-08-10T10:00:00","guid":{"rendered":"http:\/\/sme.goiania.go.gov.br\/conexaoescola\/?post_type=ensino_fundamental&#038;p=3661"},"modified":"2020-08-14T08:42:29","modified_gmt":"2020-08-14T11:42:29","slug":"cada-familia-e-unica-2","status":"publish","type":"ensino_fundamental","link":"https:\/\/sme.goiania.go.gov.br\/conexaoescola\/ensino_fundamental\/cada-familia-e-unica-2\/","title":{"rendered":"Cada fam\u00edlia \u00e9 \u00fanica!"},"content":{"rendered":"\n<p class=\"has-text-align-left has-medium-font-size\">Ol\u00e1! <\/p>\n\n\n\n<p class=\"has-text-align-left has-medium-font-size\">Uma fam\u00edlia \u00e9 um grupo de pessoas que vivem juntas e que tem um forte v\u00ednculo afetivo. Cada fam\u00edlia \u00e9 formada de uma maneira diferente e, ao longo do tempo v\u00eam<br>passando por mudan\u00e7as, como por exemplo, ter uma menor quantidade de filhos.<\/p>\n\n\n\n<p class=\"has-text-align-left has-medium-font-size\"><br>Independentemente do seu formato \u2013 grande, pequena, morar com o pai e a m\u00e3e, ou s\u00f3 com pai ou s\u00f3 com m\u00e3e, ou com o tio, com a av\u00f3, o av\u00f4 etc. \u2013 cada fam\u00edlia \u00e9 \u00fanica.<br>Como \u00e9 bom termos pessoas que nos amam em qualquer situa\u00e7\u00e3o e sempre podemos contar!<\/p>\n\n\n\n<p class=\"has-medium-font-size\">Cada fam\u00edlia \u00e9 formada de uma maneira, com caracter\u00edsticas diferentes e muito especiais. A forma\u00e7\u00e3o da fam\u00edlia foi mudando ao longo do tempo, mas o que une os seus membros sempre ser\u00e1 o amor entre eles.<\/p>\n\n\n\n<p class=\"has-medium-font-size\"><br><strong>Atividade 1<\/strong><\/p>\n\n\n\n<p class=\"has-medium-font-size\">Clique na imagem e assista ao v\u00eddeo.<\/p>\n\n\n\n<figure class=\"wp-block-embed-youtube wp-block-embed is-type-video is-provider-youtube wp-embed-aspect-16-9 wp-has-aspect-ratio\"><div class=\"wp-block-embed__wrapper\">\n<p class=\"responsive-video-wrap clr\"><iframe title=\"O Livro da fam\u00edlia\" width=\"1200\" height=\"675\" src=\"https:\/\/www.youtube.com\/embed\/YHsy-gAwXoc?feature=oembed\" frameborder=\"0\" allow=\"accelerometer; autoplay; encrypted-media; gyroscope; picture-in-picture\" allowfullscreen><\/iframe><\/p>\n<\/div><figcaption>Fonte: YouTube. O livro da Fam\u00edlia. Canal: Luciana Propicio. Link: <a href=\"https:\/\/www.youtube.com\/watch?v=YHsy-gAwXoc\">https:\/\/www.youtube.com\/watch?v=YHsy-gAwXoc<\/a><\/figcaption><\/figure>\n\n\n\n<p class=\"has-medium-font-size\"><strong>Atividade 2<\/strong><\/p>\n\n\n\n<p class=\"has-medium-font-size\">Agora que voc\u00ea assistiu ao v\u00eddeo, converse com algu\u00e9m de sua fam\u00edlia sobre:<\/p>\n\n\n\n<p class=\"has-medium-font-size\">A) Quais as caracter\u00edsticas que tornam sua fam\u00edlia diferente da fam\u00edlia de um amigo<br>ou de um vizinho ou de um primo?<br>B) O que voc\u00ea mais gosta de fazer com a sua fam\u00edlia?<br>C) As pessoas de sua fam\u00edlia gostam de fazer as mesmas coisas ou coisas<br>diferentes?<br>D) Voc\u00ea tem animais de estima\u00e7\u00e3o? Voc\u00ea os considera parte de sua fam\u00edlia?<br>E) Sua fam\u00edlia gosta de fazer festas? Como s\u00e3o essas comemora\u00e7\u00f5es? Como<br>voc\u00eas compartilham os sentimentos alegres e tristes?<\/p>\n\n\n\n<p class=\"has-medium-font-size\"><strong>Atividade 3<\/strong><\/p>\n\n\n\n<p class=\"has-medium-font-size\">Pense em um momento especial vivido por voc\u00ea em fam\u00edlia: comemora\u00e7\u00e3o, viagem, nascimento, mudan\u00e7a, f\u00e9rias, entre outros. Fa\u00e7a um desenho e escreva uma frase que retrate esse momento, use sua criatividade!<\/p>\n\n\n\n<p class=\"has-medium-font-size\"><strong>Atividade 4<\/strong><\/p>\n\n\n\n<p class=\"has-medium-font-size\">Vamos valorizar quem a gente ama? Que tal escrever bilhetes para as pessoas que moram com voc\u00ea expressando o quanto voc\u00ea gosta delas e espalhar pela casa. Nesse<br>per\u00edodo de distanciamento social devemos valorizar pequenos gestos de gentileza e de amor.<\/p>\n\n\n\n<hr class=\"wp-block-separator\"\/>\n\n\n\n<figure class=\"wp-block-table\"><table><tbody><tr><td><strong>Componentes<\/strong><\/td><td><strong>Habilidades<\/strong><\/td><\/tr><tr><td>&nbsp; Hist\u00f3ria<\/td><td>(EF01HI07) Identificar mudan\u00e7as e perman\u00eancias nas formas de organiza\u00e7\u00e3o familiar. &nbsp;<\/td><\/tr><tr><td>&nbsp; L\u00edngua Portuguesa<\/td><td>(EF15LP10-C) Desenvolver o senso cr\u00edtico, ap\u00f3s escuta atenta, sobre assuntos discutidos e estudados em diferentes situa\u00e7\u00f5es comunicativas. &nbsp;<\/td><\/tr><\/tbody><\/table><\/figure>\n\n\n\n<hr class=\"wp-block-separator\"\/>\n\n\n\n<p class=\"has-text-align-center\">Ciclo da inf\u00e2ncia \u2013 \u00c9tica e Cidadania- 1\u00ba ano \u2013 A<\/p>\n\n\n\n<hr class=\"wp-block-separator\"\/>\n\n\n\n<p class=\"has-medium-font-size\">Cr\u00e9ditos: Regime de Colabora\u00e7\u00e3o \u2013 Coordena\u00e7\u00e3o Estadual de Implementa\u00e7\u00e3o da BNCC no Estado de Goi\u00e1s.<\/p>\n","protected":false},"author":11,"featured_media":3662,"template":"","ef_categoria":[20],"ef_ano":[],"ef_componente":[],"class_list":["post-3661","ensino_fundamental","type-ensino_fundamental","status-publish","has-post-thumbnail","hentry","ef_categoria-etica-e-cidadania","entry","has-media"],"acf":[],"_links":{"self":[{"href":"https:\/\/sme.goiania.go.gov.br\/conexaoescola\/wp-json\/wp\/v2\/ensino_fundamental\/3661","targetHints":{"allow":["GET"]}}],"collection":[{"href":"https:\/\/sme.goiania.go.gov.br\/conexaoescola\/wp-json\/wp\/v2\/ensino_fundamental"}],"about":[{"href":"https:\/\/sme.goiania.go.gov.br\/conexaoescola\/wp-json\/wp\/v2\/types\/ensino_fundamental"}],"author":[{"embeddable":true,"href":"https:\/\/sme.goiania.go.gov.br\/conexaoescola\/wp-json\/wp\/v2\/users\/11"}],"version-history":[{"count":0,"href":"https:\/\/sme.goiania.go.gov.br\/conexaoescola\/wp-json\/wp\/v2\/ensino_fundamental\/3661\/revisions"}],"wp:featuredmedia":[{"embeddable":true,"href":"https:\/\/sme.goiania.go.gov.br\/conexaoescola\/wp-json\/wp\/v2\/media\/3662"}],"wp:attachment":[{"href":"https:\/\/sme.goiania.go.gov.br\/conexaoescola\/wp-json\/wp\/v2\/media?parent=3661"}],"wp:term":[{"taxonomy":"ef_categoria","embeddable":true,"href":"https:\/\/sme.goiania.go.gov.br\/conexaoescola\/wp-json\/wp\/v2\/ef_categoria?post=3661"},{"taxonomy":"ef_ano","embeddable":true,"href":"https:\/\/sme.goiania.go.gov.br\/conexaoescola\/wp-json\/wp\/v2\/ef_ano?post=3661"},{"taxonomy":"ef_componente","embeddable":true,"href":"https:\/\/sme.goiania.go.gov.br\/conexaoescola\/wp-json\/wp\/v2\/ef_componente?post=3661"}],"curies":[{"name":"wp","href":"https:\/\/api.w.org\/{rel}","templated":true}]}}