{"id":3651,"date":"2020-08-17T07:00:00","date_gmt":"2020-08-17T10:00:00","guid":{"rendered":"http:\/\/sme.goiania.go.gov.br\/conexaoescola\/?post_type=ensino_fundamental&#038;p=3651"},"modified":"2021-12-29T16:54:14","modified_gmt":"2021-12-29T18:54:14","slug":"as-ruas-de-ontem-e-as-ruas-de-hoje","status":"publish","type":"ensino_fundamental","link":"https:\/\/sme.goiania.go.gov.br\/conexaoescola\/ensino_fundamental\/as-ruas-de-ontem-e-as-ruas-de-hoje\/","title":{"rendered":"Geografia &#8211; As ruas de ontem e as ruas de hoje"},"content":{"rendered":"\n<p class=\"has-medium-font-size\">Ol\u00e1! <\/p>\n\n\n\n<p class=\"has-medium-font-size\">Quando voc\u00ea sai de casa com algu\u00e9m da sua fam\u00edlia costuma observar a paisagem das ruas por onde passa? Compara as semelhan\u00e7as e as diferen\u00e7as existentes entre elas? <\/p>\n\n\n\n<p class=\"has-medium-font-size\">Hoje iremos ampliar nossos conhecimentos acerca das ruas de ontem e de hoje ao longo do tempo.<\/p>\n\n\n\n<hr class=\"wp-block-separator\"\/>\n\n\n\n<p class=\"has-medium-font-size\">Observar e identificar os elementos de uma paisagem e descobrir que as ruas nem sempre foram do mesmo jeito, como conhecemos hoje, pode ser uma atividade interessante. <\/p>\n\n\n\n<p class=\"has-medium-font-size\">Fazer suposi\u00e7\u00f5es sobre as mudan\u00e7as e perman\u00eancias nas paisagens ao longo dos anos, com certeza ser\u00e1 muito divertido. <\/p>\n\n\n\n<p class=\"has-medium-font-size\">Vamos ver isso juntos?&nbsp;<\/p>\n\n\n\n<p class=\"has-medium-font-size\"><strong>Atividade 1<\/strong><\/p>\n\n\n\n<p class=\"has-medium-font-size\">Observe as gravuras abaixo:<\/p>\n\n\n\n<p class=\"has-text-align-center has-medium-font-size\"><strong>Rua sem asfalto<\/strong><\/p>\n\n\n\n<p class=\"has-text-align-center\"><img decoding=\"async\" alt=\"Rua Antonio Estev\u00e3o Leal, bairro Jardim das Paineiras. Foto: R\u00e1dio Ca\u00e7ula\" src=\"https:\/\/lh4.googleusercontent.com\/9SyltyGOPi8Kky3krIyjhMSC_5PRPKLKI2DdPs6y-MSQj3jfJYaAlxAkbmVtWWt7alWVkJ6Jt8bbqxaL5tltfFzlM8DhgIHjMNRwdhDWRA5LhYRMn7pqUmnt3ihqmMx5_Y9o7Q\" style=\"width: 400px;\"><\/p>\n\n\n\n<p class=\"has-text-align-center has-small-font-size\">Dispon\u00edvel em: <a rel=\"noreferrer noopener\" href=\"https:\/\/www.radiocacula.com.br\/noticias\/reporter-news\/sem-asfalto-moradores-convivem-com-poeira-e-terra-seca\" target=\"_blank\">https:\/\/www.radiocacula.com.br\/noticias\/reporter-news\/sem-asfalto-moradores-convivem-com-poeira-e-terra-seca<\/a>. Acesso em 09 de jun. de 2020.<\/p>\n\n\n\n<p class=\"has-text-align-center has-medium-font-size\">Rua asfaltada<\/p>\n\n\n\n<p class=\"has-text-align-center has-small-font-size\">                               <img decoding=\"async\" src=\"https:\/\/lh6.googleusercontent.com\/aBxGqQYXz_l5-t9nFePG21DrzEhurDe1eM8RQsvbzT2JKafRoJKrtYXmOyA0-goULJQqxd-A1a35iJFMVCKvKRkX5ngz83gAWASh5KcQ1O5Fpg5LwrRT7P9ZKXGZtlqIoBKUSQ\" style=\"width: 400px;\">                                                                                   <\/p>\n\n\n\n<p class=\"has-text-align-center has-small-font-size\">Dispon\u00edvel em: <a rel=\"noreferrer noopener\" href=\"https:\/\/www.veiculosdahora.com.br\/obras-do-minha-rua-asfaltada-avancam-em-diversos-bairros-da-capital\/\" target=\"_blank\">https:\/\/www.veiculosdahora.com.br\/obras-do-minha-rua-asfaltada-avancam-em-diversos-bairros-da-capital\/<\/a>. Acesso em: 09 de jun. de 2020.<\/p>\n\n\n\n<p class=\"has-text-align-center has-medium-font-size\">Rua com bloquete<\/p>\n\n\n\n<p class=\"has-text-align-center has-small-font-size\">                            <img decoding=\"async\" src=\"https:\/\/lh4.googleusercontent.com\/r2RcltbZ9R1E63tpMGVDbcSnqxS1CaEm_Scf7vVDYhAf3T61eOOj5h6zoz1cDeTmJbOPO_S6Gge-pbGDeFQUrl9sA1qDejtQxecf0qhGEyomqFFxnKFt0cKL_UZ6HerLn7mw2g\" style=\"width: 400px;\">          <\/p>\n\n\n\n<p class=\"has-text-align-center has-small-font-size\">Dispon\u00edvel em: <a rel=\"noreferrer noopener\" href=\"https:\/\/www.cataguases.mg.gov.br\/2018\/10\/22\/obras-de-infraestrutura-e-de-pavimentacao-em-bloquetes-revitalizam-o-bairro-jardim\/\" target=\"_blank\">https:\/\/www.cataguases.mg.gov.br\/2018\/10\/22\/obras-de-infraestrutura-e-de-pavimentacao-em-bloquetes-revitalizam-o-bairro-jardim\/<\/a>. Acesso em: 09 de jun. de 2020.                    <\/p>\n\n\n\n<div class=\"wp-block-group\"><div class=\"wp-block-group__inner-container is-layout-flow wp-block-group-is-layout-flow\">\n<p class=\"has-medium-font-size\">Que tipo de imagens s\u00e3o estas?<\/p>\n\n\n\n<p class=\"has-medium-font-size\">Essas imagens mostram o qu\u00ea?<\/p>\n\n\n\n<p class=\"has-medium-font-size\">Voc\u00ea conhece algum local parecido com estas imagens? Qual local?<\/p>\n<\/div><\/div>\n\n\n\n<p class=\"has-medium-font-size\"><strong>Atividade 2<\/strong><\/p>\n\n\n\n<p class=\"has-medium-font-size\">Esta foto a seguir \u00e9 da Avenida Anhanguera, em Goi\u00e2nia, que \u00e9 uma das principais avenidas da cidade. Ela liga a Regi\u00e3o Oeste da cidade com a Regi\u00e3o Leste. Esta liga\u00e7\u00e3o \u00e9 feita pelas pistas para os carros comuns e pela linha exclusiva para os \u00f4nibus.<\/p>\n\n\n\n<p class=\"has-text-align-center has-small-font-size\">                   <img decoding=\"async\" alt=\"Comparativo da Avenida Anhanguera para anivers\u00e1rio de Goi\u00e2nia (Foto: Adriano Zago - H\u00e9lio de Oliveira)\" src=\"https:\/\/lh4.googleusercontent.com\/i2ZS5r49SmcbUSsEJWLl2IJskvW7eS7yXnSJVoFRmj_2Ugd8zOgtJtyp4RVfSzSituWZ13wtMpzFs4SRrAseDJcclXZ0W0lSgnlZkE-kLVee6R_h6evFgSzN26CWr81XGIfnhQ\" style=\"width: 450px;\">     <\/p>\n\n\n\n<p class=\"has-text-align-center has-small-font-size\">Dispon\u00edvel em: <a rel=\"noreferrer noopener\" href=\"http:\/\/g1.globo.com\/goias\/noticia\/2011\/10\/fotos-exibem-o-antes-e-depois-do-desenvolvimento-urbano-de-goiania.html\" target=\"_blank\">http:\/\/g1.globo.com\/goias\/noticia\/2011\/10\/fotos-exibem-o-antes-e-depois-do-desenvolvimento-urbano-de-goiania.html<\/a>. Acesso em: 09 de jun. de 2020.          <\/p>\n\n\n\n<div class=\"wp-block-group\"><div class=\"wp-block-group__inner-container is-layout-flow wp-block-group-is-layout-flow\">\n<p class=\"has-medium-font-size\">E a sua rua, o que voc\u00ea sabe sobre ela? Como ela era e como est\u00e1 hoje?<\/p>\n\n\n\n<p class=\"has-medium-font-size\">Voc\u00ea conhece a hist\u00f3ria da rua onde voc\u00ea mora?<\/p>\n\n\n\n<p class=\"has-medium-font-size\">Ela sempre teve o nome que tem hoje?<\/p>\n\n\n\n<p class=\"has-medium-font-size\">Em sua opini\u00e3o, o que precisa mudar na sua rua? Por qu\u00ea?<\/p>\n<\/div><\/div>\n\n\n\n<p class=\"has-medium-font-size\">Vamos desenhar?<\/p>\n\n\n\n<p class=\"has-medium-font-size\">Fa\u00e7a um desenho da sua rua como ela \u00e9 hoje e outro como voc\u00ea imagina que ela ficar\u00e1 ap\u00f3s as mudan\u00e7as que voc\u00ea acredita que s\u00e3o necess\u00e1rias.<\/p>\n\n\n\n<p class=\"has-medium-font-size\"><strong>Atividade 3<\/strong><\/p>\n\n\n\n<p class=\"has-medium-font-size\">Voc\u00ea conhece a m\u00fasica \u201cSe essa rua fosse minha\u201d? Clique na imagem abaixo para assistir ao v\u00eddeo.<\/p>\n\n\n\n<figure class=\"wp-block-embed is-type-video is-provider-youtube wp-block-embed-youtube wp-embed-aspect-16-9 wp-has-aspect-ratio\"><div class=\"wp-block-embed__wrapper\">\nhttps:\/\/www.youtube.com\/watch?v=62neoNbYesg\n<\/div><figcaption>Fonte: Youtube, &#8220;SE ESSA RUA FOSSE MINHA &#x2b50; m\u00fasica infantil \u266b HD&nbsp;&#8221; do canal <a href=\"https:\/\/www.youtube.com\/channel\/UCphYY8sRngsE4QDjDfd6zcA\"><br>Leaozinho Voador<\/a><br> Dispon\u00edvel em: <a href=\"https:\/\/www.youtube.com\/watch?v=62neoNbYesg\" target=\"_blank\" rel=\"noreferrer noopener\">https:\/\/www.youtube.com\/watch?v=62neoNbYesg<\/a><\/figcaption><\/figure>\n\n\n\n<p class=\"has-medium-font-size\">Como voc\u00ea acha que seria essa rua?<\/p>\n\n\n\n<p class=\"has-medium-font-size\">Como seria a conviv\u00eancia dos moradores desta rua?<\/p>\n\n\n\n<p class=\"has-medium-font-size\">Ser\u00e1 que haveria carros?<\/p>\n\n\n\n<p class=\"has-medium-font-size\">Como seria o tr\u00e2nsito?<\/p>\n\n\n\n<p class=\"has-medium-font-size\">Voc\u00ea gostaria de morar numa rua como esta?<\/p>\n\n\n\n<p class=\"has-medium-font-size\"><strong>Atividade 4<\/strong><\/p>\n\n\n\n<p class=\"has-medium-font-size\">Clique na imagem abaixo e assista ao v\u00eddeo de uma avenida muito movimentada por carros, motos e \u00f4nibus.<\/p>\n\n\n\n<figure class=\"wp-block-embed is-type-video is-provider-youtube wp-block-embed-youtube wp-embed-aspect-16-9 wp-has-aspect-ratio\"><div class=\"wp-block-embed__wrapper\">\n<p class=\"responsive-video-wrap clr\"><iframe title=\"Polui\u00e7\u00e3o sonora - comparem o barulho das motocicletas com o produzido por outros\" width=\"1200\" height=\"675\" src=\"https:\/\/www.youtube.com\/embed\/50GFFTifYe8?feature=oembed\" frameborder=\"0\" allow=\"accelerometer; autoplay; encrypted-media; gyroscope; picture-in-picture\" allowfullscreen><\/iframe><\/p>\n<\/div><figcaption>Fonte: Youtube, &#8220;Polui\u00e7\u00e3o sonora &#8211; comparem o barulho das motocicletas com o produzido por outros&#8221; do canal <a href=\"https:\/\/www.youtube.com\/channel\/UCIj0l2znPo6ICrY_Z53ioiA\">Jo\u00e3o Carlos Cascaes<\/a>. Dispon\u00edvel em: <a href=\"https:\/\/www.youtube.com\/watch?v=50GFFTifYe8\" target=\"_blank\" rel=\"noreferrer noopener\">https:\/\/www.youtube.com\/watch?v=50GFFTifYe8<\/a><\/figcaption><\/figure>\n\n\n\n<p class=\"has-medium-font-size\">Assista ao v\u00eddeo novamente, agora com os olhos fechados. Escute o barulho de cada ve\u00edculo. Observe o som produzido pelos carros, pelo \u00f4nibus e pelas motocicletas.<\/p>\n\n\n\n<p class=\"has-medium-font-size\">Como seria morar perto de uma avenida como esta?<\/p>\n\n\n\n<p class=\"has-medium-font-size\">Que sugest\u00e3o voc\u00ea daria para que sua rua n\u00e3o torne no futuro uma fonte de polui\u00e7\u00e3o sonora, como a que acabamos de assistir no v\u00eddeo?<\/p>\n\n\n\n<p class=\"has-medium-font-size\"><strong>Atividade 5<\/strong><\/p>\n\n\n\n<p class=\"has-medium-font-size\">Clique na imagem abaixo para assistir ao v\u00eddeo \u201cMy Family\u201d&nbsp;<\/p>\n\n\n\n<figure class=\"wp-block-embed is-type-video is-provider-youtube wp-block-embed-youtube wp-embed-aspect-16-9 wp-has-aspect-ratio\"><div class=\"wp-block-embed__wrapper\">\n<p class=\"responsive-video-wrap clr\"><iframe title=\"MY FAMILY 1-Kids vocabulary - Family members - Daddy- Mommy- English for kids - English\" width=\"1200\" height=\"675\" src=\"https:\/\/www.youtube.com\/embed\/u9kpdmCtO34?feature=oembed\" frameborder=\"0\" allow=\"accelerometer; autoplay; encrypted-media; gyroscope; picture-in-picture\" allowfullscreen><\/iframe><\/p>\n<\/div><figcaption>Fonte: Youtube, &#8220;MY FAMILY 1-Kids vocabulary &#8211; Family members &#8211; Daddy- Mommy- English for kids &#8211; English&#8221; do canal  PI\u00d1ITA TV.  <br>Dispon\u00edvel em: <a href=\"https:\/\/www.youtube.com\/watch?v=u9kpdmCtO34\">https:\/\/www.youtube.com\/watch?v=u9kpdmCtO34<\/a><\/figcaption><\/figure>\n\n\n\n<p class=\"has-medium-font-size\">Agora que aprendeu o nome do seu grupo familiar em ingl\u00eas, treine a pron\u00fancia e escreva as palavras no caderno, em ingl\u00eas e portugu\u00eas.<\/p>\n\n\n\n<hr class=\"wp-block-separator\"\/>\n\n\n\n<figure class=\"wp-block-table\"><table><tbody><tr><td><strong>Componentes<\/strong><\/td><td><strong>Habilidades<\/strong><\/td><\/tr><tr><td>Geografia<\/td><td>(EF02GE05-A) Analisar as transforma\u00e7\u00f5es espaciais, comparando imagens de um mesmo lugar em diferentes&nbsp; tempos, com \u00eanfase nas imagens de sua comunidade.<\/td><\/tr><\/tbody><\/table><\/figure>\n\n\n\n<hr class=\"wp-block-separator\"\/>\n\n\n\n<p class=\"has-text-align-center\">Ciclo da inf\u00e2ncia \u2013 Experi\u00eancias e Curiosidades- 2\u00ba ano \u2013 B<\/p>\n\n\n\n<hr class=\"wp-block-separator\"\/>\n\n\n\n<p class=\"has-text-align-center\">Cr\u00e9ditos: Regime de Colabora\u00e7\u00e3o \u2013 Coordena\u00e7\u00e3o Estadual de Implementa\u00e7\u00e3o da BNCC no Estado de Goi\u00e1s.<\/p>\n","protected":false},"author":14,"featured_media":3652,"template":"","ef_categoria":[],"ef_ano":[85],"ef_componente":[96],"class_list":["post-3651","ensino_fundamental","type-ensino_fundamental","status-publish","has-post-thumbnail","hentry","ef_ano-2o-ano","ef_componente-geografia","entry","has-media"],"acf":[],"_links":{"self":[{"href":"https:\/\/sme.goiania.go.gov.br\/conexaoescola\/wp-json\/wp\/v2\/ensino_fundamental\/3651","targetHints":{"allow":["GET"]}}],"collection":[{"href":"https:\/\/sme.goiania.go.gov.br\/conexaoescola\/wp-json\/wp\/v2\/ensino_fundamental"}],"about":[{"href":"https:\/\/sme.goiania.go.gov.br\/conexaoescola\/wp-json\/wp\/v2\/types\/ensino_fundamental"}],"author":[{"embeddable":true,"href":"https:\/\/sme.goiania.go.gov.br\/conexaoescola\/wp-json\/wp\/v2\/users\/14"}],"version-history":[{"count":0,"href":"https:\/\/sme.goiania.go.gov.br\/conexaoescola\/wp-json\/wp\/v2\/ensino_fundamental\/3651\/revisions"}],"wp:featuredmedia":[{"embeddable":true,"href":"https:\/\/sme.goiania.go.gov.br\/conexaoescola\/wp-json\/wp\/v2\/media\/3652"}],"wp:attachment":[{"href":"https:\/\/sme.goiania.go.gov.br\/conexaoescola\/wp-json\/wp\/v2\/media?parent=3651"}],"wp:term":[{"taxonomy":"ef_categoria","embeddable":true,"href":"https:\/\/sme.goiania.go.gov.br\/conexaoescola\/wp-json\/wp\/v2\/ef_categoria?post=3651"},{"taxonomy":"ef_ano","embeddable":true,"href":"https:\/\/sme.goiania.go.gov.br\/conexaoescola\/wp-json\/wp\/v2\/ef_ano?post=3651"},{"taxonomy":"ef_componente","embeddable":true,"href":"https:\/\/sme.goiania.go.gov.br\/conexaoescola\/wp-json\/wp\/v2\/ef_componente?post=3651"}],"curies":[{"name":"wp","href":"https:\/\/api.w.org\/{rel}","templated":true}]}}