{"id":3631,"date":"2020-08-24T07:00:00","date_gmt":"2020-08-24T10:00:00","guid":{"rendered":"http:\/\/sme.goiania.go.gov.br\/conexaoescola\/?post_type=ensino_fundamental&#038;p=3631"},"modified":"2021-12-29T16:03:18","modified_gmt":"2021-12-29T18:03:18","slug":"orgaos-dos-sentidos","status":"publish","type":"ensino_fundamental","link":"https:\/\/sme.goiania.go.gov.br\/conexaoescola\/ensino_fundamental\/orgaos-dos-sentidos\/","title":{"rendered":"Ci\u00eancias da Natureza &#8211; \u00d3rg\u00e3os dos sentidos"},"content":{"rendered":"\n<p class=\"has-medium-font-size\">Ol\u00e1! <\/p>\n\n\n\n<p class=\"has-medium-font-size\">J\u00e1 parou para pensar que sem os \u00f3rg\u00e3os dos sentidos nada ser\u00edamos? <\/p>\n\n\n\n<p class=\"has-medium-font-size\">S\u00e3o eles que nos permitem enxergar, ouvir, saborear o alimento, sentir os cheiros agrad\u00e1veis e os desagrad\u00e1veis, al\u00e9m de nos permitir sentir tudo aquilo que toca nossa pele. <\/p>\n\n\n\n<p class=\"has-medium-font-size\">Os sentidos s\u00e3o respons\u00e1veis pela nossa capacidade de interpretar o ambiente, ou seja, captar diferentes est\u00edmulos ao nosso redor. <\/p>\n\n\n\n<p class=\"has-medium-font-size\">Temos cinco sentidos:&nbsp;<strong>a vis\u00e3o, a audi\u00e7\u00e3o, o paladar, o olfato e o tato<\/strong>. <\/p>\n\n\n\n<p class=\"has-medium-font-size\">Todos s\u00e3o muito importantes, pois nos garante a <strong>sobreviv\u00eancia<\/strong>, quando reagimos ao perigo e aos sons de advert\u00eancia por meio das sensa\u00e7\u00f5es de fome, de dor, de frio, de sono.<\/p>\n\n\n\n<p class=\"has-medium-font-size\"><strong>Atividade 1<\/strong><\/p>\n\n\n\n<p class=\"has-medium-font-size\">Clique no v\u00eddeo abaixo para cantar e dan\u00e7ar a m\u00fasica sobre os cinco sentidos. Convide sua fam\u00edlia para ouvir com voc\u00ea.<\/p>\n\n\n\n<figure class=\"wp-block-embed is-type-video is-provider-youtube wp-block-embed-youtube wp-embed-aspect-16-9 wp-has-aspect-ratio\"><div class=\"wp-block-embed__wrapper\">\n<p class=\"responsive-video-wrap clr\"><iframe title=\"5 Sentidos - M\u00fasicas e Can\u00e7\u00f5es infantis\" width=\"1200\" height=\"675\" src=\"https:\/\/www.youtube.com\/embed\/8PIa7bBBrc0?feature=oembed\" frameborder=\"0\" allow=\"accelerometer; autoplay; clipboard-write; encrypted-media; gyroscope; picture-in-picture\" allowfullscreen><\/iframe><\/p>\n<\/div><figcaption>&#8220;5 Sentidos &#8211; M\u00fasicas e Can\u00e7\u00f5es infantis&#8221; &#8211; Canal: Multiland &#8211; Link: <a href=\"https:\/\/www.youtube.com\/watch?v=8PIa7bBBrc0&amp;feature=emb_title\">https:\/\/www.youtube.com\/watch?v=8PIa7bBBrc0&amp;feature=emb_title<\/a><\/figcaption><\/figure>\n\n\n\n<hr class=\"wp-block-separator\"\/>\n\n\n\n<p class=\"has-medium-font-size\">A m\u00fasica fala dos cinco sentidos dos seres humanos. <\/p>\n\n\n\n<p class=\"has-medium-font-size\">Agora converse com sua fam\u00edlia sobre as quest\u00f5es:<\/p>\n\n\n\n<p class=\"has-medium-font-size\"><strong>a)<\/strong> Quais s\u00e3o os cinco sentidos?<\/p>\n\n\n\n<p class=\"has-medium-font-size\"><strong>b<\/strong>) Qual \u00f3rg\u00e3o do sentido \u00e9 respons\u00e1vel pelo que sinto?<\/p>\n\n\n\n<p class=\"has-medium-font-size\"><strong>c)<\/strong> Quando pego um objeto de uma caixinha, o que utilizo para isso?<\/p>\n\n\n\n<p class=\"has-medium-font-size\"><strong>d)<\/strong> E quando escuto diferentes sons?<\/p>\n\n\n\n<p class=\"has-medium-font-size\"><strong>e) <\/strong>Quando como um doce?<\/p>\n\n\n\n<p class=\"has-medium-font-size\"><strong>f)<\/strong> E quando olho as \u00e1rvores na rua da minha casa?<\/p>\n\n\n\n<p class=\"has-medium-font-size\"><strong>g)<\/strong> E o cheiro do jantar?<\/p>\n\n\n\n<hr class=\"wp-block-separator\"\/>\n\n\n\n<p style=\"font-size:21px\"><strong>Atividade 2<\/strong><\/p>\n\n\n\n<p class=\"has-medium-font-size\">Observe a gravura abaixo com os 5 sentidos em ingl\u00eas. Vamos ler e classificar os diferentes sentidos, al\u00e9m de provar, ouvir, sentir, tatear e cheirar.<\/p>\n\n\n\n<p class=\"has-medium-font-size\"> Se for necess\u00e1rio use o dicion\u00e1rio ou o tradutor.<\/p>\n\n\n\n<figure class=\"wp-block-image size-large is-resized\"><img fetchpriority=\"high\" decoding=\"async\" src=\"http:\/\/sme.goiania.go.gov.br\/conexaoescola\/wp-content\/uploads\/2020\/08\/image-2-e1597351809353.png\" alt=\"\" class=\"wp-image-3633\" width=\"537\" height=\"710\" srcset=\"https:\/\/sme.goiania.go.gov.br\/conexaoescola\/wp-content\/uploads\/2020\/08\/image-2-e1597351809353.png 276w, https:\/\/sme.goiania.go.gov.br\/conexaoescola\/wp-content\/uploads\/2020\/08\/image-2-e1597351809353-227x300.png 227w\" sizes=\"(max-width: 537px) 100vw, 537px\" \/><figcaption>Dispon\u00edvel em: <a href=\"https:\/\/br.pinterest.com\/pin\/40321359150310356\/\">https:\/\/br.pinterest.com\/pin\/40321359150310356\/<\/a>. Acesso em: 16 de jun. de 2020.<\/figcaption><\/figure>\n\n\n\n<hr class=\"wp-block-separator\"\/>\n\n\n\n<p class=\"has-medium-font-size\"><strong>Atividade 3<\/strong><\/p>\n\n\n\n<p class=\"has-medium-font-size\">Agora que voc\u00ea j\u00e1 leu e treinou bastante o cartaz com os 5 sentidos em ingl\u00eas, identifique na imagem abaixo cada \u00f3rg\u00e3o correspondente ao seu sentido. <\/p>\n\n\n\n<p class=\"has-medium-font-size\">Registre no seu caderno conforme o modelo: <strong>olhos \u2013 see.<\/strong><\/p>\n\n\n\n<figure class=\"wp-block-image size-large is-resized\"><img decoding=\"async\" src=\"http:\/\/sme.goiania.go.gov.br\/conexaoescola\/wp-content\/uploads\/2020\/08\/image-3-e1597352130331.png\" alt=\"\" class=\"wp-image-3635\" width=\"494\" height=\"642\" srcset=\"https:\/\/sme.goiania.go.gov.br\/conexaoescola\/wp-content\/uploads\/2020\/08\/image-3-e1597352130331.png 235w, https:\/\/sme.goiania.go.gov.br\/conexaoescola\/wp-content\/uploads\/2020\/08\/image-3-e1597352130331-231x300.png 231w\" sizes=\"(max-width: 494px) 100vw, 494px\" \/><\/figure>\n\n\n\n<hr class=\"wp-block-separator\"\/>\n\n\n\n<p class=\"has-medium-font-size\"><strong>Clique no v\u00eddeo abaixo<\/strong> e assista \u201cO Brasil visto de cima\u201d.<\/p>\n\n\n\n<figure class=\"wp-block-embed is-type-video is-provider-youtube wp-block-embed-youtube wp-embed-aspect-16-9 wp-has-aspect-ratio\"><div class=\"wp-block-embed__wrapper\">\n<p class=\"responsive-video-wrap clr\"><iframe title=\"Brasil Visto de Cima\" width=\"1200\" height=\"675\" src=\"https:\/\/www.youtube.com\/embed\/BD0dgOj1JyE?list=PLe3SAVVJXsGpS3cd3xf45THEpfsvUrh-7\" frameborder=\"0\" allow=\"accelerometer; autoplay; clipboard-write; encrypted-media; gyroscope; picture-in-picture\" allowfullscreen><\/iframe><\/p>\n<\/div><figcaption>&#8220;Brasil Visto de Cima&#8221; &#8211; Canal: Maria TV &#8211; Link: <a href=\"https:\/\/www.youtube.com\/watch?list=PLe3SAVVJXsGpS3cd3xf45THEpfsvUrh-7&amp;v=BD0dgOj1JyE&amp;feature=emb_title\">https:\/\/www.youtube.com\/watch?list=PLe3SAVVJXsGpS3cd3xf45THEpfsvUrh-7&amp;v=BD0dgOj1JyE&amp;feature=emb_title<\/a><\/figcaption><\/figure>\n\n\n\n<hr class=\"wp-block-separator\"\/>\n\n\n\n<p class=\"has-medium-font-size\"><strong>Gostou do v\u00eddeo?<\/strong><\/p>\n\n\n\n<p class=\"has-medium-font-size\"><strong>Agora responda:<\/strong><\/p>\n\n\n\n<p class=\"has-medium-font-size\">1- Voc\u00ea j\u00e1 voou em um bal\u00e3o?<\/p>\n\n\n\n<p class=\"has-medium-font-size\">2- O que voc\u00ea gostaria de ver l\u00e1 de cima?<\/p>\n\n\n\n<p class=\"has-medium-font-size\">3- Se estivesse voando em um bal\u00e3o, qual a posi\u00e7\u00e3o veria o mundo? Como veria as casas, os objetos?<\/p>\n\n\n\n<hr class=\"wp-block-separator\"\/>\n\n\n\n<figure class=\"wp-block-image size-large is-resized\"><img decoding=\"async\" src=\"http:\/\/sme.goiania.go.gov.br\/conexaoescola\/wp-content\/uploads\/2020\/08\/\u00e7\u00e7-e1597352454962.png\" alt=\"\" class=\"wp-image-3637\" width=\"634\" height=\"395\" srcset=\"https:\/\/sme.goiania.go.gov.br\/conexaoescola\/wp-content\/uploads\/2020\/08\/\u00e7\u00e7-e1597352454962.png 1003w, https:\/\/sme.goiania.go.gov.br\/conexaoescola\/wp-content\/uploads\/2020\/08\/\u00e7\u00e7-e1597352454962-300x187.png 300w, https:\/\/sme.goiania.go.gov.br\/conexaoescola\/wp-content\/uploads\/2020\/08\/\u00e7\u00e7-e1597352454962-768x479.png 768w\" sizes=\"(max-width: 634px) 100vw, 634px\" \/><figcaption>Dispon\u00edvel em: <a href=\"https:\/\/www.teses.usp.br\/teses\/disponiveis\/8\/8136\/tde-12062013-100702\/publico\/2012_ElizabethDeSouzaMachadoHess_Apendice.pdf\">https:\/\/www.teses.usp.br\/teses\/disponiveis\/8\/8136\/tde-12062013-0702\/publico\/2012_ElizabethDeSouzaMachadoHess_Apendice.pdf<\/a>. Acesso em: 16 de jun. de 2020.<\/figcaption><\/figure>\n\n\n\n<hr class=\"wp-block-separator\"\/>\n\n\n\n<p class=\"has-medium-font-size\"><strong>Atividade 5<\/strong><\/p>\n\n\n\n<p class=\"has-medium-font-size\">Observe a gravura abaixo e responda:<\/p>\n\n\n\n<figure class=\"wp-block-image size-large is-resized\"><img loading=\"lazy\" decoding=\"async\" src=\"http:\/\/sme.goiania.go.gov.br\/conexaoescola\/wp-content\/uploads\/2020\/08\/image-6-e1597353034998.png\" alt=\"\" class=\"wp-image-3641\" width=\"491\" height=\"257\" srcset=\"https:\/\/sme.goiania.go.gov.br\/conexaoescola\/wp-content\/uploads\/2020\/08\/image-6-e1597353034998.png 321w, https:\/\/sme.goiania.go.gov.br\/conexaoescola\/wp-content\/uploads\/2020\/08\/image-6-e1597353034998-300x157.png 300w\" sizes=\"(max-width: 491px) 100vw, 491px\" \/><figcaption>Dispon\u00edvel em: <a href=\"https:\/\/br.pinterest.com\/pin\/55450639150974678\/\">https:\/\/br.pinterest.com\/pin\/55450639150974678\/<\/a>. Acesso em 16 de jun. de 2020.<\/figcaption><\/figure>\n\n\n\n<p class=\"has-medium-font-size\">A) Na gravura acima, as casas foram fotografadas: de cima e de lado, numa vis\u00e3o obl\u00edqua ou de cima, numa vis\u00e3o vertical?<\/p>\n\n\n\n<p class=\"has-medium-font-size\">B) Qual gravura abaixo representa os telhados das casas da gravura acima sendo visto de cima, numa vis\u00e3o vertical? Os telhados da direita ou os telhados da esquerda?<\/p>\n\n\n\n<figure class=\"wp-block-image size-large is-resized\"><img loading=\"lazy\" decoding=\"async\" src=\"http:\/\/sme.goiania.go.gov.br\/conexaoescola\/wp-content\/uploads\/2020\/08\/2020-08-13_18-19-32-e1597353314208.png\" alt=\"\" class=\"wp-image-3647\" width=\"588\" height=\"163\" srcset=\"https:\/\/sme.goiania.go.gov.br\/conexaoescola\/wp-content\/uploads\/2020\/08\/2020-08-13_18-19-32-e1597353314208.png 455w, https:\/\/sme.goiania.go.gov.br\/conexaoescola\/wp-content\/uploads\/2020\/08\/2020-08-13_18-19-32-e1597353314208-300x83.png 300w\" sizes=\"(max-width: 588px) 100vw, 588px\" \/><\/figure>\n\n\n\n<hr class=\"wp-block-separator\"\/>\n\n\n\n<figure class=\"wp-block-table\"><table><tbody><tr><td>Componentes<\/td><td>Habilidades<\/td><\/tr><tr><td>Ci\u00eancias da Natureza<\/td><td>(EF01C\/02-A\/B\/C) Localizar, nomear e representar, por meio de desenhos, partes do corpo humano (incluindo \u00f3rg\u00e3os dos sentidos) e explicar oralmente suas fun\u00e7\u00f5es.<\/td><\/tr><\/tbody><\/table><\/figure>\n\n\n\n<hr class=\"wp-block-separator\"\/>\n\n\n\n<p class=\"has-text-align-center\">Anos iniciais &#8211; 1\u00ba ano &#8211; Experi\u00eancias e Curiosidades<\/p>\n\n\n\n<hr class=\"wp-block-separator\"\/>\n\n\n\n<p class=\"has-text-align-center\"><strong>REGIME DE COLABORA\u00c7\u00c3O<\/strong> &#8211; UNDIME<\/p>\n","protected":false},"author":14,"featured_media":3633,"template":"","ef_categoria":[],"ef_ano":[84],"ef_componente":[98],"class_list":["post-3631","ensino_fundamental","type-ensino_fundamental","status-publish","has-post-thumbnail","hentry","ef_ano-1o-ano","ef_componente-ciencia-da-natureza-ef","entry","has-media"],"acf":[],"_links":{"self":[{"href":"https:\/\/sme.goiania.go.gov.br\/conexaoescola\/wp-json\/wp\/v2\/ensino_fundamental\/3631","targetHints":{"allow":["GET"]}}],"collection":[{"href":"https:\/\/sme.goiania.go.gov.br\/conexaoescola\/wp-json\/wp\/v2\/ensino_fundamental"}],"about":[{"href":"https:\/\/sme.goiania.go.gov.br\/conexaoescola\/wp-json\/wp\/v2\/types\/ensino_fundamental"}],"author":[{"embeddable":true,"href":"https:\/\/sme.goiania.go.gov.br\/conexaoescola\/wp-json\/wp\/v2\/users\/14"}],"version-history":[{"count":0,"href":"https:\/\/sme.goiania.go.gov.br\/conexaoescola\/wp-json\/wp\/v2\/ensino_fundamental\/3631\/revisions"}],"wp:featuredmedia":[{"embeddable":true,"href":"https:\/\/sme.goiania.go.gov.br\/conexaoescola\/wp-json\/wp\/v2\/media\/3633"}],"wp:attachment":[{"href":"https:\/\/sme.goiania.go.gov.br\/conexaoescola\/wp-json\/wp\/v2\/media?parent=3631"}],"wp:term":[{"taxonomy":"ef_categoria","embeddable":true,"href":"https:\/\/sme.goiania.go.gov.br\/conexaoescola\/wp-json\/wp\/v2\/ef_categoria?post=3631"},{"taxonomy":"ef_ano","embeddable":true,"href":"https:\/\/sme.goiania.go.gov.br\/conexaoescola\/wp-json\/wp\/v2\/ef_ano?post=3631"},{"taxonomy":"ef_componente","embeddable":true,"href":"https:\/\/sme.goiania.go.gov.br\/conexaoescola\/wp-json\/wp\/v2\/ef_componente?post=3631"}],"curies":[{"name":"wp","href":"https:\/\/api.w.org\/{rel}","templated":true}]}}