{"id":3605,"date":"2020-08-10T13:24:00","date_gmt":"2020-08-10T16:24:00","guid":{"rendered":"http:\/\/sme.goiania.go.gov.br\/conexaoescola\/?post_type=ensino_fundamental&#038;p=3605"},"modified":"2020-08-13T13:25:32","modified_gmt":"2020-08-13T16:25:32","slug":"vamos-brincar-de-reporter","status":"publish","type":"ensino_fundamental","link":"https:\/\/sme.goiania.go.gov.br\/conexaoescola\/ensino_fundamental\/vamos-brincar-de-reporter\/","title":{"rendered":"Vamos brincar de reporter?"},"content":{"rendered":"\n<p class=\"has-medium-font-size\">Ol\u00e1! <\/p>\n\n\n\n<p class=\"has-medium-font-size\">Vamos conhecer uma forma diferente de aprender sobre as coisas e as pessoas? <\/p>\n\n\n\n<p class=\"has-medium-font-size\">Hoje estudaremos sobre a entrevista. Ela nos ajuda a descobrir e aprender mais sobre fatos, acontecimentos, fen\u00f4menos por meio de perguntas que fazemos a outras pessoas. <\/p>\n\n\n\n<p class=\"has-medium-font-size\">Vamos come\u00e7ar?<\/p>\n\n\n\n<hr class=\"wp-block-separator\"\/>\n\n\n\n<p class=\"has-medium-font-size\">A entrevista \u00e9 um di\u00e1logo entre duas ou mais pessoas e tem como principal objetivo coletar declara\u00e7\u00f5es e informa\u00e7\u00f5es sobre um determinado assunto. A entrevista \u00e9 muito utilizada em jornais, r\u00e1dios, tvs, sites para passar uma informa\u00e7\u00e3o ou conhecimento para as pessoas.<\/p>\n\n\n\n<p class=\"has-medium-font-size\"><strong>Atividade 1<\/strong><\/p>\n\n\n\n<p class=\"has-medium-font-size\">Vamos relembrar o que \u00e9 uma entrevista? Leia o texto abaixo.<\/p>\n\n\n\n<div class=\"wp-block-image\"><figure class=\"aligncenter size-large is-resized\"><img fetchpriority=\"high\" decoding=\"async\" src=\"http:\/\/sme.goiania.go.gov.br\/conexaoescola\/wp-content\/uploads\/2020\/08\/2\u00ba_Semana-6-e1597333826301.png\" alt=\"\" class=\"wp-image-3606\" width=\"697\" height=\"410\" srcset=\"https:\/\/sme.goiania.go.gov.br\/conexaoescola\/wp-content\/uploads\/2020\/08\/2\u00ba_Semana-6-e1597333826301.png 788w, https:\/\/sme.goiania.go.gov.br\/conexaoescola\/wp-content\/uploads\/2020\/08\/2\u00ba_Semana-6-e1597333826301-300x177.png 300w, https:\/\/sme.goiania.go.gov.br\/conexaoescola\/wp-content\/uploads\/2020\/08\/2\u00ba_Semana-6-e1597333826301-768x452.png 768w\" sizes=\"(max-width: 697px) 100vw, 697px\" \/><figcaption>Dispon\u00edvel em: <a href=\"https:\/\/br.pinterest.com\/pin\/689121180463866671\/\">https:\/\/br.pinterest.com\/pin\/689121180463866671\/<\/a> Acesso em 26 de mai. De 2020.<\/figcaption><\/figure><\/div>\n\n\n\n<hr class=\"wp-block-separator\"\/>\n\n\n\n<p class=\"has-medium-font-size\"><strong>Atividade 2<\/strong><\/p>\n\n\n\n<p class=\"has-medium-font-size\">Agora \u00e9 sua vez de ser rep\u00f3rter por um dia!<\/p>\n\n\n\n<p class=\"has-medium-font-size\">Escolha uma pessoa da sua fam\u00edlia e fa\u00e7a uma entrevista com ela sobre prefer\u00eancias. <\/p>\n\n\n\n<p class=\"has-medium-font-size\">Voc\u00ea pode perguntar:<\/p>\n\n\n\n<ol class=\"wp-block-list\" type=\"A\"><li>Onde voc\u00ea gosta de passear?<\/li><li>Qual sua cor predileta?<\/li><li>O que voc\u00ea mais gosta de fazer pra descansar e se distrair?<\/li><li>Qual seu melhor amigo?<\/li><li>O que te deixa feliz?<\/li><li>Qual seu maior sonho?<\/li><li>O que deixa voc\u00ea triste?<\/li><li>O que te deixa animado?<\/li><\/ol>\n\n\n\n<p class=\"has-medium-font-size\">N\u00e3o se esque\u00e7a de registrar! <\/p>\n\n\n\n<p class=\"has-medium-font-size\">Voc\u00ea pode escrever no seu caderno, no bloco de notas do celular ou filmar. Converse antes com a pessoa que voc\u00ea vai entrevistar qual ser\u00e1 a forma de registro.\u00a0<\/p>\n\n\n\n<hr class=\"wp-block-separator\"\/>\n\n\n\n<p class=\"has-medium-font-size\"><strong>Atividade 3<\/strong><\/p>\n\n\n\n<p class=\"has-medium-font-size\">Vamos ver uma entrevista? <\/p>\n\n\n\n<p class=\"has-medium-font-size\">Acesse o link, assista ao v\u00eddeo com aten\u00e7\u00e3o e depois responda as quest\u00f5es a seguir.<\/p>\n\n\n\n<figure class=\"wp-block-embed-youtube wp-block-embed is-type-video is-provider-youtube wp-embed-aspect-4-3 wp-has-aspect-ratio\"><div class=\"wp-block-embed__wrapper\">\n<p class=\"responsive-video-wrap clr\"><iframe title=\"Entrevista preserva\u00e7\u00e3o do meio ambiente\" width=\"1200\" height=\"900\" src=\"https:\/\/www.youtube.com\/embed\/-RBt_2lEpqI?feature=oembed\" frameborder=\"0\" allow=\"accelerometer; autoplay; encrypted-media; gyroscope; picture-in-picture\" allowfullscreen><\/iframe><\/p>\n<\/div><figcaption>Fonte: YouTube &#8211; Entrevista preserva\u00e7\u00e3o do meio ambiente. Canal: <a href=\"https:\/\/www.youtube.com\/channel\/UCSv9d0kQegylHWpP83jWSQg\">tvbrasil<\/a><br>Link: <a href=\"https:\/\/www.youtube.com\/watch?v=-RBt_2lEpqI&amp;feature=youtu.be\" target=\"_blank\" rel=\"noreferrer noopener\">https:\/\/www.youtube.com\/watch?v=-RBt_2lEpqI&amp;feature=youtu.be<\/a><\/figcaption><\/figure>\n\n\n\n<div style=\"height:20px\" aria-hidden=\"true\" class=\"wp-block-spacer\"><\/div>\n\n\n\n<ol class=\"wp-block-list\" type=\"A\"><li>Qual \u00e9 o assunto da entrevista?<\/li><li>O que voc\u00ea aprendeu com a entrevista?<\/li><li>Liste dois pontos que chamaram a sua aten\u00e7\u00e3o na fala do entrevistado.<\/li><\/ol>\n\n\n\n<hr class=\"wp-block-separator\"\/>\n\n\n\n<p class=\"has-medium-font-size\"><strong>Atividade 4<\/strong><\/p>\n\n\n\n<p class=\"has-medium-font-size\">Voc\u00ea j\u00e1 parou para pensar na import\u00e2ncia da preserva\u00e7\u00e3o do meio ambiente? Assista a este outro v\u00eddeo e pense nas respostas que voc\u00ea daria as perguntas feitas aos entrevistados.<\/p>\n\n\n\n<figure class=\"wp-block-embed-youtube wp-block-embed is-type-video is-provider-youtube wp-embed-aspect-16-9 wp-has-aspect-ratio\"><div class=\"wp-block-embed__wrapper\">\n<p class=\"responsive-video-wrap clr\"><iframe title=\"Entrevista: Meio Ambiente!\" width=\"1200\" height=\"675\" src=\"https:\/\/www.youtube.com\/embed\/7pv5Eq9fvRw?feature=oembed\" frameborder=\"0\" allow=\"accelerometer; autoplay; encrypted-media; gyroscope; picture-in-picture\" allowfullscreen><\/iframe><\/p>\n<\/div><figcaption>Fonte: Youtube &#8211; Entrevista: Meio Ambiente! Canal: <a href=\"https:\/\/www.youtube.com\/channel\/UCPXYyCs7UdX3-lTLZVfD71w\">Izabele Renata<\/a><br>Link: <a href=\"https:\/\/www.youtube.com\/watch?v=7pv5Eq9fvRw\">https:\/\/www.youtube.com\/watch?v=7pv5Eq9fvRw<\/a><\/figcaption><\/figure>\n\n\n\n<hr class=\"wp-block-separator\"\/>\n\n\n\n<figure class=\"wp-block-table\"><table><tbody><tr><td><strong>Componentes<\/strong><\/td><td><strong>Habilidades<\/strong><\/td><\/tr><tr><td>L\u00edngua Portuguesa<\/td><td>(EF15LP03) Localizar informa\u00e7\u00f5es explicitas em textos.<br><br>(EF01LP23) Planejar e produzir, em colabora\u00e7\u00e3o com os colegas e com a ajuda do\u00a0 professor, entrevistas, curiosidades, dentre outros g\u00eaneros do campo investigativo, que possam ser repassados oralmente por meio de ferramentas digitais, em \u00e1udio oui v\u00eddeo, considerando a situa\u00e7\u00e3o comunicativa e o tema\/finalidade do texto.\u00a0<\/td><\/tr><\/tbody><\/table><\/figure>\n\n\n\n<hr class=\"wp-block-separator\"\/>\n\n\n\n<p>Cr\u00e9ditos: Regime de Colabora\u00e7\u00e3o \u2013 Coordena\u00e7\u00e3o Estadual de Implementa\u00e7\u00e3o da BNCC no Estado de Goi\u00e1s.<\/p>\n","protected":false},"author":10,"featured_media":3607,"template":"","ef_categoria":[13,18],"ef_ano":[],"ef_componente":[],"class_list":["post-3605","ensino_fundamental","type-ensino_fundamental","status-publish","has-post-thumbnail","hentry","ef_categoria-ciclo-da-infancia-abc","ef_categoria-educacao-ambiental-e-saude","entry","has-media"],"acf":[],"_links":{"self":[{"href":"https:\/\/sme.goiania.go.gov.br\/conexaoescola\/wp-json\/wp\/v2\/ensino_fundamental\/3605","targetHints":{"allow":["GET"]}}],"collection":[{"href":"https:\/\/sme.goiania.go.gov.br\/conexaoescola\/wp-json\/wp\/v2\/ensino_fundamental"}],"about":[{"href":"https:\/\/sme.goiania.go.gov.br\/conexaoescola\/wp-json\/wp\/v2\/types\/ensino_fundamental"}],"author":[{"embeddable":true,"href":"https:\/\/sme.goiania.go.gov.br\/conexaoescola\/wp-json\/wp\/v2\/users\/10"}],"version-history":[{"count":0,"href":"https:\/\/sme.goiania.go.gov.br\/conexaoescola\/wp-json\/wp\/v2\/ensino_fundamental\/3605\/revisions"}],"wp:featuredmedia":[{"embeddable":true,"href":"https:\/\/sme.goiania.go.gov.br\/conexaoescola\/wp-json\/wp\/v2\/media\/3607"}],"wp:attachment":[{"href":"https:\/\/sme.goiania.go.gov.br\/conexaoescola\/wp-json\/wp\/v2\/media?parent=3605"}],"wp:term":[{"taxonomy":"ef_categoria","embeddable":true,"href":"https:\/\/sme.goiania.go.gov.br\/conexaoescola\/wp-json\/wp\/v2\/ef_categoria?post=3605"},{"taxonomy":"ef_ano","embeddable":true,"href":"https:\/\/sme.goiania.go.gov.br\/conexaoescola\/wp-json\/wp\/v2\/ef_ano?post=3605"},{"taxonomy":"ef_componente","embeddable":true,"href":"https:\/\/sme.goiania.go.gov.br\/conexaoescola\/wp-json\/wp\/v2\/ef_componente?post=3605"}],"curies":[{"name":"wp","href":"https:\/\/api.w.org\/{rel}","templated":true}]}}