{"id":3522,"date":"2020-08-10T07:00:00","date_gmt":"2020-08-10T10:00:00","guid":{"rendered":"http:\/\/sme.goiania.go.gov.br\/conexaoescola\/?post_type=ensino_fundamental&#038;p=3522"},"modified":"2022-01-03T10:58:42","modified_gmt":"2022-01-03T12:58:42","slug":"o-sol-e-a-lua","status":"publish","type":"ensino_fundamental","link":"https:\/\/sme.goiania.go.gov.br\/conexaoescola\/ensino_fundamental\/o-sol-e-a-lua\/","title":{"rendered":"Ci\u00eancias da Natureza &#8211; O sol e a lua"},"content":{"rendered":"\n<p class=\"has-medium-font-size\">Ol\u00e1! Voc\u00ea j\u00e1 olhou para o c\u00e9u durante o dia? E durante a noite?<\/p>\n\n\n\n<p class=\"has-medium-font-size\">O c\u00e9u durante o dia e durante a noite apresentam elementos diferentes. <\/p>\n\n\n\n<p class=\"has-medium-font-size\">Hoje vamos aprender sobre essas diferen\u00e7as por meio da identifica\u00e7\u00e3o e da observa\u00e7\u00e3o de fen\u00f4menos naturais e do comportamento dos seres vivos.<\/p>\n\n\n\n<p class=\"has-medium-font-size\">Voc\u00ea sabe quais s\u00e3o as principais caracter\u00edsticas que nos faz diferenciar o dia e a noite? Vamos aprender mais sobre isso?<\/p>\n\n\n\n<p class=\"has-medium-font-size\"><br><strong>Atividade 1<\/strong><br>Acesse o link e ou\u00e7a a hist\u00f3ria \u201cDia e Noite\u201d de Mary Fran\u00e7a e Eliardo Fran\u00e7a.<\/p>\n\n\n\n<p><\/p>\n\n\n\n<figure class=\"wp-block-embed is-type-video is-provider-youtube wp-block-embed-youtube wp-embed-aspect-16-9 wp-has-aspect-ratio\"><div class=\"wp-block-embed__wrapper\">\n<p class=\"responsive-video-wrap clr\"><iframe title=\"AUDIOLIVRO: NAT\u00c1LIA L\u00ca PRA GENTE O LIVRO \u201cDIA E NOITE\u201d\" width=\"1200\" height=\"675\" src=\"https:\/\/www.youtube.com\/embed\/QvaHcqbsgmU?feature=oembed\" frameborder=\"0\" allow=\"accelerometer; autoplay; clipboard-write; encrypted-media; gyroscope; picture-in-picture\" allowfullscreen><\/iframe><\/p>\n<\/div><figcaption>\u201cAUDIOLIVRO: NAT\u00c1LIA L\u00ca PRA GENTE O LIVRO \u201cDIA E NOITE\u201d \u2013 Canal:<br>Escola Canadense Niter\u00f3i \u2013 Link:&nbsp;<a href=\"https:\/\/www.youtube.com\/watch?v=QvaHcqbsgmU&amp;feature=emb_title\">https:\/\/www.youtube.com\/watch?v=QvaHcqbsgmU&amp;feature=emb_title<\/a><\/figcaption><\/figure>\n\n\n\n<p class=\"has-medium-font-size\"><strong>Atividade 2<\/strong><br>Converse com sua fam\u00edlia sobre as perguntas a seguir:<br>A) O que voc\u00ea mais gosta: do dia ou da noite?<br>B) Voc\u00ea costuma sonhar \u00e0 noite? Com o qu\u00ea?<br>C) Costuma sonhar acordado?<br>D) Qual o seu maior sonho?<\/p>\n\n\n\n<hr class=\"wp-block-separator\"\/>\n\n\n\n<p class=\"has-medium-font-size\"><strong>Atividade 3<\/strong><br>Vamos criar um quadro pensando nas caracter\u00edsticas que nos faz diferenciar o dia da noite?<br>Voc\u00ea poder\u00e1 registrar por meio da escrita ou do desenho a partir das quest\u00f5es:<\/p>\n\n\n\n<p class=\"has-medium-font-size\"><br>A) O que \u00e9 comum fazermos durante o dia? E durante a noite?<br>B) O que podemos ver no c\u00e9u durante o dia? E durante a noite?<br>C) Quais animais vemos durante o dia? E a noite?<\/p>\n\n\n\n<figure class=\"wp-block-image size-large\"><img fetchpriority=\"high\" decoding=\"async\" width=\"1024\" height=\"143\" src=\"http:\/\/sme.goiania.go.gov.br\/conexaoescola\/wp-content\/uploads\/2020\/08\/TABELA-COTADA-1024x143.png\" alt=\"\" class=\"wp-image-3536\" srcset=\"https:\/\/sme.goiania.go.gov.br\/conexaoescola\/wp-content\/uploads\/2020\/08\/TABELA-COTADA-1024x143.png 1024w, https:\/\/sme.goiania.go.gov.br\/conexaoescola\/wp-content\/uploads\/2020\/08\/TABELA-COTADA-300x42.png 300w, https:\/\/sme.goiania.go.gov.br\/conexaoescola\/wp-content\/uploads\/2020\/08\/TABELA-COTADA-768x108.png 768w, https:\/\/sme.goiania.go.gov.br\/conexaoescola\/wp-content\/uploads\/2020\/08\/TABELA-COTADA.png 1392w\" sizes=\"(max-width: 1024px) 100vw, 1024px\" \/><\/figure>\n\n\n\n<hr class=\"wp-block-separator\"\/>\n\n\n\n<p><strong>Atividade 4<\/strong><\/p>\n\n\n\n<p class=\"has-medium-font-size\">Assista ao v\u00eddeo abaixo que \u00e9 uma aula de ingl\u00eas sobre \u201cOs per\u00edodos do<br>dia\u201d. Repita a fala dos personagens. Divirta-se! Vamos falar ingl\u00eas!<\/p>\n\n\n\n<figure class=\"wp-block-embed is-type-video is-provider-youtube wp-block-embed-youtube wp-embed-aspect-4-3 wp-has-aspect-ratio\"><div class=\"wp-block-embed__wrapper\">\n<p class=\"responsive-video-wrap clr\"><iframe title=\"Aula de Ingl\u00eas - Per\u00edodos do Dia - Periods of the Day !\" width=\"1200\" height=\"900\" src=\"https:\/\/www.youtube.com\/embed\/drBDbB5nfX8?feature=oembed\" frameborder=\"0\" allow=\"accelerometer; autoplay; clipboard-write; encrypted-media; gyroscope; picture-in-picture\" allowfullscreen><\/iframe><\/p>\n<\/div><figcaption>\u201cAula de Ingl\u00eas &#8211; Per\u00edodos do Dia &#8211; Periods of the Day !\u201d \u2013 Canal: <br>Parallelo Ingl\u00eas \u2013 Link:&nbsp;<a href=\"https:\/\/www.youtube.com\/watch?v=drBDbB5nfX8&amp;feature=emb_title\">https:\/\/www.youtube.com\/watch?v=drBDbB5nfX8&amp;feature=emb_title<\/a><\/figcaption><\/figure>\n\n\n\n<hr class=\"wp-block-separator\"\/>\n\n\n\n<figure class=\"wp-block-table\"><table><tbody><tr><td><strong>Componentes<\/strong><\/td><td><strong>Habilidades<\/strong><\/td><\/tr><tr><td>Geografia<\/td><td>(EF01GE05-C) Comparar e descrever as din\u00e2micas dos fen\u00f4menos naturais, como dia e noite, varia\u00e7\u00e3o de<br>temperatura e umidade, em diferentes escalas<br>espaciais e temporais, comparando a sua realidade<br>com outras.<\/td><\/tr><tr><td>Ci\u00eancias da Natureza<\/td><td>(EF01CI05-A\/C) Identificar, nomear e categorizar diferentes escalas de tempo, tais como: os per\u00edodos di\u00e1rios, manh\u00e3, tarde, noite, bem como a sucess\u00e3o de dias, semanas, meses e anos: per\u00edodo letivo, data de anivers\u00e1rio, final de semana.<br>(EF01CI06) Selecionar exemplos de como a sucess\u00e3o de dias e noites orienta o ritmo de atividades de seres humanos e de outros seres vivos.<\/td><\/tr><tr><td>L\u00edngua Inglesa<\/td><td>(GO-EF01LI01) Conhecer e usar sauda\u00e7\u00f5es para cumprimentar e despedir-se na l\u00edngua inglesa, assim como express\u00f5es do cotidiano e comandos: Hi, Hello, Good morning\/afternoon, Bye\/See you, Thank you, Excuse me.<\/td><\/tr><\/tbody><\/table><\/figure>\n\n\n\n<hr class=\"wp-block-separator\"\/>\n\n\n\n<p class=\"has-text-align-center\">Ciclo da inf\u00e2ncia \u2013 Experi\u00eancias e Curiosidades- 1\u00ba ano &#8211; A<\/p>\n\n\n\n<hr class=\"wp-block-separator\"\/>\n\n\n\n<p class=\"has-text-align-center\">Cr\u00e9ditos: Regime de Colabora\u00e7\u00e3o \u2013 Coordena\u00e7\u00e3o Estadual de Implementa\u00e7\u00e3o da BNCC no Estado de Goi\u00e1s.<\/p>\n","protected":false},"author":14,"featured_media":3531,"template":"","ef_categoria":[],"ef_ano":[84],"ef_componente":[98],"class_list":["post-3522","ensino_fundamental","type-ensino_fundamental","status-publish","has-post-thumbnail","hentry","ef_ano-1o-ano","ef_componente-ciencia-da-natureza-ef","entry","has-media"],"acf":[],"_links":{"self":[{"href":"https:\/\/sme.goiania.go.gov.br\/conexaoescola\/wp-json\/wp\/v2\/ensino_fundamental\/3522","targetHints":{"allow":["GET"]}}],"collection":[{"href":"https:\/\/sme.goiania.go.gov.br\/conexaoescola\/wp-json\/wp\/v2\/ensino_fundamental"}],"about":[{"href":"https:\/\/sme.goiania.go.gov.br\/conexaoescola\/wp-json\/wp\/v2\/types\/ensino_fundamental"}],"author":[{"embeddable":true,"href":"https:\/\/sme.goiania.go.gov.br\/conexaoescola\/wp-json\/wp\/v2\/users\/14"}],"version-history":[{"count":0,"href":"https:\/\/sme.goiania.go.gov.br\/conexaoescola\/wp-json\/wp\/v2\/ensino_fundamental\/3522\/revisions"}],"wp:featuredmedia":[{"embeddable":true,"href":"https:\/\/sme.goiania.go.gov.br\/conexaoescola\/wp-json\/wp\/v2\/media\/3531"}],"wp:attachment":[{"href":"https:\/\/sme.goiania.go.gov.br\/conexaoescola\/wp-json\/wp\/v2\/media?parent=3522"}],"wp:term":[{"taxonomy":"ef_categoria","embeddable":true,"href":"https:\/\/sme.goiania.go.gov.br\/conexaoescola\/wp-json\/wp\/v2\/ef_categoria?post=3522"},{"taxonomy":"ef_ano","embeddable":true,"href":"https:\/\/sme.goiania.go.gov.br\/conexaoescola\/wp-json\/wp\/v2\/ef_ano?post=3522"},{"taxonomy":"ef_componente","embeddable":true,"href":"https:\/\/sme.goiania.go.gov.br\/conexaoescola\/wp-json\/wp\/v2\/ef_componente?post=3522"}],"curies":[{"name":"wp","href":"https:\/\/api.w.org\/{rel}","templated":true}]}}