{"id":3263,"date":"2020-08-03T07:00:00","date_gmt":"2020-08-03T10:00:00","guid":{"rendered":"http:\/\/sme.goiania.go.gov.br\/conexaoescola\/?post_type=ensino_fundamental&#038;p=3263"},"modified":"2020-06-29T11:14:17","modified_gmt":"2020-06-29T14:14:17","slug":"montando-quebra-cabecas","status":"publish","type":"ensino_fundamental","link":"https:\/\/sme.goiania.go.gov.br\/conexaoescola\/ensino_fundamental\/montando-quebra-cabecas\/","title":{"rendered":"Montando quebra-cabe\u00e7as"},"content":{"rendered":"\n<p class=\"has-medium-font-size\">Ol\u00e1,&nbsp;<\/p>\n\n\n\n<p class=\"has-medium-font-size\">Nesta atividade, voc\u00ea conhecer\u00e1 a import\u00e2ncia da Hist\u00f3ria e como os historiadores fazem para conhecer o passado. Conhecer\u00e1 como os historiadores montam \u201cquebra cabe\u00e7as\u201d, que explicam como o homem vivia no passado.&nbsp; Que comece a aventura!<\/p>\n\n\n\n<p class=\"has-medium-font-size\">1. Para conhecer sobre o oficio do historiador, assista ao v\u00eddeo e ap\u00f3s responda as quest\u00f5es, anotando as respostas em seu caderno:<br><\/p>\n\n\n\n<figure class=\"wp-block-embed-youtube wp-block-embed is-type-video is-provider-youtube wp-embed-aspect-16-9 wp-has-aspect-ratio\"><div class=\"wp-block-embed__wrapper\">\n<p class=\"responsive-video-wrap clr\"><iframe title=\"O tempo, formas de registro da Hist\u00f3ria e prod. de conhecimento hist\u00f3rico \u2013 Hist\u00f3ria \u2013 6\u00ba ano \u2013 E.F.\" width=\"1200\" height=\"675\" src=\"https:\/\/www.youtube.com\/embed\/zDubU-9Td4I?start=109&#038;feature=oembed\" frameborder=\"0\" allow=\"accelerometer; autoplay; encrypted-media; gyroscope; picture-in-picture\" allowfullscreen><\/iframe><\/p>\n<\/div><figcaption>&#8220;O tempo, formas de registro da Hist\u00f3ria e prod. de conhecimento hist\u00f3rico \u2013 Hist\u00f3ria \u2013 6\u00ba ano \u2013 E.F.&#8221; &#8211; Canal: Futura &#8211; Link: <a rel=\"noreferrer noopener\" href=\"https:\/\/www.youtube.com\/watch?v=zDubU-9Td4I&amp;t=109s\" target=\"_blank\"><span class=\"has-inline-color has-vivid-cyan-blue-color\">https:\/\/www.youtube.com\/watch?v=zDubU-9Td4I&amp;t=109s<\/span><\/a><\/figcaption><\/figure>\n\n\n\n<p class=\"has-medium-font-size\">a) Por que dizemos que o tempo \u00e9 importante para a Hist\u00f3ria?<br>b) Podemos dizer que a Hist\u00f3ria \u00e9 uma Ci\u00eancia? Por que?<br>c) Como os historiadores conhecem o passado?<br><\/p>\n\n\n\n<p class=\"has-medium-font-size\">2. No v\u00eddeo, voc\u00ea aprendeu sobre as fontes hist\u00f3ricas e que elas podem ser escritas, materiais e orais. Que tal procurar fontes hist\u00f3ricas em revistas, jornais e\/ou livros descartados? Pesquise imagens que representam um tipo de cada categoria, recorte e cole em seu caderno, ou, se preferir, voc\u00ea pode desenhar. Use os seus talentos e m\u00e3os \u00e0 obra!<br><\/p>\n\n\n\n<p class=\"has-medium-font-size\"><strong><span style=\"color:#000000\" class=\"has-inline-color\">Para saber mais:<\/span><\/strong><br><\/p>\n\n\n\n<figure class=\"wp-block-embed-youtube wp-block-embed is-type-video is-provider-youtube wp-embed-aspect-16-9 wp-has-aspect-ratio\"><div class=\"wp-block-embed__wrapper\">\n<p class=\"responsive-video-wrap clr\"><iframe title=\"Fontes Hist\u00f3ricas\" width=\"1200\" height=\"675\" src=\"https:\/\/www.youtube.com\/embed\/qvqgPT-GsTU?feature=oembed\" frameborder=\"0\" allow=\"accelerometer; autoplay; encrypted-media; gyroscope; picture-in-picture\" allowfullscreen><\/iframe><\/p>\n<\/div><figcaption>&#8220;Fontes Hist\u00f3ricas&#8221; &#8211; Canal: Ellen da Silva &#8211; Link: <a rel=\"noreferrer noopener\" href=\"https:\/\/www.youtube.com\/watch?v=qvqgPT-GsTU\" target=\"_blank\"><span class=\"has-inline-color has-vivid-cyan-blue-color\">https:\/\/www.youtube.com\/watch?v=qvqgPT-GsTU<\/span><\/a><br><\/figcaption><\/figure>\n\n\n\n<figure class=\"wp-block-embed-youtube wp-block-embed is-type-video is-provider-youtube wp-embed-aspect-16-9 wp-has-aspect-ratio\"><div class=\"wp-block-embed__wrapper\">\n<p class=\"responsive-video-wrap clr\"><iframe title=\"Fontes Hist\u00f3ricas ou Documento Hist\u00f3rico| O Que \u00e9 Hist\u00f3ria? | Introdu\u00e7\u00e3o aos Estudos Hist\u00f3ricos\" width=\"1200\" height=\"675\" src=\"https:\/\/www.youtube.com\/embed\/hKML2Ev-I_s?feature=oembed\" frameborder=\"0\" allow=\"accelerometer; autoplay; encrypted-media; gyroscope; picture-in-picture\" allowfullscreen><\/iframe><\/p>\n<\/div><figcaption>&#8220;Fontes Hist\u00f3ricas ou Documento Hist\u00f3rico| O Que \u00e9 Hist\u00f3ria? | Introdu\u00e7\u00e3o aos Estudos Hist\u00f3ricos&#8221; &#8211; Canal: Hist\u00f3ria HistoriA\u00e7\u00e3o Humanas &#8211; Link: <a rel=\"noreferrer noopener\" href=\"https:\/\/www.youtube.com\/watch?v=hKML2Ev-I_s\" target=\"_blank\"><span class=\"has-inline-color has-vivid-cyan-blue-color\">https:\/\/www.youtube.com\/watch?v=hKML2Ev-I_s<\/span><\/a><br><\/figcaption><\/figure>\n\n\n\n<figure class=\"wp-block-embed-youtube wp-block-embed is-type-video is-provider-youtube wp-embed-aspect-4-3 wp-has-aspect-ratio\"><div class=\"wp-block-embed__wrapper\">\n<p class=\"responsive-video-wrap clr\"><iframe title=\"O Trabalho Do Historiador -  Fontes Historicas -  Agentes do Processo Hist\u00f3rico\" width=\"1200\" height=\"900\" src=\"https:\/\/www.youtube.com\/embed\/KeZhhUtMZuM?feature=oembed\" frameborder=\"0\" allow=\"accelerometer; autoplay; encrypted-media; gyroscope; picture-in-picture\" allowfullscreen><\/iframe><\/p>\n<\/div><figcaption>&#8220;O Trabalho Do Historiador &#8211; Fontes Hist\u00f3ricas &#8211; Agentes do Processo Hist\u00f3rico&#8221; &#8211; Canal IBM 5100 &#8211; Link: <a rel=\"noreferrer noopener\" href=\"https:\/\/www.youtube.com\/watch?v=KeZhhUtMZuM\" target=\"_blank\"><span class=\"has-inline-color has-vivid-cyan-blue-color\">https:\/\/www.youtube.com\/watch?v=KeZhhUtMZuM<\/span><\/a><br><\/figcaption><\/figure>\n\n\n\n<figure class=\"wp-block-table\"><table><tbody><tr><td><strong><span style=\"color:#030506\" class=\"has-inline-color\">OBJETOS DE CONHECIMENTO<\/span><\/strong><\/td><td><strong><span style=\"color:#000000\" class=\"has-inline-color\">HABILIDADES<\/span><\/strong><\/td><\/tr><tr><td>Formas de registro da hist\u00f3ria e da produ\u00e7\u00e3o do conhecimento hist\u00f3rico: Produ\u00e7\u00e3o do saber hist\u00f3rico; Fontes e documentos hist\u00f3ricos e, sua rela\u00e7\u00e3o com o contexto de produ\u00e7\u00e3o do seu tempo (autoria, objetivo e veracidade) e sua import\u00e2ncia na forma\u00e7\u00e3o de opini\u00f5es das pessoas no exerc\u00edcio da cidadania.<\/td><td>(GO-EF06HI02-C) Problematizar a neutralidade e objetividade das fontes e das an\u00e1lises historiogr\u00e1ficas, reconhecendo que n\u00e3o s\u00e3o isentas de valores, ou indiferentes a press\u00f5es de seu tempo e que foram produzidas segundo determinados interesses e estrat\u00e9gias.<\/td><\/tr><\/tbody><\/table><\/figure>\n\n\n\n<figure class=\"wp-block-table\"><table><tbody><tr><td><strong><span style=\"color:#070707\" class=\"has-inline-color\">\u00c9TICA E CIDADANIA \u2013 HIST\u00d3RIA \u2013 AGRUPAMENTO F<\/span><\/strong><\/td><\/tr><tr><td>PROPONENTE: Warl\u00facia Pereira Guimar\u00e3es \u2013 Gerfor&nbsp;<\/td><\/tr><tr><td>CURADORIA: Warl\u00facia Pereira Guimar\u00e3es \u2013 Gerfor<\/td><\/tr><\/tbody><\/table><\/figure>\n\n\n\n<p><\/p>\n","protected":false},"author":7,"featured_media":3266,"template":"","ef_categoria":[15,30],"ef_ano":[],"ef_componente":[],"class_list":["post-3263","ensino_fundamental","type-ensino_fundamental","status-publish","has-post-thumbnail","hentry","ef_categoria-ciclo-da-adolescencia-fg","ef_categoria-etica-e-cidadania-ciclo-da-adolescencia-fg","entry","has-media"],"acf":[],"_links":{"self":[{"href":"https:\/\/sme.goiania.go.gov.br\/conexaoescola\/wp-json\/wp\/v2\/ensino_fundamental\/3263","targetHints":{"allow":["GET"]}}],"collection":[{"href":"https:\/\/sme.goiania.go.gov.br\/conexaoescola\/wp-json\/wp\/v2\/ensino_fundamental"}],"about":[{"href":"https:\/\/sme.goiania.go.gov.br\/conexaoescola\/wp-json\/wp\/v2\/types\/ensino_fundamental"}],"author":[{"embeddable":true,"href":"https:\/\/sme.goiania.go.gov.br\/conexaoescola\/wp-json\/wp\/v2\/users\/7"}],"version-history":[{"count":0,"href":"https:\/\/sme.goiania.go.gov.br\/conexaoescola\/wp-json\/wp\/v2\/ensino_fundamental\/3263\/revisions"}],"wp:featuredmedia":[{"embeddable":true,"href":"https:\/\/sme.goiania.go.gov.br\/conexaoescola\/wp-json\/wp\/v2\/media\/3266"}],"wp:attachment":[{"href":"https:\/\/sme.goiania.go.gov.br\/conexaoescola\/wp-json\/wp\/v2\/media?parent=3263"}],"wp:term":[{"taxonomy":"ef_categoria","embeddable":true,"href":"https:\/\/sme.goiania.go.gov.br\/conexaoescola\/wp-json\/wp\/v2\/ef_categoria?post=3263"},{"taxonomy":"ef_ano","embeddable":true,"href":"https:\/\/sme.goiania.go.gov.br\/conexaoescola\/wp-json\/wp\/v2\/ef_ano?post=3263"},{"taxonomy":"ef_componente","embeddable":true,"href":"https:\/\/sme.goiania.go.gov.br\/conexaoescola\/wp-json\/wp\/v2\/ef_componente?post=3263"}],"curies":[{"name":"wp","href":"https:\/\/api.w.org\/{rel}","templated":true}]}}