{"id":3208,"date":"2020-08-03T07:00:00","date_gmt":"2020-08-03T10:00:00","guid":{"rendered":"http:\/\/sme.goiania.go.gov.br\/conexaoescola\/?post_type=ensino_fundamental&#038;p=3208"},"modified":"2020-06-29T10:04:05","modified_gmt":"2020-06-29T13:04:05","slug":"que-tal-proteger-os-ouvidos-e-olhos","status":"publish","type":"ensino_fundamental","link":"https:\/\/sme.goiania.go.gov.br\/conexaoescola\/ensino_fundamental\/que-tal-proteger-os-ouvidos-e-olhos\/","title":{"rendered":"Que tal proteger os ouvidos e olhos?"},"content":{"rendered":"\n<p class=\"has-medium-font-size\">Oi! <\/p>\n\n\n\n<p class=\"has-medium-font-size\">Tudo bem?<\/p>\n\n\n\n<p class=\"has-medium-font-size\">Voc\u00ea j\u00e1 aprendeu sobre a import\u00e2ncia da prote\u00e7\u00e3o contra os raios solares, mas sabia que os olhos e os ouvidos tamb\u00e9m precisam ser protegidos? <\/p>\n\n\n\n<p class=\"has-medium-font-size\">Quer saber como? <\/p>\n\n\n\n<p class=\"has-medium-font-size\">Ent\u00e3o fique ligado!<\/p>\n\n\n\n<p class=\"has-medium-font-size\">Observe essa imagem abaixo e diga o que voc\u00ea acha que elas representam. <\/p>\n\n\n\n<p class=\"has-medium-font-size\">Ser\u00e1 que est\u00e1 tudo certo com essas pessoas?<\/p>\n\n\n\n<figure class=\"wp-block-image size-large\"><img fetchpriority=\"high\" decoding=\"async\" width=\"587\" height=\"349\" src=\"http:\/\/sme.goiania.go.gov.br\/conexaoescola\/wp-content\/uploads\/2020\/06\/Imagem1-e1593191437768.png\" alt=\"\" class=\"wp-image-3211\" srcset=\"https:\/\/sme.goiania.go.gov.br\/conexaoescola\/wp-content\/uploads\/2020\/06\/Imagem1-e1593191437768.png 587w, https:\/\/sme.goiania.go.gov.br\/conexaoescola\/wp-content\/uploads\/2020\/06\/Imagem1-e1593191437768-300x178.png 300w\" sizes=\"(max-width: 587px) 100vw, 587px\" \/><figcaption>\u201cOlhos e ouvidos tamb\u00e9m precisam de prote\u00e7\u00e3o\u201d <br>Slide produzido por Giovanna Barros Cury.<\/figcaption><\/figure>\n\n\n\n<hr class=\"wp-block-separator\"\/>\n\n\n\n<p class=\"has-medium-font-size\">Agora, veja esse v\u00eddeo e entenda um pouco mais sobre a sa\u00fade dos olhos.<\/p>\n\n\n\n<figure class=\"wp-block-embed-youtube wp-block-embed is-type-video is-provider-youtube wp-embed-aspect-4-3 wp-has-aspect-ratio\"><div class=\"wp-block-embed__wrapper\">\n<p class=\"responsive-video-wrap clr\"><iframe title=\"Libelu e a Vis\u00e3o\" width=\"1200\" height=\"900\" src=\"https:\/\/www.youtube.com\/embed\/rKsFys1NG1A?feature=oembed\" frameborder=\"0\" allow=\"accelerometer; autoplay; encrypted-media; gyroscope; picture-in-picture\" allowfullscreen><\/iframe><\/p>\n<\/div><figcaption>Libelu e a Vis\u00e3o<br>Canal: <a href=\"https:\/\/www.youtube.com\/channel\/UCxHTR6YQkliR8MY4YhR6PXQ\">CBO Conselho Brasileiro de Oftalmologia<\/a><br>Fonte: <a rel=\"noreferrer noopener\" href=\"https:\/\/www.youtube.com\/watch?v=rKsFys1NG1A&amp;feature=youtu.be\" target=\"_blank\">https:\/\/www.youtube.com\/watch?v=rKsFys1NG1A&amp;feature=youtu.be<\/a><\/figcaption><\/figure>\n\n\n\n<hr class=\"wp-block-separator\"\/>\n\n\n\n<p class=\"has-medium-font-size\">Que tal pensar um pouco sobre o que voc\u00ea viu? <\/p>\n\n\n\n<p class=\"has-medium-font-size\">Converse com sua fam\u00edlia sobre o cuidado com os olhos. <\/p>\n\n\n\n<p class=\"has-medium-font-size\">Ser\u00e1 que est\u00e1 tudo certo, de acordo com as dicas que voc\u00ea viu?<\/p>\n\n\n\n<p class=\"has-medium-font-size\">E tem mais! <\/p>\n\n\n\n<p class=\"has-medium-font-size\">Veja o que esse m\u00e9dico ensina sobre o ouvido.<\/p>\n\n\n\n<figure class=\"wp-block-embed-youtube wp-block-embed is-type-video is-provider-youtube wp-embed-aspect-4-3 wp-has-aspect-ratio\"><div class=\"wp-block-embed__wrapper\">\n<p class=\"responsive-video-wrap clr\"><iframe title=\"Zamba - Excurs\u00e3o pelo ouvido\" width=\"1200\" height=\"900\" src=\"https:\/\/www.youtube.com\/embed\/vgvOmLtWrQI?feature=oembed\" frameborder=\"0\" allow=\"accelerometer; autoplay; encrypted-media; gyroscope; picture-in-picture\" allowfullscreen><\/iframe><\/p>\n<\/div><figcaption>Zamba &#8211; Excurs\u00e3o pelo ouvido<br>Canal:  <a href=\"https:\/\/www.youtube.com\/channel\/UCBF6a9c-cCRcbKeZtdY2-Hw\">K\u00eania Bell<\/a><br>Fonte: <a rel=\"noreferrer noopener\" href=\"https:\/\/www.youtube.com\/watch?v=vgvOmLtWrQI\" target=\"_blank\">https:\/\/www.youtube.com\/watch?v=vgvOmLtWrQI<\/a><\/figcaption><\/figure>\n\n\n\n<hr class=\"wp-block-separator\"\/>\n\n\n\n<p class=\"has-medium-font-size\">Uau! <\/p>\n\n\n\n<p class=\"has-medium-font-size\">Voc\u00ea viu como \u00e9 importante cuidar bem dos nossos ouvidos?<\/p>\n\n\n\n<p class=\"has-medium-font-size\">Que tal conversar com algu\u00e9m sobre isso, mas de um jeito diferente.<\/p>\n\n\n\n<hr class=\"wp-block-separator\"\/>\n\n\n\n<p class=\"has-medium-font-size\"><strong>Brincando de telefone sem fio<\/strong><\/p>\n\n\n\n<p class=\"has-medium-font-size\">Essa brincadeira \u00e9 muito divertida e voc\u00ea pode fazer com toda fam\u00edlia. <\/p>\n\n\n\n<p class=\"has-medium-font-size\">Fa\u00e7am um c\u00edrculo ou uma fila se preferir e escolha algu\u00e9m para come\u00e7ar. Essa pessoa deve falar uma frase num tom bem baixinho, cochichando no ouvido da pessoa que estiver mais pr\u00f3xima e essa por sua vez passa a mensagem para frente; siga fazendo assim at\u00e9 que a \u00faltima pessoa receba a informa\u00e7\u00e3o. <\/p>\n\n\n\n<p class=\"has-medium-font-size\">Ser\u00e1 que a mensagem vai chegar do mesmo jeito que foi falada pela primeira?<\/p>\n\n\n\n<hr class=\"wp-block-separator\"\/>\n\n\n\n<p class=\"has-medium-font-size\"><strong>Registrando<\/strong>:<\/p>\n\n\n\n<p class=\"has-medium-font-size\">Coloque sua criatividade em a\u00e7\u00e3o agora e tente fazer um desenho mostrando o caminho que o som faz dentro do ouvido.&nbsp; Uma &nbsp; dica:&nbsp; assista ao v\u00eddeo novamente. Agora, voc\u00ea poder\u00e1 explicar para sua fam\u00edlia, usando suas pr\u00f3prias palavras.<\/p>\n\n\n\n<hr class=\"wp-block-separator\"\/>\n\n\n\n<p class=\"has-medium-font-size\"><strong>Desafio: <\/strong>&nbsp;<\/p>\n\n\n\n<p class=\"has-medium-font-size\">Ser\u00e1 que voc\u00ea lembra pelo menos um nome dos ossos do ouvido?<\/p>\n\n\n\n<hr class=\"wp-block-separator\"\/>\n\n\n\n<p class=\"has-text-color has-medium-font-size has-vivid-purple-color\"><strong>PARA SABER MAIS<\/strong><\/p>\n\n\n\n<figure class=\"wp-block-embed-youtube wp-block-embed is-type-video is-provider-youtube wp-embed-aspect-16-9 wp-has-aspect-ratio\"><div class=\"wp-block-embed__wrapper\">\n<p class=\"responsive-video-wrap clr\"><iframe title=\"Cuidados com os olhos (Portuguese)\" width=\"1200\" height=\"675\" src=\"https:\/\/www.youtube.com\/embed\/KzCb2zRsLBk?feature=oembed\" frameborder=\"0\" allow=\"accelerometer; autoplay; encrypted-media; gyroscope; picture-in-picture\" allowfullscreen><\/iframe><\/p>\n<\/div><figcaption>Cuidados com os olhos (Portuguese)<br>Canal: <a href=\"https:\/\/www.youtube.com\/channel\/UCrNOI0r-5Dst-V3ZF72Whxg\">Bausch and Lomb<\/a><br>Fonte: <a rel=\"noreferrer noopener\" href=\"https:\/\/www.youtube.com\/watch?v=KzCb2zRsLBk\" target=\"_blank\">https:\/\/www.youtube.com\/watch?v=KzCb2zRsLBk<\/a><\/figcaption><\/figure>\n\n\n\n<hr class=\"wp-block-separator\"\/>\n\n\n\n<figure class=\"wp-block-embed-youtube wp-block-embed is-type-video is-provider-youtube wp-embed-aspect-16-9 wp-has-aspect-ratio\"><div class=\"wp-block-embed__wrapper\">\n<p class=\"responsive-video-wrap clr\"><iframe title=\"Audi\u00e7\u00e3o e Sa\u00fade - CUIDADOS COM A SA\u00daDE AUDITIVA\" width=\"1200\" height=\"675\" src=\"https:\/\/www.youtube.com\/embed\/87IvFuncLv8?feature=oembed\" frameborder=\"0\" allow=\"accelerometer; autoplay; encrypted-media; gyroscope; picture-in-picture\" allowfullscreen><\/iframe><\/p>\n<\/div><figcaption>Audi\u00e7\u00e3o e Sa\u00fade &#8211; CUIDADOS COM A SA\u00daDE AUDITIVA<br>Canal: <a href=\"https:\/\/www.youtube.com\/channel\/UC4oa6oQM8XAF0i6k4z3GeeQ\">Carolina Carib\u00e9<\/a><br>Fonte: <a rel=\"noreferrer noopener\" href=\"https:\/\/www.youtube.com\/watch?v=87IvFuncLv8\" target=\"_blank\">https:\/\/www.youtube.com\/watch?v=87IvFuncLv8<\/a><\/figcaption><\/figure>\n\n\n\n<hr class=\"wp-block-separator\"\/>\n\n\n\n<figure class=\"wp-block-embed-youtube wp-block-embed is-type-video is-provider-youtube wp-embed-aspect-16-9 wp-has-aspect-ratio\"><div class=\"wp-block-embed__wrapper\">\n<p class=\"responsive-video-wrap clr\"><iframe title=\"Como cuidar da sa\u00fade do olhos\" width=\"1200\" height=\"675\" src=\"https:\/\/www.youtube.com\/embed\/0V8V7qb09e0?feature=oembed\" frameborder=\"0\" allow=\"accelerometer; autoplay; encrypted-media; gyroscope; picture-in-picture\" allowfullscreen><\/iframe><\/p>\n<\/div><figcaption>Como cuidar da sa\u00fade do olhos<br>Canal: <a href=\"https:\/\/www.youtube.com\/channel\/UC12zKGLhMhDeDidoctM6BrA\">Minist\u00e9rio da Sa\u00fade<\/a><br>Fonte: <a rel=\"noreferrer noopener\" href=\"https:\/\/www.youtube.com\/watch?v=0V8V7qb09e0\" target=\"_blank\">https:\/\/www.youtube.com\/watch?v=0V8V7qb09e0<\/a><\/figcaption><\/figure>\n\n\n\n<hr class=\"wp-block-separator\"\/>\n\n\n\n<figure class=\"wp-block-table\"><table><tbody><tr><td><strong>OBJETO DE CONHECIMENTO:<\/strong>&nbsp;<\/td><td><strong>HABILIDADES:<\/strong><\/td><\/tr><tr><td>Sa\u00fade auditiva e visual<\/td><td>EF03CI03-B\/C) Discutir h\u00e1bitos necess\u00e1rios para a manuten\u00e7\u00e3o da sa\u00fade auditiva e visual, considerando as condi\u00e7\u00f5es do ambiente em termos de som e luz.<\/td><\/tr><\/tbody><\/table><\/figure>\n\n\n\n<hr class=\"wp-block-separator\"\/>\n\n\n\n<p><strong>Educa\u00e7\u00e3o Ambiental e Sa\u00fade &#8211; Ci\u00eancias da Natureza &#8211; Agrupamento B<\/strong><\/p>\n\n\n\n<p><strong>Proponentes: <\/strong><strong>Juliane de Lima Barros- pedagoga- EM Padre Pel\u00e1gio<\/strong><strong><\/strong><\/p>\n\n\n\n<p><strong>Curadoria: Gislene Sousa de S\u00e1 Azevedo<\/strong><\/p>\n","protected":false},"author":10,"featured_media":3213,"template":"","ef_categoria":[13,18],"ef_ano":[],"ef_componente":[],"class_list":["post-3208","ensino_fundamental","type-ensino_fundamental","status-publish","has-post-thumbnail","hentry","ef_categoria-ciclo-da-infancia-abc","ef_categoria-educacao-ambiental-e-saude","entry","has-media"],"acf":[],"_links":{"self":[{"href":"https:\/\/sme.goiania.go.gov.br\/conexaoescola\/wp-json\/wp\/v2\/ensino_fundamental\/3208","targetHints":{"allow":["GET"]}}],"collection":[{"href":"https:\/\/sme.goiania.go.gov.br\/conexaoescola\/wp-json\/wp\/v2\/ensino_fundamental"}],"about":[{"href":"https:\/\/sme.goiania.go.gov.br\/conexaoescola\/wp-json\/wp\/v2\/types\/ensino_fundamental"}],"author":[{"embeddable":true,"href":"https:\/\/sme.goiania.go.gov.br\/conexaoescola\/wp-json\/wp\/v2\/users\/10"}],"version-history":[{"count":0,"href":"https:\/\/sme.goiania.go.gov.br\/conexaoescola\/wp-json\/wp\/v2\/ensino_fundamental\/3208\/revisions"}],"wp:featuredmedia":[{"embeddable":true,"href":"https:\/\/sme.goiania.go.gov.br\/conexaoescola\/wp-json\/wp\/v2\/media\/3213"}],"wp:attachment":[{"href":"https:\/\/sme.goiania.go.gov.br\/conexaoescola\/wp-json\/wp\/v2\/media?parent=3208"}],"wp:term":[{"taxonomy":"ef_categoria","embeddable":true,"href":"https:\/\/sme.goiania.go.gov.br\/conexaoescola\/wp-json\/wp\/v2\/ef_categoria?post=3208"},{"taxonomy":"ef_ano","embeddable":true,"href":"https:\/\/sme.goiania.go.gov.br\/conexaoescola\/wp-json\/wp\/v2\/ef_ano?post=3208"},{"taxonomy":"ef_componente","embeddable":true,"href":"https:\/\/sme.goiania.go.gov.br\/conexaoescola\/wp-json\/wp\/v2\/ef_componente?post=3208"}],"curies":[{"name":"wp","href":"https:\/\/api.w.org\/{rel}","templated":true}]}}