{"id":3198,"date":"2020-08-03T07:00:00","date_gmt":"2020-08-03T10:00:00","guid":{"rendered":"http:\/\/sme.goiania.go.gov.br\/conexaoescola\/?post_type=ensino_fundamental&#038;p=3198"},"modified":"2020-06-29T09:33:14","modified_gmt":"2020-06-29T12:33:14","slug":"onde-estao-os-numeros","status":"publish","type":"ensino_fundamental","link":"https:\/\/sme.goiania.go.gov.br\/conexaoescola\/ensino_fundamental\/onde-estao-os-numeros\/","title":{"rendered":"Onde est\u00e3o os n\u00fameros?"},"content":{"rendered":"\n<p class=\"has-medium-font-size\">Voc\u00ea j\u00e1 viu quantos n\u00fameros e situa\u00e7\u00f5es matem\u00e1ticas aparecem em nossas vidas? Veja o v\u00eddeo para entrar no clima deste assunto:<\/p>\n\n\n\n<figure class=\"wp-block-embed-youtube wp-block-embed is-type-video is-provider-youtube wp-embed-aspect-16-9 wp-has-aspect-ratio\"><div class=\"wp-block-embed__wrapper\">\n<p class=\"responsive-video-wrap clr\"><iframe title=\"Mundo Bita - Matemagicamente ft. Casuarina\" width=\"1200\" height=\"675\" src=\"https:\/\/www.youtube.com\/embed\/K9R5OCocIp4?feature=oembed\" frameborder=\"0\" allow=\"accelerometer; autoplay; encrypted-media; gyroscope; picture-in-picture\" allowfullscreen><\/iframe><\/p>\n<\/div><figcaption>Fonte: YouTube. Mundo Bita- Magicamente ft Casuarina. Canal: Mundo Bita<\/figcaption><\/figure>\n\n\n\n<p class=\"has-medium-font-size\">Voc\u00ea gostou do v\u00eddeo? Os n\u00fameros est\u00e3o presentes no seu dia a dia, e as vezes voc\u00ea nem percebe, sabia?<\/p>\n\n\n\n<p class=\"has-medium-font-size\">Por exemplo, na atividade anterior voc\u00ea aprendeu sobre a utiliza\u00e7\u00e3o das etiquetas nas lojas\/supermercados. Voc\u00ea notou que al\u00e9m de descrever o valor, os n\u00fameros s\u00e3o utilizados nos c\u00f3digos de barras dos produtos.<\/p>\n\n\n\n<p class=\"has-text-align-center\"><img decoding=\"async\" width=\"193\" height=\"118\" src=\"https:\/\/lh5.googleusercontent.com\/CJKuf62Y6GgtdLGrwPRMfOhfOkzurpWy-fQ4ZfNnrj0IIepiKpZEJl2ADaW855UkS_29BUSZUoZy_8v73xXSOWRG3BRn8zCzn7607LjipqMbOOSzU_waJvIT_3b71DPs1guWv6Q\"><\/p>\n\n\n\nFonte da imagem: http:\/\/www.revistacliche.com.br\/2013\/10\/desvendando-os-misterios-dos-codigos-de-barras\/\n\n\n\n<p class=\"has-medium-font-size\">Cada produto tem um c\u00f3digo de barras. Quer ver?<\/p>\n\n\n\n<p class=\"has-medium-font-size\">Olhe dois produtos na sua cozinha e confira os c\u00f3digos de barras. S\u00e3o iguais?<\/p>\n\n\n\n<p class=\"has-medium-font-size\">Agora pe\u00e7a algu\u00e9m na sua casa pra te mostrar os seguintes itens:<\/p>\n\n\n\n<ul class=\"wp-block-list\"><li>uma conta de \u00e1gua ou energia;<\/li><li>um alimento embalado (pacote de arroz, feij\u00e3o, sal, fub\u00e1, milho)<\/li><li>um livro que voc\u00ea usa na escola.<\/li><\/ul>\n\n\n\n<p class=\"has-medium-font-size\">Coloque esses itens em uma mesa e os observe com aten\u00e7\u00e3o.<\/p>\n\n\n\n<p><img decoding=\"async\" width=\"171\" height=\"171\" src=\"https:\/\/lh3.googleusercontent.com\/TQf0vFOtgO0tsdPJcxVrlYujdYAaRD5KfFnRIDsOo0H-anUxuOL7ilEQ09L0B-se2y7aoSrwd05lMDDiGr92eCwvu4Y1vN1DRmHBi6MymOMEX6YvoXXtqvo68vjKCnO2XoNPias\"><\/p>\n\n\n\n<p>Fonte:<a href=\"https:\/\/br.freepik.com\/vetores-premium\/crianca-com-uma-lupa-a-procura-de-algo_4117970.htm\">https:\/\/br.freepik.com\/vetores-premium\/crianca-com-uma-lupa-a-procura-de-algo_4117970.htm<\/a><\/p>\n\n\n\n<p class=\"has-medium-font-size\">Encontrou o c\u00f3digo de barras nesses itens? Compare os c\u00f3digos formados pelas barras e compare-os para encontrar as diferen\u00e7as.&nbsp;<\/p>\n\n\n\n<p class=\"has-medium-font-size\">Al\u00e9m dos c\u00f3digos de barras, h\u00e1 n\u00fameros nas p\u00e1ginas do livro, nas embalagens dos produtos, nos valores das contas, por todo lugar.<\/p>\n\n\n\n<p class=\"has-medium-font-size\">Os n\u00fameros tamb\u00e9m s\u00e3o utilizados para fazer o registro civil de pessoas. Quando um beb\u00ea nasce ele \u00e9 registrado na sociedade e recebe um documento para provar que ele existe. Esse documento \u00e9 chamado de CERTID\u00c3O DE NASCIMENTO. Veja na figura abaixo como \u00e9 uma certid\u00e3o de nascimento.<\/p>\n\n\n\n<p class=\"has-text-align-center\"><img fetchpriority=\"high\" decoding=\"async\" width=\"205\" height=\"291\" src=\"https:\/\/lh4.googleusercontent.com\/YME5NdgjlESEv0HrXr0l-D-1fEF31W4nnVkQmbH0erBrY1Ma9wbiAL5D8_jtbtG2BNmHsn_9Ez2mO07dfuIf8BnDUoEtMkqHFbxxI7BR2l0kimCNXMjOI9gQfYqusIkLTTKWCQ8\"><\/p>\n\n\n\n<p>Fonte: <a href=\"https:\/\/certidao.cartorionobrasil.com.br\/certidao-de-nascimento#pid=1\">https:\/\/certidao.cartorionobrasil.com.br\/certidao-de-nascimento#pid=1<\/a><\/p>\n\n\n\n<p class=\"has-medium-font-size\">Nesse documento possui v\u00e1rios n\u00fameros e dados que possibilitam diferenciar voc\u00ea de outras pessoas.<\/p>\n\n\n\n<p class=\"has-medium-font-size\">Que tal analisar sua certid\u00e3o de nascimento?&nbsp;<\/p>\n\n\n\n<p class=\"has-medium-font-size\">Pe\u00e7a para algu\u00e9m da sua fam\u00edlia te emprestar sua certid\u00e3o e localize os itens pedidos abaixo, registrando no seu caderno.<\/p>\n\n\n\n<ul class=\"wp-block-list\"><li>N\u00famero da matr\u00edcula;<\/li><li>Dia\/M\u00eas\/Ano do Nascimento (em n\u00fameros);<\/li><li>Hora do Nascimento;<\/li><li>CPF (se houver);<\/li><li>Dia\/M\u00eas\/Ano do registro (em n\u00fameros);<\/li><\/ul>\n\n\n\n<p class=\"has-medium-font-size\">O v\u00eddeo a seguir mostra sobre a import\u00e2ncia da Certid\u00e3o de Nascimento. Clique no link abaixo e assista.<\/p>\n\n\n\n<figure class=\"wp-block-embed-youtube wp-block-embed is-type-video is-provider-youtube wp-embed-aspect-4-3 wp-has-aspect-ratio\"><div class=\"wp-block-embed__wrapper\">\n<p class=\"responsive-video-wrap clr\"><iframe title=\"A import\u00e2ncia do registro civil de nascimento - UNICEF\" width=\"1200\" height=\"900\" src=\"https:\/\/www.youtube.com\/embed\/V1sEUHm-3AM?feature=oembed\" frameborder=\"0\" allow=\"accelerometer; autoplay; encrypted-media; gyroscope; picture-in-picture\" allowfullscreen><\/iframe><\/p>\n<\/div><figcaption>Fonte: YouTube. A import\u00e2ncia do registro civil de nascimento &#8211; UNICEF. Canal BrazilNation<\/figcaption><\/figure>\n\n\n\n<p class=\"has-medium-font-size\">Com a certid\u00e3o de nascimento voc\u00ea pode adquirir outros documentos pessoais importantes como Carteira de Vacina\u00e7\u00e3o, a Carteira de Identidade, a Carteira de Trabalho, o T\u00edtulo de Eleitor, a Carteira de Motorista, o Passaporte e outros.<\/p>\n\n\n\n<p class=\"has-text-align-center\"><img loading=\"lazy\" decoding=\"async\" width=\"343\" height=\"250\" src=\"https:\/\/lh5.googleusercontent.com\/YBuBxqYeycURwaxdP5048-KaKh7T7tnqGiap2qSbZ1LEbf0_tXw7YaQwp4RjbyRLvwNHn0ewzXcExi3aULTZq-rLJHKdZ80DQrstdWAzqIEh4EYgXrTWE8F6yUmr_VUD-jK6nss\"><\/p>\n\n\n\n<p>Fonte: <a href=\"https:\/\/www.ongbebeabordo.org.br\/2013\/11\/pais-espertos-tiram-carteira-de.html\">https:\/\/www.ongbebeabordo.org.br\/2013\/11\/pais-espertos-tiram-carteira-de.html<\/a><\/p>\n\n\n\n<p class=\"has-medium-font-size\">Voc\u00ea sabia que a maioria dos documentos s\u00e3o feitos de gra\u00e7a? Mas a partir da 2\u00aa(segunda) via j\u00e1 \u00e9 cobrado, por isso \u00e9 importante cuidar bem deles para n\u00e3o gastar dinheiro \u00e0 toa.<\/p>\n\n\n\n<p class=\"has-medium-font-size\">Veja o pre\u00e7o, em Reais, da 2\u00aa (segunda) via de alguns documentos pessoais.<\/p>\n\n\n\n<p class=\"has-medium-font-size\">&#8211; 2\u00aa (segunda) via da Certid\u00e3o de Nascimento: R$ 34,00<\/p>\n\n\n\n<p class=\"has-medium-font-size\">&#8211; 2\u00aa (segunda) via da Carteira de Identidade: R$ 31,00<\/p>\n\n\n\n<p class=\"has-medium-font-size\">&#8211; 2\u00aa (segunda) via da CNH (Carteira de Motorista): R$ 100,00<\/p>\n\n\n\n<p class=\"has-medium-font-size\">(Valores aproximados para facilitar a compreens\u00e3o)<\/p>\n\n\n\n<p class=\"has-medium-font-size\">Escreva em seu caderno, cada valor anotado acima por extenso (escreva como se l\u00ea). Re\u00fana a sua fam\u00edlia e explique o que voc\u00ea aprendeu na aula de hoje.<\/p>\n\n\n\n<p class=\"has-medium-font-size\">At\u00e9 a pr\u00f3xima.<\/p>\n\n\n\n<p class=\"has-medium-font-size\"><strong>PARA SABER MAIS:<\/strong><\/p>\n\n\n\n<p class=\"has-medium-font-size\">A Hist\u00f3ria dos N\u00fameros.<\/p>\n\n\n\n<figure class=\"wp-block-embed-youtube wp-block-embed is-type-video is-provider-youtube wp-embed-aspect-16-9 wp-has-aspect-ratio\"><div class=\"wp-block-embed__wrapper\">\n<p class=\"responsive-video-wrap clr\"><iframe title=\"Hist\u00f3ria dos N\u00fameros\" width=\"1200\" height=\"675\" src=\"https:\/\/www.youtube.com\/embed\/s3GJqhX4Dwo?feature=oembed\" frameborder=\"0\" allow=\"accelerometer; autoplay; encrypted-media; gyroscope; picture-in-picture\" allowfullscreen><\/iframe><\/p>\n<\/div><figcaption>Fonte: YouTube. Hist\u00f3ria dos n\u00fameros. Canal: Nathalia Lindner Ilustre<\/figcaption><\/figure>\n\n\n\n<p class=\"has-medium-font-size\">Import\u00e2ncia da Certid\u00e3o de Nascimento:<\/p>\n\n\n\n<figure class=\"wp-block-embed-youtube wp-block-embed is-type-video is-provider-youtube wp-embed-aspect-4-3 wp-has-aspect-ratio\"><div class=\"wp-block-embed__wrapper\">\n<p class=\"responsive-video-wrap clr\"><iframe title=\"IP SERVI\u00c7O - Direito a certid\u00e3o de nascimento\" width=\"1200\" height=\"900\" src=\"https:\/\/www.youtube.com\/embed\/PoP5MFADfnA?feature=oembed\" frameborder=\"0\" allow=\"accelerometer; autoplay; encrypted-media; gyroscope; picture-in-picture\" allowfullscreen><\/iframe><\/p>\n<\/div><figcaption>Fonte: YouTube. IP SERVI\u00c7O &#8211; Direito a certid\u00e3o de nascimento. Canal MPF.<\/figcaption><\/figure>\n\n\n\n<figure class=\"wp-block-table\"><table><tbody><tr><td><strong>OBJETO DE CONHECIMENTO:<\/strong><br><strong>Matem\u00e1tica:<\/strong><br>N\u00fameros no cotidiano<strong>&nbsp;<\/strong><\/td><\/tr><\/tbody><\/table><\/figure>\n\n\n\n<figure class=\"wp-block-table\"><table><tbody><tr><td><strong>HABILIDADES:<\/strong><br><strong>Matem\u00e1tica:&nbsp;<\/strong><br>(EF02MA01-A) Explorar n\u00fameros no contexto di\u00e1rio, representado por imagem ou n\u00e3o, como indicadores de quantidade, ordem do 1\u00ba ao 50\u00ba, medida e c\u00f3digo, utilizando a express\u00e3o oral.(EF02MA01-C) Ler e registrar escritas num\u00e9ricas at\u00e9 a ordem das centenas.<\/td><\/tr><\/tbody><\/table><\/figure>\n\n\n\n<p><strong>PROPONENTE: <\/strong>Amanda Pe\u00e7anha Magalh\u00e3es \u2013 Escola Municipal Alto do Vale<\/p>\n\n\n\n<p><strong>CURADORIA: <\/strong>Nielson Hon\u00f3rio Caires \u2013 GEREFU \/ Marin\u00eas Juliana Carvalho Martins \u2013 CRE CENTRAL<\/p>\n\n\n\n<p><\/p>\n","protected":false},"author":13,"featured_media":3201,"template":"","ef_categoria":[13,19],"ef_ano":[],"ef_componente":[],"class_list":["post-3198","ensino_fundamental","type-ensino_fundamental","status-publish","has-post-thumbnail","hentry","ef_categoria-ciclo-da-infancia-abc","ef_categoria-educacao-financeira-e-empreendedorismo","entry","has-media"],"acf":[],"_links":{"self":[{"href":"https:\/\/sme.goiania.go.gov.br\/conexaoescola\/wp-json\/wp\/v2\/ensino_fundamental\/3198","targetHints":{"allow":["GET"]}}],"collection":[{"href":"https:\/\/sme.goiania.go.gov.br\/conexaoescola\/wp-json\/wp\/v2\/ensino_fundamental"}],"about":[{"href":"https:\/\/sme.goiania.go.gov.br\/conexaoescola\/wp-json\/wp\/v2\/types\/ensino_fundamental"}],"author":[{"embeddable":true,"href":"https:\/\/sme.goiania.go.gov.br\/conexaoescola\/wp-json\/wp\/v2\/users\/13"}],"version-history":[{"count":0,"href":"https:\/\/sme.goiania.go.gov.br\/conexaoescola\/wp-json\/wp\/v2\/ensino_fundamental\/3198\/revisions"}],"wp:featuredmedia":[{"embeddable":true,"href":"https:\/\/sme.goiania.go.gov.br\/conexaoescola\/wp-json\/wp\/v2\/media\/3201"}],"wp:attachment":[{"href":"https:\/\/sme.goiania.go.gov.br\/conexaoescola\/wp-json\/wp\/v2\/media?parent=3198"}],"wp:term":[{"taxonomy":"ef_categoria","embeddable":true,"href":"https:\/\/sme.goiania.go.gov.br\/conexaoescola\/wp-json\/wp\/v2\/ef_categoria?post=3198"},{"taxonomy":"ef_ano","embeddable":true,"href":"https:\/\/sme.goiania.go.gov.br\/conexaoescola\/wp-json\/wp\/v2\/ef_ano?post=3198"},{"taxonomy":"ef_componente","embeddable":true,"href":"https:\/\/sme.goiania.go.gov.br\/conexaoescola\/wp-json\/wp\/v2\/ef_componente?post=3198"}],"curies":[{"name":"wp","href":"https:\/\/api.w.org\/{rel}","templated":true}]}}