{"id":31813,"date":"2020-10-19T07:00:00","date_gmt":"2020-10-19T10:00:00","guid":{"rendered":"http:\/\/sme.goiania.go.gov.br\/conexaoescola\/?post_type=ensino_fundamental&#038;p=31813"},"modified":"2020-10-19T11:04:18","modified_gmt":"2020-10-19T14:04:18","slug":"aprendendo-os-sentidos","status":"publish","type":"ensino_fundamental","link":"https:\/\/sme.goiania.go.gov.br\/conexaoescola\/ensino_fundamental\/aprendendo-os-sentidos\/","title":{"rendered":"Aprendendo os Sentidos!"},"content":{"rendered":"\n<p><strong>&nbsp;Ol\u00e1!<\/strong><\/p>\n\n\n\n<p class=\"has-drop-cap has-medium-font-size\">Olfato, paladar, audi\u00e7\u00e3o, tato e vis\u00e3o. Voc\u00ea j\u00e1 reparou quantas coisas diferentes nosso corpo \u00e9 capaz de fazer?&nbsp; Por meio do dos sentidos podemos apreciar paisagem, saborear uma comida gostosa&#8230; humm! \u00c9 hora de aprender!<\/p>\n\n\n\n<hr class=\"wp-block-separator\"\/>\n\n\n\n<p class=\"has-medium-font-size\">No v\u00eddeo a seguir voc\u00ea ver\u00e1 quais as partes do corpo est\u00e3o relacionadas aos sentidos do olfato, do paladar, da audi\u00e7\u00e3o, vis\u00e3o e tato. E como os sentidos propiciam uma integra\u00e7\u00e3o com o ambiente. H\u00e1 algumas pessoas que apresentam defici\u00eancia em um ou mais sentidos, como defici\u00eancia visual e\/ou auditiva, mas elas se adaptam com aux\u00edlio dos outros sentidos.&nbsp;<\/p>\n\n\n\n<figure class=\"wp-block-embed-youtube wp-block-embed is-type-video is-provider-youtube wp-embed-aspect-16-9 wp-has-aspect-ratio\"><div class=\"wp-block-embed__wrapper\">\n<p class=\"responsive-video-wrap clr\"><iframe title=\"Corpo Humano - 5 Sentidos\" width=\"1200\" height=\"675\" src=\"https:\/\/www.youtube.com\/embed\/ezwz8TBcjYo?feature=oembed\" frameborder=\"0\" allow=\"accelerometer; autoplay; clipboard-write; encrypted-media; gyroscope; picture-in-picture\" allowfullscreen><\/iframe><\/p>\n<\/div><figcaption>&#8220;Corpo Humano &#8211; 5 Sentidos&#8221; Canal: <a href=\"https:\/\/www.youtube.com\/channel\/UCMacCQkwzm9LcBEuRjwqhTg\">Amando para Eternidade<\/a> &#8211; https:\/\/www.youtube.com\/watch?v=ezwz8TBcjYo&amp;list=TLPQMDIwNjIwMjDfd746PMhLcw&amp;index=2<br><\/figcaption><\/figure>\n\n\n\n<p class=\"has-text-color has-medium-font-size has-luminous-vivid-orange-color\">Agora \u00e9 sua vez!&nbsp;<\/p>\n\n\n\n<p class=\"has-medium-font-size\">Com ajuda de um adulto, liste os cinco sentidos do corpo humano e quais partes do corpo est\u00e3o relacionadas a cada um. Exemplo: vis\u00e3o = olhos Para assistir o v\u00eddeo quais sentidos voc\u00ea utilizou?<\/p>\n\n\n\n<p class=\"has-medium-font-size\">Converse com sua fam\u00edlia sobre as quest\u00f5es abaixo:<\/p>\n\n\n\n<p class=\"has-medium-font-size\">O que voc\u00ea sente quando percebe o cheiro de sua comida favorita? E quando algu\u00e9m tira o sapato e surge aquele cheirinho de chul\u00e9?<\/p>\n\n\n\n<p class=\"has-medium-font-size\">Qual a rea\u00e7\u00e3o ao encostar em algo que est\u00e1 quente?<\/p>\n\n\n\n<p class=\"has-medium-font-size\">Como voc\u00ea gosta de ouvir sua m\u00fasica preferida, com o som em volume alto ou moderado?<\/p>\n\n\n\n<p class=\"has-text-color has-large-font-size has-vivid-purple-color\">Vamos cantar!<\/p>\n\n\n\n<figure class=\"wp-block-embed-youtube wp-block-embed is-type-video is-provider-youtube wp-embed-aspect-16-9 wp-has-aspect-ratio\"><div class=\"wp-block-embed__wrapper\">\n<p class=\"responsive-video-wrap clr\"><iframe title=\"eliana- OS SENTIDOS VID\" width=\"1200\" height=\"675\" src=\"https:\/\/www.youtube.com\/embed\/PFjbuQicDfE?feature=oembed\" frameborder=\"0\" allow=\"accelerometer; autoplay; clipboard-write; encrypted-media; gyroscope; picture-in-picture\" allowfullscreen><\/iframe><\/p>\n<\/div><figcaption>&#8220;eliana- OS SENTIDOS VID&#8221; &#8211; Canal: <a href=\"https:\/\/www.youtube.com\/channel\/UCGgHoXOseIw39Yj1s7F46wA\">Thamara Gabrielle<\/a> &#8211; https:\/\/www.youtube.com\/watch?v=PFjbuQicDfE<\/figcaption><\/figure>\n\n\n\n<p class=\"has-medium-font-size\">Fa\u00e7a um desenho ilustrando a m\u00fasica.<\/p>\n\n\n\n<p class=\"has-medium-font-size\">Explique, oralmente para algu\u00e9m de sua fam\u00edlia a fun\u00e7\u00e3o dos sentidos:<\/p>\n\n\n\n<p class=\"has-medium-font-size\"><strong>A <\/strong><strong>vis\u00e3o<\/strong><strong> serve para &#8230;<\/strong><\/p>\n\n\n\n<p class=\"has-medium-font-size\"><strong>Com o <\/strong><strong>tato<\/strong><strong> posso &#8230;<\/strong><\/p>\n\n\n\n<p class=\"has-medium-font-size\"><strong>Atrav\u00e9s do <\/strong><strong>olfato<\/strong><strong> sinto &#8230;<\/strong><\/p>\n\n\n\n<p class=\"has-medium-font-size\"><strong>Com o paladar &#8230;&nbsp;&nbsp;&nbsp;&nbsp;&nbsp;&nbsp;&nbsp;&nbsp;&nbsp;&nbsp;&nbsp;&nbsp;&nbsp;<\/strong><\/p>\n\n\n\n<p class=\"has-medium-font-size\"><strong>A audi\u00e7\u00e3o permite &#8230;&nbsp;<\/strong><\/p>\n\n\n\n<div class=\"wp-block-columns is-layout-flex wp-container-core-columns-is-layout-9d6595d7 wp-block-columns-is-layout-flex\">\n<div class=\"wp-block-column is-layout-flow wp-block-column-is-layout-flow\">\n<figure class=\"wp-block-embed-youtube wp-block-embed is-type-video is-provider-youtube wp-embed-aspect-16-9 wp-has-aspect-ratio\"><div class=\"wp-block-embed__wrapper\">\n<p class=\"responsive-video-wrap clr\"><iframe title=\"Aprendendo os Sentidos com Preguinho - Learning the Senses\" width=\"1200\" height=\"675\" src=\"https:\/\/www.youtube.com\/embed\/HwC3ZAsh3oI?feature=oembed\" frameborder=\"0\" allow=\"accelerometer; autoplay; clipboard-write; encrypted-media; gyroscope; picture-in-picture\" allowfullscreen><\/iframe><\/p>\n<\/div><figcaption>&#8220;Aprendendo os Sentidos com Preguinho&#8221; Canal: <a href=\"https:\/\/www.youtube.com\/channel\/UCSNNzSZ5Yh-QD30-MfkV7qA\">Preguinho<\/a> &#8211; https:\/\/www.youtube.com\/watch?v=HwC3ZAsh3oI<\/figcaption><\/figure>\n<\/div>\n\n\n\n<div class=\"wp-block-column is-layout-flow wp-block-column-is-layout-flow\">\n<figure class=\"wp-block-embed-youtube wp-block-embed is-type-video is-provider-youtube wp-embed-aspect-16-9 wp-has-aspect-ratio\"><div class=\"wp-block-embed__wrapper\">\n<p class=\"responsive-video-wrap clr\"><iframe title=\"Os cinco sentidos para crian\u00e7as - Educa\u00e7\u00e3o Infantil\" width=\"1200\" height=\"675\" src=\"https:\/\/www.youtube.com\/embed\/z-Y4UaMWbMk?start=20&#038;feature=oembed\" frameborder=\"0\" allow=\"accelerometer; autoplay; clipboard-write; encrypted-media; gyroscope; picture-in-picture\" allowfullscreen><\/iframe><\/p>\n<\/div><figcaption>&#8220;Os cinco sentidos para crian\u00e7as&#8221; Canal: <a href=\"https:\/\/www.youtube.com\/channel\/UCYKeu41LiJOIoyEkStWqCLw\">Smile and Learn &#8211; Portugu\u00eas<\/a> &#8211; https:\/\/www.youtube.com\/watch?v=z-Y4UaMWbMk&amp;t=20s<\/figcaption><\/figure>\n<\/div>\n\n\n\n<div class=\"wp-block-column is-layout-flow wp-block-column-is-layout-flow\">\n<p class=\"has-text-color has-background has-very-light-gray-color has-vivid-purple-background-color\"><a href=\"https:\/\/drive.google.com\/file\/d\/1GyvvYgCBJvw8RxJqmhx6XI1vLvqqcJUv\/view\">https:\/\/drive.google.com\/file\/d\/1GyvvYgCBJvw8RxJqmhx6XI1vLvqqcJUv\/view<\/a><\/p>\n<\/div>\n<\/div>\n\n\n\n<hr class=\"wp-block-separator\"\/>\n\n\n\n<figure class=\"wp-block-table alignfull\"><table><tbody><tr><td>OBJETOS DE CONHECIMENTO:<\/td><td>Corpo humano<\/td><\/tr><tr><td>HABILIDADES:<\/td><td>(EF01CI02-A\/B\/C) Localizar, nomear e representar, por meio de desenhos, partes do corpo humano (incluindo \u00f3rg\u00e3os dos sentidos) e explicar oralmente suas fun\u00e7\u00f5es.<\/td><\/tr><\/tbody><\/table><\/figure>\n\n\n\n<hr class=\"wp-block-separator\"\/>\n\n\n\n<figure class=\"wp-block-table alignfull\"><table><tbody><tr><td>PROPONENTES: PROFESSORES<\/td><td>Geani Silva Ferreira, Gislene Sousa de S\u00e1 Azevedo<\/td><\/tr><tr><td>INSTITUI\u00c7\u00c3O<\/td><td>E. M. Manoel Jos\u00e9 de Oliveira<\/td><\/tr><\/tbody><\/table><\/figure>\n\n\n\n<hr class=\"wp-block-separator\"\/>\n\n\n\n<p>Ensino Fundamental &#8211; Ciclo da Inf\u00e2ncia &#8211; Turma A 1\u00ba ano &#8211; Educa\u00e7\u00e3o Ambiental e Sa\u00fade<\/p>\n","protected":false},"author":30,"featured_media":31867,"template":"","ef_categoria":[13,18],"ef_ano":[],"ef_componente":[],"class_list":["post-31813","ensino_fundamental","type-ensino_fundamental","status-publish","has-post-thumbnail","hentry","ef_categoria-ciclo-da-infancia-abc","ef_categoria-educacao-ambiental-e-saude","entry","has-media"],"acf":[],"_links":{"self":[{"href":"https:\/\/sme.goiania.go.gov.br\/conexaoescola\/wp-json\/wp\/v2\/ensino_fundamental\/31813","targetHints":{"allow":["GET"]}}],"collection":[{"href":"https:\/\/sme.goiania.go.gov.br\/conexaoescola\/wp-json\/wp\/v2\/ensino_fundamental"}],"about":[{"href":"https:\/\/sme.goiania.go.gov.br\/conexaoescola\/wp-json\/wp\/v2\/types\/ensino_fundamental"}],"author":[{"embeddable":true,"href":"https:\/\/sme.goiania.go.gov.br\/conexaoescola\/wp-json\/wp\/v2\/users\/30"}],"version-history":[{"count":0,"href":"https:\/\/sme.goiania.go.gov.br\/conexaoescola\/wp-json\/wp\/v2\/ensino_fundamental\/31813\/revisions"}],"wp:featuredmedia":[{"embeddable":true,"href":"https:\/\/sme.goiania.go.gov.br\/conexaoescola\/wp-json\/wp\/v2\/media\/31867"}],"wp:attachment":[{"href":"https:\/\/sme.goiania.go.gov.br\/conexaoescola\/wp-json\/wp\/v2\/media?parent=31813"}],"wp:term":[{"taxonomy":"ef_categoria","embeddable":true,"href":"https:\/\/sme.goiania.go.gov.br\/conexaoescola\/wp-json\/wp\/v2\/ef_categoria?post=31813"},{"taxonomy":"ef_ano","embeddable":true,"href":"https:\/\/sme.goiania.go.gov.br\/conexaoescola\/wp-json\/wp\/v2\/ef_ano?post=31813"},{"taxonomy":"ef_componente","embeddable":true,"href":"https:\/\/sme.goiania.go.gov.br\/conexaoescola\/wp-json\/wp\/v2\/ef_componente?post=31813"}],"curies":[{"name":"wp","href":"https:\/\/api.w.org\/{rel}","templated":true}]}}