{"id":3098,"date":"2020-07-06T07:01:27","date_gmt":"2020-07-06T10:01:27","guid":{"rendered":"http:\/\/sme.goiania.go.gov.br\/conexaoescola\/?post_type=ensino_fundamental&#038;p=3098"},"modified":"2020-06-25T19:45:22","modified_gmt":"2020-06-25T22:45:22","slug":"consumo-responsavel-energia-eletrica","status":"publish","type":"ensino_fundamental","link":"https:\/\/sme.goiania.go.gov.br\/conexaoescola\/ensino_fundamental\/consumo-responsavel-energia-eletrica\/","title":{"rendered":"Consumo Respons\u00e1vel \u2013 Energia El\u00e9trica"},"content":{"rendered":"\n<p class=\"has-medium-font-size\">Ol\u00e1! Voc\u00ea observou atrav\u00e9s dos notici\u00e1rios da TV, das conversas dos seus familiares, que os h\u00e1bitos das pessoas mudaram, n\u00e3o \u00e9 mesmo? Principalmente, com rela\u00e7\u00e3o ao consumo de \u00e1gua, de energia el\u00e9trica e at\u00e9 da alimenta\u00e7\u00e3o. Sabemos da import\u00e2ncia da energia el\u00e9trica para nossas vidas. Ent\u00e3o o que voc\u00ea e sua fam\u00edlia podem fazer para economizar energia e poupar dinheiro? Vamos descobrir?<\/p>\n\n\n\n<p class=\"has-medium-font-size\">Em nossa casa utilizamos energia el\u00e9trica para que possamos ter mais conforto. Mas voc\u00ea j\u00e1 parou para pensar de onde vem essa energia? Como chega at\u00e9 nossas casa? Hoje vamos aprender sobre como surgiu a energia el\u00e9trica, onde a utilizamos e como economizar em seu uso.&nbsp;<\/p>\n\n\n\n<p class=\"has-medium-font-size\"><strong>Atividade 1<\/strong><\/p>\n\n\n\n<p class=\"has-medium-font-size\">Acesse o link abaixo e veja esse v\u00eddeo <strong><em>De Onde Vem a Energia El\u00e9trica<\/em><\/strong><em>?<\/em><\/p>\n\n\n\n<figure class=\"wp-block-embed-youtube wp-block-embed is-type-video is-provider-youtube wp-embed-aspect-4-3 wp-has-aspect-ratio\"><div class=\"wp-block-embed__wrapper\">\n<p class=\"responsive-video-wrap clr\"><iframe title=\"De Onde Vem a Energia El\u00e9trica? #Epis\u00f3dio 3\" width=\"1200\" height=\"900\" src=\"https:\/\/www.youtube.com\/embed\/8ti6FtlvMoc?feature=oembed\" frameborder=\"0\" allow=\"accelerometer; autoplay; encrypted-media; gyroscope; picture-in-picture\" allowfullscreen><\/iframe><\/p>\n<\/div><figcaption>Fonte: YouTube. De Onde Vem a Energia El\u00e9trica?&nbsp;<a href=\"https:\/\/www.youtube.com\/results?search_query=%23Epis%C3%B3dio\">#Epis\u00f3dio<\/a>&nbsp;3. Canal: De onde vem?<\/figcaption><\/figure>\n\n\n\n<p class=\"has-medium-font-size\"><strong>Atividade 2<\/strong><\/p>\n\n\n\n<p class=\"has-medium-font-size\">Voc\u00ea j\u00e1 pensou que algumas atitudes erradas faz o consumo de Energia El\u00e9trica aumentar? Por exemplo: colocar roupa para secar atr\u00e1s da geladeira, forrar as grades da geladeira, tomar banhos demorados, entre outros.&nbsp;<\/p>\n\n\n\n<p class=\"has-medium-font-size\">Acesse o link abaixo e assista ao v\u00eddeo <strong><em>USO EFICIENTE DA ENERGIA EL\u00c9TRICA<\/em><\/strong><\/p>\n\n\n\n<figure class=\"wp-block-embed-youtube wp-block-embed is-type-video is-provider-youtube wp-embed-aspect-4-3 wp-has-aspect-ratio\"><div class=\"wp-block-embed__wrapper\">\n<p class=\"responsive-video-wrap clr\"><iframe title=\"Turminha Eletro em: Uso Eficiente da Energia El\u00e9trica\" width=\"1200\" height=\"900\" src=\"https:\/\/www.youtube.com\/embed\/l-ti8McSNKA?feature=oembed\" frameborder=\"0\" allow=\"accelerometer; autoplay; encrypted-media; gyroscope; picture-in-picture\" allowfullscreen><\/iframe><\/p>\n<\/div><figcaption>Fonte: YouTube. Turminha Eletro em: Uso Eficiente da Energia El\u00e9trica. Canal: Escola Alfa.<\/figcaption><\/figure>\n\n\n\n<p>Agora reflita com a sua fam\u00edla e registre as resposta no seu caderno<\/p>\n\n\n\n<ol class=\"wp-block-list\"><li>Voc\u00ea e sua fam\u00edlia costumam evitar desperd\u00edcio de energia el\u00e9trica? O que voc\u00eas costumam fazer?<\/li><li>Quais s\u00e3o as atitudes para evitar desperd\u00edcio de energia el\u00e9trica, apresentadas no v\u00eddeo?<\/li><li>Qual(ais) voc\u00eas ainda precisam praticar em casa?<\/li><\/ol>\n\n\n\n<p class=\"has-medium-font-size\"><strong>Atividade 3<\/strong><\/p>\n\n\n\n<p class=\"has-medium-font-size\">Acesse o link abaixo e assista ao v\u00eddeo <strong><em>ENTENDENDO SUA CONTA DE LUZ<\/em><\/strong>. Convide sua fam\u00edlia para assistir com voc\u00ea.<\/p>\n\n\n\n<figure class=\"wp-block-embed-youtube wp-block-embed is-type-video is-provider-youtube wp-embed-aspect-16-9 wp-has-aspect-ratio\"><div class=\"wp-block-embed__wrapper\">\n<p class=\"responsive-video-wrap clr\"><iframe title=\"Entendendo sua Conta de Luz\" width=\"1200\" height=\"675\" src=\"https:\/\/www.youtube.com\/embed\/Z4NB0fJxS84?feature=oembed\" frameborder=\"0\" allow=\"accelerometer; autoplay; encrypted-media; gyroscope; picture-in-picture\" allowfullscreen><\/iframe><\/p>\n<\/div><figcaption>Fonte: YouTube. Entendendo sua Conta de Luz. Canal: Ag\u00eancia Nacional de Energia El\u00e9trica.<\/figcaption><\/figure>\n\n\n\n<ol class=\"wp-block-list\"><li>Voc\u00ea j\u00e1 teve a curiosidade de verificar a Conta de Luz de sua casa com sua fam\u00edlia?<\/li><li>Veja com um adulto a Conta da Energia El\u00e9trica&nbsp; e verifiquem juntos, os itens que aparecem no v\u00eddeo.<\/li><li>O que voc\u00eas perceberam quanto ao item \u201cHist\u00f3rico de Consumo\u201d?<\/li><\/ol>\n\n\n\n<p class=\"has-medium-font-size\"><strong>Atividade 4<\/strong><\/p>\n\n\n\n<p class=\"has-medium-font-size\">Observe em sua casa quais os objetos que necessitam da utiliza\u00e7\u00e3o da energia el\u00e9trica para funcionar. Reflita com algum adulto sobre uso respons\u00e1vel dessa energia el\u00e9trica. Em seguida escreva em seu caderno algumas \u201cOrienta\u00e7\u00f5es Para o Uso Respons\u00e1vel da Energia El\u00e9trica em Nossas Casas\u201d<\/p>\n\n\n\n<p class=\"has-medium-font-size\"><strong>Atividade 5<\/strong><\/p>\n\n\n\n<p class=\"has-medium-font-size\">Observe a atitude do Casc\u00e3o na charge abaixo e escreva um t\u00edtulo para ela em seu caderno ou bloco de notas do celular.<\/p>\n\n\n\n<p><a href=\"http:\/\/2.bp.blogspot.com\/_KafaFtnFe88\/TKyJuIseDoI\/AAAAAAAAfFg\/-THuTtmn0WE\/s1600\/televis%C3%A3o.jpg\">http:\/\/2.bp.blogspot.com\/_KafaFtnFe88\/TKyJuIseDoI\/AAAAAAAAfFg\/-THuTtmn0WE\/s1600\/televis%C3%A3o.jpg<\/a><\/p>\n\n\n\n<figure class=\"wp-block-table\"><table><tbody><tr><td><strong>Componentes<\/strong><\/td><td><strong>Habilidades&nbsp;<\/strong><\/td><\/tr><tr><td><br><br><strong>Matem\u00e1tica<\/strong><br><\/td><td>(EF05MA10) Concluir, por meio de investiga\u00e7\u00f5es, que a rela\u00e7\u00e3o de igualdade existente entre dois membros permanece ao adicionar, subtrair, multiplicar ou dividir cada um desses membros por um mesmo n\u00famero, para construir a no\u00e7\u00e3o de equival\u00eancia.<br>(EF05MA11-A) Ler, interpretar, resolver e elaborar problemas cuja convers\u00e3o em senten\u00e7a matem\u00e1tica seja uma igualdade com uma opera\u00e7\u00e3o em que um dos termos e desconhecido.<br>(EF03MA24-C) Ler, interpretar, resolver e elaborar problemas que envolvam a compara\u00e7\u00e3o e a equival\u00eancia de valores monet\u00e1rios do sistema brasileiro em situa\u00e7\u00f5es de compra, venda e troca no contexto da educa\u00e7\u00e3o financeira.<\/td><\/tr><tr><td><strong>L\u00edngua Portuguesa<\/strong><\/td><td>EF15LP02-C) Reconhecer que o uso de recursos expressivos gr\u00e1fico-visuais, como caixa alta, negrito, it\u00e1lico, caracteres<br>(EF15LP14) Construir o sentido de tirinhas entre outros g\u00eaneros, relacionando imagens e palavras e interpretando recursos gr\u00e1ficos (tipos de bal\u00f5es, de letras, onomatopeias).<br>(EF15LP01) Identificar a fun\u00e7\u00e3o social de textos que circulam em campos da vida social dos quais participa cotidianamente (a casa, a rua, a comunidade, a escola) e nas m\u00eddias impressa, de massa e digital.(EF01LP11) Conhecer, diferenciar e relacionar letras em formato imprensa e cursiva, mai\u00fasculas e min\u00fasculas.<\/td><\/tr><\/tbody><\/table><\/figure>\n\n\n\n<p><\/p>\n\n\n\n<p class=\"has-medium-font-size\">Cr\u00e9ditos: Regime de Colabora\u00e7\u00e3o &#8211; Coordena\u00e7\u00e3o Estadual de Implementa\u00e7\u00e3o da BNCC no Estado de Goi\u00e1s.<\/p>\n\n\n\n<p><\/p>\n\n\n\n<p><\/p>\n","protected":false},"author":13,"featured_media":3100,"template":"","ef_categoria":[14,24],"ef_ano":[],"ef_componente":[],"class_list":["post-3098","ensino_fundamental","type-ensino_fundamental","status-publish","has-post-thumbnail","hentry","ef_categoria-ciclo-da-infancia-de","ef_categoria-educacao-financeira-e-empreendedorismo-ciclo-da-infancia-de","entry","has-media"],"acf":[],"_links":{"self":[{"href":"https:\/\/sme.goiania.go.gov.br\/conexaoescola\/wp-json\/wp\/v2\/ensino_fundamental\/3098","targetHints":{"allow":["GET"]}}],"collection":[{"href":"https:\/\/sme.goiania.go.gov.br\/conexaoescola\/wp-json\/wp\/v2\/ensino_fundamental"}],"about":[{"href":"https:\/\/sme.goiania.go.gov.br\/conexaoescola\/wp-json\/wp\/v2\/types\/ensino_fundamental"}],"author":[{"embeddable":true,"href":"https:\/\/sme.goiania.go.gov.br\/conexaoescola\/wp-json\/wp\/v2\/users\/13"}],"version-history":[{"count":0,"href":"https:\/\/sme.goiania.go.gov.br\/conexaoescola\/wp-json\/wp\/v2\/ensino_fundamental\/3098\/revisions"}],"wp:featuredmedia":[{"embeddable":true,"href":"https:\/\/sme.goiania.go.gov.br\/conexaoescola\/wp-json\/wp\/v2\/media\/3100"}],"wp:attachment":[{"href":"https:\/\/sme.goiania.go.gov.br\/conexaoescola\/wp-json\/wp\/v2\/media?parent=3098"}],"wp:term":[{"taxonomy":"ef_categoria","embeddable":true,"href":"https:\/\/sme.goiania.go.gov.br\/conexaoescola\/wp-json\/wp\/v2\/ef_categoria?post=3098"},{"taxonomy":"ef_ano","embeddable":true,"href":"https:\/\/sme.goiania.go.gov.br\/conexaoescola\/wp-json\/wp\/v2\/ef_ano?post=3098"},{"taxonomy":"ef_componente","embeddable":true,"href":"https:\/\/sme.goiania.go.gov.br\/conexaoescola\/wp-json\/wp\/v2\/ef_componente?post=3098"}],"curies":[{"name":"wp","href":"https:\/\/api.w.org\/{rel}","templated":true}]}}