{"id":3026,"date":"2020-07-06T07:00:00","date_gmt":"2020-07-06T10:00:00","guid":{"rendered":"http:\/\/sme.goiania.go.gov.br\/conexaoescola\/?post_type=ensino_fundamental&#038;p=3026"},"modified":"2022-01-03T11:45:10","modified_gmt":"2022-01-03T13:45:10","slug":"3026","status":"publish","type":"ensino_fundamental","link":"https:\/\/sme.goiania.go.gov.br\/conexaoescola\/ensino_fundamental\/3026\/","title":{"rendered":"Ci\u00eancias da Natureza &#8211; Sustentabilidade"},"content":{"rendered":"\n<p class=\"has-medium-font-size\">Ol\u00e1! <\/p>\n\n\n\n<p class=\"has-medium-font-size\">Tudo bem? <\/p>\n\n\n\n<p class=\"has-medium-font-size\">Voc\u00ea tem conseguido manter a sua rotina organizada? <\/p>\n\n\n\n<p class=\"has-medium-font-size\">Tem realizado as trilhas da plataforma? <\/p>\n\n\n\n<p class=\"has-medium-font-size\">Vamos continuar aprendendo sobre sustentabilidade? Conversaremos sobre lixo, coleta seletiva e destina\u00e7\u00e3o de res\u00edduos e a nossa sa\u00fade.<\/p>\n\n\n\n<p class=\"has-medium-font-size\"><strong>Atividade 1<\/strong>&nbsp;&nbsp;&nbsp;<\/p>\n\n\n\n<p class=\"has-medium-font-size\">Jo\u00e3o Pedro gosta muito de ler, sempre pega livros na biblioteca da escola e prefere os livros de fic\u00e7\u00e3o cient\u00edfica. <\/p>\n\n\n\n<p class=\"has-medium-font-size\">Neste tempo de pandemia ele tem aproveitado para ler bastante, tem lido livros impressos e digitais. Por\u00e9m \u00e0s vezes, no meio da leitura aparece uma palavra desconhecida. O Jo\u00e3o Pedro recorre ao dicion\u00e1rio. E voc\u00ea, o que faz quando isso acontece com voc\u00ea?<\/p>\n\n\n\n<p class=\"has-medium-font-size\">Nesta atividade, voc\u00ea recordar\u00e1 como usar o dicion\u00e1rio e o que s\u00e3o os verbetes de dicion\u00e1rio. Assim como os livros digitais, os dicion\u00e1rios tamb\u00e9m est\u00e3o na internet.<\/p>\n\n\n\n<ul class=\"wp-block-list\"><li>Acesse o link a seguir e relembre sobre a organiza\u00e7\u00e3o das palavras.<\/li><\/ul>\n\n\n\n<figure class=\"wp-block-embed is-type-video is-provider-youtube wp-block-embed-youtube wp-embed-aspect-16-9 wp-has-aspect-ratio\"><div class=\"wp-block-embed__wrapper\">\n<p class=\"responsive-video-wrap clr\"><iframe title=\"Como Usar O Dicion\u00e1rio? | V\u00eddeos Educativos para Crian\u00e7as\" width=\"1200\" height=\"675\" src=\"https:\/\/www.youtube.com\/embed\/oCy9Si0_iks?feature=oembed\" frameborder=\"0\" allow=\"accelerometer; autoplay; encrypted-media; gyroscope; picture-in-picture\" allowfullscreen><\/iframe><\/p>\n<\/div><figcaption>Como Usar O Dicion\u00e1rio? | V\u00eddeos Educativos para Crian\u00e7as<br>Canal: <a href=\"https:\/\/www.youtube.com\/channel\/UCI8qJCvG6BQWAoS3UYVkMog\">Aula365 &#8211; Brasil<\/a><br>Fonte: <a rel=\"noreferrer noopener\" href=\"https:\/\/www.youtube.com\/watch?v=oCy9Si0_iks\" target=\"_blank\">https:\/\/www.youtube.com\/watch?v=oCy9Si0_iks<\/a><\/figcaption><\/figure>\n\n\n\n<p><a rel=\"noreferrer noopener\" href=\"https:\/\/pt.slideshare.net\/piefohmania\/alfabeto-e-dicionrio\" target=\"_blank\">Relembre<\/a>&nbsp;o uso do dicion\u00e1rio e como s\u00e3o os verbetes de dicion\u00e1rio.<\/p>\n\n\n\n<figure class=\"wp-block-image size-large\"><img fetchpriority=\"high\" decoding=\"async\" width=\"960\" height=\"540\" src=\"http:\/\/sme.goiania.go.gov.br\/conexaoescola\/wp-content\/uploads\/2020\/06\/Alfabeto-e-Dicion\u00e1rio-5\u00ba-Ano-Ativ-1-1-e1592945183455.jpg\" alt=\"\" class=\"wp-image-3027\" srcset=\"https:\/\/sme.goiania.go.gov.br\/conexaoescola\/wp-content\/uploads\/2020\/06\/Alfabeto-e-Dicion\u00e1rio-5\u00ba-Ano-Ativ-1-1-e1592945183455.jpg 960w, https:\/\/sme.goiania.go.gov.br\/conexaoescola\/wp-content\/uploads\/2020\/06\/Alfabeto-e-Dicion\u00e1rio-5\u00ba-Ano-Ativ-1-1-e1592945183455-300x169.jpg 300w, https:\/\/sme.goiania.go.gov.br\/conexaoescola\/wp-content\/uploads\/2020\/06\/Alfabeto-e-Dicion\u00e1rio-5\u00ba-Ano-Ativ-1-1-e1592945183455-768x432.jpg 768w\" sizes=\"(max-width: 960px) 100vw, 960px\" \/><\/figure>\n\n\n\n<figure class=\"wp-block-image size-large\"><img decoding=\"async\" width=\"960\" height=\"540\" src=\"http:\/\/sme.goiania.go.gov.br\/conexaoescola\/wp-content\/uploads\/2020\/06\/Alfabeto-e-Dicion\u00e1rio-5\u00ba-Ano-Ativ-1-e1592945221241.jpg\" alt=\"\" class=\"wp-image-3028\" srcset=\"https:\/\/sme.goiania.go.gov.br\/conexaoescola\/wp-content\/uploads\/2020\/06\/Alfabeto-e-Dicion\u00e1rio-5\u00ba-Ano-Ativ-1-e1592945221241.jpg 960w, https:\/\/sme.goiania.go.gov.br\/conexaoescola\/wp-content\/uploads\/2020\/06\/Alfabeto-e-Dicion\u00e1rio-5\u00ba-Ano-Ativ-1-e1592945221241-300x169.jpg 300w, https:\/\/sme.goiania.go.gov.br\/conexaoescola\/wp-content\/uploads\/2020\/06\/Alfabeto-e-Dicion\u00e1rio-5\u00ba-Ano-Ativ-1-e1592945221241-768x432.jpg 768w\" sizes=\"(max-width: 960px) 100vw, 960px\" \/><figcaption>Alfabeto e Dicion\u00e1rio<br>Site: Slide Share &#8211; Alfabeto e Dicion\u00e1rio<br>Fonte: <a href=\"https:\/\/pt.slideshare.net\/piefohmania\/alfabeto-e-dicionrio\" target=\"_blank\" rel=\"noreferrer noopener\">https:\/\/pt.slideshare.net\/piefohmania\/alfabeto-e-dicionrio<\/a><\/figcaption><\/figure>\n\n\n\n<hr class=\"wp-block-separator\"\/>\n\n\n\n<p><strong>Atividade 2&nbsp;<\/strong><\/p>\n\n\n\n<p class=\"has-medium-font-size\">Voc\u00ea j\u00e1 comprou alguma coisa no bazar da escola? <\/p>\n\n\n\n<p class=\"has-medium-font-size\">J\u00e1 vendeu ou comprou latinhas? <\/p>\n\n\n\n<p class=\"has-medium-font-size\">J\u00e1 participou de feiras de trocas, ou j\u00e1 trocou coisas que n\u00e3o usava mais por outras que estava precisando? <\/p>\n\n\n\n<p class=\"has-medium-font-size\">Sabia que ao fazer uma das a\u00e7\u00f5es acima, voc\u00ea consumiu de forma sustent\u00e1vel?&nbsp;<\/p>\n\n\n\n<p class=\"has-medium-font-size\">Clique na express\u00e3o <a href=\"https:\/\/comoinvestir.anbima.com.br\/noticia\/consumo-sustentavel-o-planeta-agradece\/\" target=\"_blank\" rel=\"noreferrer noopener\">consumo sustent\u00e1vel<\/a> para aprender sobre consumo sustent\u00e1vel e conhecer&nbsp; algumas possibilidades.<\/p>\n\n\n\n<figure class=\"wp-block-image size-large\"><img decoding=\"async\" width=\"960\" height=\"540\" src=\"http:\/\/sme.goiania.go.gov.br\/conexaoescola\/wp-content\/uploads\/2020\/06\/Apresenta\u00e7\u00e3o-sem-t\u00edtulo-2-e1592946188347.jpg\" alt=\"\" class=\"wp-image-3029\" srcset=\"https:\/\/sme.goiania.go.gov.br\/conexaoescola\/wp-content\/uploads\/2020\/06\/Apresenta\u00e7\u00e3o-sem-t\u00edtulo-2-e1592946188347.jpg 960w, https:\/\/sme.goiania.go.gov.br\/conexaoescola\/wp-content\/uploads\/2020\/06\/Apresenta\u00e7\u00e3o-sem-t\u00edtulo-2-e1592946188347-300x169.jpg 300w, https:\/\/sme.goiania.go.gov.br\/conexaoescola\/wp-content\/uploads\/2020\/06\/Apresenta\u00e7\u00e3o-sem-t\u00edtulo-2-e1592946188347-768x432.jpg 768w\" sizes=\"(max-width: 960px) 100vw, 960px\" \/><\/figure>\n\n\n\n<figure class=\"wp-block-image size-large\"><img loading=\"lazy\" decoding=\"async\" width=\"960\" height=\"540\" src=\"http:\/\/sme.goiania.go.gov.br\/conexaoescola\/wp-content\/uploads\/2020\/06\/Apresenta\u00e7\u00e3o-sem-t\u00edtulo-1-e1592946234361.jpg\" alt=\"\" class=\"wp-image-3030\" srcset=\"https:\/\/sme.goiania.go.gov.br\/conexaoescola\/wp-content\/uploads\/2020\/06\/Apresenta\u00e7\u00e3o-sem-t\u00edtulo-1-e1592946234361.jpg 960w, https:\/\/sme.goiania.go.gov.br\/conexaoescola\/wp-content\/uploads\/2020\/06\/Apresenta\u00e7\u00e3o-sem-t\u00edtulo-1-e1592946234361-300x169.jpg 300w, https:\/\/sme.goiania.go.gov.br\/conexaoescola\/wp-content\/uploads\/2020\/06\/Apresenta\u00e7\u00e3o-sem-t\u00edtulo-1-e1592946234361-768x432.jpg 768w\" sizes=\"(max-width: 960px) 100vw, 960px\" \/><\/figure>\n\n\n\n<figure class=\"wp-block-image size-large\"><img loading=\"lazy\" decoding=\"async\" width=\"960\" height=\"540\" src=\"http:\/\/sme.goiania.go.gov.br\/conexaoescola\/wp-content\/uploads\/2020\/06\/Apresenta\u00e7\u00e3o-sem-t\u00edtulo-e1592946270700.jpg\" alt=\"\" class=\"wp-image-3031\" srcset=\"https:\/\/sme.goiania.go.gov.br\/conexaoescola\/wp-content\/uploads\/2020\/06\/Apresenta\u00e7\u00e3o-sem-t\u00edtulo-e1592946270700.jpg 960w, https:\/\/sme.goiania.go.gov.br\/conexaoescola\/wp-content\/uploads\/2020\/06\/Apresenta\u00e7\u00e3o-sem-t\u00edtulo-e1592946270700-300x169.jpg 300w, https:\/\/sme.goiania.go.gov.br\/conexaoescola\/wp-content\/uploads\/2020\/06\/Apresenta\u00e7\u00e3o-sem-t\u00edtulo-e1592946270700-768x432.jpg 768w\" sizes=\"(max-width: 960px) 100vw, 960px\" \/><figcaption>Consumo sustent\u00e1vel: seu bolso e o planeta agradecem<br>Site: Como Investir<br>Fonte: <a href=\"https:\/\/comoinvestir.anbima.com.br\/noticia\/consumo-sustentavel-o-planeta-agradece\/\" target=\"_blank\" rel=\"noreferrer noopener\">https:\/\/comoinvestir.anbima.com.br\/noticia\/consumo-sustentavel-o-planeta-agradece\/<\/a><\/figcaption><\/figure>\n\n\n\n<hr class=\"wp-block-separator\"\/>\n\n\n\n<ul class=\"wp-block-list\"><li>Se voc\u00ea encontrar alguma palavra desconhecida no texto, use o dicion\u00e1rio. Para aprender novos conhecimentos precisamos compreender os significados das palavras.<\/li><li>Das ideias apresentadas no texto lido, qual foi a que voc\u00ea mais gostou? Compartilhe com quem estiver a\u00ed com voc\u00ea e conversem sobre o assunto.<\/li><li>Converse por WhatsApp com um\/uma colega sobre consumo sustent\u00e1vel e criem uma ideia de consumo sustent\u00e1vel. Depois compartilhe a ideia com outras pessoas. Vamos aproveitar esse momento para aprendermos novos h\u00e1bitos, al\u00e9m dos h\u00e1bitos de higiene? M\u00e3os \u00e0 obra!<\/li><\/ul>\n\n\n\n<hr class=\"wp-block-separator\"\/>\n\n\n\n<p class=\"has-medium-font-size\"><strong>Atividade 3&nbsp;<\/strong><\/p>\n\n\n\n<p class=\"has-medium-font-size\">Voc\u00ea j\u00e1 ouviu o termo cidade inteligente? As cidades inteligentes exigem planejamento, tecnologia e mudan\u00e7as de comportamento de seus moradores. N\u00e3o importa o tamanho das cidades, todos podemos propor a\u00e7\u00f5es para preservar recursos naturais e melhorar a qualidade de vida das pessoas.<\/p>\n\n\n\n<ul class=\"wp-block-list\"><li>Acesse o link abaixo e assista ao v\u00eddeo para conhecer como funcionam as cidades inteligentes. Ah! O v\u00eddeo \u00e9 legendado, ent\u00e3o aten\u00e7\u00e3o \u00e0s legendas.<\/li><\/ul>\n\n\n\n<figure class=\"wp-block-embed is-type-video is-provider-youtube wp-block-embed-youtube wp-embed-aspect-4-3 wp-has-aspect-ratio\"><div class=\"wp-block-embed__wrapper\">\n<p class=\"responsive-video-wrap clr\"><iframe title=\"O que \u00e9 uma cidade inteligente\" width=\"1200\" height=\"900\" src=\"https:\/\/www.youtube.com\/embed\/5TJmTyofYbc?feature=oembed\" frameborder=\"0\" allow=\"accelerometer; autoplay; encrypted-media; gyroscope; picture-in-picture\" allowfullscreen><\/iframe><\/p>\n<\/div><figcaption>O que \u00e9 uma cidade inteligente<br>Canal: <a href=\"https:\/\/www.youtube.com\/channel\/UCBSE-fyJkiQ370DMT0AkD4w\">Jonatas Prust<\/a><br>Fonte: <a rel=\"noreferrer noopener\" href=\"https:\/\/www.youtube.com\/watch?v=5TJmTyofYbc\" target=\"_blank\">https:\/\/www.youtube.com\/watch?v=5TJmTyofYbc<\/a><\/figcaption><\/figure>\n\n\n\n<hr class=\"wp-block-separator\"\/>\n\n\n\n<ul class=\"wp-block-list\"><li>Inspirado(a) no v\u00eddeo, pense em uma proposta para tornar sua cidade mais sustent\u00e1vel e anote para sugerir aos candidatos \u00e0 prefeito e vereadores de sua cidade. Afinal isso \u00e9 exercer a cidadania e mesmo n\u00e3o votando ainda, voc\u00ea pode e deve contribuir. Combinado?<\/li><\/ul>\n\n\n\n<hr class=\"wp-block-separator\"\/>\n\n\n\n<p class=\"has-medium-font-size\"><strong>Atividade 4<\/strong>&nbsp;<\/p>\n\n\n\n<p class=\"has-medium-font-size\">J\u00e1 pensou em como voc\u00ea estar\u00e1 quando dezembro chegar? Ser\u00e1 que muita coisa ter\u00e1 mudado a\u00ed em sua cidade? E voc\u00ea, ser\u00e1 que ter\u00e1 os mesmos gostos e opini\u00f5es? Que tal fazer a capsula do tempo, guardar em algum lugar, dentro de uma caixa e abri-la no final do ano?&nbsp; Voc\u00ea pode convidar as pessoas da sua casa para fazer a delas tamb\u00e9m.<\/p>\n\n\n\n<ul class=\"wp-block-list\"><li>Primeiro fa\u00e7a uma capa bem legal para sua c\u00e1psula do tempo. Voc\u00ea poder\u00e1 fazer um desenho, uma colagem ou um desenho.<\/li><li>&nbsp;Voc\u00ea est\u00e1 vivendo a hist\u00f3ria agora, que tal registrar e ou guardar na sua capsula do tempo: algumas fotos, um di\u00e1rio de seus dias, not\u00edcias de jornais que achar importante, seus desenhos criados, fotos e\/ou desenho de seu animal de estima\u00e7\u00e3o.<\/li><li>Comece explicando quem \u00e9 voc\u00ea, seus gostos, brinquedos, prato favorito, brincadeiras que mais gosta, nome dos seus pais, e outras coisas que voc\u00ea achar importante deixar registrado.<\/li><li>Fale sobre os seus sentimentos. Como voc\u00ea tem se sentido neste tempo de pandemia.<\/li><li>Fa\u00e7a uma lista com 5 coisas que voc\u00ea quer fazer at\u00e9 o final do ano.&nbsp;<\/li><li>E por fim, escreva uma carta para voc\u00ea mesmo. N\u00e3o se esque\u00e7a de colar o nome da sua cidade, a data e o seu nome.<\/li><\/ul>\n\n\n\n<hr class=\"wp-block-separator\"\/>\n\n\n\n<figure class=\"wp-block-table\"><table><tbody><tr><td><strong>Componentes<\/strong><\/td><td><strong>Habilidades<\/strong><\/td><\/tr><tr><td><strong>L\u00edngua Portuguesa<\/strong><\/td><td>(EF05LP22) Ler e compreender verbetes de dicion\u00e1rio, identificando a estrutura, as informa\u00e7\u00f5es gramaticais (significado de abreviaturas) e as informa\u00e7\u00f5es sem\u00e2nticas.<\/td><\/tr><tr><td><strong>Ci\u00eancias da Natureza<\/strong><\/td><td>(EF05CI05-C) Construir propostas coletivas para um consumo sustent\u00e1vel em atividades cotidianas, propondo solu\u00e7\u00f5es para o descarte adequado.<\/td><\/tr><tr><td><strong>Geografia<\/strong><\/td><td>(EF05GE12-A) Identificar \u00f3rg\u00e3os do poder p\u00fablico, entidades da sociedade civil organizada e da iniciativa privada respons\u00e1veis por buscar solu\u00e7\u00f5es para a melhoria da qualidade de vida, tanto em \u00e1reas urbanas, como rurais.<\/td><\/tr><\/tbody><\/table><\/figure>\n\n\n\n<hr class=\"wp-block-separator\"\/>\n\n\n\n<p class=\"has-text-align-center\">Cr\u00e9ditos: Regime de Colabora\u00e7\u00e3o &#8211; Coordena\u00e7\u00e3o Estadual de Implementa\u00e7\u00e3o da BNCC no Estado de Goi\u00e1s.<\/p>\n","protected":false},"author":10,"featured_media":3032,"template":"","ef_categoria":[],"ef_ano":[88],"ef_componente":[98],"class_list":["post-3026","ensino_fundamental","type-ensino_fundamental","status-publish","has-post-thumbnail","hentry","ef_ano-5o-ano","ef_componente-ciencia-da-natureza-ef","entry","has-media"],"acf":[],"_links":{"self":[{"href":"https:\/\/sme.goiania.go.gov.br\/conexaoescola\/wp-json\/wp\/v2\/ensino_fundamental\/3026","targetHints":{"allow":["GET"]}}],"collection":[{"href":"https:\/\/sme.goiania.go.gov.br\/conexaoescola\/wp-json\/wp\/v2\/ensino_fundamental"}],"about":[{"href":"https:\/\/sme.goiania.go.gov.br\/conexaoescola\/wp-json\/wp\/v2\/types\/ensino_fundamental"}],"author":[{"embeddable":true,"href":"https:\/\/sme.goiania.go.gov.br\/conexaoescola\/wp-json\/wp\/v2\/users\/10"}],"version-history":[{"count":0,"href":"https:\/\/sme.goiania.go.gov.br\/conexaoescola\/wp-json\/wp\/v2\/ensino_fundamental\/3026\/revisions"}],"wp:featuredmedia":[{"embeddable":true,"href":"https:\/\/sme.goiania.go.gov.br\/conexaoescola\/wp-json\/wp\/v2\/media\/3032"}],"wp:attachment":[{"href":"https:\/\/sme.goiania.go.gov.br\/conexaoescola\/wp-json\/wp\/v2\/media?parent=3026"}],"wp:term":[{"taxonomy":"ef_categoria","embeddable":true,"href":"https:\/\/sme.goiania.go.gov.br\/conexaoescola\/wp-json\/wp\/v2\/ef_categoria?post=3026"},{"taxonomy":"ef_ano","embeddable":true,"href":"https:\/\/sme.goiania.go.gov.br\/conexaoescola\/wp-json\/wp\/v2\/ef_ano?post=3026"},{"taxonomy":"ef_componente","embeddable":true,"href":"https:\/\/sme.goiania.go.gov.br\/conexaoescola\/wp-json\/wp\/v2\/ef_componente?post=3026"}],"curies":[{"name":"wp","href":"https:\/\/api.w.org\/{rel}","templated":true}]}}