{"id":2971,"date":"2020-07-01T07:00:00","date_gmt":"2020-07-01T10:00:00","guid":{"rendered":"http:\/\/sme.goiania.go.gov.br\/conexaoescola\/?post_type=ensino_fundamental&#038;p=2971"},"modified":"2021-08-18T09:03:24","modified_gmt":"2021-08-18T12:03:24","slug":"respeito-as-diferencas-3","status":"publish","type":"ensino_fundamental","link":"https:\/\/sme.goiania.go.gov.br\/conexaoescola\/ensino_fundamental\/respeito-as-diferencas-3\/","title":{"rendered":"Respeito \u00e0s diferen\u00e7as"},"content":{"rendered":"\n<p class=\"has-medium-font-size\">Ol\u00e1! Voc\u00ea j\u00e1 observou sua apar\u00eancia f\u00edsica e o seu jeito de ser?&nbsp; Quando nascemos somos parecidos com os nosso pais, av\u00f3s, e outros pessoas da fam\u00edlia. Com quem voc\u00ea se parece? Voc\u00ea valoriza suas caracter\u00edsticas f\u00edsicas e seu jeito de ser?<\/p>\n\n\n\n<p class=\"has-medium-font-size\">Cada pessoa tem caracter\u00edsticas pr\u00f3prias, por isso \u00e9 muito legal saber que somos diferentes. O importante \u00e9 perceber essas diferen\u00e7as e aprender a conviver respeitando cada um na sua diferen\u00e7a!<br><\/p>\n\n\n\n<p class=\"has-medium-font-size\"><strong><span style=\"color:#070707\" class=\"has-inline-color\">Atividade 1<\/span><\/strong><br><\/p>\n\n\n\n<p class=\"has-medium-font-size\">Acesse o link e assista ao v\u00eddeo:<br><\/p>\n\n\n\n<figure class=\"wp-block-embed is-type-video is-provider-youtube wp-block-embed-youtube wp-embed-aspect-16-9 wp-has-aspect-ratio\"><div class=\"wp-block-embed__wrapper\">\n<p class=\"responsive-video-wrap clr\"><iframe title=\"A Raposa e a Cegonha\" width=\"1200\" height=\"675\" src=\"https:\/\/www.youtube.com\/embed\/TY0X00OgjzA?feature=oembed\" frameborder=\"0\" allow=\"accelerometer; autoplay; encrypted-media; gyroscope; picture-in-picture\" allowfullscreen><\/iframe><\/p>\n<\/div><figcaption>&#8220;A Raposa e a Cegonha&#8221; &#8211; Canal: TV Casulo &#8211; Link: <a rel=\"noreferrer noopener\" href=\"https:\/\/www.youtube.com\/watch?v=TY0X00OgjzA\" target=\"_blank\"><span class=\"has-inline-color has-vivid-cyan-blue-color\">https:\/\/www.youtube.com\/watch?v=TY0X00OgjzA<\/span><\/a><br><\/figcaption><\/figure>\n\n\n\n<p class=\"has-medium-font-size\"><strong><span style=\"color:#070707\" class=\"has-inline-color\">Atividade 2<\/span><\/strong><br><\/p>\n\n\n\n<p class=\"has-medium-font-size\">Vamos relembrar o que \u00e9 uma f\u00e1bula?<\/p>\n\n\n\n<p class=\"has-medium-font-size\">\u201cA f\u00e1bula \u00e9 uma narrativa figurada, na qual as personagens s\u00e3o geralmente animais que possuem caracter\u00edsticas humanas. Pode ser escrita em prosa ou em verso e \u00e9 sustentada sempre por uma li\u00e7\u00e3o de moral, constatada na conclus\u00e3o da hist\u00f3ria\u201d.<br>(Trecho retirado do link: <a rel=\"noreferrer noopener\" href=\"https:\/\/mundoeducacao.uol.com.br\/redacao\/fabula.htm\" target=\"_blank\"><span class=\"has-inline-color has-vivid-cyan-blue-color\">https:\/\/mundoeducacao.uol.com.br\/redacao\/fabula.htm<\/span><\/a>)<\/p>\n\n\n\n<p class=\"has-medium-font-size\">Agora, que voc\u00ea relembrou o que \u00e9 uma f\u00e1bula, explique para sua fam\u00edlia o que voc\u00ea entendeu e reconte a hist\u00f3ria \u201cA Raposa e a Cegonha\u201d. Registre esse momento usando a ferramenta de grava\u00e7\u00e3o de \u00e1udio ou de v\u00eddeo do celular.<br><\/p>\n\n\n\n<p class=\"has-medium-font-size\"><strong><span style=\"color:#070707\" class=\"has-inline-color\">Atividade 3<\/span><\/strong><br><\/p>\n\n\n\n<p class=\"has-medium-font-size\">Ilustre no seu caderno os momentos da hist\u00f3ria em que os personagens passam por dificuldades por causa das diferen\u00e7as f\u00edsicas. Depois, escreva como seria poss\u00edvel resolverem esse problema.<br><\/p>\n\n\n\n<p class=\"has-medium-font-size\"><strong><span style=\"color:#070707\" class=\"has-inline-color\">Atividade 4<\/span><\/strong><br><\/p>\n\n\n\n<p class=\"has-medium-font-size\">As f\u00e1bulas costumam apresentar um ensinamento.&nbsp;Leia as frases abaixo:<br><br>Quando um n\u00e3o quer dois n\u00e3o brigam.<br>O bem se paga com o bem.<br>Fa\u00e7a o bem sem ver a quem.<br>N\u00e3o h\u00e1 pior inimigo que um falso amigo.<br><br>Qual delas voc\u00ea escolheria para o final da hist\u00f3ria, caso voc\u00ea fosse o escritor?<br> <\/p>\n\n\n\n<p class=\"has-medium-font-size\"><strong><span style=\"color:#010506\" class=\"has-inline-color\">Para Saber Mais:<\/span><\/strong><br><\/p>\n\n\n\n<p class=\"has-medium-font-size\"><strong><span style=\"color:#070707\" class=\"has-inline-color\">Atividade 5<\/span><\/strong><br><\/p>\n\n\n\n<p class=\"has-medium-font-size\">Vamos ouvir uma m\u00fasica sobre as diferen\u00e7as? Acesse o link e assista ao clipe \u201cNormal \u00c9 Ser Diferente\u201d &#8211; Grandes Pequeninos, de Jair Oliveira:<br><\/p>\n\n\n\n<figure class=\"wp-block-embed is-type-video is-provider-youtube wp-block-embed-youtube wp-embed-aspect-16-9 wp-has-aspect-ratio\"><div class=\"wp-block-embed__wrapper\">\n<p class=\"responsive-video-wrap clr\"><iframe title=\"Normal \u00c9 Ser Diferente - Grandes Pequeninos\" width=\"1200\" height=\"675\" src=\"https:\/\/www.youtube.com\/embed\/oueAfq_XJrg?feature=oembed\" frameborder=\"0\" allow=\"accelerometer; autoplay; encrypted-media; gyroscope; picture-in-picture\" allowfullscreen><\/iframe><\/p>\n<\/div><figcaption>&#8220;Ser Normal \u00e9 Diferente&#8221; &#8211; Canal: Grandes Pequeninos &#8211; Link: <a rel=\"noreferrer noopener\" href=\"https:\/\/www.youtube.com\/watch?v=oueAfq_XJrg\" target=\"_blank\"><span class=\"has-inline-color has-vivid-cyan-blue-color\">https:\/\/www.youtube.com\/watch?v=oueAfq_XJrg<\/span><\/a><br><\/figcaption><\/figure>\n\n\n\n<p class=\"has-medium-font-size\"><strong><span style=\"color:#070707\" class=\"has-inline-color\">Atividade 6<\/span><\/strong><br><\/p>\n\n\n\n<p class=\"has-medium-font-size\">Imagine que, ao retornar para a escola, sua turma recebeu um colega novo. Voc\u00ea percebe que ele precisa de ajuda para conhecer os colegas novos e fazer novas amizades. Ilustre ou escreva no seu caderno que voc\u00ea faria para acolher seu colega no que ele precisa.<br><\/p>\n\n\n\n<figure class=\"wp-block-table\"><table><tbody><tr><td><strong><span style=\"color:#040607\" class=\"has-inline-color\">Componentes&nbsp;<\/span><\/strong><\/td><td><strong><span style=\"color:#040607\" class=\"has-inline-color\">Habilidades<\/span>&nbsp;<\/strong><\/td><\/tr><tr><td><strong><span style=\"color:#030405\" class=\"has-inline-color\">L\u00edngua Portuguesa<\/span><\/strong><\/td><td>(EF15LP09) Expressar-se em situa\u00e7\u00f5es de interc\u00e2mbio oral com clareza, preocupando-se em ser compreendido pelo interlocutor e usando a palavra com tom de voz aud\u00edvel, boa articula\u00e7\u00e3o e ritmo adequado.<br>(EF02LP28) Reconhecer o conflito gerador de uma narrativa ficcional e sua resolu\u00e7\u00e3o, al\u00e9m de palavras, express\u00f5es e frases que caracterizam personagens e ambientes.<br>(EF12LP04-E) Representar, por meio da linguagem n\u00e3o verbal, a compreens\u00e3o do texto lido.<\/td><\/tr><tr><td><strong><span style=\"color:#010405\" class=\"has-inline-color\">Hist\u00f3ria<\/span>&nbsp;<\/strong><\/td><td>(EF02HI01) Reconhecer espa\u00e7os de sociabilidade e identificar os motivos que aproximam e separam as pessoas em diferentes grupos sociais ou de parentesco.<\/td><\/tr><\/tbody><\/table><figcaption><br><\/figcaption><\/figure>\n\n\n\n<p class=\"has-medium-font-size\">Cr\u00e9ditos: Regime de Colabora\u00e7\u00e3o &#8211; Coordena\u00e7\u00e3o Estadual de Implementa\u00e7\u00e3o da BNCC no Estado de Goi\u00e1s.<\/p>\n","protected":false},"author":14,"featured_media":2972,"template":"","ef_categoria":[13,20],"ef_ano":[],"ef_componente":[],"class_list":["post-2971","ensino_fundamental","type-ensino_fundamental","status-publish","has-post-thumbnail","hentry","ef_categoria-ciclo-da-infancia-abc","ef_categoria-etica-e-cidadania","entry","has-media"],"acf":[],"_links":{"self":[{"href":"https:\/\/sme.goiania.go.gov.br\/conexaoescola\/wp-json\/wp\/v2\/ensino_fundamental\/2971","targetHints":{"allow":["GET"]}}],"collection":[{"href":"https:\/\/sme.goiania.go.gov.br\/conexaoescola\/wp-json\/wp\/v2\/ensino_fundamental"}],"about":[{"href":"https:\/\/sme.goiania.go.gov.br\/conexaoescola\/wp-json\/wp\/v2\/types\/ensino_fundamental"}],"author":[{"embeddable":true,"href":"https:\/\/sme.goiania.go.gov.br\/conexaoescola\/wp-json\/wp\/v2\/users\/14"}],"version-history":[{"count":0,"href":"https:\/\/sme.goiania.go.gov.br\/conexaoescola\/wp-json\/wp\/v2\/ensino_fundamental\/2971\/revisions"}],"wp:featuredmedia":[{"embeddable":true,"href":"https:\/\/sme.goiania.go.gov.br\/conexaoescola\/wp-json\/wp\/v2\/media\/2972"}],"wp:attachment":[{"href":"https:\/\/sme.goiania.go.gov.br\/conexaoescola\/wp-json\/wp\/v2\/media?parent=2971"}],"wp:term":[{"taxonomy":"ef_categoria","embeddable":true,"href":"https:\/\/sme.goiania.go.gov.br\/conexaoescola\/wp-json\/wp\/v2\/ef_categoria?post=2971"},{"taxonomy":"ef_ano","embeddable":true,"href":"https:\/\/sme.goiania.go.gov.br\/conexaoescola\/wp-json\/wp\/v2\/ef_ano?post=2971"},{"taxonomy":"ef_componente","embeddable":true,"href":"https:\/\/sme.goiania.go.gov.br\/conexaoescola\/wp-json\/wp\/v2\/ef_componente?post=2971"}],"curies":[{"name":"wp","href":"https:\/\/api.w.org\/{rel}","templated":true}]}}