{"id":29670,"date":"2020-10-12T07:00:00","date_gmt":"2020-10-12T10:00:00","guid":{"rendered":"http:\/\/sme.goiania.go.gov.br\/conexaoescola\/?post_type=ensino_fundamental&#038;p=29670"},"modified":"2020-10-09T00:04:08","modified_gmt":"2020-10-09T03:04:08","slug":"fakes-news-no-passado-e-no-presente-ou-o-acesso-a-informacao-ou-a-revolta-da-vacina","status":"publish","type":"ensino_fundamental","link":"https:\/\/sme.goiania.go.gov.br\/conexaoescola\/ensino_fundamental\/fakes-news-no-passado-e-no-presente-ou-o-acesso-a-informacao-ou-a-revolta-da-vacina\/","title":{"rendered":"\u201cFakes News\u201d no passado e no presente\/ou o acesso \u00e0 informa\u00e7\u00e3o\/ ou a Revolta da Vacina"},"content":{"rendered":"\n<p style=\"background-color:#d9f1ff\" class=\"has-background has-drop-cap has-medium-font-size\">Ol\u00e1, que bom te ver aqui! Que voc\u00ea fa\u00e7a um excelente percurso rumo \u00e0 aprendizagem! Com certeza voc\u00ea est\u00e1 aguardando o retorno para as atividades sociais e a vacina para o novo COVID-19 \u00e9 a esperan\u00e7a para que isso aconte\u00e7a.\u00a0 Voc\u00ea sabia que no in\u00edcio do S\u00e9culo XX, o governo brasileiro precisou recorrer \u00e0 ci\u00eancia e \u00e0s medidas sanit\u00e1rias para controlar o surto de var\u00edola, febre amarela e peste bub\u00f4nica no pa\u00eds?<\/p>\n\n\n\n<p class=\"has-background has-medium-font-size has-very-light-gray-background-color\"><strong>ATIVIDADES<\/strong><\/p>\n\n\n\n<p class=\"has-medium-font-size\">Para conhecer mais sobre esse processo de urbaniza\u00e7\u00e3o e moderniza\u00e7\u00e3o, bem como suas consequ\u00eancias para as camadas populares, assista o v\u00eddeo e anote em seu caderno:<\/p>\n\n\n\n<figure class=\"wp-block-embed-youtube aligncenter wp-block-embed is-type-video is-provider-youtube wp-embed-aspect-16-9 wp-has-aspect-ratio\"><div class=\"wp-block-embed__wrapper\">\n<p class=\"responsive-video-wrap clr\"><iframe title=\"A Reforma Urbana do Rio de Janeiro e a Revolta da Vacina.\" width=\"1200\" height=\"675\" src=\"https:\/\/www.youtube.com\/embed\/SBLVc8BWsnY?feature=oembed\" frameborder=\"0\" allow=\"accelerometer; autoplay; clipboard-write; encrypted-media; gyroscope; picture-in-picture\" allowfullscreen><\/iframe><\/p>\n<\/div><figcaption>A Reforma Urbana do Rio de Janeiro e a Revolta da Vacina &#8211; <a href=\"https:\/\/www.youtube.com\/watch?v=SBLVc8BWsnY\" target=\"_blank\" rel=\"noreferrer noopener\"><strong><em>Canal JT Hist\u00f3ria &#8211; YouTube<\/em><\/strong><\/a><\/figcaption><\/figure>\n\n\n\n<p class=\"has-medium-font-size\">1 &#8211; Enquanto a Rep\u00fablica ainda se firmava no Brasil ocorria a Revolta da Vacina. Sobre esse movimento popular:<\/p>\n\n\n\n<p class=\"has-medium-font-size\">a) Pode-se dizer que os manifestantes n\u00e3o estavam furiosos apenas contra a obrigatoriedade da vacina em si? Por que essa revolta esteve relacionada com as reformas urbanas no Rio de Janeiro?<br>b) Por que a popula\u00e7\u00e3o acreditava que a vacina era invas\u00e3o \u00e0 moral e \u00e0 privacidade das mulheres?<br>c) De que outra forma o Estado poderia ter agido para evitar a revolta e para que as pessoas passassem a procurar a vacina voluntariamente?<\/p>\n\n\n\n<p class=\"has-medium-font-size\">2 &#8211; Voc\u00ea viu que a popula\u00e7\u00e3o j\u00e1 sofreu com uma epidemia. Naquela \u00e9poca muitas not\u00edcias falsas e boatos eram espalhados. Hoje, vivenciando a pandemia do Covid- 19, pode-se dizer que as pessoas ainda compartilham not\u00edcias falsas? Veja na imagem a seguir:<\/p>\n\n\n\n<div class=\"wp-block-image\"><figure class=\"aligncenter size-large\"><img fetchpriority=\"high\" decoding=\"async\" width=\"800\" height=\"800\" src=\"http:\/\/sme.goiania.go.gov.br\/conexaoescola\/wp-content\/uploads\/2020\/10\/corona-e1602210881366.jpg\" alt=\"\" class=\"wp-image-29672\" srcset=\"https:\/\/sme.goiania.go.gov.br\/conexaoescola\/wp-content\/uploads\/2020\/10\/corona-e1602210881366.jpg 800w, https:\/\/sme.goiania.go.gov.br\/conexaoescola\/wp-content\/uploads\/2020\/10\/corona-e1602210881366-300x300.jpg 300w, https:\/\/sme.goiania.go.gov.br\/conexaoescola\/wp-content\/uploads\/2020\/10\/corona-e1602210881366-150x150.jpg 150w, https:\/\/sme.goiania.go.gov.br\/conexaoescola\/wp-content\/uploads\/2020\/10\/corona-e1602210881366-768x768.jpg 768w\" sizes=\"(max-width: 800px) 100vw, 800px\" \/><figcaption>(Canal do Minist\u00e9rio da Sa\u00fade que apura a veracidade das mensagens que circulam nas redes sociais) <strong><em><a rel=\"noreferrer noopener\" href=\"https:\/\/www.saude.gov.br\/fakenews\/46585-governo-do-brasil-anuncia-vacina-do-coronavirus-e-fake-news\" target=\"_blank\">Link<\/a><\/em><\/strong><br><\/figcaption><\/figure><\/div>\n\n\n\n<p>1. Como foi classificada a mensagem da imagem acima pelo Minist\u00e9rio da Sa\u00fade? Qual a informa\u00e7\u00e3o estava sendo compartilhada por ela?<\/p>\n\n\n\n<p>2. Voc\u00ea compartilha not\u00edcias sem checar as informa\u00e7\u00f5es? Como voc\u00ea verifica se elas s\u00e3o verdadeiras?<\/p>\n\n\n\n<p>3. Voc\u00ea sabe quais s\u00e3o as consequ\u00eancias de se divulgar boatos ou not\u00edcias falsas?<\/p>\n\n\n\n<hr class=\"wp-block-separator\"\/>\n\n\n\n<p style=\"background-color:#000000;color:#ffffff\" class=\"has-text-color has-background has-medium-font-size\"><strong>Saiba Mais:<\/strong><\/p>\n\n\n\n<figure class=\"wp-block-embed-youtube wp-block-embed is-type-video is-provider-youtube wp-embed-aspect-16-9 wp-has-aspect-ratio\"><div class=\"wp-block-embed__wrapper\">\n<p class=\"responsive-video-wrap clr\"><iframe title=\"Revolta da Vacina | Nerdologia\" width=\"1200\" height=\"675\" src=\"https:\/\/www.youtube.com\/embed\/SlsHN-OWCkw?feature=oembed\" frameborder=\"0\" allow=\"accelerometer; autoplay; clipboard-write; encrypted-media; gyroscope; picture-in-picture\" allowfullscreen><\/iframe><\/p>\n<\/div><figcaption><a href=\"https:\/\/www.youtube.com\/watch?v=SlsHN-OWCkw\" target=\"_blank\" rel=\"noreferrer noopener\">Revolta da Vacina | Nerdologia &#8211; Canal Nerdologia &#8211; YouTube<\/a><\/figcaption><\/figure>\n\n\n\n<figure class=\"wp-block-embed-youtube wp-block-embed is-type-video is-provider-youtube wp-embed-aspect-16-9 wp-has-aspect-ratio\"><div class=\"wp-block-embed__wrapper\">\n<p class=\"responsive-video-wrap clr\"><iframe title=\"A Revolta da Vacina | O Mochileiro do Futuro\" width=\"1200\" height=\"675\" src=\"https:\/\/www.youtube.com\/embed\/3X4IptPvxxQ?feature=oembed\" frameborder=\"0\" allow=\"accelerometer; autoplay; clipboard-write; encrypted-media; gyroscope; picture-in-picture\" allowfullscreen><\/iframe><\/p>\n<\/div><figcaption><a href=\"https:\/\/www.youtube.com\/watch?v=3X4IptPvxxQ\" target=\"_blank\" rel=\"noreferrer noopener\">A Revolta da Vacina | O Mochileiro do Futuro<br>Canal MultiRio &#8211; YouTube<\/a><\/figcaption><\/figure>\n\n\n\n<p class=\"has-medium-font-size\">Infogr\u00e1fico \u201cFuja da desinforma\u00e7\u00e3o &#8211; 6 perguntas para analisar se um texto de m\u00eddia \u00e9 confi\u00e1vel\u201d \u2013\u00a0 Educam\u00eddia <em><strong><a href=\"https:\/\/educamidia.org.br\/api\/wp-content\/uploads\/2019\/12\/Fuja-da-Desinforma%C3%A7%C3%A3o.pdf\" target=\"_blank\" rel=\"noreferrer noopener\">Link<\/a><\/strong><\/em><\/p>\n\n\n\n<hr class=\"wp-block-separator\"\/>\n\n\n\n<p class=\"has-text-align-center\">Ciclo da Adolesc\u00eancia \u2013 Turma I (9\u00ba ano) \u2013 \u00c9tica e Cidadania<\/p>\n","protected":false},"author":28,"featured_media":29677,"template":"","ef_categoria":[16,36],"ef_ano":[],"ef_componente":[],"class_list":["post-29670","ensino_fundamental","type-ensino_fundamental","status-publish","has-post-thumbnail","hentry","ef_categoria-ciclo-da-adolescencia-hi","ef_categoria-etica-e-cidadania-ciclo-da-adolescencia-hi","entry","has-media"],"acf":[],"_links":{"self":[{"href":"https:\/\/sme.goiania.go.gov.br\/conexaoescola\/wp-json\/wp\/v2\/ensino_fundamental\/29670","targetHints":{"allow":["GET"]}}],"collection":[{"href":"https:\/\/sme.goiania.go.gov.br\/conexaoescola\/wp-json\/wp\/v2\/ensino_fundamental"}],"about":[{"href":"https:\/\/sme.goiania.go.gov.br\/conexaoescola\/wp-json\/wp\/v2\/types\/ensino_fundamental"}],"author":[{"embeddable":true,"href":"https:\/\/sme.goiania.go.gov.br\/conexaoescola\/wp-json\/wp\/v2\/users\/28"}],"version-history":[{"count":0,"href":"https:\/\/sme.goiania.go.gov.br\/conexaoescola\/wp-json\/wp\/v2\/ensino_fundamental\/29670\/revisions"}],"wp:featuredmedia":[{"embeddable":true,"href":"https:\/\/sme.goiania.go.gov.br\/conexaoescola\/wp-json\/wp\/v2\/media\/29677"}],"wp:attachment":[{"href":"https:\/\/sme.goiania.go.gov.br\/conexaoescola\/wp-json\/wp\/v2\/media?parent=29670"}],"wp:term":[{"taxonomy":"ef_categoria","embeddable":true,"href":"https:\/\/sme.goiania.go.gov.br\/conexaoescola\/wp-json\/wp\/v2\/ef_categoria?post=29670"},{"taxonomy":"ef_ano","embeddable":true,"href":"https:\/\/sme.goiania.go.gov.br\/conexaoescola\/wp-json\/wp\/v2\/ef_ano?post=29670"},{"taxonomy":"ef_componente","embeddable":true,"href":"https:\/\/sme.goiania.go.gov.br\/conexaoescola\/wp-json\/wp\/v2\/ef_componente?post=29670"}],"curies":[{"name":"wp","href":"https:\/\/api.w.org\/{rel}","templated":true}]}}