{"id":2955,"date":"2020-06-22T20:29:21","date_gmt":"2020-06-22T23:29:21","guid":{"rendered":"http:\/\/sme.goiania.go.gov.br\/conexaoescola\/?post_type=ensino_fundamental&#038;p=2955"},"modified":"2021-12-07T12:06:00","modified_gmt":"2021-12-07T14:06:00","slug":"direitos-e-deveres","status":"publish","type":"ensino_fundamental","link":"https:\/\/sme.goiania.go.gov.br\/conexaoescola\/ensino_fundamental\/direitos-e-deveres\/","title":{"rendered":"Hist\u00f3ria e L\u00edngua Portuguesa &#8211; Direitos e deveres"},"content":{"rendered":"\n<p class=\"has-medium-font-size\">Ol\u00e1!&nbsp; Voc\u00ea sabe o que \u00e9 ser crian\u00e7a? Segundo o Estatuto da Crian\u00e7a e do Adolescente (ECA) \u00e9 considerado crian\u00e7a indiv\u00edduos dos 0 aos 11 anos e 11 meses. Se voc\u00ea tem menos de doze anos, ent\u00e3o voc\u00ea \u00e9 crian\u00e7a. As crian\u00e7as t\u00eam direitos e deveres. Vamos aprender mais sobre eles?<\/p>\n\n\n\n<p class=\"has-medium-font-size\">As crian\u00e7as&nbsp;t\u00eam direito \u00e0 educa\u00e7\u00e3o, moradia, fam\u00edlia, prote\u00e7\u00e3o, escuta atenta, respeito etc. Para o desenvolvimento da sua autonomia deve participar nas tomadas de decis\u00f5es na escola e na fam\u00edlia, assim como aprender que cada atitude e escolha tem uma consequ\u00eancia. Mas, as crian\u00e7as tamb\u00e9m t\u00eam seus deveres, como por exemplo, o de ouvir e de respeitar o outro, o de assumir responsabilidades conforme a sua idade e as circunst\u00e2ncias. Vamos descobrir qual a lei no Brasil que trata desses direitos e deveres?<br><\/p>\n\n\n\n<p class=\"has-medium-font-size\"><strong><span style=\"color:#000000\" class=\"has-inline-color\">Atividade 1<\/span><\/strong><br><\/p>\n\n\n\n<p class=\"has-medium-font-size\">Acesse o link e assista ao v\u00eddeo abaixo. Convide sua fam\u00edlia para assistir com voc\u00ea.<br><\/p>\n\n\n\n<figure class=\"wp-block-embed is-type-video is-provider-youtube wp-block-embed-youtube wp-embed-aspect-16-9 wp-has-aspect-ratio\"><div class=\"wp-block-embed__wrapper\">\n<p class=\"responsive-video-wrap clr\"><iframe title=\"A Galinha Ruiva | Desenho animado infantil com Os Amiguinhos\" width=\"1200\" height=\"675\" src=\"https:\/\/www.youtube.com\/embed\/KAZ-xMUXaoY?feature=oembed\" frameborder=\"0\" allow=\"accelerometer; autoplay; clipboard-write; encrypted-media; gyroscope; picture-in-picture\" allowfullscreen><\/iframe><\/p>\n<\/div><figcaption>&#8220;A Galinha Ruiva &#8211; Desenho Infantil com os Amiguinhos&#8221; &#8211; Canal: Os Amiguinhos &#8211; Link: <a rel=\"noreferrer noopener\" href=\"https:\/\/www.youtube.com\/watch?v=KAZ-xMUXaoY\" target=\"_blank\"><span class=\"has-inline-color has-vivid-cyan-blue-color\">https:\/\/www.youtube.com\/watch?v=KAZ-xMUXaoY<\/span><\/a><br><\/figcaption><\/figure>\n\n\n\n<p class=\"has-medium-font-size\"><strong><span style=\"color:#000000\" class=\"has-inline-color\">Atividade 2<\/span><\/strong><br><\/p>\n\n\n\n<p class=\"has-medium-font-size\">Converse com sua fam\u00edlia sobre o que voc\u00ea pensa das atitudes dos animais (vaca, porco, cachorro, pato) diante do convite da galinha e dos direitos e responsabilidades ou obriga\u00e7\u00f5es que as crian\u00e7as precisam ter para ser um adulto respons\u00e1vel, participativo e colaborativo.<br><\/p>\n\n\n\n<p class=\"has-medium-font-size\"><strong><span style=\"color:#000000\" class=\"has-inline-color\">Atividade 3<\/span><\/strong><br><\/p>\n\n\n\n<p class=\"has-medium-font-size\">Voc\u00ea sabe que existe o dia Universal dos Direitos da Crian\u00e7a?&nbsp;<\/p>\n\n\n\n<p class=\"has-medium-font-size\">Acesse o link e leia o slide \u201cOs Direitos n\u00e3o Excluem Deveres\u201d. Convide sua fam\u00edlia para ler com voc\u00ea.<br><\/p>\n\n\n\n<figure><iframe src=\"\/\/www.slideshare.net\/slideshow\/embed_code\/key\/JnQ1rTeyiK0lfX\" allowfullscreen=\"\" width=\"599\" height=\"487\"><\/iframe><\/figure>\n\nDireitos e deveres da crian\u00e7a from BE ESGN\n\n\n\n<p class=\"has-medium-font-size\"><strong><span style=\"color:#000000\" class=\"has-inline-color\">Atividade 4<\/span><\/strong><br><\/p>\n\n\n\n<p class=\"has-medium-font-size\">Para garantir o direito da Crian\u00e7a e do Adolescente, em 1990 foi aprovado no Brasil o <strong>Estatuto da Crian\u00e7a e do Adolescente (ECA)<\/strong>, cujas leis s\u00e3o muito importantes porque, al\u00e9m de garantir seus direitos, instituem penas severas para quem desrespeitar as crian\u00e7as e os adolescentes. Pesquise o Art. 4<sup>o<\/sup>&nbsp;do <strong>Estatuto da Crian\u00e7a e do Adolescente<\/strong> e converse com sua fam\u00edlia sobre os direitos da crian\u00e7a e do adolescente. Mas lembre-se para cada direito tem um dever!<\/p>\n\n\n\n<p class=\"has-medium-font-size\">Se voc\u00ea conhece uma crian\u00e7a que \u00e9 maltratada, abandonada e desrespeitada, DISQUE 100, n\u00e3o precisa dizer seu nome. A den\u00fancia vai para o Conselho Tutelar mais pr\u00f3ximo da crian\u00e7a vitimizada.<br><\/p>\n\n\n\n<figure class=\"wp-block-table\"><table><tbody><tr><td><strong><span style=\"color:#010304\" class=\"has-inline-color\">Componentes<\/span><\/strong><\/td><td><strong><span style=\"color:#0b0b0b\" class=\"has-inline-color\">Habilidades<\/span>&nbsp;<\/strong><\/td><\/tr><tr><td><strong><span style=\"color:#020303\" class=\"has-inline-color\">L\u00edngua Portuguesa<\/span><\/strong><\/td><td>Tema: Leitura de textos liter\u00e1rios.<br>(EF02LP26) Ler e compreender com autonomia, textos liter\u00e1rios, de g\u00eaneros variados, desenvolvendo o gosto pela leitura<\/td><\/tr><tr><td><strong><span style=\"color:#0e0e0e\" class=\"has-inline-color\">Hist\u00f3ria<\/span><\/strong><\/td><td>Tema: Direitos Humanos: crian\u00e7as, adolescentes e sua rela\u00e7\u00e3o com a cidadania.<br>(GO-EF05HI05-B) Conhecer os principais direitos e deveres contidos nos Estatutos Brasileiros, como Estatuto da Crian\u00e7a e do Adolescente (ECA), Estatuto do Idoso, Estatuto do Deficiente, Estatuto da Igualdade Racial, compreendendo-os como conquista de direito social hist\u00f3rico.<\/td><\/tr><\/tbody><\/table><\/figure>\n\n\n\n<p class=\"has-medium-font-size\">Cr\u00e9ditos: Regime de Colabora\u00e7\u00e3o &#8211; Coordena\u00e7\u00e3o Estadual de Implementa\u00e7\u00e3o da BNCC no Estado de Goi\u00e1s.<\/p>\n","protected":false},"author":7,"featured_media":2956,"template":"","ef_categoria":[14,25],"ef_ano":[88],"ef_componente":[95,93],"class_list":["post-2955","ensino_fundamental","type-ensino_fundamental","status-publish","has-post-thumbnail","hentry","ef_categoria-ciclo-da-infancia-de","ef_categoria-etica-e-cidadania-ciclo-da-infancia-de","ef_ano-5o-ano","ef_componente-historia","ef_componente-portugues","entry","has-media"],"acf":[],"_links":{"self":[{"href":"https:\/\/sme.goiania.go.gov.br\/conexaoescola\/wp-json\/wp\/v2\/ensino_fundamental\/2955","targetHints":{"allow":["GET"]}}],"collection":[{"href":"https:\/\/sme.goiania.go.gov.br\/conexaoescola\/wp-json\/wp\/v2\/ensino_fundamental"}],"about":[{"href":"https:\/\/sme.goiania.go.gov.br\/conexaoescola\/wp-json\/wp\/v2\/types\/ensino_fundamental"}],"author":[{"embeddable":true,"href":"https:\/\/sme.goiania.go.gov.br\/conexaoescola\/wp-json\/wp\/v2\/users\/7"}],"version-history":[{"count":0,"href":"https:\/\/sme.goiania.go.gov.br\/conexaoescola\/wp-json\/wp\/v2\/ensino_fundamental\/2955\/revisions"}],"wp:featuredmedia":[{"embeddable":true,"href":"https:\/\/sme.goiania.go.gov.br\/conexaoescola\/wp-json\/wp\/v2\/media\/2956"}],"wp:attachment":[{"href":"https:\/\/sme.goiania.go.gov.br\/conexaoescola\/wp-json\/wp\/v2\/media?parent=2955"}],"wp:term":[{"taxonomy":"ef_categoria","embeddable":true,"href":"https:\/\/sme.goiania.go.gov.br\/conexaoescola\/wp-json\/wp\/v2\/ef_categoria?post=2955"},{"taxonomy":"ef_ano","embeddable":true,"href":"https:\/\/sme.goiania.go.gov.br\/conexaoescola\/wp-json\/wp\/v2\/ef_ano?post=2955"},{"taxonomy":"ef_componente","embeddable":true,"href":"https:\/\/sme.goiania.go.gov.br\/conexaoescola\/wp-json\/wp\/v2\/ef_componente?post=2955"}],"curies":[{"name":"wp","href":"https:\/\/api.w.org\/{rel}","templated":true}]}}