{"id":2855,"date":"2020-06-22T08:58:18","date_gmt":"2020-06-22T11:58:18","guid":{"rendered":"http:\/\/sme.goiania.go.gov.br\/conexaoescola\/?post_type=ensino_fundamental&#038;p=2855"},"modified":"2022-01-03T12:04:42","modified_gmt":"2022-01-03T14:04:42","slug":"higiene-o-dia-todo","status":"publish","type":"ensino_fundamental","link":"https:\/\/sme.goiania.go.gov.br\/conexaoescola\/ensino_fundamental\/higiene-o-dia-todo\/","title":{"rendered":"Ci\u00eancias da Natureza &#8211; Higiene o dia todo"},"content":{"rendered":"\n<p class=\"has-medium-font-size\">Ol\u00e1! Hoje falaremos sobre a import\u00e2ncia de manter a higiene do nosso corpo, isso \u00e9 muito importante para a nossa sa\u00fade. <\/p>\n\n\n\n<p class=\"has-medium-font-size\">Bons h\u00e1bitos s\u00e3o essenciais para que o nosso corpo fique saud\u00e1vel, por isso, devemos pratic\u00e1-los no dia-a-dia.&nbsp;<\/p>\n\n\n\n<p class=\"has-medium-font-size\">Fique de olho porque hoje vamos aprender muito como praticar esses h\u00e1bitos e de uma forma muito divertida! Vamos l\u00e1?<\/p>\n\n\n\n<p class=\"has-medium-font-size\">Tomar banho, lavar as m\u00e3os e escovar os dentes s\u00e3o atividades que devem ser executadas diversas vezes ao longo do dia. Esses h\u00e1bitos precisam fazer parte da nossa rotina, para mantermos nossa sa\u00fade.&nbsp;<\/p>\n\n\n\n<p class=\"has-medium-font-size\">Vamos entender um pouco mais sobre higiene?<\/p>\n\n\n\n<p class=\"has-medium-font-size\"><strong>Atividade 1<\/strong><\/p>\n\n\n\n<p class=\"has-medium-font-size\">Por que precisamos tomar banho todos os dias?&nbsp;<\/p>\n\n\n\n<p class=\"has-medium-font-size\">Acesse o link e assista ao v\u00eddeo para compreender melhor sobre esse assunto.<\/p>\n\n\n\n<figure class=\"wp-block-embed aligncenter is-type-video is-provider-youtube wp-block-embed-youtube wp-embed-aspect-16-9 wp-has-aspect-ratio\"><div class=\"wp-block-embed__wrapper\">\n<p class=\"responsive-video-wrap clr\"><iframe title=\"POR QUE PRECISA TOMAR BANHO? #Ticolicos|EP05\" width=\"1200\" height=\"675\" src=\"https:\/\/www.youtube.com\/embed\/67wmrRwnLgE?feature=oembed\" frameborder=\"0\" allow=\"accelerometer; autoplay; encrypted-media; gyroscope; picture-in-picture\" allowfullscreen><\/iframe><\/p>\n<\/div><figcaption>Fonte: Youtube, &#8220;POR QUE PRECISA TOMAR BANHO?&nbsp;<a href=\"https:\/\/www.youtube.com\/results?search_query=%23Ticolicos\">#Ticolicos<\/a>|EP05&#8243; do canal <a rel=\"noreferrer noopener\" href=\"https:\/\/www.youtube.com\/channel\/UCWLNF6wlHEAin0kukYW0uow\" target=\"_blank\">Ticolicos &#8211; Canal Infantil<\/a>.<br>Dispon\u00edvel em: <a rel=\"noreferrer noopener\" href=\"https:\/\/www.youtube.com\/watch?v=67wmrRwnLgE\" target=\"_blank\">https:\/\/www.youtube.com\/watch?v=67wmrRwnLg<\/a><a href=\"https:\/\/www.youtube.com\/watch?v=67wmrRwnLgE\">E<\/a><\/figcaption><\/figure>\n\n\n\n<p class=\"has-medium-font-size\">Viram a import\u00e2ncia de tomarmos banho todos os dias? O banho, al\u00e9m de nos deixar limpos e cheirosos tamb\u00e9m previne algumas doen\u00e7as<strong>.<\/strong><\/p>\n\n\n\n<p class=\"has-medium-font-size\"><strong>Atividade 2<\/strong><\/p>\n\n\n\n<p class=\"has-medium-font-size\">Leia na imagem abaixo os h\u00e1bitos de higiene que devemos ter diariamente com o nosso corpo. Se precisar pe\u00e7a ajuda de um adulto, para realizar com voc\u00ea a leitura.<\/p>\n\n\n\n<p><img decoding=\"async\" alt=\"Higiene na Escola\" src=\"https:\/\/lh3.googleusercontent.com\/iYXB0TKhRsi6EO3b1ByGFJcvypvnZmye6o5Zr-OclpQlI6VfY7dvK7h3Bcc-cYMcVXr2we2DqhaqPax4YCJAIlnoYuNlJgThSpBnopDD1ZUscOGJH-wFTdOkGKTo2QZ_Z-xSVVoVk1Qvwqlp\" style=\"width: 800px;\"><\/p>\n\n\n\n<p class=\"has-text-align-center\">Dispon\u00edvel em: <a rel=\"noreferrer noopener\" href=\"https:\/\/www.slideshare.net\/silmarta\/higiene-na-escola-33444283\/7?smtNoRedir=1\" target=\"_blank\">https:\/\/www.slideshare.net\/silmarta\/higiene-na-escola-33444283\/7?smtNoRedir=1<\/a><\/p>\n\n\n\n<p class=\"has-medium-font-size\"><strong>Atividade 3<\/strong><\/p>\n\n\n\n<p class=\"has-medium-font-size\">Al\u00e9m dos h\u00e1bitos citados na imagem que voc\u00ea leu, tem algum h\u00e1bito que voc\u00ea pratica diariamente? Qual? Registre no seu caderno. Se quiser, voc\u00ea tamb\u00e9m pode desenhar!&nbsp;<\/p>\n\n\n\n<p class=\"has-medium-font-size\"><strong>Atividade 4<\/strong><\/p>\n\n\n\n<p class=\"has-medium-font-size\">As imagens abaixo nos ensinam como devemos lavar as m\u00e3os e assim nos proteger de muitas doen\u00e7as que s\u00e3o transmitidas atrav\u00e9s do contato.<\/p>\n\n\n\n<p class=\"has-medium-font-size\">Leia com bastante aten\u00e7\u00e3o, siga os 7 passos e ensine tamb\u00e9m as pessoas que moram com voc\u00ea.<\/p>\n\n\n\n<p class=\"has-text-align-center\"><strong><img decoding=\"async\" src=\"https:\/\/lh3.googleusercontent.com\/K8pEwmUPv8UCjg6mABcjCY4NF2HMHLhtEI4_F1NxseGOokGZu5b85TKArMcApxy4DjNc-Md-ighxrLUZRYA3rfYhrZ_-u5UJdN_JVW1u6yyn5i0h-DYPnad2U4gApnSvoZ_hZOvp6SkP94Yc\" style=\"width: 900px;\"><\/strong><\/p>\n\n\n\n<p class=\"has-text-align-center\"><strong>Dispon\u00edvel em: <\/strong><a rel=\"noreferrer noopener\" href=\"https:\/\/br.pinterest.com\/pin\/741405157375475623\/\" target=\"_blank\"><strong>https:\/\/br.pinterest.com\/pin\/741405157375475623\/<\/strong><\/a><strong>. Acesso em 05 de maio de 2020.<\/strong><\/p>\n\n\n\n<p class=\"has-medium-font-size\"><strong>Atividade 5<\/strong>&nbsp;<\/p>\n\n\n\n<p class=\"has-medium-font-size\">Agora que voc\u00ea j\u00e1 sabe lavar as m\u00e3os da forma correta assista ao v\u00eddeo clicando no link a seguir:<\/p>\n\n\n\n<figure class=\"wp-block-embed aligncenter is-type-video is-provider-youtube wp-block-embed-youtube wp-embed-aspect-16-9 wp-has-aspect-ratio\"><div class=\"wp-block-embed__wrapper\">\nhttps:\/\/www.youtube.com\/watch?v=EAEQEnoo6BM\n<\/div><figcaption>Fonte: Youtube, &#8220;A Import\u00e2ncia de Lavar as M\u00e3os| Cante e Aprenda com a Luna | Nursery Rhymes | Kids | Coronav\u00edrus&#8221;. do canal <a rel=\"noreferrer noopener\" href=\"https:\/\/www.youtube.com\/channel\/UC-adUJnjdrRnRlOJGoDtTqw\" target=\"_blank\">O Show da Luna!<\/a><br>Dispon\u00edvel em: <a rel=\"noreferrer noopener\" href=\"https:\/\/www.youtube.com\/watch?v=EAEQEnoo6BM\" target=\"_blank\">https:\/\/www.youtube.com\/watch?v=EAEQEnoo6BM<\/a><br><\/figcaption><\/figure>\n\n\n\n<p class=\"has-medium-font-size\">Qual o nome da m\u00fasica do v\u00eddeo? <\/p>\n\n\n\n<p class=\"has-medium-font-size\">Escreva no seu caderno esse nome e fa\u00e7a uma ilustra\u00e7\u00e3o.<\/p>\n\n\n\n<p class=\"has-medium-font-size\">Foi bem divertido hoje, n\u00e3o foi? M\u00fasica, dan\u00e7a, atividades e muitas aprendizagens!!&nbsp;<\/p>\n\n\n\n<hr class=\"wp-block-separator\"\/>\n\n\n\n<figure class=\"wp-block-table\"><table><tbody><tr><td><strong>Componentes:<\/strong><\/td><td><strong>Habilidades:<\/strong><\/td><\/tr><tr><td>Geografia<\/td><td>(EF01GE01-A) Identificar-se e reconhecer-se como sujeito no seu cotidiano e integrante de um espa\u00e7o vivenciado.<\/td><\/tr><tr><td>Ci\u00eancias da Natureza<\/td><td>(EF01CI03-A\/B\/C) Discutir e compreender as raz\u00f5es pelas quais os h\u00e1bitos de higiene do corpo, como lavar as m\u00e3os antes de comer, escovar os dentes, limpar os olhos, o nariz e as orelhas, bem como os de higiene alimentar, manuseio, preparo e armazenamento, s\u00e3o necess\u00e1rios para a manuten\u00e7\u00e3o da sa\u00fade individual e coletiva.<\/td><\/tr><\/tbody><\/table><\/figure>\n\n\n\n<hr class=\"wp-block-separator\"\/>\n\n\n\n<p class=\"has-text-align-center\">Ciclo da inf\u00e2ncia &#8211; Experi\u00eancias e Curiosidades- 2\u00ba ano- B<\/p>\n\n\n\n<hr class=\"wp-block-separator\"\/>\n\n\n\n<p class=\"has-medium-font-size\">Cr\u00e9ditos: Regime de Colabora\u00e7\u00e3o &#8211; Coordena\u00e7\u00e3o Estadual de Implementa\u00e7\u00e3o da BNCC no Estado de Goi\u00e1s.<\/p>\n","protected":false},"author":11,"featured_media":2860,"template":"","ef_categoria":[],"ef_ano":[84],"ef_componente":[98],"class_list":["post-2855","ensino_fundamental","type-ensino_fundamental","status-publish","has-post-thumbnail","hentry","ef_ano-1o-ano","ef_componente-ciencia-da-natureza-ef","entry","has-media"],"acf":[],"_links":{"self":[{"href":"https:\/\/sme.goiania.go.gov.br\/conexaoescola\/wp-json\/wp\/v2\/ensino_fundamental\/2855","targetHints":{"allow":["GET"]}}],"collection":[{"href":"https:\/\/sme.goiania.go.gov.br\/conexaoescola\/wp-json\/wp\/v2\/ensino_fundamental"}],"about":[{"href":"https:\/\/sme.goiania.go.gov.br\/conexaoescola\/wp-json\/wp\/v2\/types\/ensino_fundamental"}],"author":[{"embeddable":true,"href":"https:\/\/sme.goiania.go.gov.br\/conexaoescola\/wp-json\/wp\/v2\/users\/11"}],"version-history":[{"count":0,"href":"https:\/\/sme.goiania.go.gov.br\/conexaoescola\/wp-json\/wp\/v2\/ensino_fundamental\/2855\/revisions"}],"wp:featuredmedia":[{"embeddable":true,"href":"https:\/\/sme.goiania.go.gov.br\/conexaoescola\/wp-json\/wp\/v2\/media\/2860"}],"wp:attachment":[{"href":"https:\/\/sme.goiania.go.gov.br\/conexaoescola\/wp-json\/wp\/v2\/media?parent=2855"}],"wp:term":[{"taxonomy":"ef_categoria","embeddable":true,"href":"https:\/\/sme.goiania.go.gov.br\/conexaoescola\/wp-json\/wp\/v2\/ef_categoria?post=2855"},{"taxonomy":"ef_ano","embeddable":true,"href":"https:\/\/sme.goiania.go.gov.br\/conexaoescola\/wp-json\/wp\/v2\/ef_ano?post=2855"},{"taxonomy":"ef_componente","embeddable":true,"href":"https:\/\/sme.goiania.go.gov.br\/conexaoescola\/wp-json\/wp\/v2\/ef_componente?post=2855"}],"curies":[{"name":"wp","href":"https:\/\/api.w.org\/{rel}","templated":true}]}}