{"id":2797,"date":"2020-06-19T17:40:48","date_gmt":"2020-06-19T20:40:48","guid":{"rendered":"http:\/\/sme.goiania.go.gov.br\/conexaoescola\/?post_type=ensino_fundamental&#038;p=2797"},"modified":"2020-06-25T15:17:53","modified_gmt":"2020-06-25T18:17:53","slug":"cuidados-necessarios-para-o-nosso-bem-estar","status":"publish","type":"ensino_fundamental","link":"https:\/\/sme.goiania.go.gov.br\/conexaoescola\/ensino_fundamental\/cuidados-necessarios-para-o-nosso-bem-estar\/","title":{"rendered":"Cuidados necess\u00e1rios para o nosso bem-estar"},"content":{"rendered":"\n<p class=\"has-medium-font-size\">Ol\u00e1! <\/p>\n\n\n\n<p class=\"has-medium-font-size\">Como voc\u00ea est\u00e1 se sentindo? <\/p>\n\n\n\n<p class=\"has-medium-font-size\">Tem conseguido manter sua rotina organizada? <\/p>\n\n\n\n<p class=\"has-medium-font-size\">Na escola voc\u00ea tinha hor\u00e1rio para chegar, para voltar para casa, para lanchar e para brincar. E agora, como voc\u00ea est\u00e1 organizando seu tempo? Separou hor\u00e1rios para ler, conversar com seus pais ou irm\u00e3os sobre as not\u00edcias? Tem realizado sua higiene pessoal? Tem feito atividade f\u00edsica? <\/p>\n\n\n\n<p class=\"has-medium-font-size\">Vamos aprender mais sobre esses h\u00e1bitos e a import\u00e2ncia de manter uma rotina nesse per\u00edodo de distanciamento social.<\/p>\n\n\n\n<hr class=\"wp-block-separator\"\/>\n\n\n\n<p class=\"has-medium-font-size\">A nossa trilha de aprendizagem de hoje foi pensada para que voc\u00ea conhe\u00e7a como manter a higiene pessoal, fazer exerc\u00edcios e se alimentar bem, essas atividades di\u00e1rias s\u00e3o essenciais para termos sa\u00fade e bem-estar. <\/p>\n\n\n\n<p class=\"has-medium-font-size\">Ah! Voc\u00ea tamb\u00e9m conhecer\u00e1 um ritmo novo, prepare-se! Pronto para come\u00e7ar?<\/p>\n\n\n\n<p class=\"has-medium-font-size\"><strong>Atividade 1<\/strong>:<\/p>\n\n\n\n<p class=\"has-medium-font-size\">Voc\u00ea sabe dizer porque manter bons h\u00e1bitos de higiene nos protege e impede de contrair a Covid19? <\/p>\n\n\n\n<p class=\"has-medium-font-size\">O v\u00eddeo a seguir nos dar\u00e1 informa\u00e7\u00f5es importantes sobre esse assunto. Para assist\u00ed-lo \u00e1 s\u00f3 clicar no link:<\/p>\n\n\n\n<figure class=\"wp-block-embed-youtube wp-block-embed is-type-video is-provider-youtube wp-embed-aspect-16-9 wp-has-aspect-ratio\"><div class=\"wp-block-embed__wrapper\">\n<p class=\"responsive-video-wrap clr\"><iframe title=\"Tr\u00eas regras para uma boa sa\u00fade\" width=\"1200\" height=\"675\" src=\"https:\/\/www.youtube.com\/embed\/c8c0RUONuf0?feature=oembed\" frameborder=\"0\" allow=\"accelerometer; autoplay; encrypted-media; gyroscope; picture-in-picture\" allowfullscreen><\/iframe><\/p>\n<\/div><figcaption>Tr\u00eas regras para uma boa sa\u00fade<br>Canal: <a href=\"https:\/\/www.youtube.com\/channel\/UCh9pGWlQB7Quurnt_wl1d8A\">D777 Entretenimento<\/a><br>Fonte: <a href=\"https:\/\/www.youtube.com\/watch?v=c8c0RUONuf0\" target=\"_blank\" rel=\"noreferrer noopener\">https:\/\/www.youtube.com\/watch?v=c8c0RUONuf0<\/a><\/figcaption><\/figure>\n\n\n\n<hr class=\"wp-block-separator\"\/>\n\n\n\n<p class=\"has-medium-font-size\"><strong>Atividade 2:<\/strong><\/p>\n\n\n\n<p class=\"has-medium-font-size\">Anote no seu caderno ou bloco de notas do celular, as informa\u00e7\u00f5es que voc\u00ea achar mais importante. <\/p>\n\n\n\n<p class=\"has-medium-font-size\">Quer um desafio? <\/p>\n\n\n\n<p class=\"has-medium-font-size\">Anote as informa\u00e7\u00f5es respeitando a ordem alfab\u00e9tica.&nbsp;&nbsp;<\/p>\n\n\n\n<hr class=\"wp-block-separator\"\/>\n\n\n\n<p class=\"has-medium-font-size\"><strong>&nbsp;Atividade 3:<\/strong><\/p>\n\n\n\n<p class=\"has-medium-font-size\">O v\u00eddeo que voc\u00ea assistiu trouxe recomenda\u00e7\u00f5es importantes para nossos bem estar. Quais outras atitudes s\u00e3o importantes para nos mantermos saud\u00e1veis nesses tempos de pandemia?&nbsp;<\/p>\n\n\n\n<p class=\"has-medium-font-size\">Fa\u00e7a um cartaz para compartilhar o que aprendeu. Quando terminar seu cartaz coloque ele em algum lugar que todos possam ver.&nbsp;<\/p>\n\n\n\n<p class=\"has-medium-font-size\">Para realizar esta atividade voc\u00ea poder\u00e1 usar: imagens de revistas, folhetos, jornais,&nbsp; livros, ou at\u00e9 mesmo fazer alguns desenhos que representam essas atitudes.<\/p>\n\n\n\n<p class=\"has-medium-font-size\">Vamos lembrar o que \u00e9 e como se faz um cartaz?<\/p>\n\n\n\n<p class=\"has-medium-font-size\">O cartaz \u00e9 um meio de comunica\u00e7\u00e3o usado para divulgar mensagens e informa\u00e7\u00f5es. Normalmente tem a forma retangular, tem textos curtos, de f\u00e1cil compreens\u00e3o e imagens que ajudam no entendimento das mensagens. Voc\u00ea precisa ter aten\u00e7\u00e3o aos tipos de letras e as cores que voc\u00ea utilizar\u00e1, bem como ao local onde ele ser\u00e1 fixado.<\/p>\n\n\n\n<p class=\"has-medium-font-size\">Quer outro desafio? <\/p>\n\n\n\n<p class=\"has-medium-font-size\">Prepare uma apresenta\u00e7\u00e3o oral para sua fam\u00edlia resumindo tudo que aprendeu com essa atividade. Ah! Se quiser pode convidar algu\u00e9m para te ajudar.&nbsp;<\/p>\n\n\n\n<hr class=\"wp-block-separator\"\/>\n\n\n\n<p class=\"has-medium-font-size\"><strong>Atividade 4<\/strong>:<\/p>\n\n\n\n<p class=\"has-medium-font-size\">E agora, para terminar nossa trilha de aprendizagem que tal aprender mais sobre o nosso corpo ouvindo uma m\u00fasica? Voc\u00ea ouvir\u00e1 um bai\u00e3o,<strong> <\/strong>um g\u00eanero de m\u00fasica e dan\u00e7a popular da regi\u00e3o Nordeste do Brasil. <\/p>\n\n\n\n<p class=\"has-medium-font-size\">Quer uma dica? <\/p>\n\n\n\n<p class=\"has-medium-font-size\">Arraste o sof\u00e1 e chame todo mundo para dan\u00e7ar. Pois, com essa m\u00fasica, com certeza ningu\u00e9m conseguir\u00e1 ficar parado! Vamos l\u00e1?<\/p>\n\n\n\n<p class=\"has-medium-font-size\">Acesse o link e assista ao v\u00eddeo.<\/p>\n\n\n\n<figure class=\"wp-block-embed-youtube wp-block-embed is-type-video is-provider-youtube wp-embed-aspect-16-9 wp-has-aspect-ratio\"><div class=\"wp-block-embed__wrapper\">\n<p class=\"responsive-video-wrap clr\"><iframe title=\"Sacudir o Esqueleto - As Diferentes Partes do Corpo - 18\/11\/13\" width=\"1200\" height=\"675\" src=\"https:\/\/www.youtube.com\/embed\/zhvWvo9BfV0?feature=oembed\" frameborder=\"0\" allow=\"accelerometer; autoplay; encrypted-media; gyroscope; picture-in-picture\" allowfullscreen><\/iframe><\/p>\n<\/div><figcaption>Sacudir o Esqueleto &#8211; As Diferentes Partes do Corpo &#8211; 18\/11\/13<br>Canal: <a href=\"https:\/\/www.youtube.com\/channel\/UCtXVrEFdvdS5Gof7XWYw-CA\">Quintal da Cultura<\/a><br>Fonte: <a rel=\"noreferrer noopener\" href=\"https:\/\/www.youtube.com\/watch?v=zhvWvo9BfV0\" target=\"_blank\">https:\/\/www.youtube.com\/watch?v=zhvWvo9BfV0<\/a><\/figcaption><\/figure>\n\n\n\n<hr class=\"wp-block-separator\"\/>\n\n\n\n<figure class=\"wp-block-table\"><table><tbody><tr><td><strong>Componentes:<\/strong><\/td><td><strong>Habilidades<\/strong><\/td><\/tr><tr><td>L\u00edngua Portuguesa<br><strong>Compreens\u00e3o em leitura:<\/strong>&nbsp;<br>Identifica\u00e7\u00e3o da ideia central.<br><strong>Estrat\u00e9gias de leitura:&nbsp;<\/strong><br>Localiza\u00e7\u00e3o de informa\u00e7\u00f5es expl\u00edcitas em textos.<\/td><td>(EF35LP03) Identificar a ideia central de textos do campo da vida cotidiana, demonstrando compreens\u00e3o global.<br><br>(EF15LP03) Localizar informa\u00e7\u00f5es expl\u00edcitas em textos.<br><\/td><\/tr><tr><td>Ci\u00eancias da Natureza<\/td><td>(EF01CI03-A\/B\/C) Discutir e compreender as raz\u00f5es pelas quais os h\u00e1bitos de higiene do corpo, como lavar as m\u00e3os antes de comer, escovar os dentes, limpar os olhos, o nariz e as orelhas, bem como os de higiene alimentar, manuseio, preparo e armazenamento, s\u00e3o necess\u00e1rios para a manuten\u00e7\u00e3o da sa\u00fade individual e coletiva.<br><br>(EF04CI08-B) Propor atitudes e medidas adequadas para preven\u00e7\u00e3o de doen\u00e7as causadas por microrganismos, tais como medidas de higiene, saneamento b\u00e1sico e vacina\u00e7\u00e3o, ressaltando as infec\u00e7\u00f5es mais comuns em Goi\u00e1s.<\/td><\/tr><\/tbody><\/table><\/figure>\n\n\n\n<hr class=\"wp-block-separator\"\/>\n\n\n\n<p class=\"has-text-align-center\">Cr\u00e9ditos: Regime de Colabora\u00e7\u00e3o &#8211; Coordena\u00e7\u00e3o Estadual de Implementa\u00e7\u00e3o da BNCC no Estado de Goi\u00e1s.<\/p>\n","protected":false},"author":10,"featured_media":2804,"template":"","ef_categoria":[13,18],"ef_ano":[],"ef_componente":[],"class_list":["post-2797","ensino_fundamental","type-ensino_fundamental","status-publish","has-post-thumbnail","hentry","ef_categoria-ciclo-da-infancia-abc","ef_categoria-educacao-ambiental-e-saude","entry","has-media"],"acf":[],"_links":{"self":[{"href":"https:\/\/sme.goiania.go.gov.br\/conexaoescola\/wp-json\/wp\/v2\/ensino_fundamental\/2797","targetHints":{"allow":["GET"]}}],"collection":[{"href":"https:\/\/sme.goiania.go.gov.br\/conexaoescola\/wp-json\/wp\/v2\/ensino_fundamental"}],"about":[{"href":"https:\/\/sme.goiania.go.gov.br\/conexaoescola\/wp-json\/wp\/v2\/types\/ensino_fundamental"}],"author":[{"embeddable":true,"href":"https:\/\/sme.goiania.go.gov.br\/conexaoescola\/wp-json\/wp\/v2\/users\/10"}],"version-history":[{"count":0,"href":"https:\/\/sme.goiania.go.gov.br\/conexaoescola\/wp-json\/wp\/v2\/ensino_fundamental\/2797\/revisions"}],"wp:featuredmedia":[{"embeddable":true,"href":"https:\/\/sme.goiania.go.gov.br\/conexaoescola\/wp-json\/wp\/v2\/media\/2804"}],"wp:attachment":[{"href":"https:\/\/sme.goiania.go.gov.br\/conexaoescola\/wp-json\/wp\/v2\/media?parent=2797"}],"wp:term":[{"taxonomy":"ef_categoria","embeddable":true,"href":"https:\/\/sme.goiania.go.gov.br\/conexaoescola\/wp-json\/wp\/v2\/ef_categoria?post=2797"},{"taxonomy":"ef_ano","embeddable":true,"href":"https:\/\/sme.goiania.go.gov.br\/conexaoescola\/wp-json\/wp\/v2\/ef_ano?post=2797"},{"taxonomy":"ef_componente","embeddable":true,"href":"https:\/\/sme.goiania.go.gov.br\/conexaoescola\/wp-json\/wp\/v2\/ef_componente?post=2797"}],"curies":[{"name":"wp","href":"https:\/\/api.w.org\/{rel}","templated":true}]}}