{"id":2793,"date":"2020-06-19T17:41:34","date_gmt":"2020-06-19T20:41:34","guid":{"rendered":"http:\/\/sme.goiania.go.gov.br\/conexaoescola\/?post_type=ensino_fundamental&#038;p=2793"},"modified":"2020-06-25T15:14:39","modified_gmt":"2020-06-25T18:14:39","slug":"higiene-e-saude-2","status":"publish","type":"ensino_fundamental","link":"https:\/\/sme.goiania.go.gov.br\/conexaoescola\/ensino_fundamental\/higiene-e-saude-2\/","title":{"rendered":"Higiene e Sa\u00fade"},"content":{"rendered":"\n<p class=\"has-medium-font-size\">Ol\u00e1! <\/p>\n\n\n\n<p class=\"has-medium-font-size\">Voc\u00ea j\u00e1 pensou o quanto \u00e9 importante termos bons h\u00e1bitos de higiene, uma alimenta\u00e7\u00e3o equilibrada e praticar exerc\u00edcios f\u00edsicos para manter a nossa sa\u00fade?<\/p>\n\n\n\n<p class=\"has-medium-font-size\">Hoje vamos aprender sobre a import\u00e2ncia desses h\u00e1bitos. Vamos l\u00e1?<\/p>\n\n\n\n<hr class=\"wp-block-separator\"\/>\n\n\n\n<p class=\"has-medium-font-size\">Tomar banho; lavar as m\u00e3os quando estiverem sujas ou suadas; escovar os dentes pelo menos tr\u00eas vezes ao dia ap\u00f3s as refei\u00e7\u00f5es; lavar os cabelos; cortar as unhas; comer verduras e frutas; correr, pular, brincar, entre outros h\u00e1bitos; nos ajuda a evitar doen\u00e7as e a manter o nosso corpo saud\u00e1vel. Nesta atividade vamos conhecer mais sobre a import\u00e2ncia dessas a\u00e7\u00f5es no nosso dia a dia.<\/p>\n\n\n\n<p class=\"has-medium-font-size\"><strong>Atividade 1:<\/strong><\/p>\n\n\n\n<p class=\"has-medium-font-size\">Acesse ao v\u00eddeo e assista. Convide sua fam\u00edlia para ver com voc\u00ea.<\/p>\n\n\n\n<figure class=\"wp-block-embed-youtube wp-block-embed is-type-video is-provider-youtube wp-embed-aspect-16-9 wp-has-aspect-ratio\"><div class=\"wp-block-embed__wrapper\">\n<p class=\"responsive-video-wrap clr\"><iframe title=\"Higiene pessoal\" width=\"1200\" height=\"675\" src=\"https:\/\/www.youtube.com\/embed\/mgqRx3vp2qs?start=290&#038;feature=oembed\" frameborder=\"0\" allow=\"accelerometer; autoplay; encrypted-media; gyroscope; picture-in-picture\" allowfullscreen><\/iframe><\/p>\n<\/div><figcaption>Higiene pessoal<br>Canal: <a href=\"https:\/\/www.youtube.com\/channel\/UCYxzz-ElXZosFNFijPnuehg\">Centro MSaude Adao Pereira Nunes<\/a><br>Fonte: <a href=\"https:\/\/www.youtube.com\/watch?v=mgqRx3vp2qs&amp;t=290s\" target=\"_blank\" rel=\"noreferrer noopener\">https:\/\/www.youtube.com\/watch?v=mgqRx3vp2qs&amp;t=290s<\/a><\/figcaption><\/figure>\n\n\n\n<hr class=\"wp-block-separator\"\/>\n\n\n\n<p class=\"has-medium-font-size\"><strong>Atividade 2<\/strong>:<\/p>\n\n\n\n<p class=\"has-medium-font-size\">Ap\u00f3s assistir ao v\u00eddeo, escreva no seu caderno uma lista com os h\u00e1bitos que voc\u00ea pratica diariamente. N\u00e3o se esque\u00e7a de escrever o t\u00edtulo da sua lista!<\/p>\n\n\n\n<hr class=\"wp-block-separator\"\/>\n\n\n\n<p class=\"has-medium-font-size\"><strong>Atividade 3<\/strong>:<\/p>\n\n\n\n<p class=\"has-medium-font-size\">Agora use sua criatividade e os materiais dispon\u00edveis na sua casa para fazer um desenho, demonstrando os h\u00e1bitos de higiene que voc\u00ea aprendeu no v\u00eddeo.&nbsp;<\/p>\n\n\n\n<hr class=\"wp-block-separator\"\/>\n\n\n\n<figure class=\"wp-block-table\"><table><tbody><tr><td><strong>Componentes<\/strong><\/td><td><strong>Habilidades<\/strong><\/td><\/tr><tr><td>L\u00edngua Portuguesa<\/td><td>(EF15LP03) Localizar informa\u00e7\u00f5es explicitas em textos.<\/td><\/tr><tr><td>Ci\u00eancias da Natureza<\/td><td>(EF01CI03-A\/B\/C) Discutir e compreender as raz\u00f5es pelas quais os h\u00e1bitos de higiene do corpo, como lavar as m\u00e3os antes de comer, escovar os dentes, limpar os olhos, o nariz e as orelhas, bem como os de higiene alimentar, manuseio, preparo e armazenamento, s\u00e3o necess\u00e1rios para a manuten\u00e7\u00e3o da sa\u00fade individual e coletiva.<\/td><\/tr><\/tbody><\/table><\/figure>\n\n\n\n<hr class=\"wp-block-separator\"\/>\n\n\n\n<p class=\"has-text-align-center\">Cr\u00e9ditos: Regime de Colabora\u00e7\u00e3o &#8211; Coordena\u00e7\u00e3o Estadual de Implementa\u00e7\u00e3o da BNCC no Estado de Goi\u00e1s.<\/p>\n","protected":false},"author":10,"featured_media":2803,"template":"","ef_categoria":[13,18],"ef_ano":[],"ef_componente":[],"class_list":["post-2793","ensino_fundamental","type-ensino_fundamental","status-publish","has-post-thumbnail","hentry","ef_categoria-ciclo-da-infancia-abc","ef_categoria-educacao-ambiental-e-saude","entry","has-media"],"acf":[],"_links":{"self":[{"href":"https:\/\/sme.goiania.go.gov.br\/conexaoescola\/wp-json\/wp\/v2\/ensino_fundamental\/2793","targetHints":{"allow":["GET"]}}],"collection":[{"href":"https:\/\/sme.goiania.go.gov.br\/conexaoescola\/wp-json\/wp\/v2\/ensino_fundamental"}],"about":[{"href":"https:\/\/sme.goiania.go.gov.br\/conexaoescola\/wp-json\/wp\/v2\/types\/ensino_fundamental"}],"author":[{"embeddable":true,"href":"https:\/\/sme.goiania.go.gov.br\/conexaoescola\/wp-json\/wp\/v2\/users\/10"}],"version-history":[{"count":0,"href":"https:\/\/sme.goiania.go.gov.br\/conexaoescola\/wp-json\/wp\/v2\/ensino_fundamental\/2793\/revisions"}],"wp:featuredmedia":[{"embeddable":true,"href":"https:\/\/sme.goiania.go.gov.br\/conexaoescola\/wp-json\/wp\/v2\/media\/2803"}],"wp:attachment":[{"href":"https:\/\/sme.goiania.go.gov.br\/conexaoescola\/wp-json\/wp\/v2\/media?parent=2793"}],"wp:term":[{"taxonomy":"ef_categoria","embeddable":true,"href":"https:\/\/sme.goiania.go.gov.br\/conexaoescola\/wp-json\/wp\/v2\/ef_categoria?post=2793"},{"taxonomy":"ef_ano","embeddable":true,"href":"https:\/\/sme.goiania.go.gov.br\/conexaoescola\/wp-json\/wp\/v2\/ef_ano?post=2793"},{"taxonomy":"ef_componente","embeddable":true,"href":"https:\/\/sme.goiania.go.gov.br\/conexaoescola\/wp-json\/wp\/v2\/ef_componente?post=2793"}],"curies":[{"name":"wp","href":"https:\/\/api.w.org\/{rel}","templated":true}]}}