{"id":2770,"date":"2020-06-19T15:12:43","date_gmt":"2020-06-19T18:12:43","guid":{"rendered":"http:\/\/sme.goiania.go.gov.br\/conexaoescola\/?post_type=ensino_fundamental&#038;p=2770"},"modified":"2020-06-19T15:15:24","modified_gmt":"2020-06-19T18:15:24","slug":"pecas-de-um-quebra-cabeca","status":"publish","type":"ensino_fundamental","link":"https:\/\/sme.goiania.go.gov.br\/conexaoescola\/ensino_fundamental\/pecas-de-um-quebra-cabeca\/","title":{"rendered":"Pe\u00e7as de um quebra-cabe\u00e7a"},"content":{"rendered":"\n<figure class=\"wp-block-embed-youtube wp-block-embed is-type-video is-provider-youtube wp-embed-aspect-16-9 wp-has-aspect-ratio\"><div class=\"wp-block-embed__wrapper\">\n<p class=\"responsive-video-wrap clr\"><iframe title=\"Pe\u00e7as de um quebra-cabe\u00e7a | EF | Corpo, Express\u00e3o e Movimento\" width=\"1200\" height=\"675\" src=\"https:\/\/www.youtube.com\/embed\/FxxPLy_Bqnk?feature=oembed\" frameborder=\"0\" allow=\"accelerometer; autoplay; encrypted-media; gyroscope; picture-in-picture\" allowfullscreen><\/iframe><\/p>\n<\/div><figcaption>Pe\u00e7as de um quebra-cabe\u00e7a | Corpo, Express\u00e3o e Movimento<br>Canal: <a href=\"https:\/\/www.youtube.com\/channel\/UCtoYS7J0PS_iO3KMA1JsnCA\">Portal Conex\u00e3o Escola<\/a><\/figcaption><\/figure>\n\n\n\n<hr class=\"wp-block-separator\"\/>\n\n\n\n<p class=\"has-medium-font-size\">Ol\u00e1!! Voc\u00ea conhece algum artista goiano? Hoje, ter\u00e1 a oportunidade de saber um pouco sobre Helena Vasconcelos. Ela \u00e9 uma pesquisadora das tradi\u00e7\u00f5es goianas e pinta com tra\u00e7os delicados e cores vibrantes os elementos do folclore.<\/p>\n\n\n\n<p class=\"has-medium-font-size\">Assista ao v\u00eddeo e saiba mais sobre o seu trabalho.<\/p>\n\n\n\n<figure class=\"wp-block-embed-youtube wp-block-embed is-type-video is-provider-youtube wp-embed-aspect-4-3 wp-has-aspect-ratio\"><div class=\"wp-block-embed__wrapper\">\n<p class=\"responsive-video-wrap clr\"><iframe title=\"HELENA VASCONCELOS\" width=\"1200\" height=\"900\" src=\"https:\/\/www.youtube.com\/embed\/IwvV2zbR7Vw?feature=oembed\" frameborder=\"0\" allow=\"accelerometer; autoplay; encrypted-media; gyroscope; picture-in-picture\" allowfullscreen><\/iframe><\/p>\n<\/div><figcaption>Helena Vasconcelos<br>Canal: <a href=\"https:\/\/www.youtube.com\/channel\/UC-wV4owbKXT3I0ft373Yzyw\">Agenda Cultural<\/a><br>Fonte: <a href=\"https:\/\/www.youtube.com\/watch?v=IwvV2zbR7Vw\" target=\"_blank\" rel=\"noreferrer noopener\">https:\/\/www.youtube.com\/watch?v=IwvV2zbR7Vw<\/a><\/figcaption><\/figure>\n\n\n\n<p class=\"has-medium-font-size\">Assim como Helena, voc\u00ea tamb\u00e9m vai fazer uma pesquisa. Sabendo que Anivers\u00e1rio, Natal, Carnaval \u2026 s\u00e3o exemplos de festas populares, pergunte aos seus familiares quais s\u00e3o as festas populares que voc\u00ea e sua fam\u00edlia participam?<\/p>\n\n\n\n<p class=\"has-medium-font-size\">Depois de descobrir as respostas, \u00e9 importante lembrar que tudo isso faz parte de sua hist\u00f3ria, de suas experi\u00eancias. E por esta raz\u00e3o, voc\u00ea vai criar desenhos para representar como s\u00e3o essas comemora\u00e7\u00f5es, onde e quem participa dessas festas. Acrescente todos os detalhes nos seus desenhos.<\/p>\n\n\n\n<p class=\"has-medium-font-size\">Se puder, d\u00ea um belo colorido \u00e0s imagens e transforme-as em pe\u00e7as de quebra-cabe\u00e7a, para lembrar a t\u00e9cnica utilizada por Helena Vasconcelos em suas pinturas.<\/p>\n\n\n\n<p class=\"has-medium-font-size\">Bom trabalho!!<\/p>\n\n\n\n<p class=\"has-text-color has-medium-font-size has-vivid-purple-color\"><strong>SAIBA MAIS:<\/strong><\/p>\n\n\n\n<figure class=\"wp-block-embed-youtube wp-block-embed is-type-video is-provider-youtube wp-embed-aspect-16-9 wp-has-aspect-ratio\"><div class=\"wp-block-embed__wrapper\">\n<p class=\"responsive-video-wrap clr\"><iframe title=\"Por que existem os museus? #Ticolicos|Narrativas do Brasil\" width=\"1200\" height=\"675\" src=\"https:\/\/www.youtube.com\/embed\/jZmh2eQWU50?feature=oembed\" frameborder=\"0\" allow=\"accelerometer; autoplay; encrypted-media; gyroscope; picture-in-picture\" allowfullscreen><\/iframe><\/p>\n<\/div><figcaption>Por que existem os museus?<br>Canal: <a href=\"https:\/\/www.youtube.com\/channel\/UCWLNF6wlHEAin0kukYW0uow\">Ticolicos &#8211; Canal Infantil<\/a><br>Fonte: <a href=\"https:\/\/www.youtube.com\/watch?v=jZmh2eQWU50\" target=\"_blank\" rel=\"noreferrer noopener\">https:\/\/www.youtube.com\/watch?v=jZmh2eQWU50<\/a><\/figcaption><\/figure>\n\n\n\n<hr class=\"wp-block-separator\"\/>\n\n\n\n<figure class=\"wp-block-embed-youtube wp-block-embed is-type-video is-provider-youtube wp-embed-aspect-16-9 wp-has-aspect-ratio\"><div class=\"wp-block-embed__wrapper\">\n<p class=\"responsive-video-wrap clr\"><iframe title=\"SagresTV: Filho mant\u00e9m vivas obras de arte do pai no Instituto Ant\u00f4nio Poteiro\" width=\"1200\" height=\"675\" src=\"https:\/\/www.youtube.com\/embed\/rVECFXP9zGQ?feature=oembed\" frameborder=\"0\" allow=\"accelerometer; autoplay; encrypted-media; gyroscope; picture-in-picture\" allowfullscreen><\/iframe><\/p>\n<\/div><figcaption>Filho mant\u00e9m vivas obras de arte do pai no Instituto Ant\u00f4nio Poteiro.<br>Canal: <a href=\"https:\/\/www.youtube.com\/channel\/UCf4Ez6ZNWZXFhgH-3eSZCjQ\">Sagres TV<\/a><br>Fonte: <a rel=\"noreferrer noopener\" href=\"https:\/\/www.youtube.com\/watch?v=rVECFXP9zGQ\" target=\"_blank\">https:\/\/www.youtube.com\/watch?v=rVECFXP9zGQ<\/a><\/figcaption><\/figure>\n\n\n\n<hr class=\"wp-block-separator\"\/>\n\n\n\n<figure class=\"wp-block-embed-youtube wp-block-embed is-type-video is-provider-youtube wp-embed-aspect-16-9 wp-has-aspect-ratio\"><div class=\"wp-block-embed__wrapper\">\n<p class=\"responsive-video-wrap clr\"><iframe title=\"HELENA VASCONCELOS - Artista Visual Naif.\" width=\"1200\" height=\"675\" src=\"https:\/\/www.youtube.com\/embed\/AlCPvlIDolI?feature=oembed\" frameborder=\"0\" allow=\"accelerometer; autoplay; encrypted-media; gyroscope; picture-in-picture\" allowfullscreen><\/iframe><\/p>\n<\/div><figcaption>HELENA VASCONCELOS &#8211; Artista Visual Naif<br>Canal: <a href=\"https:\/\/www.youtube.com\/channel\/UCRMMyqxfq7fKqS4buSK_8-Q\">H\u00e9lio Costa Costa<\/a><br>Fonte: <a rel=\"noreferrer noopener\" href=\"https:\/\/www.youtube.com\/watch?v=AlCPvlIDolI\" target=\"_blank\">https:\/\/www.youtube.com\/watch?v=AlCPvlIDolI<\/a><\/figcaption><\/figure>\n\n\n\n<hr class=\"wp-block-separator\"\/>\n\n\n\n<figure class=\"wp-block-embed-youtube wp-block-embed is-type-video is-provider-youtube wp-embed-aspect-16-9 wp-has-aspect-ratio\"><div class=\"wp-block-embed__wrapper\">\n<p class=\"responsive-video-wrap clr\"><iframe title=\"Artefilia: D.J. Oliveira | Enredo Cultural\" width=\"1200\" height=\"675\" src=\"https:\/\/www.youtube.com\/embed\/MZLjIV-PU2M?feature=oembed\" frameborder=\"0\" allow=\"accelerometer; autoplay; encrypted-media; gyroscope; picture-in-picture\" allowfullscreen><\/iframe><\/p>\n<\/div><figcaption>Artefilia: D.J. Oliveira | Enredo Cultural<br>Canal: <a href=\"https:\/\/www.youtube.com\/channel\/UCw4zvDMD-XLk1b63cH6QklQ\">TV UFG<\/a><br>Fonte: <a href=\"https:\/\/www.youtube.com\/watch?v=MZLjIV-PU2M\" target=\"_blank\" rel=\"noreferrer noopener\">https:\/\/www.youtube.com\/watch?v=MZLjIV-PU2M<\/a><\/figcaption><\/figure>\n\n\n\n<hr class=\"wp-block-separator\"\/>\n\n\n\n<figure class=\"wp-block-table\"><table><tbody><tr><td><strong>OBJETO DE CONHECIMENTO:<\/strong><\/td><td><strong>HABILIDADES:<\/strong><\/td><\/tr><tr><td>Sistemas (Espa\u00e7os e Atua\u00e7\u00f5es) da Linguagem:<br>Sistema das artes visuais<br>Artistas e artes\u00e3os<\/td><td>(GO-EF02AR07-A) Conhecer, valorizar e habituar-se a frequentar algumas categorias do sistema das artes visuais, como museus, galerias, espa\u00e7os culturais, centros culturais, funda\u00e7\u00f5es, ateli\u00eas de artistas\/artes\u00e3os, aprender de forma significativa as rela\u00e7\u00f5es entre o sujeito e as experi\u00eancias em artes visuais, ampliar o seu repert\u00f3rio imag\u00e9tico, est\u00e9tico e sens\u00edvel.<br><br>(GO-EF02AR07-B) Conhecer e respeitar os artistas e os artes\u00e3os locais e regionais, bem como estabelecer rela\u00e7\u00f5es com os nacionais e os internacionais, respeitando a diversidade cultural.<\/td><\/tr><\/tbody><\/table><\/figure>\n\n\n\n<p><\/p>\n","protected":false},"author":10,"featured_media":2785,"template":"","ef_categoria":[13,17],"ef_ano":[],"ef_componente":[],"class_list":["post-2770","ensino_fundamental","type-ensino_fundamental","status-publish","has-post-thumbnail","hentry","ef_categoria-ciclo-da-infancia-abc","ef_categoria-corpo-e-movimento","entry","has-media"],"acf":[],"_links":{"self":[{"href":"https:\/\/sme.goiania.go.gov.br\/conexaoescola\/wp-json\/wp\/v2\/ensino_fundamental\/2770","targetHints":{"allow":["GET"]}}],"collection":[{"href":"https:\/\/sme.goiania.go.gov.br\/conexaoescola\/wp-json\/wp\/v2\/ensino_fundamental"}],"about":[{"href":"https:\/\/sme.goiania.go.gov.br\/conexaoescola\/wp-json\/wp\/v2\/types\/ensino_fundamental"}],"author":[{"embeddable":true,"href":"https:\/\/sme.goiania.go.gov.br\/conexaoescola\/wp-json\/wp\/v2\/users\/10"}],"version-history":[{"count":0,"href":"https:\/\/sme.goiania.go.gov.br\/conexaoescola\/wp-json\/wp\/v2\/ensino_fundamental\/2770\/revisions"}],"wp:featuredmedia":[{"embeddable":true,"href":"https:\/\/sme.goiania.go.gov.br\/conexaoescola\/wp-json\/wp\/v2\/media\/2785"}],"wp:attachment":[{"href":"https:\/\/sme.goiania.go.gov.br\/conexaoescola\/wp-json\/wp\/v2\/media?parent=2770"}],"wp:term":[{"taxonomy":"ef_categoria","embeddable":true,"href":"https:\/\/sme.goiania.go.gov.br\/conexaoescola\/wp-json\/wp\/v2\/ef_categoria?post=2770"},{"taxonomy":"ef_ano","embeddable":true,"href":"https:\/\/sme.goiania.go.gov.br\/conexaoescola\/wp-json\/wp\/v2\/ef_ano?post=2770"},{"taxonomy":"ef_componente","embeddable":true,"href":"https:\/\/sme.goiania.go.gov.br\/conexaoescola\/wp-json\/wp\/v2\/ef_componente?post=2770"}],"curies":[{"name":"wp","href":"https:\/\/api.w.org\/{rel}","templated":true}]}}