{"id":2744,"date":"2020-06-19T11:53:18","date_gmt":"2020-06-19T14:53:18","guid":{"rendered":"http:\/\/sme.goiania.go.gov.br\/conexaoescola\/?post_type=ensino_fundamental&#038;p=2744"},"modified":"2020-06-19T12:01:52","modified_gmt":"2020-06-19T15:01:52","slug":"modos-de-vida-igual-ou-diferente","status":"publish","type":"ensino_fundamental","link":"https:\/\/sme.goiania.go.gov.br\/conexaoescola\/ensino_fundamental\/modos-de-vida-igual-ou-diferente\/","title":{"rendered":"Modos de vida: igual ou diferente?"},"content":{"rendered":"\n<figure class=\"wp-block-embed-youtube wp-block-embed is-type-video is-provider-youtube wp-embed-aspect-16-9 wp-has-aspect-ratio\"><div class=\"wp-block-embed__wrapper\">\n<p class=\"responsive-video-wrap clr\"><iframe title=\"Modos de vida: igual ou diferente? | EF | Educa\u00e7\u00e3o Ambiental e Sa\u00fade\" width=\"1200\" height=\"675\" src=\"https:\/\/www.youtube.com\/embed\/Bh8p7mIj130?feature=oembed\" frameborder=\"0\" allow=\"accelerometer; autoplay; encrypted-media; gyroscope; picture-in-picture\" allowfullscreen><\/iframe><\/p>\n<\/div><figcaption><br>Modos de vida: igual ou diferente? | Educa\u00e7\u00e3o Ambiental e Sa\u00fade<br>Canal: <a href=\"https:\/\/www.youtube.com\/channel\/UCtoYS7J0PS_iO3KMA1JsnCA\">Portal Conex\u00e3o Escola<\/a><\/figcaption><\/figure>\n\n\n\n<hr class=\"wp-block-separator\"\/>\n\n\n\n<p class=\"has-medium-font-size\">Nosso planeta \u00e9 enorme e tem gente de todo jeito. Ser\u00e1 que a vida e o jeito de viver das crian\u00e7as s\u00e3o iguais em todos os lugares? Vamos aprender sobre o modo de vida de outras pessoas e comparar com o seu?<\/p>\n\n\n\n<p class=\"has-medium-font-size\">Cada lugar tem um modo de vida e um jeito de viver! Assista ao v\u00eddeo abaixo e veja as diferen\u00e7as em diversos lugares do mundo:<\/p>\n\n\n\n<figure class=\"wp-block-embed-youtube wp-block-embed is-type-video is-provider-youtube wp-embed-aspect-16-9 wp-has-aspect-ratio\"><div class=\"wp-block-embed__wrapper\">\n<p class=\"responsive-video-wrap clr\"><iframe title=\"Mundo Bita - Todos os Povos [clipe infantil]\" width=\"1200\" height=\"675\" src=\"https:\/\/www.youtube.com\/embed\/1TuiHeNltbo?feature=oembed\" frameborder=\"0\" allow=\"accelerometer; autoplay; encrypted-media; gyroscope; picture-in-picture\" allowfullscreen><\/iframe><\/p>\n<\/div><figcaption>\u201cTodos os Povos\u201d <br>Canal: <a href=\"https:\/\/www.youtube.com\/channel\/UC0cGVh96osM7yqMu0ENSKKQ\">Mundo Bita<\/a><br>Fonte: <a href=\"https:\/\/www.youtube.com\/watch?v=1TuiHeNltbo\" target=\"_blank\" rel=\"noreferrer noopener\">https:\/\/www.youtube.com\/watch?v=1TuiHeNltbo<\/a><\/figcaption><\/figure>\n\n\n\n<hr class=\"wp-block-separator\"\/>\n\n\n\n<p class=\"has-medium-font-size\">No v\u00eddeo \u201cTodos os Povos\u201d, voc\u00ea viu os diversos lugares com diferentes pessoas e jeitos de viver. Aqui no Brasil, tamb\u00e9m h\u00e1 muitas diferen\u00e7as entre os lugares! Vamos ver a diversidade cultural t\u00e3o rica encontrada no Brasil? Assista aos v\u00eddeos:<\/p>\n\n\n\n<figure class=\"wp-block-embed-youtube wp-block-embed is-type-video is-provider-youtube wp-embed-aspect-16-9 wp-has-aspect-ratio\"><div class=\"wp-block-embed__wrapper\">\n<p class=\"responsive-video-wrap clr\"><iframe title=\"A inf\u00e2ncia na aldeia\" width=\"1200\" height=\"675\" src=\"https:\/\/www.youtube.com\/embed\/HaDhPYi5QwQ?feature=oembed\" frameborder=\"0\" allow=\"accelerometer; autoplay; encrypted-media; gyroscope; picture-in-picture\" allowfullscreen><\/iframe><\/p>\n<\/div><figcaption>\u201cA inf\u00e2ncia na aldeia\u201d <br>Canal: <a href=\"https:\/\/www.youtube.com\/channel\/UCxOyRuQ5-wspzpY9i-uPrQA\">Crescer<\/a><br>Fonte: <a href=\"https:\/\/www.youtube.com\/watch?v=HaDhPYi5QwQ\" target=\"_blank\" rel=\"noreferrer noopener\">https:\/\/www.youtube.com\/watch?v=HaDhPYi5QwQ<\/a><\/figcaption><\/figure>\n\n\n\n<hr class=\"wp-block-separator\"\/>\n\n\n\n<figure class=\"wp-block-embed-youtube wp-block-embed is-type-video is-provider-youtube wp-embed-aspect-4-3 wp-has-aspect-ratio\"><div class=\"wp-block-embed__wrapper\">\n<p class=\"responsive-video-wrap clr\"><iframe title=\"CRIAN\u00c7A IND\u00cdGENA\" width=\"1200\" height=\"900\" src=\"https:\/\/www.youtube.com\/embed\/uSFICzGSRDA?feature=oembed\" frameborder=\"0\" allow=\"accelerometer; autoplay; encrypted-media; gyroscope; picture-in-picture\" allowfullscreen><\/iframe><\/p>\n<\/div><figcaption>\u201cCrian\u00e7a Ind\u00edgena\u201d<br>Canal: <a href=\"https:\/\/www.youtube.com\/channel\/UCRKb2A5Qk9TqI2kv8gtVN_g\">TV UESC<\/a><br>Fonte: <a href=\"https:\/\/www.youtube.com\/watch?v=uSFICzGSRDA\" target=\"_blank\" rel=\"noreferrer noopener\">https:\/\/www.youtube.com\/watch?v=uSFICzGSRDA<\/a><\/figcaption><\/figure>\n\n\n\n<hr class=\"wp-block-separator\"\/>\n\n\n\n<p class=\"has-medium-font-size\">As crian\u00e7as ind\u00edgenas que aparecem nos v\u00eddeos s\u00e3o de etnias diferentes. Segundo a Funda\u00e7\u00e3o Nacional do \u00cdndio (FUNAI), pesquisas feitas no ano de 2010 apontaram que existem 305 etnias ind\u00edgenas diferentes no Brasil.<\/p>\n\n\n\n<figure class=\"wp-block-image size-large\"><img decoding=\"async\" src=\"https:\/\/s.dicio.com.br\/etnia.jpg\" alt=\"\"\/><figcaption>Site: Dicion\u00e1rio Online de Portugu\u00eas<br>Fonte: <a href=\"https:\/\/www.dicio.com.br\/etnia\/\" target=\"_blank\" rel=\"noreferrer noopener\">https:\/\/www.dicio.com.br\/etnia\/<\/a><\/figcaption><\/figure>\n\n\n\n<hr class=\"wp-block-separator\"\/>\n\n\n\n<p class=\"has-medium-font-size\">Ainda segundo a FUNAI, nessa mesma pesquisa, existem 274 l\u00ednguas ind\u00edgenas diferentes em meio a 817.963 pessoas de origem ind\u00edgena. \u00c9 por isso que o termo correto a ser utilizado para tratar essas pessoas \u00e9 POVOS IND\u00cdGENAS. Mesmo ocupando o territ\u00f3rio brasileiro, essa popula\u00e7\u00e3o tem in\u00fameras e diferentes maneiras de ser, de viver e de se comunicar.&nbsp; Veja a presen\u00e7a desses povos distribu\u00edda pelo Brasil:<\/p>\n\n\n\n<figure class=\"wp-block-image size-large\"><img decoding=\"async\" src=\"http:\/\/www.funai.gov.br\/arquivos\/conteudo\/presidencia\/GraficoQuemSao\/indiostotal.png\" alt=\"\"\/><figcaption>Site: Funda\u00e7\u00e3o Nacional do \u00cdndio<br>Fonte: <a rel=\"noreferrer noopener\" href=\"http:\/\/www.funai.gov.br\/index.php\/indios-no-brasil\/quem-sao\" target=\"_blank\">http:\/\/www.funai.gov.br\/index.php\/indios-no-brasil\/quem-sao<\/a><\/figcaption><\/figure>\n\n\n\n<hr class=\"wp-block-separator\"\/>\n\n\n\n<p class=\"has-medium-font-size\">Voc\u00ea viu como vivem as crian\u00e7as ind\u00edgenas, suas casas e seu jeito de brincar. Agora, reflita sobre as quest\u00f5es abaixo e responda as perguntas em seu caderno:<\/p>\n\n\n\n<p class=\"has-medium-font-size\">1-&nbsp; Quais etnias ind\u00edgenas aparecem nos v\u00eddeos?<\/p>\n\n\n\n<p class=\"has-medium-font-size\">2-&nbsp; Esses povos moram no mesmo lugar do Brasil? Em que lugar eles moram?<\/p>\n\n\n\n<p class=\"has-medium-font-size\">3-&nbsp; O que voc\u00ea conseguiu perceber de diferente entre a vida das crian\u00e7as ind\u00edgenas e a sua vida?<\/p>\n\n\n\n<p class=\"has-medium-font-size\">4-&nbsp; Voc\u00ea consegue perceber diferen\u00e7as entre o modo de ser e de viver dessas etnias e a maneira como se vive no lugar onde voc\u00ea mora?<\/p>\n\n\n\n<p class=\"has-medium-font-size\">Escreva um texto falando sobre o que voc\u00ea percebeu de semelhante e de diferente entre o seu modo de ser e de viver das etnias estudadas.<\/p>\n\n\n\n<hr class=\"wp-block-separator\"\/>\n\n\n\n<p class=\"has-text-color has-medium-font-size has-vivid-purple-color\"><strong>Para saber mais:<\/strong><\/p>\n\n\n\n<div class=\"wp-block-image\"><figure class=\"aligncenter size-large is-resized\"><img fetchpriority=\"high\" decoding=\"async\" src=\"http:\/\/chc.org.br\/wp-content\/uploads\/2011\/12\/Na-cozinha-com-os-%C3%ADndios-2.jpg\" alt=\"\" width=\"323\" height=\"429\"\/><figcaption>\u201cNa cozinha com os \u00edndios\u201d <br>Site: Revista Ci\u00eancia Hoje para Crian\u00e7as<br>Fonte: <a rel=\"noreferrer noopener\" href=\"http:\/\/chc.org.br\/na-cozinha-com-os-indios\/\" target=\"_blank\">http:\/\/chc.org.br\/na-cozinha-com-os-indios\/<\/a><\/figcaption><\/figure><\/div>\n\n\n\n<hr class=\"wp-block-separator\"\/>\n\n\n\n<figure class=\"wp-block-embed-youtube wp-block-embed is-type-video is-provider-youtube wp-embed-aspect-4-3 wp-has-aspect-ratio\"><div class=\"wp-block-embed__wrapper\">\n<p class=\"responsive-video-wrap clr\"><iframe title=\"Tipos de moradias\" width=\"1200\" height=\"900\" src=\"https:\/\/www.youtube.com\/embed\/inb4iC9LvEQ?feature=oembed\" frameborder=\"0\" allow=\"accelerometer; autoplay; encrypted-media; gyroscope; picture-in-picture\" allowfullscreen><\/iframe><\/p>\n<\/div><figcaption>\u201cTipos de Moradia\u201d <br>Canal: <a href=\"https:\/\/www.youtube.com\/channel\/UCQuIPqREdtyG9j3mmYAjNTA\">Cintia Gaspar<\/a><br>Fonte: <a href=\"https:\/\/www.youtube.com\/watch?v=inb4iC9LvEQ\" target=\"_blank\" rel=\"noreferrer noopener\">https:\/\/www.youtube.com\/watch?v=inb4iC9LvEQ<\/a><br><\/figcaption><\/figure>\n\n\n\n<hr class=\"wp-block-separator\"\/>\n\n\n\n<figure class=\"wp-block-embed-youtube wp-block-embed is-type-video is-provider-youtube wp-embed-aspect-16-9 wp-has-aspect-ratio\"><div class=\"wp-block-embed__wrapper\">\n<p class=\"responsive-video-wrap clr\"><iframe title=\"Corrida com Tora - Jogos Mundiais dos Povos Ind\u00edgenas 2015\" width=\"1200\" height=\"675\" src=\"https:\/\/www.youtube.com\/embed\/9H1xzIgWe8Y?feature=oembed\" frameborder=\"0\" allow=\"accelerometer; autoplay; encrypted-media; gyroscope; picture-in-picture\" allowfullscreen><\/iframe><\/p>\n<\/div><figcaption>\u201cCorrida com Tora &#8211; Jogos Mundiais dos Povos Ind\u00edgenas 2015\u201d  <br>Canal:<a href=\"https:\/\/www.youtube.com\/channel\/UCFLEnrkOIRd07lVRHqkBrdg\">Jogos Mundiais dos Povos Ind\u00edgenas<\/a><br>Fonte: <a href=\"https:\/\/www.youtube.com\/watch?v=9H1xzIgWe8Y\" target=\"_blank\" rel=\"noreferrer noopener\">https:\/\/www.youtube.com\/watch?v=9H1xzIgWe8Y<\/a><\/figcaption><\/figure>\n\n\n\n<hr class=\"wp-block-separator\"\/>\n\n\n\n<figure class=\"wp-block-table\"><table><tbody><tr><td><strong>Objeto de Conhecimento:<\/strong><\/td><td><strong>Habilidades:<\/strong><\/td><\/tr><tr><td>Estrat\u00e9gias de leitura.<br>O modo de vida das crian\u00e7as em diferentes lugares.<\/td><td>(EF15LP02) Estabelecer expectativas em rela\u00e7\u00e3o ao texto que vai ler (pressuposi\u00e7\u00f5es antecipadoras dos sentidos, da forma e da fun\u00e7\u00e3o social do texto), apoiando-se em seus conhecimentos pr\u00e9vios sobre as condi\u00e7\u00f5es de produ\u00e7\u00e3o e recep\u00e7\u00e3o desse texto, o g\u00eanero, o suporte e o universo tem\u00e1tico, bem como sobre sali\u00eancias textuais, recursos gr\u00e1ficos, imagens, dados da pr\u00f3pria obra (\u00edndice, pref\u00e1cio etc.), confirmando antecipa\u00e7\u00f5es e infer\u00eancias realizadas antes e durante a leitura de textos, checando a adequa\u00e7\u00e3o das hip\u00f3teses realizadas.<br><br>(EF01GE01-B\/C) Observar e descrever caracter\u00edsticas de seus lugares de viv\u00eancia, identificando semelhan\u00e7as e diferen\u00e7as de outros lugares.<\/td><\/tr><\/tbody><\/table><\/figure>\n","protected":false},"author":10,"featured_media":2758,"template":"","ef_categoria":[13,18],"ef_ano":[],"ef_componente":[],"class_list":["post-2744","ensino_fundamental","type-ensino_fundamental","status-publish","has-post-thumbnail","hentry","ef_categoria-ciclo-da-infancia-abc","ef_categoria-educacao-ambiental-e-saude","entry","has-media"],"acf":[],"_links":{"self":[{"href":"https:\/\/sme.goiania.go.gov.br\/conexaoescola\/wp-json\/wp\/v2\/ensino_fundamental\/2744","targetHints":{"allow":["GET"]}}],"collection":[{"href":"https:\/\/sme.goiania.go.gov.br\/conexaoescola\/wp-json\/wp\/v2\/ensino_fundamental"}],"about":[{"href":"https:\/\/sme.goiania.go.gov.br\/conexaoescola\/wp-json\/wp\/v2\/types\/ensino_fundamental"}],"author":[{"embeddable":true,"href":"https:\/\/sme.goiania.go.gov.br\/conexaoescola\/wp-json\/wp\/v2\/users\/10"}],"version-history":[{"count":0,"href":"https:\/\/sme.goiania.go.gov.br\/conexaoescola\/wp-json\/wp\/v2\/ensino_fundamental\/2744\/revisions"}],"wp:featuredmedia":[{"embeddable":true,"href":"https:\/\/sme.goiania.go.gov.br\/conexaoescola\/wp-json\/wp\/v2\/media\/2758"}],"wp:attachment":[{"href":"https:\/\/sme.goiania.go.gov.br\/conexaoescola\/wp-json\/wp\/v2\/media?parent=2744"}],"wp:term":[{"taxonomy":"ef_categoria","embeddable":true,"href":"https:\/\/sme.goiania.go.gov.br\/conexaoescola\/wp-json\/wp\/v2\/ef_categoria?post=2744"},{"taxonomy":"ef_ano","embeddable":true,"href":"https:\/\/sme.goiania.go.gov.br\/conexaoescola\/wp-json\/wp\/v2\/ef_ano?post=2744"},{"taxonomy":"ef_componente","embeddable":true,"href":"https:\/\/sme.goiania.go.gov.br\/conexaoescola\/wp-json\/wp\/v2\/ef_componente?post=2744"}],"curies":[{"name":"wp","href":"https:\/\/api.w.org\/{rel}","templated":true}]}}