{"id":2740,"date":"2020-06-19T11:13:56","date_gmt":"2020-06-19T14:13:56","guid":{"rendered":"http:\/\/sme.goiania.go.gov.br\/conexaoescola\/?post_type=ensino_fundamental&#038;p=2740"},"modified":"2020-06-19T11:20:05","modified_gmt":"2020-06-19T14:20:05","slug":"as-cidades-mudam-com-o-passar-do-tempo","status":"publish","type":"ensino_fundamental","link":"https:\/\/sme.goiania.go.gov.br\/conexaoescola\/ensino_fundamental\/as-cidades-mudam-com-o-passar-do-tempo\/","title":{"rendered":"As cidades mudam com o passar do tempo"},"content":{"rendered":"\n<figure class=\"wp-block-embed-youtube wp-block-embed is-type-video is-provider-youtube wp-embed-aspect-16-9 wp-has-aspect-ratio\"><div class=\"wp-block-embed__wrapper\">\n<p class=\"responsive-video-wrap clr\"><iframe title=\"As cidades mudam com o tempo - EF \u2013 Experi\u00eancias e Curiosidades - Turma B\" width=\"1200\" height=\"675\" src=\"https:\/\/www.youtube.com\/embed\/GrynW1x9aYk?feature=oembed\" frameborder=\"0\" allow=\"accelerometer; autoplay; encrypted-media; gyroscope; picture-in-picture\" allowfullscreen><\/iframe><\/p>\n<\/div><figcaption>Fonte: Youtbube, &#8220;As cidades mudam com o tempo &#8211; EF \u2013 Experi\u00eancias e Curiosidades &#8211; Turma B&#8221; do canal <a href=\"https:\/\/www.youtube.com\/channel\/UCtoYS7J0PS_iO3KMA1JsnCA\" target=\"_blank\" rel=\"noreferrer noopener\">Portal Conex\u00e3o Escola<\/a><\/figcaption><\/figure>\n\n\n\n<p class=\"has-medium-font-size\">Oieee! Voc\u00ea sabia que muitas coisas podem mudar com o passar do tempo? Pois \u00e9! Voc\u00ea j\u00e1 foi um beb\u00ea e hoje \u00e9 crian\u00e7a. Futuramente, ser\u00e1 um adulto. A natureza tamb\u00e9m muda e at\u00e9 o dia vira noite. Se liga a\u00ed, que esse \u00e9 o tema desta aula!<\/p>\n\n\n\n<p class=\"has-medium-font-size\">Veja o v\u00eddeo abaixo. Ele mostra as mudan\u00e7as que ocorrem nas cidades, ao longo dos anos:<\/p>\n\n\n\n<figure class=\"wp-block-embed-youtube wp-block-embed is-type-video is-provider-youtube wp-embed-aspect-16-9 wp-has-aspect-ratio\"><div class=\"wp-block-embed__wrapper\">\n<p class=\"responsive-video-wrap clr\"><iframe title=\"As cidades se transformam com o passar do tempo\" width=\"1200\" height=\"675\" src=\"https:\/\/www.youtube.com\/embed\/M3HDz4-665c?feature=oembed\" frameborder=\"0\" allow=\"accelerometer; autoplay; encrypted-media; gyroscope; picture-in-picture\" allowfullscreen><\/iframe><\/p>\n<\/div><figcaption>Fonte: Youtube, &#8220;As cidades se transformam com o passar do tempo&#8221; do canal <br>FTD Educa\u00e7\u00e3o<\/figcaption><\/figure>\n\n\n\n<p class=\"has-medium-font-size\">Agora, olhe as imagens abaixo. Elas mostram a mesma avenida: Avenida Anhanguera, na cidade de Goi\u00e2nia &#8211; Goi\u00e1s, em tempos diferentes. A primeira foto \u00e9 do ano de 1952 e a segunda foto \u00e9 do ano de 2011. Uma diferen\u00e7a de 59 anos entre uma foto e outra.<\/p>\n\n\n\n<figure class=\"wp-block-image is-resized\"><img fetchpriority=\"high\" decoding=\"async\" src=\"http:\/\/1.bp.blogspot.com\/-XWQaDwAnOvE\/UJQJZQETeZI\/AAAAAAAAABQ\/GAQ4Tsp6qaI\/s1600\/comparativo_av_anhanguera.jpg\" alt=\"\" width=\"664\" height=\"428\"\/><figcaption>Fonte da imgem: <a href=\"http:\/\/1.bp.blogspot.com\/-XWQaDwAnOvE\/UJQJZQETeZI\/AAAAAAAAABQ\/GAQ4Tsp6qaI\/s1600\/comparativo_av_anhanguera.jpg\">http:\/\/1.bp.blogspot.com\/-XWQaDwAnOvE\/UJQJZQETeZI\/AAAAAAAAABQ\/GAQ4Tsp6qaI\/s1600\/comparativo_av_anhanguera.jpg<\/a><br><\/figcaption><\/figure>\n\n\n\n<p class=\"has-medium-font-size\">Existe diferen\u00e7a entre as duas fotos? Elas representam o mesmo espa\u00e7o, em uma diferen\u00e7a de 59 anos. A primeira foto foi tirada no ano de 1952, por H\u00e9lio de Oliveira. J\u00e1 a segunda foto foi tirada por Adriano Zago, em 2011.<\/p>\n\n\n\n<p class=\"has-medium-font-size\">Identifique onde est\u00e3o os nomes dos fot\u00f3grafos na imagem.<\/p>\n\n\n\n<p class=\"has-medium-font-size\"><span class=\"has-inline-color has-luminous-vivid-orange-color\"><strong>O que voc\u00ea v\u00ea na primeira foto? A rua era asfaltada? Tinha sinais de tr\u00e2nsito? Tinha com\u00e9rcio ao redor? E na segunda foto? O que voc\u00ea v\u00ea? A paisagem \u00e9 a mesma?<\/strong><\/span><\/p>\n\n\n\n<p class=\"has-medium-font-size\">Olhe a lista de coisas que aparecem na segunda foto. Leia as palavras, com a ajuda de algu\u00e9m da sua casa:<\/p>\n\n\n\n<figure class=\"wp-block-table alignwide is-style-regular\"><table><tbody><tr><td class=\"has-text-align-center\" data-align=\"center\"><strong><span class=\"has-inline-color has-vivid-purple-color\">NA SEGUNDA FOTO TEM:\u00b7 \u00a0 \u00a0 \u00a0 \u00a0<br> \u00d4NIBUS\u00b7 \u00a0 \u00a0 \u00a0 \u00a0 <br>SINALEIRO\u00b7 \u00a0 \u00a0 \u00a0 \u00a0 <br>PLACAS DE TR\u00c2NSITO\u00b7 \u00a0 \u00a0 \u00a0 \u00a0 <br>ASFALTO\u00b7 \u00a0 \u00a0 \u00a0 \u00a0 <br>PLACAS COM PROPAGANDA\u00b7 \u00a0 \u00a0 \u00a0 \u00a0 <br>MURO\u00b7 \u00a0 \u00a0 \u00a0 \u00a0 <br>CAL\u00c7ADA\u00b7 \u00a0 \u00a0 \u00a0 \u00a0 <br>COM\u00c9RCIO<\/span><\/strong><\/td><\/tr><\/tbody><\/table><\/figure>\n\n\n\n<p class=\"has-medium-font-size\">Escreva no seu caderno, com a ajuda de um adulto, aquilo que voc\u00ea achou mais interessante sobre a compara\u00e7\u00e3o entre a primeira e a segunda foto.<\/p>\n\n\n\n<p class=\"has-medium-font-size\">Para saber mais assista os v\u00eddeos abaixo:<\/p>\n\n\n\n<figure class=\"wp-block-embed-youtube wp-block-embed is-type-video is-provider-youtube wp-embed-aspect-16-9 wp-has-aspect-ratio\"><div class=\"wp-block-embed__wrapper\">\n<p class=\"responsive-video-wrap clr\"><iframe title=\"Goi\u00e2nia vista de cima - Qualidade HD\" width=\"1200\" height=\"675\" src=\"https:\/\/www.youtube.com\/embed\/b_Y3E4AsdBw?feature=oembed\" frameborder=\"0\" allow=\"accelerometer; autoplay; encrypted-media; gyroscope; picture-in-picture\" allowfullscreen><\/iframe><\/p>\n<\/div><figcaption>Fonte: \u201cGoi\u00e2nia vista de cima \u2013 Qualidade HD\u201d \u2013 Canal: Discovery Drone<\/figcaption><\/figure>\n\n\n\n<hr class=\"wp-block-separator\"\/>\n\n\n\n<figure class=\"wp-block-embed-youtube wp-block-embed is-type-video is-provider-youtube wp-embed-aspect-16-9 wp-has-aspect-ratio\"><div class=\"wp-block-embed__wrapper\">\n<p class=\"responsive-video-wrap clr\"><iframe title=\"Reportagem Especial - Goi\u00e2nia 85 anos: jovens e o futuro de Goi\u00e2nia\" width=\"1200\" height=\"675\" src=\"https:\/\/www.youtube.com\/embed\/rH3Knlp6Kyg?feature=oembed\" frameborder=\"0\" allow=\"accelerometer; autoplay; encrypted-media; gyroscope; picture-in-picture\" allowfullscreen><\/iframe><\/p>\n<\/div><figcaption>Fonte: \u201cReportagem Especial &#8211; Goi\u00e2nia 85 anos: jovens e o futuro de Goi\u00e2nia\u201d \u2013 Canal: TV ALEGO<\/figcaption><\/figure>\n\n\n\n<hr class=\"wp-block-separator\"\/>\n\n\n\n<figure class=\"wp-block-table\"><table><tbody><tr><td><strong>OBJETO DE CONHECIMENTO:<\/strong> Mudan\u00e7as e perman\u00eancias:<br>Mudan\u00e7as e perman\u00eancias &#8211; Paisagens<\/td><td><strong>HABILIDADES:<\/strong><br>(EF02GE05-A) Analisar as transforma\u00e7\u00f5es espaciais, comparando imagens de um mesmo lugar, em diferentes tempos, com \u00eanfase nas imagens de sua comunidade.<\/td><\/tr><\/tbody><\/table><\/figure>\n\n\n\n<hr class=\"wp-block-separator\"\/>\n\n\n\n<p class=\"has-text-align-center\">(\u201cEixo tem\u00e1tico\u201d) Experi\u00eancias e Curiosidades | B\u00a0 &#8211; 2\u00ba ano<\/p>\n","protected":false},"author":11,"featured_media":2746,"template":"","ef_categoria":[13,21],"ef_ano":[],"ef_componente":[],"class_list":["post-2740","ensino_fundamental","type-ensino_fundamental","status-publish","has-post-thumbnail","hentry","ef_categoria-ciclo-da-infancia-abc","ef_categoria-experiencias-e-curiosidades","entry","has-media"],"acf":[],"_links":{"self":[{"href":"https:\/\/sme.goiania.go.gov.br\/conexaoescola\/wp-json\/wp\/v2\/ensino_fundamental\/2740","targetHints":{"allow":["GET"]}}],"collection":[{"href":"https:\/\/sme.goiania.go.gov.br\/conexaoescola\/wp-json\/wp\/v2\/ensino_fundamental"}],"about":[{"href":"https:\/\/sme.goiania.go.gov.br\/conexaoescola\/wp-json\/wp\/v2\/types\/ensino_fundamental"}],"author":[{"embeddable":true,"href":"https:\/\/sme.goiania.go.gov.br\/conexaoescola\/wp-json\/wp\/v2\/users\/11"}],"version-history":[{"count":0,"href":"https:\/\/sme.goiania.go.gov.br\/conexaoescola\/wp-json\/wp\/v2\/ensino_fundamental\/2740\/revisions"}],"wp:featuredmedia":[{"embeddable":true,"href":"https:\/\/sme.goiania.go.gov.br\/conexaoescola\/wp-json\/wp\/v2\/media\/2746"}],"wp:attachment":[{"href":"https:\/\/sme.goiania.go.gov.br\/conexaoescola\/wp-json\/wp\/v2\/media?parent=2740"}],"wp:term":[{"taxonomy":"ef_categoria","embeddable":true,"href":"https:\/\/sme.goiania.go.gov.br\/conexaoescola\/wp-json\/wp\/v2\/ef_categoria?post=2740"},{"taxonomy":"ef_ano","embeddable":true,"href":"https:\/\/sme.goiania.go.gov.br\/conexaoescola\/wp-json\/wp\/v2\/ef_ano?post=2740"},{"taxonomy":"ef_componente","embeddable":true,"href":"https:\/\/sme.goiania.go.gov.br\/conexaoescola\/wp-json\/wp\/v2\/ef_componente?post=2740"}],"curies":[{"name":"wp","href":"https:\/\/api.w.org\/{rel}","templated":true}]}}