{"id":2732,"date":"2020-06-19T10:59:20","date_gmt":"2020-06-19T13:59:20","guid":{"rendered":"http:\/\/sme.goiania.go.gov.br\/conexaoescola\/?post_type=ensino_fundamental&#038;p=2732"},"modified":"2020-06-19T10:59:21","modified_gmt":"2020-06-19T13:59:21","slug":"conviver-e-respeitar","status":"publish","type":"ensino_fundamental","link":"https:\/\/sme.goiania.go.gov.br\/conexaoescola\/ensino_fundamental\/conviver-e-respeitar\/","title":{"rendered":"Conviver e respeitar"},"content":{"rendered":"\n<p class=\"has-medium-font-size\">Ol\u00e1, crian\u00e7as! Voc\u00eas gostam de ir \u00e0 escola, shoppings e pra\u00e7as? Esses s\u00e3o espa\u00e7os que as pessoas se relacionam. Nesse momento, temos que ficar em casa para nossa seguran\u00e7a, mas \u00e9 importante aprender a conviver bem com todos ao nosso redor. Na atividade de hoje, voc\u00ea ser\u00e1 desafiado a refletir sobre a import\u00e2ncia de se cuidar do espa\u00e7o no qual voc\u00ea vive.<\/p>\n\n\n\n<p class=\"has-medium-font-size\">Voc\u00ea gosta de hist\u00f3rias? Assista a hist\u00f3ria abaixo e vamos conhecer o Bairro de Marcelo:<br><br><\/p>\n\n\n\n<figure class=\"wp-block-embed-youtube wp-block-embed is-type-video is-provider-youtube wp-embed-aspect-16-9 wp-has-aspect-ratio\"><div class=\"wp-block-embed__wrapper\">\n<p class=\"responsive-video-wrap clr\"><iframe title=\"O Bairro Do Marcelo - por Ruth Rocha -AudioBook\/Historinha Infantil\/Livro Infantil\/LivroAudio\/Contos\" width=\"1200\" height=\"675\" src=\"https:\/\/www.youtube.com\/embed\/KPhrkI008QA?feature=oembed\" frameborder=\"0\" allow=\"accelerometer; autoplay; encrypted-media; gyroscope; picture-in-picture\" allowfullscreen><\/iframe><\/p>\n<\/div><figcaption>\u201cO Bairro de Marcelo\u201d \u2013 Canal: Bisnagas Kids &#8211; Link: <a rel=\"noreferrer noopener\" href=\"https:\/\/www.youtube.com\/watch?v=m5eVHf-W9T8\" target=\"_blank\"><span class=\"has-inline-color has-vivid-cyan-blue-color\">https:\/\/www.youtube.com\/watch?v=m5eVHf-W9T8<\/span><\/a><br><br><\/figcaption><\/figure>\n\n\n\n<p class=\"has-medium-font-size\">Voc\u00ea viu quantas coisas existem no bairro do Marcelo?<\/p>\n\n\n\n<p class=\"has-medium-font-size\">Em Goi\u00e2nia, os bairros tamb\u00e9m s\u00e3o chamados de setores. Converse com algu\u00e9m de sua casa e responda, oralmente, \u00e0s seguintes perguntas:<\/p>\n\n\n\n<p class=\"has-medium-font-size\">\u00b7 Na hist\u00f3ria, aparecem v\u00e1rios lugares de conviv\u00eancia. Voc\u00ea se lembra de algum?<\/p>\n\n\n\n<p class=\"has-medium-font-size\">\u00b7 No seu setor, h\u00e1 lugares de conviv\u00eancia como os que existem no Bairro do Marcelo? Quais?<\/p>\n\n\n\n<p class=\"has-medium-font-size\">\u00b7 Como \u00e9 a conviv\u00eancia entre os moradores do seu setor, nos espa\u00e7os existentes?<\/p>\n\n\n\n<p class=\"has-medium-font-size\">Agora, pegue seu caderno e tente escrever os nomes dos espa\u00e7os de conviv\u00eancia existentes no bairro do Marcelo.<\/p>\n\n\n\n<p class=\"has-medium-font-size\">Veja algumas dicas importantes para ajudar voc\u00ea a escrever essas palavras. Observe quantas vezes voc\u00ea abre a boca para falar a palavra que escrever\u00e1. Cada som que voc\u00ea fez, representa uma s\u00edlaba da palavra que voc\u00ea escrever\u00e1. Agora, tente encontrar as letras com esses sons e forme a palavra.<\/p>\n\n\n\n<p class=\"has-medium-font-size\"><span style=\"color:#040404\" class=\"has-inline-color\"><strong>N\u00c3O ESQUE\u00c7A<\/strong>:<\/span> n\u00e3o existem erros quando se est\u00e1 aprendendo, fa\u00e7a o seu melhor!<\/p>\n\n\n\n<p class=\"has-medium-font-size\">O v\u00eddeo a seguir trar\u00e1 algumas atitudes importantes para conviv\u00eancia com os outros:<br><br><\/p>\n\n\n\n<figure class=\"wp-block-embed-youtube wp-block-embed is-type-video is-provider-youtube wp-embed-aspect-16-9 wp-has-aspect-ratio\"><div class=\"wp-block-embed__wrapper\">\n<p class=\"responsive-video-wrap clr\"><iframe title=\"Minuto Verde, S\u00e9rie Passear e Cuidar [Cuidando da cidade]\" width=\"1200\" height=\"675\" src=\"https:\/\/www.youtube.com\/embed\/m5eVHf-W9T8?feature=oembed\" frameborder=\"0\" allow=\"accelerometer; autoplay; encrypted-media; gyroscope; picture-in-picture\" allowfullscreen><\/iframe><\/p>\n<\/div><figcaption>\u201cPassear e cuidar da cidade\u201d \u2013 Canal: Escola Governo de S\u00e3o Paulo &#8211; Link: <a rel=\"noreferrer noopener\" href=\"https:\/\/www.youtube.com\/watch?v=m5eVHf-W9T8\" target=\"_blank\"><span class=\"has-inline-color has-vivid-cyan-blue-color\">https:\/\/www.youtube.com\/watch?v=m5eVHf-W9T8<\/span><\/a><br><br><br><\/figcaption><\/figure>\n\n\n\n<p class=\"has-medium-font-size\">Para uma boa conviv\u00eancia entre as pessoas e um cuidado respeitoso com os espa\u00e7os onde todos convivem, \u00e9 preciso descartar o lixo no local certo, n\u00e3o deixar a sujeira dos animais pela rua, ser solid\u00e1rio e ajudar os vizinhos. Desenhe, em seu caderno, outras atitudes necess\u00e1rias para se ter uma boa conviv\u00eancia com as pessoas do seu setor e uma atitude respeitosa em espa\u00e7os onde todos convivam na cidade.<br><br><\/p>\n\n\n\n<p class=\"has-medium-font-size\"><strong><span style=\"color:#000000\" class=\"has-inline-color\">PARA SABER MAIS:<\/span><\/strong><br><br><\/p>\n\n\n\n<p><a rel=\"noreferrer noopener\" href=\"https:\/\/www.smartkids.com.br\/trabalho\/nosso-bairro\" target=\"_blank\"><span class=\"has-inline-color has-vivid-cyan-blue-color\">https:\/\/www.smartkids.com.br\/trabalho\/nosso-bairro<\/span><\/a><br>\u201cNosso Bairro\u201d \u2013 Site: Smart Kids<br><br><\/p>\n\n\n\n<p><a rel=\"noreferrer noopener\" href=\"https:\/\/www.canalkids.com.br\/cidadania\/genteboa\/index.htm\" target=\"_blank\"><span class=\"has-inline-color has-vivid-cyan-blue-color\">https:\/\/www.canalkids.com.br\/cidadania\/genteboa\/index.htm<\/span><\/a><br>\u201cSer cidad\u00e3o\u201d \u2013 Site: Canal Kids<br><br><\/p>\n\n\n\n<p><a href=\"http:\/\/sme.goiania.go.gov.br\/conexaoescola\/ef_categoria\/ciclo-da-infancia-abc\/\"><span class=\"has-inline-color has-vivid-cyan-blue-color\">\u00c9tica e Cidadania<\/span><\/a> | A &#8211; 1\u00ba ano<br><br><\/p>\n\n\n\n<figure class=\"wp-block-table\"><table><tbody><tr><td><strong>OBJETO DE CONHECIMENTO<\/strong><br><strong><span style=\"color:#020304\" class=\"has-inline-color\">Hist\u00f3ria<\/span><\/strong>:\u00a0 A no\u00e7\u00e3o do \u201cEu\u201d e do \u201cOutro\u201d: registros de experi\u00eancias pessoais e da comunidade no tempo e no espa\u00e7o: espa\u00e7o de viv\u00eancia e sociabilidade<br><strong><span style=\"color:#070707\" class=\"has-inline-color\">L\u00edngua Portuguesa:<\/span><\/strong> Escrita Aut\u00f4noma<br><br><br><\/td><td><strong>HABILIDADES:<\/strong><br>(EF02HI01) Reconhecer espa\u00e7os de sociabilidade e identificar os motivos que aproximam e separam as pessoas em diferentes grupos sociais ou de parentesco.<br>(EF01LP02) Escrever, espontaneamente ou por ditado, palavras e frases de forma alfab\u00e9tica \u2013 usando letras\/grafemas que representem fonemas.<\/td><\/tr><\/tbody><\/table><\/figure>\n","protected":false},"author":7,"featured_media":2739,"template":"","ef_categoria":[13,20],"ef_ano":[],"ef_componente":[],"class_list":["post-2732","ensino_fundamental","type-ensino_fundamental","status-publish","has-post-thumbnail","hentry","ef_categoria-ciclo-da-infancia-abc","ef_categoria-etica-e-cidadania","entry","has-media"],"acf":[],"_links":{"self":[{"href":"https:\/\/sme.goiania.go.gov.br\/conexaoescola\/wp-json\/wp\/v2\/ensino_fundamental\/2732","targetHints":{"allow":["GET"]}}],"collection":[{"href":"https:\/\/sme.goiania.go.gov.br\/conexaoescola\/wp-json\/wp\/v2\/ensino_fundamental"}],"about":[{"href":"https:\/\/sme.goiania.go.gov.br\/conexaoescola\/wp-json\/wp\/v2\/types\/ensino_fundamental"}],"author":[{"embeddable":true,"href":"https:\/\/sme.goiania.go.gov.br\/conexaoescola\/wp-json\/wp\/v2\/users\/7"}],"version-history":[{"count":0,"href":"https:\/\/sme.goiania.go.gov.br\/conexaoescola\/wp-json\/wp\/v2\/ensino_fundamental\/2732\/revisions"}],"wp:featuredmedia":[{"embeddable":true,"href":"https:\/\/sme.goiania.go.gov.br\/conexaoescola\/wp-json\/wp\/v2\/media\/2739"}],"wp:attachment":[{"href":"https:\/\/sme.goiania.go.gov.br\/conexaoescola\/wp-json\/wp\/v2\/media?parent=2732"}],"wp:term":[{"taxonomy":"ef_categoria","embeddable":true,"href":"https:\/\/sme.goiania.go.gov.br\/conexaoescola\/wp-json\/wp\/v2\/ef_categoria?post=2732"},{"taxonomy":"ef_ano","embeddable":true,"href":"https:\/\/sme.goiania.go.gov.br\/conexaoescola\/wp-json\/wp\/v2\/ef_ano?post=2732"},{"taxonomy":"ef_componente","embeddable":true,"href":"https:\/\/sme.goiania.go.gov.br\/conexaoescola\/wp-json\/wp\/v2\/ef_componente?post=2732"}],"curies":[{"name":"wp","href":"https:\/\/api.w.org\/{rel}","templated":true}]}}