{"id":201105,"date":"2025-11-05T20:34:01","date_gmt":"2025-11-05T23:34:01","guid":{"rendered":"https:\/\/sme.goiania.go.gov.br\/conexaoescola\/?post_type=ensino_fundamental&#038;p=201105"},"modified":"2025-11-21T10:19:56","modified_gmt":"2025-11-21T13:19:56","slug":"educacao-fisica-jiu-jitsu","status":"publish","type":"ensino_fundamental","link":"https:\/\/sme.goiania.go.gov.br\/conexaoescola\/ensino_fundamental\/educacao-fisica-jiu-jitsu\/","title":{"rendered":"Educa\u00e7\u00e3o F\u00edsica: Jiu-jitsu brasileiro"},"content":{"rendered":"\n<p class=\"has-text-align-center has-pale-cyan-blue-background-color has-background has-medium-font-size\"><strong>ESTA PROPOSTA DE ATIVIDADE DE&nbsp;EDUCA\u00c7\u00c3O F\u00cdSICA&nbsp;\u00c9 DESTINADA AOS ESTUDANTES DO&nbsp;8\u00ba ANO&nbsp;DO ENSINO FUNDAMENTAL \u2013 ANOS FINAIS<\/strong>.<\/p>\n\n\n\n<div class=\"wp-block-buttons is-content-justification-center is-layout-flex wp-container-core-buttons-is-layout-16018d1d wp-block-buttons-is-layout-flex\">\n<div class=\"wp-block-button\"><a class=\"wp-block-button__link wp-element-button\" href=\"https:\/\/drive.google.com\/uc?export=douwnload&amp;id=1j8_Pusg_CZR1Cnq1F4pNwutQVpxu-Dit\">BAIXE A ATIVIDADE<\/a><\/div>\n\n\n\n<div class=\"wp-block-button\"><a class=\"wp-block-button__link wp-element-button\" href=\"https:\/\/drive.google.com\/uc?export=douwnload&amp;id=1kMDGEz86EDgo9m2LJXEd7jJ1jVQoeurQ\">BAIXE OS SLIDES<\/a><\/div>\n\n\n\n<div class=\"wp-block-button\"><a class=\"wp-block-button__link wp-element-button\" href=\"https:\/\/drive.google.com\/uc?export=douwnload&amp;id=1A_mg41KaT5EHbsix625vl2mwdRbkLjuw\">BAIXE O TEXTO<\/a><\/div>\n<\/div>\n\n\n\n<p><\/p>\n\n\n<div class=\"wp-block-image\">\n<figure class=\"aligncenter size-full\"><img fetchpriority=\"high\" decoding=\"async\" width=\"435\" height=\"293\" src=\"https:\/\/sme.goiania.go.gov.br\/conexaoescola\/wp-content\/uploads\/2025\/11\/image.png\" alt=\"\" class=\"wp-image-201107\" srcset=\"https:\/\/sme.goiania.go.gov.br\/conexaoescola\/wp-content\/uploads\/2025\/11\/image.png 435w, https:\/\/sme.goiania.go.gov.br\/conexaoescola\/wp-content\/uploads\/2025\/11\/image-300x202.png 300w\" sizes=\"(max-width: 435px) 100vw, 435px\" \/><figcaption class=\"wp-element-caption\">Fonte: Canva<\/figcaption><\/figure><\/div>\n\n\n<p class=\"has-text-align-center has-large-font-size\"><strong>Jiu-jitsu<\/strong> <strong>brasileiro<\/strong><\/p>\n\n\n\n<p class=\"has-medium-font-size\">O Jiu-Jitsu \u00e9 uma das artes marciais mais antigas do mundo e \u00e9 conhecido por focar em t\u00e9cnicas de combate corpo a corpo no ch\u00e3o. Algumas teorias afirmam que ele surgiu na \u00cdndia, h\u00e1 mais de tr\u00eas mil anos antes de Cristo, onde era praticado por monges budistas como forma de defesa pessoal. Nessa pr\u00e1tica, os monges utilizavam o corpo e o movimento do pr\u00f3prio inimigo contra ele.<\/p>\n\n\n\n<p class=\"has-medium-font-size\">Com o passar do tempo, essa t\u00e9cnica chegou \u00e0 China e depois ao Jap\u00e3o, onde foi aperfei\u00e7oada pelos samurais. No Jap\u00e3o, o Jiu-Jitsu fazia parte do treinamento dos guerreiros, que precisavam lutar mesmo quando estavam desarmados. Os golpes eram baseados em quedas, imobiliza\u00e7\u00f5es e alavancas. Em japon\u00eas, j\u016b significa \u201csuavidade\u201d e jutsu significa \u201carte\u201d ou \u201ct\u00e9cnica\u201d, por isso o Jiu-Jitsu \u00e9 conhecido como \u201ca arte suave\u201d.<\/p>\n\n\n\n<p class=\"has-medium-font-size\">O Jiu-Jitsu chegou ao Brasil no in\u00edcio do s\u00e9culo XX com o lutador japon\u00eas Mitsuyo Maeda, chamado de Conde Koma. Ele veio divulgar as artes marciais e recebeu ajuda de Gast\u00e3o Gracie, em Bel\u00e9m do Par\u00e1. Como forma de agradecimento, Maeda ensinou Jiu-Jitsu ao filho dele, Carlos Gracie.<\/p>\n\n\n\n<p class=\"has-medium-font-size\">Carlos e seus irm\u00e3os, principalmente H\u00e9lio Gracie, treinaram, estudaram e adaptaram as t\u00e9cnicas japonesas. Assim nasceu o Jiu-Jitsu Brasileiro, tamb\u00e9m chamado de Gracie Jiu-Jitsu. Esse estilo usa principalmente alavancas, tor\u00e7\u00f5es e press\u00f5es para dominar o oponente no ch\u00e3o. Nas competi\u00e7\u00f5es, s\u00e3o proibidos golpes como socos, chutes, cotoveladas, cabe\u00e7adas, pis\u00f5es, mordidas e pux\u00f5es de cabelo.<\/p>\n\n\n\n<p class=\"has-medium-font-size\">A fam\u00edlia Gracie come\u00e7ou a desafiar lutadores de outras modalidades e mostrou que o Jiu-Jitsu brasileiro era muito eficiente, ajudando a transformar essa pr\u00e1tica em um reconhecido esporte de combate que busca a vit\u00f3ria controlando o oponente. Sua populariza\u00e7\u00e3o cresceu ainda mais com os torneios de Vale Tudo e MMA (Artes Marciais Mistas), especialmente ap\u00f3s a cria\u00e7\u00e3o do UFC, que levou o Jiu-Jitsu Brasileiro para o cen\u00e1rio internacional.<\/p>\n\n\n\n<p class=\"has-medium-font-size\">Hoje, no Brasil, muitas pessoas treinam a modalidade para performance, melhorar a sa\u00fade e aprender defesa pessoal. Al\u00e9m dos homens, ela tamb\u00e9m \u00e9 praticada por mulheres, crian\u00e7as e adolescentes, superando o estigma de ser um esporte violento ou exclusivamente masculino. Isso mostra como essa pr\u00e1tica corporal evolui e se adapta \u00e0s necessidades da sociedade atual.<\/p>\n\n\n\n<p class=\"has-medium-font-size\">Al\u00e9m disso, o Jiu-Jitsu Brasileiro \u00e9 considerado patrim\u00f4nio cultural imaterial do Estado do Par\u00e1, reconhecendo sua import\u00e2ncia hist\u00f3rica e cultural para o Brasil.<\/p>\n\n\n\n<p class=\"has-text-align-center has-pale-cyan-blue-background-color has-background has-medium-font-size\"><strong>ASSISTA AO V\u00cdDEO SOBRE JIU-JITSU BRASILEIRO E DEFESA PESSOAL<\/strong><\/p>\n\n\n\n<figure class=\"wp-block-embed aligncenter is-type-video is-provider-youtube wp-block-embed-youtube wp-embed-aspect-16-9 wp-has-aspect-ratio\"><div class=\"wp-block-embed__wrapper\">\n<p class=\"responsive-video-wrap clr\"><iframe title=\"Jiu-jitsu brasileiro e defesa pessoal \" width=\"1200\" height=\"675\" src=\"https:\/\/www.youtube.com\/embed\/zOxBetGKsTs?feature=oembed\" frameborder=\"0\" allow=\"accelerometer; autoplay; clipboard-write; encrypted-media; gyroscope; picture-in-picture; web-share\" referrerpolicy=\"strict-origin-when-cross-origin\" allowfullscreen><\/iframe><\/p>\n<\/div><figcaption class=\"wp-element-caption\">Fonte:<a href=\"https:\/\/www.youtube.com\/watch?v=zOxBetGKsTs\"> Est\u00fadio Conex\u00e3o Escola<\/a><\/figcaption><\/figure>\n\n\n\n<p class=\"has-text-align-center has-pale-cyan-blue-background-color has-background has-medium-font-size\"><strong>RESPONDA \u00c0S QUEST\u00d5ES ABAIXO<\/strong>:<\/p>\n\n\n\n<p class=\"has-pale-cyan-blue-background-color has-background has-medium-font-size\"><strong>QUEST\u00c3O 1<\/strong><\/p>\n\n\n\n<p class=\"has-medium-font-size\">O Jiu-Jitsu Brasileiro \u00e9 uma modalidade que privilegia o combate no ch\u00e3o, valorizando a t\u00e9cnica e a estrat\u00e9gia acima da for\u00e7a f\u00edsica. Por isso, ele \u00e9 classificado como um tipo de luta<\/p>\n\n\n\n<p class=\"has-medium-font-size\">(A) de m\u00e9dia dist\u00e2ncia.<\/p>\n\n\n\n<p class=\"has-medium-font-size\">(B) corpo a corpo.<\/p>\n\n\n\n<p class=\"has-medium-font-size\">(C) de longa dist\u00e2ncia.<\/p>\n\n\n\n<p class=\"has-medium-font-size\">(D) que usa armas brancas.<\/p>\n\n\n\n<p class=\"has-pale-cyan-blue-background-color has-background has-medium-font-size\"><strong>QUEST\u00c3O 2<\/strong><\/p>\n\n\n\n<p class=\"has-medium-font-size\">O Jiu-Jitsu Brasileiro utiliza principalmente alavancas, tor\u00e7\u00f5es e press\u00f5es para controlar o oponente no ch\u00e3o. Considerando esses princ\u00edpios, \u00e9 permitido na modalidade<\/p>\n\n\n\n<p class=\"has-medium-font-size\">(A) puxar o cabelo do oponente.<\/p>\n\n\n\n<p class=\"has-medium-font-size\">(B)  aplicar estrangulamentos.<\/p>\n\n\n\n<p class=\"has-medium-font-size\">(C) dar  joelhadas e cotoveladas.<\/p>\n\n\n\n<p class=\"has-medium-font-size\">(D) morder o advers\u00e1rio.<\/p>\n\n\n\n<p class=\"has-pale-cyan-blue-background-color has-background has-medium-font-size\"><strong>QUEST\u00c3O 3<\/strong><\/p>\n\n\n\n<p class=\"has-medium-font-size\">Segundo a Federa\u00e7\u00e3o Internacional de Jiu-jitsu Brasileiro, em competi\u00e7\u00f5es da modalidade, o combate pode terminar de diferentes formas: desist\u00eancia, interrup\u00e7\u00e3o, desclassifica\u00e7\u00e3o, perda dos sentidos, contagem do placar, decis\u00e3o do \u00e1rbitro ou at\u00e9 por sorteio. Apesar dessas possibilidades, todas as formas de encerramento t\u00eam como base o mesmo objetivo da modalidade, que \u00e9<\/p>\n\n\n\n<p class=\"has-medium-font-size\">(A) agredir o oponente.<\/p>\n\n\n\n<p class=\"has-medium-font-size\">(B) machucar o advers\u00e1rio.<\/p>\n\n\n\n<p class=\"has-medium-font-size\">(C) controlar o oponente.<\/p>\n\n\n\n<p class=\"has-medium-font-size\">(D) matar o advers\u00e1rio.<\/p>\n\n\n\n<p class=\"has-pale-cyan-blue-background-color has-background has-medium-font-size\"><strong>QUEST\u00c3O 4<\/strong><\/p>\n\n\n\n<p class=\"has-medium-font-size\">As lutas, assim como outras pr\u00e1ticas corporais, surgem e se transformam de acordo com o contexto social em que est\u00e3o inseridas. Com base nisso, fa\u00e7a um resumo explicando como o jiu-jitsu surgiu, como evoluiu ao longo do tempo e qual \u00e9 a sua aplicabilidade nos dias atuais, na forma do jiu-jitsu brasileiro.<\/p>\n\n\n\n<hr class=\"wp-block-separator has-alpha-channel-opacity\"\/>\n\n\n\n<p class=\"has-text-align-center has-medium-font-size\"><strong>Leia o texto abaixo e responda as quest\u00f5es 5 e 6:<\/strong><\/p>\n\n\n\n<p class=\"has-medium-font-size\">Kyra Gracie e Malvino Salvador, em suas redes sociais, ressaltam que o jiu-j\u00edtsu pode atuar como um importante recurso de prote\u00e7\u00e3o, especialmente em casos de viol\u00eancia dom\u00e9stica. Eles destacam que aprender a modalidade e suas t\u00e9cnicas de defesa pessoal \u00e9 essencial para ampliar a seguran\u00e7a e o empoderamento, sobretudo das mulheres. Ainda assim, refor\u00e7am a import\u00e2ncia de realizar a den\u00fancia, acionando as autoridades para que as medidas legais sejam aplicadas contra o agressor.<\/p>\n\n\n\n<p class=\"has-pale-cyan-blue-background-color has-background has-medium-font-size\"><strong>QUEST\u00c3O 5<\/strong><\/p>\n\n\n\n<p class=\"has-medium-font-size\">A pr\u00e1tica do jiu-jitsu por mulheres, conforme destacado no texto, contribui para<\/p>\n\n\n\n<p class=\"has-medium-font-size\">(A) refor\u00e7ar a ideia de que o esporte deve permanecer restrito ao p\u00fablico masculino.<\/p>\n\n\n\n<p class=\"has-medium-font-size\">(B) desestimular den\u00fancias e evitar o contato com  autoridades competentes.<\/p>\n\n\n\n<p class=\"has-medium-font-size\">(C) fortalecer a autoconfian\u00e7a feminina e oferecer t\u00e9cnicas \u00fateis de defesa pessoal.<\/p>\n\n\n\n<p class=\"has-medium-font-size\">(D) aumentar a viol\u00eancia entre mulheres dentro dos espa\u00e7os de pr\u00e1tica esportiva.<\/p>\n\n\n\n<p class=\"has-pale-cyan-blue-background-color has-background has-medium-font-size\"><strong>QUEST\u00c3O 6<\/strong><\/p>\n\n\n\n<p class=\"has-medium-font-size\">De acordo com as orienta\u00e7\u00f5es apresentadas por Kyra Gracie e Malvino Salvador, mesmo que a v\u00edtima consiga utilizar t\u00e9cnicas de defesa pessoal do jiu-j\u00edtsu em situa\u00e7\u00f5es de viol\u00eancia dom\u00e9stica, a principal recomenda\u00e7\u00e3o \u00e9<\/p>\n\n\n\n<p class=\"has-medium-font-size\">(A) tentar resolver o conflito conversando posteriormente com o agressor.<\/p>\n\n\n\n<p class=\"has-medium-font-size\">(B) intensificar os treinos de jiu-j\u00edtsu para se sentir mais empoderada.<\/p>\n\n\n\n<p class=\"has-medium-font-size\">(C) denunciar o agressor e acionar as autoridades competentes.<\/p>\n\n\n\n<p class=\"has-medium-font-size\">(D) relatar o caso apenas nas redes sociais para viralizar rapidamente.<\/p>\n\n\n\n<p class=\"has-pale-cyan-blue-background-color has-background has-medium-font-size\"><strong>QUEST\u00c3O 7<\/strong><\/p>\n\n\n\n<p class=\"has-medium-font-size\">O jiu-jitsu pode ser praticado como esporte, para melhorar a sa\u00fade e tamb\u00e9m como defesa pessoal. Apesar disso, ainda existe preconceito em rela\u00e7\u00e3o \u00e0 participa\u00e7\u00e3o das mulheres, pois algumas pessoas acreditam que essa luta \u201cmasculiniza\u201d quem a pratica. Qual \u00e9 a sua opini\u00e3o sobre as mulheres treinarem jiu-jitsu?<\/p>\n\n\n\n<hr class=\"wp-block-separator has-alpha-channel-opacity\"\/>\n\n\n\n<figure class=\"wp-block-table alignwide is-style-stripes\"><table><tbody><tr><td>Autor<\/td><td>Jordana Ferreira<\/td><\/tr><tr><td>Forma\u00e7\u00e3o<\/td><td>Educa\u00e7\u00e3o F\u00edsica<\/td><\/tr><tr><td>Componente Curricular<\/td><td>Educa\u00e7\u00e3o F\u00edsica<\/td><\/tr><tr><td>Objeto de Conhecimento\/Conte\u00fado<\/td><td>Lutas do mundo<\/td><\/tr><tr><td>Habilidade<\/td><td>(GO-EF08EF27) Conhecer e apropriar-se das regras apresentadas por diversas lutas do mundo, reconhecendo essa manifesta\u00e7\u00e3o corporal como esporte de combate.<\/td><\/tr><tr><td>Refer\u00eancia<\/td><td>MAGALH\u00c3ES, Breno Santos Barbosa. <em>Jiu-jitsu como pr\u00e1tica pedag\u00f3gica na Educa\u00e7\u00e3o F\u00edsica escolar: uma an\u00e1lise a partir das produ\u00e7\u00f5es acad\u00eamicas da Educa\u00e7\u00e3o F\u00edsica<\/em>. 2021. Monografia (Licenciatura em Educa\u00e7\u00e3o F\u00edsica) \u2013 Universidade Estadual de Goi\u00e1s \u2013 ESEFFEGO, Goi\u00e2nia, 2021.<br><strong>CONFEDERA\u00c7\u00c3O BRASILEIRA DE JIU-J\u00cdTSU.<\/strong> CBJJ. Dispon\u00edvel em: <a href=\"https:\/\/cbjj.com.br\/?utm_source=chatgpt.com\">https:\/\/cbjj.com.br\/<\/a>. Acesso em: 17 nov. 2025.<\/td><\/tr><\/tbody><\/table><\/figure>\n","protected":false},"author":17,"featured_media":201107,"template":"","ef_categoria":[],"ef_ano":[91],"ef_componente":[97],"class_list":["post-201105","ensino_fundamental","type-ensino_fundamental","status-publish","has-post-thumbnail","hentry","ef_ano-8o-ano","ef_componente-educacao-fisica","entry","has-media"],"acf":[],"_links":{"self":[{"href":"https:\/\/sme.goiania.go.gov.br\/conexaoescola\/wp-json\/wp\/v2\/ensino_fundamental\/201105","targetHints":{"allow":["GET"]}}],"collection":[{"href":"https:\/\/sme.goiania.go.gov.br\/conexaoescola\/wp-json\/wp\/v2\/ensino_fundamental"}],"about":[{"href":"https:\/\/sme.goiania.go.gov.br\/conexaoescola\/wp-json\/wp\/v2\/types\/ensino_fundamental"}],"author":[{"embeddable":true,"href":"https:\/\/sme.goiania.go.gov.br\/conexaoescola\/wp-json\/wp\/v2\/users\/17"}],"version-history":[{"count":54,"href":"https:\/\/sme.goiania.go.gov.br\/conexaoescola\/wp-json\/wp\/v2\/ensino_fundamental\/201105\/revisions"}],"predecessor-version":[{"id":201498,"href":"https:\/\/sme.goiania.go.gov.br\/conexaoescola\/wp-json\/wp\/v2\/ensino_fundamental\/201105\/revisions\/201498"}],"wp:featuredmedia":[{"embeddable":true,"href":"https:\/\/sme.goiania.go.gov.br\/conexaoescola\/wp-json\/wp\/v2\/media\/201107"}],"wp:attachment":[{"href":"https:\/\/sme.goiania.go.gov.br\/conexaoescola\/wp-json\/wp\/v2\/media?parent=201105"}],"wp:term":[{"taxonomy":"ef_categoria","embeddable":true,"href":"https:\/\/sme.goiania.go.gov.br\/conexaoescola\/wp-json\/wp\/v2\/ef_categoria?post=201105"},{"taxonomy":"ef_ano","embeddable":true,"href":"https:\/\/sme.goiania.go.gov.br\/conexaoescola\/wp-json\/wp\/v2\/ef_ano?post=201105"},{"taxonomy":"ef_componente","embeddable":true,"href":"https:\/\/sme.goiania.go.gov.br\/conexaoescola\/wp-json\/wp\/v2\/ef_componente?post=201105"}],"curies":[{"name":"wp","href":"https:\/\/api.w.org\/{rel}","templated":true}]}}