{"id":199900,"date":"2025-09-29T07:00:00","date_gmt":"2025-09-29T10:00:00","guid":{"rendered":"https:\/\/sme.goiania.go.gov.br\/conexaoescola\/?post_type=ensino_fundamental&#038;p=199900"},"modified":"2025-11-19T17:12:07","modified_gmt":"2025-11-19T20:12:07","slug":"lingua-portuguesa-conto-4","status":"publish","type":"ensino_fundamental","link":"https:\/\/sme.goiania.go.gov.br\/conexaoescola\/ensino_fundamental\/lingua-portuguesa-conto-4\/","title":{"rendered":"L\u00edngua Portuguesa &#8211; Conto"},"content":{"rendered":"\n<p class=\"has-background has-medium-font-size\" style=\"background-color:#ffebb573\">ESTA PROPOSTA DE ATIVIDADE DE&nbsp;<strong>L\u00cdNGUA PORTUGUESA&nbsp;<\/strong>\u00c9 DESTINADA AOS ESTUDANTES DO&nbsp;<strong>2\u00ba ANO<\/strong>&nbsp;DOS ANOS INICIAS DO&nbsp;<strong>ENSINO FUNDAMENTAL<\/strong>.<\/p>\n\n\n\n<div class=\"wp-block-buttons has-custom-font-size has-medium-font-size is-content-justification-center is-layout-flex wp-container-core-buttons-is-layout-16018d1d wp-block-buttons-is-layout-flex\">\n<div class=\"wp-block-button\"><a class=\"wp-block-button__link wp-element-button\" href=\"https:\/\/drive.google.com\/uc?export=download&amp;id=1EV3st9uAjj5if2H5u4gLFYPmi1jJW1i6\">BAIXE A ATIVIDADE<\/a><\/div>\n\n\n\n<div class=\"wp-block-button\"><a class=\"wp-block-button__link wp-element-button\" href=\"https:\/\/drive.google.com\/uc?export=download&amp;id=1Q044y0GZXgHbyQ-yUqmPFv9mkbNmnKBm\">BAIXE OS SLIDES<\/a><\/div>\n\n\n\n<div class=\"wp-block-button\"><a class=\"wp-block-button__link wp-element-button\" href=\"https:\/\/drive.google.com\/uc?export=download&amp;id=1FbwBBtYc83F3DIKNyg8RtaMYdvlWJXtN\">BAIXE O TEXTO<\/a><\/div>\n<\/div>\n\n\n\n<p class=\"has-small-font-size\"><\/p>\n\n\n<div class=\"wp-block-image\">\n<figure class=\"aligncenter size-large is-resized\"><img fetchpriority=\"high\" decoding=\"async\" width=\"1024\" height=\"1024\" src=\"https:\/\/sme.goiania.go.gov.br\/conexaoescola\/wp-content\/uploads\/2025\/09\/2-1024x1024.jpg\" alt=\"\" class=\"wp-image-199901\" style=\"width:437px;height:auto\" srcset=\"https:\/\/sme.goiania.go.gov.br\/conexaoescola\/wp-content\/uploads\/2025\/09\/2-1024x1024.jpg 1024w, https:\/\/sme.goiania.go.gov.br\/conexaoescola\/wp-content\/uploads\/2025\/09\/2-300x300.jpg 300w, https:\/\/sme.goiania.go.gov.br\/conexaoescola\/wp-content\/uploads\/2025\/09\/2-150x150.jpg 150w, https:\/\/sme.goiania.go.gov.br\/conexaoescola\/wp-content\/uploads\/2025\/09\/2-768x768.jpg 768w, https:\/\/sme.goiania.go.gov.br\/conexaoescola\/wp-content\/uploads\/2025\/09\/2.jpg 1500w\" sizes=\"(max-width: 1024px) 100vw, 1024px\" \/><figcaption class=\"wp-element-caption\">Dispon\u00edvel em:&nbsp;<a href=\"https:\/\/www.canva.com\/design\/DAGeb_EVqn8\/0PbOGbkw3PSt5Hh7g0zYCw\/edit?utm_content=DAGeb_EVqn8&amp;utm_campaign=designshare&amp;utm_medium=link2&amp;utm_source=sharebutton\">https:\/\/www.canva.com\/design\/DAGeb_EVqn8\/0PbOGbkw3PSt5Hh7g0zYCw\/edit?utm_content=DAGeb_EVqn8&amp;utm_campaign=designshare&amp;utm_medium=link2&amp;utm_source=sharebutton<\/a><\/figcaption><\/figure><\/div>\n\n\n<p class=\"has-small-font-size\"><\/p>\n\n\n\n<p class=\"has-text-align-center has-medium-font-size\"><strong>CONTO<\/strong><\/p>\n\n\n\n<p class=\"has-medium-font-size\">O CONTO \u00c9 UM G\u00caNERO LITER\u00c1RIO MUITO CONHECIDO E APRECIADO POR CRIAN\u00c7AS E ADULTOS. ELE \u00c9 UM TIPO DE NARRATIVA CURTA, OU SEJA, UMA HIST\u00d3RIA QUE GERALMENTE N\u00c3O \u00c9 MUITO LONGA E QUE APRESENTA POUCOS PERSONAGENS, UM ESPA\u00c7O DEFINIDO E UM TEMPO QUE N\u00c3O COSTUMA SE ESTENDER DEMAIS. O CONTO TEM COMO OBJETIVO CONTAR UMA SITUA\u00c7\u00c3O, UM CONFLITO OU UM ACONTECIMENTO IMPORTANTE QUE PRENDE A ATEN\u00c7\u00c3O DO LEITOR DO IN\u00cdCIO AO FIM.<\/p>\n\n\n\n<p class=\"has-medium-font-size\">UMA DAS CARACTER\u00cdSTICAS MAIS MARCANTES DO CONTO \u00c9 SUA ESTRUTURA. NORMALMENTE, ELE POSSUI TR\u00caS PARTES: O IN\u00cdCIO, ONDE OS PERSONAGENS E O ESPA\u00c7O S\u00c3O APRESENTADOS; ODESENVOLVIMENTO, QUANDO ACONTECE O PROBLEMA OU O CONFLITO DA HIST\u00d3RIA; E O FIM, QUE TRAZ A SOLU\u00c7\u00c3O OU A CONCLUS\u00c3O, MUITAS VEZES COM UMA SURPRESA AO FINAL. ESSA ORGANIZA\u00c7\u00c3O AJUDA O LEITOR A COMPREENDER MELHOR O ENREDO E SE ENVOLVER COM OS ACONTECIMENTOS.<\/p>\n\n\n\n<p class=\"has-medium-font-size\">O CONTO \u00c9 IMPORTANTE PORQUE DESPERTA A IMAGINA\u00c7\u00c3O, ESTIMULA A CRIATIVIDADE E AJUDA NA FORMA\u00c7\u00c3O DO GOSTO PELA LEITURA. POR MEIO DELE, \u00c9 POSS\u00cdVEL CONHECER DIFERENTES CULTURAS, REFLETIR SOBRE VALORES, APRENDER NOVAS PALAVRAS E VIAJAR PARA MUNDOS FANT\u00c1STICOS SEM SAIR DO LUGAR.<\/p>\n\n\n\n<p class=\"has-medium-font-size\">EXISTEM DIFERENTES TIPOS DE CONTOS, VAMOS CONHECER ALGUNS:<\/p>\n\n\n<div class=\"wp-block-image\">\n<figure class=\"aligncenter size-full is-resized\"><img decoding=\"async\" width=\"591\" height=\"158\" src=\"https:\/\/sme.goiania.go.gov.br\/conexaoescola\/wp-content\/uploads\/2025\/09\/image-181.png\" alt=\"\" class=\"wp-image-199902\" style=\"width:735px;height:auto\" srcset=\"https:\/\/sme.goiania.go.gov.br\/conexaoescola\/wp-content\/uploads\/2025\/09\/image-181.png 591w, https:\/\/sme.goiania.go.gov.br\/conexaoescola\/wp-content\/uploads\/2025\/09\/image-181-300x80.png 300w\" sizes=\"(max-width: 591px) 100vw, 591px\" \/><\/figure><\/div>\n\n<div class=\"wp-block-image\">\n<figure class=\"aligncenter size-full is-resized\"><img decoding=\"async\" width=\"598\" height=\"427\" src=\"https:\/\/sme.goiania.go.gov.br\/conexaoescola\/wp-content\/uploads\/2025\/09\/image-183.png\" alt=\"\" class=\"wp-image-199904\" style=\"width:728px;height:auto\" srcset=\"https:\/\/sme.goiania.go.gov.br\/conexaoescola\/wp-content\/uploads\/2025\/09\/image-183.png 598w, https:\/\/sme.goiania.go.gov.br\/conexaoescola\/wp-content\/uploads\/2025\/09\/image-183-300x214.png 300w\" sizes=\"(max-width: 598px) 100vw, 598px\" \/><\/figure><\/div>\n\n\n<p class=\"has-small-font-size\"><\/p>\n\n\n\n<p class=\"has-medium-font-size\">ASSIM, O CONTO \u00c9 UM G\u00caNERO LITER\u00c1RIO QUE CONTINUA ENCANTANDO PESSOAS DE TODAS AS IDADES. ELE ENSINA, DIVERTE E EMOCIONA, MOSTRANDO QUE, MESMO EM POUCAS P\u00c1GINAS, \u00c9 POSS\u00cdVEL VIVER GRANDES AVENTURAS.<\/p>\n\n\n\n<p class=\"has-background has-medium-font-size\" style=\"background-color:#ffebb5\">Os&nbsp;<strong>slides<\/strong>&nbsp;tamb\u00e9m podem ser baixados diretamente do Canva, apenas depois de baixado \u00e9 poss\u00edvel fazer altera\u00e7\u00f5es. Basta acessar o link: <a href=\"https:\/\/www.canva.com\/design\/DAGzcVIjShE\/rPRLdDpd3hR2FfiA96J3VQ\/edit\">https:\/\/www.canva.com\/design\/DAGzcVIjShE\/rPRLdDpd3hR2FfiA96J3VQ\/edit<\/a><\/p>\n\n\n\n<p class=\"has-text-align-center has-background has-medium-font-size\" style=\"background-color:#ffebb573\"><strong>ASSISTA A VIDEOAULA SOBRE ESSE ASSUNTO<\/strong><\/p>\n\n\n\n<figure class=\"wp-block-embed is-type-video is-provider-youtube wp-block-embed-youtube wp-embed-aspect-16-9 wp-has-aspect-ratio\"><div class=\"wp-block-embed__wrapper\">\n<p class=\"responsive-video-wrap clr\"><iframe title=\"L\u00edngua Portuguesa - Conto - 2\u00ba Ano do Ensino Fundamental\" width=\"1200\" height=\"675\" src=\"https:\/\/www.youtube.com\/embed\/FLW2yk5F7N4?feature=oembed\" frameborder=\"0\" allow=\"accelerometer; autoplay; clipboard-write; encrypted-media; gyroscope; picture-in-picture; web-share\" referrerpolicy=\"strict-origin-when-cross-origin\" allowfullscreen><\/iframe><\/p>\n<\/div><figcaption class=\"wp-element-caption\">Dispon\u00edvel em: <a href=\"https:\/\/youtu.be\/FLW2yk5F7N4&nbsp;\">https:\/\/youtu.be\/FLW2yk5F7N4 <\/a><\/figcaption><\/figure>\n\n\n\n<p class=\"has-small-font-size\"><\/p>\n\n\n\n<p class=\"has-text-align-center has-background has-medium-font-size\" style=\"background-color:#ffebb5\"><strong>RESPONDA \u00c0S QUEST\u00d5ES.<\/strong><\/p>\n\n\n\n<p class=\"has-background has-medium-font-size\" style=\"background-color:#ffebb573\"><strong>QUEST\u00c3O 1<\/strong><\/p>\n\n\n\n<p class=\"has-medium-font-size\">S\u00c3O PERSONAGENS DOS CONTOS DE FADAS<\/p>\n\n\n\n<div class=\"wp-block-media-text has-media-on-the-right is-stacked-on-mobile\" style=\"grid-template-columns:auto 16%\"><div class=\"wp-block-media-text__content\">\n<p class=\"has-medium-font-size\">(A) FADAS, PR\u00cdNCIPES E PRINCESAS.<br>(B) PERSONAGENS FOLCL\u00d3RICOS.<br>(C) PESSOAS DA VIDA REAL.<br>(D) SERES DA MITOLOGIA GREGA.<\/p>\n<\/div><figure class=\"wp-block-media-text__media\"><img loading=\"lazy\" decoding=\"async\" width=\"137\" height=\"158\" src=\"https:\/\/sme.goiania.go.gov.br\/conexaoescola\/wp-content\/uploads\/2025\/09\/princiepe-princesa-e-fadas.jpg\" alt=\"\" class=\"wp-image-199905 size-full\"\/><\/figure><\/div>\n\n\n\n<p class=\"has-small-font-size\">Imagem dispon\u00edvel em: <a href=\"https:\/\/www.canva.com\/design\/DAGzcVIjShE\/rPRLdDpd3hR2FfiA96J3VQ\/edit?utm_content=DAGzcVIjShE&amp;utm_campaign=designshare&amp;utm_medium=link2&amp;utm_source=sharebutton&nbsp; >Acesso em 23\/09\/2025.&#8221;>https:\/\/www.canva.com\/design\/DAGzcVIjShE\/rPRLdDpd3hR2FfiA96J3VQ\/edit?utm_content=DAGzcVIjShE&amp;utm_campaign=designshare&amp;utm_medium=link2&amp;utm_source=sharebutton <\/a> &gt;Acesso em 23\/09\/2025.<\/p>\n\n\n\n<p><\/p>\n\n\n\n<p class=\"has-background has-medium-font-size\" style=\"background-color:#ffebb573\"><strong>QUEST\u00c3O 2<\/strong><\/p>\n\n\n\n<p class=\"has-medium-font-size\">S\u00c3O CARACTER\u00cdSTICAS DE UM CONTO<\/p>\n\n\n\n<p class=\"has-medium-font-size\">(A) NARRATIVA DE FATOS REAIS DE UMA PESSOA.&nbsp;<\/p>\n\n\n\n<p class=\"has-medium-font-size\">(B) NARRATIVA LONGA COM MUITOS PERSONAGENS.<\/p>\n\n\n\n<p class=\"has-medium-font-size\">(C) NARRATIVA CURTA COM POUCOS PERSONAGENS.<\/p>\n\n\n\n<p class=\"has-medium-font-size\">(D) NARRATIVA SEM DESFECHO OU FINAL DA HIST\u00d3RIA.<\/p>\n\n\n\n<p class=\"has-background has-medium-font-size\" style=\"background-color:#ffebb573\"><strong>QUEST\u00c3O 3<\/strong><\/p>\n\n\n\n<p class=\"has-medium-font-size\">VOC\u00ca J\u00c1 LEU CONTOS? QUAL FOI O SEU PREFERIDO? POR QUE ESTE CONTO LHE CHAMOU A ATEN\u00c7\u00c3O?<\/p>\n\n\n\n<p class=\"has-background has-medium-font-size\" style=\"background-color:#ffebb573\"><strong>QUEST\u00c3O 4<\/strong><\/p>\n\n\n\n<p class=\"has-medium-font-size\">DESCUBRA OS NOMES DOS CONTOS, COLOCANDO EM ORDEM AS S\u00cdLABAS:<br><\/p>\n\n\n<div class=\"wp-block-image\">\n<figure class=\"aligncenter size-full is-resized\"><img loading=\"lazy\" decoding=\"async\" width=\"681\" height=\"131\" src=\"https:\/\/sme.goiania.go.gov.br\/conexaoescola\/wp-content\/uploads\/2025\/09\/image-184.png\" alt=\"\" class=\"wp-image-199906\" style=\"width:840px;height:auto\" srcset=\"https:\/\/sme.goiania.go.gov.br\/conexaoescola\/wp-content\/uploads\/2025\/09\/image-184.png 681w, https:\/\/sme.goiania.go.gov.br\/conexaoescola\/wp-content\/uploads\/2025\/09\/image-184-300x58.png 300w\" sizes=\"(max-width: 681px) 100vw, 681px\" \/><\/figure><\/div>\n\n\n<p class=\"has-text-align-left has-small-font-size\"><\/p>\n\n\n\n<p class=\"has-background has-medium-font-size\" style=\"background-color:#ffebb573\"><strong>QUEST\u00c3O 5<\/strong><\/p>\n\n\n\n<p class=\"has-medium-font-size\">PREENCHA A TABELA ABAIXO COM O NOME DO CONTO, DE ACORDO COM A PISTA DADA PELAS IMAGENS.<\/p>\n\n\n<div class=\"wp-block-image\">\n<figure class=\"aligncenter size-full\"><img loading=\"lazy\" decoding=\"async\" width=\"691\" height=\"574\" src=\"https:\/\/sme.goiania.go.gov.br\/conexaoescola\/wp-content\/uploads\/2025\/09\/image-185.png\" alt=\"\" class=\"wp-image-199907\" srcset=\"https:\/\/sme.goiania.go.gov.br\/conexaoescola\/wp-content\/uploads\/2025\/09\/image-185.png 691w, https:\/\/sme.goiania.go.gov.br\/conexaoescola\/wp-content\/uploads\/2025\/09\/image-185-300x249.png 300w\" sizes=\"(max-width: 691px) 100vw, 691px\" \/><\/figure><\/div>\n\n\n<p class=\"has-small-font-size\">Imagens dispon\u00edveis em: <a href=\"https:\/\/www.canva.com\/photos\/MAGn_lJNT80\/\">https:\/\/www.canva.com\/photos\/MAGn_lJNT80\/<\/a> &gt;Acesso em 23\/09\/2025.<\/p>\n\n\n\n<p class=\"has-small-font-size\"><a href=\"https:\/\/www.canva.com\/photos\/MAGtfP6OI2g\/\">https:\/\/www.canva.com\/photos\/MAGtfP6OI2g\/<\/a> &gt;Acesso em 23\/09\/2025.<\/p>\n\n\n\n<p class=\"has-small-font-size\"><a href=\"https:\/\/www.canva.com\/photos\/MAGwKWrBy2A\/\">https:\/\/www.canva.com\/photos\/MAGwKWrBy2A\/<\/a> &gt;Acesso em 23\/09\/2025.<\/p>\n\n\n\n<p class=\"has-small-font-size\"><a href=\"https:\/\/www.canva.com\/photos\/MAGv2B8uQrc\/\">https:\/\/www.canva.com\/photos\/MAGv2B8uQrc\/<\/a> &gt;Acesso em 23\/09\/2025.<\/p>\n\n\n\n<p class=\"has-background has-medium-font-size\" style=\"background-color:#ffebb573\"><strong>QUEST\u00c3O 6<\/strong><\/p>\n\n\n\n<p class=\"has-medium-font-size\">VOC\u00ca SABE O QUE \u00c9 UMA SINOPSE?<\/p>\n\n\n<div class=\"wp-block-image\">\n<figure class=\"aligncenter size-full is-resized\"><img loading=\"lazy\" decoding=\"async\" width=\"478\" height=\"231\" src=\"https:\/\/sme.goiania.go.gov.br\/conexaoescola\/wp-content\/uploads\/2025\/09\/image-186.png\" alt=\"\" class=\"wp-image-199908\" style=\"width:550px;height:auto\" srcset=\"https:\/\/sme.goiania.go.gov.br\/conexaoescola\/wp-content\/uploads\/2025\/09\/image-186.png 478w, https:\/\/sme.goiania.go.gov.br\/conexaoescola\/wp-content\/uploads\/2025\/09\/image-186-300x145.png 300w\" sizes=\"(max-width: 478px) 100vw, 478px\" \/><figcaption class=\"wp-element-caption\">Imagem dispon\u00edvel em: <a href=\"https:\/\/www.canva.com\/design\/DAGzcVIjShE\/rPRLdDpd3hR2FfiA96J3VQ\/edit?utm_content=DAGzcVIjShE&amp;utm_campaign=designshare&amp;utm_medium=link2&amp;utm_source=sharebutton&nbsp; >Acesso em 23\/09\/2025.&#8221;>https:\/\/www.canva.com\/design\/DAGzcVIjShE\/rPRLdDpd3hR2FfiA96J3VQ\/edit?utm_content=DAGzcVIjShE&amp;utm_campaign=designshare&amp;utm_medium=link2&amp;utm_source=sharebutton  <\/a>&gt;Acesso em 23\/09\/2025.<\/figcaption><\/figure><\/div>\n\n\n<p class=\"has-small-font-size\"><\/p>\n\n\n\n<p class=\"has-medium-font-size\">AGORA, QUE TAL ESCOLHER UM CONTO DE SUA PREFER\u00caNCIA E ESCREVER UMA SINOPSE SOBRE ELE PARA INDICAR A LEITURA DESSE LIVRO PARA&nbsp; UM DE SEUS AMIGOS?<\/p>\n\n\n<div class=\"wp-block-image\">\n<figure class=\"aligncenter size-full is-resized\"><img loading=\"lazy\" decoding=\"async\" width=\"643\" height=\"492\" src=\"https:\/\/sme.goiania.go.gov.br\/conexaoescola\/wp-content\/uploads\/2025\/09\/image-187.png\" alt=\"\" class=\"wp-image-199909\" style=\"width:805px;height:auto\" srcset=\"https:\/\/sme.goiania.go.gov.br\/conexaoescola\/wp-content\/uploads\/2025\/09\/image-187.png 643w, https:\/\/sme.goiania.go.gov.br\/conexaoescola\/wp-content\/uploads\/2025\/09\/image-187-300x230.png 300w\" sizes=\"(max-width: 643px) 100vw, 643px\" \/><figcaption class=\"wp-element-caption\">Imagem dispon\u00edvel em: <a href=\"https:\/\/www.canva.com\/photos\/MAGwWXashic\/&nbsp; >Acesso em 23\/09\/2025.&#8221;>https:\/\/www.canva.com\/photos\/MAGwWXashic\/  <\/a>&gt;Acesso em 23\/09\/2025.<\/figcaption><\/figure><\/div>\n\n\n<p class=\"has-small-font-size\"><\/p>\n\n\n\n<p class=\"has-text-align-center has-background has-medium-font-size\" style=\"background-color:#ffebb573\"><strong>HORA DE APRENDER BRINCANDO!<\/strong><\/p>\n\n\n<div class=\"wp-block-image\">\n<figure class=\"aligncenter size-large\"><img loading=\"lazy\" decoding=\"async\" width=\"1024\" height=\"577\" src=\"https:\/\/sme.goiania.go.gov.br\/conexaoescola\/wp-content\/uploads\/2025\/09\/image-189-1024x577.png\" alt=\"\" class=\"wp-image-199911\" srcset=\"https:\/\/sme.goiania.go.gov.br\/conexaoescola\/wp-content\/uploads\/2025\/09\/image-189-1024x577.png 1024w, https:\/\/sme.goiania.go.gov.br\/conexaoescola\/wp-content\/uploads\/2025\/09\/image-189-300x169.png 300w, https:\/\/sme.goiania.go.gov.br\/conexaoescola\/wp-content\/uploads\/2025\/09\/image-189-768x433.png 768w, https:\/\/sme.goiania.go.gov.br\/conexaoescola\/wp-content\/uploads\/2025\/09\/image-189.png 1178w\" sizes=\"(max-width: 1024px) 100vw, 1024px\" \/><figcaption class=\"wp-element-caption\">Imagem dispon\u00edvel em: <a href=\"https:\/\/www.canva.com\/design\/DAGzcVIjShE\/rPRLdDpd3hR2FfiA96J3VQ\/edit?utm_content=DAGzcVIjShE&amp;utm_campaign=designshare&amp;utm_medium=link2&amp;utm_source=sharebutton&nbsp; >Acesso em 23\/09\/2025.&#8221;>https:\/\/www.canva.com\/design\/DAGzcVIjShE\/rPRLdDpd3hR2FfiA96J3VQ\/edit?utm_content=DAGzcVIjShE&amp;utm_campaign=designshare&amp;utm_medium=link2&amp;utm_source=sharebutton  <\/a>&gt;Acesso em 23\/09\/2025.<\/figcaption><\/figure><\/div>\n\n\n<p class=\"has-small-font-size\"><\/p>\n\n\n\n<figure class=\"wp-block-embed aligncenter is-type-wp-embed is-provider-wordwall wp-block-embed-wordwall\"><div class=\"wp-block-embed__wrapper\">\n<div class=\"oceanwp-oembed-wrap clr\"><iframe class=\"wp-embedded-content\" sandbox=\"allow-scripts\" security=\"restricted\" title=\"CONTOS\" src=\"https:\/\/wordwall.net\/pt\/embed\/a4e1ed235c744dc9bc42c90f30a043b4?themeId=21&#038;ref=oembed#?secret=fhYHLyBrxf\" data-secret=\"fhYHLyBrxf\" width=\"500\" height=\"380\" frameborder=\"0\"><\/iframe><\/div>\n<\/div><figcaption class=\"wp-element-caption\">Dispon\u00edvel em: <a href=\"https:\/\/wordwall.net\/pt\/resource\/3487836&nbsp;\">https:\/\/wordwall.net\/pt\/resource\/3487836 <\/a><\/figcaption><\/figure>\n\n\n\n<hr class=\"wp-block-separator has-alpha-channel-opacity is-style-wide\"\/>\n\n\n\n<figure class=\"wp-block-table is-style-stripes\"><table><tbody><tr><td><strong>Autoria:<\/strong><\/td><td>Andrielly Campos<\/td><\/tr><tr><td><strong>Forma\u00e7\u00e3o:<\/strong><\/td><td>Letras: Portugu\u00eas \/ Ingl\u00eas e Pedagogia<\/td><\/tr><tr><td><strong>Componente Curricular:<\/strong><\/td><td>L\u00edngua Portuguesa<\/td><\/tr><tr><td><strong>Objeto(s) de Conhecimento:<\/strong><\/td><td>Leitura colaborativa e aut\u00f4noma:<br>&#8211; Leitura e compreens\u00e3o de textos liter\u00e1rios de diferentes g\u00eaneros.<br>Tipo narrativo<br>Escrita aut\u00f4noma e compartilhada\/Reescrita:<br>&#8211; Narrativas ficcionais: detalhes descritivos, sequ\u00eancias de eventos e de imagens, bem como marcadores de tempo, espa\u00e7o e de fala de personagens.<br>&#8211; Organiza\u00e7\u00e3o da sequ\u00eancia de ideias com coer\u00eancia, na escrita de texto.<br>&#8211; Produ\u00e7\u00e3o de textos com roteiros associados a imagens.<br>&#8211; Utiliza\u00e7\u00e3o dos recursos de referencia\u00e7\u00e3o, vocabul\u00e1rio apropriado ao g\u00eanero e articuladores de rela\u00e7\u00f5es de sentido.<br>&#8211; Utiliza\u00e7\u00e3o dos recursos correspondentes aos tipos textuais.<br>&#8211; Utiliza\u00e7\u00e3o de conhecimentos lingu\u00edsticos e gramaticais.<br>&#8211; Atribui\u00e7\u00e3o de t\u00edtulo ao texto, observando a coer\u00eancia.<\/td><\/tr><tr><td><strong>Habilidades:<\/strong><\/td><td>(EF15LP16) Ler e compreender, em colabora\u00e7\u00e3o com os colegas e com a ajuda do professor e, mais tarde, de maneira aut\u00f4noma, textos narrativos de maior porte como contos, acumulativos, entre outros.<br>(GO-EF02LP35) Planejar e escrever recontos de hist\u00f3rias imaginadas ou baseadas em livros de imagens, em colabora\u00e7\u00e3o com os colegas e com a ajuda do professor.<br>(GO-EF12LP22) Reescrever hist\u00f3rias (escrita espont\u00e2nea), contadas pelo professor e\/ou colegas, ou a partir de recursos visuais como quadrinhos, imagens com sequ\u00eancias temporais entre outros.<br>(EF12LP05-B) Planejar e produzir a escrita das hist\u00f3rias recontadas, por ditado ao professor e\/ou colegas.<\/td><\/tr><tr><td><strong>Descritor:<\/strong><\/td><td>D05 Identificar sons de s\u00edlabas iniciais, mediais ou finais que se repetem em palavras diferentes.<br>D08 Relacionar frase \u00e0 figura e vice-versa.<br>D13 Identificar o g\u00eanero do texto.<\/td><\/tr><tr><td><strong>Refer\u00eancias:&nbsp;<\/strong><\/td><td>GOI\u00c1S. Documento Curricular para Goi\u00e1s \u2013 Ampliado. Volume II. Ensino Fundamental Anos Finais. CONSED; UNDIME, 2018. Dispon\u00edvel em &lt;<a href=\"https:\/\/sme.goiania.go.gov.br\/site\/index.php\/institucional\/documentos-oficiais-2\/category\/27-documentos-gerais&amp;gt&amp;gt\">https:\/\/sme.goiania.go.gov.br\/site\/index.php\/institucional\/documentos-oficiais-2\/category\/27-documentos-gerais&amp;gt&amp;gt<\/a>;&gt; Acesso em 18\/09\/2025.<br><br>GOI\u00c2NIA. Matriz de Refer\u00eancia da Avalia\u00e7\u00e3o Semestral, para os componentes curriculares de L\u00edngua Portuguesa e Matem\u00e1tica, 1\u00ba semestre. SME, 2023. &gt;Acesso em 18\/09\/2025.<br><br>CARPANEDA, Isabella. <strong>A Conquista &#8211; L\u00edngua Portuguesa &#8211; Volume 2<\/strong>. S\u00e3o Paulo: Ftd, 2021.<br><br>PRADO, Ang\u00e9lica; H\u00dcLLE, Cristina. <strong>Entrela\u00e7os &#8211; L\u00edngua Portuguesa &#8211; volume 2<\/strong>. S\u00e3o Paulo: Ftd, 2021.<br><br>SILVA, C\u00edcero de Oliveira; SILVA, Elizabeth Gavioli Fr Oliveira; ABROMOVICK, M\u00e1rcia Cristina. <strong>Aprender Juntos &#8211; L\u00edngua Portuguesa &#8211; 2\u00ba ano<\/strong>. 9. ed. S\u00e3o Paulo: Sm, 2021.<\/td><\/tr><\/tbody><\/table><\/figure>\n","protected":false},"author":43,"featured_media":199901,"template":"","ef_categoria":[193,13,20],"ef_ano":[85],"ef_componente":[93],"class_list":["post-199900","ensino_fundamental","type-ensino_fundamental","status-publish","has-post-thumbnail","hentry","ef_categoria-anos-iniciais","ef_categoria-ciclo-da-infancia-abc","ef_categoria-etica-e-cidadania","ef_ano-2o-ano","ef_componente-portugues","entry","has-media"],"acf":[],"_links":{"self":[{"href":"https:\/\/sme.goiania.go.gov.br\/conexaoescola\/wp-json\/wp\/v2\/ensino_fundamental\/199900","targetHints":{"allow":["GET"]}}],"collection":[{"href":"https:\/\/sme.goiania.go.gov.br\/conexaoescola\/wp-json\/wp\/v2\/ensino_fundamental"}],"about":[{"href":"https:\/\/sme.goiania.go.gov.br\/conexaoescola\/wp-json\/wp\/v2\/types\/ensino_fundamental"}],"author":[{"embeddable":true,"href":"https:\/\/sme.goiania.go.gov.br\/conexaoescola\/wp-json\/wp\/v2\/users\/43"}],"version-history":[{"count":2,"href":"https:\/\/sme.goiania.go.gov.br\/conexaoescola\/wp-json\/wp\/v2\/ensino_fundamental\/199900\/revisions"}],"predecessor-version":[{"id":201482,"href":"https:\/\/sme.goiania.go.gov.br\/conexaoescola\/wp-json\/wp\/v2\/ensino_fundamental\/199900\/revisions\/201482"}],"wp:featuredmedia":[{"embeddable":true,"href":"https:\/\/sme.goiania.go.gov.br\/conexaoescola\/wp-json\/wp\/v2\/media\/199901"}],"wp:attachment":[{"href":"https:\/\/sme.goiania.go.gov.br\/conexaoescola\/wp-json\/wp\/v2\/media?parent=199900"}],"wp:term":[{"taxonomy":"ef_categoria","embeddable":true,"href":"https:\/\/sme.goiania.go.gov.br\/conexaoescola\/wp-json\/wp\/v2\/ef_categoria?post=199900"},{"taxonomy":"ef_ano","embeddable":true,"href":"https:\/\/sme.goiania.go.gov.br\/conexaoescola\/wp-json\/wp\/v2\/ef_ano?post=199900"},{"taxonomy":"ef_componente","embeddable":true,"href":"https:\/\/sme.goiania.go.gov.br\/conexaoescola\/wp-json\/wp\/v2\/ef_componente?post=199900"}],"curies":[{"name":"wp","href":"https:\/\/api.w.org\/{rel}","templated":true}]}}