{"id":199860,"date":"2025-09-12T19:51:08","date_gmt":"2025-09-12T22:51:08","guid":{"rendered":"https:\/\/sme.goiania.go.gov.br\/conexaoescola\/?post_type=ensino_fundamental&#038;p=199860"},"modified":"2025-09-24T19:53:07","modified_gmt":"2025-09-24T22:53:07","slug":"lingua-portuguesa-distinguindo-um-fato-da-opiniao-relativa-a-esse-fato","status":"publish","type":"ensino_fundamental","link":"https:\/\/sme.goiania.go.gov.br\/conexaoescola\/ensino_fundamental\/lingua-portuguesa-distinguindo-um-fato-da-opiniao-relativa-a-esse-fato\/","title":{"rendered":"L\u00edngua Portuguesa &#8211; Distinguindo um fato da opini\u00e3o relativa a esse fato"},"content":{"rendered":"\n<p class=\"has-black-color has-luminous-vivid-amber-background-color has-text-color has-background has-link-color has-medium-font-size wp-elements-d677a0f0cd202c0fb0f17e57e3e4cc6c\">Esta atividade de<strong>\u00a0L\u00edngua Portuguesa<\/strong>\u00a0tem como base o DC\/GO \u2013 Ampliado e est\u00e1 destinada a estudantes do<strong>\u00a09\u00ba ano<\/strong>\u00a0do Ensino Fundamental.<\/p>\n\n\n\n<div class=\"wp-block-buttons is-content-justification-center is-layout-flex wp-container-core-buttons-is-layout-16018d1d wp-block-buttons-is-layout-flex\">\n<div class=\"wp-block-button\"><a class=\"wp-block-button__link wp-element-button\" href=\"https:\/\/drive.google.com\/uc?export=download&amp;id=1jxoa6iqjPsH_TzBrRPuswXxxf2CrXhXx\">BAIXE A ATIVIDADE<\/a><\/div>\n\n\n\n<div class=\"wp-block-button\"><a class=\"wp-block-button__link wp-element-button\" href=\"https:\/\/drive.google.com\/uc?export=download&amp;id=1bgm4RUPWp6fAmpuel-9LcmUw2695G39_\">BAIXE OS SLIDES<\/a><\/div>\n\n\n\n<div class=\"wp-block-button\"><a class=\"wp-block-button__link wp-element-button\" href=\"https:\/\/drive.google.com\/uc?export=download&amp;id=1ZHCGMptYv_BTGWKZbJUxOPNcvO5PSoPB\">BAIXE O TEXTO<\/a><\/div>\n<\/div>\n\n\n\n<p><\/p>\n\n\n<div class=\"wp-block-image\">\n<figure class=\"aligncenter size-full is-resized\"><img fetchpriority=\"high\" decoding=\"async\" width=\"1024\" height=\"1024\" src=\"https:\/\/sme.goiania.go.gov.br\/conexaoescola\/wp-content\/uploads\/2025\/09\/ChatGPT-Image-24-de-set.-de-2025-19_39_37.png\" alt=\"\" class=\"wp-image-199862\" style=\"width:446px;height:auto\" srcset=\"https:\/\/sme.goiania.go.gov.br\/conexaoescola\/wp-content\/uploads\/2025\/09\/ChatGPT-Image-24-de-set.-de-2025-19_39_37.png 1024w, https:\/\/sme.goiania.go.gov.br\/conexaoescola\/wp-content\/uploads\/2025\/09\/ChatGPT-Image-24-de-set.-de-2025-19_39_37-300x300.png 300w, https:\/\/sme.goiania.go.gov.br\/conexaoescola\/wp-content\/uploads\/2025\/09\/ChatGPT-Image-24-de-set.-de-2025-19_39_37-150x150.png 150w, https:\/\/sme.goiania.go.gov.br\/conexaoescola\/wp-content\/uploads\/2025\/09\/ChatGPT-Image-24-de-set.-de-2025-19_39_37-768x768.png 768w\" sizes=\"(max-width: 1024px) 100vw, 1024px\" \/><figcaption class=\"wp-element-caption\">Imagem criada por IA: ChatGPT<\/figcaption><\/figure><\/div>\n\n\n<p class=\"has-text-align-center has-black-color has-text-color has-link-color has-medium-font-size wp-elements-81dda104925b3ea0ba4e36bae1b1b9df\"><strong>Distinguindo um fato da opini\u00e3o relativa a esse fato<\/strong><\/p>\n\n\n\n<p class=\"has-black-color has-text-color has-link-color has-medium-font-size wp-elements-e300367463a5ddbb5f3638cd9699be65\"><strong>Fato<\/strong> \u00e9 uma informa\u00e7\u00e3o que pode ser verificada por evid\u00eancias externas, tais como dados, documentos, medi\u00e7\u00f5es, registros ou testemunhos confi\u00e1veis. Um fato n\u00e3o depende do gosto ou da cren\u00e7a de algu\u00e9m, mas, sim, da possibilidade de checar a informa\u00e7\u00e3o em documentos, not\u00edcias confi\u00e1veis ou pesquisas. Por exemplo:<\/p>\n\n\n\n<p class=\"has-text-align-center has-black-color has-text-color has-link-color has-medium-font-size wp-elements-63be31097ecc83662faeb8fa8833eea1\">A aula come\u00e7a \u00e0s 8h.<\/p>\n\n\n\n<p class=\"has-text-align-center has-black-color has-text-color has-link-color has-medium-font-size wp-elements-47c787cc065dfdcf322603017cd559ae\">Em 2016 houve Olimp\u00edadas no Rio de Janeiro.<\/p>\n\n\n\n<p class=\"has-black-color has-text-color has-link-color has-medium-font-size wp-elements-ea49c1d4b7b0e8a00391147fd9cb0676\">No primeiro exemplo acima, \u00e9 poss\u00edvel verificar o hor\u00e1rio oficial da escola para checar se a informa\u00e7\u00e3o \u00e9 um fato ver\u00eddico ou n\u00e3o. No segundo exemplo, tamb\u00e9m h\u00e1 registros oficiais que comprovam a realiza\u00e7\u00e3o das Olimp\u00edadas no Rio de Janeiro. Logo, as informa\u00e7\u00f5es podem ser consideradas como fatos, pois podem ser comprovados, n\u00e3o partem de uma opini\u00e3o.<\/p>\n\n\n\n<p class=\"has-black-color has-text-color has-link-color has-medium-font-size wp-elements-481fefc32d4b64201012766552af4a90\">A opini\u00e3o \u00e9 um julgamento, um ponto de vista, uma avalia\u00e7\u00e3o pessoal. As opini\u00f5es expressam gostos, interpreta\u00e7\u00f5es, valores ou sentimentos; n\u00e3o s\u00e3o pass\u00edveis de prova no mesmo sentido que um fato, embora possam ser justificadas com argumentos. Por exemplo:<\/p>\n\n\n\n<p class=\"has-text-align-center has-black-color has-text-color has-link-color has-medium-font-size wp-elements-76eeb5631105cdb1ea8356bcf41e1f0b\">A aula das 8h <strong>\u00e9 chata<\/strong>.<\/p>\n\n\n\n<p class=\"has-text-align-center has-black-color has-text-color has-link-color has-medium-font-size wp-elements-da4623d98b70313734f4b7c3ffb716b3\">As Olimp\u00edadas do Rio 2016 foram <strong>as mais lindas da hist\u00f3ria<\/strong>.<\/p>\n\n\n\n<p class=\"has-black-color has-text-color has-link-color has-medium-font-size wp-elements-98ef506dd270d61073085feabbb030f2\">Observe que os exemplos apresentam uma opini\u00e3o relativa ao fato apresentado. No primeiro exemplo, h\u00e1 como fato a exist\u00eancia de uma aula \u00e0s 8h e h\u00e1 uma opini\u00e3o sobre ela: \u201c\u00e9 chata\u201d. No segundo exemplo, tamb\u00e9m h\u00e1 uma opini\u00e3o que parte de um fato. O acontecimento \u00e9 a realiza\u00e7\u00e3o das Olimp\u00edadas no Rio de Janeiro, em 2016. A opini\u00e3o sobre esse fato comprovado \u00e9 o ponto de vista de uma pessoa, ou um grupo de pessoas: \u201cas mais lindas da hist\u00f3ria\u201d. Para outras pessoas, essa opini\u00e3o pode ser diferente, contestada. Contudo, n\u00e3o h\u00e1 como contestar a realiza\u00e7\u00e3o das Olimp\u00edadas no Rio, em 2016.<\/p>\n\n\n\n<p class=\"has-black-color has-text-color has-link-color has-medium-font-size wp-elements-c1609b438e762fec67d77baf6000f9be\">Em s\u00edntese, o fato \u00e9 um acontecimento que se d\u00e1 em decorr\u00eancia de eventos exteriores. A opini\u00e3o relativa ao fato \u00e9 um ponto de vista a respeito desse fato, isto \u00e9, um julgamento pessoal sobre ele. <\/p>\n\n\n\n<p class=\"has-text-align-center has-black-color has-luminous-vivid-amber-background-color has-text-color has-background has-link-color has-medium-font-size wp-elements-f691f0d5ca309d94d611bdc4d92126b6\"><strong>Assista \u00e0 videoaula do professor Marlon Santos com essa tem\u00e1tica.<\/strong> <\/p>\n\n\n\n<figure class=\"wp-block-embed aligncenter is-type-video is-provider-youtube wp-block-embed-youtube wp-embed-aspect-16-9 wp-has-aspect-ratio\"><div class=\"wp-block-embed__wrapper\">\n<p class=\"responsive-video-wrap clr\"><iframe title=\"9\u00ba Ano - D14 - L\u00edngua Portuguesa - Maratona do Conhecimento\" width=\"1200\" height=\"675\" src=\"https:\/\/www.youtube.com\/embed\/LeYk9MYWwzY?list=PLxRkqxlT0AC3EP3QVYirwA__g8EFJQhV6\" frameborder=\"0\" allow=\"accelerometer; autoplay; clipboard-write; encrypted-media; gyroscope; picture-in-picture; web-share\" referrerpolicy=\"strict-origin-when-cross-origin\" allowfullscreen><\/iframe><\/p>\n<\/div><figcaption class=\"wp-element-caption\">Canal Portal Conex\u00e3o Escola &#8211; 9\u00ba Ano &#8211; D14 &#8211; L\u00edngua Portuguesa &#8211; Maratona do Conhecimento &#8211; Dispon\u00edvel em: &lt;<a href=\"https:\/\/www.youtube.com\/watch?v=LeYk9MYWwzY&amp;list=PLxRkqxlT0AC3EP3QVYirwA__g8EFJQhV6&amp;index=14\">https:\/\/www.youtube.com\/watch?v=LeYk9MYWwzY&amp;list=PLxRkqxlT0AC3EP3QVYirwA__g8EFJQhV6&amp;index=14<\/a>> Acesso em: 12, set. 2025<\/figcaption><\/figure>\n\n\n\n<p class=\"has-text-align-center has-black-color has-luminous-vivid-amber-background-color has-text-color has-background has-link-color has-medium-font-size wp-elements-666cd98d260ec5353f4eb44770a6c905\"><strong>Responda \u00e0s quest\u00f5es a seguir.<\/strong><\/p>\n\n\n\n<p class=\"has-text-align-left has-black-color has-luminous-vivid-amber-background-color has-text-color has-background has-link-color has-medium-font-size wp-elements-d54e40040071853da11c71a8818d2178\"><strong>QUEST\u00c3O 1<\/strong><\/p>\n\n\n\n<p class=\"has-black-color has-text-color has-link-color has-medium-font-size wp-elements-8372c8ea7ca620a33a94a934b61acff6\">Leia o seguinte cartaz.<\/p>\n\n\n<div class=\"wp-block-image\">\n<figure class=\"aligncenter size-large is-resized\"><img decoding=\"async\" width=\"769\" height=\"1024\" src=\"https:\/\/sme.goiania.go.gov.br\/conexaoescola\/wp-content\/uploads\/2025\/09\/Feira-1-769x1024.png\" alt=\"\" class=\"wp-image-199861\" style=\"width:451px;height:auto\" srcset=\"https:\/\/sme.goiania.go.gov.br\/conexaoescola\/wp-content\/uploads\/2025\/09\/Feira-1-769x1024.png 769w, https:\/\/sme.goiania.go.gov.br\/conexaoescola\/wp-content\/uploads\/2025\/09\/Feira-1-225x300.png 225w, https:\/\/sme.goiania.go.gov.br\/conexaoescola\/wp-content\/uploads\/2025\/09\/Feira-1-768x1022.png 768w, https:\/\/sme.goiania.go.gov.br\/conexaoescola\/wp-content\/uploads\/2025\/09\/Feira-1.png 1040w\" sizes=\"(max-width: 769px) 100vw, 769px\" \/><figcaption class=\"wp-element-caption\">Elaborado pela equipe NEC \u2013 SME\/Goi\u00e2nia, para fins did\u00e1ticos.<\/figcaption><\/figure><\/div>\n\n\n<p class=\"has-black-color has-text-color has-link-color has-medium-font-size wp-elements-5d96c670e1f249c035017b63007f1dfb\">A respeito do cartaz, a alternativa que cont\u00e9m uma opini\u00e3o expressa no panfleto \u00e9<\/p>\n\n\n\n<p class=\"has-black-color has-text-color has-link-color has-medium-font-size wp-elements-5813a726cea11522f2efe8dbab410b92\">(A) \u201cA feira ocorrer\u00e1 no pr\u00f3ximo domingo, das 8h \u00e0s 14h\u201d.<br>(B) \u201cEstabelecimentos locais participar\u00e3o com barracas de hortali\u00e7as\u201d.<br>(C) \u201cA melhor feira da cidade, com produtos frescos e de qualidade\u201d.<br>(D) \u201cOrganizadores convidam a comunidade a conhecer os produtores\u201d. <\/p>\n\n\n\n<p class=\"has-black-color has-luminous-vivid-amber-background-color has-text-color has-background has-link-color has-medium-font-size wp-elements-de23b68534420d1c7762532bf290aedc\"><strong>QUEST\u00c3O 2 <\/strong><\/p>\n\n\n\n<p class=\"has-black-color has-text-color has-link-color has-medium-font-size wp-elements-f0aa8ca5064a3dcabcd738d805e444fb\">Leia o texto a seguir.<\/p>\n\n\n\n<p class=\"has-black-color has-text-color has-link-color has-medium-font-size wp-elements-8173e993104f76f3fa0f2c06924769bc\">No s\u00e1bado passado, a Biblioteca Municipal recebeu um doador que entregou cem livros infantis. O acervo agora conta com novas edi\u00e7\u00f5es de cl\u00e1ssicos e livros de Ci\u00eancias para crian\u00e7as. Segundo a bibliotec\u00e1ria, a doa\u00e7\u00e3o foi organizada por um grupo de volunt\u00e1rios locais. Muitos pais elogiaram a iniciativa nas redes sociais. Alguns leitores afirmaram que a renova\u00e7\u00e3o do acervo tornar\u00e1 a biblioteca mais atraente para as fam\u00edlias.<\/p>\n\n\n\n<p class=\"has-text-align-right\">&nbsp;&nbsp;&nbsp;&nbsp;&nbsp;&nbsp;&nbsp;&nbsp;&nbsp;&nbsp;&nbsp;&nbsp;&nbsp;&nbsp;&nbsp;&nbsp;&nbsp;&nbsp;&nbsp;&nbsp;&nbsp;&nbsp;&nbsp;&nbsp;&nbsp;&nbsp;&nbsp;&nbsp;&nbsp;&nbsp;&nbsp;&nbsp;&nbsp;&nbsp;&nbsp;&nbsp;&nbsp;&nbsp;&nbsp;&nbsp;&nbsp;&nbsp;&nbsp;&nbsp;&nbsp;&nbsp;&nbsp;&nbsp;&nbsp;&nbsp;&nbsp;&nbsp;&nbsp;&nbsp;&nbsp;&nbsp;&nbsp;&nbsp;&nbsp;&nbsp;&nbsp;Elaborado pela equipe NEC \u2013 SME\/Goi\u00e2nia, para fins did\u00e1ticos.<\/p>\n\n\n\n<p class=\"has-black-color has-text-color has-link-color has-medium-font-size wp-elements-5b38d8700a8439d7fc89a2e6ac3a687b\">Das alternativas apresentadas a seguir, uma afirma\u00e7\u00e3o do texto que \u00e9 claramente um fato \u00e9<\/p>\n\n\n\n<p class=\"has-black-color has-text-color has-link-color has-medium-font-size wp-elements-f4f21f8c8f366147e165432254c7aee9\">(A) \u201cA doa\u00e7\u00e3o tornar\u00e1 a biblioteca mais atraente para as fam\u00edlias\u201d.<br>(B) \u201cMuitos pais elogiaram a iniciativa nas redes sociais\u201d.<br>(C) \u201cA doa\u00e7\u00e3o foi organizada por um grupo de volunt\u00e1rios locais\u201d.<br>(D) \u201cOs novos livros s\u00e3o melhores que os anteriores\u201d. <\/p>\n\n\n\n<p class=\"has-black-color has-luminous-vivid-amber-background-color has-text-color has-background has-link-color has-medium-font-size wp-elements-2245f961fc32ccdfe200ebd2f56fae89\"><strong>QUEST\u00c3O 3 <\/strong><\/p>\n\n\n\n<p class=\"has-black-color has-text-color has-link-color has-medium-font-size wp-elements-f0aa8ca5064a3dcabcd738d805e444fb\">Leia o texto a seguir.<\/p>\n\n\n\n<p class=\"has-black-color has-text-color has-link-color has-medium-font-size wp-elements-5a102c1ef762121348305f455dbe5299\">A Escola Pontinho de Sabedoria promoveu, na \u00faltima sexta-feira, uma Feira de Ci\u00eancias com exposi\u00e7\u00f5es de trabalhos dos alunos do Ensino Fundamental. Havia estandes que mostravam experi\u00eancias de F\u00edsica, maquetes de ecossistemas e apresenta\u00e7\u00f5es sobre energia renov\u00e1vel.<br>Segundo a dire\u00e7\u00e3o, cerca de trezentas pessoas passaram pelo evento durante o dia. Alunos e professores comemoraram a participa\u00e7\u00e3o e o esfor\u00e7o coletivo. Para muitos estudantes, a feira foi uma experi\u00eancia transformadora. V\u00e1rias turmas planejam usar as ideias apresentadas para projetos futuros.<\/p>\n\n\n\n<p class=\"has-text-align-right\">&nbsp;&nbsp;&nbsp;&nbsp;&nbsp;&nbsp;&nbsp;&nbsp;&nbsp;&nbsp;&nbsp;&nbsp;&nbsp;&nbsp;&nbsp;&nbsp;&nbsp;&nbsp;&nbsp;&nbsp;&nbsp;&nbsp;&nbsp;&nbsp;&nbsp;&nbsp;&nbsp;&nbsp;&nbsp;&nbsp;&nbsp;&nbsp;&nbsp;&nbsp;&nbsp;&nbsp;&nbsp;&nbsp;&nbsp;&nbsp;&nbsp;&nbsp;&nbsp;&nbsp;&nbsp;&nbsp;&nbsp;&nbsp;&nbsp;&nbsp;&nbsp;&nbsp;&nbsp;&nbsp;&nbsp;&nbsp;Elaborado pela equipe NEC \u2013 SME\/Goi\u00e2nia, para fins did\u00e1ticos.<\/p>\n\n\n\n<p class=\"has-black-color has-text-color has-link-color has-medium-font-size wp-elements-3ada1168456e102d7692f2f17c7dd0e6\">Identifique no texto dois enunciados que s\u00e3o fatos e dois que s\u00e3o opini\u00f5es ou interpreta\u00e7\u00f5es. Justifique sua escolha explicando por que cada enunciado \u00e9 fato ou opini\u00e3o. <\/p>\n\n\n\n<p class=\"has-black-color has-luminous-vivid-amber-background-color has-text-color has-background has-link-color has-medium-font-size wp-elements-89fd2031cf728eb3fc4357a8c47b0e1a\"><strong>QUEST\u00c3O 4<\/strong><\/p>\n\n\n\n<p class=\"has-black-color has-text-color has-link-color has-medium-font-size wp-elements-f0aa8ca5064a3dcabcd738d805e444fb\">Leia o texto a seguir.<\/p>\n\n\n\n<p class=\"has-black-color has-text-color has-link-color has-medium-font-size wp-elements-ca397e880fd5b4822f4989e64dfb2ea7\">Um professor leu um trecho sobre h\u00e1bitos de leitura e declarou que \u201cler apenas resumos empobrece o pensamento cr\u00edtico dos alunos\u201d. Alguns estudantes concordaram e disseram que preferem leituras completas; outros citaram a falta de tempo como argumento para usar resumos. A discuss\u00e3o na sala mostrou que existem estrat\u00e9gias diferentes para aprender, dependendo dos objetivos de cada aluno.<\/p>\n\n\n\n<p class=\"has-text-align-right\">&nbsp;&nbsp;&nbsp;&nbsp;&nbsp;&nbsp;&nbsp;&nbsp;&nbsp;&nbsp;&nbsp;&nbsp;&nbsp;&nbsp;&nbsp;&nbsp;&nbsp;&nbsp;&nbsp;&nbsp;&nbsp;&nbsp;&nbsp;&nbsp;&nbsp;&nbsp;&nbsp;&nbsp;&nbsp;&nbsp;&nbsp;&nbsp;&nbsp;&nbsp;&nbsp;&nbsp;&nbsp;&nbsp;&nbsp;&nbsp;&nbsp;&nbsp;&nbsp;&nbsp;&nbsp;&nbsp;&nbsp;&nbsp;&nbsp;&nbsp;&nbsp;&nbsp;&nbsp;&nbsp;&nbsp;&nbsp;Elaborado pela equipe NEC \u2013 SME\/Goi\u00e2nia, para fins did\u00e1ticos.<\/p>\n\n\n\n<p class=\"has-black-color has-text-color has-link-color has-medium-font-size wp-elements-658caa73db00c97e6bb3dd406901bba4\">Analise o argumento do professor: transforme a opini\u00e3o em uma tese que poderia ser investigada empiricamente.<\/p>\n\n\n\n<hr class=\"wp-block-separator has-alpha-channel-opacity\"\/>\n\n\n\n<figure class=\"wp-block-table is-style-stripes\"><table><tbody><tr><td><strong>Autoria:<\/strong><\/td><td>Marlon Santos<\/td><\/tr><tr><td><strong>Forma\u00e7\u00e3o:<\/strong><\/td><td>Letras \u2013 Portugu\u00eas<\/td><\/tr><tr><td><strong>Componente curricular:<\/strong><\/td><td>L\u00edngua Portuguesa<\/td><\/tr><tr><td><strong>Conte\u00fado(s)\/Objeto(s) de conhecimento<\/strong><\/td><td>Procedimentos de leitura<\/td><\/tr><tr><td><strong>Habilidade estruturante:<\/strong><\/td><td>(EF89LP04) Identificar e avaliar teses\/opini\u00f5es\/posicionamentos expl\u00edcitos e impl\u00edcitos, argumentos e contra-argumentos em textos argumentativos do campo (coment\u00e1rio, artigo de opini\u00e3o etc.), posicionando-se frente a quest\u00e3o controversa de forma sustentada.<br>(EF89LP04-A) Identificar e diferenciar opini\u00e3o de fato.<\/td><\/tr><tr><td><strong>Descritor:<\/strong><\/td><td>D14 &#8211; Distinguir um fato da opini\u00e3o relativa a esse fato.<\/td><\/tr><tr><td><strong>Refer\u00eancias:<\/strong><\/td><td>Documento Curricular para Goi\u00e1s (DC-GO). Goi\u00e2nia\/GO: CONSED\/ UNDIME Goi\u00e1s, 2018. Dispon\u00edvel em: &lt;<a href=\"https:\/\/cee.go.gov.br\/\">https:\/\/cee.go.gov.br<\/a>&gt; Acesso em: 03, fev. 2025<br>CEREJA, Willian Roberto; CLETO, Ciley.&nbsp;<strong>Interpreta\u00e7\u00e3o de textos<\/strong>: desenvolvendo a compet\u00eancia leitora 9\u00ba ano. S\u00e3o Paulo: Atual, 2013.<\/td><\/tr><\/tbody><\/table><\/figure>\n","protected":false},"author":42,"featured_media":199862,"template":"","ef_categoria":[16,36],"ef_ano":[92],"ef_componente":[93],"class_list":["post-199860","ensino_fundamental","type-ensino_fundamental","status-publish","has-post-thumbnail","hentry","ef_categoria-ciclo-da-adolescencia-hi","ef_categoria-etica-e-cidadania-ciclo-da-adolescencia-hi","ef_ano-9o-ano","ef_componente-portugues","entry","has-media"],"acf":[],"_links":{"self":[{"href":"https:\/\/sme.goiania.go.gov.br\/conexaoescola\/wp-json\/wp\/v2\/ensino_fundamental\/199860","targetHints":{"allow":["GET"]}}],"collection":[{"href":"https:\/\/sme.goiania.go.gov.br\/conexaoescola\/wp-json\/wp\/v2\/ensino_fundamental"}],"about":[{"href":"https:\/\/sme.goiania.go.gov.br\/conexaoescola\/wp-json\/wp\/v2\/types\/ensino_fundamental"}],"author":[{"embeddable":true,"href":"https:\/\/sme.goiania.go.gov.br\/conexaoescola\/wp-json\/wp\/v2\/users\/42"}],"version-history":[{"count":1,"href":"https:\/\/sme.goiania.go.gov.br\/conexaoescola\/wp-json\/wp\/v2\/ensino_fundamental\/199860\/revisions"}],"predecessor-version":[{"id":199863,"href":"https:\/\/sme.goiania.go.gov.br\/conexaoescola\/wp-json\/wp\/v2\/ensino_fundamental\/199860\/revisions\/199863"}],"wp:featuredmedia":[{"embeddable":true,"href":"https:\/\/sme.goiania.go.gov.br\/conexaoescola\/wp-json\/wp\/v2\/media\/199862"}],"wp:attachment":[{"href":"https:\/\/sme.goiania.go.gov.br\/conexaoescola\/wp-json\/wp\/v2\/media?parent=199860"}],"wp:term":[{"taxonomy":"ef_categoria","embeddable":true,"href":"https:\/\/sme.goiania.go.gov.br\/conexaoescola\/wp-json\/wp\/v2\/ef_categoria?post=199860"},{"taxonomy":"ef_ano","embeddable":true,"href":"https:\/\/sme.goiania.go.gov.br\/conexaoescola\/wp-json\/wp\/v2\/ef_ano?post=199860"},{"taxonomy":"ef_componente","embeddable":true,"href":"https:\/\/sme.goiania.go.gov.br\/conexaoescola\/wp-json\/wp\/v2\/ef_componente?post=199860"}],"curies":[{"name":"wp","href":"https:\/\/api.w.org\/{rel}","templated":true}]}}