{"id":199777,"date":"2025-08-29T16:34:16","date_gmt":"2025-08-29T19:34:16","guid":{"rendered":"https:\/\/sme.goiania.go.gov.br\/conexaoescola\/?post_type=ensino_fundamental&#038;p=199777"},"modified":"2025-09-22T16:35:38","modified_gmt":"2025-09-22T19:35:38","slug":"lingua-portuguesa-o-uso-da-pontuacao-e-de-outras-notacoes-em-textos","status":"publish","type":"ensino_fundamental","link":"https:\/\/sme.goiania.go.gov.br\/conexaoescola\/ensino_fundamental\/lingua-portuguesa-o-uso-da-pontuacao-e-de-outras-notacoes-em-textos\/","title":{"rendered":"L\u00edngua Portuguesa &#8211; O uso da pontua\u00e7\u00e3o e de outras nota\u00e7\u00f5es em textos"},"content":{"rendered":"\n<p class=\"has-black-color has-pale-pink-background-color has-text-color has-background has-link-color has-medium-font-size wp-elements-d1a847d4bf768506dcbac0a55bbdd426\">Esta atividade de<strong>&nbsp;L\u00edngua Portuguesa<\/strong>&nbsp;tem como base o DC\/GO \u2013 Ampliado e est\u00e1 destinada a estudantes do<strong>&nbsp;9\u00ba ano<\/strong>&nbsp;do Ensino Fundamental.<\/p>\n\n\n\n<div class=\"wp-block-buttons is-content-justification-center is-layout-flex wp-container-core-buttons-is-layout-16018d1d wp-block-buttons-is-layout-flex\">\n<div class=\"wp-block-button\"><a class=\"wp-block-button__link wp-element-button\" href=\"https:\/\/drive.google.com\/uc?export=download&amp;id=1tKEElciOkKIEQn_OWAEIUKlCrALMHBeU\">BAIXE A ATVIDADE<\/a><\/div>\n\n\n\n<div class=\"wp-block-button\"><a class=\"wp-block-button__link wp-element-button\" href=\"https:\/\/drive.google.com\/uc?export=download&amp;id=161_PZtryC3MM61rY0JB0NP2wd2ZqPTia\">BAIXE OS SLIDES<\/a><\/div>\n\n\n\n<div class=\"wp-block-button\"><a class=\"wp-block-button__link wp-element-button\" href=\"https:\/\/drive.google.com\/uc?export=download&amp;id=1GaIzMLwDYSSIgvA7nbMWdpT2N50MXDr5\">BAIXE O TEXTO<\/a><\/div>\n<\/div>\n\n\n\n<p><\/p>\n\n\n<div class=\"wp-block-image\">\n<figure class=\"aligncenter size-full is-resized\"><img fetchpriority=\"high\" decoding=\"async\" width=\"1024\" height=\"1024\" src=\"https:\/\/sme.goiania.go.gov.br\/conexaoescola\/wp-content\/uploads\/2025\/09\/ChatGPT-Image-22-de-set.-de-2025-14_27_58.png\" alt=\"\" class=\"wp-image-199783\" style=\"width:484px;height:auto\" srcset=\"https:\/\/sme.goiania.go.gov.br\/conexaoescola\/wp-content\/uploads\/2025\/09\/ChatGPT-Image-22-de-set.-de-2025-14_27_58.png 1024w, https:\/\/sme.goiania.go.gov.br\/conexaoescola\/wp-content\/uploads\/2025\/09\/ChatGPT-Image-22-de-set.-de-2025-14_27_58-300x300.png 300w, https:\/\/sme.goiania.go.gov.br\/conexaoescola\/wp-content\/uploads\/2025\/09\/ChatGPT-Image-22-de-set.-de-2025-14_27_58-150x150.png 150w, https:\/\/sme.goiania.go.gov.br\/conexaoescola\/wp-content\/uploads\/2025\/09\/ChatGPT-Image-22-de-set.-de-2025-14_27_58-768x768.png 768w\" sizes=\"(max-width: 1024px) 100vw, 1024px\" \/><figcaption class=\"wp-element-caption\">Imagem criada por IA: ChatGPT<\/figcaption><\/figure><\/div>\n\n\n<p class=\"has-text-align-center has-black-color has-text-color has-link-color has-medium-font-size wp-elements-33c757d2bd70b7fff729013811c15d6f\"><strong>O uso da pontua\u00e7\u00e3o e de outras nota\u00e7\u00f5es em textos<\/strong><\/p>\n\n\n\n<p class=\"has-black-color has-text-color has-link-color has-medium-font-size wp-elements-c5a1ca72291c4e2e915569980bdfab48\">O uso da pontua\u00e7\u00e3o nos textos desempenha papel fundamental na constru\u00e7\u00e3o de sentido. Esses recursos orientam o leitor quanto \u00e0 entona\u00e7\u00e3o, indicam pausas, express\u00e3o de sentimentos, diferenciam vozes e at\u00e9 influenciam a interpreta\u00e7\u00e3o de uma frase.<\/p>\n\n\n\n<p class=\"has-black-color has-text-color has-link-color has-medium-font-size wp-elements-3902d4760e336f5dab283dcd7de346e9\"><strong>Principais sinais de pontua\u00e7\u00e3o e seus efeitos de sentido<\/strong><\/p>\n\n\n\n<p class=\"has-black-color has-text-color has-link-color has-medium-font-size wp-elements-41fc24697edd9c9caf4b89e31e1597e4\"><strong>Ponto final (.)<\/strong><\/p>\n\n\n\n<p class=\"has-black-color has-text-color has-link-color has-medium-font-size wp-elements-5ee10bc091fa2deb9024c437b05f8527\">Indica conclus\u00e3o, fechamento de uma ideia ou neutralidade. Exemplo:&nbsp;<\/p>\n\n\n\n<p class=\"has-text-align-center has-black-color has-text-color has-link-color has-medium-font-size wp-elements-3e69ebbee1d02df20be6599d9a7c7a4e\">Hoje est\u00e1 calor. <\/p>\n\n\n\n<p class=\"has-black-color has-text-color has-link-color has-medium-font-size wp-elements-7d735d9b83d6812d527a0013efb68e41\"><strong>V\u00edrgula (,)<\/strong><\/p>\n\n\n\n<p class=\"has-black-color has-text-color has-link-color has-medium-font-size wp-elements-60edc03938737b85114317ea111bad90\">Indica pequenas pausas, separa termos, destaca informa\u00e7\u00f5es.<br>Seu uso (ou falta dele) pode mudar o sentido. Exemplo:&nbsp;<\/p>\n\n\n\n<p class=\"has-text-align-center has-black-color has-text-color has-link-color has-medium-font-size wp-elements-ee5f3e15d851d0d698ac349abf570f33\">N\u00e3o, quero ir.&nbsp;<\/p>\n\n\n\n<p class=\"has-text-align-center has-black-color has-text-color has-link-color has-medium-font-size wp-elements-c19da6edc9cc90226147188a46701042\">N\u00e3o quero ir.<\/p>\n\n\n\n<p class=\"has-black-color has-text-color has-link-color has-medium-font-size wp-elements-4f33c9445a717a85dd5621f0d78751a2\"><strong>Dois-pontos (:)<\/strong><\/p>\n\n\n\n<p class=\"has-black-color has-text-color has-link-color has-medium-font-size wp-elements-5b9cf320945fee0d0d193f2dc75a5030\">Introduzem uma explica\u00e7\u00e3o, enumera\u00e7\u00e3o ou fala. Exemplo:&nbsp;<\/p>\n\n\n\n<p class=\"has-text-align-center has-black-color has-text-color has-link-color has-medium-font-size wp-elements-32a3a4de7ccae1538b004adb87832bf7\">Ele s\u00f3 queria uma coisa: paz.<\/p>\n\n\n\n<p class=\"has-black-color has-text-color has-link-color has-medium-font-size wp-elements-0146e3f598b0f3e28d285e6cd313678c\"><strong>Ponto de interroga\u00e7\u00e3o (?)<\/strong><\/p>\n\n\n\n<p class=\"has-black-color has-text-color has-link-color has-medium-font-size wp-elements-11762297933e9323bd88908a649d6b03\">Marca d\u00favida ou questionamento, exprimindo incerteza ou curiosidade. Exemplo:&nbsp;<\/p>\n\n\n\n<p class=\"has-text-align-center has-black-color has-text-color has-link-color has-medium-font-size wp-elements-161c634d4b995684f1e5b9beed722260\">Voc\u00ea j\u00e1 terminou o trabalho?<\/p>\n\n\n\n<p class=\"has-black-color has-text-color has-link-color has-medium-font-size wp-elements-4ed2210a49f0b44feea2e08942172e7c\"><strong>Ponto de exclama\u00e7\u00e3o (!)<\/strong><\/p>\n\n\n\n<p class=\"has-black-color has-text-color has-link-color has-medium-font-size wp-elements-9403aba067229dcf2b94cf133f26a59f\">Expressa emo\u00e7\u00e3o: surpresa, alegria, susto, raiva, indigna\u00e7\u00e3o. Diferente do ponto final, a exclama\u00e7\u00e3o pode intensificar a emo\u00e7\u00e3o ou at\u00e9 gerar ironia. Exemplo:&nbsp;<\/p>\n\n\n\n<p class=\"has-text-align-center has-black-color has-text-color has-link-color has-medium-font-size wp-elements-112b6020b92714f92ac68c5b4b8d8278\">Que bom te ver!<\/p>\n\n\n\n<p class=\"has-black-color has-text-color has-link-color has-medium-font-size wp-elements-91f6e5fd5b843da6823dfb835a88d4c9\"><strong>Retic\u00eancias (&#8230;)<\/strong><\/p>\n\n\n\n<p class=\"has-black-color has-text-color has-link-color has-medium-font-size wp-elements-28ccf6e5905a3648bba9a190c35a1da3\">Indicam interrup\u00e7\u00e3o, suspense, d\u00favida, hesita\u00e7\u00e3o ou incerteza. Exemplo:&nbsp;<\/p>\n\n\n\n<p class=\"has-text-align-center has-black-color has-text-color has-link-color has-medium-font-size wp-elements-a26728a5e7fbb286ab7da0107a202d05\">Eu at\u00e9 ia contar, mas\u2026<\/p>\n\n\n\n<p class=\"has-black-color has-text-color has-link-color has-medium-font-size wp-elements-0d1f0603e84b15dad2d4af1465fd979e\"><strong>Travess\u00e3o (\u2014)<\/strong><\/p>\n\n\n\n<p class=\"has-black-color has-text-color has-link-color has-medium-font-size wp-elements-513e432e514bfe70be31169458cafc88\">Marca di\u00e1logos, indica mudan\u00e7a de voz ou serve para destacar informa\u00e7\u00f5es. Exemplo:<\/p>\n\n\n\n<p class=\"has-text-align-center has-black-color has-text-color has-link-color has-medium-font-size wp-elements-00ca629e956993aedf71bc3ce68e7ffd\">\u2014 Voc\u00ea vem hoje?<br>\u2014 N\u00e3o sei\u2026<\/p>\n\n\n\n<p class=\"has-black-color has-text-color has-link-color has-medium-font-size wp-elements-fd9de4dcb6d3f81a72a0029563a453ee\"><strong>Par\u00eanteses ( )<\/strong><\/p>\n\n\n\n<p class=\"has-black-color has-text-color has-link-color has-medium-font-size wp-elements-7c707a426f405e390741b27d9f8d8d4b\">Acrescentam informa\u00e7\u00f5es secund\u00e1rias ou coment\u00e1rios do autor. Exemplo:&nbsp;<\/p>\n\n\n\n<p class=\"has-text-align-center has-black-color has-text-color has-link-color has-medium-font-size wp-elements-343f366dae3e757da44c8f346421f8ad\">Pedro (meu primo mais velho) passou no vestibular.<\/p>\n\n\n\n<p class=\"has-black-color has-text-color has-link-color has-medium-font-size wp-elements-f729a0a36690e2b87639ddcc590705d1\"><strong>Aspas (\u201c \u201d)<\/strong><\/p>\n\n\n\n<p class=\"has-black-color has-text-color has-link-color has-medium-font-size wp-elements-3791c3fb422738a9335462c6c143cfd0\">Destacam cita\u00e7\u00f5es, t\u00edtulos de obras, palavras com sentido ir\u00f4nico ou express\u00f5es de uso especial. Tamb\u00e9m \u00e9 utilizado na substitui\u00e7\u00e3o do travess\u00e3o, ao introduzir o discurso direto. Exemplo:&nbsp;<\/p>\n\n\n\n<p class=\"has-text-align-center has-black-color has-text-color has-link-color has-medium-font-size wp-elements-f2618284bb5c446dccb8da9e90554788\">Ele disse: \u201cEstou cansado.\u201d<br>A festa foi \u201c\u00f3tima\u201d.<br><\/p>\n\n\n\n<p class=\"has-black-color has-text-color has-link-color has-medium-font-size wp-elements-a328f6ab5245efd2c1e1d7f0e4f013aa\">Al\u00e9m da pontua\u00e7\u00e3o, existem marcas gr\u00e1ficas e tipogr\u00e1ficas que tamb\u00e9m produzem sentidos no texto. Por exemplo, o uso de CAIXA ALTA pode indicar destaque, grito em mensagens ou t\u00edtulos; <strong>negrito<\/strong>, <em>it\u00e1lico<\/em> e sublinhado marcam palavras importantes, enfatizam ideias ou diferenciam trechos; par\u00e1grafos e espa\u00e7amento tamb\u00e9m ajudam a organizar a leitura e guiar a interpreta\u00e7\u00e3o. <\/p>\n\n\n\n<p class=\"has-text-align-center has-black-color has-pale-pink-background-color has-text-color has-background has-link-color has-medium-font-size wp-elements-2a48ef580d43b63b59917c1d1a709d9c\"><strong>Assista \u00e0 videoaula do professor Marlon Santos com essa tem\u00e1tica.<\/strong> <\/p>\n\n\n\n<figure class=\"wp-block-embed aligncenter is-type-video is-provider-youtube wp-block-embed-youtube wp-embed-aspect-16-9 wp-has-aspect-ratio\"><div class=\"wp-block-embed__wrapper\">\n<p class=\"responsive-video-wrap clr\"><iframe title=\"9\u00ba Ano - D17 - L\u00edngua Portuguesa - Maratona do Conhecimento\" width=\"1200\" height=\"675\" src=\"https:\/\/www.youtube.com\/embed\/Lr4TWgnadt8?list=PLxRkqxlT0AC3EP3QVYirwA__g8EFJQhV6\" frameborder=\"0\" allow=\"accelerometer; autoplay; clipboard-write; encrypted-media; gyroscope; picture-in-picture; web-share\" referrerpolicy=\"strict-origin-when-cross-origin\" allowfullscreen><\/iframe><\/p>\n<\/div><figcaption class=\"wp-element-caption\">Canal Portal Conex\u00e3o Escola &#8211; 9\u00ba Ano &#8211; D17 &#8211; L\u00edngua Portuguesa &#8211; Maratona do Conhecimento &#8211; Dispon\u00edvel em: &lt;<a href=\"https:\/\/www.youtube.com\/watch?v=Lr4TWgnadt8&amp;list=PLxRkqxlT0AC3EP3QVYirwA__g8EFJQhV6&amp;index=17\">https:\/\/www.youtube.com\/watch?v=Lr4TWgnadt8&amp;list=PLxRkqxlT0AC3EP3QVYirwA__g8EFJQhV6&amp;index=17<\/a>&gt; Acesso em 29, ago. 2025<\/figcaption><\/figure>\n\n\n\n<p class=\"has-text-align-center has-black-color has-pale-pink-background-color has-text-color has-background has-link-color has-medium-font-size wp-elements-df9af051756a565a57d8ec525812cf10\"><strong>Responda \u00e0s quest\u00f5es a seguir.<\/strong><\/p>\n\n\n\n<p class=\"has-black-color has-text-color has-link-color has-medium-font-size wp-elements-42d932424c80f1f78ff18033f3a7bd85\">Leia o seguinte texto para responder \u00e0s quest\u00f5es.<\/p>\n\n\n\n<p class=\"has-black-color has-text-color has-link-color has-medium-font-size wp-elements-5b8455dc02a938e6dc4d81c1941500c1\">Meu nome \u00e9 Lucas \u2014 mas quase todos me chamam de \u201cLu\u201d. Tenho 14 anos e estudo no 9\u00ba ano (na mesma escola desde o 1\u00ba ano). Gosto muito de futebol, videogame e m\u00fasica; ali\u00e1s, n\u00e3o passo um dia sequer sem colocar os fones de ouvido.&nbsp;<\/p>\n\n\n\n<p class=\"has-black-color has-text-color has-link-color has-medium-font-size wp-elements-3f04f21b24475c876f7aea164a0268f0\">Minha fam\u00edlia \u00e9 pequena: moro com meus pais e minha irm\u00e3 mais nova, que, \u00e0s vezes, me irrita&#8230; mas n\u00e3o consigo ficar sem ela. Sempre gostei de escrever reda\u00e7\u00f5es, embora nem sempre tire as notas que espero. Ah, tamb\u00e9m adoro desenhar! No futuro, sonho em ser arquiteto: quero criar casas, pr\u00e9dios e at\u00e9 parques. Sei que \u00e9 um caminho longo, por\u00e9m estou disposto a me esfor\u00e7ar.&nbsp;<\/p>\n\n\n\n<p class=\"has-black-color has-text-color has-link-color has-medium-font-size wp-elements-57fec6d8b764ab8aab0dd18c0d26b611\">Concluo dizendo que cada dia na escola me ensina algo novo e \u2014 quem sabe \u2014 me aproxima do meu maior objetivo. <\/p>\n\n\n\n<p class=\"has-text-align-right has-black-color has-text-color has-link-color has-small-font-size wp-elements-f2fc5ffbf9975ba8fa52486a2dcc4423\">Elaborado pela equipe NEC &#8211; SME\/Goi\u00e2nia, para fins did\u00e1ticos.<\/p>\n\n\n\n<p class=\"has-black-color has-pale-pink-background-color has-text-color has-background has-link-color has-medium-font-size wp-elements-3f6e1b6b5a38c6b91e248eff0d78a779\"><strong>QUEST\u00c3O 1 <\/strong><\/p>\n\n\n\n<p class=\"has-black-color has-text-color has-link-color has-medium-font-size wp-elements-810763553586aa1caa8b2e9c555c4f48\">No trecho \u201cMeu nome \u00e9 Lucas \u2014 mas quase todos me chamam de \u2018Lu\u2019.\u201d, o uso do travess\u00e3o tem a fun\u00e7\u00e3o de<\/p>\n\n\n\n<p class=\"has-black-color has-text-color has-link-color has-medium-font-size wp-elements-3f525b0f9f42fef26b4c62b4d74ae265\">(A) indicar uma fala de personagem.<\/p>\n\n\n\n<p class=\"has-black-color has-text-color has-link-color has-medium-font-size wp-elements-fb1eaa201d6b1d570a19a5322ee6ede6\">(B) isolar uma informa\u00e7\u00e3o dentro da frase.<\/p>\n\n\n\n<p class=\"has-black-color has-text-color has-link-color has-medium-font-size wp-elements-a48c05994e052fae890a8d776758e574\">(C) substituir uma v\u00edrgula em enumera\u00e7\u00e3o.<\/p>\n\n\n\n<p class=\"has-black-color has-text-color has-link-color has-medium-font-size wp-elements-801595d9293cb32968a76b91b5d88047\">(D) marcar hesita\u00e7\u00e3o do narrador. <\/p>\n\n\n\n<p class=\"has-black-color has-pale-pink-background-color has-text-color has-background has-link-color has-medium-font-size wp-elements-67e4256f2705c14c2901695a4205467f\"><strong>QUEST\u00c3O 2 <\/strong><\/p>\n\n\n\n<p class=\"has-black-color has-text-color has-link-color has-medium-font-size wp-elements-974ba0b14dbf129f195f3334d91fd197\">No trecho \u201cTenho 14 anos e estudo no 9\u00ba ano (na mesma escola desde o 1\u00ba ano).\u201d, os par\u00eanteses servem para<\/p>\n\n\n\n<p class=\"has-black-color has-text-color has-link-color has-medium-font-size wp-elements-e32bde45be64f5f68c4c82ef49ddb811\">(A) indicar ironia em rela\u00e7\u00e3o \u00e0 escola.<\/p>\n\n\n\n<p class=\"has-black-color has-text-color has-link-color has-medium-font-size wp-elements-5d93ea032b4174a65ff7091c084a2110\">(B) marcar uma cita\u00e7\u00e3o de outro autor.<\/p>\n\n\n\n<p class=\"has-black-color has-text-color has-link-color has-medium-font-size wp-elements-070fe25fa3d39bc122113087cb797b36\">(C) acrescentar uma informa\u00e7\u00e3o explicativa.<\/p>\n\n\n\n<p class=\"has-black-color has-text-color has-link-color has-medium-font-size wp-elements-eecb3479a2f52e414c2f8f7cfc1e3bf4\">(D) substituir uma exclama\u00e7\u00e3o. <\/p>\n\n\n\n<p class=\"has-black-color has-pale-pink-background-color has-text-color has-background has-link-color has-medium-font-size wp-elements-08f3e49e49a8d000b10ef40abf2851b6\"><strong>QUEST\u00c3O 3 <\/strong><\/p>\n\n\n\n<p class=\"has-black-color has-text-color has-link-color has-medium-font-size wp-elements-7a09f50d43b38cf93e328987ecb82aab\">Em \u201cminha irm\u00e3 mais nova, que, \u00e0s vezes, me irrita&#8230; mas n\u00e3o consigo ficar sem ela\u201d, o que retic\u00eancias indicam? <\/p>\n\n\n\n<p class=\"has-black-color has-pale-pink-background-color has-text-color has-background has-link-color has-medium-font-size wp-elements-4d27d2122f5197b1c7fb2c72f6afc2a8\"><strong>QUEST\u00c3O 4 <\/strong><\/p>\n\n\n\n<p class=\"has-black-color has-text-color has-link-color has-medium-font-size wp-elements-28a60a0d2b0d8f5e25b6dbc286075ef8\">No trecho \u201cAh, tamb\u00e9m adoro desenhar!\u201d, o ponto de exclama\u00e7\u00e3o contribui para expressar<\/p>\n\n\n\n<p class=\"has-black-color has-text-color has-link-color has-medium-font-size wp-elements-26b55df3856600cbe3566c6d449fddda\">(A) indiferen\u00e7a do autor sobre desenhar.<\/p>\n\n\n\n<p class=\"has-black-color has-text-color has-link-color has-medium-font-size wp-elements-7cac38c79d08c99b7b232c28df6bdf79\">(B) alegria ou entusiasmo do narrador.<\/p>\n\n\n\n<p class=\"has-black-color has-text-color has-link-color has-medium-font-size wp-elements-ae2cb3545464ab6314acf4aba68b0d5b\">(C) neutralidade do relato de Lucas.<\/p>\n\n\n\n<p class=\"has-black-color has-text-color has-link-color has-medium-font-size wp-elements-181249597592bf198d4b26a30fd0cef7\">(D) d\u00favida em rela\u00e7\u00e3o ao gosto por desenhar. <\/p>\n\n\n\n<p class=\"has-black-color has-pale-pink-background-color has-text-color has-background has-link-color has-medium-font-size wp-elements-069a1fdeef5a9ff8b6d527294ddc4687\"><strong>QUEST\u00c3O 5 <\/strong><\/p>\n\n\n\n<p class=\"has-black-color has-text-color has-link-color has-medium-font-size wp-elements-cac6b6fc19efb044d8605595542fa657\">Em \u201cMinha fam\u00edlia \u00e9 pequena: moro com meus pais e minha irm\u00e3 mais nova\u201d, o uso dos dois-pontos tem a fun\u00e7\u00e3o de <\/p>\n\n\n\n<p class=\"has-black-color has-text-color has-link-color has-medium-font-size wp-elements-ca5482527939fd13b3bfec0e7cf270d3\">(A) introduzir uma enumera\u00e7\u00e3o explicativa.<\/p>\n\n\n\n<p class=\"has-black-color has-text-color has-link-color has-medium-font-size wp-elements-54675b1a6524eb8a6e6c96ad707c28b6\">(B) indicar surpresa do narrador.<\/p>\n\n\n\n<p class=\"has-black-color has-text-color has-link-color has-medium-font-size wp-elements-40592aad031accd82de6f0565e8ea132\">(C) substituir as aspas na frase.<\/p>\n\n\n\n<p class=\"has-black-color has-text-color has-link-color has-medium-font-size wp-elements-f0418cfe5e0a56cb5bb0456c5fb03426\">(D) finalizar a ora\u00e7\u00e3o de modo abrupto. <\/p>\n\n\n\n<p class=\"has-black-color has-pale-pink-background-color has-text-color has-background has-link-color has-medium-font-size wp-elements-20c1834c9313d64d298af188a249bfd7\"><strong>QUEST\u00c3O 6<\/strong><\/p>\n\n\n\n<p class=\"has-black-color has-text-color has-link-color has-medium-font-size wp-elements-365bb1de187294e122db1aa5fd09417a\">No trecho \u201cConcluo dizendo que cada dia na escola me ensina algo novo e \u2014 quem sabe \u2014 me aproxima do meu maior objetivo.\u201d, o que o uso do travess\u00e3o em \u201c\u2014 quem sabe \u2014\u201d indica?<\/p>\n\n\n\n<hr class=\"wp-block-separator has-alpha-channel-opacity\"\/>\n\n\n\n<figure class=\"wp-block-table is-style-stripes\"><table><tbody><tr><td><strong>Autoria:<\/strong><\/td><td>Marlon Santos<\/td><\/tr><tr><td><strong>Forma\u00e7\u00e3o:<\/strong><\/td><td>Letras \u2013 Portugu\u00eas<\/td><\/tr><tr><td><strong>Componente curricular:<\/strong><\/td><td>L\u00edngua Portuguesa<\/td><\/tr><tr><td><strong>Conte\u00fado(s)\/Objeto(s) de conhecimento<\/strong><\/td><td>Rela\u00e7\u00e3o entre textos<\/td><\/tr><tr><td><strong>Habilidade estruturante:<\/strong><\/td><td>(EF69LP05) Inferir e justificar, em textos multissemi\u00f3ticos \u2013 tirinhas, charges, memes, gifs etc. \u2013, o efeito de humor, ironia e\/ou cr\u00edtica pelo uso amb\u00edguo de palavras, express\u00f5es ou imagens amb\u00edguas, de clich\u00eas, de recursos iconogr\u00e1ficos, de pontua\u00e7\u00e3o etc.<\/td><\/tr><tr><td><strong>Descritor:<\/strong><\/td><td>D17 &#8211; Reconhecer o efeito de sentido decorrente do uso da pontua\u00e7\u00e3o e de outras nota\u00e7\u00f5es.<\/td><\/tr><tr><td><strong>Refer\u00eancias:<\/strong><\/td><td>Documento Curricular para Goi\u00e1s (DC-GO). Goi\u00e2nia\/GO: CONSED\/ UNDIME Goi\u00e1s, 2018. Dispon\u00edvel em: &lt;<a href=\"https:\/\/cee.go.gov.br\/\">https:\/\/cee.go.gov.br<\/a>&gt; Acesso em: 03, fev. 2025<br>CEREJA, Willian Roberto; CLETO, Ciley.&nbsp;<strong>Interpreta\u00e7\u00e3o de textos<\/strong>: desenvolvendo a compet\u00eancia leitora 9\u00ba ano. S\u00e3o Paulo: Atual, 2013.<\/td><\/tr><\/tbody><\/table><\/figure>\n","protected":false},"author":42,"featured_media":199783,"template":"","ef_categoria":[16,36],"ef_ano":[92],"ef_componente":[93],"class_list":["post-199777","ensino_fundamental","type-ensino_fundamental","status-publish","has-post-thumbnail","hentry","ef_categoria-ciclo-da-adolescencia-hi","ef_categoria-etica-e-cidadania-ciclo-da-adolescencia-hi","ef_ano-9o-ano","ef_componente-portugues","entry","has-media"],"acf":[],"_links":{"self":[{"href":"https:\/\/sme.goiania.go.gov.br\/conexaoescola\/wp-json\/wp\/v2\/ensino_fundamental\/199777","targetHints":{"allow":["GET"]}}],"collection":[{"href":"https:\/\/sme.goiania.go.gov.br\/conexaoescola\/wp-json\/wp\/v2\/ensino_fundamental"}],"about":[{"href":"https:\/\/sme.goiania.go.gov.br\/conexaoescola\/wp-json\/wp\/v2\/types\/ensino_fundamental"}],"author":[{"embeddable":true,"href":"https:\/\/sme.goiania.go.gov.br\/conexaoescola\/wp-json\/wp\/v2\/users\/42"}],"version-history":[{"count":2,"href":"https:\/\/sme.goiania.go.gov.br\/conexaoescola\/wp-json\/wp\/v2\/ensino_fundamental\/199777\/revisions"}],"predecessor-version":[{"id":199787,"href":"https:\/\/sme.goiania.go.gov.br\/conexaoescola\/wp-json\/wp\/v2\/ensino_fundamental\/199777\/revisions\/199787"}],"wp:featuredmedia":[{"embeddable":true,"href":"https:\/\/sme.goiania.go.gov.br\/conexaoescola\/wp-json\/wp\/v2\/media\/199783"}],"wp:attachment":[{"href":"https:\/\/sme.goiania.go.gov.br\/conexaoescola\/wp-json\/wp\/v2\/media?parent=199777"}],"wp:term":[{"taxonomy":"ef_categoria","embeddable":true,"href":"https:\/\/sme.goiania.go.gov.br\/conexaoescola\/wp-json\/wp\/v2\/ef_categoria?post=199777"},{"taxonomy":"ef_ano","embeddable":true,"href":"https:\/\/sme.goiania.go.gov.br\/conexaoescola\/wp-json\/wp\/v2\/ef_ano?post=199777"},{"taxonomy":"ef_componente","embeddable":true,"href":"https:\/\/sme.goiania.go.gov.br\/conexaoescola\/wp-json\/wp\/v2\/ef_componente?post=199777"}],"curies":[{"name":"wp","href":"https:\/\/api.w.org\/{rel}","templated":true}]}}