{"id":199395,"date":"2025-09-10T15:11:26","date_gmt":"2025-09-10T18:11:26","guid":{"rendered":"https:\/\/sme.goiania.go.gov.br\/conexaoescola\/?post_type=ensino_fundamental&#038;p=199395"},"modified":"2025-09-12T07:20:25","modified_gmt":"2025-09-12T10:20:25","slug":"matematica-dividir-e-repartir-e-medir","status":"publish","type":"ensino_fundamental","link":"https:\/\/sme.goiania.go.gov.br\/conexaoescola\/ensino_fundamental\/matematica-dividir-e-repartir-e-medir\/","title":{"rendered":"Matem\u00e1tica &#8211; Dividir \u00e9 repartir e medir"},"content":{"rendered":"\n<p class=\"has-text-align-center has-blush-bordeaux-gradient-background has-background has-medium-font-size\"><strong>Esta proposta de atividade de&nbsp;matem\u00e1tica&nbsp;\u00e9 destinada aos estudantes do&nbsp;3\u00ba ano&nbsp;do Ensino Fundamental.<\/strong><\/p>\n\n\n\n<div class=\"wp-block-buttons alignwide is-content-justification-center is-layout-flex wp-container-core-buttons-is-layout-16018d1d wp-block-buttons-is-layout-flex\">\n<div class=\"wp-block-button has-custom-width wp-block-button__width-25\"><a class=\"wp-block-button__link wp-element-button\" href=\"https:\/\/drive.google.com\/uc?export=download&amp;id=1XVpnsXxK9c8wKwhRqVsEy0JSybOq_diB\"><strong>BAIXE A ATIVIDADE<\/strong><\/a><\/div>\n\n\n\n<div class=\"wp-block-button has-custom-width wp-block-button__width-25\"><a class=\"wp-block-button__link wp-element-button\" href=\"https:\/\/drive.google.com\/uc?export=download&amp;id=1TQO396r889mgr7aSXiFsUsAUMx6K2t5L\"><strong>BAIXE OS SLIDES<\/strong><\/a><\/div>\n\n\n\n<div class=\"wp-block-button has-custom-width wp-block-button__width-25\"><a class=\"wp-block-button__link wp-element-button\" href=\"https:\/\/drive.google.com\/uc?export=download&amp;id=1HGUYCtalJlqJbkE8FOgiN_kk6aZPCm10\"><strong>BAIXE O TEXTO<\/strong><\/a><\/div>\n<\/div>\n\n\n\n<hr class=\"wp-block-separator has-alpha-channel-opacity\"\/>\n\n\n<div class=\"wp-block-image\">\n<figure class=\"aligncenter size-full\"><img fetchpriority=\"high\" decoding=\"async\" width=\"370\" height=\"227\" src=\"https:\/\/sme.goiania.go.gov.br\/conexaoescola\/wp-content\/uploads\/2025\/09\/image-55.png\" alt=\"\" class=\"wp-image-199399\" srcset=\"https:\/\/sme.goiania.go.gov.br\/conexaoescola\/wp-content\/uploads\/2025\/09\/image-55.png 370w, https:\/\/sme.goiania.go.gov.br\/conexaoescola\/wp-content\/uploads\/2025\/09\/image-55-300x184.png 300w\" sizes=\"(max-width: 370px) 100vw, 370px\" \/><figcaption class=\"wp-element-caption\">Imagem produzida em: www.canva.com<\/figcaption><\/figure><\/div>\n\n\n<p class=\"has-text-align-center has-medium-font-size\"><strong>Dividir \u00e9 repartir e medir<\/strong><\/p>\n\n\n\n<p class=\"has-medium-font-size\">Dividir \u00e9 uma a\u00e7\u00e3o que usamos todos os dias. Quando repartimos igualmente entre amigos, quando organizamos times de futebol ou quando vemos quantos grupos cabem dentro de uma quantidade, estamos fazendo divis\u00e3o.<\/p>\n\n\n\n<p class=\"has-medium-font-size\">A divis\u00e3o pode ser entendida de duas formas principais: reparti\u00e7\u00e3o equitativa e medida.<\/p>\n\n\n\n<p class=\"has-medium-font-size\">Na reparti\u00e7\u00e3o equitativa, pegamos uma quantidade e a distribu\u00edmos em partes iguais. Por exemplo: se temos 16 balas e queremos dividir entre 4 crian\u00e7as, cada crian\u00e7a vai receber 4. Todos ficam com a mesma quantidade. Por ser uma divis\u00e3o exata, n\u00e3o h\u00e1 resto.<\/p>\n\n\n<div class=\"wp-block-image\">\n<figure class=\"aligncenter size-full\"><img decoding=\"async\" width=\"288\" height=\"170\" src=\"https:\/\/sme.goiania.go.gov.br\/conexaoescola\/wp-content\/uploads\/2025\/09\/image-77.png\" alt=\"\" class=\"wp-image-199450\"\/><\/figure><\/div>\n\n\n<p class=\"has-medium-font-size\">Na medida, a ideia \u00e9 descobrir quantos grupos cabem dentro de um n\u00famero. Por exemplo: se temos 18 tampinhas e queremos fazer grupos de 5, conseguimos formar 3 grupos e ainda sobram 3 tampinhas. Nesse caso \u00e9 uma divis\u00e3o n\u00e3o exata porque h\u00e1 resto. <\/p>\n\n\n<div class=\"wp-block-image\">\n<figure class=\"aligncenter size-full\"><img decoding=\"async\" width=\"391\" height=\"276\" src=\"https:\/\/sme.goiania.go.gov.br\/conexaoescola\/wp-content\/uploads\/2025\/09\/image-78.png\" alt=\"\" class=\"wp-image-199453\" srcset=\"https:\/\/sme.goiania.go.gov.br\/conexaoescola\/wp-content\/uploads\/2025\/09\/image-78.png 391w, https:\/\/sme.goiania.go.gov.br\/conexaoescola\/wp-content\/uploads\/2025\/09\/image-78-300x212.png 300w\" sizes=\"(max-width: 391px) 100vw, 391px\" \/><\/figure><\/div>\n\n\n<p class=\"has-medium-font-size\">Na divis\u00e3o, precisamos conhecer alguns nomes importantes:<\/p>\n\n\n\n<p class=\"has-medium-font-size\">Dividendo: \u00e9 o n\u00famero que vai ser dividido.<\/p>\n\n\n\n<p class=\"has-medium-font-size\">Divisor: \u00e9 a quantidade em cada grupo.<\/p>\n\n\n\n<p class=\"has-medium-font-size\">Quociente: \u00e9 o n\u00famero de grupos formados.<\/p>\n\n\n\n<p class=\"has-medium-font-size\">Resto: \u00e9 o que sobra depois de dividir.<\/p>\n\n\n\n<p class=\"has-medium-font-size\">Para aprender divis\u00e3o, podemos usar recursos pessoais, como palitos, tampinhas, pedrinhas ou at\u00e9 l\u00e1pis de cor. Isso ajuda a enxergar a conta acontecendo de verdade.<\/p>\n\n\n\n<p class=\"has-medium-font-size\">Por exemplo:<\/p>\n\n\n\n<p class=\"has-medium-font-size\">12 \u00f7 3 = 4 \u2192 Dividendo: 12 | Divisor: 3 | Quociente: 4 | Resto: 0.<\/p>\n\n\n<div class=\"wp-block-image\">\n<figure class=\"aligncenter size-full\"><img loading=\"lazy\" decoding=\"async\" width=\"307\" height=\"181\" src=\"https:\/\/sme.goiania.go.gov.br\/conexaoescola\/wp-content\/uploads\/2025\/09\/image-61.png\" alt=\"\" class=\"wp-image-199405\" srcset=\"https:\/\/sme.goiania.go.gov.br\/conexaoescola\/wp-content\/uploads\/2025\/09\/image-61.png 307w, https:\/\/sme.goiania.go.gov.br\/conexaoescola\/wp-content\/uploads\/2025\/09\/image-61-300x177.png 300w\" sizes=\"(max-width: 307px) 100vw, 307px\" \/><\/figure><\/div>\n\n\n<p class=\"has-medium-font-size\">13 \u00f7 3 = 4, sobra 1 \u2192 Dividendo: 13 | Divisor: 3 | Quociente: 4 | Resto: 1.<\/p>\n\n\n<div class=\"wp-block-image\">\n<figure class=\"aligncenter size-full\"><img loading=\"lazy\" decoding=\"async\" width=\"318\" height=\"188\" src=\"https:\/\/sme.goiania.go.gov.br\/conexaoescola\/wp-content\/uploads\/2025\/09\/image-63.png\" alt=\"\" class=\"wp-image-199407\" srcset=\"https:\/\/sme.goiania.go.gov.br\/conexaoescola\/wp-content\/uploads\/2025\/09\/image-63.png 318w, https:\/\/sme.goiania.go.gov.br\/conexaoescola\/wp-content\/uploads\/2025\/09\/image-63-300x177.png 300w\" sizes=\"(max-width: 318px) 100vw, 318px\" \/><\/figure><\/div>\n\n\n<p class=\"has-medium-font-size\">A divis\u00e3o \u00e9 muito importante porque nos ajuda a resolver problemas da vida real, a organizar melhor as coisas e a pensar de forma l\u00f3gica. Quando entendemos divis\u00e3o, conseguimos usar o racioc\u00ednio multiplicativo e avan\u00e7ar em outras \u00e1reas da matem\u00e1tica.<\/p>\n\n\n\n<p class=\"has-text-align-center has-blush-bordeaux-gradient-background has-background has-medium-font-size\"><strong>ASSISTA A VIDEOAULA SOBRE ESSE CONTE\u00daDO:<\/strong><\/p>\n\n\n\n<figure class=\"wp-block-embed is-type-video is-provider-youtube wp-block-embed-youtube wp-embed-aspect-16-9 wp-has-aspect-ratio\"><div class=\"wp-block-embed__wrapper\">\n<p class=\"responsive-video-wrap clr\"><iframe title=\"Matem\u00e1tica - Divis\u00e3o \u00e9 repartir e medir - 3\u00ba ano - Anos Iniciais\" width=\"1200\" height=\"675\" src=\"https:\/\/www.youtube.com\/embed\/PqajjemnNCY?feature=oembed\" frameborder=\"0\" allow=\"accelerometer; autoplay; clipboard-write; encrypted-media; gyroscope; picture-in-picture; web-share\" referrerpolicy=\"strict-origin-when-cross-origin\" allowfullscreen><\/iframe><\/p>\n<\/div><figcaption class=\"wp-element-caption\">Matem\u00e1tica \u2013&nbsp;<strong>Divis\u00e3o \u00e9 repartir e medir<\/strong>&nbsp;\u2013 3\u00ba ano \u2013 Anos Iniciais \u2013 Canal Est\u00fadio Conex\u00e3o Escola e Portal Conex\u00e3o Escola \u2013 Secretaria Municipal de Educa\u00e7\u00e3o \u2013 Goi\u00e2nia \u2013 Dispon\u00edvel em: &lt;<a href=\"https:\/\/youtu.be\/PqajjemnNCY\">https:\/\/youtu.be\/PqajjemnNCY<\/a>&gt;. Acesso em: 11, set. 2025.<\/figcaption><\/figure>\n\n\n\n<p class=\"has-text-align-center has-blush-bordeaux-gradient-background has-background has-medium-font-size\"><strong>RESPONDA \u00c0S QUEST\u00d5ES:<\/strong><\/p>\n\n\n\n<p class=\"has-blush-bordeaux-gradient-background has-background has-medium-font-size\"><strong>QUEST\u00c3O 1<\/strong><\/p>\n\n\n\n<p class=\"has-medium-font-size\">Na divis\u00e3o, o dividendo \u00e9<\/p>\n\n\n\n<p class=\"has-medium-font-size\">(A) o n\u00famero que sobra no final.<\/p>\n\n\n\n<p class=\"has-medium-font-size\">(B) o n\u00famero que ser\u00e1 dividido.<\/p>\n\n\n\n<p class=\"has-medium-font-size\">(C) o n\u00famero de grupos formados.<\/p>\n\n\n\n<p class=\"has-medium-font-size\">(D) o n\u00famero que cabe em cada grupo.<\/p>\n\n\n\n<p class=\"has-blush-bordeaux-gradient-background has-background has-medium-font-size\"><strong>QUEST\u00c3O 2<\/strong><\/p>\n\n\n\n<p class=\"has-medium-font-size\">Quando fazemos uma divis\u00e3o, o quociente mostra<\/p>\n\n\n\n<p class=\"has-medium-font-size\">(A) o n\u00famero que sobra.<\/p>\n\n\n\n<p class=\"has-medium-font-size\">(B) o n\u00famero de grupos formados.<\/p>\n\n\n\n<p class=\"has-medium-font-size\">(C) o n\u00famero que ser\u00e1 dividido.<\/p>\n\n\n\n<p class=\"has-medium-font-size\">(D) a quantidade que vai em cada grupo.<\/p>\n\n\n\n<p class=\"has-blush-bordeaux-gradient-background has-background has-medium-font-size\"><strong>QUEST\u00c3O 3<\/strong><\/p>\n\n\n\n<p class=\"has-medium-font-size\">Desenhe 12 bolinhas e divida em 3 grupos iguais. Quantas bolinhas v\u00e3o em cada grupo?<\/p>\n\n\n\n<p class=\"has-blush-bordeaux-gradient-background has-background has-medium-font-size\"><strong>QUEST\u00c3O 4<\/strong><\/p>\n\n\n\n<p class=\"has-medium-font-size\">Desenhe 14 estrelinhas e divida em 4 grupos iguais. Quantas estrelinhas ficam em cada grupo? Sobra alguma?<\/p>\n\n\n\n<p class=\"has-blush-bordeaux-gradient-background has-background has-medium-font-size\"><strong>QUEST\u00c3O 5<\/strong><\/p>\n\n\n\n<p class=\"has-medium-font-size\">Maria tem 20 balas e quer dividir igualmente entre seus 5 amigos. Quantas balas cada amigo vai receber? Arme a conta e resolva.<\/p>\n\n\n\n<p class=\"has-blush-bordeaux-gradient-background has-background has-medium-font-size\"><strong>QUEST\u00c3O 6<\/strong><\/p>\n\n\n\n<p class=\"has-medium-font-size\">A professora Dani tem 17 livros para organizar em pilhas de 4. Quantas pilhas completas ele consegue fazer? Quantos livros v\u00e3o sobrar? Arme a conta e resolva.<\/p>\n\n\n\n<p class=\"has-blush-bordeaux-gradient-background has-background has-medium-font-size\"><strong>QUEST\u00c3O 7<\/strong><\/p>\n\n\n\n<p class=\"has-medium-font-size\">Elabore uma situa\u00e7\u00e3o-problema sobre divis\u00e3o e pe\u00e7a para seu colega responder.<\/p>\n\n\n\n<hr class=\"wp-block-separator has-alpha-channel-opacity\"\/>\n\n\n\n<figure class=\"wp-block-table is-style-stripes\"><table class=\"has-fixed-layout\"><tbody><tr><td><strong>Autoria:<\/strong><\/td><td>Prof.\u00aa Esp. Danielle Assis Borges<\/td><\/tr><tr><td><strong>Forma\u00e7\u00e3o:<\/strong><\/td><td>Graduanda em Nutri\u00e7\u00e3o. &nbsp; <br><br>Graduada em Jornalismo e Pedagogia. &nbsp; <br><br>P\u00f3s-graduada em: <br>&#8211; MBA em Gest\u00e3o das Tecnologias da Informa\u00e7\u00e3o e da Comunica\u00e7\u00e3o &#8211; Educa\u00e7\u00e3o;<br>&#8211; Doc\u00eancia Universit\u00e1ria;<br>&#8211; Psicopedagogia Institucional e Cl\u00ednica;<br>&#8211; Neuropedagogia Aplicada \u00e0 Educa\u00e7\u00e3o.<\/td><\/tr><tr><td><strong>Componente Curricular:<\/strong><\/td><td>Matem\u00e1tica<\/td><\/tr><tr><td><strong>Conte\u00fado(s)\/objeto(s) de conhecimento:<\/strong><\/td><td>Divis\u00e3o de n\u00fameros naturais, reparti\u00e7\u00e3o equitativa e medida.<\/td><\/tr><tr><td><strong>Descritor(es) SAEB:<\/strong><\/td><td>&#8212;<\/td><\/tr><tr><td><strong>Habilidade(s)\/objetivo(s) de aprendizagem e desenvolvimento:<\/strong><\/td><td><strong>DOCUMENTO CURRICULAR PARA GOI\u00c1S &#8211; AMPLIADO:<\/strong> &nbsp; <br>(EF03MA30-A) Explorar os conceitos de divis\u00e3o, reparti\u00e7\u00e3o equitativa e medida, utilizando agrupamentos at\u00e9 10 unidades, em que o n\u00famero de agrupamentos \u00e9 o quociente, a quantidade em cada agrupamento \u00e9 o divisor, e a quantidade n\u00e3o agrupada \u00e9 o resto, por meio de recursos pessoais.<\/td><\/tr><tr><td><strong>Refer\u00eancias:<\/strong><\/td><td>BRASIL. Instituto Nacional de Estudos e Pesquisas Educacionais An\u00edsio Teixeira \u2013 INEP. Sistema de Avalia\u00e7\u00e3o da Educa\u00e7\u00e3o B\u00e1sica \u2013 SAEB: resultados e metodologia. Bras\u00edlia: INEP, 2023. Dispon\u00edvel em: https:\/\/www.gov.br\/inep\/pt-br\/areas-de-atuacao\/avaliacao-e-exames-educacionais\/saeb. Acesso em: 09, set. 2025. &nbsp; <br><br>CANVA. Ferramenta de design gr\u00e1fico online. Dispon\u00edvel em: https:\/\/www.canva.com\/. Acesso em: 09, set. 2025. &nbsp; <br><br>DANTE, Luiz Roberto; VIANA, Fernando. \u00c1pis mais: matem\u00e1tica: 3\u00ba ano. S\u00e3o Paulo: \u00c1tica, 2021. &nbsp; <br><br>GOI\u00c2NIA (Munic\u00edpio). Secretaria Municipal de Educa\u00e7\u00e3o. Matriz de habilidades para o Ensino Fundamental \u2013 3\u00ba bimestre \u2013 3\u00ba ano. Goi\u00e2nia: Prefeitura de Goi\u00e2nia, [2024]. Documento interno. &nbsp; <br><br>GOI\u00c1S. Secretaria de Estado da Educa\u00e7\u00e3o. Documento Curricular para Goi\u00e1s: ampliado \u2013 Etapa Ensino Fundamental: anos finais. Goi\u00e2nia: Seduc, 2019. &nbsp; <br><br>SOUZA, Joamir Roberto de; SOUZA, Maria Ang\u00e9lica Reghin de. Entrela\u00e7os: matem\u00e1tica: 3\u00ba ano fundamental: anos iniciais. 1. ed. S\u00e3o Paulo: FTD, 2021. &nbsp;<\/td><\/tr><\/tbody><\/table><\/figure>\n","protected":false},"author":64,"featured_media":199412,"template":"","ef_categoria":[193,19],"ef_ano":[86],"ef_componente":[94],"class_list":["post-199395","ensino_fundamental","type-ensino_fundamental","status-publish","has-post-thumbnail","hentry","ef_categoria-anos-iniciais","ef_categoria-educacao-financeira-e-empreendedorismo","ef_ano-3o-ano","ef_componente-matematica","entry","has-media"],"acf":[],"_links":{"self":[{"href":"https:\/\/sme.goiania.go.gov.br\/conexaoescola\/wp-json\/wp\/v2\/ensino_fundamental\/199395","targetHints":{"allow":["GET"]}}],"collection":[{"href":"https:\/\/sme.goiania.go.gov.br\/conexaoescola\/wp-json\/wp\/v2\/ensino_fundamental"}],"about":[{"href":"https:\/\/sme.goiania.go.gov.br\/conexaoescola\/wp-json\/wp\/v2\/types\/ensino_fundamental"}],"author":[{"embeddable":true,"href":"https:\/\/sme.goiania.go.gov.br\/conexaoescola\/wp-json\/wp\/v2\/users\/64"}],"version-history":[{"count":5,"href":"https:\/\/sme.goiania.go.gov.br\/conexaoescola\/wp-json\/wp\/v2\/ensino_fundamental\/199395\/revisions"}],"predecessor-version":[{"id":199455,"href":"https:\/\/sme.goiania.go.gov.br\/conexaoescola\/wp-json\/wp\/v2\/ensino_fundamental\/199395\/revisions\/199455"}],"wp:featuredmedia":[{"embeddable":true,"href":"https:\/\/sme.goiania.go.gov.br\/conexaoescola\/wp-json\/wp\/v2\/media\/199412"}],"wp:attachment":[{"href":"https:\/\/sme.goiania.go.gov.br\/conexaoescola\/wp-json\/wp\/v2\/media?parent=199395"}],"wp:term":[{"taxonomy":"ef_categoria","embeddable":true,"href":"https:\/\/sme.goiania.go.gov.br\/conexaoescola\/wp-json\/wp\/v2\/ef_categoria?post=199395"},{"taxonomy":"ef_ano","embeddable":true,"href":"https:\/\/sme.goiania.go.gov.br\/conexaoescola\/wp-json\/wp\/v2\/ef_ano?post=199395"},{"taxonomy":"ef_componente","embeddable":true,"href":"https:\/\/sme.goiania.go.gov.br\/conexaoescola\/wp-json\/wp\/v2\/ef_componente?post=199395"}],"curies":[{"name":"wp","href":"https:\/\/api.w.org\/{rel}","templated":true}]}}