{"id":199385,"date":"2025-11-24T14:09:21","date_gmt":"2025-11-24T17:09:21","guid":{"rendered":"https:\/\/sme.goiania.go.gov.br\/conexaoescola\/?post_type=ensino_fundamental&#038;p=199385"},"modified":"2025-11-24T14:09:23","modified_gmt":"2025-11-24T17:09:23","slug":"lingua-portuguesa-construindo-historias","status":"publish","type":"ensino_fundamental","link":"https:\/\/sme.goiania.go.gov.br\/conexaoescola\/ensino_fundamental\/lingua-portuguesa-construindo-historias\/","title":{"rendered":"L\u00edngua Portuguesa: Construindo Hist\u00f3rias"},"content":{"rendered":"\n<p class=\"has-blush-light-purple-gradient-background has-background has-medium-font-size\">Esta proposta de atividade de<strong>&nbsp;L\u00edngua Portuguesa<\/strong>&nbsp;\u00e9 destinada aos estudantes do&nbsp;<strong>5\u00ba ano&nbsp;<\/strong>do Ensino Fundamental&nbsp;<strong>Anos Iniciais<\/strong>.<\/p>\n\n\n\n<p><\/p>\n\n\n\n<div class=\"wp-block-buttons is-content-justification-center is-layout-flex wp-container-core-buttons-is-layout-16018d1d wp-block-buttons-is-layout-flex\">\n<div class=\"wp-block-button\"><a class=\"wp-block-button__link has-medium-font-size has-custom-font-size wp-element-button\" href=\"https:\/\/drive.google.com\/uc?export=download&amp;id=14JnNfP9cUbf5-Y4FrUqb7a02dV-IJo7j\">BAIXE A ATIVIDADE<\/a><\/div>\n\n\n\n<div class=\"wp-block-button\"><a class=\"wp-block-button__link has-medium-font-size has-custom-font-size wp-element-button\" href=\"https:\/\/drive.google.com\/uc?export=download&amp;id=1lZMSbNaL6jimoUQ88cYsSDrXQgNuTG1T\">BAIXE OS SLIDES<\/a><\/div>\n\n\n\n<div class=\"wp-block-button\"><a class=\"wp-block-button__link has-medium-font-size has-custom-font-size wp-element-button\" href=\"https:\/\/drive.google.com\/uc?export=download&amp;id=1SRYJqPuPEFF63KRl4EBRhEu7WVsf-mL_\">BAIXE O TEXTO<\/a><\/div>\n<\/div>\n\n\n\n<p><\/p>\n\n\n<div class=\"wp-block-image\">\n<figure class=\"aligncenter size-full\"><img fetchpriority=\"high\" decoding=\"async\" width=\"325\" height=\"397\" src=\"https:\/\/sme.goiania.go.gov.br\/conexaoescola\/wp-content\/uploads\/2025\/09\/Captura-de-tela-2025-09-11-102136.png\" alt=\"\" class=\"wp-image-199427\" srcset=\"https:\/\/sme.goiania.go.gov.br\/conexaoescola\/wp-content\/uploads\/2025\/09\/Captura-de-tela-2025-09-11-102136.png 325w, https:\/\/sme.goiania.go.gov.br\/conexaoescola\/wp-content\/uploads\/2025\/09\/Captura-de-tela-2025-09-11-102136-246x300.png 246w\" sizes=\"(max-width: 325px) 100vw, 325px\" \/><\/figure><\/div>\n\n\n<p class=\"has-small-font-size\">Imagem criada no canva.com<\/p>\n\n\n\n<p class=\"has-text-align-center has-medium-font-size\">A Aventura de Lila e o Bal\u00e3o Vermelho<br><\/p>\n\n\n\n<div class=\"wp-block-columns is-layout-flex wp-container-core-columns-is-layout-9d6595d7 wp-block-columns-is-layout-flex\">\n<div class=\"wp-block-column is-layout-flow wp-block-column-is-layout-flow\">\n<figure class=\"wp-block-image size-full\"><img decoding=\"async\" width=\"248\" height=\"373\" src=\"https:\/\/sme.goiania.go.gov.br\/conexaoescola\/wp-content\/uploads\/2025\/09\/image-47.png\" alt=\"\" class=\"wp-image-199388\" srcset=\"https:\/\/sme.goiania.go.gov.br\/conexaoescola\/wp-content\/uploads\/2025\/09\/image-47.png 248w, https:\/\/sme.goiania.go.gov.br\/conexaoescola\/wp-content\/uploads\/2025\/09\/image-47-199x300.png 199w\" sizes=\"(max-width: 248px) 100vw, 248px\" \/><\/figure>\n<\/div>\n\n\n\n<div class=\"wp-block-column is-layout-flow wp-block-column-is-layout-flow\">\n<p><\/p>\n\n\n\n<p class=\"has-medium-font-size\">Lila acordou cedo e viu, pela janela, um bal\u00e3o vermelho preso na \u00e1rvore do quintal. Curiosa, ela correu at\u00e9 l\u00e1 e tentou alcan\u00e7ar o bal\u00e3o, mas n\u00e3o conseguiu.&nbsp;<br><\/p>\n<\/div>\n<\/div>\n\n\n\n<div class=\"wp-block-columns is-layout-flex wp-container-core-columns-is-layout-9d6595d7 wp-block-columns-is-layout-flex\">\n<div class=\"wp-block-column is-layout-flow wp-block-column-is-layout-flow\">\n<p><\/p>\n\n\n\n<p><\/p>\n\n\n\n<p class=\"has-medium-font-size\">Ent\u00e3o, chamou seu cachorro Pipoca para ajud\u00e1-la. Com muitas tentativas e pulos, Pipoca conseguiu soltar o bal\u00e3o, que voou alto pelo c\u00e9u. Lila ficou feliz, mas percebeu que n\u00e3o poderia segur\u00e1-lo para sempre.<\/p>\n<\/div>\n\n\n\n<div class=\"wp-block-column is-layout-flow wp-block-column-is-layout-flow\">\n<figure class=\"wp-block-image size-full\"><img decoding=\"async\" width=\"265\" height=\"382\" src=\"https:\/\/sme.goiania.go.gov.br\/conexaoescola\/wp-content\/uploads\/2025\/09\/image-48.png\" alt=\"\" class=\"wp-image-199389\" srcset=\"https:\/\/sme.goiania.go.gov.br\/conexaoescola\/wp-content\/uploads\/2025\/09\/image-48.png 265w, https:\/\/sme.goiania.go.gov.br\/conexaoescola\/wp-content\/uploads\/2025\/09\/image-48-208x300.png 208w\" sizes=\"(max-width: 265px) 100vw, 265px\" \/><\/figure>\n<\/div>\n<\/div>\n\n\n\n<div class=\"wp-block-columns is-layout-flex wp-container-core-columns-is-layout-9d6595d7 wp-block-columns-is-layout-flex\">\n<div class=\"wp-block-column is-layout-flow wp-block-column-is-layout-flow\">\n<figure class=\"wp-block-image size-full\"><img loading=\"lazy\" decoding=\"async\" width=\"447\" height=\"258\" src=\"https:\/\/sme.goiania.go.gov.br\/conexaoescola\/wp-content\/uploads\/2025\/09\/image-49.png\" alt=\"\" class=\"wp-image-199390\" srcset=\"https:\/\/sme.goiania.go.gov.br\/conexaoescola\/wp-content\/uploads\/2025\/09\/image-49.png 447w, https:\/\/sme.goiania.go.gov.br\/conexaoescola\/wp-content\/uploads\/2025\/09\/image-49-300x173.png 300w\" sizes=\"(max-width: 447px) 100vw, 447px\" \/><\/figure>\n<\/div>\n\n\n\n<div class=\"wp-block-column is-layout-flow wp-block-column-is-layout-flow\">\n<p><\/p>\n\n\n\n<p class=\"has-medium-font-size\">Sorriu e disse: \u2014 Tudo bem, bal\u00e3o! Boa viagem! No fim, ela voltou para casa abra\u00e7ada ao Pipoca, contente por ter vivido aquela pequena aventura.<\/p>\n\n\n\n<p class=\"has-medium-font-size\"><\/p>\n<\/div>\n<\/div>\n\n\n\n<p class=\"has-medium-font-size\">Voc\u00ea percebeu que a hist\u00f3ria da Lila teve in\u00edcio, meio e fim? Imagina que o texto \u00e9 como construir uma casinha de brinquedo:<\/p>\n\n\n\n<div class=\"wp-block-columns is-layout-flex wp-container-core-columns-is-layout-9d6595d7 wp-block-columns-is-layout-flex\">\n<div class=\"wp-block-column is-layout-flow wp-block-column-is-layout-flow\">\n<ul class=\"wp-block-list\">\n<li class=\"has-medium-font-size\">Se faltar a base, ela cai.<\/li>\n\n\n\n<li class=\"has-medium-font-size\">Se n\u00e3o tiver paredes, n\u00e3o d\u00e1 pra morar.<\/li>\n\n\n\n<li class=\"has-medium-font-size\">Se n\u00e3o tiver o telhado, a chuva molha tudo!<\/li>\n<\/ul>\n<\/div>\n\n\n\n<div class=\"wp-block-column is-layout-flow wp-block-column-is-layout-flow\">\n<figure class=\"wp-block-image size-full is-resized\"><img loading=\"lazy\" decoding=\"async\" width=\"287\" height=\"247\" src=\"https:\/\/sme.goiania.go.gov.br\/conexaoescola\/wp-content\/uploads\/2025\/09\/image-50.png\" alt=\"\" class=\"wp-image-199391\" style=\"width:246px;height:auto\"\/><\/figure>\n<\/div>\n<\/div>\n\n\n\n<p class=\"has-medium-font-size\">Assim tamb\u00e9m \u00e9 com uma hist\u00f3ria: precisamos de in\u00edcio, meio e fim.<\/p>\n\n\n\n<p class=\"has-medium-font-size\">&nbsp;<strong>In\u00edcio \u2013 a base da casa<\/strong><strong><br><\/strong> \u00c9 quando voc\u00ea apresenta os personagens e o lugar.<br>&nbsp; Dica: sempre pergunte para si mesmo:<\/p>\n\n\n\n<p class=\"has-medium-font-size\">Quem est\u00e1 na minha hist\u00f3ria?<br>Onde eles est\u00e3o?<br>Exemplo: \u201cLila acordou cedo e viu o bal\u00e3o preso na \u00e1rvore.\u201d<\/p>\n\n\n\n<p class=\"has-medium-font-size\"><br><strong>Meio \u2013 as paredes da casa<\/strong><strong><br><\/strong> Aqui \u00e9 o cora\u00e7\u00e3o da aventura! Mostramos o que acontece, os problemas, os desafios ou at\u00e9 as descobertas dos personagens.<br>&nbsp; Dica: pergunte-se:<\/p>\n\n\n\n<p class=\"has-medium-font-size\">O que os personagens v\u00e3o tentar fazer?<br>Eles conseguem de primeira ou precisam tentar mais vezes?<br>Exemplo: \u201cLila tentou pegar o bal\u00e3o, n\u00e3o conseguiu e pediu ajuda ao cachorro Pipoca.\u201d<br><strong>Fim \u2013 o telhado da casa&nbsp;<\/strong><\/p>\n\n\n\n<p class=\"has-medium-font-size\">&nbsp;\u00c9 o fechamento, o desfecho. Mostramos como&nbsp;<\/p>\n\n\n\n<p class=\"has-medium-font-size\">termina a hist\u00f3ria e o que os personagens sentiram depois.<br>&nbsp; Dica: pergunte-se:<\/p>\n\n\n\n<p class=\"has-medium-font-size\">Como essa hist\u00f3ria acaba?<br>Os personagens ficam felizes, tristes, surpresos ou aprendem algo?<br>Exemplo: \u201cO bal\u00e3o voou pelo c\u00e9u, e Lila ficou feliz mesmo assim, porque teve uma aventura com o Pipoca.\u201d<strong>&nbsp;<\/strong><\/p>\n\n\n\n<p class=\"has-medium-font-size\">Vamos ver mais exemplos de partes do texto:&nbsp;<\/p>\n\n\n\n<div class=\"wp-block-columns is-layout-flex wp-container-core-columns-is-layout-9d6595d7 wp-block-columns-is-layout-flex\">\n<div class=\"wp-block-column is-layout-flow wp-block-column-is-layout-flow\">\n<figure class=\"wp-block-image size-full\"><img loading=\"lazy\" decoding=\"async\" width=\"292\" height=\"292\" src=\"https:\/\/sme.goiania.go.gov.br\/conexaoescola\/wp-content\/uploads\/2025\/09\/image-51.png\" alt=\"\" class=\"wp-image-199392\" srcset=\"https:\/\/sme.goiania.go.gov.br\/conexaoescola\/wp-content\/uploads\/2025\/09\/image-51.png 292w, https:\/\/sme.goiania.go.gov.br\/conexaoescola\/wp-content\/uploads\/2025\/09\/image-51-150x150.png 150w\" sizes=\"(max-width: 292px) 100vw, 292px\" \/><\/figure>\n<\/div>\n\n\n\n<div class=\"wp-block-column is-layout-flow wp-block-column-is-layout-flow\">\n<p class=\"has-medium-font-size\">         <strong>Um sandu\u00edche das hist\u00f3rias<\/strong><\/p>\n\n\n\n<ul class=\"wp-block-list has-medium-font-size\">\n<li class=\"has-medium-font-size\">O p\u00e3o de baixo \u00e9 o in\u00edcio (apresenta quem est\u00e1 na hist\u00f3ria).<\/li>\n\n\n\n<li class=\"has-medium-font-size\">O recheio \u00e9 o meio (as aventuras, os&nbsp; &nbsp; &nbsp; &nbsp; &nbsp; problemas, as emo\u00e7\u00f5es).<\/li>\n\n\n\n<li class=\"has-medium-font-size\">O p\u00e3o de cima \u00e9 o fim (o fechamento) o p\u00e3o puro ou sem o recheio, ningu\u00e9m quer comer!<\/li>\n<\/ul>\n<\/div>\n<\/div>\n\n\n\n<div class=\"wp-block-columns is-layout-flex wp-container-core-columns-is-layout-9d6595d7 wp-block-columns-is-layout-flex\">\n<div class=\"wp-block-column is-layout-flow wp-block-column-is-layout-flow\">\n<p class=\"has-medium-font-size\"><strong>O filme da sua cabe\u00e7a<\/strong><\/p>\n\n\n\n<ul class=\"wp-block-list has-medium-font-size\">\n<li class=\"has-medium-font-size\">Imagine que sua hist\u00f3ria \u00e9 um filme curtinho.<\/li>\n\n\n\n<li class=\"has-medium-font-size\">O in\u00edcio \u00e9 o cartaz com os personagens e cen\u00e1rio.<\/li>\n\n\n\n<li class=\"has-medium-font-size\">O meio \u00e9 a parte emocionante do filme.<\/li>\n\n\n\n<li class=\"has-medium-font-size\">O fim \u00e9 quando aparece \u201cTHE END\u201d e voc\u00ea descobre como terminou.<\/li>\n<\/ul>\n<\/div>\n\n\n\n<div class=\"wp-block-column is-layout-flow wp-block-column-is-layout-flow\">\n<figure class=\"wp-block-image size-full\"><img loading=\"lazy\" decoding=\"async\" width=\"282\" height=\"300\" src=\"https:\/\/sme.goiania.go.gov.br\/conexaoescola\/wp-content\/uploads\/2025\/09\/image-52.png\" alt=\"\" class=\"wp-image-199393\"\/><\/figure>\n<\/div>\n<\/div>\n\n\n\n<ul class=\"wp-block-list\">\n<li class=\"has-medium-font-size\">O in\u00edcio \u00e9 a entrada da ponte.<\/li>\n\n\n\n<li class=\"has-medium-font-size\">O meio \u00e9 o caminho que voc\u00ea atravessa com surpresas.<\/li>\n\n\n\n<li class=\"has-medium-font-size\">O fim \u00e9 a sa\u00edda da ponte, onde voc\u00ea chega em seguran\u00e7a.<\/li>\n<\/ul>\n\n\n\n<div class=\"wp-block-columns is-layout-flex wp-container-core-columns-is-layout-9d6595d7 wp-block-columns-is-layout-flex\">\n<div class=\"wp-block-column is-layout-flow wp-block-column-is-layout-flow\">\n<p><\/p>\n<\/div>\n\n\n\n<div class=\"wp-block-column is-layout-flow wp-block-column-is-layout-flow\">\n<figure class=\"wp-block-image size-full\"><img loading=\"lazy\" decoding=\"async\" width=\"342\" height=\"283\" src=\"https:\/\/sme.goiania.go.gov.br\/conexaoescola\/wp-content\/uploads\/2025\/09\/image-53.png\" alt=\"\" class=\"wp-image-199394\" srcset=\"https:\/\/sme.goiania.go.gov.br\/conexaoescola\/wp-content\/uploads\/2025\/09\/image-53.png 342w, https:\/\/sme.goiania.go.gov.br\/conexaoescola\/wp-content\/uploads\/2025\/09\/image-53-300x248.png 300w\" sizes=\"(max-width: 342px) 100vw, 342px\" \/><\/figure>\n<\/div>\n<\/div>\n\n\n\n<p class=\"has-medium-font-size\">Toda ponte precisa dessas tr\u00eas partes para ligar um lugar ao outro!<\/p>\n\n\n\n<p class=\"has-medium-font-size\"><strong>In\u00edcio \u2013 a base da casa<\/strong><strong><br><\/strong> \u00c9 quando voc\u00ea apresenta os personagens e o lugar.<br>&nbsp; Dica: sempre pergunte para si mesmo:<\/p>\n\n\n\n<p class=\"has-medium-font-size\">Quem est\u00e1 na minha hist\u00f3ria?<br>Onde eles est\u00e3o?<br>Exemplo: \u201cLila acordou cedo e viu o bal\u00e3o preso na \u00e1rvore.\u201d<\/p>\n\n\n\n<p class=\"has-medium-font-size\"><br><strong>Meio \u2013 as paredes da casa<\/strong><strong><br><\/strong> Aqui \u00e9 o cora\u00e7\u00e3o da aventura! Mostramos o que acontece, os problemas, os desafios ou at\u00e9 as descobertas dos personagens.<br>&nbsp; Dica: pergunte-se:<\/p>\n\n\n\n<p class=\"has-medium-font-size\">O que os personagens v\u00e3o tentar fazer?<br>Eles conseguem de primeira ou precisam tentar mais vezes?<br>Exemplo: \u201cLila tentou pegar o bal\u00e3o, n\u00e3o conseguiu e pediu ajuda ao cachorro Pipoca.\u201d<br><strong>Fim \u2013 o telhado da casa&nbsp;<\/strong><\/p>\n\n\n\n<p class=\"has-medium-font-size\">&nbsp;\u00c9 o fechamento, o desfecho. Mostramos como&nbsp;<\/p>\n\n\n\n<p class=\"has-medium-font-size\">termina a hist\u00f3ria e o que os personagens sentiram depois.<br>&nbsp; Dica: pergunte-se:<\/p>\n\n\n\n<p class=\"has-medium-font-size\">Como essa hist\u00f3ria acaba?<br>Os personagens ficam felizes, tristes, surpresos ou aprendem algo?<br>Exemplo: \u201cO bal\u00e3o voou pelo c\u00e9u, e Lila ficou feliz mesmo assim, porque teve uma aventura com o Pipoca.\u201d<strong>&nbsp;<\/strong><\/p>\n\n\n\n<p class=\"has-medium-font-size\">Vamos ver mais exemplos de partes do texto:&nbsp;<\/p>\n\n\n\n<p class=\"has-text-align-center has-medium-font-size\"><strong>Um sandu\u00edche das hist\u00f3rias<\/strong><br><\/p>\n\n\n\n<div class=\"wp-block-columns is-layout-flex wp-container-core-columns-is-layout-9d6595d7 wp-block-columns-is-layout-flex\">\n<div class=\"wp-block-column is-layout-flow wp-block-column-is-layout-flow\">\n<figure class=\"wp-block-image size-full is-resized\"><img loading=\"lazy\" decoding=\"async\" width=\"500\" height=\"461\" src=\"https:\/\/sme.goiania.go.gov.br\/conexaoescola\/wp-content\/uploads\/2025\/09\/image-64.png\" alt=\"\" class=\"wp-image-199416\" style=\"width:303px;height:auto\" srcset=\"https:\/\/sme.goiania.go.gov.br\/conexaoescola\/wp-content\/uploads\/2025\/09\/image-64.png 500w, https:\/\/sme.goiania.go.gov.br\/conexaoescola\/wp-content\/uploads\/2025\/09\/image-64-300x277.png 300w\" sizes=\"(max-width: 500px) 100vw, 500px\" \/><\/figure>\n<\/div>\n\n\n\n<div class=\"wp-block-column is-layout-flow wp-block-column-is-layout-flow\">\n<ul class=\"wp-block-list\">\n<li class=\"has-medium-font-size\">O p\u00e3o de baixo \u00e9 o in\u00edcio (apresenta quem est\u00e1 na hist\u00f3ria).<\/li>\n\n\n\n<li class=\"has-medium-font-size\">O recheio \u00e9 o meio (as aventuras, os&nbsp; &nbsp; &nbsp; &nbsp; &nbsp; problemas, as emo\u00e7\u00f5es).<\/li>\n\n\n\n<li class=\"has-medium-font-size\">O p\u00e3o de cima \u00e9 o fim (o fechamento Sem o p\u00e3o ou sem o recheio, ningu\u00e9m quer comer!<\/li>\n<\/ul>\n<\/div>\n<\/div>\n\n\n\n<p class=\"has-text-align-center has-medium-font-size\"><strong>O filme da sua cabe\u00e7a<\/strong><\/p>\n\n\n\n<div class=\"wp-block-columns is-layout-flex wp-container-core-columns-is-layout-9d6595d7 wp-block-columns-is-layout-flex\">\n<div class=\"wp-block-column is-layout-flow wp-block-column-is-layout-flow\">\n<ul class=\"wp-block-list has-medium-font-size\">\n<li class=\"has-medium-font-size\">Imagine que sua hist\u00f3ria \u00e9 um filme curtinho.<\/li>\n\n\n\n<li class=\"has-medium-font-size\">O in\u00edcio \u00e9 o cartaz com os personagens e cen\u00e1rio.<\/li>\n\n\n\n<li class=\"has-medium-font-size\">O meio \u00e9 a parte emocionante do filme.<\/li>\n\n\n\n<li class=\"has-medium-font-size\">O fim \u00e9 quando aparece \u201cTHE END\u201d e voc\u00ea descobre como terminou.<\/li>\n<\/ul>\n<\/div>\n\n\n\n<div class=\"wp-block-column is-layout-flow wp-block-column-is-layout-flow\">\n<figure class=\"wp-block-image size-full is-resized\"><img loading=\"lazy\" decoding=\"async\" width=\"500\" height=\"500\" src=\"https:\/\/sme.goiania.go.gov.br\/conexaoescola\/wp-content\/uploads\/2025\/09\/image-65.png\" alt=\"\" class=\"wp-image-199417\" style=\"width:312px;height:auto\" srcset=\"https:\/\/sme.goiania.go.gov.br\/conexaoescola\/wp-content\/uploads\/2025\/09\/image-65.png 500w, https:\/\/sme.goiania.go.gov.br\/conexaoescola\/wp-content\/uploads\/2025\/09\/image-65-300x300.png 300w, https:\/\/sme.goiania.go.gov.br\/conexaoescola\/wp-content\/uploads\/2025\/09\/image-65-150x150.png 150w\" sizes=\"(max-width: 500px) 100vw, 500px\" \/><\/figure>\n<\/div>\n<\/div>\n\n\n\n<p class=\"has-text-align-center has-medium-font-size\"><strong>A ponte m\u00e1gica<\/strong><\/p>\n\n\n\n<div class=\"wp-block-columns is-layout-flex wp-container-core-columns-is-layout-9d6595d7 wp-block-columns-is-layout-flex\">\n<div class=\"wp-block-column is-layout-flow wp-block-column-is-layout-flow\">\n<figure class=\"wp-block-image size-full is-resized\"><img loading=\"lazy\" decoding=\"async\" width=\"500\" height=\"500\" src=\"https:\/\/sme.goiania.go.gov.br\/conexaoescola\/wp-content\/uploads\/2025\/09\/image-67.png\" alt=\"\" class=\"wp-image-199419\" style=\"width:267px;height:auto\" srcset=\"https:\/\/sme.goiania.go.gov.br\/conexaoescola\/wp-content\/uploads\/2025\/09\/image-67.png 500w, https:\/\/sme.goiania.go.gov.br\/conexaoescola\/wp-content\/uploads\/2025\/09\/image-67-300x300.png 300w, https:\/\/sme.goiania.go.gov.br\/conexaoescola\/wp-content\/uploads\/2025\/09\/image-67-150x150.png 150w\" sizes=\"(max-width: 500px) 100vw, 500px\" \/><\/figure>\n<\/div>\n\n\n\n<div class=\"wp-block-column is-layout-flow wp-block-column-is-layout-flow\">\n<ul class=\"wp-block-list\">\n<li class=\"has-medium-font-size\">O in\u00edcio \u00e9 a entrada da ponte.<\/li>\n\n\n\n<li class=\"has-medium-font-size\">O meio \u00e9 o caminho que voc\u00ea atravessa com surpresas.<\/li>\n\n\n\n<li class=\"has-medium-font-size\">O fim \u00e9 a sa\u00edda da ponte, onde voc\u00ea chega em seguran\u00e7a.<\/li>\n<\/ul>\n<\/div>\n<\/div>\n\n\n\n<p class=\"has-medium-font-size\">Toda hist\u00f3ria precisa de um caminho bem tra\u00e7ado: um <strong>in\u00edcio<\/strong> para apresentar, um <strong>meio<\/strong> para encantar e um <strong>fim<\/strong> para concluir. Quando seguimos essa estrutura, nossas palavras se organizam como pe\u00e7as de um quebra-cabe\u00e7a que, juntas, formam uma hist\u00f3ria completa e bonita de ler.<\/p>\n\n\n\n<p class=\"has-text-align-center has-blush-light-purple-gradient-background has-background has-medium-font-size\"><strong>Assista \u00e0 videoaula sobre&nbsp;este assunto<\/strong><\/p>\n\n\n\n<figure class=\"wp-block-embed is-type-video is-provider-youtube wp-block-embed-youtube wp-embed-aspect-16-9 wp-has-aspect-ratio\"><div class=\"wp-block-embed__wrapper\">\n<p class=\"responsive-video-wrap clr\"><iframe title=\"Construindo Hist\u00f3rias - 5\u00ba Ano - Ensino Fundamental\" width=\"1200\" height=\"675\" src=\"https:\/\/www.youtube.com\/embed\/iPOqvPyH3B8?feature=oembed\" frameborder=\"0\" allow=\"accelerometer; autoplay; clipboard-write; encrypted-media; gyroscope; picture-in-picture; web-share\" referrerpolicy=\"strict-origin-when-cross-origin\" allowfullscreen><\/iframe><\/p>\n<\/div><\/figure>\n\n\n\n<p class=\"has-text-align-center has-white-background-color has-background has-small-font-size\">Dispon\u00edvel em: <a href=\"https:\/\/youtu.be\/iPOqvPyH3B8\">https:\/\/youtu.be\/iPOqvPyH3B8<\/a><\/p>\n\n\n\n<p class=\"has-text-align-center has-blush-light-purple-gradient-background has-background has-medium-font-size\">Responda \u00e0s perguntas<\/p>\n\n\n\n<p class=\"has-text-align-center has-medium-font-size\">Leia o texto&nbsp; abaixo e responda as quest\u00f5es sobre o mesmo:<\/p>\n\n\n\n<p class=\"has-text-align-center has-medium-font-size\"><strong>&nbsp;<\/strong>A Aventura de Lila e o Bal\u00e3o Vermelho<\/p>\n\n\n\n<div class=\"wp-block-columns is-layout-flex wp-container-core-columns-is-layout-9d6595d7 wp-block-columns-is-layout-flex\">\n<div class=\"wp-block-column is-layout-flow wp-block-column-is-layout-flow\">\n<figure class=\"wp-block-image size-full is-resized\"><img loading=\"lazy\" decoding=\"async\" width=\"219\" height=\"329\" src=\"https:\/\/sme.goiania.go.gov.br\/conexaoescola\/wp-content\/uploads\/2025\/09\/image-71.png\" alt=\"\" class=\"wp-image-199423\" style=\"width:196px;height:auto\" srcset=\"https:\/\/sme.goiania.go.gov.br\/conexaoescola\/wp-content\/uploads\/2025\/09\/image-71.png 219w, https:\/\/sme.goiania.go.gov.br\/conexaoescola\/wp-content\/uploads\/2025\/09\/image-71-200x300.png 200w\" sizes=\"(max-width: 219px) 100vw, 219px\" \/><\/figure>\n<\/div>\n\n\n\n<div class=\"wp-block-column is-layout-flow wp-block-column-is-layout-flow\">\n<p><\/p>\n\n\n\n<p class=\"has-medium-font-size\">Lila acordou cedo e viu, pela janela, um bal\u00e3o vermelho preso na \u00e1rvore do quintal. Curiosa, ela correu at\u00e9 l\u00e1 e tentou alcan\u00e7ar o bal\u00e3o, mas n\u00e3o conseguiu.<br><\/p>\n<\/div>\n<\/div>\n\n\n\n<div class=\"wp-block-columns is-layout-flex wp-container-core-columns-is-layout-9d6595d7 wp-block-columns-is-layout-flex\">\n<div class=\"wp-block-column is-layout-flow wp-block-column-is-layout-flow\">\n<p><\/p>\n\n\n\n<p class=\"has-medium-font-size\">Ent\u00e3o, chamou seu cachorro Pipoca para ajud\u00e1-la. Com muitas tentativas e pulos, Pipoca conseguiu soltar o bal\u00e3o, que voou alto pelo c\u00e9u. Lila ficou feliz, mas percebeu que n\u00e3o poderia segur\u00e1-lo para sempre.<\/p>\n<\/div>\n\n\n\n<div class=\"wp-block-column is-layout-flow wp-block-column-is-layout-flow\">\n<figure class=\"wp-block-image size-full is-resized\"><img loading=\"lazy\" decoding=\"async\" width=\"310\" height=\"465\" src=\"https:\/\/sme.goiania.go.gov.br\/conexaoescola\/wp-content\/uploads\/2025\/09\/image-72.png\" alt=\"\" class=\"wp-image-199424\" style=\"width:204px;height:auto\" srcset=\"https:\/\/sme.goiania.go.gov.br\/conexaoescola\/wp-content\/uploads\/2025\/09\/image-72.png 310w, https:\/\/sme.goiania.go.gov.br\/conexaoescola\/wp-content\/uploads\/2025\/09\/image-72-200x300.png 200w\" sizes=\"(max-width: 310px) 100vw, 310px\" \/><\/figure>\n<\/div>\n<\/div>\n\n\n\n<div class=\"wp-block-columns is-layout-flex wp-container-core-columns-is-layout-9d6595d7 wp-block-columns-is-layout-flex\">\n<div class=\"wp-block-column is-layout-flow wp-block-column-is-layout-flow\">\n<figure class=\"wp-block-image size-full\"><img loading=\"lazy\" decoding=\"async\" width=\"406\" height=\"236\" src=\"https:\/\/sme.goiania.go.gov.br\/conexaoescola\/wp-content\/uploads\/2025\/09\/image-74.png\" alt=\"\" class=\"wp-image-199426\" srcset=\"https:\/\/sme.goiania.go.gov.br\/conexaoescola\/wp-content\/uploads\/2025\/09\/image-74.png 406w, https:\/\/sme.goiania.go.gov.br\/conexaoescola\/wp-content\/uploads\/2025\/09\/image-74-300x174.png 300w\" sizes=\"(max-width: 406px) 100vw, 406px\" \/><\/figure>\n<\/div>\n\n\n\n<div class=\"wp-block-column is-layout-flow wp-block-column-is-layout-flow\">\n<p><\/p>\n\n\n\n<p class=\"has-medium-font-size\">Sorriu e disse: \u2014 Tudo bem, bal\u00e3o! Boa viagem! No fim, ela voltou para casa abra\u00e7ada ao Pipoca, contente por ter vivido aquela pequena aventura.<br><\/p>\n<\/div>\n<\/div>\n\n\n\n<p class=\"has-blush-light-purple-gradient-background has-background has-medium-font-size\"><strong>QUEST\u00c3O 01<\/strong><\/p>\n\n\n\n<p class=\"has-medium-font-size\">No come\u00e7o da hist\u00f3ria, aconteceu que\u2026<\/p>\n\n\n\n<p class=\"has-medium-font-size\">(A) Lila saiu cedo para passear com o pipoca.<\/p>\n\n\n\n<p class=\"has-medium-font-size\">(B) Lila acordou e viu um bal\u00e3o preso na \u00e1rvore.&nbsp;<\/p>\n\n\n\n<p class=\"has-medium-font-size\">(C) o bal\u00e3o vermelho voou alto pelo c\u00e9u azul.<\/p>\n\n\n\n<p class=\"has-medium-font-size\">(D) Lila tentou sozinha soltar o bal\u00e3o da \u00e1rvore.<\/p>\n\n\n\n<p class=\"has-blush-light-purple-gradient-background has-background has-medium-font-size\"><strong>QUEST\u00c3O 02<\/strong><\/p>\n\n\n\n<p class=\"has-medium-font-size\">No meio da hist\u00f3ria, aconteceu que\u2026<\/p>\n\n\n\n<p class=\"has-medium-font-size\">(A) Lila tentou sozinha alcan\u00e7ar o bal\u00e3o da \u00e1rvore.<br>(B) pipoca ajudou Lila a soltar o bal\u00e3o que estava preso.&nbsp;<br>(C) o bal\u00e3o sumiu depressa e n\u00e3o voltou a aparecer.<br>(D) Lila esqueceu do bal\u00e3o e voltou logo para dormir.<\/p>\n\n\n\n<p class=\"has-blush-light-purple-gradient-background has-background has-medium-font-size\"><strong>QUEST\u00c3O 03<\/strong><\/p>\n\n\n\n<p class=\"has-medium-font-size\">No fim da hist\u00f3ria, aconteceu que\u2026<\/p>\n\n\n\n<p class=\"has-medium-font-size\">(A) Lila ficou chorando porque perdeu o bal\u00e3o no ar.<\/p>\n\n\n\n<p class=\"has-medium-font-size\">(B) o bal\u00e3o explodiu no c\u00e9u e desapareceu rapidamente.<\/p>\n\n\n\n<p class=\"has-medium-font-size\">(C) o bal\u00e3o voou no c\u00e9u e Lila ficou feliz com a aventura.&nbsp;<\/p>\n\n\n\n<p class=\"has-medium-font-size\">(D) Lila prendeu o bal\u00e3o em casa para n\u00e3o perd\u00ea-lo de novo.<\/p>\n\n\n\n<p class=\"has-blush-light-purple-gradient-background has-background has-medium-font-size\"><strong>QUEST\u00c3O 04<\/strong><\/p>\n\n\n\n<p class=\"has-medium-font-size\">Complete a frase com as palavras corretas:<\/p>\n\n\n\n<p class=\"has-medium-font-size\">No come\u00e7o da hist\u00f3ria, __________ acordou cedo e viu um __________ preso na __________ do quintal.<\/p>\n\n\n\n<p class=\"has-blush-light-purple-gradient-background has-background has-medium-font-size\"><strong>QUEST\u00c3O 05<\/strong><\/p>\n\n\n\n<p class=\"has-medium-font-size\">Assinale (V) para verdadeiro ou (F) para falso:<\/p>\n\n\n\n<p class=\"has-medium-font-size\">( ) Lila conseguiu pegar o bal\u00e3o sozinha na primeira tentativa.<br>( ) pipoca ajudou lila a soltar o bal\u00e3o da \u00e1rvore.<br>( ) o bal\u00e3o ficou preso e n\u00e3o conseguiu sair da \u00e1rvore<\/p>\n\n\n\n<p class=\"has-blush-light-purple-gradient-background has-background has-medium-font-size\"><strong>QUEST\u00c3O 06<\/strong><\/p>\n\n\n\n<p class=\"has-medium-font-size\">Escreva a sequ\u00eancia desses eventos da imagem!<\/p>\n\n\n<div class=\"wp-block-image\">\n<figure class=\"aligncenter size-full is-resized\"><img loading=\"lazy\" decoding=\"async\" width=\"375\" height=\"120\" src=\"https:\/\/sme.goiania.go.gov.br\/conexaoescola\/wp-content\/uploads\/2025\/09\/image-75.png\" alt=\"\" class=\"wp-image-199428\" style=\"width:747px;height:auto\" srcset=\"https:\/\/sme.goiania.go.gov.br\/conexaoescola\/wp-content\/uploads\/2025\/09\/image-75.png 375w, https:\/\/sme.goiania.go.gov.br\/conexaoescola\/wp-content\/uploads\/2025\/09\/image-75-300x96.png 300w\" sizes=\"(max-width: 375px) 100vw, 375px\" \/><\/figure><\/div>\n\n\n<p class=\"has-text-align-left has-medium-font-size\">Qual seria o come\u00e7o, e o meio e o fim?<\/p>\n\n\n<div class=\"wp-block-image\">\n<figure class=\"aligncenter size-full\"><img loading=\"lazy\" decoding=\"async\" width=\"543\" height=\"521\" src=\"https:\/\/sme.goiania.go.gov.br\/conexaoescola\/wp-content\/uploads\/2025\/09\/image-76.png\" alt=\"\" class=\"wp-image-199429\" srcset=\"https:\/\/sme.goiania.go.gov.br\/conexaoescola\/wp-content\/uploads\/2025\/09\/image-76.png 543w, https:\/\/sme.goiania.go.gov.br\/conexaoescola\/wp-content\/uploads\/2025\/09\/image-76-300x288.png 300w\" sizes=\"(max-width: 543px) 100vw, 543px\" \/><\/figure><\/div>\n\n\n<p class=\"has-text-align-center has-medium-font-size\"><\/p>\n\n\n\n<hr class=\"wp-block-separator has-alpha-channel-opacity\"\/>\n\n\n\n<figure class=\"wp-block-table\"><table class=\"has-fixed-layout\"><tbody><tr><td><strong>Autoria<\/strong><\/td><td>Professora Dra. Sueidy Lourencio<\/td><\/tr><tr><td><strong>Forma\u00e7\u00e3o<\/strong><\/td><td>Letras &#8211; Portugu\u00eas\/ Ingl\u00eas&nbsp;<br>Doutorado em Educa\u00e7\u00e3o<\/td><\/tr><tr><td><strong>Componente Curricular<\/strong><\/td><td>L\u00edngua Portuguesa<\/td><\/tr><tr><td><strong>Descritor<\/strong><\/td><td>D2 &#8211; Estabelecer rela\u00e7\u00f5es entre partes de um texto, identificando repeti\u00e7\u00f5es ou substitui\u00e7\u00f5es que contribuem para a continuidade de um texto.&nbsp;&nbsp;&nbsp;&nbsp;&nbsp;&nbsp;&nbsp;&nbsp;&nbsp;&nbsp;&nbsp;&nbsp;&nbsp;&nbsp;&nbsp;&nbsp;&nbsp;&nbsp;&nbsp;&nbsp;&nbsp;&nbsp;&nbsp;&nbsp;&nbsp;&nbsp;&nbsp;&nbsp;&nbsp;&nbsp;&nbsp;&nbsp;&nbsp;&nbsp;&nbsp;&nbsp;&nbsp;&nbsp;&nbsp;&nbsp;&nbsp;&nbsp;&nbsp;&nbsp;&nbsp;&nbsp;&nbsp;&nbsp;&nbsp;&nbsp;&nbsp;&nbsp;&nbsp;&nbsp;&nbsp;&nbsp;&nbsp;&nbsp;&nbsp;&nbsp;&nbsp;&nbsp;&nbsp;&nbsp;&nbsp;&nbsp;&nbsp;&nbsp;&nbsp;&nbsp;&nbsp;&nbsp;&nbsp;&nbsp;&nbsp;&nbsp;&nbsp;&nbsp;&nbsp;&nbsp;&nbsp;&nbsp;&nbsp;&nbsp;&nbsp;&nbsp;&nbsp;&nbsp;&nbsp;&nbsp;&nbsp;&nbsp;&nbsp;&nbsp;&nbsp;&nbsp;&nbsp;&nbsp;&nbsp;&nbsp;&nbsp;&nbsp;&nbsp;&nbsp;<br><\/td><\/tr><tr><td><strong>Conte\u00fado(s)\/Objeto(s) de conhecimento<\/strong><\/td><td>Escrita aut\u00f4noma e compartilhada:Produ\u00e7\u00e3o de textos do campo da vida cotidianaSequ\u00eancia l\u00f3gico temporal de in\u00edcio-meio-fim<\/td><\/tr><tr><td><strong>Habilidades<\/strong><\/td><td>(EF15LP05-C) Produzir pequenos textos com roteiros associados a imagens e atentar-se \u00e0 estrutura textual.<\/td><\/tr><tr><td><strong>Refer\u00eancias<\/strong><\/td><td>BORDINI, M. da G. Poesia e consci\u00eancia ling\u00fc\u00edstica na inf\u00e2ncia. In: SMOLKA, A. L. B. et all. Leitura e desenvolvimento da linguagem. Porto Alegre: Mercado Aberto, 1989.<br>COELHO, Nelly Novaes. A literatura infantil: hist\u00f3ria, teoria, an\u00e1lise: das origens orientais ao Brasil de hoje. 2. ed. S\u00e3o Paulo: Qu\u00edron\/Global, 1982.&nbsp;<br>CUNHA, Maria Antonieta Antunes. Literatura infantil teoria &amp; pr\u00e1tica. 11. ed. S\u00e3o Paulo, \u00c1tica, 1991.<br><br>CANVA, Plataforma online de design. Dispon\u00edvel em: <a href=\"http:\/\/www.canva.com\/\">www.canva.com<\/a>.&nbsp;&nbsp;<br>GOI\u00c1S. Documento Curricular para Goi\u00e1s \u2013 Ampliado. Volume II. Ensino Fundamental Anos Finais. CONSED; UNDIME, 2018.&nbsp;<\/td><\/tr><\/tbody><\/table><\/figure>\n\n\n\n<hr class=\"wp-block-separator has-alpha-channel-opacity\"\/>\n","protected":false},"author":37,"featured_media":199427,"template":"","ef_categoria":[14,25],"ef_ano":[88],"ef_componente":[93],"class_list":["post-199385","ensino_fundamental","type-ensino_fundamental","status-publish","has-post-thumbnail","hentry","ef_categoria-ciclo-da-infancia-de","ef_categoria-etica-e-cidadania-ciclo-da-infancia-de","ef_ano-5o-ano","ef_componente-portugues","entry","has-media"],"acf":[],"_links":{"self":[{"href":"https:\/\/sme.goiania.go.gov.br\/conexaoescola\/wp-json\/wp\/v2\/ensino_fundamental\/199385","targetHints":{"allow":["GET"]}}],"collection":[{"href":"https:\/\/sme.goiania.go.gov.br\/conexaoescola\/wp-json\/wp\/v2\/ensino_fundamental"}],"about":[{"href":"https:\/\/sme.goiania.go.gov.br\/conexaoescola\/wp-json\/wp\/v2\/types\/ensino_fundamental"}],"author":[{"embeddable":true,"href":"https:\/\/sme.goiania.go.gov.br\/conexaoescola\/wp-json\/wp\/v2\/users\/37"}],"version-history":[{"count":2,"href":"https:\/\/sme.goiania.go.gov.br\/conexaoescola\/wp-json\/wp\/v2\/ensino_fundamental\/199385\/revisions"}],"predecessor-version":[{"id":201547,"href":"https:\/\/sme.goiania.go.gov.br\/conexaoescola\/wp-json\/wp\/v2\/ensino_fundamental\/199385\/revisions\/201547"}],"wp:featuredmedia":[{"embeddable":true,"href":"https:\/\/sme.goiania.go.gov.br\/conexaoescola\/wp-json\/wp\/v2\/media\/199427"}],"wp:attachment":[{"href":"https:\/\/sme.goiania.go.gov.br\/conexaoescola\/wp-json\/wp\/v2\/media?parent=199385"}],"wp:term":[{"taxonomy":"ef_categoria","embeddable":true,"href":"https:\/\/sme.goiania.go.gov.br\/conexaoescola\/wp-json\/wp\/v2\/ef_categoria?post=199385"},{"taxonomy":"ef_ano","embeddable":true,"href":"https:\/\/sme.goiania.go.gov.br\/conexaoescola\/wp-json\/wp\/v2\/ef_ano?post=199385"},{"taxonomy":"ef_componente","embeddable":true,"href":"https:\/\/sme.goiania.go.gov.br\/conexaoescola\/wp-json\/wp\/v2\/ef_componente?post=199385"}],"curies":[{"name":"wp","href":"https:\/\/api.w.org\/{rel}","templated":true}]}}