{"id":198920,"date":"2025-08-08T20:18:24","date_gmt":"2025-08-08T23:18:24","guid":{"rendered":"https:\/\/sme.goiania.go.gov.br\/conexaoescola\/?post_type=ensino_fundamental&#038;p=198920"},"modified":"2025-08-26T20:21:34","modified_gmt":"2025-08-26T23:21:34","slug":"lingua-portuguesa-o-conflito-gerador-do-enredo","status":"publish","type":"ensino_fundamental","link":"https:\/\/sme.goiania.go.gov.br\/conexaoescola\/ensino_fundamental\/lingua-portuguesa-o-conflito-gerador-do-enredo\/","title":{"rendered":"L\u00edngua Portuguesa &#8211; O conflito gerador do enredo"},"content":{"rendered":"\n<p class=\"has-black-color has-text-color has-background has-link-color has-medium-font-size wp-elements-2fe4f703b830252b19ab12a5150bcedf\" style=\"background-color:#13d10085\">Esta atividade de<strong>\u00a0L\u00edngua Portuguesa<\/strong>\u00a0tem como base o DC\/GO \u2013 Ampliado e est\u00e1 destinada a estudantes do<strong>\u00a08\u00ba ano<\/strong>\u00a0do Ensino Fundamental.<\/p>\n\n\n\n<div class=\"wp-block-buttons is-content-justification-center is-layout-flex wp-container-core-buttons-is-layout-16018d1d wp-block-buttons-is-layout-flex\">\n<div class=\"wp-block-button\"><a class=\"wp-block-button__link wp-element-button\" href=\"https:\/\/drive.google.com\/uc?export=download&amp;id=14a2yoG8hFjiolxk6UBoxEmJAvtY8L-ri\">BAIXE A ATIVIDADE<\/a><\/div>\n\n\n\n<div class=\"wp-block-button\"><a class=\"wp-block-button__link wp-element-button\" href=\"https:\/\/drive.google.com\/uc?export=download&amp;id=1IomHdNyPTgxuR4FZ79HGhHqmOip74SmG\">BAIXE OS SLIDES<\/a><\/div>\n\n\n\n<div class=\"wp-block-button\"><a class=\"wp-block-button__link wp-element-button\" href=\"https:\/\/drive.google.com\/uc?export=download&amp;id=18_PfJ5MLY345Pqe0hOFv4TeeKf7uNSkY\">BAIXE O TEXTO<\/a><\/div>\n<\/div>\n\n\n<div class=\"wp-block-image\">\n<figure class=\"aligncenter size-full is-resized\"><img fetchpriority=\"high\" decoding=\"async\" width=\"1024\" height=\"1024\" src=\"https:\/\/sme.goiania.go.gov.br\/conexaoescola\/wp-content\/uploads\/2025\/08\/ChatGPT-Image-26-de-ago.-de-2025-20_09_38.png\" alt=\"\" class=\"wp-image-198922\" style=\"width:424px;height:auto\" srcset=\"https:\/\/sme.goiania.go.gov.br\/conexaoescola\/wp-content\/uploads\/2025\/08\/ChatGPT-Image-26-de-ago.-de-2025-20_09_38.png 1024w, https:\/\/sme.goiania.go.gov.br\/conexaoescola\/wp-content\/uploads\/2025\/08\/ChatGPT-Image-26-de-ago.-de-2025-20_09_38-300x300.png 300w, https:\/\/sme.goiania.go.gov.br\/conexaoescola\/wp-content\/uploads\/2025\/08\/ChatGPT-Image-26-de-ago.-de-2025-20_09_38-150x150.png 150w, https:\/\/sme.goiania.go.gov.br\/conexaoescola\/wp-content\/uploads\/2025\/08\/ChatGPT-Image-26-de-ago.-de-2025-20_09_38-768x768.png 768w\" sizes=\"(max-width: 1024px) 100vw, 1024px\" \/><figcaption class=\"wp-element-caption\">Imagem criada por IA: ChatGPT<\/figcaption><\/figure><\/div>\n\n\n<p class=\"has-text-align-center has-black-color has-text-color has-link-color has-medium-font-size wp-elements-cc17bcacc3d9de42f1b05bd4880cc855\"><strong>O conflito gerador do enredo<\/strong><\/p>\n\n\n\n<p class=\"has-black-color has-text-color has-link-color has-medium-font-size wp-elements-ed61a474c5bc671a539fdb89abe53054\">Quando lemos uma hist\u00f3ria, percebemos que ela n\u00e3o \u00e9 apenas uma sequ\u00eancia de acontecimentos soltos. Normalmente, existe uma situa\u00e7\u00e3o ou problema central que movimenta a narrativa, \u00e9 isso que chamamos de conflito gerador do enredo.<\/p>\n\n\n\n<p class=\"has-black-color has-text-color has-link-color has-medium-font-size wp-elements-13ed601a7ca65540e796e8389698af31\">O conflito \u00e9 a situa\u00e7\u00e3o de tens\u00e3o ou desafio que os personagens precisam enfrentar. Ele \u00e9 o motor da hist\u00f3ria: sem ele, n\u00e3o haveria motivo para as a\u00e7\u00f5es dos personagens ou para o interesse do leitor.<\/p>\n\n\n\n<p class=\"has-black-color has-text-color has-link-color has-medium-font-size wp-elements-f2db44fc1d149027421eaad7da3d3ff4\">Ele recebe esse nome porque gera todo o desenvolvimento do enredo. A partir dele, surgem as a\u00e7\u00f5es, os di\u00e1logos e as reviravoltas da hist\u00f3ria.<\/p>\n\n\n\n<p class=\"has-black-color has-text-color has-link-color has-medium-font-size wp-elements-ebbb72d1f2a3e9dbb8d6c9c6a480ce05\">Os conflitos podem acontecer de diferentes formas:<\/p>\n\n\n\n<p class=\"has-black-color has-text-color has-link-color has-medium-font-size wp-elements-98c38eb87308d6404c5a16e157b875b6\"><strong>Conflito interno:<\/strong> ocorre dentro do pr\u00f3prio personagem, que precisa lidar com emo\u00e7\u00f5es, d\u00favidas ou dilemas. Por exemplo, um jovem que precisa escolher entre seguir a profiss\u00e3o dos sonhos ou atender \u00e0s expectativas da fam\u00edlia.<\/p>\n\n\n\n<p class=\"has-black-color has-text-color has-link-color has-medium-font-size wp-elements-a31305106fc1776067e97428d4b4956e\"><strong>Conflito externo:<\/strong> acontece entre personagens ou entre o personagem e for\u00e7as externas, como a sociedade, a natureza ou o destino. Por exemplo, um her\u00f3i que enfrenta um vil\u00e3o para salvar uma cidade.<\/p>\n\n\n\n<p class=\"has-black-color has-text-color has-link-color has-medium-font-size wp-elements-16f3f338695c0ec2659533f278e3afc3\">Para encontrar o conflito gerador, cabe ao leitor:<\/p>\n\n\n\n<ul class=\"wp-block-list\">\n<li class=\"has-black-color has-text-color has-link-color has-medium-font-size wp-elements-fc625bbf0c0213c1f03f576136faa61c\">Ler atentamente o in\u00edcio da hist\u00f3ria, se atentando para o momento em que algo muda na rotina dos personagens.\u00a0<\/li>\n\n\n\n<li class=\"has-black-color has-text-color has-link-color has-medium-font-size wp-elements-258ad24456dce512484d62a487258adf\">Observe o problema principal, identificando se h\u00e1 e qual \u00e9 o desafio ou obst\u00e1culo que precisa ser superado.<\/li>\n\n\n\n<li class=\"has-black-color has-text-color has-link-color has-medium-font-size wp-elements-f7e99b018d442a4a00f9532dcd3710e6\">Identificar quem est\u00e1 envolvido, geralmente, o protagonista e um antagonista (que pode ser uma pessoa, uma situa\u00e7\u00e3o ou at\u00e9 um sentimento).<\/li>\n\n\n\n<li class=\"has-black-color has-text-color has-link-color has-medium-font-size wp-elements-55a9640f6aa98e648be7b5aa464a5cb9\">Perceber o impacto dos acontecimentos no enredo e se os acontecimentos seguintes est\u00e3o relacionados \u00e0 situa\u00e7\u00e3o inicial. Se sim, o leitor encontrou o conflito gerador.<\/li>\n<\/ul>\n\n\n\n<p class=\"has-black-color has-text-color has-link-color has-medium-font-size wp-elements-0ee0c1b61978ea91b469211c4783c60a\">Por exemplo, na cl\u00e1ssica hist\u00f3ria da Chapeuzinho Vermelho, o conflito gerador acontece quando o lobo decide enganar a menina para comer ela e sua av\u00f3. Esse problema move toda a narrativa at\u00e9 o desfecho.&nbsp;<\/p>\n\n\n\n<p class=\"has-black-color has-text-color has-link-color has-medium-font-size wp-elements-4bd1b25de9e97da96a7dba6a15b1eb65\">Al\u00e9m de identificar o conflito em uma hist\u00f3ria durante a leitura, compreender essa constru\u00e7\u00e3o narrativa \u00e9 importante para a produ\u00e7\u00e3o de textos liter\u00e1rios. Se uma hist\u00f3ria n\u00e3o tem um bom conflito estabelecido, pode ser dif\u00edcil prender a aten\u00e7\u00e3o do leitor. <\/p>\n\n\n\n<p class=\"has-text-align-center has-black-color has-text-color has-background has-link-color has-medium-font-size wp-elements-2f3e05db23593a5469e018d7060caa43\" style=\"background-color:#13d10085\"><strong>Assista \u00e0 videoaula do professor Marlon Santos com essa tem\u00e1tica.<\/strong> <\/p>\n\n\n\n<figure class=\"wp-block-embed aligncenter is-type-video is-provider-youtube wp-block-embed-youtube wp-embed-aspect-16-9 wp-has-aspect-ratio\"><div class=\"wp-block-embed__wrapper\">\n<p class=\"responsive-video-wrap clr\"><iframe title=\"L\u00edngua Portuguesa - O conflito gerador do enredo - 8\u00ba ano\" width=\"1200\" height=\"675\" src=\"https:\/\/www.youtube.com\/embed\/vs9s7h_kXPU?feature=oembed\" frameborder=\"0\" allow=\"accelerometer; autoplay; clipboard-write; encrypted-media; gyroscope; picture-in-picture; web-share\" referrerpolicy=\"strict-origin-when-cross-origin\" allowfullscreen><\/iframe><\/p>\n<\/div><figcaption class=\"wp-element-caption\">Canal Est\u00fadio Conex\u00e3o Escola \u2013 O conflito gerador do enredo \u2013 8\u00ba ano \u2013 Dispon\u00edvel em: &lt;<a href=\"https:\/\/youtu.be\/vs9s7h_kXPU\">https:\/\/youtu.be\/vs9s7h_kXPU<\/a>> Acesso em: 26, ago. 2025<\/figcaption><\/figure>\n\n\n\n<p class=\"has-text-align-center has-black-color has-text-color has-background has-link-color has-medium-font-size wp-elements-58c34a58fb3d353fa2ed292adb0bce7b\" style=\"background-color:#13d10085\"><strong>Responda \u00e0s quest\u00f5es a seguir.<\/strong><\/p>\n\n\n\n<p class=\"has-black-color has-text-color has-link-color has-medium-font-size wp-elements-8f6b0414ab6cb59da3e5e787334e92de\">Leia o seguinte fragmento do romance \u201cCinco Minutos\u201d, de Jos\u00e9 de Alencar, para responder \u00e0s quest\u00f5es.<\/p>\n\n\n\n<p class=\"has-text-align-center has-black-color has-text-color has-link-color has-medium-font-size wp-elements-31095c765f27ee71ab2ef1ebd3397029\">A D\u2026<\/p>\n\n\n\n<p class=\"has-text-align-center has-black-color has-text-color has-link-color has-medium-font-size wp-elements-aab914075734c613c2c852f43092304c\">I<\/p>\n\n\n\n<p class=\"has-black-color has-text-color has-link-color has-medium-font-size wp-elements-69dc778c7c3cb109a4dae3924384811c\">\u00c9 uma hist\u00f3ria curiosa a que lhe vou contar, minha prima. Mas \u00e9 uma hist\u00f3ria, e n\u00e3o um romance.<\/p>\n\n\n\n<p class=\"has-black-color has-text-color has-link-color has-medium-font-size wp-elements-60cfdd80ed66d2ed1ee10d47516de70c\">H\u00e1 mais de dois anos, seriam seis horas da tarde, dirigi-me ao Rocio para tomar o \u00f4nibus de Andara\u00ed.<\/p>\n\n\n\n<p class=\"has-black-color has-text-color has-link-color has-medium-font-size wp-elements-5a940d3a9d9e6c2c53fec04a25c15efe\">Sabe que sou o homem o menos pontual que h\u00e1 neste mundo; entre os meus imensos defeitos e as minhas poucas qualidades, n\u00e3o conto a pontualidade, essa virtude dos reis, e esse mau costume dos ingleses.<\/p>\n\n\n\n<p class=\"has-black-color has-text-color has-link-color has-medium-font-size wp-elements-b7849a3d224133fbe52e312a9d6e4926\">Entusiasta da liberdade, n\u00e3o posso admitir de modo algum que um homem se escravize ao seu rel\u00f3gio e regule as suas a\u00e7\u00f5es pelo movimento de uma pequena agulha de a\u00e7o ou pelas oscila\u00e7\u00f5es de uma p\u00eandula.<\/p>\n\n\n\n<p class=\"has-black-color has-text-color has-link-color has-medium-font-size wp-elements-7409148d707aa3e280c7561389e63dc5\">Tudo isto quer dizer que, chegando ao Rocio, n\u00e3o vi mais \u00f4nibus algum; o empregado a quem me dirigi respondeu :<\/p>\n\n\n\n<p class=\"has-black-color has-text-color has-link-color has-medium-font-size wp-elements-617f023dd291fa67aeabbae10b356270\">\u2014 Partiu h\u00e1 cinco minutos.<\/p>\n\n\n\n<p class=\"has-black-color has-text-color has-link-color has-medium-font-size wp-elements-c4a089f4fe95642090c466bd8687d192\">Resignei-me, e esperei pelo \u00f4nibus de sete horas.<\/p>\n\n\n\n<p class=\"has-black-color has-text-color has-link-color has-medium-font-size wp-elements-a4c739877956f978cd613709643d258b\">Anoiteceu.<\/p>\n\n\n\n<p class=\"has-black-color has-text-color has-link-color has-medium-font-size wp-elements-2b6b59b1d8cc8745fdb6382c9da1cf4b\">Fazia uma noite de inverno fresca e \u00famida; o c\u00e9u estava calmo, mas sem estrelas.<\/p>\n\n\n\n<p class=\"has-black-color has-text-color has-link-color has-medium-font-size wp-elements-b2b78a12d1638401ebf78b2c60c6c74c\">\u00c0 hora marcada chegou o \u00f4nibus, e apressei-me a ir tomar o meu lugar.<\/p>\n\n\n\n<p class=\"has-black-color has-text-color has-link-color has-medium-font-size wp-elements-9f27ef352bfd4da29d473941eb9a2954\">Procurei, como costumo, o fundo do carro, a fim de ficar livre das conversas mon\u00f3tonas dos recebedores, que de ordin\u00e1rio t\u00eam sempre uma anedota ins\u00edpida a contar, ou uma queixa a fazer sobre o mau estado dos caminhos.<\/p>\n\n\n\n<p class=\"has-black-color has-text-color has-link-color has-medium-font-size wp-elements-fa62373d2659e4d365cb25766d4a5996\">O canto j\u00e1 estava ocupado por um monte de sedas, que deixou escapar-se um ligeiro farfalhar, conchegando-se para dar-me lugar.<\/p>\n\n\n\n<p class=\"has-black-color has-text-color has-link-color has-medium-font-size wp-elements-6587c4f35617a05846ac1003dc1510ec\">Sentei-me; prefiro sempre o contato da seda \u00e0 vizinhan\u00e7a da casimira ou do pano.<\/p>\n\n\n\n<p class=\"has-black-color has-text-color has-link-color has-medium-font-size wp-elements-2c45c3ea497200f39751452664f48373\">O meu primeiro cuidado foi ver se conseguia descobrir o rosto e as formas que se escondiam nessas nuvens de seda e de rendas.<\/p>\n\n\n\n<p class=\"has-black-color has-text-color has-link-color has-medium-font-size wp-elements-5db3dff0a94dc4bf86250bc62f02fb1d\">Era imposs\u00edvel.<\/p>\n\n\n\n<p class=\"has-black-color has-text-color has-link-color has-medium-font-size wp-elements-09cc0d5506ee90c870fd0a100f85be6a\">Al\u00e9m da noite estar escura, um maldito v\u00e9u que ca\u00eda de um chapeuzinho de palha n\u00e3o me deixava a menor esperan\u00e7a.<\/p>\n\n\n\n<p class=\"has-black-color has-text-color has-link-color has-medium-font-size wp-elements-cbec227edaf85658c483e26a4a7c49a4\">Resignei-me, e assentei que o melhor era cuidar de outra coisa.<\/p>\n\n\n\n<p class=\"has-black-color has-text-color has-link-color has-medium-font-size wp-elements-855eeb70e6df7507064aa5fd14f587c1\">J\u00e1 o meu pensamento tinha-se lan\u00e7ado a galope pelo mundo da fantasia, quando de repente fui obrigado a voltar por uma circunst\u00e2ncia bem simples.<\/p>\n\n\n\n<p class=\"has-black-color has-text-color has-link-color has-medium-font-size wp-elements-391796a5e9e6883e2360aa074120a77a\">Senti no meu bra\u00e7o o contato suave de um outro bra\u00e7o, que me parecia macio e aveludado como uma folha de rosa.<\/p>\n\n\n\n<p class=\"has-black-color has-text-color has-link-color has-medium-font-size wp-elements-7425e83338a6f773648b224124355354\">Quis recuar, mas n\u00e3o tive \u00e2nimo; deixei-me ficar na mesma posi\u00e7\u00e3o, e cismei que estava sentado perto de uma mulher que me amava e que se apoiava sobre mim.<\/p>\n\n\n\n<p class=\"has-black-color has-text-color has-link-color has-medium-font-size wp-elements-d8d3c03f6ecfc70b450c7dc2c596e98d\">Pouco e pouco fui cedendo \u00e0quela atra\u00e7\u00e3o irresist\u00edvel e reclinando-me insensivelmente; a press\u00e3o tornou-se mais forte; senti o seu ombro tocar de leve o meu peito; e a minha m\u00e3o impaciente encontrou uma m\u00e3ozinha delicada e mimosa, que se deixou apertar a medo.<\/p>\n\n\n\n<p class=\"has-black-color has-text-color has-link-color has-medium-font-size wp-elements-e38c7344e1990ea9d41f7ce4f90caef5\">Assim, fascinado ao mesmo tempo pela minha ilus\u00e3o e por este contato voluptuoso, esqueci-me, a ponto que, sem saber o que fazia, inclinei a cabe\u00e7a e colei os meus l\u00e1bios ardentes nesse ombro, que estremecia de emo\u00e7\u00e3o.<\/p>\n\n\n\n<p class=\"has-black-color has-text-color has-link-color has-medium-font-size wp-elements-5cdd592ef4df3a911ae94e689af0657d\">Ela soltou um grito, que foi tomado naturalmente como susto causado pelos solavancos do \u00f4nibus, e refugiou-se no canto.<\/p>\n\n\n\n<p class=\"has-black-color has-text-color has-link-color has-medium-font-size wp-elements-bc1a465f54c0237871e00ac1ba18ada6\">Meio arrependido do que tinha feito, voltei-me como para olhar pela portinhola do carro, e, aproximando-me dela, disse-lhe quase ao ouvido:<\/p>\n\n\n\n<p class=\"has-black-color has-text-color has-link-color has-medium-font-size wp-elements-6f19841516c472eeb746b6e96122568b\">\u2014 Perd\u00e3o!<\/p>\n\n\n\n<p class=\"has-black-color has-text-color has-link-color has-medium-font-size wp-elements-feb7618a9af9c4419b2c315c230d36a4\">N\u00e3o respondeu; conchegou-se ainda mais ao canto.<\/p>\n\n\n\n<p class=\"has-black-color has-text-color has-link-color has-medium-font-size wp-elements-a411243cb5e2240e1fb8d4ffba9f6534\">Tomei uma resolu\u00e7\u00e3o her\u00f3ica.<\/p>\n\n\n\n<p class=\"has-black-color has-text-color has-link-color has-medium-font-size wp-elements-96066ce13d8400f57c185a40fcbebcac\">\u2014 Vou descer, n\u00e3o a incomodarei mais.<\/p>\n\n\n\n<p class=\"has-black-color has-text-color has-link-color has-medium-font-size wp-elements-5f23884da9c74c28271d9bf194840bbf\">Ditas estas palavras rapidamente, de modo que s\u00f3 ela ouvisse, inclinei-me para mandar parar.<\/p>\n\n\n\n<p class=\"has-black-color has-text-color has-link-color has-medium-font-size wp-elements-c19a98225c5bcbb6bfe67ce85ba1059f\">Mas senti outra vez a sua m\u00e3ozinha, que apertava docemente a minha, como para impedir-me de sair.<\/p>\n\n\n\n<p class=\"has-text-align-right has-black-color has-text-color has-link-color has-small-font-size wp-elements-1b0bf252810ce0bb12d8b596fa759a72\">ALENCAR. Jos\u00e9 de. <strong>Cinco Minutos; A viuvinha<\/strong>.\u00a0 30 ed. S\u00e3o Paulo: \u00c1tica, 2011, p. 13-14. <\/p>\n\n\n\n<p class=\"has-black-color has-text-color has-background has-link-color has-medium-font-size wp-elements-0157af25e741b47af9991403bf6e22f0\" style=\"background-color:#13d10085\"><strong>QUEST\u00c3O 1<\/strong><\/p>\n\n\n\n<p class=\"has-black-color has-text-color has-link-color has-medium-font-size wp-elements-cd88f301a00f705b0d439cffcccb740a\">Quando o narrador personagem escreve para sua interlocutora \u201cMas \u00e9 uma hist\u00f3ria, e n\u00e3o um romance\u201d, o que ele est\u00e1 sugerindo sobre a narrativa? <\/p>\n\n\n\n<p class=\"has-black-color has-text-color has-background has-link-color has-medium-font-size wp-elements-afab01eebfd9c43326e2a43d7c297460\" style=\"background-color:#13d10085\"><strong>QUEST\u00c3O 2 <\/strong><\/p>\n\n\n\n<p class=\"has-black-color has-text-color has-link-color has-medium-font-size wp-elements-08106eaafde8f13b114b2415da587d8e\">O narrador afirma n\u00e3o ter o h\u00e1bito da pontualidade. Explique como essa caracter\u00edstica influencia o desenrolar da hist\u00f3ria. <\/p>\n\n\n\n<p class=\"has-black-color has-text-color has-background has-link-color has-medium-font-size wp-elements-fb61ba1602f4c784480e9cf34031805a\" style=\"background-color:#13d10085\"><strong>QUEST\u00c3O 3 <\/strong><\/p>\n\n\n\n<p class=\"has-black-color has-text-color has-link-color has-medium-font-size wp-elements-c4a7db4acc3de48227dcb5ddd34fffb9\">O narrador prefere sentar-se no fundo do \u00f4nibus porque <\/p>\n\n\n\n<p class=\"has-black-color has-text-color has-link-color has-medium-font-size wp-elements-ad7dfe4c19175518c1a69a141d81f7a5\">(A) quer ficar perto da janela. <\/p>\n\n\n\n<p class=\"has-black-color has-text-color has-link-color has-medium-font-size wp-elements-d3dc856b6b77a68b078ec018eade455f\">(B) evita as conversas dos recebedores. <\/p>\n\n\n\n<p class=\"has-black-color has-text-color has-link-color has-medium-font-size wp-elements-99ce9f87f28c1187fc457371a59c20b8\">(C) gosta de dormir enquanto viaja. <\/p>\n\n\n\n<p class=\"has-black-color has-text-color has-link-color has-medium-font-size wp-elements-7234d62eb36323558fa91cc43d616303\">(D) quer observar a rua na noite enluarada.<\/p>\n\n\n\n<p class=\"has-black-color has-text-color has-background has-link-color has-medium-font-size wp-elements-5b2f4cefb43b354cea674a095db3a836\" style=\"background-color:#13d10085\"><strong>QUEST\u00c3O 4 <\/strong><\/p>\n\n\n\n<p class=\"has-black-color has-text-color has-link-color has-medium-font-size wp-elements-296bd8c20aec0fb920a9624ba17b399a\">No trecho &#8220;prefiro sempre o contato da seda \u00e0 vizinhan\u00e7a da casimira ou do pano&#8221;, \u00e9 poss\u00edvel inferir, alegoricamente, que o narrador <\/p>\n\n\n\n<p class=\"has-black-color has-text-color has-link-color has-medium-font-size wp-elements-1e0e6e4df684a052ce661dbf44cb6f32\">(A) \u00e9 uma pessoa que valoriza conforto e requinte, por isso evita \u00f4nibus. <\/p>\n\n\n\n<p class=\"has-black-color has-text-color has-link-color has-medium-font-size wp-elements-5dc71a85d9ccab59d987a77934adc588\">(B) \u00e9 uma pessoa que prefere usar roupas simples e r\u00fasticas. <\/p>\n\n\n\n<p class=\"has-black-color has-text-color has-link-color has-medium-font-size wp-elements-edb9636bebfb2b878613240541086479\">(C) \u00e9 algu\u00e9m indiferente \u00e0 qualidade dos tecidos que as pessoas usam. <\/p>\n\n\n\n<p class=\"has-black-color has-text-color has-link-color has-medium-font-size wp-elements-46260df2d7df34dc6d4cac98647496e7\">(D) prefere sentar-se ao lado das mulheres do que dos homens.<\/p>\n\n\n\n<p class=\"has-black-color has-text-color has-background has-link-color has-medium-font-size wp-elements-0060810c13e360e40dee4ed85b89bc7f\" style=\"background-color:#13d10085\"><strong>QUEST\u00c3O 5 <\/strong><\/p>\n\n\n\n<p class=\"has-black-color has-text-color has-link-color has-medium-font-size wp-elements-fb6eb25458b71eab453f729eb55407d1\">O conflito gerador at\u00e9 este ponto da narrativa \u00e9 <\/p>\n\n\n\n<p class=\"has-black-color has-text-color has-link-color has-medium-font-size wp-elements-91881da73be6afaf5ded2392baafae48\">(A) o atraso do narrador personagem para embarcar em um \u00f4nibus. <\/p>\n\n\n\n<p class=\"has-black-color has-text-color has-link-color has-medium-font-size wp-elements-756bf57da0e5ea52ffbb3a359dd0ef2e\">(B) a intera\u00e7\u00e3o amb\u00edgua e inesperada entre o narrador e a dama. <\/p>\n\n\n\n<p class=\"has-black-color has-text-color has-link-color has-medium-font-size wp-elements-a44a4bf380eba5b307392b22c08997ce\">(C) o mau estado das estradas percorridas pelo \u00f4nibus naquela noite. <\/p>\n\n\n\n<p class=\"has-black-color has-text-color has-link-color has-medium-font-size wp-elements-7058ae8ecb4fac8c228acc8c86cf05f5\">(D) o grito da passageira que foi abafado pelos solavancos do \u00f4nibus. <\/p>\n\n\n\n<p class=\"has-black-color has-text-color has-background has-link-color has-medium-font-size wp-elements-a356a9826e650e751ba2ffc82d5d61d8\" style=\"background-color:#13d10085\"><strong>QUEST\u00c3O 6 <\/strong><\/p>\n\n\n\n<p class=\"has-black-color has-text-color has-link-color has-medium-font-size wp-elements-5cfd792ffe9a3e6bfe69006c800d0d62\">O que podemos inferir sobre a rea\u00e7\u00e3o da mulher ao grito e, posteriormente, ao segurar a m\u00e3o do narrador para impedi-lo de sair? <\/p>\n\n\n\n<p class=\"has-black-color has-text-color has-background has-link-color has-medium-font-size wp-elements-19d443b46dbdf42716833771571dd70c\" style=\"background-color:#13d10085\"><strong>QUEST\u00c3O 7<\/strong><\/p>\n\n\n\n<p class=\"has-black-color has-text-color has-link-color has-medium-font-size wp-elements-a33de0119fa9b646615c75056b7bd3bb\">O ambiente noturno e frio no interior de um \u00f4nibus contribui para <\/p>\n\n\n\n<p class=\"has-black-color has-text-color has-link-color has-medium-font-size wp-elements-52a00c51157fca9e9529c4adfd439510\">(A) criar um clima de mist\u00e9rio e intimidade. <\/p>\n\n\n\n<p class=\"has-black-color has-text-color has-link-color has-medium-font-size wp-elements-aa3c2bd70252b9203112f4350d09fb5e\">(B) mostrar a beleza da paisagem da cidade. <\/p>\n\n\n\n<p class=\"has-black-color has-text-color has-link-color has-medium-font-size wp-elements-c379df782ea23b22d2cabb7ac48f3508\">(C) indicar perigo das estradas esburacadas. <\/p>\n\n\n\n<p class=\"has-black-color has-text-color has-link-color has-medium-font-size wp-elements-eadc2b303e91d79f782c39ee33244cb8\">(D) refor\u00e7ar o mau humor do narrador personagem.<\/p>\n\n\n\n<hr class=\"wp-block-separator has-alpha-channel-opacity\"\/>\n\n\n\n<figure class=\"wp-block-table is-style-stripes\"><table><tbody><tr><td><strong>Autoria:<\/strong><\/td><td>Marlon Santos<\/td><\/tr><tr><td><strong>Forma\u00e7\u00e3o:<\/strong><\/td><td>Letras \u2013 Portugu\u00eas<\/td><\/tr><tr><td><strong>Componente curricular:<\/strong><\/td><td>L\u00edngua Portuguesa<\/td><\/tr><tr><td><strong>Conte\u00fado(s)\/Objeto(s) de conhecimento<\/strong><\/td><td>Explora\u00e7\u00e3o da semiose<\/td><\/tr><tr><td><strong>Habilidades estruturantes:<\/strong><\/td><td>(EF69LP05) Inferir e justificar, em textos multissemi\u00f3ticos \u2013 tirinhas, charges, memes, gifs etc. \u2013, o efeito de humor, ironia e\/ou cr\u00edtica pelo uso amb\u00edguo de palavras, express\u00f5es ou imagens amb\u00edguas, de clich\u00eas, de recursos iconogr\u00e1ficos, de pontua\u00e7\u00e3o etc.<br>(EF67LP30-B) Observar os elementos da estrutura narrativa pr\u00f3prios ao g\u00eanero pretendido, tais como enredo, personagens, tempo, espa\u00e7o e narrador.<\/td><\/tr><tr><td><strong>Descritores:<\/strong><\/td><td>D1 &#8211; Localizar informa\u00e7\u00f5es expl\u00edcitas em um texto.<br>D4 &#8211; Inferir uma informa\u00e7\u00e3o impl\u00edcita em um texto.<br>D10 &#8211; Identificar o conflito gerador do enredo e os elementos que constroem a narrativa.<\/td><\/tr><tr><td><strong>Refer\u00eancias:<\/strong><\/td><td>Documento Curricular para Goi\u00e1s (DC-GO). Goi\u00e2nia\/GO: CONSED\/ UNDIME Goi\u00e1s, 2018. Dispon\u00edvel em: &lt;<a href=\"https:\/\/cee.go.gov.br\/\">https:\/\/cee.go.gov.br<\/a>> Acesso em: 03, fev. 2025<br>CEREJA, Willian Roberto; CLETO, Ciley. <strong>Interpreta\u00e7\u00e3o de textos<\/strong>: desenvolvendo a compet\u00eancia leitora 8\u00ba ano. S\u00e3o Paulo: Atual, 2013.<\/td><\/tr><\/tbody><\/table><\/figure>\n","protected":false},"author":42,"featured_media":198922,"template":"","ef_categoria":[16,36],"ef_ano":[91],"ef_componente":[93],"class_list":["post-198920","ensino_fundamental","type-ensino_fundamental","status-publish","has-post-thumbnail","hentry","ef_categoria-ciclo-da-adolescencia-hi","ef_categoria-etica-e-cidadania-ciclo-da-adolescencia-hi","ef_ano-8o-ano","ef_componente-portugues","entry","has-media"],"acf":[],"_links":{"self":[{"href":"https:\/\/sme.goiania.go.gov.br\/conexaoescola\/wp-json\/wp\/v2\/ensino_fundamental\/198920","targetHints":{"allow":["GET"]}}],"collection":[{"href":"https:\/\/sme.goiania.go.gov.br\/conexaoescola\/wp-json\/wp\/v2\/ensino_fundamental"}],"about":[{"href":"https:\/\/sme.goiania.go.gov.br\/conexaoescola\/wp-json\/wp\/v2\/types\/ensino_fundamental"}],"author":[{"embeddable":true,"href":"https:\/\/sme.goiania.go.gov.br\/conexaoescola\/wp-json\/wp\/v2\/users\/42"}],"version-history":[{"count":2,"href":"https:\/\/sme.goiania.go.gov.br\/conexaoescola\/wp-json\/wp\/v2\/ensino_fundamental\/198920\/revisions"}],"predecessor-version":[{"id":198925,"href":"https:\/\/sme.goiania.go.gov.br\/conexaoescola\/wp-json\/wp\/v2\/ensino_fundamental\/198920\/revisions\/198925"}],"wp:featuredmedia":[{"embeddable":true,"href":"https:\/\/sme.goiania.go.gov.br\/conexaoescola\/wp-json\/wp\/v2\/media\/198922"}],"wp:attachment":[{"href":"https:\/\/sme.goiania.go.gov.br\/conexaoescola\/wp-json\/wp\/v2\/media?parent=198920"}],"wp:term":[{"taxonomy":"ef_categoria","embeddable":true,"href":"https:\/\/sme.goiania.go.gov.br\/conexaoescola\/wp-json\/wp\/v2\/ef_categoria?post=198920"},{"taxonomy":"ef_ano","embeddable":true,"href":"https:\/\/sme.goiania.go.gov.br\/conexaoescola\/wp-json\/wp\/v2\/ef_ano?post=198920"},{"taxonomy":"ef_componente","embeddable":true,"href":"https:\/\/sme.goiania.go.gov.br\/conexaoescola\/wp-json\/wp\/v2\/ef_componente?post=198920"}],"curies":[{"name":"wp","href":"https:\/\/api.w.org\/{rel}","templated":true}]}}