{"id":198014,"date":"2025-07-31T16:09:59","date_gmt":"2025-07-31T19:09:59","guid":{"rendered":"https:\/\/sme.goiania.go.gov.br\/conexaoescola\/?post_type=ensino_fundamental&#038;p=198014"},"modified":"2025-08-15T21:23:52","modified_gmt":"2025-08-16T00:23:52","slug":"matematica-adicao-e-subtracao-de-fracoes","status":"publish","type":"ensino_fundamental","link":"https:\/\/sme.goiania.go.gov.br\/conexaoescola\/ensino_fundamental\/matematica-adicao-e-subtracao-de-fracoes\/","title":{"rendered":"MATEM\u00c1TICA: ADI\u00c7\u00c3O E SUBTRA\u00c7\u00c3O DE FRA\u00c7\u00d5ES"},"content":{"rendered":"\n<p class=\"has-text-align-center has-luminous-vivid-amber-background-color has-background has-medium-font-size\">Esta proposta de atividade de&nbsp;<strong>Matem\u00e1tica<\/strong>&nbsp;com base no DC\/GO \u2013 Ampliado e&nbsp;\u00e9 destinada aos estudantes do&nbsp;6<strong>\u00ba Ano do Ensino Fundamental<\/strong> &#8211;&nbsp;<strong>Anos Finais<\/strong>.<\/p>\n\n\n\n<div class=\"wp-block-buttons is-content-justification-center is-layout-flex wp-container-core-buttons-is-layout-16018d1d wp-block-buttons-is-layout-flex\">\n<div class=\"wp-block-button\"><a class=\"wp-block-button__link wp-element-button\" href=\"https:\/\/drive.google.com\/uc?export=download&amp;id=1wmIrzR8qcvkLYtR4AEa3Id6fOz8nqEOO\" target=\"_blank\" rel=\"noreferrer noopener\">BAIXE A ATIVIDADE<\/a><\/div>\n\n\n\n<div class=\"wp-block-button has-custom-width wp-block-button__width-25\"><a class=\"wp-block-button__link wp-element-button\" href=\"https:\/\/drive.google.com\/uc?export=download&amp;id=1-fFunXcrL3bDA2BwkkiNTJYcq9cSw3Vl\" target=\"_blank\" rel=\"noreferrer noopener\">BAIXE OS SLIDES<\/a><\/div>\n\n\n\n<div class=\"wp-block-button has-custom-width wp-block-button__width-25\"><a class=\"wp-block-button__link wp-element-button\" href=\"https:\/\/drive.google.com\/uc?export=download&amp;id=1Ab2jYGt2GtOWoOm6RFUNdWwabpsABEH4\" target=\"_blank\" rel=\"noreferrer noopener\">BAIXE O TEXTO<\/a><\/div>\n<\/div>\n\n\n\n<p><\/p>\n\n\n\n<p class=\"has-text-align-center\" style=\"font-size:26px\"><strong>Opera\u00e7\u00f5es com fra\u00e7\u00f5es: adi\u00e7\u00e3o e subtra\u00e7\u00e3o<\/strong><\/p>\n\n\n\n<p class=\"has-medium-font-size\">A fra\u00e7\u00e3o \u00e9 uma divis\u00e3o, mas o seu significado est\u00e1 al\u00e9m de dividir dois n\u00fameros.&nbsp; Na verdade, a fra\u00e7\u00e3o indica \u201c<strong><em>parte de algo que foi dividido\u201d<\/em><\/strong>. Por exemplo, \u00bc \u00e9  o mesmo que  \u201c1 dividido por 4\u201d. Por\u00e9m, estamos querendo dizer que: se algo foi dividido em 4 partes, estamos considerando apenas uma dessas partes.<\/p>\n\n\n<div class=\"wp-block-image\">\n<figure class=\"aligncenter size-full\"><img fetchpriority=\"high\" decoding=\"async\" width=\"612\" height=\"102\" src=\"https:\/\/sme.goiania.go.gov.br\/conexaoescola\/wp-content\/uploads\/2025\/07\/image-56.png\" alt=\"\" class=\"wp-image-198020\" srcset=\"https:\/\/sme.goiania.go.gov.br\/conexaoescola\/wp-content\/uploads\/2025\/07\/image-56.png 612w, https:\/\/sme.goiania.go.gov.br\/conexaoescola\/wp-content\/uploads\/2025\/07\/image-56-300x50.png 300w\" sizes=\"(max-width: 612px) 100vw, 612px\" \/><\/figure><\/div>\n\n\n<p class=\"has-medium-font-size\">Assim como os n\u00fameros inteiros, as fra\u00e7\u00f5es tamb\u00e9m podem ser <strong>somadas ou subtra\u00eddas<\/strong>. Estas s\u00e3o opera\u00e7\u00f5es comuns no nosso cotidiano, como ajustar quantidades em receitas, por exemplo.<\/p>\n\n\n\n<p class=\"has-medium-font-size\">Para realizar essas opera\u00e7\u00f5es corretamente, \u00e9 importante observar os <strong>denominadores.&nbsp;<\/strong><\/p>\n\n\n\n<p class=\"has-medium-font-size\"><strong>Adi\u00e7\u00e3o e subtra\u00e7\u00e3o de fra\u00e7\u00f5es:&nbsp;<\/strong><\/p>\n\n\n\n<p class=\"has-medium-font-size\"><strong>A) Com denominadores iguais<\/strong><\/p>\n\n\n\n<p class=\"has-medium-font-size\">Veja esse exemplo:<\/p>\n\n\n\n<ol class=\"wp-block-list\">\n<li class=\"has-medium-font-size\">Uma receita indicava \u00be de x\u00edcara de farinha de trigo. Como a massa ainda n\u00e3o estava no ponto, a cozinheira acrescentou \u00bc de x\u00edcara de farinha de trigo. Quanto de farinha a cozinheira usou nessa receita?<\/li>\n<\/ol>\n\n\n<div class=\"wp-block-image\">\n<figure class=\"aligncenter size-full\"><img decoding=\"async\" width=\"386\" height=\"131\" src=\"https:\/\/sme.goiania.go.gov.br\/conexaoescola\/wp-content\/uploads\/2025\/07\/image-58.png\" alt=\"\" class=\"wp-image-198022\" srcset=\"https:\/\/sme.goiania.go.gov.br\/conexaoescola\/wp-content\/uploads\/2025\/07\/image-58.png 386w, https:\/\/sme.goiania.go.gov.br\/conexaoescola\/wp-content\/uploads\/2025\/07\/image-58-300x102.png 300w\" sizes=\"(max-width: 386px) 100vw, 386px\" \/><\/figure><\/div>\n\n\n<p class=\"has-medium-font-size\">Como os denominadores s\u00e3o iguais, representam divis\u00f5es na mesma quantidade de partes. Neste caso, <strong>repete o denominador e soma ou subtrai os numeradores<\/strong>.&nbsp;<\/p>\n\n\n\n<p class=\"has-medium-font-size\">Vamos a outro exemplo, desta vez, subtra\u00e7\u00e3o.<\/p>\n\n\n\n<ol start=\"2\" class=\"wp-block-list\">\n<li class=\"has-medium-font-size\">Em um gal\u00e3o de tinta, havia \u215d do total de tinta. Foram gastos \u215c na pintura do quarto. Quanto de tinta restou ainda?<\/li>\n<\/ol>\n\n\n<div class=\"wp-block-image\">\n<figure class=\"aligncenter size-full is-resized\"><img decoding=\"async\" width=\"404\" height=\"128\" src=\"https:\/\/sme.goiania.go.gov.br\/conexaoescola\/wp-content\/uploads\/2025\/07\/image-59.png\" alt=\"\" class=\"wp-image-198023\" style=\"width:392px;height:auto\" srcset=\"https:\/\/sme.goiania.go.gov.br\/conexaoescola\/wp-content\/uploads\/2025\/07\/image-59.png 404w, https:\/\/sme.goiania.go.gov.br\/conexaoescola\/wp-content\/uploads\/2025\/07\/image-59-300x95.png 300w\" sizes=\"(max-width: 404px) 100vw, 404px\" \/><\/figure><\/div>\n\n\n<p class=\"has-medium-font-size\"><strong>B) Com denominadores diferentes<\/strong><\/p>\n\n\n\n<p class=\"has-medium-font-size\">Para preparar um bolo, s\u00e3o necess\u00e1rios \u00be de x\u00edcara de a\u00e7\u00facar e \u2154 de x\u00edcara de farinha de trigo. Somando esses ingredientes secos, qual \u00e9 a quantidade total usada na receita?<\/p>\n\n\n<div class=\"wp-block-image\">\n<figure class=\"aligncenter size-full\"><img loading=\"lazy\" decoding=\"async\" width=\"634\" height=\"154\" src=\"https:\/\/sme.goiania.go.gov.br\/conexaoescola\/wp-content\/uploads\/2025\/07\/image-60.png\" alt=\"\" class=\"wp-image-198024\" srcset=\"https:\/\/sme.goiania.go.gov.br\/conexaoescola\/wp-content\/uploads\/2025\/07\/image-60.png 634w, https:\/\/sme.goiania.go.gov.br\/conexaoescola\/wp-content\/uploads\/2025\/07\/image-60-300x73.png 300w\" sizes=\"(max-width: 634px) 100vw, 634px\" \/><\/figure><\/div>\n\n\n<p class=\"has-medium-font-size\">Observe que, neste exemplo, <strong>as fra\u00e7\u00f5es representam partes de tamanhos diferentes<\/strong>. Isso acontece porque os denominadores s\u00e3o diferentes \u2014 ou seja, o todo foi dividido em quantidades diferentes de partes.<\/p>\n\n\n\n<p class=\"has-medium-font-size\">Para conseguir som\u00e1-las ou subtra\u00ed-las corretamente, \u00e9 preciso <strong>transform\u00e1-las em fra\u00e7\u00f5es equivalentes com o mesmo denominador<\/strong> (c\u00e1lculo do m\u00ednimo m\u00faltiplo comum ou MMC). No exemplo acima, o MMC (3, 4) = 12.<br>Essas opera\u00e7\u00f5es fazem parte do nosso dia a dia e nos ajudam a resolver situa\u00e7\u00f5es reais com mais precis\u00e3o, como medir, repartir ou ajustar quantidades.<\/p>\n\n\n\n<p class=\"has-medium-font-size\">Para refor\u00e7ar o conceito de fra\u00e7\u00e3o, assista \u00e0 videoaula do canal Est\u00fadio Conex\u00e3o Escola, <strong><em>Fra\u00e7\u00f5es: conceito e classifica\u00e7\u00f5es<\/em><\/strong>, da professora Cristiane Souza. <\/p>\n\n\n\n<figure class=\"wp-block-embed is-type-video is-provider-youtube wp-block-embed-youtube wp-embed-aspect-16-9 wp-has-aspect-ratio\"><div class=\"wp-block-embed__wrapper\">\n<p class=\"responsive-video-wrap clr\"><iframe title=\"Fra\u00e7\u00f5es: conceito e classifica\u00e7\u00f5es \u2010 6\u00ba ano - Matem\u00e1tica\" width=\"1200\" height=\"675\" src=\"https:\/\/www.youtube.com\/embed\/UFPtemg5tMs?feature=oembed\" frameborder=\"0\" allow=\"accelerometer; autoplay; clipboard-write; encrypted-media; gyroscope; picture-in-picture; web-share\" referrerpolicy=\"strict-origin-when-cross-origin\" allowfullscreen><\/iframe><\/p>\n<\/div><figcaption class=\"wp-element-caption\">Fonte: Fra\u00e7\u00f5es: conceito e classifica\u00e7\u00f5es, professora Cristiane Souza<\/figcaption><\/figure>\n\n\n\n<p class=\"has-medium-font-size\">Agora, aplique o que voc\u00ea aprendeu resolvendo as atividades a seguir. <\/p>\n\n\n\n<p class=\"has-background has-medium-font-size\" style=\"background-color:#c3992782\"><strong>QUEST\u00c3O 1<\/strong><\/p>\n\n\n\n<p class=\"has-medium-font-size\">\u201cNa adi\u00e7\u00e3o ou subtra\u00e7\u00e3o de fra\u00e7\u00f5es com denominadores _______________, repete o denominador e, soma ou subtrai os numeradores.\u201d<\/p>\n\n\n\n<p class=\"has-medium-font-size\">A palavra que completa corretamente a frase acima \u00e9<\/p>\n\n\n\n<p class=\"has-medium-font-size\">(A) iguais.<\/p>\n\n\n\n<p class=\"has-medium-font-size\">(B) diferentes.<\/p>\n\n\n\n<p class=\"has-medium-font-size\">(C) nulos.&nbsp;<\/p>\n\n\n\n<p class=\"has-medium-font-size\">(D) \u00edmpares.<\/p>\n\n\n\n<p class=\"has-background has-medium-font-size\" style=\"background-color:#c3992782\"><strong>QUEST\u00c3O 2<\/strong><\/p>\n\n\n\n<p class=\"has-medium-font-size\">Na fazenda de Ant\u00f4nio,&nbsp;<\/p>\n\n\n\n<ul class=\"wp-block-list\">\n<li class=\"has-medium-font-size\">\u00bd da \u00e1rea foi usada para o plantio de milho;<\/li>\n\n\n\n<li class=\"has-medium-font-size\">\u00bc da \u00e1rea foi usada para o plantio de trigo.&nbsp;<\/li>\n<\/ul>\n\n\n\n<p class=\"has-medium-font-size\">Agora responda:<\/p>\n\n\n\n<p class=\"has-medium-font-size\">A)&nbsp; Qual fra\u00e7\u00e3o da \u00e1rea da fazenda est\u00e1 ocupada com as duas planta\u00e7\u00f5es?<\/p>\n\n\n\n<p class=\"has-medium-font-size\">B) Qual fra\u00e7\u00e3o da \u00e1rea da fazenda n\u00e3o \u00e9 usada por essas duas planta\u00e7\u00f5es?<\/p>\n\n\n\n<p class=\"has-background has-medium-font-size\" style=\"background-color:#c3992782\"><strong>QUEST\u00c3O 3<\/strong><\/p>\n\n\n\n<p class=\"has-medium-font-size\">Aline fez uma pesquisa com os colegas da sua turma para escolherem a cor da camiseta dos jogos internos da escola. Cada estudante podia escolher no m\u00e1ximo uma das cores, entre roxa e amarela.<\/p>\n\n\n\n<p class=\"has-medium-font-size\">Os resultados da pesquisa foram:<\/p>\n\n\n\n<ul class=\"wp-block-list\">\n<li class=\"has-medium-font-size\">\u2153 da turma escolheu a cor roxa;<br><\/li>\n\n\n\n<li class=\"has-medium-font-size\">\u2156 da turma escolheu a cor amarela.<\/li>\n<\/ul>\n\n\n\n<p class=\"has-medium-font-size\">Responda:<\/p>\n\n\n\n<p class=\"has-medium-font-size\">A) Usando desenhos, represente as fra\u00e7\u00f5es dos resultados da pesquisa da Aline.<\/p>\n\n\n\n<p class=\"has-medium-font-size\">B) Calcule a fra\u00e7\u00e3o do total da turma que escolheu uma das cores.<\/p>\n\n\n\n<p class=\"has-medium-font-size\">C) Calcule a fra\u00e7\u00e3o da turma que n\u00e3o escolheu nenhuma das cores.<\/p>\n\n\n\n<p class=\"has-background has-medium-font-size\" style=\"background-color:#c3992782\"><strong>QUEST\u00c3O 4<\/strong><\/p>\n\n\n\n<p class=\"has-medium-font-size\">Para fazer a cobertura de um bolo, Ana Maria usou&nbsp;<\/p>\n\n\n\n<ul class=\"wp-block-list\">\n<li class=\"has-medium-font-size\"><strong>3\/8 de uma barra de chocolate ao leite<\/strong> e&nbsp;<\/li>\n\n\n\n<li class=\"has-medium-font-size\"><strong>2\/8 de uma barra de chocolate meio amargo<\/strong><\/li>\n<\/ul>\n\n\n\n<p class=\"has-medium-font-size\">Sabendo que as duas barras s\u00e3o iguais em tamanho e peso, podemos afirmar que Ana Maria usou o equivalente a<\/p>\n\n\n\n<p class=\"has-medium-font-size\">(A) menos de uma barra de chocolate.<br>(B) uma barra de chocolate.<br>(C) duas barras de chocolate.<br>(D) sete barras de chocolate.<\/p>\n\n\n\n<p class=\"has-background has-medium-font-size\" style=\"background-color:#c3992782\"><strong>QUEST\u00c3O 5<\/strong><\/p>\n\n\n\n<p class=\"has-medium-font-size\">Voc\u00ea gosta de desafios? Aqui tem tr\u00eas para voc\u00ea.&nbsp;<\/p>\n\n\n\n<p class=\"has-medium-font-size\">Leia com aten\u00e7\u00e3o, pense e responda.&nbsp;<\/p>\n\n\n\n<p class=\"has-medium-font-size\">A) Escreva uma soma de fra\u00e7\u00f5es cujo resultado seja 7\/9.&nbsp;<\/p>\n\n\n\n<p class=\"has-medium-font-size\">B) Escreva uma subtra\u00e7\u00e3o de fra\u00e7\u00f5es cujo resultado seja 3\/10.&nbsp;<\/p>\n\n\n\n<p class=\"has-medium-font-size\">C) Escreva uma soma ou subtra\u00e7\u00e3o de fra\u00e7\u00f5es, com denominadores diferentes, cujo resultado seja \u215d.<\/p>\n\n\n\n<figure class=\"wp-block-table is-style-stripes\"><table><tbody><tr><td><strong>Autoria<\/strong><\/td><td>Cristiane Soares de Souza<\/td><\/tr><tr><td><strong>Forma\u00e7\u00e3o<\/strong><\/td><td>Matem\u00e1tica &#8211; Licenciatura<\/td><\/tr><tr><td><strong>Componente curricular<\/strong><\/td><td>Matem\u00e1tica<\/td><\/tr><tr><td><strong>Habilidade(s)<\/strong><\/td><td>(EF06MA21) Construir figuras planas semelhantes em situa\u00e7\u00f5es de amplia\u00e7\u00e3o e de redu\u00e7\u00e3o, com o uso de malhas quadriculadas, plano cartesiano ou tecnologias digitais.<\/td><\/tr><tr><td><strong>Objeto(s) de conhecimento<\/strong><\/td><td>Conceito de fra\u00e7\u00e3o; tipos de fra\u00e7\u00e3o; adi\u00e7\u00e3o e subtra\u00e7\u00e3o de fra\u00e7\u00f5es (com mesmo denominador e denominadores diferentes).<\/td><\/tr><tr><td><strong>Descritor<\/strong><\/td><td>D22 &#8211; Identificar fra\u00e7\u00e3o como representa\u00e7\u00e3o que pode estar associada a diferentes significados.<\/td><\/tr><tr><td><strong>Refer\u00eancia(s)<\/strong><\/td><td>SILVEIRA, \u00canio. Matem\u00e1tica: compreens\u00e3o e pr\u00e1tica. 5\u00aa edi\u00e7\u00e3o, S\u00e3o Paulo, Moderna, 2018.&nbsp;<br>BRASIL, EMBRAPA, Contando ci\u00eancia na WEB. \u00c1gua. Dispon\u00edvel em https:\/\/www.embrapa.br\/contando-ciencia\/agua\/-\/asset_publisher\/EljjNRSeHvoC\/content\/vamos-economizar-agua-\/1355746?inheritRedirect=false#:~:text=Para%20saber%20quais%20s%C3%A3o%20eles,%22A%20terra%20%C3%A9%20azul%22., acesso em 16\/06\/25.<\/td><\/tr><\/tbody><\/table><\/figure>\n","protected":false},"author":58,"featured_media":198031,"template":"","ef_categoria":[15],"ef_ano":[89],"ef_componente":[94],"class_list":["post-198014","ensino_fundamental","type-ensino_fundamental","status-publish","has-post-thumbnail","hentry","ef_categoria-ciclo-da-adolescencia-fg","ef_ano-6o-ano","ef_componente-matematica","entry","has-media"],"acf":[],"_links":{"self":[{"href":"https:\/\/sme.goiania.go.gov.br\/conexaoescola\/wp-json\/wp\/v2\/ensino_fundamental\/198014","targetHints":{"allow":["GET"]}}],"collection":[{"href":"https:\/\/sme.goiania.go.gov.br\/conexaoescola\/wp-json\/wp\/v2\/ensino_fundamental"}],"about":[{"href":"https:\/\/sme.goiania.go.gov.br\/conexaoescola\/wp-json\/wp\/v2\/types\/ensino_fundamental"}],"author":[{"embeddable":true,"href":"https:\/\/sme.goiania.go.gov.br\/conexaoescola\/wp-json\/wp\/v2\/users\/58"}],"version-history":[{"count":5,"href":"https:\/\/sme.goiania.go.gov.br\/conexaoescola\/wp-json\/wp\/v2\/ensino_fundamental\/198014\/revisions"}],"predecessor-version":[{"id":198690,"href":"https:\/\/sme.goiania.go.gov.br\/conexaoescola\/wp-json\/wp\/v2\/ensino_fundamental\/198014\/revisions\/198690"}],"wp:featuredmedia":[{"embeddable":true,"href":"https:\/\/sme.goiania.go.gov.br\/conexaoescola\/wp-json\/wp\/v2\/media\/198031"}],"wp:attachment":[{"href":"https:\/\/sme.goiania.go.gov.br\/conexaoescola\/wp-json\/wp\/v2\/media?parent=198014"}],"wp:term":[{"taxonomy":"ef_categoria","embeddable":true,"href":"https:\/\/sme.goiania.go.gov.br\/conexaoescola\/wp-json\/wp\/v2\/ef_categoria?post=198014"},{"taxonomy":"ef_ano","embeddable":true,"href":"https:\/\/sme.goiania.go.gov.br\/conexaoescola\/wp-json\/wp\/v2\/ef_ano?post=198014"},{"taxonomy":"ef_componente","embeddable":true,"href":"https:\/\/sme.goiania.go.gov.br\/conexaoescola\/wp-json\/wp\/v2\/ef_componente?post=198014"}],"curies":[{"name":"wp","href":"https:\/\/api.w.org\/{rel}","templated":true}]}}