{"id":197699,"date":"2025-06-13T16:08:05","date_gmt":"2025-06-13T19:08:05","guid":{"rendered":"https:\/\/sme.goiania.go.gov.br\/conexaoescola\/?post_type=ensino_fundamental&#038;p=197699"},"modified":"2025-08-04T13:54:28","modified_gmt":"2025-08-04T16:54:28","slug":"lingua-portuguesa-o-texto-memorialistico","status":"publish","type":"ensino_fundamental","link":"https:\/\/sme.goiania.go.gov.br\/conexaoescola\/ensino_fundamental\/lingua-portuguesa-o-texto-memorialistico\/","title":{"rendered":"L\u00edngua Portuguesa &#8211; O texto memorial\u00edstico"},"content":{"rendered":"\n<p class=\"has-black-color has-text-color has-background has-link-color has-medium-font-size wp-elements-a794c6921623e47ced34c9d359cda28f\" style=\"background-color:#f1ce6f\">Esta atividade de<strong>&nbsp;L\u00edngua Portuguesa<\/strong>&nbsp;tem como base o DC\/GO \u2013 Ampliado e est\u00e1 destinada a estudantes do<strong>&nbsp;8\u00ba ano<\/strong>&nbsp;do Ensino Fundamental.<\/p>\n\n\n\n<div class=\"wp-block-buttons is-content-justification-center is-layout-flex wp-container-core-buttons-is-layout-16018d1d wp-block-buttons-is-layout-flex\">\n<div class=\"wp-block-button\"><a class=\"wp-block-button__link wp-element-button\" href=\"https:\/\/drive.google.com\/uc?export=download&amp;id=1OWF8YlH7996cUixxn3Gw6Jgk67L28XTi\">BAIXE A ATIVIDADE<\/a><\/div>\n\n\n\n<div class=\"wp-block-button\"><a class=\"wp-block-button__link wp-element-button\" href=\"https:\/\/drive.google.com\/uc?export=download&amp;id=1cGgGLVDF_LyfnVE8QkYakNIILYo_PHPe\">BAIXE OS SLIDES<\/a><\/div>\n\n\n\n<div class=\"wp-block-button\"><a class=\"wp-block-button__link wp-element-button\" href=\"https:\/\/drive.google.com\/uc?export=download&amp;id=17N1a6HAbDpevgV-U8rmdu6vVtQ9EsBA6\">BAIXE O TEXTO<\/a><\/div>\n<\/div>\n\n\n\n<p><\/p>\n\n\n<div class=\"wp-block-image\">\n<figure class=\"aligncenter size-full is-resized\"><img fetchpriority=\"high\" decoding=\"async\" width=\"1024\" height=\"1024\" src=\"https:\/\/sme.goiania.go.gov.br\/conexaoescola\/wp-content\/uploads\/2025\/06\/ChatGPT-Image-27-de-jun.-de-2025-15_52_02.png\" alt=\"\" class=\"wp-image-197701\" style=\"width:462px;height:auto\" srcset=\"https:\/\/sme.goiania.go.gov.br\/conexaoescola\/wp-content\/uploads\/2025\/06\/ChatGPT-Image-27-de-jun.-de-2025-15_52_02.png 1024w, https:\/\/sme.goiania.go.gov.br\/conexaoescola\/wp-content\/uploads\/2025\/06\/ChatGPT-Image-27-de-jun.-de-2025-15_52_02-300x300.png 300w, https:\/\/sme.goiania.go.gov.br\/conexaoescola\/wp-content\/uploads\/2025\/06\/ChatGPT-Image-27-de-jun.-de-2025-15_52_02-150x150.png 150w, https:\/\/sme.goiania.go.gov.br\/conexaoescola\/wp-content\/uploads\/2025\/06\/ChatGPT-Image-27-de-jun.-de-2025-15_52_02-768x768.png 768w\" sizes=\"(max-width: 1024px) 100vw, 1024px\" \/><figcaption class=\"wp-element-caption\">Imagem criada por IA: ChatGPT<\/figcaption><\/figure><\/div>\n\n\n<p class=\"has-text-align-center has-black-color has-text-color has-link-color has-medium-font-size wp-elements-38d080ebcf7deb66d12ea2a7b85071f3\"><strong>O texto memorial\u00edstico<\/strong><\/p>\n\n\n\n<p class=\"has-black-color has-text-color has-link-color has-medium-font-size wp-elements-6c81c93bb944aa352e9e8249ed7df95c\">O texto memorial\u00edstico \u00e9 um g\u00eanero textual em que o autor relata experi\u00eancias vividas, geralmente ligadas \u00e0 inf\u00e2ncia, \u00e0 juventude ou a momentos marcantes da vida. Ao escrever um memorial, a pessoa resgata lembran\u00e7as pessoais, narrando-as com emo\u00e7\u00e3o e reflex\u00e3o. Assim, esse g\u00eanero une <strong>realidade, mem\u00f3ria e sentimentos<\/strong>, fazendo com que o leitor se aproxime da hist\u00f3ria contada.<\/p>\n\n\n\n<p class=\"has-black-color has-text-color has-link-color has-medium-font-size wp-elements-dcce76347b60a7060ba40cacdfc9ef4d\">Esse g\u00eanero \u00e9 narrado, quase sempre, em <strong>primeira pessoa<\/strong>, pois \u00e9 o pr\u00f3prio autor quem conta o que viveu. Ao mesmo tempo, ele n\u00e3o se limita a apenas contar fatos: o texto memorial\u00edstico tamb\u00e9m traz <strong>descri\u00e7\u00f5es, sentimentos, pensamentos<\/strong> e interpreta\u00e7\u00f5es do passado.<\/p>\n\n\n\n<p class=\"has-text-align-center has-black-color has-text-color has-link-color has-medium-font-size wp-elements-5de13e89f4c0522b721a95c1c7e53eaf\"><strong>Principais caracter\u00edsticas do texto memorial\u00edstico<\/strong> <\/p>\n\n\n\n<p class=\"has-black-color has-text-color has-link-color has-medium-font-size wp-elements-2f1f22b87da61f42d4296dfbe2b1d96b\"><strong>Narrador em primeira pessoa<\/strong>: o \u201ceu\u201d \u00e9 quem viveu os fatos.<\/p>\n\n\n\n<p class=\"has-black-color has-text-color has-link-color has-medium-font-size wp-elements-5c0c876102a1933af18367084fccf338\"><strong>Mem\u00f3rias reais<\/strong>: baseia-se em acontecimentos que realmente aconteceram com o autor.<\/p>\n\n\n\n<p class=\"has-black-color has-text-color has-link-color has-medium-font-size wp-elements-3d7d88a3be816f807deae0ec300efc01\"><strong>Reflex\u00e3o<\/strong>: o texto mostra como o autor se sentiu e o que aprendeu com aquela experi\u00eancia.<\/p>\n\n\n\n<p class=\"has-black-color has-text-color has-link-color has-medium-font-size wp-elements-2579849e5cf16c41a1f474dd65c88bc9\"><strong>Forte carga emocional<\/strong>: a linguagem valoriza sentimentos e afetos.<\/p>\n\n\n\n<p class=\"has-black-color has-text-color has-link-color has-medium-font-size wp-elements-5f392ccdc570e4bd4ce860491200b6b6\"><strong>Elementos narrativos<\/strong>: tempo, espa\u00e7o, personagens, enredo.<\/p>\n\n\n\n<p class=\"has-black-color has-text-color has-link-color has-medium-font-size wp-elements-bc5dfea6342a53ecfe98f4d7150e6cad\"><strong>Detalhamento descritivo<\/strong>: as cenas s\u00e3o contadas com aten\u00e7\u00e3o aos detalhes sensoriais (sons, cheiros, imagens, sensa\u00e7\u00f5es).<br><\/p>\n\n\n\n<p class=\"has-black-color has-text-color has-link-color has-medium-font-size wp-elements-95aaaa47852e0adec7b900d0dcee7f03\">Ao ler um texto memorial\u00edstico, \u00e9 importante identificar: quem narra a hist\u00f3ria e qual \u00e9 seu ponto de vista, qual \u00e9 a lembran\u00e7a central e por que ela \u00e9 significativa. Tamb\u00e9m devemos levar em conta quais sentimentos est\u00e3o presentes na narrativa, que reflex\u00f5es o autor faz sobre o que viveu, al\u00e9m de observar como o tempo \u00e9 tratado (passado, presente, mem\u00f3rias distantes ou recentes). Desse modo, o leitor interpreta o texto de forma mais profunda, indo al\u00e9m da simples compreens\u00e3o do que est\u00e1 escrito.<\/p>\n\n\n\n<p class=\"has-black-color has-text-color has-link-color has-medium-font-size wp-elements-5765aac3193b540ce956f2faa978fe14\">Ao produzir um texto memorial\u00edstico, portanto, voc\u00ea deve escolher uma lembran\u00e7a marcante e pessoal, contar a hist\u00f3ria em ordem l\u00f3gica ou emocional, mesmo que n\u00e3o seja cronol\u00f3gica, usar detalhes sensoriais e linguagem subjetiva para envolver o leitor e refletir sobre o que aprendeu ou sentiu naquele momento. Esses passos estimulam o desenvolvimento da sua autonomia narrativa, do autoconhecimento, da organiza\u00e7\u00e3o textual e da expressividade por meio da escrita. <\/p>\n\n\n\n<p class=\"has-text-align-center has-black-color has-text-color has-background has-link-color has-medium-font-size wp-elements-a12047ec2c4f70b8f490db8cf4088231\" style=\"background-color:#f1ce6f\"><strong>Assista \u00e0 videoaula do professor Marlon Santos com essa tem\u00e1tica.<\/strong> <\/p>\n\n\n\n<figure class=\"wp-block-embed is-type-video is-provider-youtube wp-block-embed-youtube wp-embed-aspect-16-9 wp-has-aspect-ratio\"><div class=\"wp-block-embed__wrapper\">\n<p class=\"responsive-video-wrap clr\"><iframe title=\"L\u00edngua Portuguesa - O texto memorial\u00edstico - 8\u00ba ano\" width=\"1200\" height=\"675\" src=\"https:\/\/www.youtube.com\/embed\/QUgEybEBfuQ?feature=oembed\" frameborder=\"0\" allow=\"accelerometer; autoplay; clipboard-write; encrypted-media; gyroscope; picture-in-picture; web-share\" referrerpolicy=\"strict-origin-when-cross-origin\" allowfullscreen><\/iframe><\/p>\n<\/div><figcaption class=\"wp-element-caption\">Canal Est\u00fadio Conex\u00e3o Escola &#8211; L\u00edngua Portuguesa &#8211; O texto memorial\u00edstico &#8211; 8\u00ba ano &#8211; Dispon\u00edvel em: &lt;<a href=\"https:\/\/youtu.be\/QUgEybEBfuQ\">https:\/\/youtu.be\/QUgEybEBfuQ<\/a>&gt;<\/figcaption><\/figure>\n\n\n\n<p class=\"has-text-align-center has-black-color has-text-color has-background has-link-color has-medium-font-size wp-elements-091fd257edc70758755a3105d2917a28\" style=\"background-color:#f1ce6f\"><strong>Responda \u00e0s quest\u00f5es a seguir.<\/strong> <\/p>\n\n\n\n<p class=\"has-black-color has-text-color has-link-color has-medium-font-size wp-elements-4c013f58cf4ddcbfc2cd227c55597bf9\">Leia o trecho do romance \u201cMenino de engenho\u201d, de Jos\u00e9 Lins do Rego, para responder \u00e0s quest\u00f5es.<\/p>\n\n\n\n<p class=\"has-black-color has-text-color has-link-color has-medium-font-size wp-elements-89299c466c5a4b9966ae208e7ae49651\"><em>Eu tinha sido criado num primeiro andar. Todo o meu conhecimento do campo fizera nuns passeios de bonde a Dois Irm\u00e3os.&nbsp;<\/em><\/p>\n\n\n\n<p class=\"has-black-color has-text-color has-link-color has-medium-font-size wp-elements-4ec05cdb3160e0cd9e123d2c11f66faf\"><em>E era com olhos de deslumbrado que olhava ent\u00e3o aqueles s\u00edtios, aquelas mangueiras e os meninos que via brincando por ali. As diverg\u00eancias de meu pai com meu av\u00f4 nunca permitiram \u00e0 minha m\u00e3e fazer uma temporada no engenho. Minha imagina\u00e7\u00e3o vivia assim a criar esse mundo maravilhoso que eu n\u00e3o conhecia. Sempre que perguntava a minha m\u00e3e por que n\u00e3o me levava para o engenho, ela se desculpava com o emprego de meu pai. Da\u00ed a impress\u00e3o extraordin\u00e1ria que me iam causando os mais insignificantes aspectos de tudo o que estava vendo.&nbsp;<\/em><\/p>\n\n\n\n<p class=\"has-black-color has-text-color has-link-color has-medium-font-size wp-elements-0c5c1ee2625d9283678d5fa0f1c249df\"><em>Depois do caf\u00e9 mandaram-me para o engenho, que estava nos fins da moagem. Eram uns restos de cana que aproveitavam.&nbsp;<\/em><\/p>\n\n\n\n<p class=\"has-black-color has-text-color has-link-color has-medium-font-size wp-elements-564b9823fff87b55d5a93be76e69c07a\"><em>\u2014 Quase que voc\u00ea n\u00e3o pega o engenho safrejando \u2014 me disse o tio Juca.&nbsp;<\/em><\/p>\n\n\n\n<p class=\"has-black-color has-text-color has-link-color has-medium-font-size wp-elements-b9a0adbe78d7aeaae2f9bdd55f9664bd\"><em>Ficava a f\u00e1brica bem perto da casa-grande. Um enorme edif\u00edcio de telhado baixo, com quatro biqueiras e um bueiro branco, a boca cortada em diagonal. N\u00e3o sei por que os meninos gostam tanto das m\u00e1quinas. Minha aten\u00e7\u00e3o inteira foi para o mecanismo do engenho. N\u00e3o reparei mais em nada. Voltei-me inteiro para a m\u00e1quina, para as duas bolas girat\u00f3rias do regulador. Depois comecei a ver os picadeiros atulhados de feixes de cana, o pessoal da casa de caldeiras. Tio Juca come\u00e7ou a me mostrar como se fazia o a\u00e7\u00facar. O mestre C\u00e2ndido com uma cuia de \u00e1gua de cal deitando nas tachas e as tachas fervendo, o cocho com o caldo frio e uma fuma\u00e7a cheirosa entrando pela boca da gente.&nbsp;<\/em><\/p>\n\n\n\n<p class=\"has-black-color has-text-color has-link-color has-medium-font-size wp-elements-d06953103f22182f17ad9f26c4365805\"><em>\u2014 \u00c9 aqui onde se cozinha o a\u00e7\u00facar. Vamos agora para a casa de purgar.&nbsp;<\/em><\/p>\n\n\n\n<p class=\"has-black-color has-text-color has-link-color has-medium-font-size wp-elements-7f14c5c1bbcf5065478129ef11663581\"><em>Dois homens levavam ca\u00e7ambas com mel batido para as formas estendidas em andaimes com furos. Ali mandava o purgador, um preto, com as m\u00e3os metidas na lama suja que cobria a boca das formas. Meu tio explicava como aquele barro preto fazia o a\u00e7\u00facar branco. E os tanques de mel de furo, com sapos ressequidos por cima de uma borra amarela, me deixaram uma impress\u00e3o de nojo.&nbsp;<\/em><\/p>\n\n\n\n<p class=\"has-black-color has-text-color has-link-color has-medium-font-size wp-elements-f87aca5a41ad7b189e167fcb11827764\"><em>Andamos depois pela boca da fornalha, pela bagaceira coberta de um baga\u00e7o ainda \u00famido. Mas o que mais me interessava ali era o maquinismo, o movimento ronceiro da roda grande, e a agita\u00e7\u00e3o febril das duas bolas do regulador.&nbsp;<\/em><\/p>\n\n\n\n<p class=\"has-black-color has-text-color has-link-color has-medium-font-size wp-elements-6d9db1897a87adf9353e9a189c07b580\"><em>Quando vieram me chamar para o almo\u00e7o, ainda me encontraram encantado diante da roda pregui\u00e7osa, que mal se arrastava, e as duas bolas alvoro\u00e7adas, que n\u00e3o queriam parar.&nbsp;<\/em><\/p>\n\n\n\n<p class=\"has-text-align-right\">REGO, Jos\u00e9 Lins do. <strong>Menino de engenho<\/strong>. Rio de Janeiro: Jos\u00e9 Olympio, 2003. p. 12-13.<\/p>\n\n\n\n<p class=\"has-black-color has-text-color has-background has-link-color has-medium-font-size wp-elements-e709d7df3761b31d0ff84038408c0ba9\" style=\"background-color:#f1ce6f\"><strong>QUEST\u00c3O 1<\/strong> <\/p>\n\n\n\n<p class=\"has-black-color has-text-color has-link-color has-medium-font-size wp-elements-dd63d76f159bf11a331f9614bb2f89af\">Explique como a mem\u00f3ria e o sentimento est\u00e3o presentes no fragmento acima. <\/p>\n\n\n\n<p class=\"has-black-color has-text-color has-background has-link-color has-medium-font-size wp-elements-a661d067b19123262a228f4bb0aeeec0\" style=\"background-color:#f1ce6f\"><strong>QUEST\u00c3O 2<\/strong> <\/p>\n\n\n\n<p class=\"has-black-color has-text-color has-link-color has-medium-font-size wp-elements-3662e6da1312c7df550d83038ef56f85\">Quais aspectos da vida no engenho s\u00e3o destacados pelo autor? Qual a import\u00e2ncia disso para o entendimento de sua identidade? <\/p>\n\n\n\n<p class=\"has-black-color has-text-color has-background has-link-color has-medium-font-size wp-elements-8ed0e7e43dfd5679358d2b6b8d9d3ef7\" style=\"background-color:#f1ce6f\"><strong>QUEST\u00c3O 3<\/strong> <\/p>\n\n\n\n<p class=\"has-black-color has-text-color has-link-color has-medium-font-size wp-elements-1d2672a6629ce878d9eb825e1a4522aa\">Fa\u00e7a uma pesquisa sobre o escritor brasileiro Jos\u00e9 Lins do Rego. Em seguida, aponte elementos do texto que indicam seu car\u00e1ter autobiogr\u00e1fico. <\/p>\n\n\n\n<p class=\"has-black-color has-text-color has-background has-link-color has-medium-font-size wp-elements-859110fd2b15fe9dee3e37de40e6e1bb\" style=\"background-color:#f1ce6f\"><strong>QUEST\u00c3O 4<\/strong> <\/p>\n\n\n\n<p class=\"has-black-color has-text-color has-link-color has-medium-font-size wp-elements-0f3451b2a3d078c60aae74d29c6d8f6f\">Leia o seguinte texto:<\/p>\n\n\n\n<p class=\"has-black-color has-text-color has-link-color has-medium-font-size wp-elements-bc1c230b8a33d420dbff358f5ed1f7eb\"><em>Nascido em Palmares, Pernambuco, em 1901, Jos\u00e9 Lins do Rego foi um dos mais importantes autores do ciclo do a\u00e7\u00facar. Sua obra retrata a decad\u00eancia dos engenhos nordestinos e a mem\u00f3ria de sua inf\u00e2ncia.<\/em><\/p>\n\n\n\n<p class=\"has-black-color has-text-color has-link-color has-medium-font-size wp-elements-ebc05ef80fba72d4a8ba4fa066447460\">O texto acima \u00e9 um exemplo de<\/p>\n\n\n\n<p class=\"has-black-color has-text-color has-link-color has-medium-font-size wp-elements-c3696c6115002c1c36f2424b6a58506c\">(A) um di\u00e1rio pessoal.<br>(B) uma autobiografia.<br>(C) um perfil jornal\u00edstico.<br>(D) uma biografia.<\/p>\n\n\n\n<p class=\"has-black-color has-text-color has-background has-link-color has-medium-font-size wp-elements-3edc4496b73c681a2c4bfd3531079341\" style=\"background-color:#f1ce6f\"><strong>QUEST\u00c3O 5<\/strong> <\/p>\n\n\n\n<p class=\"has-black-color has-text-color has-link-color has-medium-font-size wp-elements-8ac7a3cb14e083fe55e9624d64d295c1\">Os textos biogr\u00e1ficos<\/p>\n\n\n\n<p class=\"has-black-color has-text-color has-link-color has-medium-font-size wp-elements-3a77f5d7e23b35291ee7fd9607c20691\">(A) s\u00e3o textos ficcionais com personagens inventados.<br>(B) sempre s\u00e3o po\u00e9ticos e escritos na primeira pessoa.<br>(C) objetivam narrar a trajet\u00f3ria de uma pessoa real.<br>(D) t\u00eam estrutura fixa e n\u00e3o permitem varia\u00e7\u00f5es. <\/p>\n\n\n\n<p class=\"has-black-color has-text-color has-background has-link-color has-medium-font-size wp-elements-4a94b7f9dad7e661145ed7912813c3ed\" style=\"background-color:#f1ce6f\"><strong>QUEST\u00c3O 6<\/strong><\/p>\n\n\n\n<p class=\"has-black-color has-text-color has-link-color has-medium-font-size wp-elements-563c44504ce016c28b4618f2270e538b\">Em uma autobiografia, \u00e9 comum encontrar<\/p>\n\n\n\n<p class=\"has-black-color has-text-color has-link-color has-medium-font-size wp-elements-5f0223ff137a42940d199cc5ff19e727\">(A) predomin\u00e2ncia da terceira pessoa.<br>(B) narrativa exclusiva de personagens fict\u00edcios.<br>(C) uso da primeira pessoa e perspectiva pessoal.<br>(D) foco apenas em conquistas profissionais.<br><\/p>\n\n\n\n<hr class=\"wp-block-separator has-alpha-channel-opacity\"\/>\n\n\n\n<figure class=\"wp-block-table is-style-stripes\"><table><tbody><tr><td><strong>Autoria:<\/strong><\/td><td>Marlon Santos<\/td><\/tr><tr><td><strong>Forma\u00e7\u00e3o:<\/strong><\/td><td>Letras \u2013 Portugu\u00eas<\/td><\/tr><tr><td><strong>Componente curricular:<\/strong><\/td><td>L\u00edngua Portuguesa<\/td><\/tr><tr><td><strong>Conte\u00fado(s)\/Objeto(s) de conhecimento<\/strong><\/td><td>G\u00eaneros liter\u00e1rios<\/td><\/tr><tr><td><strong>Habilidade estruturante:<\/strong><\/td><td>(EF69LP47-B) Perceber como se estrutura a narrativa nos diferentes g\u00eaneros e os efeitos de sentido decorrentes do foco narrativo t\u00edpico de cada g\u00eanero, da caracteriza\u00e7\u00e3o dos espa\u00e7os f\u00edsico e psicol\u00f3gico e dos tempos cronol\u00f3gico e psicol\u00f3gico, das diferentes vozes no texto (do narrador, de personagens em discurso direto, indireto e indireto livre), do uso de pontua\u00e7\u00e3o expressiva, palavras e express\u00f5es conotativas e processos figurativos e do uso de recursos lingu\u00edstico-gramaticais pr\u00f3prios de cada g\u00eanero narrativo.<\/td><\/tr><tr><td><strong>Descritor:<\/strong><\/td><td>D4 \u2013 Inferir uma informa\u00e7\u00e3o impl\u00edcita em um texto.<\/td><\/tr><tr><td><strong>Refer\u00eancias:<\/strong><\/td><td>Documento Curricular para Goi\u00e1s (DC-GO). Goi\u00e2nia\/GO: CONSED\/ UNDIME Goi\u00e1s, 2018. Dispon\u00edvel em: &lt;<a href=\"https:\/\/cee.go.gov.br\/\">https:\/\/cee.go.gov.br<\/a>&gt; Acesso em: 03, fev. 2025 <br>REGO, Jos\u00e9 Lins do. <strong>Menino de engenho<\/strong>. Rio de Janeiro: Jos\u00e9 Olympio, 2003.<\/td><\/tr><\/tbody><\/table><\/figure>\n","protected":false},"author":42,"featured_media":197701,"template":"","ef_categoria":[16,36],"ef_ano":[91],"ef_componente":[93],"class_list":["post-197699","ensino_fundamental","type-ensino_fundamental","status-publish","has-post-thumbnail","hentry","ef_categoria-ciclo-da-adolescencia-hi","ef_categoria-etica-e-cidadania-ciclo-da-adolescencia-hi","ef_ano-8o-ano","ef_componente-portugues","entry","has-media"],"acf":[],"_links":{"self":[{"href":"https:\/\/sme.goiania.go.gov.br\/conexaoescola\/wp-json\/wp\/v2\/ensino_fundamental\/197699","targetHints":{"allow":["GET"]}}],"collection":[{"href":"https:\/\/sme.goiania.go.gov.br\/conexaoescola\/wp-json\/wp\/v2\/ensino_fundamental"}],"about":[{"href":"https:\/\/sme.goiania.go.gov.br\/conexaoescola\/wp-json\/wp\/v2\/types\/ensino_fundamental"}],"author":[{"embeddable":true,"href":"https:\/\/sme.goiania.go.gov.br\/conexaoescola\/wp-json\/wp\/v2\/users\/42"}],"version-history":[{"count":3,"href":"https:\/\/sme.goiania.go.gov.br\/conexaoescola\/wp-json\/wp\/v2\/ensino_fundamental\/197699\/revisions"}],"predecessor-version":[{"id":198126,"href":"https:\/\/sme.goiania.go.gov.br\/conexaoescola\/wp-json\/wp\/v2\/ensino_fundamental\/197699\/revisions\/198126"}],"wp:featuredmedia":[{"embeddable":true,"href":"https:\/\/sme.goiania.go.gov.br\/conexaoescola\/wp-json\/wp\/v2\/media\/197701"}],"wp:attachment":[{"href":"https:\/\/sme.goiania.go.gov.br\/conexaoescola\/wp-json\/wp\/v2\/media?parent=197699"}],"wp:term":[{"taxonomy":"ef_categoria","embeddable":true,"href":"https:\/\/sme.goiania.go.gov.br\/conexaoescola\/wp-json\/wp\/v2\/ef_categoria?post=197699"},{"taxonomy":"ef_ano","embeddable":true,"href":"https:\/\/sme.goiania.go.gov.br\/conexaoescola\/wp-json\/wp\/v2\/ef_ano?post=197699"},{"taxonomy":"ef_componente","embeddable":true,"href":"https:\/\/sme.goiania.go.gov.br\/conexaoescola\/wp-json\/wp\/v2\/ef_componente?post=197699"}],"curies":[{"name":"wp","href":"https:\/\/api.w.org\/{rel}","templated":true}]}}