{"id":197422,"date":"2025-06-20T07:00:00","date_gmt":"2025-06-20T10:00:00","guid":{"rendered":"https:\/\/sme.goiania.go.gov.br\/conexaoescola\/?post_type=ensino_fundamental&#038;p=197422"},"modified":"2025-08-04T19:46:13","modified_gmt":"2025-08-04T22:46:13","slug":"matematica-interpretando-problemas-de-adicao-e-subtracao","status":"publish","type":"ensino_fundamental","link":"https:\/\/sme.goiania.go.gov.br\/conexaoescola\/ensino_fundamental\/matematica-interpretando-problemas-de-adicao-e-subtracao\/","title":{"rendered":"Matem\u00e1tica \u2013 Interpretando problemas de adi\u00e7\u00e3o e subtra\u00e7\u00e3o"},"content":{"rendered":"\n<p class=\"has-text-align-center has-luminous-vivid-amber-to-luminous-vivid-orange-gradient-background has-background has-medium-font-size\"><strong>Esta proposta de atividade de&nbsp;matem\u00e1tica&nbsp;\u00e9 destinada aos estudantes do&nbsp;3\u00ba ano&nbsp;do Ensino Fundamental.<\/strong><\/p>\n\n\n\n<div class=\"wp-block-buttons alignwide is-content-justification-center is-layout-flex wp-container-core-buttons-is-layout-16018d1d wp-block-buttons-is-layout-flex\">\n<div class=\"wp-block-button has-custom-width wp-block-button__width-25\"><a class=\"wp-block-button__link wp-element-button\" href=\"https:\/\/drive.google.com\/uc?export=download&amp;id=17UdWlxjXc78AdGtcONB_QOLsDWCXcJB-\"><strong>BAIXE A ATIVIDADE<\/strong><\/a><\/div>\n\n\n\n<div class=\"wp-block-button has-custom-width wp-block-button__width-25\"><a class=\"wp-block-button__link wp-element-button\" href=\"https:\/\/drive.google.com\/uc?export=download&amp;id=10e5Z-cmu8CiKjhG1bFSgPpgUWkol5PMh\"><strong>BAIXE OS SLIDES<\/strong><\/a><\/div>\n\n\n\n<div class=\"wp-block-button has-custom-width wp-block-button__width-25\"><a class=\"wp-block-button__link wp-element-button\" href=\"https:\/\/drive.google.com\/uc?export=download&amp;id=10cVgmKe4X7mXlBg4mj0qu27H6z3tL8wf\"><strong>BAIXE O TEXTO<\/strong><\/a><\/div>\n<\/div>\n\n\n\n<hr class=\"wp-block-separator has-alpha-channel-opacity\"\/>\n\n\n<div class=\"wp-block-image\">\n<figure class=\"aligncenter size-full is-resized\"><img fetchpriority=\"high\" decoding=\"async\" width=\"986\" height=\"520\" src=\"https:\/\/sme.goiania.go.gov.br\/conexaoescola\/wp-content\/uploads\/2025\/06\/onze.png\" alt=\"\" class=\"wp-image-197423\" style=\"width:438px;height:auto\" srcset=\"https:\/\/sme.goiania.go.gov.br\/conexaoescola\/wp-content\/uploads\/2025\/06\/onze.png 986w, https:\/\/sme.goiania.go.gov.br\/conexaoescola\/wp-content\/uploads\/2025\/06\/onze-300x158.png 300w, https:\/\/sme.goiania.go.gov.br\/conexaoescola\/wp-content\/uploads\/2025\/06\/onze-768x405.png 768w\" sizes=\"(max-width: 986px) 100vw, 986px\" \/><\/figure><\/div>\n\n\n<p class=\"has-text-align-center has-medium-font-size\"><strong>Interpretando Problemas de Adi\u00e7\u00e3o e Subtra\u00e7\u00e3o<\/strong><\/p>\n\n\n\n<p class=\"has-medium-font-size\">Saber resolver problemas de adi\u00e7\u00e3o e subtra\u00e7\u00e3o \u00e9 muito importante, principalmente quando usamos situa\u00e7\u00f5es do nosso dia a dia para aprender. Quando juntamos quantidades, estamos somando. Por exemplo: se temos 3 balas e ganhamos mais 8, juntamos para formar 11 balas no total. Quando acrescentamos, \u00e9 parecido: se j\u00e1 temos 8 brinquedos e ganhamos mais 3, ficamos com 11.<\/p>\n\n\n\n<p class=\"has-medium-font-size\">J\u00e1 quando falamos em separar ou retirar, usamos a subtra\u00e7\u00e3o. Se temos 11 figurinhas e tiramos 3 para dar a um amigo, ficamos com 8. Tamb\u00e9m \u00e9 poss\u00edvel fazer o contr\u00e1rio: se temos 11 brinquedos e queremos dividir em dois grupos, um com 8 e outro com o restante, precisamos pensar: quanto sobra? 11 &#8211; 8 = 3.<\/p>\n\n\n\n<p class=\"has-medium-font-size\">Outro jeito de pensar \u00e9 comparar dois grupos: se um tem 11 objetos e o outro tem 8, o grupo com 11 tem 3 a mais. E se temos apenas 8 e queremos completar at\u00e9 11, precisamos descobrir quanto falta: 11 &#8211; 8 = 3.<\/p>\n\n\n\n<p class=\"has-medium-font-size\">Esses tipos de problemas podem ser resolvidos de v\u00e1rias formas: usando desenhos, blocos, c\u00e1lculo mental ou at\u00e9 estimativas. O importante \u00e9 entender o que o problema est\u00e1 pedindo e escolher a melhor estrat\u00e9gia. Assim, desenvolvemos nosso racioc\u00ednio e ficamos mais preparados para resolver situa\u00e7\u00f5es do dia a dia.<\/p>\n\n\n\n<p class=\"has-text-align-center has-luminous-vivid-amber-to-luminous-vivid-orange-gradient-background has-background has-medium-font-size\"><strong>ASSISTA A VIDEOAULA SOBRE ESSE CONTE\u00daDO:<\/strong><\/p>\n\n\n\n<figure class=\"wp-block-embed is-type-video is-provider-youtube wp-block-embed-youtube wp-embed-aspect-16-9 wp-has-aspect-ratio\"><div class=\"wp-block-embed__wrapper\">\n<p class=\"responsive-video-wrap clr\"><iframe title=\"Matem\u00e1tica - Interpretando Problemas de Adi\u00e7\u00e3o e de Subtra\u00e7\u00e3o - 3\u00b0 ano - Anos Iniciais\" width=\"1200\" height=\"675\" src=\"https:\/\/www.youtube.com\/embed\/zLpVWzMox_Q?feature=oembed\" frameborder=\"0\" allow=\"accelerometer; autoplay; clipboard-write; encrypted-media; gyroscope; picture-in-picture; web-share\" referrerpolicy=\"strict-origin-when-cross-origin\" allowfullscreen><\/iframe><\/p>\n<\/div><figcaption class=\"wp-element-caption\">Matem\u00e1tica \u2013 Interpretando problemas de adi\u00e7\u00e3o e de subtra\u00e7\u00e3o \u2013 3\u00ba ano \u2013 Anos Iniciais \u2013 Canal Portal Conex\u00e3o Escola \u2013 Secretaria Municipal de Educa\u00e7\u00e3o \u2013 Goi\u00e2nia \u2013 Dispon\u00edvel em: &lt;<a href=\"https:\/\/youtu.be\/zLpVWzMox_Q\">https:\/\/youtu.be\/zLpVWzMox_Q<\/a>&gt;. Acesso em: 24, jun. 2025.<\/figcaption><\/figure>\n\n\n\n<p class=\"has-medium-font-size\"><\/p>\n\n\n\n<p class=\"has-text-align-center has-luminous-vivid-amber-to-luminous-vivid-orange-gradient-background has-background has-medium-font-size\"><strong>RESPONDA \u00c0S QUEST\u00d5ES:<\/strong><\/p>\n\n\n\n<p class=\"has-luminous-vivid-amber-to-luminous-vivid-orange-gradient-background has-background has-medium-font-size\"><strong>QUEST\u00c3O 1<\/strong><\/p>\n\n\n\n<p class=\"has-medium-font-size\">Quando juntamos dois grupos, como um de 3 objetos e outro de 8 objetos, o total \u00e9 de<\/p>\n\n\n\n<p class=\"has-medium-font-size\">(A) 5 objetos.<\/p>\n\n\n\n<p class=\"has-medium-font-size\">(B) 10 objetos.<\/p>\n\n\n\n<p class=\"has-medium-font-size\">(C) 11 objetos.<\/p>\n\n\n\n<p class=\"has-medium-font-size\">(D) 8 objetos.<\/p>\n\n\n\n<p class=\"has-luminous-vivid-amber-to-luminous-vivid-orange-gradient-background has-background has-medium-font-size\"><strong>QUEST\u00c3O 2<\/strong><\/p>\n\n\n\n<p class=\"has-medium-font-size\">Se temos 8 l\u00e1pis e queremos completar at\u00e9 11, precisamos<\/p>\n\n\n\n<p class=\"has-medium-font-size\">(A) retirar 3 l\u00e1pis.<\/p>\n\n\n\n<p class=\"has-medium-font-size\">(B) acrescentar 3 l\u00e1pis.<\/p>\n\n\n\n<p class=\"has-medium-font-size\">(C) juntar 8 com 11.<\/p>\n\n\n\n<p class=\"has-medium-font-size\">(D) separar os l\u00e1pis.<\/p>\n\n\n\n<p class=\"has-luminous-vivid-amber-to-luminous-vivid-orange-gradient-background has-background has-medium-font-size\"><strong>QUEST\u00c3O 3<\/strong><\/p>\n\n\n\n<p class=\"has-medium-font-size\">Em uma caixa h\u00e1 11 bolinhas. Se tirarmos 4, quantas sobram?<\/p>\n\n\n\n<p class=\"has-luminous-vivid-amber-to-luminous-vivid-orange-gradient-background has-background has-medium-font-size\"><strong>QUEST\u00c3O 4<\/strong><\/p>\n\n\n\n<p class=\"has-medium-font-size\">Thiago tinha 6 figurinhas e ganhou mais 5. Com quantas ele ficou?<\/p>\n\n\n\n<p class=\"has-luminous-vivid-amber-to-luminous-vivid-orange-gradient-background has-background has-medium-font-size\"><strong>QUEST\u00c3O 5<\/strong><\/p>\n\n\n\n<p class=\"has-medium-font-size\">Qual a diferen\u00e7a entre um grupo com 10 carrinhos e outro com 7?<\/p>\n\n\n\n<p class=\"has-luminous-vivid-amber-to-luminous-vivid-orange-gradient-background has-background has-medium-font-size\"><strong>QUEST\u00c3O 6<\/strong><\/p>\n\n\n\n<p class=\"has-medium-font-size\">Alice tem 9 l\u00e1pis. Para completar 12, quantos faltam?<\/p>\n\n\n\n<p class=\"has-luminous-vivid-amber-to-luminous-vivid-orange-gradient-background has-background has-medium-font-size\"><strong>QUEST\u00c3O 7<\/strong><\/p>\n\n\n\n<p class=\"has-medium-font-size\">J\u00falia separou 14 borrachas em dois grupos. Um grupo tem 9. Quantos est\u00e3o no outro?<\/p>\n\n\n\n<hr class=\"wp-block-separator has-alpha-channel-opacity\"\/>\n\n\n\n<figure class=\"wp-block-table is-style-stripes\"><table class=\"has-fixed-layout\"><tbody><tr><td><strong>Autoria:<\/strong><\/td><td>Prof.\u00aa Esp. Danielle Assis Borges Fantini<\/td><\/tr><tr><td><strong>Forma\u00e7\u00e3o:<\/strong><\/td><td>Graduanda em Nutri\u00e7\u00e3o. &nbsp; <br><br>Graduada em Jornalismo e Pedagogia. &nbsp; <br><br>P\u00f3s-graduada em: <br>&#8211; MBA em Gest\u00e3o das Tecnologias da Informa\u00e7\u00e3o e da Comunica\u00e7\u00e3o &#8211; Educa\u00e7\u00e3o; <br>&#8211; Doc\u00eancia Universit\u00e1ria; <br>&#8211; Psicopedagogia Institucional e Cl\u00ednica; <br>&#8211; Neuropedagogia Aplicada \u00e0 Educa\u00e7\u00e3o.<\/td><\/tr><tr><td><strong>Componente Curricular:<\/strong><\/td><td>Matem\u00e1tica<\/td><\/tr><tr><td><strong>Conte\u00fado(s)\/objeto(s) de conhecimento:<\/strong><\/td><td>Problemas envolvendo significados da adi\u00e7\u00e3o e da subtra\u00e7\u00e3o: juntar, acrescentar, separar, retirar, comparar e completar quantidades: Adi\u00e7\u00e3o e subtra\u00e7\u00e3o de n\u00fameros naturais; Resolver problemas que envolvam as opera\u00e7\u00f5es de adi\u00e7\u00e3o e subtra\u00e7\u00e3o.<\/td><\/tr><tr><td><strong>Descritor(es) SAEB:<\/strong><\/td><td>&#8212;<\/td><\/tr><tr><td><strong>Habilidade(s)\/objetivo(s) de aprendizagem e desenvolvimento:<\/strong><\/td><td><strong>DOCUMENTO CURRICULAR PARA GOI\u00c1S &#8211; AMPLIADO:<\/strong> &nbsp; <br>(EF03MA06-A) Ler e interpretar problemas de adi\u00e7\u00e3o e subtra\u00e7\u00e3o com os significados de juntar, acrescentar, separar, retirar, comparar e completar quantidades, envolvendo situa\u00e7\u00f5es do cotidiano como, juntar um grupo de 3 objetos a outro de 8 objetos, formam outro com 11 objetos; acrescentar 3 objetos a um grupo com 8 objetos, forma-se um novo grupo com 11 objetos; h\u00e1 um grupo com 11 objetos e dele separa-se um grupo de 8 objetos, o outro grupo ter\u00e1 3 objetos; de um grupo de 11 objetos, retirar 3 objetos e sobra um grupo com 8 objetos; comparar um grupo com 11 objetos que tem 3 objetos a mais do que um grupo de 8 objetos; e em um grupo com 8 objetos, para completar 11, \u00e9 preciso acrescentar 3. &nbsp; <br><br>(EF03MA06-B) Analisar solu\u00e7\u00f5es de problemas de adi\u00e7\u00e3o e subtra\u00e7\u00e3o com os significados de juntar, acrescentar, separar, retirar, comparar e completar quantidades, utilizando diferentes estrat\u00e9gias de c\u00e1lculo exato ou aproximado, incluindo c\u00e1lculo mental.<\/td><\/tr><tr><td><strong>Refer\u00eancias:<\/strong><\/td><td>BRASIL. Instituto Nacional de Estudos e Pesquisas Educacionais An\u00edsio Teixeira \u2013 INEP. Matriz de Refer\u00eancia de Matem\u00e1tica. Bras\u00edlia: INEP, [s.d.]. Dispon\u00edvel em: https:\/\/download.inep.gov.br\/educacao_basica\/prova_brasil_saeb\/menu_do_professor\/o_que_cai_nas_provas\/Matriz_de_Referencia_de_Matematica.pdf. Acesso em: 17, jun. 2025. &nbsp; <br><br>CANVA. Ferramenta de design gr\u00e1fico online. Dispon\u00edvel em: https:\/\/www.canva.com\/. Acesso em: 17, jun. 2025. &nbsp; <br><br>DANTE, Luiz Roberto; VIANA, Fernando. \u00c1pis mais: matem\u00e1tica: 3\u00ba ano. S\u00e3o Paulo: \u00c1tica, 2021. &nbsp; <br><br>GOI\u00c1S. Secretaria de Estado da Educa\u00e7\u00e3o. Documento Curricular para Goi\u00e1s: ampliado \u2013 Etapa Ensino Fundamental: anos finais. Goi\u00e2nia: Seduc, 2019. &nbsp; <br><br>SOUZA, Joamir Roberto de; SOUZA, Maria Ang\u00e9lica Reghin de. Entrela\u00e7os: matem\u00e1tica: 3\u00ba ano fundamental: anos iniciais. 1. ed. S\u00e3o Paulo: FTD, 2021.<\/td><\/tr><\/tbody><\/table><\/figure>\n","protected":false},"author":64,"featured_media":197423,"template":"","ef_categoria":[193,19],"ef_ano":[86],"ef_componente":[94],"class_list":["post-197422","ensino_fundamental","type-ensino_fundamental","status-publish","has-post-thumbnail","hentry","ef_categoria-anos-iniciais","ef_categoria-educacao-financeira-e-empreendedorismo","ef_ano-3o-ano","ef_componente-matematica","entry","has-media"],"acf":[],"_links":{"self":[{"href":"https:\/\/sme.goiania.go.gov.br\/conexaoescola\/wp-json\/wp\/v2\/ensino_fundamental\/197422","targetHints":{"allow":["GET"]}}],"collection":[{"href":"https:\/\/sme.goiania.go.gov.br\/conexaoescola\/wp-json\/wp\/v2\/ensino_fundamental"}],"about":[{"href":"https:\/\/sme.goiania.go.gov.br\/conexaoescola\/wp-json\/wp\/v2\/types\/ensino_fundamental"}],"author":[{"embeddable":true,"href":"https:\/\/sme.goiania.go.gov.br\/conexaoescola\/wp-json\/wp\/v2\/users\/64"}],"version-history":[{"count":3,"href":"https:\/\/sme.goiania.go.gov.br\/conexaoescola\/wp-json\/wp\/v2\/ensino_fundamental\/197422\/revisions"}],"predecessor-version":[{"id":198183,"href":"https:\/\/sme.goiania.go.gov.br\/conexaoescola\/wp-json\/wp\/v2\/ensino_fundamental\/197422\/revisions\/198183"}],"wp:featuredmedia":[{"embeddable":true,"href":"https:\/\/sme.goiania.go.gov.br\/conexaoescola\/wp-json\/wp\/v2\/media\/197423"}],"wp:attachment":[{"href":"https:\/\/sme.goiania.go.gov.br\/conexaoescola\/wp-json\/wp\/v2\/media?parent=197422"}],"wp:term":[{"taxonomy":"ef_categoria","embeddable":true,"href":"https:\/\/sme.goiania.go.gov.br\/conexaoescola\/wp-json\/wp\/v2\/ef_categoria?post=197422"},{"taxonomy":"ef_ano","embeddable":true,"href":"https:\/\/sme.goiania.go.gov.br\/conexaoescola\/wp-json\/wp\/v2\/ef_ano?post=197422"},{"taxonomy":"ef_componente","embeddable":true,"href":"https:\/\/sme.goiania.go.gov.br\/conexaoescola\/wp-json\/wp\/v2\/ef_componente?post=197422"}],"curies":[{"name":"wp","href":"https:\/\/api.w.org\/{rel}","templated":true}]}}