{"id":197239,"date":"2025-06-13T09:52:51","date_gmt":"2025-06-13T12:52:51","guid":{"rendered":"https:\/\/sme.goiania.go.gov.br\/conexaoescola\/?post_type=ensino_fundamental&#038;p=197239"},"modified":"2025-06-13T09:52:53","modified_gmt":"2025-06-13T12:52:53","slug":"matematica-montando-solidos-geometricos","status":"publish","type":"ensino_fundamental","link":"https:\/\/sme.goiania.go.gov.br\/conexaoescola\/ensino_fundamental\/matematica-montando-solidos-geometricos\/","title":{"rendered":"Matem\u00e1tica \u2013 Montando S\u00f3lidos Geom\u00e9tricos"},"content":{"rendered":"\n<h1 class=\"wp-block-heading has-text-align-center has-cool-to-warm-spectrum-gradient-background has-background has-medium-font-size\"><strong>Esta proposta de atividade de\u00a0matem\u00e1tica\u00a0\u00e9 destinada aos estudantes do\u00a03\u00ba ano\u00a0do Ensino Fundamental.<\/strong><\/h1>\n\n\n\n<div class=\"wp-block-buttons alignwide is-content-justification-center is-layout-flex wp-container-core-buttons-is-layout-16018d1d wp-block-buttons-is-layout-flex\">\n<div class=\"wp-block-button has-custom-width wp-block-button__width-25\"><a class=\"wp-block-button__link wp-element-button\" href=\"https:\/\/drive.google.com\/uc?export=download&amp;id=1F7FWy3SZJFKmrICffcKuq_XcvKmwWB3c\"><strong>BAIXE A ATIVIDADE<\/strong><\/a><\/div>\n\n\n\n<div class=\"wp-block-button has-custom-width wp-block-button__width-25\"><a class=\"wp-block-button__link wp-element-button\" href=\"https:\/\/drive.google.com\/uc?export=download&amp;id=1KW7IloSiYE_gEo6VFhOn-jhTJ9Vzk1e1\"><strong>BAIXE OS SLIDES<\/strong><\/a><\/div>\n\n\n\n<div class=\"wp-block-button has-custom-width wp-block-button__width-25\"><a class=\"wp-block-button__link has-text-align-center wp-element-button\" href=\"https:\/\/drive.google.com\/uc?export=download&amp;id=1-RB0E0atbQM3cvKsJuHe99KuGtnzcEYK\"><strong>BAIXE O TEXTO<\/strong><\/a><\/div>\n<\/div>\n\n\n\n<hr class=\"wp-block-separator has-alpha-channel-opacity\"\/>\n\n\n<div class=\"wp-block-image\">\n<figure class=\"aligncenter\"><img decoding=\"async\" src=\"https:\/\/lh7-rt.googleusercontent.com\/docsz\/AD_4nXcbXAW_psnLsUWGRJlCoeqZWh7EQImAPfYrW6wlmhii6gV0rqiMdkvM3bDgVmot6IJnocLsp7QPSxxxDM7mJ7Zc0GNAubge4YJFGfNzNWubiel_txtihRYr80K6q6ckJ2vGaMOneoyMZgUXjif6?key=w5HS9c60M-cvFX96-cWcXQ\" alt=\"\"\/><\/figure><\/div>\n\n\n<p class=\"has-text-align-center has-medium-font-size\"><strong>Montando S\u00f3lidos Geom\u00e9tricos<\/strong><\/p>\n\n\n\n<p class=\"has-medium-font-size\">Os s\u00f3lidos geom\u00e9tricos est\u00e3o presentes em muitos objetos do nosso cotidiano e se diferenciam por suas formas, tamanhos e caracter\u00edsticas. Para compreend\u00ea-los melhor, \u00e9 importante observar, identificar e representar cada um deles de diferentes maneiras.<\/p>\n\n\n\n<p class=\"has-medium-font-size\">Neste estudo, vamos explorar os seguintes s\u00f3lidos: cubo, bloco retangular (ou paralelep\u00edpedo), pir\u00e2mide, cone, cilindro e esfera.<\/p>\n\n\n\n<p class=\"has-medium-font-size\">Uma das formas de representa\u00e7\u00e3o desses s\u00f3lidos \u00e9 por meio das malhas geom\u00e9tricas \u2013 desenhos feitos com linhas que permitem montar os s\u00f3lidos com papel. Outra maneira \u00e9 atrav\u00e9s das planifica\u00e7\u00f5es, que mostram todas as faces do s\u00f3lido \u201cdesdobradas\u201d, como se ele estivesse desmontado. Ao recortar e dobrar essas planifica\u00e7\u00f5es, podemos visualizar como as faces se encaixam para formar o s\u00f3lido.<\/p>\n\n\n\n<p class=\"has-medium-font-size\">Tamb\u00e9m \u00e9 poss\u00edvel fazer esbo\u00e7os em perspectiva simples, que s\u00e3o desenhos com no\u00e7\u00e3o de profundidade. Mesmo feitos em uma folha plana, eles ajudam a entender como os s\u00f3lidos se parecem no espa\u00e7o.<\/p>\n\n\n\n<p class=\"has-medium-font-size\">Conhe\u00e7a alguns s\u00f3lidos geom\u00e9tricos:<\/p>\n\n\n\n<ul class=\"wp-block-list\">\n<li><strong>CUBO<\/strong><\/li>\n<\/ul>\n\n\n<div class=\"wp-block-image\">\n<figure class=\"aligncenter is-resized\"><img decoding=\"async\" src=\"https:\/\/lh7-rt.googleusercontent.com\/docsz\/AD_4nXcDlsudlxwMC_cYHPsmgNhR1k27vY4ySga7uf0rkwjLhXiBnGcw5BCCCTD9ehf3UobspiGssW9da-OnmTpfy0YHOz_Is3jVnXKUj-RPoWvDhXJbyn2FFMP-JYrIqPTQAU0vh48uiXbUopxsQlagag?key=w5HS9c60M-cvFX96-cWcXQ\" alt=\"\" style=\"width:413px;height:auto\"\/><\/figure><\/div>\n\n\n<p class=\"has-medium-font-size\">Tamb\u00e9m chamado de hexaedro regular, possui 6 faces quadradas iguais, 12 arestas e 8 v\u00e9rtices. Todas as faces s\u00e3o congruentes e perpendiculares entre si.<\/p>\n\n\n\n<ul class=\"wp-block-list\">\n<li><strong>BLOCO RETANGULAR (ou Paralelep\u00edpedo Ret\u00e2ngulo)<\/strong><\/li>\n<\/ul>\n\n\n<div class=\"wp-block-image\">\n<figure class=\"aligncenter is-resized\"><img decoding=\"async\" src=\"https:\/\/lh7-rt.googleusercontent.com\/docsz\/AD_4nXfIbpudlKe6zriFd5AviekB_6ZwSpFN-AI_Z8-_tYV0Zdo2a1rR3SMMeKXKv1SonA1gqlcxyUU8n6Xulmi9uj-aR3Ip_9VEUTjRmdyPwJkxUnSXLV_SXhb2trBXdQ71ed9yNm_nIHOQgNLi4dJP0A?key=w5HS9c60M-cvFX96-cWcXQ\" alt=\"\" style=\"width:571px;height:auto\"\/><\/figure><\/div>\n\n\n<p class=\"has-medium-font-size\">Tem 6 faces retangulares (algumas podem ser iguais), 12 arestas e 8 v\u00e9rtices, assim como o cubo. A diferen\u00e7a est\u00e1 nas faces: aqui, elas s\u00e3o ret\u00e2ngulos, e n\u00e3o quadrados.<\/p>\n\n\n\n<ul class=\"wp-block-list\">\n<li><strong>PIR\u00c2MIDE<\/strong><\/li>\n<\/ul>\n\n\n<div class=\"wp-block-image\">\n<figure class=\"aligncenter is-resized\"><img decoding=\"async\" src=\"https:\/\/lh7-rt.googleusercontent.com\/docsz\/AD_4nXeCxCMPpgDC--mnoL2Lq2C8tlSJvd5sUTkT86LqRZn-c-PWnE4DykdgiwItqCRBXZqf6d-_wSTCbalHMFGKlCu6KsKZsZ0TsaguHuLaOudwcUMy7mB_zHlNflORsZvGD_w-NYVwYSugVsHIKqcx?key=w5HS9c60M-cvFX96-cWcXQ\" alt=\"\" style=\"width:616px;height:auto\"\/><\/figure><\/div>\n\n\n<p class=\"has-medium-font-size\">S\u00f3lido com uma base poligonal (triangular, quadrada etc.) e faces laterais triangulares que se encontram em um v\u00e9rtice comum. A quantidade de arestas e v\u00e9rtices depende da forma da base.<\/p>\n\n\n\n<ul class=\"wp-block-list\">\n<li><strong>CONE<\/strong><\/li>\n<\/ul>\n\n\n<div class=\"wp-block-image\">\n<figure class=\"aligncenter is-resized\"><img decoding=\"async\" src=\"https:\/\/lh7-rt.googleusercontent.com\/docsz\/AD_4nXfc3muVZFp4_tFszUcC0sH-poT6s-2br7Fg_YcRfAPXV63kTJCL4FLEkUNgW8XebNKHQwNF1fqpCP55twvM2_u8YFg3DzXRomf-Hd5Y0sawdhH94bTmDA2JHLQIyBFHoALmg-0_GhGsPgxRX1BwUw?key=w5HS9c60M-cvFX96-cWcXQ\" alt=\"\" style=\"width:407px;height:auto\"\/><\/figure><\/div>\n\n\n<p class=\"has-medium-font-size\">Corpo redondo com uma base circular e uma superf\u00edcie lateral curva que se afunila at\u00e9 um v\u00e9rtice. N\u00e3o possui arestas no sentido tradicional dos poliedros.<\/p>\n\n\n\n<ul class=\"wp-block-list\">\n<li><strong>CILINDRO<\/strong><\/li>\n<\/ul>\n\n\n<div class=\"wp-block-image\">\n<figure class=\"aligncenter is-resized\"><img decoding=\"async\" src=\"https:\/\/lh7-rt.googleusercontent.com\/docsz\/AD_4nXdAyzjFypFDn1GGhgsMScWg5E_8LF1Gf0g_jScFDMjZu52X1QV_L0Ely-lPwEMKpDw-R_5blSVLoTpo1ROvEOkvGv3Szun0mNpmD1lczWAFkLj83CxUFNdH66Hebcbimh7Sw2lqXu9vrQzO8OY8OQ?key=w5HS9c60M-cvFX96-cWcXQ\" alt=\"\" style=\"width:325px;height:auto\"\/><\/figure><\/div>\n\n\n<p class=\"has-medium-font-size\">Corpo redondo formado por duas bases circulares paralelas e uma superf\u00edcie lateral curva. N\u00e3o tem v\u00e9rtices nem arestas.<\/p>\n\n\n\n<p class=\"has-text-align-center has-cool-to-warm-spectrum-gradient-background has-background has-medium-font-size\"><strong>ASSISTA A VIDEOAULA SOBRE ESSE CONTE\u00daDO:<\/strong><\/p>\n\n\n\n<figure class=\"wp-block-embed is-type-video is-provider-youtube wp-block-embed-youtube wp-embed-aspect-16-9 wp-has-aspect-ratio\"><div class=\"wp-block-embed__wrapper\">\n<p class=\"responsive-video-wrap clr\"><iframe title=\"Matem\u00e1tica - Montando S\u00f3lidos Geom\u00e9tricos - 3\u00b0 ano - Anos Iniciais\" width=\"1200\" height=\"675\" src=\"https:\/\/www.youtube.com\/embed\/sXEwPRty710?feature=oembed\" frameborder=\"0\" allow=\"accelerometer; autoplay; clipboard-write; encrypted-media; gyroscope; picture-in-picture; web-share\" referrerpolicy=\"strict-origin-when-cross-origin\" allowfullscreen><\/iframe><\/p>\n<\/div><figcaption class=\"wp-element-caption\">Matem\u00e1tica \u2013 Montando S\u00f3lidos Geom\u00e9tricos \u2013 3\u00ba ano \u2013 Anos Iniciais \u2013 Canal Portal Conex\u00e3o Escola \u2013 Secretaria Municipal de Educa\u00e7\u00e3o \u2013 Goi\u00e2nia \u2013 Dispon\u00edvel em: &lt;<a href=\"https:\/\/youtu.be\/sXEwPRty710\">https:\/\/youtu.be\/sXEwPRty710<\/a>>. Acesso em: 13, jun. 2025.<\/figcaption><\/figure>\n\n\n\n<p class=\"has-text-align-center has-cool-to-warm-spectrum-gradient-background has-background has-medium-font-size\"><strong>RESPONDA \u00c0S QUEST\u00d5ES:<\/strong><\/p>\n\n\n\n<p class=\"has-luminous-dusk-gradient-background has-background has-medium-font-size\"><strong>QUEST\u00c3O 1<\/strong><\/p>\n\n\n\n<p class=\"has-medium-font-size\">O s\u00f3lido geom\u00e9trico que tem duas bases circulares paralelas e uma superf\u00edcie lateral curva, sem v\u00e9rtices nem arestas \u00e9 o\/a<\/p>\n\n\n\n<p class=\"has-medium-font-size\">(A) cone.<\/p>\n\n\n\n<p class=\"has-medium-font-size\">(B) pir\u00e2mide.<\/p>\n\n\n\n<p class=\"has-medium-font-size\">(C) cilindro.<\/p>\n\n\n\n<p class=\"has-medium-font-size\">(D) esfera.<\/p>\n\n\n\n<p class=\"has-luminous-dusk-gradient-background has-background has-medium-font-size\"><strong>QUEST\u00c3O 2<\/strong><\/p>\n\n\n\n<p class=\"has-medium-font-size\">O cubo possui<\/p>\n\n\n\n<p class=\"has-medium-font-size\">(A) 6 faces retangulares, 12 arestas e 8 v\u00e9rtices, com faces diferentes entre si.<\/p>\n\n\n\n<p class=\"has-medium-font-size\">(B) 6 faces quadradas iguais, 12 arestas e 8 v\u00e9rtices, todas formando \u00e2ngulos retos.<\/p>\n\n\n\n<p class=\"has-medium-font-size\">(C) uma base circular e uma superf\u00edcie curva que termina em um ponto, sem v\u00e9rtices.<\/p>\n\n\n\n<p class=\"has-medium-font-size\">(D) curvas, sem faces planas, arestas ou v\u00e9rtices, com todos os pontos da superf\u00edcie iguais.<\/p>\n\n\n\n<p class=\"has-luminous-dusk-gradient-background has-background has-medium-font-size\"><strong>QUEST\u00c3O 3<\/strong><\/p>\n\n\n\n<p class=\"has-medium-font-size\">Imagine uma bola e fa\u00e7a um desenho dela. Em seguida, escreva no espa\u00e7o abaixo o nome do s\u00f3lido geom\u00e9trico que ela representa.<\/p>\n\n\n\n<p class=\"has-luminous-dusk-gradient-background has-background has-medium-font-size\"><strong>QUEST\u00c3O 4<\/strong><\/p>\n\n\n\n<p class=\"has-medium-font-size\">Ligue cada s\u00f3lido geom\u00e9trico \u00e0 sua planifica\u00e7\u00e3o correspondente:<\/p>\n\n\n<div class=\"wp-block-image\">\n<figure class=\"aligncenter size-full is-resized\"><img fetchpriority=\"high\" decoding=\"async\" width=\"801\" height=\"417\" src=\"https:\/\/sme.goiania.go.gov.br\/conexaoescola\/wp-content\/uploads\/2025\/06\/image-102.png\" alt=\"\" class=\"wp-image-197240\" style=\"width:638px;height:auto\" srcset=\"https:\/\/sme.goiania.go.gov.br\/conexaoescola\/wp-content\/uploads\/2025\/06\/image-102.png 801w, https:\/\/sme.goiania.go.gov.br\/conexaoescola\/wp-content\/uploads\/2025\/06\/image-102-300x156.png 300w, https:\/\/sme.goiania.go.gov.br\/conexaoescola\/wp-content\/uploads\/2025\/06\/image-102-768x400.png 768w\" sizes=\"(max-width: 801px) 100vw, 801px\" \/><\/figure><\/div>\n\n\n<p class=\"has-luminous-dusk-gradient-background has-background has-medium-font-size\"><strong>QUEST\u00c3O 5<\/strong><\/p>\n\n\n\n<p class=\"has-medium-font-size\">Qual das alternativas abaixo representa corretamente a planifica\u00e7\u00e3o do cilindro?<\/p>\n\n\n\n<p class=\"has-medium-font-size\">(&nbsp;&nbsp;&nbsp; ) Dois c\u00edrculos iguais e um ret\u00e2ngulo que envolve os c\u00edrculos ao longo da lateral.<\/p>\n\n\n\n<p class=\"has-medium-font-size\">(&nbsp;&nbsp;&nbsp; ) Seis quadrados iguais dispostos em forma de cruz.<\/p>\n\n\n\n<p class=\"has-medium-font-size\">(&nbsp;&nbsp;&nbsp; ) Um quadrado e quatro tri\u00e2ngulos dispostos ao redor.<\/p>\n\n\n\n<p class=\"has-medium-font-size\">(&nbsp;&nbsp;&nbsp; ) Um c\u00edrculo e uma superf\u00edcie curva que termina em um ponto.<\/p>\n\n\n\n<p class=\"has-luminous-dusk-gradient-background has-background has-medium-font-size\"><strong>QUEST\u00c3O 6<\/strong><\/p>\n\n\n\n<p class=\"has-medium-font-size\">Encontre no ca\u00e7a-palavras os nomes de doze objetos que lembram s\u00f3lidos geom\u00e9tricos.<\/p>\n\n\n<div class=\"wp-block-image\">\n<figure class=\"aligncenter size-full\"><img decoding=\"async\" width=\"620\" height=\"387\" src=\"https:\/\/sme.goiania.go.gov.br\/conexaoescola\/wp-content\/uploads\/2025\/06\/image-103.png\" alt=\"\" class=\"wp-image-197241\" srcset=\"https:\/\/sme.goiania.go.gov.br\/conexaoescola\/wp-content\/uploads\/2025\/06\/image-103.png 620w, https:\/\/sme.goiania.go.gov.br\/conexaoescola\/wp-content\/uploads\/2025\/06\/image-103-300x187.png 300w\" sizes=\"(max-width: 620px) 100vw, 620px\" \/><\/figure><\/div>\n\n\n<p class=\"has-luminous-dusk-gradient-background has-background has-medium-font-size\"><strong>QUEST\u00c3O 7<\/strong><\/p>\n\n\n\n<p class=\"has-medium-font-size\">Recorte as partes e monte o s\u00f3lido geom\u00e9trico. Ap\u00f3s, brinque com o seu colega de jogar dados e veja quem marca mais pontos.<\/p>\n\n\n<div class=\"wp-block-image\">\n<figure class=\"aligncenter size-full is-resized\"><img decoding=\"async\" width=\"577\" height=\"728\" src=\"https:\/\/sme.goiania.go.gov.br\/conexaoescola\/wp-content\/uploads\/2025\/06\/image-104.png\" alt=\"\" class=\"wp-image-197242\" style=\"width:361px;height:auto\" srcset=\"https:\/\/sme.goiania.go.gov.br\/conexaoescola\/wp-content\/uploads\/2025\/06\/image-104.png 577w, https:\/\/sme.goiania.go.gov.br\/conexaoescola\/wp-content\/uploads\/2025\/06\/image-104-238x300.png 238w\" sizes=\"(max-width: 577px) 100vw, 577px\" \/><\/figure><\/div>\n\n\n<hr class=\"wp-block-separator has-alpha-channel-opacity\"\/>\n\n\n\n<figure class=\"wp-block-table is-style-stripes\"><table class=\"has-fixed-layout\"><tbody><tr><td><strong>Autoria:<\/strong><\/td><td>Prof.\u00aa Esp. Danielle Assis Borges Fantini<\/td><\/tr><tr><td><strong>Forma\u00e7\u00e3o:<\/strong><\/td><td>Graduanda em Nutri\u00e7\u00e3o. \u00a0 <br><br>Graduada em Jornalismo e Pedagogia. \u00a0 <br><br>P\u00f3s-graduada em: <br>&#8211; MBA em Gest\u00e3o das Tecnologias da Informa\u00e7\u00e3o e da Comunica\u00e7\u00e3o &#8211; Educa\u00e7\u00e3o;<br>&#8211; Doc\u00eancia Universit\u00e1ria; <br>&#8211; Psicopedagogia Institucional e Cl\u00ednica; <br>&#8211; Neuropedagogia Aplicada \u00e0 Educa\u00e7\u00e3o.<\/td><\/tr><tr><td><strong>Componente Curricular:<\/strong><\/td><td>Matem\u00e1tica<\/td><\/tr><tr><td><strong>Conte\u00fado(s)\/objeto(s) de conhecimento:<\/strong><\/td><td>Figuras geom\u00e9tricas espaciais e suas planifica\u00e7\u00f5es; constru\u00e7\u00e3o e representa\u00e7\u00e3o de s\u00f3lidos geom\u00e9tricos.<\/td><\/tr><tr><td><strong>Descritor(es) SAEB:<\/strong><\/td><td>&#8212;<\/td><\/tr><tr><td><strong>Habilidade(s)\/objetivo(s) de aprendizagem e desenvolvimento:<\/strong><\/td><td><strong>DOCUMENTO CURRICULAR PARA GOI\u00c1S &#8211; AMPLIADO:<\/strong> \u00a0 <br>(EF03MA13-B) Construir representa\u00e7\u00e3o dos s\u00f3lidos geom\u00e9tricos, como cubo, bloco retangular, pir\u00e2mide, cone, cilindro e esfera, utilizando recursos diversos: malhas, planifica\u00e7\u00f5es, esbo\u00e7os que os representem em perspectivas simples.<\/td><\/tr><tr><td><strong>Refer\u00eancias:<\/strong><\/td><td>BRASIL. Instituto Nacional de Estudos e Pesquisas Educacionais An\u00edsio Teixeira \u2013 INEP. Matriz de Refer\u00eancia de Matem\u00e1tica. Bras\u00edlia: INEP, [s.d.]. Dispon\u00edvel em: https:\/\/download.inep.gov.br\/educacao_basica\/prova_brasil_saeb\/menu_do_professor\/o_que_cai_nas_provas\/Matriz_de_Referencia_de_Matematica.pdf. Acesso em: 10, jun. 2025. \u00a0 <br><br>CANVA. Ferramenta de design gr\u00e1fico online. Dispon\u00edvel em: https:\/\/www.canva.com\/. Acesso em: 10, jun. 2025. \u00a0 <br><br>DANTE, Luiz Roberto; VIANA, Fernando. \u00c1pis mais: matem\u00e1tica: 3\u00ba ano. S\u00e3o Paulo: \u00c1tica, 2021. \u00a0 <br><br>GOI\u00c1S. Secretaria de Estado da Educa\u00e7\u00e3o. Documento Curricular para Goi\u00e1s: ampliado \u2013 Etapa Ensino Fundamental: anos finais. Goi\u00e2nia: Seduc, 2019. \u00a0 <br><br>SOUZA, Joamir Roberto de; SOUZA, Maria Ang\u00e9lica Reghin de. Entrela\u00e7os: matem\u00e1tica: 3\u00ba ano fundamental: anos iniciais. 1. ed. S\u00e3o Paulo: FTD, 2021.<\/td><\/tr><\/tbody><\/table><\/figure>\n","protected":false},"author":64,"featured_media":197242,"template":"","ef_categoria":[193,19],"ef_ano":[86],"ef_componente":[94],"class_list":["post-197239","ensino_fundamental","type-ensino_fundamental","status-publish","has-post-thumbnail","hentry","ef_categoria-anos-iniciais","ef_categoria-educacao-financeira-e-empreendedorismo","ef_ano-3o-ano","ef_componente-matematica","entry","has-media"],"acf":[],"_links":{"self":[{"href":"https:\/\/sme.goiania.go.gov.br\/conexaoescola\/wp-json\/wp\/v2\/ensino_fundamental\/197239","targetHints":{"allow":["GET"]}}],"collection":[{"href":"https:\/\/sme.goiania.go.gov.br\/conexaoescola\/wp-json\/wp\/v2\/ensino_fundamental"}],"about":[{"href":"https:\/\/sme.goiania.go.gov.br\/conexaoescola\/wp-json\/wp\/v2\/types\/ensino_fundamental"}],"author":[{"embeddable":true,"href":"https:\/\/sme.goiania.go.gov.br\/conexaoescola\/wp-json\/wp\/v2\/users\/64"}],"version-history":[{"count":1,"href":"https:\/\/sme.goiania.go.gov.br\/conexaoescola\/wp-json\/wp\/v2\/ensino_fundamental\/197239\/revisions"}],"predecessor-version":[{"id":197243,"href":"https:\/\/sme.goiania.go.gov.br\/conexaoescola\/wp-json\/wp\/v2\/ensino_fundamental\/197239\/revisions\/197243"}],"wp:featuredmedia":[{"embeddable":true,"href":"https:\/\/sme.goiania.go.gov.br\/conexaoescola\/wp-json\/wp\/v2\/media\/197242"}],"wp:attachment":[{"href":"https:\/\/sme.goiania.go.gov.br\/conexaoescola\/wp-json\/wp\/v2\/media?parent=197239"}],"wp:term":[{"taxonomy":"ef_categoria","embeddable":true,"href":"https:\/\/sme.goiania.go.gov.br\/conexaoescola\/wp-json\/wp\/v2\/ef_categoria?post=197239"},{"taxonomy":"ef_ano","embeddable":true,"href":"https:\/\/sme.goiania.go.gov.br\/conexaoescola\/wp-json\/wp\/v2\/ef_ano?post=197239"},{"taxonomy":"ef_componente","embeddable":true,"href":"https:\/\/sme.goiania.go.gov.br\/conexaoescola\/wp-json\/wp\/v2\/ef_componente?post=197239"}],"curies":[{"name":"wp","href":"https:\/\/api.w.org\/{rel}","templated":true}]}}