{"id":196955,"date":"2025-06-09T11:08:41","date_gmt":"2025-06-09T14:08:41","guid":{"rendered":"https:\/\/sme.goiania.go.gov.br\/conexaoescola\/?post_type=ensino_fundamental&#038;p=196955"},"modified":"2025-08-04T20:37:32","modified_gmt":"2025-08-04T23:37:32","slug":"ciencias-da-natureza-o-caminho-da-sombra","status":"publish","type":"ensino_fundamental","link":"https:\/\/sme.goiania.go.gov.br\/conexaoescola\/ensino_fundamental\/ciencias-da-natureza-o-caminho-da-sombra\/","title":{"rendered":"Ci\u00eancias da Natureza &#8211; O caminho da sombra"},"content":{"rendered":"\n<p class=\"has-background has-medium-font-size\" style=\"background-color:#7acf6566\">ESTA PROPOSTA DE ATIVIDADE DE C<strong>I\u00caNCIAS DA NATUREZA&nbsp;<\/strong>\u00c9 DESTINADA AOS ESTUDANTES DO&nbsp;<strong>2\u00ba ANO<\/strong>&nbsp;DOS ANOS INICIAS DO&nbsp;<strong>ENSINO FUNDAMENTAL<\/strong>.<\/p>\n\n\n\n<div class=\"wp-block-buttons has-custom-font-size has-medium-font-size is-content-justification-center is-layout-flex wp-container-core-buttons-is-layout-16018d1d wp-block-buttons-is-layout-flex\">\n<div class=\"wp-block-button\"><a class=\"wp-block-button__link wp-element-button\" href=\"https:\/\/drive.google.com\/uc?export=download&amp;id=1GCURx5kfUfbZ2t8Qs_tMOx4BMY46AU5E\">BAIXE A ATIVIDADE<\/a><\/div>\n\n\n\n<div class=\"wp-block-button\"><a class=\"wp-block-button__link wp-element-button\" href=\"https:\/\/drive.google.com\/uc?export=download&amp;id=1Kr8rG2hrfZW713JxrsH_yDQGAm9-gFK2\">BAIXE OS SLIDES<\/a><\/div>\n\n\n\n<div class=\"wp-block-button\"><a class=\"wp-block-button__link wp-element-button\" href=\"https:\/\/drive.google.com\/uc?export=download&amp;id=1CON9HHo8g5qUq7MIhBTqYasrF0eh2U9P\">BAIXE O TEXTO<\/a><\/div>\n<\/div>\n\n\n\n<p class=\"has-small-font-size\"><\/p>\n\n\n<div class=\"wp-block-image\">\n<figure class=\"aligncenter size-large is-resized\"><img fetchpriority=\"high\" decoding=\"async\" width=\"1024\" height=\"1024\" src=\"https:\/\/sme.goiania.go.gov.br\/conexaoescola\/wp-content\/uploads\/2025\/06\/3-1024x1024.jpg\" alt=\"\" class=\"wp-image-196956\" style=\"width:463px;height:auto\" srcset=\"https:\/\/sme.goiania.go.gov.br\/conexaoescola\/wp-content\/uploads\/2025\/06\/3-1024x1024.jpg 1024w, https:\/\/sme.goiania.go.gov.br\/conexaoescola\/wp-content\/uploads\/2025\/06\/3-300x300.jpg 300w, https:\/\/sme.goiania.go.gov.br\/conexaoescola\/wp-content\/uploads\/2025\/06\/3-150x150.jpg 150w, https:\/\/sme.goiania.go.gov.br\/conexaoescola\/wp-content\/uploads\/2025\/06\/3-768x768.jpg 768w, https:\/\/sme.goiania.go.gov.br\/conexaoescola\/wp-content\/uploads\/2025\/06\/3.jpg 1500w\" sizes=\"(max-width: 1024px) 100vw, 1024px\" \/><figcaption class=\"wp-element-caption\">Dispon\u00edvel em:&nbsp;<a href=\"https:\/\/www.canva.com\/design\/DAGeb_EVqn8\/0PbOGbkw3PSt5Hh7g0zYCw\/edit?utm_content=DAGeb_EVqn8&amp;utm_campaign=designshare&amp;utm_medium=link2&amp;utm_source=sharebutton\">https:\/\/www.canva.com\/design\/DAGeb_EVqn8\/0PbOGbkw3PSt5Hh7g0zYCw\/edit?utm_content=DAGeb_EVqn8&amp;utm_campaign=designshare&amp;utm_medium=link2&amp;utm_source=sharebutton<\/a><\/figcaption><\/figure><\/div>\n\n\n<p class=\"has-small-font-size\"><\/p>\n\n\n\n<p class=\"has-text-align-center has-medium-font-size\"><strong>O CAMINHO DA SOMBRA<\/strong><\/p>\n\n\n\n<p class=\"has-medium-font-size\">VOC\u00ca J\u00c1 REPAROU QUE A SOMBRA MUDA DE LUGAR AO LONGO DO DIA? QUANDO O SOL NASCE, BEM CEDINHO, AS SOMBRAS FICAM COMPRIDAS E APONTAM PARA UM LADO. NO MEIO DO DIA, O SOL EST\u00c1 BEM ALTO NO C\u00c9U, E A SOMBRA FICA MENOR, QUASE EMBAIXO DA GENTE. MAIS TARDE, QUANDO O SOL EST\u00c1 SE PONDO, AS SOMBRAS CRESCEM DE NOVO, MAS APONTAM PARA O OUTRO LADO.<\/p>\n\n\n<div class=\"wp-block-image\">\n<figure class=\"aligncenter size-full\"><img decoding=\"async\" width=\"1005\" height=\"334\" src=\"https:\/\/sme.goiania.go.gov.br\/conexaoescola\/wp-content\/uploads\/2025\/06\/image-65.png\" alt=\"\" class=\"wp-image-196960\" srcset=\"https:\/\/sme.goiania.go.gov.br\/conexaoescola\/wp-content\/uploads\/2025\/06\/image-65.png 1005w, https:\/\/sme.goiania.go.gov.br\/conexaoescola\/wp-content\/uploads\/2025\/06\/image-65-300x100.png 300w, https:\/\/sme.goiania.go.gov.br\/conexaoescola\/wp-content\/uploads\/2025\/06\/image-65-768x255.png 768w\" sizes=\"(max-width: 1005px) 100vw, 1005px\" \/><figcaption class=\"wp-element-caption\">DISPON\u00cdVEL EM: <a href=\"https:\/\/www.canva.com\/design\/DAGpTYk24xs\/D4nXLhV_-PIzORthB5-4gg\/edit?utm_content=DAGpTYk24xs&amp;utm_campaign=designshare&amp;utm_medium=link2&amp;utm_source=sharebutton &gt;Acesso em 03\/06\/2025\">https:\/\/www.canva.com\/design\/DAGpTYk24xs\/D4nXLhV_-PIzORthB5-4gg\/edit?utm_content=DAGpTYk24xs&amp;utm_campaign=designshare&amp;utm_medium=link2&amp;utm_source=sharebutton <\/a>&gt;Acesso em 03\/06\/2025<\/figcaption><\/figure><\/div>\n\n\n<p class=\"has-small-font-size\"><\/p>\n\n\n\n<p class=\"has-medium-font-size\">ISSO ACONTECE PORQUE O SOL PARECE &#8220;ANDAR&#8221; NO C\u00c9U, MAS, NA VERDADE, \u00c9 A TERRA QUE GIRA. ESSE MOVIMENTO DA TERRA FAZ COM QUE A LUZ DO SOL CHEGUE DE JEITOS DIFERENTES EM CADA HORA DO DIA. \u00c9 POR ISSO QUE A SOMBRA MUDA DE POSI\u00c7\u00c3O E TAMANHO.<\/p>\n\n\n\n<p class=\"has-medium-font-size\">OBSERVAR A SOMBRA \u00c9 UMA FORMA DIVERTIDA DE APRENDER COMO O TEMPO PASSA E COMO O SOL SE MOVIMENTA NO C\u00c9U.&nbsp;<\/p>\n\n\n\n<p class=\"has-medium-font-size\">QUE TAL FAZER UMA EXPERI\u00caNCIA? COLOQUE UM BRINQUEDO NO CH\u00c3O E MARQUE A SOMBRA DELE DE MANH\u00c3, DEPOIS \u00c0 TARDE E NO FIM DO DIA. VOC\u00ca VAI VER COMO ELA MUDA. ASSIM, PODEMOS ENTENDER MELHOR O MOVIMENTO APARENTE DO SOL E O QUE ACONTECE COM A SOMBRA AO LONGO DO DIA!<\/p>\n\n\n\n<p class=\"has-background has-medium-font-size\" style=\"background-color:#6eb261\">Os&nbsp;<strong>slides<\/strong>&nbsp;tamb\u00e9m podem ser baixados diretamente do Canva, apenas depois de baixado \u00e9 poss\u00edvel fazer altera\u00e7\u00f5es. Basta acessar o link: <a href=\"https:\/\/www.canva.com\/design\/DAGpTYk24xs\/D4nXLhV_-PIzORthB5-4gg\/edit?utm_content=DAGpTYk24xs&amp;utm_campaign=designshare&amp;utm_medium=link2&amp;utm_source=sharebutton\"> https:\/\/www.canva.com\/design\/DAGpTYk24xs\/D4nXLhV_-PIzORthB5-4gg\/edit?utm_content=DAGpTYk24xs&amp;utm_campaign=designshare&amp;utm_medium=link2&amp;utm_source=sharebutton<\/a><\/p>\n\n\n\n<p class=\"has-text-align-center has-background has-medium-font-size\" style=\"background-color:#7acf6566\"><strong>ASSISTA A VIDEOAULA SOBRE O ASSUNTO<\/strong><\/p>\n\n\n\n<figure class=\"wp-block-embed is-type-video is-provider-youtube wp-block-embed-youtube wp-embed-aspect-16-9 wp-has-aspect-ratio\"><div class=\"wp-block-embed__wrapper\">\n<p class=\"responsive-video-wrap clr\"><iframe title=\"Ci\u00eancias da Natureza - O CAMINHO DA SOMBRA - 2\u00ba ano do Ensino Fundamental\" width=\"1200\" height=\"675\" src=\"https:\/\/www.youtube.com\/embed\/VB5oYKlKdWg?feature=oembed\" frameborder=\"0\" allow=\"accelerometer; autoplay; clipboard-write; encrypted-media; gyroscope; picture-in-picture; web-share\" referrerpolicy=\"strict-origin-when-cross-origin\" allowfullscreen><\/iframe><\/p>\n<\/div><figcaption class=\"wp-element-caption\">Dispon\u00edvel em: <a href=\"https:\/\/youtu.be\/VB5oYKlKdWg&nbsp;\">https:\/\/youtu.be\/VB5oYKlKdWg <\/a><\/figcaption><\/figure>\n\n\n\n<p class=\"has-small-font-size\"><\/p>\n\n\n\n<p class=\"has-background has-medium-font-size\" style=\"background-color:#6eb261\"><strong>RESPONDA \u00c0S QUEST\u00d5ES.<\/strong><\/p>\n\n\n\n<p class=\"has-background has-medium-font-size\" style=\"background-color:#7acf6566\"><strong>QUEST\u00c3O 1<\/strong><\/p>\n\n\n<div class=\"wp-block-image\">\n<figure class=\"aligncenter size-large\"><img decoding=\"async\" width=\"1024\" height=\"285\" src=\"https:\/\/sme.goiania.go.gov.br\/conexaoescola\/wp-content\/uploads\/2025\/06\/image-66-1024x285.png\" alt=\"\" class=\"wp-image-196968\" srcset=\"https:\/\/sme.goiania.go.gov.br\/conexaoescola\/wp-content\/uploads\/2025\/06\/image-66-1024x285.png 1024w, https:\/\/sme.goiania.go.gov.br\/conexaoescola\/wp-content\/uploads\/2025\/06\/image-66-300x84.png 300w, https:\/\/sme.goiania.go.gov.br\/conexaoescola\/wp-content\/uploads\/2025\/06\/image-66-768x214.png 768w, https:\/\/sme.goiania.go.gov.br\/conexaoescola\/wp-content\/uploads\/2025\/06\/image-66.png 1026w\" sizes=\"(max-width: 1024px) 100vw, 1024px\" \/><figcaption class=\"wp-element-caption\">Dispon\u00edvel em: <a href=\"https:\/\/www.canva.com\/photos\/MADC_iYfZbQ\/ &gt;ACESSO EM 04\/06\/2025.\">https:\/\/www.canva.com\/photos\/MADC_iYfZbQ\/ <\/a>&gt;ACESSO EM 04\/06\/2025.<\/figcaption><\/figure><\/div>\n\n\n<p class=\"has-small-font-size\"><\/p>\n\n\n\n<p class=\"has-medium-font-size\">O TAMANHO DA SOMBRA DE JO\u00c3O AUMENTOU PORQUE&#8230;<\/p>\n\n\n\n<p class=\"has-medium-font-size\">(A) O SOL ESTAVA MAIS FORTE E FEZ A SOMBRA CRESCER MUITO.<\/p>\n\n\n\n<p class=\"has-medium-font-size\">(B) O SOL SE ESCONDEU ATR\u00c1S DE UMA NUVEM NAQUELE MOMENTO.<\/p>\n\n\n\n<p class=\"has-medium-font-size\">(C) O SOL ESTAVA BAIXO NO C\u00c9U E A SOMBRA FICOU COMPRIDA.&nbsp;<\/p>\n\n\n\n<p class=\"has-medium-font-size\">(D) JO\u00c3O ESTAVA PULANDO, E ISSO FEZ SUA SOMBRA MUDAR MUITO.<\/p>\n\n\n\n<p class=\"has-background has-medium-font-size\" style=\"background-color:#7acf6566\"><strong>QUEST\u00c3O 2<\/strong><\/p>\n\n\n<div class=\"wp-block-image\">\n<figure class=\"aligncenter size-full\"><img loading=\"lazy\" decoding=\"async\" width=\"1020\" height=\"237\" src=\"https:\/\/sme.goiania.go.gov.br\/conexaoescola\/wp-content\/uploads\/2025\/06\/image-67.png\" alt=\"\" class=\"wp-image-196969\" srcset=\"https:\/\/sme.goiania.go.gov.br\/conexaoescola\/wp-content\/uploads\/2025\/06\/image-67.png 1020w, https:\/\/sme.goiania.go.gov.br\/conexaoescola\/wp-content\/uploads\/2025\/06\/image-67-300x70.png 300w, https:\/\/sme.goiania.go.gov.br\/conexaoescola\/wp-content\/uploads\/2025\/06\/image-67-768x178.png 768w\" sizes=\"(max-width: 1020px) 100vw, 1020px\" \/><figcaption class=\"wp-element-caption\">Dispon\u00edvel em: <a href=\"https:\/\/pxhere.com\/pt\/photo\/914546 &gt;ACESSO EM 04\/06\/2025.\">https:\/\/pxhere.com\/pt\/photo\/914546 <\/a>&gt;ACESSO EM 04\/06\/2025.<\/figcaption><\/figure><\/div>\n\n\n<p class=\"has-small-font-size\"><\/p>\n\n\n\n<p class=\"has-medium-font-size\">POSTERIORMENTE FORAM CRIADOS OS REL\u00d3GIOS DE SOL QUE FUNCIONAVAM OBSERVANDO<\/p>\n\n\n\n<p class=\"has-medium-font-size\">(A) A SOMBRA DA LUA MUDANDO DURANTE A NOITE INTEIRA.<\/p>\n\n\n\n<p class=\"has-medium-font-size\">(B) AS ESTRELAS GIRANDO NO C\u00c9U E MOSTRANDO A HORA EXATA.<\/p>\n\n\n\n<p class=\"has-medium-font-size\">(C) O TAMANHO DA SOMBRA DO BAST\u00c3O AO LONGO DO DIA.&nbsp;<\/p>\n\n\n\n<p class=\"has-medium-font-size\">(D) O SOM QUE O SOL FAZIA QUANDO SURGIA DE MANH\u00c3 CEDO.<\/p>\n\n\n\n<p class=\"has-background has-medium-font-size\" style=\"background-color:#7acf6566\"><strong>QUEST\u00c3O 3<\/strong><\/p>\n\n\n\n<p class=\"has-medium-font-size\">HOJE EM DIA USAMOS REL\u00d3GIOS DIGITAIS, MAS AINDA PODEMOS APRENDER COM AS SOMBRAS? COMO ISSO PODE NOS AJUDAR NA VIDA REAL?<\/p>\n\n\n\n<p class=\"has-background has-medium-font-size\" style=\"background-color:#7acf6566\"><strong>QUEST\u00c3O 4<\/strong><\/p>\n\n\n\n<p class=\"has-medium-font-size\">MARQUE SUA OPINI\u00c3O SOBRE A FRASE: <strong>\u201cOBSERVAR A SOMBRA ME AJUDA A ENTENDER A HORA DO DIA.\u201d<\/strong><\/p>\n\n\n\n<p class=\"has-medium-font-size\">( &nbsp; ) CONCORDO TOTALMENTE&nbsp;<\/p>\n\n\n\n<p class=\"has-medium-font-size\">( &nbsp; ) CONCORDO&nbsp;<\/p>\n\n\n\n<p class=\"has-medium-font-size\">( &nbsp; ) N\u00c3O TENHO CERTEZA&nbsp;<\/p>\n\n\n\n<p class=\"has-medium-font-size\">( &nbsp; ) DISCORDO&nbsp;<\/p>\n\n\n\n<p class=\"has-medium-font-size\">( &nbsp; ) DISCORDO TOTALMENTE<\/p>\n\n\n\n<p class=\"has-background has-medium-font-size\" style=\"background-color:#7acf6566\"><strong>QUEST\u00c3O 5<\/strong><\/p>\n\n\n\n<p class=\"has-medium-font-size\">OBSERVE A CHARGE A SEGUIR E ESCREVA O QUE ENTENDEU SOBRE ELA. PENSE: O QUE ESSA CHARGE MOSTRA DE DIVERTIDO SOBRE O SOL E A SOMBRA? POR QUE A SOMBRA TENTA SE ESCONDER DO SOL? ISSO ACONTECE NA VIDA REAL?<\/p>\n\n\n<div class=\"wp-block-image\">\n<figure class=\"aligncenter size-full\"><img loading=\"lazy\" decoding=\"async\" width=\"862\" height=\"712\" src=\"https:\/\/sme.goiania.go.gov.br\/conexaoescola\/wp-content\/uploads\/2025\/06\/image-69.png\" alt=\"\" class=\"wp-image-196975\" srcset=\"https:\/\/sme.goiania.go.gov.br\/conexaoescola\/wp-content\/uploads\/2025\/06\/image-69.png 862w, https:\/\/sme.goiania.go.gov.br\/conexaoescola\/wp-content\/uploads\/2025\/06\/image-69-300x248.png 300w, https:\/\/sme.goiania.go.gov.br\/conexaoescola\/wp-content\/uploads\/2025\/06\/image-69-768x634.png 768w\" sizes=\"(max-width: 862px) 100vw, 862px\" \/><\/figure><\/div>\n\n\n<p class=\"has-small-font-size\"><\/p>\n\n\n\n<p class=\"has-background has-medium-font-size\" style=\"background-color:#7acf6566\"><strong>QUEST\u00c3O 6<\/strong><\/p>\n\n\n\n<p class=\"has-medium-font-size\">OBSERVE O DESENHO ABAIXO E EXPLIQUE, COM SUAS PALAVRAS, O QUE ACONTECE COM A SOMBRA DURANTE DIFERENTES HOR\u00c1RIOS DO DIA E POR QUE ISSO ACONTECE.<\/p>\n\n\n<div class=\"wp-block-image\">\n<figure class=\"aligncenter size-full\"><img loading=\"lazy\" decoding=\"async\" width=\"804\" height=\"278\" src=\"https:\/\/sme.goiania.go.gov.br\/conexaoescola\/wp-content\/uploads\/2025\/06\/image-70.png\" alt=\"\" class=\"wp-image-196976\" srcset=\"https:\/\/sme.goiania.go.gov.br\/conexaoescola\/wp-content\/uploads\/2025\/06\/image-70.png 804w, https:\/\/sme.goiania.go.gov.br\/conexaoescola\/wp-content\/uploads\/2025\/06\/image-70-300x104.png 300w, https:\/\/sme.goiania.go.gov.br\/conexaoescola\/wp-content\/uploads\/2025\/06\/image-70-768x266.png 768w\" sizes=\"(max-width: 804px) 100vw, 804px\" \/><figcaption class=\"wp-element-caption\">Dispon\u00edvel em: <a href=\"https:\/\/www.canva.com\/design\/DAGpTYk24xs\/D4nXLhV_-PIzORthB5-4gg\/edit?utm_content=DAGpTYk24xs&amp;utm_campaign=designshare&amp;utm_medium=link2&amp;utm_source=sharebutton &gt;Acesso em 03\/06\/2025\">https:\/\/www.canva.com\/design\/DAGpTYk24xs\/D4nXLhV_-PIzORthB5-4gg\/edit?utm_content=DAGpTYk24xs&amp;utm_campaign=designshare&amp;utm_medium=link2&amp;utm_source=sharebutton <\/a>&gt;Acesso em 03\/06\/2025<\/figcaption><\/figure><\/div>\n\n\n<p class=\"has-small-font-size\"><\/p>\n\n\n\n<p class=\"has-text-align-center has-background has-medium-font-size\" style=\"background-color:#7acf6566\"><strong>HORA DE APRENDER BRINCANDO!<\/strong><\/p>\n\n\n<div class=\"wp-block-image\">\n<figure class=\"aligncenter size-large\"><img loading=\"lazy\" decoding=\"async\" width=\"1024\" height=\"576\" src=\"https:\/\/sme.goiania.go.gov.br\/conexaoescola\/wp-content\/uploads\/2025\/06\/image-72-1024x576.png\" alt=\"\" class=\"wp-image-196978\" srcset=\"https:\/\/sme.goiania.go.gov.br\/conexaoescola\/wp-content\/uploads\/2025\/06\/image-72-1024x576.png 1024w, https:\/\/sme.goiania.go.gov.br\/conexaoescola\/wp-content\/uploads\/2025\/06\/image-72-300x169.png 300w, https:\/\/sme.goiania.go.gov.br\/conexaoescola\/wp-content\/uploads\/2025\/06\/image-72-768x432.png 768w, https:\/\/sme.goiania.go.gov.br\/conexaoescola\/wp-content\/uploads\/2025\/06\/image-72.png 1127w\" sizes=\"(max-width: 1024px) 100vw, 1024px\" \/><figcaption class=\"wp-element-caption\">Dispon\u00edvel em: <a href=\"https:\/\/www.canva.com\/design\/DAGpTYk24xs\/D4nXLhV_-PIzORthB5-4gg\/edit?utm_content=DAGpTYk24xs&amp;utm_campaign=designshare&amp;utm_medium=link2&amp;utm_source=sharebutton &gt;Acesso em 03\/06\/2025\">https:\/\/www.canva.com\/design\/DAGpTYk24xs\/D4nXLhV_-PIzORthB5-4gg\/edit?utm_content=DAGpTYk24xs&amp;utm_campaign=designshare&amp;utm_medium=link2&amp;utm_source=sharebutton &gt;Acesso em 03\/06\/2025<\/a><\/figcaption><\/figure><\/div>\n\n\n<p class=\"has-small-font-size\"><\/p>\n\n\n\n<figure class=\"wp-block-embed aligncenter is-type-wp-embed is-provider-wordwall wp-block-embed-wordwall\"><div class=\"wp-block-embed__wrapper\">\n<div class=\"oceanwp-oembed-wrap clr\"><iframe class=\"wp-embedded-content\" sandbox=\"allow-scripts\" security=\"restricted\" title=\"JOGO DAS SOMBRAS 03\" src=\"https:\/\/wordwall.net\/pt\/embed\/2ea4e565270b4461a8694bb0ca35f481?themeId=23&#038;ref=oembed#?secret=KYanhm9vcT\" data-secret=\"KYanhm9vcT\" width=\"500\" height=\"380\" frameborder=\"0\"><\/iframe><\/div>\n<\/div><figcaption class=\"wp-element-caption\">Dispon\u00edvel em: <a href=\"https:\/\/wordwall.net\/pt\/resource\/5007999\">https:\/\/wordwall.net\/pt\/resource\/5007999<\/a><\/figcaption><\/figure>\n\n\n\n<p class=\"has-small-font-size\"><\/p>\n\n\n\n<hr class=\"wp-block-separator has-alpha-channel-opacity is-style-wide\"\/>\n\n\n\n<figure class=\"wp-block-table is-style-stripes\"><table><tbody><tr><td><strong>Autoria:<\/strong><\/td><td>Andrielly Campos<\/td><\/tr><tr><td><strong>Forma\u00e7\u00e3o:<\/strong><\/td><td>Letras: Portugu\u00eas \/ Ingl\u00eas e Pedagogia<\/td><\/tr><tr><td><strong>Componente Curricular:<\/strong><\/td><td>Ci\u00eancias da Natureza<\/td><\/tr><tr><td><strong>Objeto(s) de Conhecimento:<\/strong><\/td><td>Movimento aparente do Sol no c\u00e9u:<br>&#8211; Posi\u00e7\u00e3o aparente do Sol.<br>O Sol como fonte de luz e calor:<br>&#8211; Radia\u00e7\u00e3o solar.<br>Efeitos da radia\u00e7\u00e3o solar para os seres vivos.<br>Aquecimento e reflex\u00e3o em diferentes materiais.<\/td><\/tr><tr><td><strong>Habilidades:<\/strong><\/td><td>(EF02CI07-A) Observar e identificar as mudan\u00e7as ocorridas na sombra projetada na Terra, em diferentes hor\u00e1rios do dia, reconhecendo o movimento aparente do Sol.<\/td><\/tr><tr><td><strong>Refer\u00eancias:&nbsp;<\/strong><\/td><td>GOI\u00c1S. Documento Curricular para Goi\u00e1s \u2013 Ampliado. Volume II. Ensino Fundamental Anos Finais. CONSED; UNDIME, 2018. Dispon\u00edvel em &lt;<a href=\"https:\/\/sme.goiania.go.gov.br\/site\/index.php\/institucional\/documentos-oficiais-2\/category\/27-documentos-gerais&amp;gt&amp;gt\">https:\/\/sme.goiania.go.gov.br\/site\/index.php\/institucional\/documentos-oficiais-2\/category\/27-documentos-gerais&amp;gt&amp;gt<\/a>;&gt; Acesso em 03\/06\/2025.<br><br>MENDON\u00c7A, Vivian Lavander; COSTA, Tereza. <strong>Da Escola para o Mundo<\/strong>: ci\u00eancias 2\u00ba ano. S\u00e3o Paulo: Editora Scipione, 2021.<br><br>BIGAISKI, Denise; SOURIENT, Lilian. <strong>Akpal\u00f4<\/strong>: ci\u00eancias 2\u00ba ano. S\u00e3o Paulo: Editora do Brasil, 2021.<br><br>NIGRO, Rog\u00e9rio G.. <strong>\u00c1pis mais<\/strong>: ci\u00eancias 2\u00ba ano. S\u00e3o Paulo: Editora \u00c1tica, 2021.<br><br>ZAMBONI, Andr\u00e9 <em>et al<\/em> (ed.). <strong>Aprender Juntos<\/strong>: ci\u00eancias 2\u00ba ano. 7. ed. S\u00e3o Paulo: Sm, 2021.<\/td><\/tr><\/tbody><\/table><\/figure>\n","protected":false},"author":43,"featured_media":196956,"template":"","ef_categoria":[193,13],"ef_ano":[85],"ef_componente":[98],"class_list":["post-196955","ensino_fundamental","type-ensino_fundamental","status-publish","has-post-thumbnail","hentry","ef_categoria-anos-iniciais","ef_categoria-ciclo-da-infancia-abc","ef_ano-2o-ano","ef_componente-ciencia-da-natureza-ef","entry","has-media"],"acf":[],"_links":{"self":[{"href":"https:\/\/sme.goiania.go.gov.br\/conexaoescola\/wp-json\/wp\/v2\/ensino_fundamental\/196955","targetHints":{"allow":["GET"]}}],"collection":[{"href":"https:\/\/sme.goiania.go.gov.br\/conexaoescola\/wp-json\/wp\/v2\/ensino_fundamental"}],"about":[{"href":"https:\/\/sme.goiania.go.gov.br\/conexaoescola\/wp-json\/wp\/v2\/types\/ensino_fundamental"}],"author":[{"embeddable":true,"href":"https:\/\/sme.goiania.go.gov.br\/conexaoescola\/wp-json\/wp\/v2\/users\/43"}],"version-history":[{"count":2,"href":"https:\/\/sme.goiania.go.gov.br\/conexaoescola\/wp-json\/wp\/v2\/ensino_fundamental\/196955\/revisions"}],"predecessor-version":[{"id":198189,"href":"https:\/\/sme.goiania.go.gov.br\/conexaoescola\/wp-json\/wp\/v2\/ensino_fundamental\/196955\/revisions\/198189"}],"wp:featuredmedia":[{"embeddable":true,"href":"https:\/\/sme.goiania.go.gov.br\/conexaoescola\/wp-json\/wp\/v2\/media\/196956"}],"wp:attachment":[{"href":"https:\/\/sme.goiania.go.gov.br\/conexaoescola\/wp-json\/wp\/v2\/media?parent=196955"}],"wp:term":[{"taxonomy":"ef_categoria","embeddable":true,"href":"https:\/\/sme.goiania.go.gov.br\/conexaoescola\/wp-json\/wp\/v2\/ef_categoria?post=196955"},{"taxonomy":"ef_ano","embeddable":true,"href":"https:\/\/sme.goiania.go.gov.br\/conexaoescola\/wp-json\/wp\/v2\/ef_ano?post=196955"},{"taxonomy":"ef_componente","embeddable":true,"href":"https:\/\/sme.goiania.go.gov.br\/conexaoescola\/wp-json\/wp\/v2\/ef_componente?post=196955"}],"curies":[{"name":"wp","href":"https:\/\/api.w.org\/{rel}","templated":true}]}}