{"id":196889,"date":"2025-06-09T16:33:55","date_gmt":"2025-06-09T19:33:55","guid":{"rendered":"https:\/\/sme.goiania.go.gov.br\/conexaoescola\/?post_type=ensino_fundamental&#038;p=196889"},"modified":"2025-06-13T16:52:42","modified_gmt":"2025-06-13T19:52:42","slug":"lingua-portuguesa-ler-alem-do-texto","status":"publish","type":"ensino_fundamental","link":"https:\/\/sme.goiania.go.gov.br\/conexaoescola\/ensino_fundamental\/lingua-portuguesa-ler-alem-do-texto\/","title":{"rendered":"L\u00edngua Portuguesa: Ler Al\u00e9m do Texto"},"content":{"rendered":"\n<p class=\"has-pale-cyan-blue-background-color has-background has-medium-font-size\">ESTA PROPOSTA DE ATIVIDADE DE&nbsp;<strong>L\u00cdNGUA PORTUGUESA&nbsp;<\/strong>\u00c9 DESTINADA AOS ESTUDANTES DO&nbsp;<strong>5\u00ba ANO<\/strong>&nbsp;DOS ANOS INICIAS DO&nbsp;<strong>ENSINO FUNDAMENTAL<\/strong>.<\/p>\n\n\n\n<div class=\"wp-block-buttons is-content-justification-center is-layout-flex wp-container-core-buttons-is-layout-16018d1d wp-block-buttons-is-layout-flex\">\n<div class=\"wp-block-button\"><a class=\"wp-block-button__link has-medium-font-size has-text-align-center has-custom-font-size wp-element-button\" href=\"https:\/\/drive.google.com\/uc?export=download&amp;id=1NLzjS0CeojePJuJ5ExGs8xkGj0oGiWK-\">BAIXE A ATIVIDADE<\/a><\/div>\n\n\n\n<div class=\"wp-block-button\"><a class=\"wp-block-button__link has-medium-font-size has-custom-font-size wp-element-button\" href=\"https:\/\/drive.google.com\/uc?export=download&amp;id=15fTWO7nFZ-Fqpa8UfpZfAbKrr16uy0JR\">BAIXE OS SLIDES<\/a><\/div>\n\n\n\n<div class=\"wp-block-button\"><a class=\"wp-block-button__link has-medium-font-size has-custom-font-size wp-element-button\" href=\"https:\/\/drive.google.com\/uc?export=download&amp;id=1Va24UD9Nm8Q2lYM7TMzyC_wgWvQdRM6_\">BAIXE O TEXTO<\/a><\/div>\n<\/div>\n\n\n\n<p><\/p>\n\n\n<div class=\"wp-block-image\">\n<figure class=\"aligncenter size-large is-resized\"><img fetchpriority=\"high\" decoding=\"async\" width=\"1024\" height=\"576\" src=\"https:\/\/sme.goiania.go.gov.br\/conexaoescola\/wp-content\/uploads\/2025\/06\/Colorful-Creative-Illustrative-Importance-Of-Literacy-Presentation-1-1024x576.png\" alt=\"\" class=\"wp-image-196892\" style=\"width:674px;height:auto\" srcset=\"https:\/\/sme.goiania.go.gov.br\/conexaoescola\/wp-content\/uploads\/2025\/06\/Colorful-Creative-Illustrative-Importance-Of-Literacy-Presentation-1-1024x576.png 1024w, https:\/\/sme.goiania.go.gov.br\/conexaoescola\/wp-content\/uploads\/2025\/06\/Colorful-Creative-Illustrative-Importance-Of-Literacy-Presentation-1-300x169.png 300w, https:\/\/sme.goiania.go.gov.br\/conexaoescola\/wp-content\/uploads\/2025\/06\/Colorful-Creative-Illustrative-Importance-Of-Literacy-Presentation-1-768x432.png 768w, https:\/\/sme.goiania.go.gov.br\/conexaoescola\/wp-content\/uploads\/2025\/06\/Colorful-Creative-Illustrative-Importance-Of-Literacy-Presentation-1-1536x864.png 1536w, https:\/\/sme.goiania.go.gov.br\/conexaoescola\/wp-content\/uploads\/2025\/06\/Colorful-Creative-Illustrative-Importance-Of-Literacy-Presentation-1.png 1920w\" sizes=\"(max-width: 1024px) 100vw, 1024px\" \/><\/figure><\/div>\n\n\n<figure class=\"wp-block-image size-full\"><img decoding=\"async\" width=\"873\" height=\"576\" src=\"https:\/\/sme.goiania.go.gov.br\/conexaoescola\/wp-content\/uploads\/2025\/06\/image-74.png\" alt=\"\" class=\"wp-image-197003\" srcset=\"https:\/\/sme.goiania.go.gov.br\/conexaoescola\/wp-content\/uploads\/2025\/06\/image-74.png 873w, https:\/\/sme.goiania.go.gov.br\/conexaoescola\/wp-content\/uploads\/2025\/06\/image-74-300x198.png 300w, https:\/\/sme.goiania.go.gov.br\/conexaoescola\/wp-content\/uploads\/2025\/06\/image-74-768x507.png 768w\" sizes=\"(max-width: 873px) 100vw, 873px\" \/><\/figure>\n\n\n\n<p class=\"has-medium-font-size\"><strong>A professora sorriu e disse:<br>\u2014 Muito bem, J\u00falia! \u00c9 exatamente isso! Um gr\u00e1fico pode nos contar.<\/strong><\/p>\n\n\n\n<p class=\"has-medium-font-size\"><strong>Ler n\u00e3o \u00e9 s\u00f3 decifrar letras \u2014 \u00e9 tamb\u00e9m enxergar al\u00e9m delas.&nbsp; Quando encontramos uma imagem, gr\u00e1fico ou tabela junto a um texto, \u00e9 como se ganh\u00e1ssemos uma lupa especial que nos ajuda a entender melhor a mensagem.<\/strong><\/p>\n\n\n\n<figure class=\"wp-block-image size-full\"><img decoding=\"async\" width=\"873\" height=\"667\" src=\"https:\/\/sme.goiania.go.gov.br\/conexaoescola\/wp-content\/uploads\/2025\/06\/image-75.png\" alt=\"\" class=\"wp-image-197004\" srcset=\"https:\/\/sme.goiania.go.gov.br\/conexaoescola\/wp-content\/uploads\/2025\/06\/image-75.png 873w, https:\/\/sme.goiania.go.gov.br\/conexaoescola\/wp-content\/uploads\/2025\/06\/image-75-300x229.png 300w, https:\/\/sme.goiania.go.gov.br\/conexaoescola\/wp-content\/uploads\/2025\/06\/image-75-768x587.png 768w\" sizes=\"(max-width: 873px) 100vw, 873px\" \/><\/figure>\n\n\n\n<figure class=\"wp-block-image size-full\"><img loading=\"lazy\" decoding=\"async\" width=\"864\" height=\"479\" src=\"https:\/\/sme.goiania.go.gov.br\/conexaoescola\/wp-content\/uploads\/2025\/06\/image-76.png\" alt=\"\" class=\"wp-image-197005\" srcset=\"https:\/\/sme.goiania.go.gov.br\/conexaoescola\/wp-content\/uploads\/2025\/06\/image-76.png 864w, https:\/\/sme.goiania.go.gov.br\/conexaoescola\/wp-content\/uploads\/2025\/06\/image-76-300x166.png 300w, https:\/\/sme.goiania.go.gov.br\/conexaoescola\/wp-content\/uploads\/2025\/06\/image-76-768x426.png 768w\" sizes=\"(max-width: 864px) 100vw, 864px\" \/><\/figure>\n\n\n\n<p class=\"has-medium-font-size\"><strong>Ler com aten\u00e7\u00e3o \u00e9 enxergar com o cora\u00e7\u00e3o e a mente. Gr\u00e1ficos, imagens e tabelas n\u00e3o s\u00e3o enfeites \u2014 s\u00e3o caminhos que ampliam o olhar e aprofundam a compreens\u00e3o. Quando aprendemos a ler esses sinais visuais, transformamos n\u00fameros em reflex\u00f5es, cores em atitudes e dados em sabedoria.&nbsp;<\/strong><br><\/p>\n\n\n\n<p class=\"has-text-align-center has-pale-cyan-blue-background-color has-background has-medium-font-size\"><strong>Assista \u00e0 videoaula sobre este assunto<\/strong><\/p>\n\n\n\n<figure class=\"wp-block-embed is-type-video is-provider-youtube wp-block-embed-youtube wp-embed-aspect-16-9 wp-has-aspect-ratio\"><div class=\"wp-block-embed__wrapper\">\n<p class=\"responsive-video-wrap clr\"><iframe title=\"Ler Al\u00e9m do Texto\" width=\"1200\" height=\"675\" src=\"https:\/\/www.youtube.com\/embed\/uF7TadSBAxs?feature=oembed\" frameborder=\"0\" allow=\"accelerometer; autoplay; clipboard-write; encrypted-media; gyroscope; picture-in-picture; web-share\" referrerpolicy=\"strict-origin-when-cross-origin\" allowfullscreen><\/iframe><\/p>\n<\/div><\/figure>\n\n\n\n<p class=\"has-text-align-center has-small-font-size\">Dispon\u00edvel em: <a href=\"https:\/\/youtu.be\/uF7TadSBAxs\">https:\/\/youtu.be\/uF7TadSBAxs<\/a><\/p>\n\n\n\n<p class=\"has-text-align-center has-background has-medium-font-size\" style=\"background:linear-gradient(135deg,rgb(6,147,227) 87%,rgb(155,81,224) 100%)\"><strong>RESPONDA \u00c0S QUEST\u00d5ES<\/strong><\/p>\n\n\n\n<p class=\"has-medium-font-size\">Leia e observe o texto a seguir:&nbsp;<\/p>\n\n\n\n<h4 class=\"wp-block-heading has-text-align-center has-medium-font-size\"><strong>A Natureza Pede Ajuda<\/strong><\/h4>\n\n\n\n<p class=\"has-medium-font-size\">O planeta Terra \u00e9 a nossa casa. Mas, infelizmente, muitas pessoas ainda jogam lixo nas ruas, poluem os rios e desperdi\u00e7am \u00e1gua.<br>A boa not\u00edcia \u00e9 que pequenas a\u00e7\u00f5es podem fazer uma grande diferen\u00e7a! Separar o lixo, economizar \u00e1gua e cuidar das plantas s\u00e3o atitudes simples, mas poderosas.<br>Quando cada pessoa faz a sua parte, a natureza agradece \u2014 e todos n\u00f3s ganhamos um mundo mais limpo e saud\u00e1vel.<\/p>\n\n\n\n<p class=\"has-medium-font-size\">Hoje vamos conhecer um gr\u00e1fico super interessante que mostra como os estudantes da Escola Verde est\u00e3o ajudando a cuidar do nosso planeta. Cada barrinha aqui representa uma atitude sustent\u00e1vel praticada por essas crian\u00e7as \u2014 desde reciclar o lixo at\u00e9 plantar \u00e1rvores. Vamos observar com aten\u00e7\u00e3o e interpretar as informa\u00e7\u00f5es. O que ser\u00e1 que mais gente faz? E o que poucos ainda est\u00e3o fazendo? Vamos descobrir e pensar juntos em como podemos contribuir tamb\u00e9m!<\/p>\n\n\n\n<figure class=\"wp-block-image size-full\"><img loading=\"lazy\" decoding=\"async\" width=\"781\" height=\"445\" src=\"https:\/\/sme.goiania.go.gov.br\/conexaoescola\/wp-content\/uploads\/2025\/06\/image-77.png\" alt=\"\" class=\"wp-image-197009\" srcset=\"https:\/\/sme.goiania.go.gov.br\/conexaoescola\/wp-content\/uploads\/2025\/06\/image-77.png 781w, https:\/\/sme.goiania.go.gov.br\/conexaoescola\/wp-content\/uploads\/2025\/06\/image-77-300x171.png 300w, https:\/\/sme.goiania.go.gov.br\/conexaoescola\/wp-content\/uploads\/2025\/06\/image-77-768x438.png 768w\" sizes=\"(max-width: 781px) 100vw, 781px\" \/><\/figure>\n\n\n\n<p class=\"has-pale-cyan-blue-background-color has-background has-medium-font-size\"><strong>QUEST\u00c3O 01<\/strong><\/p>\n\n\n\n<p class=\"has-medium-font-size\"><strong>De acordo com o gr\u00e1fico, a a\u00e7\u00e3o mais realizada pelo maior n\u00famero de alunos da Escola Verde \u00e9<\/strong><\/p>\n\n\n\n<p class=\"has-medium-font-size\"><strong>(A) plantar \u00e1rvores.<\/strong><\/p>\n\n\n\n<p class=\"has-medium-font-size\"><strong>(B) reutilizar materias.<\/strong><\/p>\n\n\n\n<p class=\"has-medium-font-size\"><strong>(C) reciclar o lixo.<\/strong><\/p>\n\n\n\n<p class=\"has-medium-font-size\"><strong>(D) economizar \u00e1gua.<\/strong><\/p>\n\n\n\n<p class=\"has-pale-cyan-blue-background-color has-background has-medium-font-size\"><strong>QUEST\u00c3O 02<\/strong><\/p>\n\n\n\n<p class=\"has-medium-font-size\"><strong>A atitude que&nbsp; teve menor participa\u00e7\u00e3o entre os alunos foi&nbsp;<\/strong><\/p>\n\n\n\n<p class=\"has-medium-font-size\"><strong>(A) economizar \u00e1gua.<br>(B) plantar \u00e1rvores.<br>(C) apagar a luz.<br>(D) reutilizar materiais.<\/strong><\/p>\n\n\n\n<p class=\"has-pale-cyan-blue-background-color has-background has-medium-font-size\"><strong>QUEST\u00c3O 03 <\/strong><\/p>\n\n\n\n<p class=\"has-medium-font-size\"><strong>De acordo com o texto, o que podemos fazer para ajudar o meio ambiente?<\/strong><\/p>\n\n\n\n<p class=\"has-medium-font-size\"><strong>(A) usar mais sacolas pl\u00e1sticas.<\/strong><\/p>\n\n\n\n<p class=\"has-medium-font-size\"><strong>(B) jogar lixo nos rios.<\/strong><\/p>\n\n\n\n<p class=\"has-medium-font-size\"><strong>(C) separar o lixo e cuidar das plantas.<\/strong><\/p>\n\n\n\n<p class=\"has-medium-font-size\"><strong>(D) deixar a torneira aberta.<\/strong><\/p>\n\n\n\n<p class=\"has-pale-cyan-blue-background-color has-background has-medium-font-size\"><strong>QUEST\u00c3O 4<\/strong><\/p>\n\n\n\n<p class=\"has-medium-font-size\"><strong>Leia as afirma\u00e7\u00f5es abaixo baseadas no gr\u00e1fico e marque (V) para verdadeiro e (F) para falso:<\/strong><\/p>\n\n\n\n<figure class=\"wp-block-image size-full\"><img loading=\"lazy\" decoding=\"async\" width=\"833\" height=\"325\" src=\"https:\/\/sme.goiania.go.gov.br\/conexaoescola\/wp-content\/uploads\/2025\/06\/image-79.png\" alt=\"\" class=\"wp-image-197014\" srcset=\"https:\/\/sme.goiania.go.gov.br\/conexaoescola\/wp-content\/uploads\/2025\/06\/image-79.png 833w, https:\/\/sme.goiania.go.gov.br\/conexaoescola\/wp-content\/uploads\/2025\/06\/image-79-300x117.png 300w, https:\/\/sme.goiania.go.gov.br\/conexaoescola\/wp-content\/uploads\/2025\/06\/image-79-768x300.png 768w\" sizes=\"(max-width: 833px) 100vw, 833px\" \/><\/figure>\n\n\n\n<p class=\"has-pale-cyan-blue-background-color has-background has-medium-font-size\"><strong>QUEST\u00c3O 05<\/strong><\/p>\n\n\n\n<figure class=\"wp-block-image size-full\"><img loading=\"lazy\" decoding=\"async\" width=\"856\" height=\"221\" src=\"https:\/\/sme.goiania.go.gov.br\/conexaoescola\/wp-content\/uploads\/2025\/06\/image-80.png\" alt=\"\" class=\"wp-image-197016\" srcset=\"https:\/\/sme.goiania.go.gov.br\/conexaoescola\/wp-content\/uploads\/2025\/06\/image-80.png 856w, https:\/\/sme.goiania.go.gov.br\/conexaoescola\/wp-content\/uploads\/2025\/06\/image-80-300x77.png 300w, https:\/\/sme.goiania.go.gov.br\/conexaoescola\/wp-content\/uploads\/2025\/06\/image-80-768x198.png 768w\" sizes=\"(max-width: 856px) 100vw, 856px\" \/><\/figure>\n\n\n\n<p class=\"has-pale-cyan-blue-background-color has-background has-medium-font-size\"><strong>QUEST\u00c3O 06<\/strong><\/p>\n\n\n\n<figure class=\"wp-block-image size-full\"><img loading=\"lazy\" decoding=\"async\" width=\"850\" height=\"718\" src=\"https:\/\/sme.goiania.go.gov.br\/conexaoescola\/wp-content\/uploads\/2025\/06\/image-83.png\" alt=\"\" class=\"wp-image-197046\" srcset=\"https:\/\/sme.goiania.go.gov.br\/conexaoescola\/wp-content\/uploads\/2025\/06\/image-83.png 850w, https:\/\/sme.goiania.go.gov.br\/conexaoescola\/wp-content\/uploads\/2025\/06\/image-83-300x253.png 300w, https:\/\/sme.goiania.go.gov.br\/conexaoescola\/wp-content\/uploads\/2025\/06\/image-83-768x649.png 768w\" sizes=\"(max-width: 850px) 100vw, 850px\" \/><\/figure>\n\n\n\n<hr class=\"wp-block-separator has-alpha-channel-opacity\"\/>\n\n\n\n<figure class=\"wp-block-table has-medium-font-size\"><table class=\"has-fixed-layout\"><tbody><tr><td><strong>Autoria<\/strong><\/td><td>Professora Dra. Sueidy Lourencio<\/td><\/tr><tr><td><strong>Forma\u00e7\u00e3o<\/strong><\/td><td>Letras &#8211; Portugu\u00eas\/ Ingl\u00eas &#8211; Doutorado em Educa\u00e7\u00e3o<\/td><\/tr><tr><td><strong>Componente Curricular<\/strong><\/td><td>L\u00edngua Portuguesa<\/td><\/tr><tr><td><strong>Descritor<\/strong><\/td><td>D5 &#8211; Interpretar texto com aux\u00edlio de material gr\u00e1fico diverso (propagandas, quadrinhos, foto etc.).<\/td><\/tr><tr><td><strong>Conte\u00fado(s)\/Objeto(s) de conhecimento<\/strong><\/td><td>Compreens\u00e3o e interpreta\u00e7\u00e3o de ima-gens, gr\u00e1ficos, tabelas em textos.<br>Efeitos de sentido: recursos expressi-vos gr\u00e1fico-visuais<br>Textos multisemi\u00f3ticos: articula\u00e7\u00e3o entretexto verbal e recursos gr\u00e1fico-editoriais<\/td><\/tr><tr><td><strong>Habilidades<\/strong><\/td><td>(EF15LP04-A) Compreender e interpretar como as imagens, gr\u00e1ficos e tabelas relacionam-se com a constru\u00e7\u00e3o de sentido do texto.<\/td><\/tr><tr><td><strong>Refer\u00eancias<\/strong><\/td><td>BORDINI, M. da G. Poesia e consci\u00eancia ling\u00fc\u00edstica na inf\u00e2ncia. In: SMOLKA, A. L. B. et all. Leitura e desenvolvimento da linguagem. Porto Alegre: Mercado Aberto, 1989.<br>COELHO, Nelly Novaes. A literatura infantil: hist\u00f3ria, teoria, an\u00e1lise: das origens orientais ao Brasil de hoje. 2. ed. S\u00e3o Paulo: Qu\u00edron\/Global, 1982.&nbsp;<br>CUNHA, Maria Antonieta Antunes. Literatura infantil teoria &amp; pr\u00e1tica. 11. ed. S\u00e3o Paulo, \u00c1tica, 1991.<br><br>CANVA, Plataforma online de design. Dispon\u00edvel em: <a href=\"http:\/\/www.canva.com\/\">www.canva.com<\/a>.&nbsp; Acesso em: 19\/02\/2025.<br>GOI\u00c1S. Documento Curricular para Goi\u00e1s \u2013 Ampliado. Volume II. Ensino Fundamental Anos Finais. CONSED; UNDIME, 2018.&nbsp;<\/td><\/tr><\/tbody><\/table><\/figure>\n\n\n\n<hr class=\"wp-block-separator has-alpha-channel-opacity\"\/>\n\n\n\n<p><\/p>\n","protected":false},"author":37,"featured_media":196892,"template":"","ef_categoria":[15,30],"ef_ano":[88],"ef_componente":[93],"class_list":["post-196889","ensino_fundamental","type-ensino_fundamental","status-publish","has-post-thumbnail","hentry","ef_categoria-ciclo-da-adolescencia-fg","ef_categoria-etica-e-cidadania-ciclo-da-adolescencia-fg","ef_ano-5o-ano","ef_componente-portugues","entry","has-media"],"acf":[],"_links":{"self":[{"href":"https:\/\/sme.goiania.go.gov.br\/conexaoescola\/wp-json\/wp\/v2\/ensino_fundamental\/196889","targetHints":{"allow":["GET"]}}],"collection":[{"href":"https:\/\/sme.goiania.go.gov.br\/conexaoescola\/wp-json\/wp\/v2\/ensino_fundamental"}],"about":[{"href":"https:\/\/sme.goiania.go.gov.br\/conexaoescola\/wp-json\/wp\/v2\/types\/ensino_fundamental"}],"author":[{"embeddable":true,"href":"https:\/\/sme.goiania.go.gov.br\/conexaoescola\/wp-json\/wp\/v2\/users\/37"}],"version-history":[{"count":6,"href":"https:\/\/sme.goiania.go.gov.br\/conexaoescola\/wp-json\/wp\/v2\/ensino_fundamental\/196889\/revisions"}],"predecessor-version":[{"id":197107,"href":"https:\/\/sme.goiania.go.gov.br\/conexaoescola\/wp-json\/wp\/v2\/ensino_fundamental\/196889\/revisions\/197107"}],"wp:featuredmedia":[{"embeddable":true,"href":"https:\/\/sme.goiania.go.gov.br\/conexaoescola\/wp-json\/wp\/v2\/media\/196892"}],"wp:attachment":[{"href":"https:\/\/sme.goiania.go.gov.br\/conexaoescola\/wp-json\/wp\/v2\/media?parent=196889"}],"wp:term":[{"taxonomy":"ef_categoria","embeddable":true,"href":"https:\/\/sme.goiania.go.gov.br\/conexaoescola\/wp-json\/wp\/v2\/ef_categoria?post=196889"},{"taxonomy":"ef_ano","embeddable":true,"href":"https:\/\/sme.goiania.go.gov.br\/conexaoescola\/wp-json\/wp\/v2\/ef_ano?post=196889"},{"taxonomy":"ef_componente","embeddable":true,"href":"https:\/\/sme.goiania.go.gov.br\/conexaoescola\/wp-json\/wp\/v2\/ef_componente?post=196889"}],"curies":[{"name":"wp","href":"https:\/\/api.w.org\/{rel}","templated":true}]}}