{"id":196644,"date":"2025-06-02T11:55:42","date_gmt":"2025-06-02T14:55:42","guid":{"rendered":"https:\/\/sme.goiania.go.gov.br\/conexaoescola\/?post_type=ensino_fundamental&#038;p=196644"},"modified":"2025-06-02T11:55:46","modified_gmt":"2025-06-02T14:55:46","slug":"arte-artes-visuais-espacos-da-arte","status":"publish","type":"ensino_fundamental","link":"https:\/\/sme.goiania.go.gov.br\/conexaoescola\/ensino_fundamental\/arte-artes-visuais-espacos-da-arte\/","title":{"rendered":"ARTE\/ARTES VISUAIS: ESPA\u00c7OS DA ARTE"},"content":{"rendered":"\n<p class=\"has-text-align-center has-background has-medium-font-size\" style=\"background-color:#fcb90063\">ESTA PROPOSTA DE ATIVIDADE DE <strong>ARTE\/ARTES VISUAIS<\/strong> \u00c9 DESTINADA AOS ESTUDANTES DO 2\u00ba ANO DO ENSINO FUNDAMENTAL.<\/p>\n\n\n\n<p><\/p>\n\n\n\n<div class=\"wp-block-buttons is-content-justification-center is-layout-flex wp-container-core-buttons-is-layout-16018d1d wp-block-buttons-is-layout-flex\">\n<div class=\"wp-block-button\"><a class=\"wp-block-button__link has-medium-font-size has-custom-font-size wp-element-button\" href=\"https:\/\/drive.google.com\/uc?export=download&amp;id=19N_Ws_QQ8FAQd2ka0aEPWHCOkM8D_AMA\">BAIXE A ATIVIDADE<\/a><\/div>\n\n\n\n<div class=\"wp-block-button\"><a class=\"wp-block-button__link has-medium-font-size has-custom-font-size wp-element-button\" href=\"https:\/\/drive.google.com\/uc?export=download&amp;id=1zjTlU9tt3E6SUwSepYNYbnKorMcvGS23\">BAIXE OS SLIDES<\/a><\/div>\n\n\n\n<div class=\"wp-block-button\"><a class=\"wp-block-button__link has-medium-font-size has-custom-font-size wp-element-button\" href=\"https:\/\/drive.google.com\/uc?export=download&amp;id=1LLcpM3iUlONipShHiAb01mqoekCqV2TG\">BAIXE O TEXTO<\/a><\/div>\n<\/div>\n\n\n\n<p class=\"has-text-align-center has-small-font-size\"><\/p>\n\n\n<div class=\"wp-block-image\">\n<figure class=\"aligncenter size-full is-resized\"><img fetchpriority=\"high\" decoding=\"async\" width=\"568\" height=\"428\" src=\"https:\/\/sme.goiania.go.gov.br\/conexaoescola\/wp-content\/uploads\/2025\/06\/image.png\" alt=\"\" class=\"wp-image-196645\" style=\"width:438px;height:auto\" srcset=\"https:\/\/sme.goiania.go.gov.br\/conexaoescola\/wp-content\/uploads\/2025\/06\/image.png 568w, https:\/\/sme.goiania.go.gov.br\/conexaoescola\/wp-content\/uploads\/2025\/06\/image-300x226.png 300w\" sizes=\"(max-width: 568px) 100vw, 568px\" \/><figcaption class=\"wp-element-caption\">IMAGEM PRODUZIDA NO CANVA<\/figcaption><\/figure><\/div>\n\n\n<p class=\"has-text-align-center has-small-font-size\"><\/p>\n\n\n\n<p class=\"has-text-align-center has-medium-font-size\"><strong>ESPA\u00c7OS DA ARTE<\/strong><\/p>\n\n\n\n<p class=\"has-medium-font-size\">A ARTE EST\u00c1 PRESENTE EM MUITOS LUGARES AO NOSSO REDOR: NAS RUAS, NAS CASAS, NOS OBJETOS FEITOS POR ARTISTAS E ARTES\u00c3OS, NAS PROPAGANDAS, NAS ROUPAS E SAPATOS, NOS M\u00d3VEIS E AT\u00c9 NOS DESENHOS QUE ILUSTRAM LIVROS E REVISTAS.<\/p>\n\n\n<div class=\"wp-block-image\">\n<figure class=\"aligncenter size-full\"><img decoding=\"async\" width=\"313\" height=\"513\" src=\"https:\/\/sme.goiania.go.gov.br\/conexaoescola\/wp-content\/uploads\/2025\/06\/image-3.png\" alt=\"\" class=\"wp-image-196648\" srcset=\"https:\/\/sme.goiania.go.gov.br\/conexaoescola\/wp-content\/uploads\/2025\/06\/image-3.png 313w, https:\/\/sme.goiania.go.gov.br\/conexaoescola\/wp-content\/uploads\/2025\/06\/image-3-183x300.png 183w\" sizes=\"(max-width: 313px) 100vw, 313px\" \/><\/figure><\/div>\n\n\n<p class=\"has-text-align-center has-small-font-size\">DISPON\u00cdVEL EM <a href=\"https:\/\/commons.m.wikimedia.org\/wiki\/File:Modelo_croqui_vestido_com_babado_volumoso.jpg\">https:\/\/commons.m.wikimedia.org\/wiki\/File:Modelo_croqui_vestido_com_babado_volumoso.jpg<\/a> ACESSO EM 28, MAIO DE 2025.<\/p>\n\n\n\n<p class=\"has-medium-font-size\">QUANDO OLHAMOS PARA UM CARRO, POR EXEMPLO, PODEMOS N\u00c3O PERCEBER, MAS ANTES DELE SER FABRICADO, ALGU\u00c9M PRECISOU DESENHAR E PLANEJAR COMO ELE SERIA. A ARTE PASSA POR TUDO ISSO.<\/p>\n\n\n<div class=\"wp-block-image\">\n<figure class=\"aligncenter size-full\"><img decoding=\"async\" width=\"793\" height=\"316\" src=\"https:\/\/sme.goiania.go.gov.br\/conexaoescola\/wp-content\/uploads\/2025\/06\/image-5.png\" alt=\"\" class=\"wp-image-196650\" srcset=\"https:\/\/sme.goiania.go.gov.br\/conexaoescola\/wp-content\/uploads\/2025\/06\/image-5.png 793w, https:\/\/sme.goiania.go.gov.br\/conexaoescola\/wp-content\/uploads\/2025\/06\/image-5-300x120.png 300w, https:\/\/sme.goiania.go.gov.br\/conexaoescola\/wp-content\/uploads\/2025\/06\/image-5-768x306.png 768w\" sizes=\"(max-width: 793px) 100vw, 793px\" \/><\/figure><\/div>\n\n\n<p class=\"has-text-align-center has-small-font-size\">DISPON\u00cdVEL EM <a href=\"https:\/\/www.deviantart.com\/ckdmotorsport\/art\/Volkswagen-Santana-Passat-B2-511158330%20ACESSO%20EM%2028\">https:\/\/www.deviantart.com\/ckdmotorsport\/art\/Volkswagen-Santana-Passat-B2-511158330 ACESSO EM 28<\/a>, MAIO DE 2025.<\/p>\n\n\n\n<p class=\"has-medium-font-size\">AL\u00c9M DESSES LUGARES E OBJETOS DO DIA A DIA, TAMB\u00c9M EXISTEM ESPA\u00c7OS CRIADOS ESPECIALMENTE PARA GUARDAR, MOSTRAR E NOS FAZER PENSAR SOBRE A ARTE, COMO OS MUSEUS, AS GALERIAS, OS CENTROS CULTURAIS E OS ATELI\u00caS.<\/p>\n\n\n<div class=\"wp-block-image\">\n<figure class=\"aligncenter size-full\"><img loading=\"lazy\" decoding=\"async\" width=\"580\" height=\"381\" src=\"https:\/\/sme.goiania.go.gov.br\/conexaoescola\/wp-content\/uploads\/2025\/06\/image-7.png\" alt=\"\" class=\"wp-image-196652\" srcset=\"https:\/\/sme.goiania.go.gov.br\/conexaoescola\/wp-content\/uploads\/2025\/06\/image-7.png 580w, https:\/\/sme.goiania.go.gov.br\/conexaoescola\/wp-content\/uploads\/2025\/06\/image-7-300x197.png 300w\" sizes=\"(max-width: 580px) 100vw, 580px\" \/><\/figure><\/div>\n\n\n<p class=\"has-text-align-center has-small-font-size\">DISPON\u00cdVEL EM <a href=\"https:\/\/pxhere.com\/pt\/photo\/394893%20ACESSO%20EM%2028\">https:\/\/pxhere.com\/pt\/photo\/394893 ACESSO EM 28<\/a>, MAIO DE 2025.<\/p>\n\n\n\n<p class=\"has-medium-font-size\">NESSES LUGARES, PODEMOS OBSERVAR AS OBRAS COM ATEN\u00c7\u00c3O, CONHECER DIFERENTES FORMAS DE EXPRESS\u00c3O E EXERCITAR NOSSO OLHAR, APRENDENDO NOVAS MANEIRAS DE PERCEBER A ARTE E O MUNDO AO NOSSO REDOR.<\/p>\n\n\n\n<p class=\"has-medium-font-size\">UM <strong>MUSEU<\/strong> GUARDA OBRAS IMPORTANTES COMO PINTURAS, ESCULTURAS, FOTOGRAFIAS, OBJETOS HIST\u00d3RICOS E NOS AJUDA A ENTENDER DIFERENTES \u00c9POCAS, CULTURAS E IDEIAS.<\/p>\n\n\n<div class=\"wp-block-image\">\n<figure class=\"aligncenter size-full\"><img loading=\"lazy\" decoding=\"async\" width=\"544\" height=\"409\" src=\"https:\/\/sme.goiania.go.gov.br\/conexaoescola\/wp-content\/uploads\/2025\/06\/image-8.png\" alt=\"\" class=\"wp-image-196653\" srcset=\"https:\/\/sme.goiania.go.gov.br\/conexaoescola\/wp-content\/uploads\/2025\/06\/image-8.png 544w, https:\/\/sme.goiania.go.gov.br\/conexaoescola\/wp-content\/uploads\/2025\/06\/image-8-300x226.png 300w\" sizes=\"(max-width: 544px) 100vw, 544px\" \/><\/figure><\/div>\n\n\n<p class=\"has-text-align-center\">DISPON\u00cdVEL EM <a href=\"https:\/\/commons.wikimedia.org\/wiki\/File:Museu_Paulista_-_S%C3%A3o_Paulo_-_20220902173724.jpg\">https:\/\/commons.wikimedia.org\/wiki\/File:Museu_Paulista_-_S%C3%A3o_Paulo_-_20220902173724.jpg<\/a> ACESSO EM 28, MAIO DE 2025.<\/p>\n\n\n\n<p class=\"has-medium-font-size\">UMA <strong>GALERIA<\/strong> \u00c9 O ESPA\u00c7O ONDE ARTISTAS MOSTRAM SUAS OBRAS PARA O P\u00daBLICO, PARA SEREM CONHECIDAS, COMENTADAS E MUITAS VEZES COMPRADAS.<\/p>\n\n\n<div class=\"wp-block-image\">\n<figure class=\"aligncenter size-full\"><img loading=\"lazy\" decoding=\"async\" width=\"688\" height=\"365\" src=\"https:\/\/sme.goiania.go.gov.br\/conexaoescola\/wp-content\/uploads\/2025\/06\/image-10.png\" alt=\"\" class=\"wp-image-196655\" srcset=\"https:\/\/sme.goiania.go.gov.br\/conexaoescola\/wp-content\/uploads\/2025\/06\/image-10.png 688w, https:\/\/sme.goiania.go.gov.br\/conexaoescola\/wp-content\/uploads\/2025\/06\/image-10-300x159.png 300w\" sizes=\"(max-width: 688px) 100vw, 688px\" \/><\/figure><\/div>\n\n\n<p class=\"has-text-align-center has-small-font-size\">DISPON\u00cdVEL EM&nbsp; <a href=\"https:\/\/pxhere.com\/pt\/photo\/121587%20ACESSO%20EM%2028\">https:\/\/pxhere.com\/pt\/photo\/121587 ACESSO EM 28<\/a>, MAIO DE 2025.<\/p>\n\n\n\n<p class=\"has-medium-font-size\">UM <strong>CENTRO CULTURAL<\/strong> MISTURA EXPOSI\u00c7\u00d5ES, OFICINAS, APRESENTA\u00c7\u00d5ES E ENCONTROS, UNINDO DIFERENTES TIPOS DE ARTE.<\/p>\n\n\n<div class=\"wp-block-image\">\n<figure class=\"aligncenter size-full is-resized\"><img loading=\"lazy\" decoding=\"async\" width=\"625\" height=\"469\" src=\"https:\/\/sme.goiania.go.gov.br\/conexaoescola\/wp-content\/uploads\/2025\/06\/image-11.png\" alt=\"\" class=\"wp-image-196656\" style=\"width:489px;height:auto\" srcset=\"https:\/\/sme.goiania.go.gov.br\/conexaoescola\/wp-content\/uploads\/2025\/06\/image-11.png 625w, https:\/\/sme.goiania.go.gov.br\/conexaoescola\/wp-content\/uploads\/2025\/06\/image-11-300x225.png 300w\" sizes=\"(max-width: 625px) 100vw, 625px\" \/><\/figure><\/div>\n\n\n<p class=\"has-text-align-center has-small-font-size\">DISPON\u00cdVEL EM <a href=\"https:\/\/commons.wikimedia.org\/wiki\/File:Centro_Cultural_DV.jpg\">https:\/\/commons.wikimedia.org\/wiki\/File:Centro_Cultural_DV.jpg<\/a> ACESSO EM 28, MAIO DE 2025.<\/p>\n\n\n\n<p class=\"has-medium-font-size\">J\u00c1 O <strong>ATELI\u00ca<\/strong> \u00c9 ONDE O ARTISTA PESQUISA, EXPERIMENTA, TRABALHA E CRIA SUAS OBRAS.<\/p>\n\n\n<div class=\"wp-block-image\">\n<figure class=\"aligncenter size-full is-resized\"><img loading=\"lazy\" decoding=\"async\" width=\"585\" height=\"390\" src=\"https:\/\/sme.goiania.go.gov.br\/conexaoescola\/wp-content\/uploads\/2025\/06\/image-13.png\" alt=\"\" class=\"wp-image-196658\" style=\"width:493px;height:auto\" srcset=\"https:\/\/sme.goiania.go.gov.br\/conexaoescola\/wp-content\/uploads\/2025\/06\/image-13.png 585w, https:\/\/sme.goiania.go.gov.br\/conexaoescola\/wp-content\/uploads\/2025\/06\/image-13-300x200.png 300w\" sizes=\"(max-width: 585px) 100vw, 585px\" \/><\/figure><\/div>\n\n\n<p class=\"has-text-align-center has-small-font-size\">DISPON\u00cdVEL EM <a href=\"https:\/\/www.pexels.com\/pt-br\/foto\/artesanal-feito-a-mao-argila-escultor-6714801\/\">https:\/\/www.pexels.com\/pt-br\/foto\/artesanal-feito-a-mao-argila-escultor-6714801\/<\/a> ACESSO EM 28, MAIO DE 2025.<\/p>\n\n\n\n<p class=\"has-medium-font-size\">VAMOS CONHECER UMA ARTISTA BRASILEIRA QUE USA SEU ATELI\u00ca COMO LABORAT\u00d3RIO CRIATIVO: <strong>BEATRIZ MILHAZES<\/strong>. ELA CRIA PINTURAS, COLAGENS E INSTALA\u00c7\u00d5ES QUE MISTURAM CORES VIVAS, FORMAS GEOM\u00c9TRICAS E DETALHES INSPIRADOS NA NATUREZA, NA M\u00daSICA E NA CULTURA BRASILEIRA.<\/p>\n\n\n<div class=\"wp-block-image\">\n<figure class=\"aligncenter size-full is-resized\"><img loading=\"lazy\" decoding=\"async\" width=\"678\" height=\"453\" src=\"https:\/\/sme.goiania.go.gov.br\/conexaoescola\/wp-content\/uploads\/2025\/06\/image-15.png\" alt=\"\" class=\"wp-image-196660\" style=\"width:550px;height:auto\" srcset=\"https:\/\/sme.goiania.go.gov.br\/conexaoescola\/wp-content\/uploads\/2025\/06\/image-15.png 678w, https:\/\/sme.goiania.go.gov.br\/conexaoescola\/wp-content\/uploads\/2025\/06\/image-15-300x200.png 300w\" sizes=\"(max-width: 678px) 100vw, 678px\" \/><\/figure><\/div>\n\n\n<p class=\"has-text-align-center has-small-font-size\">DISPON\u00cdVEL EM <a href=\"https:\/\/www.flickr.com\/photos\/dalbera\/3626117716%20ACESSO%20EM%2028\">https:\/\/www.flickr.com\/photos\/dalbera\/3626117716 ACESSO EM 28<\/a>, MAIO DE 2025.<\/p>\n\n\n\n<p class=\"has-medium-font-size\">BEATRIZ TRANSFORMA EM ARTE ELEMENTOS QUE VEMOS NO COTIDIANO COMO FLORES, C\u00cdRCULOS, MANDALAS, ESTAMPAS E CRIA COMPOSI\u00c7\u00d5ES.<\/p>\n\n\n<div class=\"wp-block-image\">\n<figure class=\"aligncenter size-full\"><img loading=\"lazy\" decoding=\"async\" width=\"450\" height=\"425\" src=\"https:\/\/sme.goiania.go.gov.br\/conexaoescola\/wp-content\/uploads\/2025\/06\/image-17.png\" alt=\"\" class=\"wp-image-196662\" srcset=\"https:\/\/sme.goiania.go.gov.br\/conexaoescola\/wp-content\/uploads\/2025\/06\/image-17.png 450w, https:\/\/sme.goiania.go.gov.br\/conexaoescola\/wp-content\/uploads\/2025\/06\/image-17-300x283.png 300w\" sizes=\"(max-width: 450px) 100vw, 450px\" \/><\/figure><\/div>\n\n\n<p class=\"has-text-align-center has-small-font-size\">DISPON\u00cdVEL EM <a href=\"https:\/\/l1nq.com\/zj7md%20ACESSO%20EM%2028\">https:\/\/l1nq.com\/zj7md ACESSO EM 28<\/a>, MAIO DE 2025.<\/p>\n\n\n\n<p class=\"has-medium-font-size\">SUAS OBRAS J\u00c1 FORAM EXPOSTAS EM MUSEUS E GALERIAS NO BRASIL E NO EXTERIOR, COMO NO MUSEU DE ARTE MODERNA DO RIO DE JANEIRO (MAM-RJ) E NO P\u00c9REZ ART MUSEUM, EM MIAMI.<\/p>\n\n\n\n<p class=\"has-medium-font-size\">QUANDO VISITAMOS ESSES LUGARES, AMPLIAMOS NOSSO REPERT\u00d3RIO E A CAPACIDADE DE REFLETIR SOBRE O MUNDO.<\/p>\n\n\n\n<hr class=\"wp-block-separator has-alpha-channel-opacity\"\/>\n\n\n\n<p class=\"has-text-align-center has-background has-medium-font-size\" style=\"background-color:#fcb90063\"><strong>ASSISTA AO V\u00cdDEO SOBRE ESPA\u00c7OS DA ARTE<\/strong><\/p>\n\n\n\n<figure class=\"wp-block-embed is-type-video is-provider-youtube wp-block-embed-youtube wp-embed-aspect-16-9 wp-has-aspect-ratio\"><div class=\"wp-block-embed__wrapper\">\n<p class=\"responsive-video-wrap clr\"><iframe title=\"Artes Visuais - Espa\u00e7os da Arte - 2\u00ba ano EF\" width=\"1200\" height=\"675\" src=\"https:\/\/www.youtube.com\/embed\/UV4JeNY5wNY?feature=oembed\" frameborder=\"0\" allow=\"accelerometer; autoplay; clipboard-write; encrypted-media; gyroscope; picture-in-picture; web-share\" referrerpolicy=\"strict-origin-when-cross-origin\" allowfullscreen><\/iframe><\/p>\n<\/div><figcaption class=\"wp-element-caption\">CANAL EST\u00daDIO CONEX\u00c3O ESCOLA. &#8220;Artes Visuais &#8211; Espa\u00e7os da Arte &#8211; 2\u00ba ano EF&#8221;. DDISPON\u00cdVEL EM <a href=\"https:\/\/www.youtube.com\/watch?v=UV4JeNY5wNY\">https:\/\/www.youtube.com\/watch?v=UV4JeNY5wNY<\/a> A CESSO EM 02, JUN. 2025.<\/figcaption><\/figure>\n\n\n\n<hr class=\"wp-block-separator has-alpha-channel-opacity\"\/>\n\n\n\n<p class=\"has-text-align-center has-background has-medium-font-size\" style=\"background-color:#fcb90063\"><strong>RESPONDA AS QUEST\u00d5ES<\/strong><\/p>\n\n\n\n<p class=\"has-background has-medium-font-size\" style=\"background-color:#fcb90063\"><strong>QUEST\u00c3O 1<\/strong><\/p>\n\n\n\n<p class=\"has-medium-font-size\">OS MUSEUS S\u00c3O ESPA\u00c7OS IMPORTANTES PORQUE<\/p>\n\n\n\n<p class=\"has-medium-font-size\">(A) SERVEM APENAS PARA VENDER OBRAS DE ARTE E OBJETOS ANTIGOS.<\/p>\n\n\n\n<p class=\"has-medium-font-size\">(B) GUARDAM OBRAS IMPORTANTES DE DIFERENTES \u00c9POCAS E CULTURAS.<\/p>\n\n\n\n<p class=\"has-medium-font-size\">(C) FUNCIONAM APENAS COMO LUGAR DE TRABALHO DOS ARTISTAS MODERNOS.<\/p>\n\n\n\n<p class=\"has-medium-font-size\">(D) SERVEM APENAS PARA FAZER FESTAS POPULARES E VENDER OBRAS DE ARTE.<\/p>\n\n\n\n<p class=\"has-background has-medium-font-size\" style=\"background-color:#fcb90063\"><strong>QUEST\u00c3O 2<\/strong><\/p>\n\n\n\n<p class=\"has-medium-font-size\"><strong>O ATELI\u00ca \u00c9 O LUGAR ONDE O ARTISTA<\/strong><\/p>\n\n\n\n<p class=\"has-medium-font-size\">(A) COMPRA E VENDE MATERIAIS PARA SUAS OBRAS COM PRE\u00c7O BOM.<\/p>\n\n\n\n<p class=\"has-medium-font-size\">(B) APENAS EXP\u00d5E SUAS OBRAS DE ARTE PARA O P\u00daBLICO COMPRAR.<\/p>\n\n\n\n<p class=\"has-medium-font-size\">(C) PESQUISA, EXPERIMENTA, TRABALHA E CRIA SUAS OBRAS.<\/p>\n\n\n\n<p class=\"has-medium-font-size\">(D) GUARDA EXCLUSIVAMENTE OBJETOS HIST\u00d3RICOS DE ARTE.<\/p>\n\n\n\n<p class=\"has-background has-medium-font-size\" style=\"background-color:#fcb90063\"><strong>QUEST\u00c3O 3<\/strong><\/p>\n\n\n\n<p class=\"has-medium-font-size\">OBSERVE A OBRA DE BEATRIZ MILHAZES, UMA INSTALA\u00c7\u00c3O ART\u00cdSTICA COM V\u00c1RIOS ELEMENTOS <\/p>\n\n\n<div class=\"wp-block-image\">\n<figure class=\"aligncenter size-full is-resized\"><img loading=\"lazy\" decoding=\"async\" width=\"691\" height=\"460\" src=\"https:\/\/sme.goiania.go.gov.br\/conexaoescola\/wp-content\/uploads\/2025\/06\/image-19.png\" alt=\"\" class=\"wp-image-196665\" style=\"width:599px;height:auto\" srcset=\"https:\/\/sme.goiania.go.gov.br\/conexaoescola\/wp-content\/uploads\/2025\/06\/image-19.png 691w, https:\/\/sme.goiania.go.gov.br\/conexaoescola\/wp-content\/uploads\/2025\/06\/image-19-300x200.png 300w\" sizes=\"(max-width: 691px) 100vw, 691px\" \/><figcaption class=\"wp-element-caption\"><strong>DISPON\u00cdVEL EM <\/strong><a href=\"https:\/\/www.flickr.com\/photos\/findfado\/3210438027%20ACESSO%20EM%2028\">https:\/\/www.flickr.com\/photos\/findfado\/3210438027 ACESSO EM 28<\/a><strong>, MAIO DE 2025.<\/strong><\/figcaption><\/figure><\/div>\n\n\n<p class=\"has-medium-font-size\">O QUE VOC\u00ca PERCEBE NESSA OBRA?<\/p>\n\n\n\n<p class=\"has-medium-font-size\">QUAIS CORES, FORMAS OU ELEMENTOS CHAMAM MAIS SUA ATEN\u00c7\u00c3O?<\/p>\n\n\n\n<p class=\"has-medium-font-size\">VOC\u00ca J\u00c1 VIU ALGO PARECIDO NO SEU DIA A DIA?<\/p>\n\n\n\n<p class=\"has-medium-font-size\">DESCREVA OU DESENHE UM DETALHE QUE VOC\u00ca GOSTOU.<\/p>\n\n\n\n<p class=\"has-background has-medium-font-size\" style=\"background-color:#fcb90063\"><strong>QUEST\u00c3O 4<\/strong><\/p>\n\n\n\n<p class=\"has-medium-font-size\">ESCOLHA UM OBJETO, UM LUGAR DA SUA CASA OU DA SUA CIDADE. PODE SER: UM M\u00d3VEL (CADEIRA, MESA, ESTANTE), UMA ROUPA OU ACESS\u00d3RIO, A FACHADA DE UMA CASA OU PR\u00c9DIO, UMA PRA\u00c7A OU UM PARQUE, UMA FESTA POPULAR (COMO O CARNAVAL, FESTA JUNINA, CONGADA ETC.). AGORA, PENSE E RESPONDA:<\/p>\n\n\n\n<p class=\"has-medium-font-size\">VOC\u00ca ACHA QUE ESSE OBJETO OU LUGAR TEVE ALGUM TRABALHO ART\u00cdSTICO POR TR\u00c1S? COMO FOI?<\/p>\n\n\n\n<p class=\"has-medium-font-size\">QUEM VOC\u00ca IMAGINA QUE PENSOU, DESENHOU E CRIOU ISSO ANTES DE ELE EXISTIR?<\/p>\n\n\n\n<p class=\"has-medium-font-size\">SE VOC\u00ca FOSSE MOSTRAR ISSO NUM ESPA\u00c7O DE ARTE, QUAL ESCOLHERIA: MUSEU, GALERIA, ATELI\u00ca OU CENTRO CULTURAL? POR QU\u00ca?<\/p>\n\n\n\n<p class=\"has-medium-font-size\"><\/p>\n\n\n\n<hr class=\"wp-block-separator has-alpha-channel-opacity\"\/>\n\n\n\n<figure class=\"wp-block-table is-style-stripes has-medium-font-size\"><table><tbody><tr><td><strong>AUTORIA<\/strong><\/td><td>VERUSKA BETTIOL<\/td><\/tr><tr><td><strong>FORMA\u00c7\u00c3O<\/strong><\/td><td>ARTES VISUAIS<\/td><\/tr><tr><td><strong>COMPONENTE CURRICULAR<\/strong><\/td><td>ARTE\/ARTES VISUAIS<\/td><\/tr><tr><td><strong>OBJETOS DE CONHECIMENTO\/CONTE\u00daDOS<\/strong><\/td><td><strong>SISTEMAS (ESPA\u00c7OS E ATUA\u00c7\u00d5ES) DA LINGUAGEM:<\/strong> CATEGORIAS DO SISTEMA DAS ARTES VISUAIS<\/td><\/tr><tr><td><strong>HABILIDADE<\/strong><\/td><td>(GO-EF02AR07-A) CONHECER, VALORIZAR E HABITUAR-SE A FREQUENTAR ALGUMAS CATEGORIAS DO SISTEMA DAS ARTES VISUAIS, COMO MUSEUS, GALERIAS, ESPA\u00c7OS CULTURAIS, CENTROS CULTURAIS, FUNDA\u00c7\u00d5ES, ATELI\u00caS DE ARTISTAS\/ARTES\u00c3OS, APRENDER DE FORMA SIGNIFICATIVA AS RELA\u00c7\u00d5ES ENTRE O SUJEITO E AS EXPERI\u00caNCIAS EM ARTES VISUAIS, AMPLIAR O SEU REPERT\u00d3RIO IMAG\u00c9TICO, EST\u00c9TICO E SENS\u00cdVEL.<\/td><\/tr><tr><td><strong>REFER\u00caNCIAS<\/strong><\/td><td><strong>BARBOSA<\/strong>, ANA MAE.\u00a0A IMAGEM NO ENSINO DA ARTE: ANOS 80 E NOVOS TEMPOS. S\u00c3O PAULO: EDITORA PERSPECTIVA, 2002.<br><strong>BARBOSA<\/strong>, ANA MAE.\u00a0JOHN DEWEY E O ENSINO DE ARTE NO BRASIL\u00a07. ED. S\u00c3O PAULO: CORTEZ, 2011.<br><strong>CAMNITZER<\/strong>, LUIS; <strong>PEREZ-BARREIRO<\/strong>, GABRIEL.\u00a0EDUCA\u00c7\u00c3O PARA A ARTE \/ ARTE PARA A EDUCA\u00c7\u00c3O\u00a0PORTO ALEGRE: FUNDA\u00c7\u00c3O BIENAL DO MERCOSUL, 2009.<\/td><\/tr><\/tbody><\/table><\/figure>\n","protected":false},"author":62,"featured_media":196646,"template":"","ef_categoria":[193,27],"ef_ano":[85],"ef_componente":[99],"class_list":["post-196644","ensino_fundamental","type-ensino_fundamental","status-publish","has-post-thumbnail","hentry","ef_categoria-anos-iniciais","ef_categoria-corpo-e-movimento-ciclo-da-adolescencia-fg","ef_ano-2o-ano","ef_componente-arte-ef","entry","has-media"],"acf":[],"_links":{"self":[{"href":"https:\/\/sme.goiania.go.gov.br\/conexaoescola\/wp-json\/wp\/v2\/ensino_fundamental\/196644","targetHints":{"allow":["GET"]}}],"collection":[{"href":"https:\/\/sme.goiania.go.gov.br\/conexaoescola\/wp-json\/wp\/v2\/ensino_fundamental"}],"about":[{"href":"https:\/\/sme.goiania.go.gov.br\/conexaoescola\/wp-json\/wp\/v2\/types\/ensino_fundamental"}],"author":[{"embeddable":true,"href":"https:\/\/sme.goiania.go.gov.br\/conexaoescola\/wp-json\/wp\/v2\/users\/62"}],"version-history":[{"count":1,"href":"https:\/\/sme.goiania.go.gov.br\/conexaoescola\/wp-json\/wp\/v2\/ensino_fundamental\/196644\/revisions"}],"predecessor-version":[{"id":196666,"href":"https:\/\/sme.goiania.go.gov.br\/conexaoescola\/wp-json\/wp\/v2\/ensino_fundamental\/196644\/revisions\/196666"}],"wp:featuredmedia":[{"embeddable":true,"href":"https:\/\/sme.goiania.go.gov.br\/conexaoescola\/wp-json\/wp\/v2\/media\/196646"}],"wp:attachment":[{"href":"https:\/\/sme.goiania.go.gov.br\/conexaoescola\/wp-json\/wp\/v2\/media?parent=196644"}],"wp:term":[{"taxonomy":"ef_categoria","embeddable":true,"href":"https:\/\/sme.goiania.go.gov.br\/conexaoescola\/wp-json\/wp\/v2\/ef_categoria?post=196644"},{"taxonomy":"ef_ano","embeddable":true,"href":"https:\/\/sme.goiania.go.gov.br\/conexaoescola\/wp-json\/wp\/v2\/ef_ano?post=196644"},{"taxonomy":"ef_componente","embeddable":true,"href":"https:\/\/sme.goiania.go.gov.br\/conexaoescola\/wp-json\/wp\/v2\/ef_componente?post=196644"}],"curies":[{"name":"wp","href":"https:\/\/api.w.org\/{rel}","templated":true}]}}