{"id":196132,"date":"2025-05-26T07:00:00","date_gmt":"2025-05-26T10:00:00","guid":{"rendered":"https:\/\/sme.goiania.go.gov.br\/conexaoescola\/?post_type=ensino_fundamental&#038;p=196132"},"modified":"2025-05-30T13:56:36","modified_gmt":"2025-05-30T16:56:36","slug":"lingua-portuguesa-outdoor","status":"publish","type":"ensino_fundamental","link":"https:\/\/sme.goiania.go.gov.br\/conexaoescola\/ensino_fundamental\/lingua-portuguesa-outdoor\/","title":{"rendered":"L\u00edngua Portuguesa &#8211; Outdoor"},"content":{"rendered":"\n<p class=\"has-background has-medium-font-size\" style=\"background-color:#8dd2fc47\">ESTA PROPOSTA DE ATIVIDADE DE&nbsp;<strong>L\u00cdNGUA PORTUGUESA&nbsp;<\/strong>\u00c9 DESTINADA AOS ESTUDANTES DO&nbsp;<strong>1\u00ba ANO<\/strong>&nbsp;DOS ANOS INICIAS DO&nbsp;<strong>ENSINO FUNDAMENTAL<\/strong>.<\/p>\n\n\n\n<div class=\"wp-block-buttons has-custom-font-size has-medium-font-size is-content-justification-center is-layout-flex wp-container-core-buttons-is-layout-16018d1d wp-block-buttons-is-layout-flex\">\n<div class=\"wp-block-button\"><a class=\"wp-block-button__link wp-element-button\" href=\"https:\/\/drive.google.com\/uc?export=download&amp;id=10ro3lVi4Z4QZus5z9BphUzjHK2Dxn1ap\">BAIXE A ATIVIDADE<\/a><\/div>\n\n\n\n<div class=\"wp-block-button\"><a class=\"wp-block-button__link wp-element-button\" href=\"https:\/\/drive.google.com\/uc?export=download&amp;id=1hA8MEkPyTtX3nqk9KPlFqmKDY6g3gByy\">BAIXE OS SLIDES<\/a><\/div>\n\n\n\n<div class=\"wp-block-button\"><a class=\"wp-block-button__link wp-element-button\" href=\"https:\/\/drive.google.com\/uc?export=download&amp;id=1xxt9qaFYDWCWAzWptQkTT3rT5ezwGC--\">BAIXE O TEXTO<\/a><\/div>\n<\/div>\n\n\n\n<p class=\"has-small-font-size\"><\/p>\n\n\n<div class=\"wp-block-image\">\n<figure class=\"aligncenter size-large is-resized\"><img fetchpriority=\"high\" decoding=\"async\" width=\"1024\" height=\"1024\" src=\"https:\/\/sme.goiania.go.gov.br\/conexaoescola\/wp-content\/uploads\/2025\/05\/Postagens-do-Portal-2025-4-1024x1024.jpg\" alt=\"\" class=\"wp-image-196182\" style=\"width:456px;height:auto\" srcset=\"https:\/\/sme.goiania.go.gov.br\/conexaoescola\/wp-content\/uploads\/2025\/05\/Postagens-do-Portal-2025-4-1024x1024.jpg 1024w, https:\/\/sme.goiania.go.gov.br\/conexaoescola\/wp-content\/uploads\/2025\/05\/Postagens-do-Portal-2025-4-300x300.jpg 300w, https:\/\/sme.goiania.go.gov.br\/conexaoescola\/wp-content\/uploads\/2025\/05\/Postagens-do-Portal-2025-4-150x150.jpg 150w, https:\/\/sme.goiania.go.gov.br\/conexaoescola\/wp-content\/uploads\/2025\/05\/Postagens-do-Portal-2025-4-768x768.jpg 768w, https:\/\/sme.goiania.go.gov.br\/conexaoescola\/wp-content\/uploads\/2025\/05\/Postagens-do-Portal-2025-4.jpg 1500w\" sizes=\"(max-width: 1024px) 100vw, 1024px\" \/><figcaption class=\"wp-element-caption\">Dispon\u00edvel em:&nbsp;<a href=\"https:\/\/www.canva.com\/design\/DAGeb_EVqn8\/0PbOGbkw3PSt5Hh7g0zYCw\/edit?utm_content=DAGeb_EVqn8&amp;utm_campaign=designshare&amp;utm_medium=link2&amp;utm_source=sharebutton\">https:\/\/www.canva.com\/design\/DAGeb_EVqn8\/0PbOGbkw3PSt5Hh7g0zYCw\/edit?utm_content=DAGeb_EVqn8&amp;utm_campaign=designshare&amp;utm_medium=link2&amp;utm_source=sharebutton<\/a><\/figcaption><\/figure><\/div>\n\n\n<p class=\"has-small-font-size\"><\/p>\n\n\n\n<p class=\"has-text-align-center has-medium-font-size\"><strong>OUTDOOR<\/strong><\/p>\n\n\n\n<p class=\"has-medium-font-size\">A PALAVRA <em>OUTDOOR<\/em> VEM DO INGL\u00caS E N\u00c3O TEM UMA TRADU\u00c7\u00c3O EXATA PARA O PORTUGU\u00caS. POR ISSO, USAMOS ELA DO JEITINHO QUE \u00c9!&nbsp;<\/p>\n\n\n\n<p class=\"has-medium-font-size\">O OUTDOOR \u00c9 UM CARTAZ BEM GRANDE QUE FICA NAS RUAS, COLADO EM PAREDES OU EM PLACAS BEM ALTAS. ELE SERVE PARA PASSAR MENSAGENS PARA MUITAS PESSOAS AO MESMO TEMPO.&nbsp;<\/p>\n\n\n\n<p class=\"has-medium-font-size\">PODE SER UMA PROPAGANDA DE BRINQUEDOS, ROUPAS, COMIDAS, FILMES, SHOWS, CAMPANHAS OU AT\u00c9 AVISOS DA CIDADE. AS LETRAS S\u00c3O GRANDES, AS IMAGENS S\u00c3O COLORIDAS E TUDO CHAMA A ATEN\u00c7\u00c3O DE QUEM PASSA POR PERTO, DE CARRO OU A P\u00c9.&nbsp;<\/p>\n\n\n\n<p class=\"has-medium-font-size\">ESSE TIPO DE TEXTO AJUDA AS PESSOAS A CONHECEREM NOVIDADES E A SE INFORMAREM. POR ISSO, \u00c9 MUITO IMPORTANTE!&nbsp;<\/p>\n\n\n<div class=\"wp-block-image\">\n<figure class=\"aligncenter size-full\"><img decoding=\"async\" width=\"786\" height=\"359\" src=\"https:\/\/sme.goiania.go.gov.br\/conexaoescola\/wp-content\/uploads\/2025\/05\/image-172.png\" alt=\"\" class=\"wp-image-196184\" srcset=\"https:\/\/sme.goiania.go.gov.br\/conexaoescola\/wp-content\/uploads\/2025\/05\/image-172.png 786w, https:\/\/sme.goiania.go.gov.br\/conexaoescola\/wp-content\/uploads\/2025\/05\/image-172-300x137.png 300w, https:\/\/sme.goiania.go.gov.br\/conexaoescola\/wp-content\/uploads\/2025\/05\/image-172-768x351.png 768w\" sizes=\"(max-width: 786px) 100vw, 786px\" \/><figcaption class=\"wp-element-caption\">Dispon\u00edvel em: <a href=\"https:\/\/www.canva.com\/photos\/MAEJLYmWtR8\/ &gt;&nbsp; Acesso em 19, mai. 2025.\">https:\/\/www.canva.com\/photos\/MAEJLYmWtR8\/ <\/a>&gt;  Acesso em 19, mai. 2025.<\/figcaption><\/figure><\/div>\n\n\n<p class=\"has-small-font-size\"><\/p>\n\n\n\n<p class=\"has-pale-cyan-blue-background-color has-background has-medium-font-size\">Os&nbsp;<strong>slides<\/strong>&nbsp;tamb\u00e9m podem ser baixados diretamente do Canva, apenas depois de baixado \u00e9 poss\u00edvel fazer altera\u00e7\u00f5es. Basta acessar o link: <a href=\"https:\/\/www.canva.com\/design\/DAGn5Y7VKws\/qfzCGpT_d037f-yGcN_Jxw\/edit\">https:\/\/www.canva.com\/design\/DAGn5Y7VKws\/qfzCGpT_d037f-yGcN_Jxw\/edit<\/a><\/p>\n\n\n\n<p class=\"has-small-font-size\"><\/p>\n\n\n\n<p class=\"has-text-align-center has-background has-medium-font-size\" style=\"background-color:#8dd2fc47\"><strong>ASSISTA A VIDEOAULA SOBRE ESTE ASSUNTO<\/strong><\/p>\n\n\n\n<p class=\"has-small-font-size\"><\/p>\n\n\n\n<figure class=\"wp-block-embed alignwide is-type-video is-provider-youtube wp-block-embed-youtube wp-embed-aspect-16-9 wp-has-aspect-ratio\"><div class=\"wp-block-embed__wrapper\">\n<p class=\"responsive-video-wrap clr\"><iframe title=\"L\u00edngua Portuguesa - Outdoor - 1\u00ba Ano do Ensino Fundamental\" width=\"1200\" height=\"675\" src=\"https:\/\/www.youtube.com\/embed\/6rzmHNVsgLs?feature=oembed\" frameborder=\"0\" allow=\"accelerometer; autoplay; clipboard-write; encrypted-media; gyroscope; picture-in-picture; web-share\" referrerpolicy=\"strict-origin-when-cross-origin\" allowfullscreen><\/iframe><\/p>\n<\/div><figcaption class=\"wp-element-caption\">Dispon\u00edvel em: <a href=\"https:\/\/youtu.be\/6rzmHNVsgLs\">https:\/\/youtu.be\/6rzmHNVsgLs <\/a><\/figcaption><\/figure>\n\n\n\n<p class=\"has-small-font-size\"><\/p>\n\n\n\n<p class=\"has-text-align-left has-pale-cyan-blue-background-color has-background has-medium-font-size\"><strong>REPONDA \u00c0S QUEST\u00d5ES.<\/strong><\/p>\n\n\n\n<p class=\"has-text-align-left has-background has-medium-font-size\" style=\"background-color:#8dd2fc47\"><strong>QUEST\u00c3O 1<\/strong><\/p>\n\n\n<div class=\"wp-block-image\">\n<figure class=\"aligncenter size-full\"><a href=\"https:\/\/www.canva.com\/design\/DAGn5Y7VKws\/qfzCGpT_d037f-yGcN_Jxw\/edit?utm_content=DAGn5Y7VKws&amp;utm_campaign=designshare&amp;utm_medium=link2&amp;utm_source=sharebutton\" target=\"_blank\" rel=\" noreferrer noopener\"><img decoding=\"async\" width=\"830\" height=\"548\" src=\"https:\/\/sme.goiania.go.gov.br\/conexaoescola\/wp-content\/uploads\/2025\/05\/image-173.png\" alt=\"\" class=\"wp-image-196189\" srcset=\"https:\/\/sme.goiania.go.gov.br\/conexaoescola\/wp-content\/uploads\/2025\/05\/image-173.png 830w, https:\/\/sme.goiania.go.gov.br\/conexaoescola\/wp-content\/uploads\/2025\/05\/image-173-300x198.png 300w, https:\/\/sme.goiania.go.gov.br\/conexaoescola\/wp-content\/uploads\/2025\/05\/image-173-768x507.png 768w\" sizes=\"(max-width: 830px) 100vw, 830px\" \/><\/a><\/figure><\/div>\n\n\n<p class=\"has-text-align-left has-medium-font-size\">O OUTDOOR ACIMA APRESENTA UMA CAMPANHA DE<\/p>\n\n\n\n<p class=\"has-text-align-left has-medium-font-size\">(A) CARNAVAL.<\/p>\n\n\n\n<p class=\"has-text-align-left has-medium-font-size\">(B) TR\u00c2NSITO.<\/p>\n\n\n\n<p class=\"has-text-align-left has-medium-font-size\">(C) CIDADE LIMPA.<\/p>\n\n\n\n<p class=\"has-text-align-left has-medium-font-size\">(D) PAGAR CONTA.<\/p>\n\n\n\n<p class=\"has-text-align-left has-background has-medium-font-size\" style=\"background-color:#8dd2fc47\"><strong>QUEST\u00c3O 2<\/strong><\/p>\n\n\n\n<p class=\"has-text-align-left has-medium-font-size\">O OUTDOOR TEM AS SEGUINTES CARACTER\u00cdSTICAS<\/p>\n\n\n\n<p class=\"has-text-align-left has-medium-font-size\">(A) \u00c9 PEQUENO, COM POUCAS CORES E LETRAS PEQUENAS, DIF\u00cdCIL DE LER.<\/p>\n\n\n\n<p class=\"has-text-align-left has-medium-font-size\">(B) \u00c9 GRANDE, COM IMAGENS CHAMATIVAS E LETRAS BEM VIS\u00cdVEIS DE LONGE.&nbsp;<\/p>\n\n\n\n<p class=\"has-text-align-left has-medium-font-size\">(C) \u00c9 CURTO, FEITO PARA LER SENTADO, COM PALAVRAS ESCONDIDAS NO TEXTO.<\/p>\n\n\n\n<p class=\"has-text-align-left has-medium-font-size\">(D) \u00c9 BAIXO, COM FRASES DISCRETAS E IMAGENS QUE QUASE N\u00c3O APARECEM.<\/p>\n\n\n\n<p class=\"has-text-align-left has-background has-medium-font-size\" style=\"background-color:#8dd2fc47\"><strong>QUEST\u00c3O 3<\/strong><\/p>\n\n\n\n<p class=\"has-text-align-left has-medium-font-size\">VOC\u00ca ACHA QUE O OUTDOOR PODE AJUDAR AS PESSOAS? COMO?<\/p>\n\n\n\n<p class=\"has-text-align-left has-background has-medium-font-size\" style=\"background-color:#8dd2fc47\"><strong>QUEST\u00c3O 4<\/strong><\/p>\n\n\n\n<p class=\"has-medium-font-size\">OBSERVE A IMAGEM DO OUTDOOR ABAIXO E ASSINALE AS ALTERNATIVAS CORRETAS.<\/p>\n\n\n<div class=\"wp-block-image\">\n<figure class=\"aligncenter size-full\"><a href=\"https:\/\/www.canva.com\/design\/DAGn5Y7VKws\/qfzCGpT_d037f-yGcN_Jxw\/edit?utm_content=DAGn5Y7VKws&amp;utm_campaign=designshare&amp;utm_medium=link2&amp;utm_source=sharebutton\" target=\"_blank\" rel=\" noreferrer noopener\"><img loading=\"lazy\" decoding=\"async\" width=\"781\" height=\"518\" src=\"https:\/\/sme.goiania.go.gov.br\/conexaoescola\/wp-content\/uploads\/2025\/05\/image-174.png\" alt=\"\" class=\"wp-image-196190\" srcset=\"https:\/\/sme.goiania.go.gov.br\/conexaoescola\/wp-content\/uploads\/2025\/05\/image-174.png 781w, https:\/\/sme.goiania.go.gov.br\/conexaoescola\/wp-content\/uploads\/2025\/05\/image-174-300x199.png 300w, https:\/\/sme.goiania.go.gov.br\/conexaoescola\/wp-content\/uploads\/2025\/05\/image-174-768x509.png 768w\" sizes=\"(max-width: 781px) 100vw, 781px\" \/><\/a><\/figure><\/div>\n\n\n<p class=\"has-text-align-left has-medium-font-size\">( &nbsp; &nbsp; ) \u00c9 POSS\u00cdVEL COMPREENDER A MENSAGEM DO OUTDOOR SEM LER A FRASE.<\/p>\n\n\n\n<p class=\"has-text-align-left has-medium-font-size\">( &nbsp; &nbsp; ) A IMAGEM AJUDA A TRANSMITIR A MENSAGEM DESEJADA .<\/p>\n\n\n\n<p class=\"has-text-align-left has-medium-font-size\">( &nbsp; &nbsp; ) A FRASE ESCRITA NO OUTDOOR EST\u00c1 GRAFADA DE ACORDO COM A NORMA DA NOSSA L\u00cdNGUA.<\/p>\n\n\n\n<p class=\"has-text-align-left has-medium-font-size\">( &nbsp; &nbsp; ) A FRASE E A IMAGEM AJUDAM NA COMPREENS\u00c3O DA MENSAGEM DO OUTDOOR.<\/p>\n\n\n\n<p class=\"has-text-align-left has-medium-font-size\">( &nbsp; &nbsp; ) O OUTDOOR \u00c9 UMA CAMPANHA DE DOA\u00c7\u00c3O DE LIVROS.<\/p>\n\n\n\n<p class=\"has-text-align-left has-background has-medium-font-size\" style=\"background-color:#8dd2fc47\"><strong>QUEST\u00c3O 5<\/strong><\/p>\n\n\n\n<p class=\"has-text-align-left has-medium-font-size\">NO OUTDOOR DA QUEST\u00c3O ANTERIOR A MENSAGEM N\u00c3O FOI ESCRITA DE ACORDO COM AS NORMAS DE NOSSA L\u00cdNGUA. TODAS AS PALAVRAS EST\u00c3O EMENDADAS, SEM O DEVIDO ESPA\u00c7AMENTO. VAMOS TENTAR DESCOBRIR A MENSAGEM SEPARANDO AS PALAVRAS? COPIE A MENSAGEM ABAIXO COM AS PALAVRAS SEPARADAS CORRETAMENTE.<\/p>\n\n\n\n<p class=\"has-text-align-left has-background has-medium-font-size\" style=\"background-color:#8dd2fc47\"><strong>QUEST\u00c3O 6<\/strong><\/p>\n\n\n\n<p class=\"has-text-align-left has-medium-font-size\">SE VOC\u00ca PUDESSE CRIAR UM OUTDOOR, O QUE VOC\u00ca COLOCARIA NELE? QUE MENSAGEM VOC\u00ca GOSTARIA DE MOSTRAR? CRIE O SEU OUTDOOR.<\/p>\n\n\n<div class=\"wp-block-image\">\n<figure class=\"aligncenter size-full\"><img loading=\"lazy\" decoding=\"async\" width=\"644\" height=\"426\" src=\"https:\/\/sme.goiania.go.gov.br\/conexaoescola\/wp-content\/uploads\/2025\/05\/image-175.png\" alt=\"\" class=\"wp-image-196191\" srcset=\"https:\/\/sme.goiania.go.gov.br\/conexaoescola\/wp-content\/uploads\/2025\/05\/image-175.png 644w, https:\/\/sme.goiania.go.gov.br\/conexaoescola\/wp-content\/uploads\/2025\/05\/image-175-300x198.png 300w\" sizes=\"(max-width: 644px) 100vw, 644px\" \/><\/figure><\/div>\n\n\n<p class=\"has-small-font-size\"><\/p>\n\n\n<div class=\"wp-block-image\">\n<figure class=\"aligncenter size-full is-resized\"><img loading=\"lazy\" decoding=\"async\" width=\"607\" height=\"575\" src=\"https:\/\/sme.goiania.go.gov.br\/conexaoescola\/wp-content\/uploads\/2025\/05\/image-176.png\" alt=\"\" class=\"wp-image-196192\" style=\"width:840px;height:auto\" srcset=\"https:\/\/sme.goiania.go.gov.br\/conexaoescola\/wp-content\/uploads\/2025\/05\/image-176.png 607w, https:\/\/sme.goiania.go.gov.br\/conexaoescola\/wp-content\/uploads\/2025\/05\/image-176-300x284.png 300w\" sizes=\"(max-width: 607px) 100vw, 607px\" \/><figcaption class=\"wp-element-caption\">Dispon\u00edvel em: <a href=\"https:\/\/www.canva.com\/design\/DAGn5Y7VKws\/qfzCGpT_d037f-yGcN_Jxw\/edit?utm_content=DAGn5Y7VKws&amp;utm_campaign=designshare&amp;utm_medium=link2&amp;utm_source=sharebutton &gt;&nbsp; Acesso em 20, mai. 2025.\">https:\/\/www.canva.com\/design\/DAGn5Y7VKws\/qfzCGpT_d037f-yGcN_Jxw\/edit?utm_content=DAGn5Y7VKws&amp;utm_campaign=designshare&amp;utm_medium=link2&amp;utm_source=sharebutton <\/a>&gt;  Acesso em 20, mai. 2025.<\/figcaption><\/figure><\/div>\n\n\n<p class=\"has-small-font-size\"><\/p>\n\n\n\n<hr class=\"wp-block-separator has-alpha-channel-opacity is-style-wide\"\/>\n\n\n\n<figure class=\"wp-block-table is-style-stripes\"><table><tbody><tr><td><strong>Autoria:<\/strong><\/td><td>Andrielly Campos<\/td><\/tr><tr><td><strong>Forma\u00e7\u00e3o:<\/strong><\/td><td>Letras: Portugu\u00eas \/ Ingl\u00eas e Pedagogia<\/td><\/tr><tr><td><strong>Componente Curricular:<\/strong><\/td><td>L\u00edngua Portuguesa<\/td><\/tr><tr><td><strong>Objeto(s) de Conhecimento:<\/strong><\/td><td>Forma de composi\u00e7\u00e3o do texto:<br>&#8211; Estrutura composicional dos textos da vida cotidiana: bilhetes, recados, avisos, receitas.<br>&#8211; Sequ\u00eancia de fatos e express\u00f5es que marcam a passagem de tempo.<br>&#8211; Rimas e alitera\u00e7\u00f5es e asson\u00e2ncias em textos po\u00e9ticos, can\u00e7\u00f5es.<br>&#8211; Letras e palavras; rela\u00e7\u00e3o entre fala e escrita.<br>&#8211; Caracter\u00edsticas do sistema de escrita alfab\u00e9tica.<br>Compreens\u00e3o em leitura:<br>&#8211; Situa\u00e7\u00e3o comunicativa, finalidade e o tema\/assunto do texto.<br>&#8211; Linguagem n\u00e3o verbal.<\/td><\/tr><tr><td><strong>Habilidades:<\/strong><\/td><td>(EF12LP04-A\/B\/C\/D) Ler e compreender, em colabora\u00e7\u00e3o com os colegas e com a ajuda do professor ou j\u00e1 com certa autonomia, listas, bilhetes, calend\u00e1rios, avisos, convites, receitas, entre outros g\u00eaneros, considerando a situa\u00e7\u00e3o comunicativa e o tema\/assunto do texto e relacionando sua forma de organiza\u00e7\u00e3o \u00e0 sua finalidade.<br>(EF01LP20) Identificar e reproduzir, em listas, bilhetes, agendas, calend\u00e1rios, regras, avisos, convites, receitas, instru\u00e7\u00f5es de montagem, legendas para \u00e1lbuns, fotos ou ilustra\u00e7\u00f5es (digitais ou impressos), a formata\u00e7\u00e3o e diagrama\u00e7\u00e3o espec\u00edfica de cada um desses g\u00eaneros.(GO-EF01LP39) Reconhecer a estrutura composicional de textos da vida cotidiana: organiza\u00e7\u00e3o em versos, sequ\u00eancia de ideias, a disposi\u00e7\u00e3o gr\u00e1fica.<br>(EF12LP07-A) Reconhecer, no processo de leitura, recursos lingu\u00edsticos e discursivos que constituem os g\u00eaneros previstos, de modo que seja poss\u00edvel reproduzi-los em atividades de escrita e reescrita, assim como de cri\u00e1-los em atividades de produ\u00e7\u00e3o de textos.<br>(GO-EF01LP40) Reconhecer, a partir de textos como quadrinhas, cantigas, parlendas, entre outros g\u00eaneros, as caracter\u00edsticas do sistema de escrita: letras e palavras; rela\u00e7\u00e3o entre fala e escrita.<\/td><\/tr><tr><td><strong>Refer\u00eancias:&nbsp;<\/strong><\/td><td>GOI\u00c1S. Documento Curricular para Goi\u00e1s \u2013 Ampliado. Volume II. Ensino Fundamental Anos Finais. CONSED; UNDIME, 2018. Dispon\u00edvel em &lt;<a href=\"https:\/\/sme.goiania.go.gov.br\/site\/index.php\/institucional\/documentos-oficiais-2\/category\/27-documentos-gerais&amp;gt&amp;gt\">https:\/\/sme.goiania.go.gov.br\/site\/index.php\/institucional\/documentos-oficiais-2\/category\/27-documentos-gerais&amp;gt&amp;gt<\/a>;&gt; Acesso em 19\/05\/2025.<br><br>GOI\u00c2NIA. Matriz de Refer\u00eancia da Avalia\u00e7\u00e3o Semestral, para os componentes curriculares de L\u00edngua Portuguesa e Matem\u00e1tica, 1\u00ba semestre. SME, 2023. &gt;Acesso em 19\/05\/2025.<br><br>CARPANEDA, Isabella. <strong>Porta Aberta para o mundo<\/strong>: l\u00edngua portuguesa 1. S\u00e3o Paulo: Ftd, 2019.<br><br>SILVESTRE, Alice <em>et al<\/em> (ed.). <strong>Da Escola para o Mundo<\/strong>: l\u00edngua portuguesa 1\u00ba ano. S\u00e3o Paulo: Editora Scipione, 2021.<\/td><\/tr><\/tbody><\/table><\/figure>\n","protected":false},"author":43,"featured_media":196182,"template":"","ef_categoria":[193,13],"ef_ano":[84],"ef_componente":[93],"class_list":["post-196132","ensino_fundamental","type-ensino_fundamental","status-publish","has-post-thumbnail","hentry","ef_categoria-anos-iniciais","ef_categoria-ciclo-da-infancia-abc","ef_ano-1o-ano","ef_componente-portugues","entry","has-media"],"acf":[],"_links":{"self":[{"href":"https:\/\/sme.goiania.go.gov.br\/conexaoescola\/wp-json\/wp\/v2\/ensino_fundamental\/196132","targetHints":{"allow":["GET"]}}],"collection":[{"href":"https:\/\/sme.goiania.go.gov.br\/conexaoescola\/wp-json\/wp\/v2\/ensino_fundamental"}],"about":[{"href":"https:\/\/sme.goiania.go.gov.br\/conexaoescola\/wp-json\/wp\/v2\/types\/ensino_fundamental"}],"author":[{"embeddable":true,"href":"https:\/\/sme.goiania.go.gov.br\/conexaoescola\/wp-json\/wp\/v2\/users\/43"}],"version-history":[{"count":17,"href":"https:\/\/sme.goiania.go.gov.br\/conexaoescola\/wp-json\/wp\/v2\/ensino_fundamental\/196132\/revisions"}],"predecessor-version":[{"id":196867,"href":"https:\/\/sme.goiania.go.gov.br\/conexaoescola\/wp-json\/wp\/v2\/ensino_fundamental\/196132\/revisions\/196867"}],"wp:featuredmedia":[{"embeddable":true,"href":"https:\/\/sme.goiania.go.gov.br\/conexaoescola\/wp-json\/wp\/v2\/media\/196182"}],"wp:attachment":[{"href":"https:\/\/sme.goiania.go.gov.br\/conexaoescola\/wp-json\/wp\/v2\/media?parent=196132"}],"wp:term":[{"taxonomy":"ef_categoria","embeddable":true,"href":"https:\/\/sme.goiania.go.gov.br\/conexaoescola\/wp-json\/wp\/v2\/ef_categoria?post=196132"},{"taxonomy":"ef_ano","embeddable":true,"href":"https:\/\/sme.goiania.go.gov.br\/conexaoescola\/wp-json\/wp\/v2\/ef_ano?post=196132"},{"taxonomy":"ef_componente","embeddable":true,"href":"https:\/\/sme.goiania.go.gov.br\/conexaoescola\/wp-json\/wp\/v2\/ef_componente?post=196132"}],"curies":[{"name":"wp","href":"https:\/\/api.w.org\/{rel}","templated":true}]}}