{"id":196131,"date":"2025-05-09T16:57:23","date_gmt":"2025-05-09T19:57:23","guid":{"rendered":"https:\/\/sme.goiania.go.gov.br\/conexaoescola\/?post_type=ensino_fundamental&#038;p=196131"},"modified":"2025-05-22T16:58:19","modified_gmt":"2025-05-22T19:58:19","slug":"lingua-portuguesa-graficos-e-infograficos","status":"publish","type":"ensino_fundamental","link":"https:\/\/sme.goiania.go.gov.br\/conexaoescola\/ensino_fundamental\/lingua-portuguesa-graficos-e-infograficos\/","title":{"rendered":"L\u00edngua Portuguesa &#8211; Gr\u00e1ficos e infogr\u00e1ficos"},"content":{"rendered":"\n<p class=\"has-black-color has-cyan-bluish-gray-background-color has-text-color has-background has-link-color has-medium-font-size wp-elements-f8224a36641af92ca6e85b71d7a6b7d5\">Esta atividade de<strong>\u00a0L\u00edngua Portuguesa<\/strong>\u00a0tem como base o DC\/GO \u2013 Ampliado e est\u00e1 destinada a estudantes do<strong>\u00a09\u00ba ano<\/strong>\u00a0do Ensino Fundamental.<\/p>\n\n\n\n<div class=\"wp-block-buttons is-content-justification-center is-layout-flex wp-container-core-buttons-is-layout-16018d1d wp-block-buttons-is-layout-flex\">\n<div class=\"wp-block-button\"><a class=\"wp-block-button__link wp-element-button\" href=\"https:\/\/drive.google.com\/uc?export=download&amp;id=1Dfj-RVzbQr4ReuJBDaCIoOlrWpGUROy6\">BAIXE A ATIVIDADE<\/a><\/div>\n\n\n\n<div class=\"wp-block-button\"><a class=\"wp-block-button__link wp-element-button\" href=\"https:\/\/drive.google.com\/uc?export=download&amp;id=1zWCM3qJhPt_QJ2v8EIog66snw0l_xf0g\">BAIXE OS SLIDES<\/a><\/div>\n\n\n\n<div class=\"wp-block-button\"><a class=\"wp-block-button__link wp-element-button\" href=\"https:\/\/drive.google.com\/uc?export=download&amp;id=1fvZe1VBu5Wy77RqefC4H4JBX_vanm9hx\">BAIXE O TEXTO<\/a><\/div>\n<\/div>\n\n\n\n<p>.<\/p>\n\n\n<div class=\"wp-block-image\">\n<figure class=\"aligncenter size-full is-resized\"><img fetchpriority=\"high\" decoding=\"async\" width=\"1024\" height=\"1024\" src=\"https:\/\/sme.goiania.go.gov.br\/conexaoescola\/wp-content\/uploads\/2025\/05\/ChatGPT-Image-22-de-mai.-de-2025-16_47_01.png\" alt=\"\" class=\"wp-image-196133\" style=\"width:454px;height:auto\" srcset=\"https:\/\/sme.goiania.go.gov.br\/conexaoescola\/wp-content\/uploads\/2025\/05\/ChatGPT-Image-22-de-mai.-de-2025-16_47_01.png 1024w, https:\/\/sme.goiania.go.gov.br\/conexaoescola\/wp-content\/uploads\/2025\/05\/ChatGPT-Image-22-de-mai.-de-2025-16_47_01-300x300.png 300w, https:\/\/sme.goiania.go.gov.br\/conexaoescola\/wp-content\/uploads\/2025\/05\/ChatGPT-Image-22-de-mai.-de-2025-16_47_01-150x150.png 150w, https:\/\/sme.goiania.go.gov.br\/conexaoescola\/wp-content\/uploads\/2025\/05\/ChatGPT-Image-22-de-mai.-de-2025-16_47_01-768x768.png 768w\" sizes=\"(max-width: 1024px) 100vw, 1024px\" \/><figcaption class=\"wp-element-caption\">Imagem criada por IA: ChatGPT<\/figcaption><\/figure><\/div>\n\n\n<p class=\"has-text-align-center has-black-color has-text-color has-link-color has-medium-font-size wp-elements-4ca2125840ad71ad3e492721f77cacf0\"><strong>Gr\u00e1ficos e infogr\u00e1ficos<\/strong> <\/p>\n\n\n\n<p class=\"has-black-color has-text-color has-link-color has-medium-font-size wp-elements-510d601be39da71f882b3c21a162c8d9\"><strong>Gr\u00e1ficos<\/strong> s\u00e3o representa\u00e7\u00f5es visuais utilizadas para apresentar dados num\u00e9ricos de forma clara e objetiva. Eles t\u00eam a fun\u00e7\u00e3o de facilitar a compreens\u00e3o de informa\u00e7\u00f5es que, se estivessem apenas em forma de texto ou tabela, poderiam ser dif\u00edceis de interpretar. Em geral, os gr\u00e1ficos tornam a leitura mais din\u00e2mica e eficiente, permitindo compara\u00e7\u00f5es r\u00e1pidas, identifica\u00e7\u00e3o de tend\u00eancias e an\u00e1lise de varia\u00e7\u00f5es em determinadas situa\u00e7\u00f5es.<\/p>\n\n\n\n<p class=\"has-black-color has-text-color has-link-color has-medium-font-size wp-elements-e30bfb6923913827371441eb0c87e583\">Entre os tipos mais comuns de gr\u00e1ficos, destacam-se o gr\u00e1fico de colunas, o gr\u00e1fico de pizza e o gr\u00e1fico de linha. O gr\u00e1fico de colunas representa os dados por meio de colunas verticais. Ele \u00e9 amplamente utilizado quando se deseja comparar valores entre diferentes categorias. Por exemplo, ao apresentar as notas de uma turma em uma prova, cada coluna pode corresponder ao desempenho de um aluno. Para compreender esse tipo de gr\u00e1fico, \u00e9 importante observar os dois eixos: o eixo horizontal (eixo x), que indica as categorias \u2014 como os nomes dos alunos \u2014, e o eixo vertical (eixo y), que mostra os valores \u2014 nesse caso, as notas. Quanto mais alta for a coluna, maior ser\u00e1 o valor representado.<\/p>\n\n\n\n<p class=\"has-black-color has-text-color has-link-color has-medium-font-size wp-elements-954ec8759db1479a32dbb00704881a02\">O gr\u00e1fico de pizza, tamb\u00e9m conhecido como gr\u00e1fico de setores ou gr\u00e1fico circular, \u00e9 representado por um c\u00edrculo dividido em fatias, que indicam propor\u00e7\u00f5es ou percentuais de um todo. Ele \u00e9 mais adequado para mostrar como algo se divide entre diferentes partes. Por exemplo, a distribui\u00e7\u00e3o do tempo de uma pessoa durante o dia pode ser apresentada por meio de um gr\u00e1fico de pizza: 40% dormindo, 30% estudando e 30% em lazer. Nesse tipo de gr\u00e1fico, as fatias maiores representam as partes mais significativas do total analisado.<\/p>\n\n\n\n<p class=\"has-black-color has-text-color has-link-color has-medium-font-size wp-elements-e9f3a5385ac8d9eff7a49a86b54289b3\">J\u00e1 o gr\u00e1fico de linha \u00e9 formado por pontos conectados por linhas, permitindo visualizar a evolu\u00e7\u00e3o de um valor ao longo do tempo. Ele \u00e9 muito utilizado para mostrar mudan\u00e7as graduais, como a varia\u00e7\u00e3o da temperatura durante uma semana ou o crescimento de uma popula\u00e7\u00e3o. Uma linha ascendente indica aumento dos valores ao longo do tempo, enquanto uma linha descendente representa uma diminui\u00e7\u00e3o.<\/p>\n\n\n\n<p class=\"has-black-color has-text-color has-link-color has-medium-font-size wp-elements-678dadce0d1e11d733bfc72443b98578\">Todos os gr\u00e1ficos devem conter alguns elementos essenciais: t\u00edtulo, que informa o tema; eixos identificados, no caso dos gr\u00e1ficos de linha e colunas; legendas, quando necess\u00e1rias; e a fonte dos dados.&nbsp;<\/p>\n\n\n\n<p class=\"has-black-color has-text-color has-link-color has-medium-font-size wp-elements-1b7d3574d368bcf40b0162fbd2764058\">Em situa\u00e7\u00f5es did\u00e1ticas, os dados apresentados podem ser fict\u00edcios, ou seja, criados apenas para exemplificar o conte\u00fado. Nesses casos, \u00e9 preciso isso deixar claro para o leitor.<\/p>\n\n\n\n<p class=\"has-black-color has-text-color has-link-color has-medium-font-size wp-elements-8e4d93e5c5df527e10588b14c77ca99d\">Al\u00e9m dos gr\u00e1ficos, tamb\u00e9m \u00e9 importante conhecer os infogr\u00e1ficos. Um <strong>infogr\u00e1fico<\/strong> \u00e9 um recurso visual que combina imagens, textos explicativos e dados num\u00e9ricos para transmitir informa\u00e7\u00f5es de maneira clara e atrativa. Ele \u00e9 utilizado para tornar a leitura mais r\u00e1pida e acess\u00edvel, facilitando o entendimento de assuntos complexos. Muito comuns em jornais, revistas, sites e redes sociais, os infogr\u00e1ficos unem elementos verbais (palavras) e n\u00e3o verbais (imagens, \u00edcones, gr\u00e1ficos, tabelas) em uma mesma estrutura.<\/p>\n\n\n\n<p class=\"has-black-color has-text-color has-link-color has-medium-font-size wp-elements-21baf94e0a86a7bd5cd1838141b74d4b\">Os infogr\u00e1ficos geralmente incluem textos curtos, \u00edcones, cores chamativas, ilustra\u00e7\u00f5es e n\u00fameros. Al\u00e9m disso, contam com t\u00edtulos, legendas e uma organiza\u00e7\u00e3o visual pensada para guiar o olhar do leitor e facilitar a assimila\u00e7\u00e3o do conte\u00fado. Por isso, s\u00e3o frequentemente utilizados para explicar temas de interesse p\u00fablico, como o consumo de \u00e1gua, os \u00edndices de desmatamento, dicas de sa\u00fade, funcionamento de produtos e outros assuntos que exigem clareza e objetividade.<\/p>\n\n\n\n<p class=\"has-black-color has-text-color has-link-color has-medium-font-size wp-elements-ceb677acb10c13c3503054062bdaa32e\">Embora gr\u00e1ficos e infogr\u00e1ficos tenham objetivos semelhantes \u2014 facilitar a comunica\u00e7\u00e3o de informa\u00e7\u00f5es \u2014, eles se diferenciam na forma e na abrang\u00eancia. O gr\u00e1fico se concentra na representa\u00e7\u00e3o num\u00e9rica, enquanto o infogr\u00e1fico integra dados com explica\u00e7\u00f5es, imagens e recursos visuais variados, tornando-se um texto h\u00edbrido e mais completo. <\/p>\n\n\n\n<p class=\"has-text-align-center has-black-color has-cyan-bluish-gray-background-color has-text-color has-background has-link-color has-medium-font-size wp-elements-401effacdf28c2d7eecd8d4de0291e12\"><strong>Assista \u00e0 videoaula do professor Marlon Santos com essa tem\u00e1tica.<\/strong> <\/p>\n\n\n\n<figure class=\"wp-block-embed aligncenter is-type-video is-provider-youtube wp-block-embed-youtube wp-embed-aspect-16-9 wp-has-aspect-ratio\"><div class=\"wp-block-embed__wrapper\">\n<p class=\"responsive-video-wrap clr\"><iframe title=\"L\u00edngua Portuguesa - Gr\u00e1ficos e infogr\u00e1ficos - 9\u00ba ano\" width=\"1200\" height=\"675\" src=\"https:\/\/www.youtube.com\/embed\/xx2TbXo1mkY?feature=oembed\" frameborder=\"0\" allow=\"accelerometer; autoplay; clipboard-write; encrypted-media; gyroscope; picture-in-picture; web-share\" referrerpolicy=\"strict-origin-when-cross-origin\" allowfullscreen><\/iframe><\/p>\n<\/div><figcaption class=\"wp-element-caption\">Canal Est\u00fadio Conex\u00e3o Escola \u2013 L\u00edngua Portuguesa\u00a0\u2013 Gr\u00e1ficos e infogr\u00e1ficos \u2013 9\u00ba ano\u00a0&#8211; Dispon\u00edvel em: &lt;<a href=\"https:\/\/youtu.be\/xx2TbXo1mkY\">https:\/\/youtu.be\/xx2TbXo1mkY<\/a>> Acesso em 16, mai. 2025<\/figcaption><\/figure>\n\n\n\n<p class=\"has-text-align-center has-black-color has-cyan-bluish-gray-background-color has-text-color has-background has-link-color has-medium-font-size wp-elements-2f1bb72cd12cef7f34ee4aea797ec1c8\"><strong>Responda \u00e0s quest\u00f5es a seguir.<\/strong><\/p>\n\n\n\n<p class=\"has-text-align-left has-black-color has-text-color has-link-color has-medium-font-size wp-elements-8b58caee263acf71372a202fb2236208\">Leia o infogr\u00e1fico a seguir para responder \u00e0s quest\u00f5es. <\/p>\n\n\n<div class=\"wp-block-image\">\n<figure class=\"aligncenter size-large is-resized\"><img decoding=\"async\" width=\"410\" height=\"1024\" src=\"https:\/\/sme.goiania.go.gov.br\/conexaoescola\/wp-content\/uploads\/2025\/05\/Infografico_sobre_segregacao_espacial_urbana-410x1024.jpg\" alt=\"\" class=\"wp-image-196134\" style=\"width:486px;height:auto\" srcset=\"https:\/\/sme.goiania.go.gov.br\/conexaoescola\/wp-content\/uploads\/2025\/05\/Infografico_sobre_segregacao_espacial_urbana-410x1024.jpg 410w, https:\/\/sme.goiania.go.gov.br\/conexaoescola\/wp-content\/uploads\/2025\/05\/Infografico_sobre_segregacao_espacial_urbana-120x300.jpg 120w, https:\/\/sme.goiania.go.gov.br\/conexaoescola\/wp-content\/uploads\/2025\/05\/Infografico_sobre_segregacao_espacial_urbana-768x1920.jpg 768w, https:\/\/sme.goiania.go.gov.br\/conexaoescola\/wp-content\/uploads\/2025\/05\/Infografico_sobre_segregacao_espacial_urbana.jpg 800w\" sizes=\"(max-width: 410px) 100vw, 410px\" \/><figcaption class=\"wp-element-caption\">Fonte: <a href=\"https:\/\/commons.m.wikimedia.org\/wiki\/File:Infogr%C3%A1fico_sobre_segrega%C3%A7%C3%A3o_espacial_urbana.jpg\">https:\/\/commons.m.wikimedia.org\/wiki\/File:Infogr%C3%A1fico_sobre_segrega%C3%A7%C3%A3o_espacial_urbana.jpg<\/a><\/figcaption><\/figure><\/div>\n\n\n<p class=\"has-text-align-left has-black-color has-cyan-bluish-gray-background-color has-text-color has-background has-link-color has-medium-font-size wp-elements-a71bcf4c17104d8870cb332bb3ff5964\"><strong>QUEST\u00c3O 1<\/strong> <\/p>\n\n\n\n<p class=\"has-text-align-left has-black-color has-text-color has-link-color has-medium-font-size wp-elements-498d85147c87d08fb5fe44a98aa540a3\">De acordo com o infogr\u00e1fico, a segrega\u00e7\u00e3o espacial pode ser definida como <\/p>\n\n\n\n<p class=\"has-text-align-left has-black-color has-text-color has-link-color has-medium-font-size wp-elements-1ef97ffc5b9a8da36dfef15f93e8a104\">(A) o crescimento populacional acelerado nas grandes cidades, como S\u00e3o Paulo e Rio de Janeiro. <\/p>\n\n\n\n<p class=\"has-text-align-left has-black-color has-text-color has-link-color has-medium-font-size wp-elements-2f7ff92b9bb20f39e15961a4df73f66e\">(B) a concentra\u00e7\u00e3o de diferentes classes sociais em locais espec\u00edficos, gerando desigualdades. <\/p>\n\n\n\n<p class=\"has-text-align-left has-black-color has-text-color has-link-color has-medium-font-size wp-elements-b2056f012ebcb7f78d50a5ed42b53112\">(C) A amplia\u00e7\u00e3o dos espa\u00e7os p\u00fablicos nas regi\u00f5es urbanas e a diminui\u00e7\u00e3o da marginaliza\u00e7\u00e3o. <\/p>\n\n\n\n<p class=\"has-text-align-left has-black-color has-text-color has-link-color has-medium-font-size wp-elements-08c077d333c3ca463c977a2e71ed9ec8\">(D) a distribui\u00e7\u00e3o igualit\u00e1ria de servi\u00e7os p\u00fablicos e habita\u00e7\u00e3o e o investimento em \u00e1reas abastadas.<\/p>\n\n\n\n<p class=\"has-text-align-left has-black-color has-cyan-bluish-gray-background-color has-text-color has-background has-link-color has-medium-font-size wp-elements-441550e59e59fa70a58fa30113916abc\"><strong>QUEST\u00c3O 2<\/strong>  <\/p>\n\n\n\n<p class=\"has-black-color has-text-color has-link-color has-medium-font-size wp-elements-b64d49eb50a481d10ff8b13fba38769b\">As escalas mencionadas no infogr\u00e1fico para a ocorr\u00eancia da segrega\u00e7\u00e3o espacial s\u00e3o<\/p>\n\n\n\n<p class=\"has-black-color has-text-color has-link-color has-medium-font-size wp-elements-2c211dec8d9b238f0d930e116ad29b73\">(A) local, estadual e nacional.<\/p>\n\n\n\n<p class=\"has-black-color has-text-color has-link-color has-medium-font-size wp-elements-71f9311e69e16d14ab2e827f3efc6df4\">(B) nacional, intra-urbana e regional.<\/p>\n\n\n\n<p class=\"has-black-color has-text-color has-link-color has-medium-font-size wp-elements-f8825fde37b648e07162825e4f857fa5\">(C) rural, urbana e intra-urbana.<\/p>\n\n\n\n<p class=\"has-black-color has-text-color has-link-color has-medium-font-size wp-elements-1d25672bda66c23bccd655887a2e2c98\">(D) municipal, metropolitana e global. <\/p>\n\n\n\n<p class=\"has-text-align-left has-black-color has-cyan-bluish-gray-background-color has-text-color has-background has-link-color has-medium-font-size wp-elements-7f14f0a2d8c67509797d975ac8ac8e8e\"><strong>QUEST\u00c3O 3 <\/strong><\/p>\n\n\n\n<p class=\"has-black-color has-text-color has-link-color has-medium-font-size wp-elements-0ad9e73d546140312c2001e99299ba92\">O infogr\u00e1fico apresenta dados sobre a popula\u00e7\u00e3o brasileira que vive em favelas e a predomin\u00e2ncia de pessoas negras nesse contexto. Por que voc\u00ea acha que existe essa rela\u00e7\u00e3o entre etnia e moradia em \u00e1reas segregadas? <\/p>\n\n\n\n<p class=\"has-text-align-left has-black-color has-cyan-bluish-gray-background-color has-text-color has-background has-link-color has-medium-font-size wp-elements-3527296d49c9b78cda15bd6c6cb87f8f\"><strong><strong>QUEST\u00c3O 4<\/strong> <\/strong> <\/p>\n\n\n\n<p class=\"has-black-color has-text-color has-link-color has-medium-font-size wp-elements-4ca32e83e879565b02410c722186f8e4\">O infogr\u00e1fico sugere v\u00e1rias formas de contornar a segrega\u00e7\u00e3o espacial. Escolha uma dessas formas e explique como ela poderia melhorar a qualidade de vida das popula\u00e7\u00f5es mais vulner\u00e1veis.<\/p>\n\n\n\n<hr class=\"wp-block-separator has-alpha-channel-opacity\"\/>\n\n\n\n<figure class=\"wp-block-table is-style-stripes\"><table><tbody><tr><td><strong>Autoria:<\/strong><\/td><td>Marlon Santos<\/td><\/tr><tr><td><strong>Forma\u00e7\u00e3o:<\/strong><\/td><td>Letras \u2013 Portugu\u00eas<\/td><\/tr><tr><td><strong>Componente curricular:<\/strong><\/td><td>L\u00edngua Portuguesa<\/td><\/tr><tr><td><strong>Conte\u00fado(s)\/Objeto(s) de conhecimento<\/strong><\/td><td>Procedimentos de leitura<\/td><\/tr><tr><td><strong>Habilidade estruturante:<\/strong><\/td><td>(EF69LP03-A) Compreender a rela\u00e7\u00e3o de sentido entre imagem e texto verbal (multimodalidade) nos variados g\u00eaneros, por meio de recursos lingu\u00edsticos e semi\u00f3ticos.<\/td><\/tr><tr><td><strong>Descritores:<\/strong><\/td><td>D5 &#8211; Interpretar texto com aux\u00edlio de material gr\u00e1fico diverso (propagandas, quadrinhos, foto etc.).<\/td><\/tr><tr><td><strong>Refer\u00eancias:<\/strong><\/td><td>Documento Curricular para Goi\u00e1s (DC-GO). Goi\u00e2nia\/GO: CONSED\/ UNDIME Goi\u00e1s, 2018. Dispon\u00edvel em: &lt;<a href=\"https:\/\/cee.go.gov.br\/\">https:\/\/cee.go.gov.br<\/a>&gt; Acesso em: 03, fev. 2025<\/td><\/tr><\/tbody><\/table><\/figure>\n","protected":false},"author":42,"featured_media":196133,"template":"","ef_categoria":[16,36],"ef_ano":[92],"ef_componente":[93],"class_list":["post-196131","ensino_fundamental","type-ensino_fundamental","status-publish","has-post-thumbnail","hentry","ef_categoria-ciclo-da-adolescencia-hi","ef_categoria-etica-e-cidadania-ciclo-da-adolescencia-hi","ef_ano-9o-ano","ef_componente-portugues","entry","has-media"],"acf":[],"_links":{"self":[{"href":"https:\/\/sme.goiania.go.gov.br\/conexaoescola\/wp-json\/wp\/v2\/ensino_fundamental\/196131","targetHints":{"allow":["GET"]}}],"collection":[{"href":"https:\/\/sme.goiania.go.gov.br\/conexaoescola\/wp-json\/wp\/v2\/ensino_fundamental"}],"about":[{"href":"https:\/\/sme.goiania.go.gov.br\/conexaoescola\/wp-json\/wp\/v2\/types\/ensino_fundamental"}],"author":[{"embeddable":true,"href":"https:\/\/sme.goiania.go.gov.br\/conexaoescola\/wp-json\/wp\/v2\/users\/42"}],"version-history":[{"count":1,"href":"https:\/\/sme.goiania.go.gov.br\/conexaoescola\/wp-json\/wp\/v2\/ensino_fundamental\/196131\/revisions"}],"predecessor-version":[{"id":196135,"href":"https:\/\/sme.goiania.go.gov.br\/conexaoescola\/wp-json\/wp\/v2\/ensino_fundamental\/196131\/revisions\/196135"}],"wp:featuredmedia":[{"embeddable":true,"href":"https:\/\/sme.goiania.go.gov.br\/conexaoescola\/wp-json\/wp\/v2\/media\/196133"}],"wp:attachment":[{"href":"https:\/\/sme.goiania.go.gov.br\/conexaoescola\/wp-json\/wp\/v2\/media?parent=196131"}],"wp:term":[{"taxonomy":"ef_categoria","embeddable":true,"href":"https:\/\/sme.goiania.go.gov.br\/conexaoescola\/wp-json\/wp\/v2\/ef_categoria?post=196131"},{"taxonomy":"ef_ano","embeddable":true,"href":"https:\/\/sme.goiania.go.gov.br\/conexaoescola\/wp-json\/wp\/v2\/ef_ano?post=196131"},{"taxonomy":"ef_componente","embeddable":true,"href":"https:\/\/sme.goiania.go.gov.br\/conexaoescola\/wp-json\/wp\/v2\/ef_componente?post=196131"}],"curies":[{"name":"wp","href":"https:\/\/api.w.org\/{rel}","templated":true}]}}